{"id":764,"date":"2021-02-16T10:54:56","date_gmt":"2021-02-16T13:54:56","guid":{"rendered":"http:\/\/www.portadafrente.pt\/selection\/?page_id=764"},"modified":"2022-01-26T10:36:13","modified_gmt":"2022-01-26T13:36:13","slug":"troia-comporta","status":"publish","type":"page","link":"https:\/\/portadafrente.pt\/selection\/troia-comporta\/","title":{"rendered":"Tr\u00f3ia &#038; Comporta"},"content":{"rendered":"<p>[et_pb_section fb_built=&#8221;1&#8243; fullwidth=&#8221;on&#8221; module_class=&#8221;fix-mobile-height&#8221; _builder_version=&#8221;4.9.0&#8243; positioning=&#8221;absolute&#8221; min_height=&#8221;70vh&#8221; min_height_tablet=&#8221;60vh&#8221; min_height_phone=&#8221;&#8221; min_height_last_edited=&#8221;on|phone&#8221; max_height_tablet=&#8221;&#8221; max_height_phone=&#8221;50vh&#8221; max_height_last_edited=&#8221;on|phone&#8221; custom_padding=&#8221;0px||0px||false|false&#8221; global_colors_info=&#8221;{}&#8221;][et_pb_fullwidth_slider _builder_version=&#8221;4.9.0&#8243; min_height=&#8221;70vh&#8221; min_height_tablet=&#8221;60vh&#8221; min_height_phone=&#8221;&#8221; min_height_last_edited=&#8221;on|phone&#8221; max_height_tablet=&#8221;&#8221; max_height_phone=&#8221;50vh&#8221; max_height_last_edited=&#8221;on|phone&#8221; animation_style=&#8221;fade&#8221; animation_duration=&#8221;500ms&#8221; auto=&#8221;on&#8221; auto_speed=&#8221;3000&#8243; auto_ignore_hover=&#8221;on&#8221; global_colors_info=&#8221;{}&#8221;][et_pb_slide use_bg_overlay=&#8221;on&#8221; _builder_version=&#8221;4.4.6&#8243; background_color=&#8221;rgba(0,0,0,0)&#8221; background_enable_color=&#8221;on&#8221; background_image=&#8221;http:\/\/www.portadafrente.pt\/selection\/wp-content\/uploads\/2021\/02\/lp_0002_COMPORTA.jpg&#8221; background_enable_image=&#8221;on&#8221; global_colors_info=&#8221;{}&#8221; sticky_transition=&#8221;on&#8221;][\/et_pb_slide][et_pb_slide use_bg_overlay=&#8221;on&#8221; _builder_version=&#8221;4.4.6&#8243; background_color=&#8221;rgba(0,0,0,0)&#8221; background_enable_color=&#8221;on&#8221; background_image=&#8221;http:\/\/www.portadafrente.pt\/selection\/wp-content\/uploads\/2021\/02\/lp_0000_TROIA.jpg&#8221; background_enable_image=&#8221;on&#8221; background_position=&#8221;top_center&#8221; global_colors_info=&#8221;{}&#8221; sticky_transition=&#8221;on&#8221;][\/et_pb_slide][et_pb_slide use_bg_overlay=&#8221;on&#8221; _builder_version=&#8221;4.4.6&#8243; background_color=&#8221;rgba(0,0,0,0)&#8221; background_enable_color=&#8221;on&#8221; background_image=&#8221;http:\/\/www.portadafrente.pt\/selection\/wp-content\/uploads\/2021\/02\/lp_0001_MELIDES.jpg&#8221; background_enable_image=&#8221;on&#8221; global_colors_info=&#8221;{}&#8221; sticky_transition=&#8221;on&#8221;][\/et_pb_slide][et_pb_slide use_bg_overlay=&#8221;on&#8221; _builder_version=&#8221;4.4.6&#8243; background_color=&#8221;rgba(0,0,0,0)&#8221; background_enable_color=&#8221;on&#8221; background_image=&#8221;http:\/\/www.portadafrente.pt\/selection\/wp-content\/uploads\/2021\/02\/lp_0003_CARVALHAL.jpg&#8221; background_enable_image=&#8221;on&#8221; background_position=&#8221;bottom_center&#8221; global_colors_info=&#8221;{}&#8221; sticky_transition=&#8221;on&#8221;][\/et_pb_slide][\/et_pb_fullwidth_slider][\/et_pb_section][et_pb_section fb_built=&#8221;1&#8243; module_class=&#8221;fix-mobile-height&#8221; _builder_version=&#8221;4.4.6&#8243; background_color=&#8221;rgba(0,0,0,0)&#8221; background_enable_image=&#8221;off&#8221; min_height=&#8221;70vh&#8221; min_height_tablet=&#8221;60vh&#8221; min_height_phone=&#8221;&#8221; min_height_last_edited=&#8221;on|tablet&#8221; height_tablet=&#8221;&#8221; height_phone=&#8221;100vh&#8221; height_last_edited=&#8221;on|phone&#8221; max_height_tablet=&#8221;&#8221; max_height_phone=&#8221;100vh&#8221; max_height_last_edited=&#8221;on|phone&#8221; custom_padding=&#8221;0px||0%||false|false&#8221; global_colors_info=&#8221;{}&#8221;][et_pb_row column_structure=&#8221;1_2,1_2&#8243; use_custom_gutter=&#8221;on&#8221; make_equal=&#8221;on&#8221; _builder_version=&#8221;4.4.6&#8243; max_width=&#8221;100%&#8221; min_height=&#8221;70vh&#8221; min_height_tablet=&#8221;60vh&#8221; min_height_phone=&#8221;&#8221; min_height_last_edited=&#8221;on|phone&#8221; max_height_tablet=&#8221;&#8221; max_height_phone=&#8221;100vh&#8221; max_height_last_edited=&#8221;on|phone&#8221; custom_padding=&#8221;0px||0px|||&#8221; global_colors_info=&#8221;{}&#8221;][et_pb_column type=&#8221;1_2&#8243; _builder_version=&#8221;4.4.6&#8243; global_colors_info=&#8221;{}&#8221;][et_pb_image src=&#8221;http:\/\/portadafrente.pt\/selection\/wp-content\/uploads\/2020\/05\/bordeaux.jpg&#8221; title_text=&#8221;bordeaux&#8221; align_tablet=&#8221;center&#8221; align_phone=&#8221;&#8221; align_last_edited=&#8221;on|desktop&#8221; _builder_version=&#8221;4.4.6&#8243; max_width=&#8221;200px&#8221; max_width_tablet=&#8221;150px&#8221; max_width_phone=&#8221;&#8221; max_width_last_edited=&#8221;on|desktop&#8221; custom_margin=&#8221;||50px||false|false&#8221; custom_margin_last_edited=&#8221;off|tablet&#8221; module_alignment_last_edited=&#8221;off|desktop&#8221; global_colors_info=&#8221;{}&#8221;][\/et_pb_image][et_pb_text _builder_version=&#8221;4.4.6&#8243; header_font=&#8221;|700||on|||||&#8221; header_text_align=&#8221;left&#8221; header_text_color=&#8221;#ffffff&#8221; header_font_size=&#8221;45px&#8221; header_line_height=&#8221;1.3em&#8221; header_text_align_tablet=&#8221;center&#8221; header_text_align_phone=&#8221;&#8221; header_text_align_last_edited=&#8221;on|desktop&#8221; header_font_size_tablet=&#8221;40px&#8221; header_font_size_phone=&#8221;30px&#8221; header_font_size_last_edited=&#8221;on|desktop&#8221; header_text_shadow_style=&#8221;preset1&#8243; header_text_shadow_horizontal_length=&#8221;0.09em&#8221; header_text_shadow_vertical_length=&#8221;0.03em&#8221; header_text_shadow_blur_strength=&#8221;0.05em&#8221; header_text_shadow_color=&#8221;rgba(0,0,0,0.53)&#8221; border_radii=&#8221;on|1px|1px|1px|1px&#8221; global_colors_info=&#8221;{}&#8221;]<\/p>\n<h1><strong>O para\u00edso a uma curta dist\u00e2ncia de Lisboa<\/strong><\/h1>\n<p>[\/et_pb_text][\/et_pb_column][et_pb_column type=&#8221;1_2&#8243; module_id=&#8221;column-btn-header&#8221; _builder_version=&#8221;4.4.6&#8243; global_colors_info=&#8221;{}&#8221;][et_pb_button button_url=&#8221;https:\/\/www.portadafrente.com\/imoveis\/venda\/troia\/?search-order=relevance&#8221; button_text=&#8221;Descubra as nossas propriedades \u00fanicas&#8221; button_alignment=&#8221;right&#8221; button_alignment_tablet=&#8221;center&#8221; button_alignment_phone=&#8221;center&#8221; button_alignment_last_edited=&#8221;on|desktop&#8221; module_id=&#8221;btn-header&#8221; _builder_version=&#8221;4.13.0&#8243; custom_button=&#8221;on&#8221; button_text_size=&#8221;18px&#8221; button_text_color=&#8221;#ffffff&#8221; button_icon=&#8221;&#x33;||divi||400&#8243; custom_margin=&#8221;||30px||false|false&#8221; animation_style=&#8221;fade&#8221; animation_duration=&#8221;500ms&#8221; animation_delay=&#8221;250ms&#8221; hover_enabled=&#8221;0&#8243; global_colors_info=&#8221;{}&#8221; sticky_enabled=&#8221;0&#8243;][\/et_pb_button][\/et_pb_column][\/et_pb_row][\/et_pb_section][et_pb_section fb_built=&#8221;1&#8243; _builder_version=&#8221;4.4.6&#8243; background_color=&#8221;#fff5ea&#8221; custom_padding=&#8221;50px||50px||false|false&#8221; border_color_bottom=&#8221;#f0f0f0&#8243; global_colors_info=&#8221;{}&#8221;][et_pb_row column_structure=&#8221;1_4,1_4,1_4,1_4&#8243; _builder_version=&#8221;4.4.6&#8243; custom_padding=&#8221;0px||4px|||&#8221; global_colors_info=&#8221;{}&#8221;][et_pb_column type=&#8221;1_4&#8243; _builder_version=&#8221;4.4.6&#8243; global_colors_info=&#8221;{}&#8221;][et_pb_blurb title=&#8221;Troia&#8221; image_icon_width=&#8221;35%&#8221; _builder_version=&#8221;4.13.0&#8243; header_font=&#8221;|600||on|||||&#8221; header_text_align=&#8221;left&#8221; header_text_color=&#8221;#660024&#8243; header_font_size=&#8221;26px&#8221; header_line_height=&#8221;2em&#8221; body_text_align=&#8221;left&#8221; body_letter_spacing=&#8221;-0.1px&#8221; body_line_height=&#8221;1.4em&#8221; text_orientation=&#8221;center&#8221; image_max_width=&#8221;35%&#8221; global_colors_info=&#8221;{}&#8221;]<\/p>\n<p>Al\u00e9m de oferecer uma paisagem encantadora sobre a Serra da Arr\u00e1bida e a cidade de Set\u00fabal, as praias de Troia, de mar sereno e transparente e areia branca, s\u00e3o as primeiras do Litoral Alentejano, sendo particularmente populares por permitirem avistar os golfinhos no rio Sado. Esta \u00e9 uma zona totalmente reabilitada e com imobili\u00e1rio premium.<\/p>\n<p>[\/et_pb_blurb][\/et_pb_column][et_pb_column type=&#8221;1_4&#8243; _builder_version=&#8221;4.4.6&#8243; global_colors_info=&#8221;{}&#8221;][et_pb_blurb title=&#8221;Comporta&#8221; image_icon_width=&#8221;35%&#8221; _builder_version=&#8221;4.13.0&#8243; header_font=&#8221;|600||on|||||&#8221; header_text_align=&#8221;left&#8221; header_text_color=&#8221;#660024&#8243; header_font_size=&#8221;26px&#8221; header_line_height=&#8221;2em&#8221; body_text_align=&#8221;left&#8221; body_letter_spacing=&#8221;-0.1px&#8221; body_line_height=&#8221;1.4em&#8221; text_orientation=&#8221;center&#8221; image_max_width=&#8221;35%&#8221; global_colors_info=&#8221;{}&#8221;]<\/p>\n<p>Situada no extremo sul da Pen\u00ednsula de Troia, a Comporta \u00e9 uma zona charmosa que alia uma viv\u00eancia pacata a moradias e condom\u00ednios de excel\u00eancia e oferece praias com areal de perder de vista e um mar infinito com \u00e1guas cristalinas. Este cen\u00e1rio completa-se com o sistema dunar muito bem conservado e os arrozais que pintam a paisagem de verde.<\/p>\n<p>[\/et_pb_blurb][\/et_pb_column][et_pb_column type=&#8221;1_4&#8243; _builder_version=&#8221;4.4.6&#8243; global_colors_info=&#8221;{}&#8221;][et_pb_blurb title=&#8221;Carvalhal&#8221; image_icon_width=&#8221;35%&#8221; _builder_version=&#8221;4.13.0&#8243; header_font=&#8221;|600||on|||||&#8221; header_text_align=&#8221;left&#8221; header_text_color=&#8221;#660024&#8243; header_font_size=&#8221;26px&#8221; header_line_height=&#8221;2em&#8221; body_text_align=&#8221;left&#8221; body_letter_spacing=&#8221;-0.1px&#8221; body_line_height=&#8221;1.4em&#8221; text_orientation=&#8221;center&#8221; image_max_width=&#8221;35%&#8221; global_colors_info=&#8221;{}&#8221;]<\/p>\n<p>A juntar \u00e0 zona balnear oce\u00e2nica deslumbrante de areal limpo e espa\u00e7oso, a praia alentejana do Carvalhal oferece bons acessos e facilidade de estacionamento, e \u00e9 composta por v\u00e1rios bares e restaurantes elegantes que permitem desfrutar ainda de uma experi\u00eancia gastron\u00f3mica de excel\u00eancia ou de um cocktail fresco enquanto aproveita o sol.<\/p>\n<p>[\/et_pb_blurb][\/et_pb_column][et_pb_column type=&#8221;1_4&#8243; _builder_version=&#8221;4.4.6&#8243; global_colors_info=&#8221;{}&#8221;][et_pb_blurb title=&#8221;Melides&#8221; image_icon_width=&#8221;35%&#8221; _builder_version=&#8221;4.13.0&#8243; header_font=&#8221;|600||on|||||&#8221; header_text_align=&#8221;left&#8221; header_text_color=&#8221;#660024&#8243; header_font_size=&#8221;26px&#8221; header_line_height=&#8221;2em&#8221; body_text_align=&#8221;left&#8221; body_letter_spacing=&#8221;-0.1px&#8221; body_line_height=&#8221;1.4em&#8221; text_orientation=&#8221;center&#8221; image_max_width=&#8221;35%&#8221; global_colors_info=&#8221;{}&#8221;]<\/p>\n<p>A extensa praia de Melides, dotada de grande beleza natural, situa-se a pouco mais de uma hora de Lisboa e pertence \u00e0 povoa\u00e7\u00e3o com o mesmo nome, onde reinam as casas t\u00edpicas alentejanas e a tranquilidade. Esta praia contempla nas suas imedia\u00e7\u00f5es uma lagoa com fauna e flora abundantes e o seu mar facilita a realiza\u00e7\u00e3o de atividades como o surf.<\/p>\n<p>[\/et_pb_blurb][\/et_pb_column][\/et_pb_row][et_pb_row _builder_version=&#8221;4.9.2&#8243; _module_preset=&#8221;default&#8221; custom_padding=&#8221;||0px|||&#8221; global_colors_info=&#8221;{}&#8221;][et_pb_column type=&#8221;4_4&#8243; _builder_version=&#8221;4.9.2&#8243; _module_preset=&#8221;default&#8221; global_colors_info=&#8221;{}&#8221;][et_pb_video src=&#8221;https:\/\/youtu.be\/cK5be5LboUA&#8221; _builder_version=&#8221;4.9.2&#8243; _module_preset=&#8221;default&#8221; global_colors_info=&#8221;{}&#8221;][\/et_pb_video][et_pb_gallery gallery_ids=&#8221;1710,1711,1712,1713,1714,1715,1716,1717,1718,1719,1720,1721&#8243; posts_number=&#8221;12&#8243; show_title_and_caption=&#8221;off&#8221; show_pagination=&#8221;off&#8221; _builder_version=&#8221;4.9.2&#8243; _module_preset=&#8221;default&#8221; global_colors_info=&#8221;{}&#8221; custom_margin=&#8221;||-1px|||&#8221;][\/et_pb_gallery][et_pb_button _builder_version=&#8221;4.13.0&#8243; _module_preset=&#8221;default&#8221; button_url=&#8221;https:\/\/www.portadafrente.com\/imoveis\/venda\/troia\/?search-order=relevance&#8221; button_text=&#8221;Descubra im\u00f3veis \u00fanicos&#8221; button_alignment=&#8221;center&#8221; custom_button=&#8221;on&#8221; button_text_color=&#8221;#FFFFFF&#8221; button_bg_color=&#8221;#000000&#8243; button_bg_enable_color=&#8221;on&#8221; button_border_width=&#8221;0px&#8221; button_text_size=&#8221;22px&#8221; hover_enabled=&#8221;0&#8243; sticky_enabled=&#8221;0&#8243;][\/et_pb_button][\/et_pb_column][\/et_pb_row][\/et_pb_section][et_pb_section fb_built=&#8221;1&#8243; _builder_version=&#8221;4.4.6&#8243; background_image=&#8221;http:\/\/portadafrente.pt\/selection\/wp-content\/uploads\/2020\/05\/bg-portugal.jpg&#8221; background_size=&#8221;contain&#8221; background_repeat=&#8221;repeat-y&#8221; custom_padding=&#8221;30px||40px||false|false&#8221; background_last_edited=&#8221;on|desktop&#8221; background_enable_image_tablet=&#8221;off&#8221; parallax_tablet=&#8221;off&#8221; locked=&#8221;off&#8221; global_colors_info=&#8221;{}&#8221;][et_pb_row _builder_version=&#8221;4.4.6&#8243; custom_padding=&#8221;0px|||||&#8221; global_colors_info=&#8221;{}&#8221;][et_pb_column type=&#8221;4_4&#8243; _builder_version=&#8221;4.4.6&#8243; global_colors_info=&#8221;{}&#8221;][et_pb_text _builder_version=&#8221;4.4.6&#8243; header_text_align=&#8221;center&#8221; header_text_color=&#8221;#000000&#8243; header_font_size=&#8221;36px&#8221; header_line_height=&#8221;1.4em&#8221; custom_margin=&#8221;20px||20px||false|false&#8221; animation_style=&#8221;bounce&#8221; animation_direction=&#8221;bottom&#8221; global_colors_info=&#8221;{}&#8221;]<\/p>\n<h1 class=\"mb-5 text-secondary text-center\">Porqu\u00ea escolher\u00a0<span style=\"color: #660024;\"><strong>Portugal?<\/strong><\/span><\/h1>\n<p>[\/et_pb_text][et_pb_text _builder_version=&#8221;4.4.6&#8243; text_text_color=&#8221;#000000&#8243; text_font_size=&#8221;16px&#8221; text_line_height=&#8221;1.8em&#8221; header_text_align=&#8221;center&#8221; header_text_color=&#8221;#000000&#8243; header_font_size=&#8221;36px&#8221; header_line_height=&#8221;1.4em&#8221; text_orientation=&#8221;center&#8221; custom_margin=&#8221;20px||20px||false|false&#8221; animation_style=&#8221;bounce&#8221; animation_direction=&#8221;bottom&#8221; global_colors_info=&#8221;{}&#8221;]<\/p>\n<p>Portugal \u00e9 o terceiro pa\u00eds mais pac\u00edfico do mundo numa amostra de 164 pa\u00edses (\u00cdndice Global de Paz 2020). Com um clima agrad\u00e1vel, Portugal oferece cerca de 250 dias de sol por ano, com um inverno ameno. Nos \u00faltimos anos, a economia experienciou um crescimento not\u00e1vel, juntamente com investimentos estrangeiros em retalho, tecnologia e im\u00f3veis. Este \u00e9 um mercado muito maduro e desenvolvido, atendendo aos melhores padr\u00f5es europeus em termos de qualidade, transpar\u00eancia e dinamismo, com uma ampla gama de im\u00f3veis a pre\u00e7os atrativos.<\/p>\n<p>[\/et_pb_text][et_pb_text _builder_version=&#8221;4.4.6&#8243; text_text_color=&#8221;#660024&#8243; text_font_size=&#8221;40px&#8221; text_orientation=&#8221;center&#8221; global_colors_info=&#8221;{}&#8221;]<a href=\"#mosaic\" style=\"color:#660024;\"><i class=\"fas fa-chevron-down\"><\/i><\/a>[\/et_pb_text][\/et_pb_column][\/et_pb_row][et_pb_row column_structure=&#8221;2_3,1_3&#8243; use_custom_gutter=&#8221;on&#8221; gutter_width=&#8221;2&#8243; make_equal=&#8221;on&#8221; disabled_on=&#8221;off|off|off&#8221; module_id=&#8221;mosaic&#8221; _builder_version=&#8221;4.4.6&#8243; custom_padding=&#8221;0px||0px||false|false&#8221; global_colors_info=&#8221;{}&#8221;][et_pb_column type=&#8221;2_3&#8243; _builder_version=&#8221;4.4.6&#8243; global_colors_info=&#8221;{}&#8221;][et_pb_slider use_bg_overlay=&#8221;off&#8221; use_text_overlay=&#8221;off&#8221; _builder_version=&#8221;4.4.6&#8243; header_level=&#8221;h1&#8243; header_font=&#8221;|300|||||||&#8221; min_height=&#8221;40vh&#8221; animation_style=&#8221;slide&#8221; animation_direction=&#8221;left&#8221; global_colors_info=&#8221;{}&#8221;][et_pb_slide heading=&#8221;PRAIAS&#8221; use_bg_overlay=&#8221;on&#8221; bg_overlay_color=&#8221;rgba(0,0,0,0.18)&#8221; _builder_version=&#8221;4.4.6&#8243; background_color=&#8221;rgba(0,0,0,0)&#8221; background_enable_color=&#8221;on&#8221; background_image=&#8221;http:\/\/portadafrente.pt\/selection\/wp-content\/uploads\/2020\/05\/WWT_Day3_Carcavelos_Action_CMoore\u00a9Turismo-Cascais.jpg&#8221; background_enable_image=&#8221;on&#8221; background_position=&#8221;top_center&#8221; custom_padding=&#8221;0px||0px||false|false&#8221; global_colors_info=&#8221;{}&#8221; sticky_transition=&#8221;on&#8221;][\/et_pb_slide][\/et_pb_slider][\/et_pb_column][et_pb_column type=&#8221;1_3&#8243; _builder_version=&#8221;4.4.6&#8243; global_colors_info=&#8221;{}&#8221;][et_pb_slider use_bg_overlay=&#8221;off&#8221; use_text_overlay=&#8221;off&#8221; _builder_version=&#8221;4.9.0&#8243; header_level=&#8221;h1&#8243; header_font=&#8221;|300|||||||&#8221; header_font_size=&#8221;29px&#8221; min_height=&#8221;40vh&#8221; animation_style=&#8221;slide&#8221; animation_direction=&#8221;right&#8221; global_colors_info=&#8221;{}&#8221;][et_pb_slide heading=&#8221;DIST\u00c2NCIA DE LISBOA&#8221; use_bg_overlay=&#8221;on&#8221; bg_overlay_color=&#8221;rgba(0,0,0,0.15)&#8221; _builder_version=&#8221;4.9.0&#8243; background_color=&#8221;#66535c&#8221; background_enable_color=&#8221;on&#8221; background_image=&#8221;http:\/\/www.portadafrente.pt\/selection\/wp-content\/uploads\/2020\/05\/h_0006_chiado.jpg&#8221; background_enable_image=&#8221;on&#8221; background_blend=&#8221;overlay&#8221; custom_padding=&#8221;0px||0px||false|false&#8221; global_colors_info=&#8221;{}&#8221; sticky_transition=&#8221;on&#8221;]<\/p>\n<p>TROIA\u00a0<strong>55km<br \/> <\/strong>CARVALHAL<strong> 82km<\/strong><br \/> COMPORTA\u00a0<strong>120km<br \/> <\/strong>MELIDES<strong>\u00a0133km<br \/> <\/strong><\/p>\n<p>[\/et_pb_slide][\/et_pb_slider][\/et_pb_column][\/et_pb_row][et_pb_row column_structure=&#8221;1_3,1_3,1_3&#8243; use_custom_gutter=&#8221;on&#8221; gutter_width=&#8221;2&#8243; _builder_version=&#8221;4.4.6&#8243; global_colors_info=&#8221;{}&#8221;][et_pb_column type=&#8221;1_3&#8243; _builder_version=&#8221;4.4.6&#8243; global_colors_info=&#8221;{}&#8221;][et_pb_slider use_bg_overlay=&#8221;off&#8221; _builder_version=&#8221;4.4.6&#8243; header_level=&#8221;h1&#8243; header_font=&#8221;|300|||||||&#8221; header_font_size=&#8221;32px&#8221; min_height=&#8221;30vh&#8221; custom_padding=&#8221;0px||0px||false|false&#8221; animation_style=&#8221;slide&#8221; animation_direction=&#8221;bottom&#8221; global_colors_info=&#8221;{}&#8221;][et_pb_slide heading=&#8221;NATUREZA&#8221; use_bg_overlay=&#8221;on&#8221; bg_overlay_color=&#8221;rgba(0,0,0,0.15)&#8221; heading_last_edited=&#8221;off|desktop&#8221; _builder_version=&#8221;4.4.6&#8243; background_color=&#8221;rgba(0,0,0,0)&#8221; background_enable_color=&#8221;on&#8221; background_image=&#8221;http:\/\/portadafrente.pt\/selection\/wp-content\/uploads\/2020\/05\/countryside-properties.jpg&#8221; background_enable_image=&#8221;on&#8221; background_position=&#8221;bottom_center&#8221; global_colors_info=&#8221;{}&#8221; sticky_transition=&#8221;on&#8221;][\/et_pb_slide][\/et_pb_slider][\/et_pb_column][et_pb_column type=&#8221;1_3&#8243; _builder_version=&#8221;4.4.6&#8243; global_colors_info=&#8221;{}&#8221;][et_pb_slider use_bg_overlay=&#8221;off&#8221; _builder_version=&#8221;4.4.6&#8243; header_level=&#8221;h1&#8243; header_font=&#8221;|300|||||||&#8221; header_font_size=&#8221;32px&#8221; min_height=&#8221;30vh&#8221; animation_style=&#8221;slide&#8221; animation_direction=&#8221;bottom&#8221; animation_delay=&#8221;250ms&#8221; global_colors_info=&#8221;{}&#8221;][et_pb_slide heading=&#8221;LAZER&#8221; use_bg_overlay=&#8221;off&#8221; _builder_version=&#8221;4.4.6&#8243; background_color=&#8221;rgba(0,0,0,0)&#8221; background_enable_color=&#8221;on&#8221; background_image=&#8221;http:\/\/portadafrente.pt\/selection\/wp-content\/uploads\/2020\/05\/golf-properties.jpg&#8221; background_enable_image=&#8221;on&#8221; custom_padding=&#8221;0px||0px||false|false&#8221; global_colors_info=&#8221;{}&#8221; sticky_transition=&#8221;on&#8221;][\/et_pb_slide][\/et_pb_slider][\/et_pb_column][et_pb_column type=&#8221;1_3&#8243; _builder_version=&#8221;4.4.6&#8243; global_colors_info=&#8221;{}&#8221;][et_pb_slider use_bg_overlay=&#8221;off&#8221; _builder_version=&#8221;4.4.6&#8243; header_level=&#8221;h1&#8243; header_font=&#8221;|300|||||||&#8221; header_font_size=&#8221;32px&#8221; min_height=&#8221;30vh&#8221; animation_style=&#8221;slide&#8221; animation_direction=&#8221;bottom&#8221; animation_delay=&#8221;500ms&#8221; global_colors_info=&#8221;{}&#8221;][et_pb_slide heading=&#8221;GASTRONOMIA&#8221; use_bg_overlay=&#8221;on&#8221; bg_overlay_color=&#8221;rgba(0,0,0,0.4)&#8221; _builder_version=&#8221;4.4.6&#8243; background_color=&#8221;rgba(0,0,0,0)&#8221; background_enable_color=&#8221;on&#8221; background_image=&#8221;http:\/\/portadafrente.pt\/selection\/wp-content\/uploads\/2020\/05\/vinho.jpg&#8221; background_enable_image=&#8221;on&#8221; custom_padding=&#8221;0px||0px||false|false&#8221; global_colors_info=&#8221;{}&#8221; sticky_transition=&#8221;on&#8221;][\/et_pb_slide][\/et_pb_slider][\/et_pb_column][\/et_pb_row][et_pb_row column_structure=&#8221;1_5,1_5,1_5,1_5,1_5&#8243; _builder_version=&#8221;4.4.6&#8243; custom_padding=&#8221;30px||30px||false|false&#8221; animation_style=&#8221;fade&#8221; global_colors_info=&#8221;{}&#8221;][et_pb_column type=&#8221;1_5&#8243; _builder_version=&#8221;4.4.6&#8243; global_colors_info=&#8221;{}&#8221;][et_pb_text _builder_version=&#8221;4.4.6&#8243; text_text_color=&#8221;#000000&#8243; text_orientation=&#8221;center&#8221; global_colors_info=&#8221;{}&#8221;]<i class=\"fas fa-globe-americas icons-home\"><\/i><\/p>\n<p>Com uma localiza\u00e7\u00e3o privilegiada na Europa, onde a maioria das pessoas fala 2 idiomas<\/p>\n<p>[\/et_pb_text][\/et_pb_column][et_pb_column type=&#8221;1_5&#8243; _builder_version=&#8221;4.4.6&#8243; global_colors_info=&#8221;{}&#8221;][et_pb_text _builder_version=&#8221;4.4.6&#8243; text_text_color=&#8221;#000000&#8243; text_orientation=&#8221;center&#8221; global_colors_info=&#8221;{}&#8221;]<i class=\"fas fa-hospital icons-home\"><\/i><\/p>\n<p><span>Um pa\u00eds pac\u00edfico, com um sistema de sa\u00fade p\u00fablico eficiente e dispon\u00edvel para todos<\/span><\/p>\n<p>[\/et_pb_text][\/et_pb_column][et_pb_column type=&#8221;1_5&#8243; _builder_version=&#8221;4.4.6&#8243; global_colors_info=&#8221;{}&#8221;][et_pb_text _builder_version=&#8221;4.4.6&#8243; text_text_color=&#8221;#000000&#8243; text_orientation=&#8221;center&#8221; global_colors_info=&#8221;{}&#8221;]<i class=\"fas fa-hand-holding-usd icons-home\"><\/i><\/p>\n<p><span>Ideal para quem procura qualidade e com o menor custo de vida na Europa<\/span><\/p>\n<p>[\/et_pb_text][\/et_pb_column][et_pb_column type=&#8221;1_5&#8243; _builder_version=&#8221;4.4.6&#8243; global_colors_info=&#8221;{}&#8221;][et_pb_text _builder_version=&#8221;4.4.6&#8243; text_text_color=&#8221;#000000&#8243; text_orientation=&#8221;center&#8221; global_colors_info=&#8221;{}&#8221;]<i class=\"fas fa-wine-glass-alt icons-home\"><\/i><\/p>\n<p><span>Para quem quer desfrutar dos melhores vinhos e gastronomia de excel\u00eancia<\/span><\/p>\n<p>[\/et_pb_text][\/et_pb_column][et_pb_column type=&#8221;1_5&#8243; _builder_version=&#8221;4.4.6&#8243; global_colors_info=&#8221;{}&#8221;][et_pb_text _builder_version=&#8221;4.4.6&#8243; text_text_color=&#8221;#000000&#8243; text_orientation=&#8221;center&#8221; text_letter_spacing_tablet=&#8221;0px&#8221; text_letter_spacing_phone=&#8221;&#8221; text_letter_spacing_last_edited=&#8221;on|desktop&#8221; global_colors_info=&#8221;{}&#8221;]<i class=\"fas fa-rocket icons-home\"><\/i><\/p>\n<p><span>Ideal para investir: start-ups, tecnologia e Golden Visa com im\u00f3veis<\/span><\/p>\n<p>[\/et_pb_text][\/et_pb_column][\/et_pb_row][\/et_pb_section][et_pb_section fb_built=&#8221;1&#8243; fullwidth=&#8221;on&#8221; _builder_version=&#8221;4.13.0&#8243; _module_preset=&#8221;default&#8221; global_colors_info=&#8221;{}&#8221;][et_pb_fullwidth_image src=&#8221;https:\/\/portadafrente.pt\/selection\/wp-content\/uploads\/2022\/01\/banner-gv-2022-1.jpg&#8221; title_text=&#8221;banner-gv-2022&#8243; _builder_version=&#8221;4.13.0&#8243; _module_preset=&#8221;default&#8221; global_colors_info=&#8221;{}&#8221;][\/et_pb_fullwidth_image][\/et_pb_section][et_pb_section fb_built=&#8221;1&#8243; custom_padding_last_edited=&#8221;on|phone&#8221; _builder_version=&#8221;4.4.6&#8243; background_color=&#8221;rgba(239,239,134,0.22)&#8221; custom_padding=&#8221;0px||0px||false|false&#8221; custom_padding_tablet=&#8221;0px||0px||false|false&#8221; custom_padding_phone=&#8221;&#8221; animation_style=&#8221;fade&#8221; box_shadow_style=&#8221;preset6&#8243; box_shadow_blur=&#8221;41px&#8221; box_shadow_spread=&#8221;-3px&#8221; box_shadow_color=&#8221;rgba(0,0,0,0.5)&#8221; locked=&#8221;off&#8221; global_colors_info=&#8221;{}&#8221;][et_pb_row column_structure=&#8221;1_3,1_3,1_3&#8243; _builder_version=&#8221;4.4.6&#8243; custom_padding=&#8221;60px||60px||false|false&#8221; global_colors_info=&#8221;{}&#8221;][et_pb_column type=&#8221;1_3&#8243; _builder_version=&#8221;4.4.6&#8243; animation_style=&#8221;fade&#8221; global_colors_info=&#8221;{}&#8221;][et_pb_text _builder_version=&#8221;4.4.6&#8243; header_font=&#8221;|700||on|||||&#8221; header_text_color=&#8221;#660024&#8243; header_font_size=&#8221;22px&#8221; header_line_height=&#8221;1.2em&#8221; custom_margin=&#8221;||17px|||&#8221; locked=&#8221;off&#8221; global_colors_info=&#8221;{}&#8221;]<\/p>\n<h1 style=\"text-align: center;\">VANTAGENS<br \/> E BENEF\u00cdCIOS<\/h1>\n<p>[\/et_pb_text][et_pb_text _builder_version=&#8221;4.4.6&#8243; text_text_color=&#8221;#660024&#8243; text_font_size=&#8221;28px&#8221; text_orientation=&#8221;center&#8221; custom_margin=&#8221;||20px|||&#8221; global_colors_info=&#8221;{}&#8221;]<i class=\"fa fa-arrow-down\" aria-hidden=\"true\"><\/i>[\/et_pb_text][et_pb_text _builder_version=&#8221;4.4.6&#8243; text_text_color=&#8221;#000000&#8243; text_line_height=&#8221;1.5em&#8221; text_orientation=&#8221;center&#8221; global_colors_info=&#8221;{}&#8221;]<\/p>\n<p><span>Investir em im\u00f3veis em Portugal permite que os investidores e a sua fam\u00edlia fa\u00e7am parte da Uni\u00e3o Europeia e viajem por todos os pa\u00edses inclu\u00eddos no sistema Schengen.<\/span><\/p>\n<p>[\/et_pb_text][\/et_pb_column][et_pb_column type=&#8221;1_3&#8243; _builder_version=&#8221;4.4.6&#8243; animation_style=&#8221;fade&#8221; animation_delay=&#8221;500ms&#8221; global_colors_info=&#8221;{}&#8221;][et_pb_text _builder_version=&#8221;4.4.6&#8243; header_font=&#8221;|700||on|||||&#8221; header_text_color=&#8221;#660024&#8243; header_font_size=&#8221;22px&#8221; header_line_height=&#8221;1.2em&#8221; custom_margin=&#8221;||17px|||&#8221; locked=&#8221;off&#8221; global_colors_info=&#8221;{}&#8221;]<\/p>\n<h1 style=\"text-align: center;\">OBTEN\u00c7\u00c3O ATRAV\u00c9S DE INVESTIMENTO IMOBILI\u00c1RIO<\/h1>\n<p>[\/et_pb_text][et_pb_text _builder_version=&#8221;4.4.6&#8243; text_text_color=&#8221;#660024&#8243; text_font_size=&#8221;28px&#8221; text_orientation=&#8221;center&#8221; custom_margin=&#8221;||20px|||&#8221; locked=&#8221;off&#8221; global_colors_info=&#8221;{}&#8221;]<i class=\"fa fa-arrow-down\" aria-hidden=\"true\"><\/i>[\/et_pb_text][et_pb_text _builder_version=&#8221;4.13.0&#8243; text_text_color=&#8221;#000000&#8243; text_orientation=&#8221;center&#8221; global_colors_info=&#8221;{}&#8221;]<\/p>\n<p><span>Investimento m\u00ednimo de 500.000 Euros em um ou mais im\u00f3veis, nas \u00e1reas definidas a partir de janeiro de 2022. Estas localiza\u00e7\u00f5es j\u00e1 s\u00e3o eleg\u00edveis para o Golden Visa.<\/span><\/p>\n<p>[\/et_pb_text][\/et_pb_column][et_pb_column type=&#8221;1_3&#8243; _builder_version=&#8221;4.4.6&#8243; animation_style=&#8221;fade&#8221; animation_delay=&#8221;1000ms&#8221; global_colors_info=&#8221;{}&#8221;][et_pb_text _builder_version=&#8221;4.13.0&#8243; header_font=&#8221;|700||on|||||&#8221; header_text_color=&#8221;#660024&#8243; header_font_size=&#8221;22px&#8221; header_line_height=&#8221;1.2em&#8221; custom_margin=&#8221;||17px|||&#8221; locked=&#8221;off&#8221; global_colors_info=&#8221;{}&#8221;]<\/p>\n<h1 style=\"text-align: center;\">COMO FAZER<br \/>UM PEDIDO<\/h1>\n<p>[\/et_pb_text][et_pb_text _builder_version=&#8221;4.4.6&#8243; text_text_color=&#8221;#660024&#8243; text_font_size=&#8221;28px&#8221; text_orientation=&#8221;center&#8221; custom_margin=&#8221;||20px|||&#8221; locked=&#8221;off&#8221; global_colors_info=&#8221;{}&#8221;]<i class=\"fa fa-arrow-down\" aria-hidden=\"true\"><\/i>[\/et_pb_text][et_pb_text _builder_version=&#8221;4.4.6&#8243; text_text_color=&#8221;#000000&#8243; text_line_height=&#8221;1.5em&#8221; text_orientation=&#8221;center&#8221; global_colors_info=&#8221;{}&#8221;]<\/p>\n<p>Depois de escolher o melhor investimento para as suas necessidades e objetivos, a <a href=\"https:\/\/portadafrente.com\/\" target=\"_blank\" rel=\"noopener noreferrer\" style=\"color: #660024;\"><strong>Porta da Frente Christie\u2019s<\/strong><\/a> <span>indicar\u00e1 as melhores plataformas e parceiros para requerer o visto Golden Visa bem como o guiar\u00e1 por todo o processo.<\/span><\/p>\n<p>[\/et_pb_text][\/et_pb_column][\/et_pb_row][\/et_pb_section][et_pb_section fb_built=&#8221;1&#8243; _builder_version=&#8221;4.4.6&#8243; custom_padding=&#8221;40px||0px|||&#8221; animation_direction=&#8221;bottom&#8221; border_width_top=&#8221;1px&#8221; border_color_top=&#8221;#e0e0e0&#8243; box_shadow_style=&#8221;preset1&#8243; box_shadow_vertical=&#8221;-10px&#8221; box_shadow_blur=&#8221;10px&#8221; box_shadow_color=&#8221;rgba(0,0,0,0.13)&#8221; locked=&#8221;off&#8221; global_colors_info=&#8221;{}&#8221;][et_pb_row column_structure=&#8221;1_2,1_2&#8243; _builder_version=&#8221;3.29.3&#8243; custom_padding=&#8221;0px||10px|||&#8221; global_colors_info=&#8221;{}&#8221;][et_pb_column type=&#8221;1_2&#8243; _builder_version=&#8221;3.29.3&#8243; global_colors_info=&#8221;{}&#8221;][et_pb_image src=&#8221;http:\/\/www.portadafrente.pt\/selection\/wp-content\/uploads\/2020\/06\/PF_2.jpg&#8221; _builder_version=&#8221;3.29.3&#8243; global_colors_info=&#8221;{}&#8221;][\/et_pb_image][\/et_pb_column][et_pb_column type=&#8221;1_2&#8243; _builder_version=&#8221;3.29.3&#8243; global_colors_info=&#8221;{}&#8221;][et_pb_text _builder_version=&#8221;4.4.6&#8243; header_font=&#8221;|600|||||||&#8221; header_text_color=&#8221;#660024&#8243; header_font_size=&#8221;35px&#8221; custom_margin=&#8221;||||false|false&#8221; locked=&#8221;off&#8221; global_colors_info=&#8221;{}&#8221;]<\/p>\n<h1 style=\"text-align: center;\">O nosso servi\u00e7o<\/h1>\n<p>[\/et_pb_text][et_pb_text _builder_version=&#8221;4.13.0&#8243; text_text_color=&#8221;#000000&#8243; text_orientation=&#8221;center&#8221; global_colors_info=&#8221;{}&#8221;]<\/p>\n<p><span>O nosso servi\u00e7o inclui o programa \u201cGolden Visa\u201d que prev\u00ea a compra de uma ou mais das nossas propriedades exclusivas e a obten\u00e7\u00e3o da permiss\u00e3o de residente permanente durante cinco anos. A forma mais direta e f\u00e1cil de fazer isso \u00e9 atrav\u00e9s da compra de im\u00f3veis no valor de 500.000 \u20ac em Portugal, o que resultar\u00e1 na &#8220;mobilidade livre&#8221; em 28 pa\u00edses da zona do euro, nos quais os candidatos n\u00e3o s\u00e3o apenas livres de viajar, mas tamb\u00e9m de desfrutar os benef\u00edcios das oportunidades de neg\u00f3cios.<\/span><\/p>\n<p>[\/et_pb_text][et_pb_button button_url=&#8221;https:\/\/www.portadafrente.com\/imoveis\/venda\/troia\/?search-order=relevance&#8221; url_new_window=&#8221;on&#8221; button_text=&#8221;Descubra im\u00f3veis \u00fanicos&#8221; button_alignment=&#8221;center&#8221; _builder_version=&#8221;4.13.0&#8243; _module_preset=&#8221;default&#8221; custom_button=&#8221;on&#8221; button_text_color=&#8221;#FFFFFF&#8221; button_bg_color=&#8221;#000000&#8243; button_border_width=&#8221;0px&#8221; hover_enabled=&#8221;0&#8243; locked=&#8221;off&#8221; global_colors_info=&#8221;{}&#8221; sticky_enabled=&#8221;0&#8243;][\/et_pb_button][\/et_pb_column][\/et_pb_row][\/et_pb_section][et_pb_section fb_built=&#8221;1&#8243; module_id=&#8221;properties&#8221; _builder_version=&#8221;4.13.0&#8243; background_color=&#8221;#FFFFFF&#8221; custom_padding=&#8221;||1px|||&#8221; locked=&#8221;off&#8221; global_colors_info=&#8221;{}&#8221;][et_pb_row _builder_version=&#8221;4.4.6&#8243; custom_padding=&#8221;||29px|||&#8221; global_colors_info=&#8221;{}&#8221;][et_pb_column type=&#8221;4_4&#8243; _builder_version=&#8221;4.4.6&#8243; global_colors_info=&#8221;{}&#8221;][et_pb_text _builder_version=&#8221;4.4.6&#8243; header_3_text_align=&#8221;center&#8221; global_colors_info=&#8221;{}&#8221;]<\/p>\n<h3><span>Se preferir, fale diretamente com a nossa equipa de consultores<\/span><\/h3>\n<p>[\/et_pb_text][\/et_pb_column][\/et_pb_row][et_pb_row column_structure=&#8221;1_4,1_4,1_4,1_4&#8243; use_custom_gutter=&#8221;on&#8221; module_id=&#8221;pf360-module&#8221; _builder_version=&#8221;4.4.6&#8243; max_width=&#8221;56%&#8221; max_width_tablet=&#8221;80%&#8221; max_width_phone=&#8221;&#8221; max_width_last_edited=&#8221;on|desktop&#8221; custom_padding=&#8221;0px||0px|||&#8221; global_colors_info=&#8221;{}&#8221;][et_pb_column type=&#8221;1_4&#8243; _builder_version=&#8221;4.4.6&#8243; global_colors_info=&#8221;{}&#8221;][et_pb_code _builder_version=&#8221;4.4.6&#8243; global_colors_info=&#8221;{}&#8221;]<svg xmlns=\"http:\/\/www.w3.org\/2000\/svg\" viewBox=\"0 0 200 200\"><!-- [et_pb_line_break_holder] --><g class=\"pf360-btn\"><!-- [et_pb_line_break_holder] --><!-- [et_pb_line_break_holder] --><!--email_off--><a href=\"mailto:info@portadafrente.pt\" onclick=\"dataLayer.push({'event': 'conversion'});\"><!-- [et_pb_line_break_holder] --><rect class=\"pf360-bg-icon\" width=\"200\" height=\"200\"><\/rect><!-- [et_pb_line_break_holder] --><path class=\"pf360-icon\" d=\"M138.59,64.38H61.41a8.9,8.9,0,0,0-8.91,8.9v53.44a8.91,8.91,0,0,0,8.91,8.91h77.18a8.91,8.91,0,0,0,8.91-8.91V73.28A8.9,8.9,0,0,0,138.59,64.38Zm0,8.9v7.57c-4.16,3.39-10.79,8.66-25,19.76-3.12,2.46-9.31,8.36-13.62,8.3s-10.5-5.84-13.62-8.3c-14.18-11.1-20.81-16.37-25-19.76V73.28ZM61.41,126.72V92.28c4.25,3.39,10.28,8.14,19.47,15.34C84.93,110.81,92,117.86,100,117.81s14.94-6.9,19.12-10.19c9.19-7.2,15.22-12,19.47-15.34v34.44Z\"><\/path><!-- [et_pb_line_break_holder] --><text class=\"pf360-icon-label\" transform=\"translate(80 190)\">E-MAIL<\/text><!-- [et_pb_line_break_holder] --><\/a><!--\/email_off--><!-- [et_pb_line_break_holder] --><!-- [et_pb_line_break_holder] --><\/g><!-- [et_pb_line_break_holder] --><\/svg>[\/et_pb_code][\/et_pb_column][et_pb_column type=&#8221;1_4&#8243; _builder_version=&#8221;4.4.6&#8243; global_colors_info=&#8221;{}&#8221;][et_pb_code _builder_version=&#8221;4.4.6&#8243; global_colors_info=&#8221;{}&#8221;]<svg xmlns=\"http:\/\/www.w3.org\/2000\/svg\" viewBox=\"0 0 200 200\"><!-- [et_pb_line_break_holder] --><g class=\"pf360-btn\"><!-- [et_pb_line_break_holder] --><a class=\" pf360-phone-btn\" href=\"tel:+351211165770\" onclick=\"dataLayer.push({'event': 'conversion'});\"><!-- [et_pb_line_break_holder] --><rect class=\"pf360-bg-icon\" width=\"200\" height=\"200\"><\/rect><!-- [et_pb_line_break_holder] --><path class=\"pf360-icon\" d=\"M119.69,55H80.31a8.43,8.43,0,0,0-8.43,8.44v73.12A8.43,8.43,0,0,0,80.31,145h39.38a8.44,8.44,0,0,0,8.44-8.44V63.44A8.44,8.44,0,0,0,119.69,55ZM100,139.38a5.63,5.63,0,1,1,5.63-5.63A5.62,5.62,0,0,1,100,139.38Zm19.69-19a2.12,2.12,0,0,1-2.11,2.11H82.42a2.12,2.12,0,0,1-2.11-2.11V65.55a2.12,2.12,0,0,1,2.11-2.11h35.16a2.12,2.12,0,0,1,2.11,2.11Z\"><\/path><!-- [et_pb_line_break_holder] --><text class=\"pf360-icon-label\" transform=\"translate(70 190)\">TELEFONE<\/text><!-- [et_pb_line_break_holder] --><\/a><!-- [et_pb_line_break_holder] --><\/g><!-- [et_pb_line_break_holder] --><\/svg>[\/et_pb_code][\/et_pb_column][et_pb_column type=&#8221;1_4&#8243; _builder_version=&#8221;4.4.6&#8243; global_colors_info=&#8221;{}&#8221;][et_pb_code _builder_version=&#8221;4.4.6&#8243; global_colors_info=&#8221;{}&#8221;]<svg xmlns=\"http:\/\/www.w3.org\/2000\/svg\" viewBox=\"0 0 200 200\"><!-- [et_pb_line_break_holder] --><g class=\"pf360-btn\"><!-- [et_pb_line_break_holder] --><a href=\"http:\/\/wppredirect.tk\/go\/?p=351939880030&#038;m=\" target=\"_blank\" rel=\"noopener noreferrer\" onclick=\"dataLayer.push({'event': 'conversion'});\"><!-- [et_pb_line_break_holder] --><rect class=\"pf360-bg-icon\" width=\"200\" height=\"200\"><\/rect><!-- [et_pb_line_break_holder] --><path class=\"pf360-icon\" d=\"M131.52,68.08A44.61,44.61,0,0,0,61.33,121.9L55,145l23.65-6.21A44.39,44.39,0,0,0,100,144.22h0c24.57,0,45-20,45-44.6A44.77,44.77,0,0,0,131.52,68.08ZM100,136.7a36.92,36.92,0,0,1-18.88-5.16l-1.35-.8-14,3.67,3.73-13.68-.88-1.4a37.14,37.14,0,1,1,68.89-19.71C137.47,120.07,120.41,136.7,100,136.7Zm20.33-27.76c-1.1-.56-6.59-3.25-7.61-3.62s-1.77-.56-2.51.57-2.88,3.61-3.54,4.38-1.31.84-2.41.28c-6.55-3.28-10.85-5.85-15.17-13.26-1.14-2,1.15-1.83,3.28-6.09a2.08,2.08,0,0,0-.1-2c-.29-.56-2.52-6-3.44-8.27S87,79.11,86.3,79.07s-1.39,0-2.13,0a4.13,4.13,0,0,0-3,1.38,12.52,12.52,0,0,0-3.9,9.3c0,5.49,4,10.79,4.54,11.54s7.85,12,19,16.83c7.08,3,9.85,3.32,13.38,2.79,2.15-.32,6.59-2.69,7.52-5.3s.92-4.84.64-5.3S121.42,109.48,120.31,108.94Z\"><\/path><!-- [et_pb_line_break_holder] --><text class=\"pf360-icon-label\" transform=\"translate(70 190)\">WHATSAPP<\/text><!-- [et_pb_line_break_holder] --><\/a><!-- [et_pb_line_break_holder] --><\/g><!-- [et_pb_line_break_holder] --><\/svg>[\/et_pb_code][\/et_pb_column][et_pb_column type=&#8221;1_4&#8243; _builder_version=&#8221;4.4.6&#8243; global_colors_info=&#8221;{}&#8221;][et_pb_code _builder_version=&#8221;4.4.6&#8243; global_colors_info=&#8221;{}&#8221;]<svg xmlns=\"http:\/\/www.w3.org\/2000\/svg\" viewBox=\"0 0 200 200\"><!-- [et_pb_line_break_holder] --><g class=\"pf360-btn\"><!-- [et_pb_line_break_holder] --><a href=\"http:\/\/www.portadafrente.pt\/profiler\/pt\/\" target=\"_blank\" rel=\"noopener noreferrer\" onclick=\"dataLayer.push({'event': 'conversion'});\"><!-- [et_pb_line_break_holder] --><rect class=\"pf360-bg-icon\" width=\"200\" height=\"200\"><\/rect><!-- [et_pb_line_break_holder] --><path class=\"pf360-icon\" d=\"M96.09,100a22,22,0,1,0-22-22A22,22,0,0,0,96.09,100Zm15.4,5.5h-2.87a29.92,29.92,0,0,1-25.06,0H80.69a23.11,23.11,0,0,0-23.1,23.1v7.15A8.26,8.26,0,0,0,65.84,144h60.5a8.26,8.26,0,0,0,8.25-8.25V128.6A23.11,23.11,0,0,0,111.49,105.5ZM167,83.43l-4.78-4.83a2,2,0,0,0-2.89,0l-18,17.88-7.82-7.87a2,2,0,0,0-2.89,0l-4.83,4.8a2,2,0,0,0,0,2.88l14,14.15a2,2,0,0,0,2.88,0L167,86.32A2.06,2.06,0,0,0,167,83.43Z\"><\/path><!-- [et_pb_line_break_holder] --><polygon class=\"pf360-new\" points=\"0 79.9 0 0 79.9 0 0 79.9\"><\/polygon><!-- [et_pb_line_break_holder] --><path class=\"pf360-icon\" d=\"M14,38l1.21-1.2,6.43.87L17.94,34l1.29-1.29,5.93,5.94-1.11,1.11-6.65-.9,3.78,3.78L19.89,44Z\"><\/path><!-- [et_pb_line_break_holder] --><path class=\"pf360-icon\" d=\"M23.38,34.56h0a4.35,4.35,0,0,1,.09-6.24,4.3,4.3,0,0,1,6.2-.09l0,0a4.46,4.46,0,0,1-6.29,6.32Zm4.94-4.94v0a2.56,2.56,0,0,0-3.67-.06,2.51,2.51,0,0,0,.07,3.63h0a2.55,2.55,0,0,0,3.66.07A2.51,2.51,0,0,0,28.32,29.62Z\"><\/path><!-- [et_pb_line_break_holder] --><path class=\"pf360-icon\" d=\"M27,25l1.44-1.44,5.73,2.63-2.63-5.73L32.93,19l3.58,8.38-1.15,1.15Z\"><\/path><!-- [et_pb_line_break_holder] --><path class=\"pf360-icon\" d=\"M36.19,21.75l0,0a4.35,4.35,0,0,1,.1-6.23,4.3,4.3,0,0,1,6.2-.09v0a4.34,4.34,0,0,1-.09,6.23A4.3,4.3,0,0,1,36.19,21.75Zm5-4.94,0,0a2.56,2.56,0,0,0-3.67-.07,2.51,2.51,0,0,0,.07,3.63l0,0a2.55,2.55,0,0,0,3.66.07A2.52,2.52,0,0,0,41.14,16.81Z\"><\/path><!-- [et_pb_line_break_holder] --><text class=\"pf360-icon-label\" transform=\"translate(70 190)\">PROFILER<\/text><!-- [et_pb_line_break_holder] --><\/a><!-- [et_pb_line_break_holder] --><\/g><!-- [et_pb_line_break_holder] --><\/svg>[\/et_pb_code][\/et_pb_column][\/et_pb_row][et_pb_row _builder_version=&#8221;4.4.6&#8243; global_colors_info=&#8221;{}&#8221;][et_pb_column type=&#8221;4_4&#8243; _builder_version=&#8221;4.4.6&#8243; global_colors_info=&#8221;{}&#8221;][et_pb_image src=&#8221;http:\/\/portadafrente.pt\/selection\/wp-content\/uploads\/2020\/05\/pf360.png&#8221; title_text=&#8221;pf360&#8243; align=&#8221;center&#8221; _builder_version=&#8221;4.4.6&#8243; custom_margin=&#8221;||12px|||&#8221; global_colors_info=&#8221;{}&#8221;][\/et_pb_image][et_pb_text _builder_version=&#8221;4.4.6&#8243; text_text_color=&#8221;#000000&#8243; text_orientation=&#8221;center&#8221; global_colors_info=&#8221;{}&#8221;]<\/p>\n<p>Abra a nossa porta em qualquer dire\u00e7\u00e3o<\/p>\n<p>[\/et_pb_text][\/et_pb_column][\/et_pb_row][\/et_pb_section][et_pb_section fb_built=&#8221;1&#8243; _builder_version=&#8221;4.4.6&#8243; background_color=&#8221;#660724&#8243; custom_padding=&#8221;0px||0px|||&#8221; global_colors_info=&#8221;{}&#8221;][et_pb_row column_structure=&#8221;1_4,3_4&#8243; make_equal=&#8221;on&#8221; _builder_version=&#8221;4.4.6&#8243; global_colors_info=&#8221;{}&#8221;][et_pb_column type=&#8221;1_4&#8243; _builder_version=&#8221;4.4.6&#8243; global_colors_info=&#8221;{}&#8221;][et_pb_image src=&#8221;http:\/\/portadafrente.pt\/selection\/wp-content\/uploads\/2020\/05\/Ativo-2.png&#8221; title_text=&#8221;Ativo 2&#8243; align=&#8221;center&#8221; _builder_version=&#8221;4.4.6&#8243; max_width=&#8221;80%&#8221; max_width_tablet=&#8221;200px&#8221; max_width_phone=&#8221;&#8221; max_width_last_edited=&#8221;on|desktop&#8221; custom_margin=&#8221;||22px|||&#8221; global_colors_info=&#8221;{}&#8221;][\/et_pb_image][et_pb_code _builder_version=&#8221;4.4.6&#8243; global_colors_info=&#8221;{}&#8221;]<\/p>\n<ul class=\"list-inline\"><!-- [et_pb_line_break_holder] -->                  <\/p>\n<li class=\"list-inline-item\"><a href=\"http:\/\/www.facebook.com\/portadafrente\" target=\"_blank\" class=\"text-white\" rel=\"noopener noreferrer\"><i class=\"fab fa-2x fa-facebook\"><\/i><\/a><\/li>\n<p><!-- [et_pb_line_break_holder] -->                  <\/p>\n<li class=\"list-inline-item\"><a href=\"https:\/\/www.instagram.com\/portadafrentechristies\/\" target=\"_blank\" class=\"text-white\" rel=\"noopener noreferrer\"><i class=\"fab fa-2x fa-instagram\"><\/i><\/a><\/li>\n<p><!-- [et_pb_line_break_holder] -->                  <\/p>\n<li class=\"list-inline-item\"><a href=\"https:\/\/www.linkedin.com\/company\/porta-da-frente-christie%27s\/\" target=\"_blank\" class=\"text-white\" rel=\"noopener noreferrer\"><i class=\"fab fa-2x fa-linkedin\"><\/i><\/a><\/li>\n<p><!-- [et_pb_line_break_holder] -->                  <\/p>\n<li class=\"list-inline-item\"><a href=\"https:\/\/www.youtube.com\/channel\/UCyxni2x557JaDk-b8XXpctA\/\" target=\"_blank\" class=\"text-white\" rel=\"noopener noreferrer\"><i class=\"fab fa-2x fa-youtube\"><\/i><\/a><\/li>\n<p><!-- [et_pb_line_break_holder] -->                <\/ul>\n<p>[\/et_pb_code][\/et_pb_column][et_pb_column type=&#8221;3_4&#8243; _builder_version=&#8221;4.4.6&#8243; global_colors_info=&#8221;{}&#8221;][et_pb_text module_class=&#8221;text-footer&#8221; _builder_version=&#8221;4.4.6&#8243; text_text_color=&#8221;#ffffff&#8221; text_font_size=&#8221;16px&#8221; text_font_size_tablet=&#8221;13px&#8221; text_font_size_phone=&#8221;&#8221; text_font_size_last_edited=&#8221;on|tablet&#8221; text_orientation_tablet=&#8221;center&#8221; text_orientation_phone=&#8221;&#8221; text_orientation_last_edited=&#8221;on|phone&#8221; global_colors_info=&#8221;{}&#8221;]<\/p>\n<p><span>A\u00a0<\/span><strong>Porta da Frente Christie\u2019s<\/strong><span>\u00a0\u00e9 uma empresa de media\u00e7\u00e3o imobili\u00e1ria que trabalha no mercado h\u00e1 mais de duas d\u00e9cadas, focando-se nos melhores im\u00f3veis e empreendimentos, quer para venda quer para arrendamento. A empresa foi selecionada pela prestigiada marca Christie\u2019s International Real Estate para representar Portugal, nas zonas de Lisboa, Cascais, Oeiras e Alentejo. A principal miss\u00e3o da\u00a0<\/span><strong>Porta da Frente Christie\u2019s<\/strong><span>\u00a0\u00e9 privilegiar um servi\u00e7o de excel\u00eancia a todos os nossos clientes.<\/span><\/p>\n<p>[\/et_pb_text][et_pb_code _builder_version=&#8221;4.13.0&#8243; _module_preset=&#8221;default&#8221; hover_enabled=&#8221;0&#8243; sticky_enabled=&#8221;0&#8243; locked=&#8221;off&#8221;]<script><!-- [et_pb_line_break_holder] -->var currentURL = window.location.href;<!-- [et_pb_line_break_holder] -->if (currentURL.includes(\"?\")) {<!-- [et_pb_line_break_holder] -->var currentUTMs = currentURL.split('?').pop();<!-- [et_pb_line_break_holder] -->var allLinks = document.getElementsByTagName(\"a\");<!-- [et_pb_line_break_holder] -->for (var i = 0; i < allLinks.length; i++) {<!-- [et_pb_line_break_holder] -->if (allLinks[i].href.includes(\"?\")) {<!-- [et_pb_line_break_holder] -->allLinks[i].href += \"&\" + currentUTMs;<!-- [et_pb_line_break_holder] -->}<!-- [et_pb_line_break_holder] -->else {<!-- [et_pb_line_break_holder] -->allLinks[i].href += \"?\" + currentUTMs;<!-- [et_pb_line_break_holder] -->}<!-- [et_pb_line_break_holder] -->}<!-- [et_pb_line_break_holder] -->}<!-- [et_pb_line_break_holder] --><\/script>s[\/et_pb_code][\/et_pb_column][\/et_pb_row][\/et_pb_section]<\/p>\n","protected":false},"excerpt":{"rendered":"<p>O para\u00edso a uma curta dist\u00e2ncia de LisboaAl\u00e9m de oferecer uma paisagem encantadora sobre a Serra da Arr\u00e1bida e a cidade de Set\u00fabal, as praias de Troia, de mar sereno e transparente e areia branca, s\u00e3o as primeiras do Litoral Alentejano, sendo particularmente populares por permitirem avistar os golfinhos no rio Sado. Esta \u00e9 uma [&hellip;]<\/p>\n","protected":false},"author":1,"featured_media":0,"parent":0,"menu_order":0,"comment_status":"closed","ping_status":"closed","template":"","meta":{"_et_pb_use_builder":"on","_et_pb_old_content":"","_et_gb_content_width":""},"_links":{"self":[{"href":"https:\/\/portadafrente.pt\/selection\/wp-json\/wp\/v2\/pages\/764"}],"collection":[{"href":"https:\/\/portadafrente.pt\/selection\/wp-json\/wp\/v2\/pages"}],"about":[{"href":"https:\/\/portadafrente.pt\/selection\/wp-json\/wp\/v2\/types\/page"}],"author":[{"embeddable":true,"href":"https:\/\/portadafrente.pt\/selection\/wp-json\/wp\/v2\/users\/1"}],"replies":[{"embeddable":true,"href":"https:\/\/portadafrente.pt\/selection\/wp-json\/wp\/v2\/comments?post=764"}],"version-history":[{"count":25,"href":"https:\/\/portadafrente.pt\/selection\/wp-json\/wp\/v2\/pages\/764\/revisions"}],"predecessor-version":[{"id":2110,"href":"https:\/\/portadafrente.pt\/selection\/wp-json\/wp\/v2\/pages\/764\/revisions\/2110"}],"wp:attachment":[{"href":"https:\/\/portadafrente.pt\/selection\/wp-json\/wp\/v2\/media?parent=764"}],"curies":[{"name":"wp","href":"https:\/\/api.w.org\/{rel}","templated":true}]}}