{"id":5296,"date":"2025-08-21T06:47:20","date_gmt":"2025-08-21T09:47:20","guid":{"rendered":"https:\/\/portadafrente.pt\/selection\/?page_id=5296"},"modified":"2025-10-01T08:24:34","modified_gmt":"2025-10-01T11:24:34","slug":"evento-brasil-25-piquet","status":"publish","type":"page","link":"https:\/\/portadafrente.pt\/selection\/evento-brasil-25-piquet\/","title":{"rendered":"Evento Brasil 25 | PIQUET"},"content":{"rendered":"<p>[et_pb_section fb_built=&#8221;1&#8243; custom_padding_last_edited=&#8221;on|phone&#8221; next_background_color=&#8221;#ffffff&#8221; module_id=&#8221;indicar&#8221; _builder_version=&#8221;4.27.4&#8243; background_image=&#8221;https:\/\/portadafrente.pt\/selection\/wp-content\/uploads\/2025\/08\/city-4820579_1920.jpg&#8221; min_height=&#8221;100vh&#8221; min_height_tablet=&#8221;60vh&#8221; min_height_phone=&#8221;&#8221; min_height_last_edited=&#8221;on|phone&#8221; height_tablet=&#8221;&#8221; height_phone=&#8221;auto&#8221; height_last_edited=&#8221;on|tablet&#8221; max_height_tablet=&#8221;&#8221; max_height_phone=&#8221;&#8221; max_height_last_edited=&#8221;on|desktop&#8221; custom_margin=&#8221;0px||0px||false|false&#8221; custom_padding=&#8221;30px||30px||false|false&#8221; custom_padding_tablet=&#8221;40px||40px||false|false&#8221; custom_padding_phone=&#8221;40px||40px||false|false&#8221; bottom_divider_style=&#8221;curve&#8221; bottom_divider_height=&#8221;222px&#8221; bottom_divider_style_tablet=&#8221;none&#8221; bottom_divider_style_phone=&#8221;none&#8221; bottom_divider_style_last_edited=&#8221;on|phone&#8221; animation_style=&#8221;fade&#8221; use_background_color_gradient_tablet=&#8221;on&#8221; use_background_color_gradient_phone=&#8221;on&#8221; background_color_gradient_direction_tablet=&#8221;180deg&#8221; background_color_gradient_direction_phone=&#8221;180deg&#8221; background_color_gradient_stops_tablet=&#8221;#000000 0%|rgba(0,0,0,0.4) 50%|#000000 100%&#8221; background_color_gradient_stops_phone=&#8221;#000000 0%|rgba(0,0,0,0.6) 49%|#000000 100%&#8221; background_size_phone=&#8221;contain&#8221; background_position_tablet=&#8221;center&#8221; background_position_phone=&#8221;center&#8221; custom_css_main_element=&#8221;display:flex;&#8221; global_colors_info=&#8221;{}&#8221;][et_pb_row column_structure=&#8221;3_5,2_5&#8243; use_custom_gutter=&#8221;on&#8221; make_equal=&#8221;on&#8221; _builder_version=&#8221;4.27.4&#8243; width=&#8221;100%&#8221; width_tablet=&#8221;100%&#8221; width_phone=&#8221;84.7%&#8221; width_last_edited=&#8221;on|desktop&#8221; max_width=&#8221;1152px&#8221; max_width_tablet=&#8221;1152px&#8221; max_width_phone=&#8221;1152px&#8221; max_width_last_edited=&#8221;on|desktop&#8221; custom_margin=&#8221;20px||||false|false&#8221; custom_padding=&#8221;0px||0px||false|false&#8221; custom_css_main_element=&#8221;align-self:center;&#8221; global_colors_info=&#8221;{}&#8221;][et_pb_column type=&#8221;3_5&#8243; module_class=&#8221;center-v&#8221; _builder_version=&#8221;4.17.6&#8243; custom_padding_tablet=&#8221;|0%|||false|false&#8221; custom_padding_phone=&#8221;|0%|||false|false&#8221; custom_padding_last_edited=&#8221;on|phone&#8221; custom_css_main_element=&#8221;align-self:center;&#8221; global_colors_info=&#8221;{}&#8221;][et_pb_image src=&#8221;https:\/\/portadafrente.pt\/selection\/wp-content\/uploads\/2025\/08\/PIQUET.png&#8221; title_text=&#8221;PIQUET&#8221; show_bottom_space=&#8221;off&#8221; align=&#8221;center&#8221; _builder_version=&#8221;4.27.4&#8243; _module_preset=&#8221;default&#8221; max_width=&#8221;100%&#8221; max_width_tablet=&#8221;73%&#8221; max_width_phone=&#8221;100%&#8221; max_width_last_edited=&#8221;on|desktop&#8221; custom_margin=&#8221;25px||||false|false&#8221; custom_margin_tablet=&#8221;-4px||||false|false&#8221; custom_margin_phone=&#8221;-14px||||false|false&#8221; custom_margin_last_edited=&#8221;on|phone&#8221; custom_padding=&#8221;||24px||false|false&#8221; global_colors_info=&#8221;{}&#8221;][\/et_pb_image][et_pb_image src=&#8221;https:\/\/portadafrente.pt\/selection\/wp-content\/uploads\/2025\/10\/Ativo-48.png&#8221; title_text=&#8221;Ativo 48&#8243; align=&#8221;center&#8221; _builder_version=&#8221;4.27.4&#8243; _module_preset=&#8221;default&#8221; max_width=&#8221;90%&#8221; max_width_tablet=&#8221;70%&#8221; max_width_phone=&#8221;100%&#8221; max_width_last_edited=&#8221;on|phone&#8221; min_height_last_edited=&#8221;off|phone&#8221; max_height=&#8221;354px&#8221; max_height_tablet=&#8221;354px&#8221; max_height_phone=&#8221;354px&#8221; max_height_last_edited=&#8221;on|desktop&#8221; custom_padding=&#8221;1px|||||&#8221; animation_style=&#8221;fade&#8221; global_colors_info=&#8221;{}&#8221; locked=&#8221;off&#8221;][\/et_pb_image][\/et_pb_column][et_pb_column type=&#8221;2_5&#8243; module_class=&#8221;center-v&#8221; _builder_version=&#8221;4.17.6&#8243; background_color=&#8221;rgba(147,147,147,0.5)&#8221; custom_padding=&#8221;20px|20px|20px|20px|true|false&#8221; animation_style=&#8221;zoom&#8221; border_radii=&#8221;on|15px|15px|15px|15px&#8221; global_colors_info=&#8221;{}&#8221;][et_pb_code module_id=&#8221;button-join&#8221; _builder_version=&#8221;4.27.4&#8243; hover_enabled=&#8221;0&#8243; locked=&#8221;off&#8221; global_colors_info=&#8221;{}&#8221; sticky_enabled=&#8221;0&#8243;]<script><!-- [et_pb_line_break_holder] -->function validateForm() {<!-- [et_pb_line_break_holder] --><!-- [et_pb_line_break_holder] -->  var x = document.forms[\"FormHandler\"][\"pardot_extra_field\"].value;<!-- [et_pb_line_break_holder] -->  var y = document.forms[\"FormHandler\"][\"email\"].value;<!-- [et_pb_line_break_holder] -->  var mailformat = \/^[a-zA-Z0-9.!#$%&'*+\/=?^_`{|}~-]+@[a-zA-Z0-9-]+(?:\\.[a-zA-Z0-9-]+)*$\/;<!-- [et_pb_line_break_holder] --><!-- [et_pb_line_break_holder] -->if(y.match(mailformat))<!-- [et_pb_line_break_holder] -->{<!-- [et_pb_line_break_holder] --> if (x == \"\" || x == null) {<!-- [et_pb_line_break_holder] -->    return true;<!-- [et_pb_line_break_holder] -->  }<!-- [et_pb_line_break_holder] -->  else {<!-- [et_pb_line_break_holder] -->  \talert(\"SPAM DETECTED\");<!-- [et_pb_line_break_holder] -->  \treturn false;<!-- [et_pb_line_break_holder] -->  }<!-- [et_pb_line_break_holder] -->}<!-- [et_pb_line_break_holder] -->else<!-- [et_pb_line_break_holder] -->{<!-- [et_pb_line_break_holder] -->alert(\"E-mail inv\u00e1lido\");<!-- [et_pb_line_break_holder] -->return false;<!-- [et_pb_line_break_holder] -->}<!-- [et_pb_line_break_holder] -->}<!-- [et_pb_line_break_holder] --><\/script><!-- [et_pb_line_break_holder] --><!-- [et_pb_line_break_holder] --><\/p>\n<form id=\"Form_zone\" name=\"FormHandler\" action=\"https:\/\/go.portadafrente.com\/l\/597781\/2025-08-21\/2d2n578\" method=\"post\" onsubmit=\"return validateForm()\"><!-- [et_pb_line_break_holder] --><\/p>\n<fieldset><!-- [et_pb_line_break_holder] --><!-- [et_pb_line_break_holder] --><!-- Text input--><!-- [et_pb_line_break_holder] --><\/p>\n<div class=\"form-group\"><!-- [et_pb_line_break_holder] -->  <input id=\"\" name=\"name\" type=\"text\" placeholder=\"Nome\" class=\"form-control\" required=\"\"><!-- [et_pb_line_break_holder] --><\/div>\n<p><!-- [et_pb_line_break_holder] --><!-- [et_pb_line_break_holder] --><!-- Text input--><!-- [et_pb_line_break_holder] --><\/p>\n<div class=\"form-group\">  <!-- [et_pb_line_break_holder] -->  <input id=\"\" name=\"email\" type=\"text\" placeholder=\"E-mail\" class=\"form-control\" required=\"\"><!-- [et_pb_line_break_holder] --><\/div>\n<p><!-- [et_pb_line_break_holder] -->  <!-- [et_pb_line_break_holder] --><!-- Text input--><!-- [et_pb_line_break_holder] --><\/p>\n<div class=\"form-group\"><!-- [et_pb_line_break_holder] -->  <input id=\"\" name=\"phone\" type=\"text\" placeholder=\"Telefone\" class=\"form-control\" required=\"\"><!-- [et_pb_line_break_holder] --><\/div>\n<p><!-- [et_pb_line_break_holder] -->  <!-- [et_pb_line_break_holder] --><!-- Text input--><!-- [et_pb_line_break_holder] --><\/p>\n<div class=\"form-group\"><!-- [et_pb_line_break_holder] -->  <select class=\"form-control\" name=\"evento\" style=\"-webkit-appearance:none;\" required><!-- [et_pb_line_break_holder] --><option value=\"\" disabled selected>Local do Evento<\/option><!-- [et_pb_line_break_holder] --><option value=\"Rio de Janeiro - 2\/out\">Rio de Janeiro &#8211; 2\/out<\/option><!-- [et_pb_line_break_holder] -->  <\/select><!-- [et_pb_line_break_holder] --><\/div>\n<p><!-- [et_pb_line_break_holder] --><!-- [et_pb_line_break_holder] --><!-- Button --><!-- [et_pb_line_break_holder] --><\/p>\n<div class=\"form-group\"><!-- [et_pb_line_break_holder] -->  <button id=\"btn-submit-form\" name=\"submit\" type=\"submit\" class=\"btn-ebook\">INSCREVA-SE AGORA<\/button><!-- [et_pb_line_break_holder] --><\/div>\n<p><!-- [et_pb_line_break_holder] --><!-- [et_pb_line_break_holder] --><\/fieldset>\n<p><!-- [et_pb_line_break_holder] --><\/form>\n<p><!-- [et_pb_line_break_holder] -->[\/et_pb_code][\/et_pb_column][\/et_pb_row][\/et_pb_section][et_pb_section fb_built=&#8221;1&#8243; _builder_version=&#8221;4.17.6&#8243; _module_preset=&#8221;default&#8221; custom_padding=&#8221;30px||0px|||&#8221; locked=&#8221;off&#8221; global_colors_info=&#8221;{}&#8221;][et_pb_row _builder_version=&#8221;4.16&#8243; custom_padding=&#8221;0px|||||&#8221; global_colors_info=&#8221;{}&#8221;][et_pb_column type=&#8221;4_4&#8243; _builder_version=&#8221;4.16&#8243; global_colors_info=&#8221;{}&#8221;][et_pb_text _builder_version=&#8221;4.27.4&#8243; text_font=&#8221;Aleo||||||||&#8221; text_text_color=&#8221;#000000&#8243; header_font=&#8221;Aleo||||||||&#8221; header_text_align=&#8221;center&#8221; header_text_color=&#8221;#000000&#8243; header_font_size=&#8221;36px&#8221; header_line_height=&#8221;1.4em&#8221; custom_margin=&#8221;20px||-1px||false|false&#8221; custom_padding=&#8221;||40px|||&#8221; animation_style=&#8221;slide&#8221; animation_direction=&#8221;bottom&#8221; global_colors_info=&#8221;{}&#8221;]<\/p>\n<h1>INVESTIR E VIVER EM PORTUGAL<\/h1>\n<p>[\/et_pb_text][et_pb_text _builder_version=&#8221;4.27.4&#8243; _module_preset=&#8221;default&#8221; text_font=&#8221;Montserrat|300|||||||&#8221; text_font_size=&#8221;24px&#8221; text_line_height=&#8221;1.3em&#8221; header_font=&#8221;Montserrat|300|||||||&#8221; header_text_align=&#8221;center&#8221; header_font_size=&#8221;24px&#8221; min_height=&#8221;70.4px&#8221; custom_padding=&#8221;||0px|||&#8221; animation_style=&#8221;fade&#8221; text_font_size_tablet=&#8221;20px&#8221; text_font_size_phone=&#8221;20px&#8221; text_font_size_last_edited=&#8221;on|phone&#8221; global_colors_info=&#8221;{}&#8221;]<\/p>\n<p style=\"text-align: center;\">Venha conhecer as tend\u00eancias e oportunidades de investimento em Portugal: o mercado imobili\u00e1rio, as mais recentes novidades, as quest\u00f5es legais e fiscais.<\/p>\n<p style=\"text-align: center;\">\n<p>[\/et_pb_text][\/et_pb_column][\/et_pb_row][et_pb_row column_structure=&#8221;1_3,1_3,1_3&#8243; _builder_version=&#8221;4.17.6&#8243; _module_preset=&#8221;default&#8221; custom_margin=&#8221;|auto|-38px|auto||&#8221; global_colors_info=&#8221;{}&#8221;][et_pb_column type=&#8221;1_3&#8243; _builder_version=&#8221;4.17.6&#8243; _module_preset=&#8221;default&#8221; global_colors_info=&#8221;{}&#8221;][et_pb_image src=&#8221;https:\/\/portadafrente.pt\/selection\/wp-content\/uploads\/2025\/08\/Ativo-8@4x.png&#8221; title_text=&#8221;Ativo 8@4x&#8221; url=&#8221;https:\/\/pt.linkedin.com\/in\/pedrobrinca&#8221; url_new_window=&#8221;on&#8221; align=&#8221;center&#8221; _builder_version=&#8221;4.27.4&#8243; _module_preset=&#8221;default&#8221; width=&#8221;100%&#8221; max_width=&#8221;80%&#8221; max_width_tablet=&#8221;40%&#8221; max_width_phone=&#8221;60%&#8221; max_width_last_edited=&#8221;on|phone&#8221; global_colors_info=&#8221;{}&#8221;][\/et_pb_image][et_pb_text _builder_version=&#8221;4.27.4&#8243; _module_preset=&#8221;default&#8221; text_font=&#8221;Montserrat|300|||||||&#8221; text_text_color=&#8221;#000000&#8243; text_font_size=&#8221;20px&#8221; text_orientation=&#8221;center&#8221; custom_margin=&#8221;||16px|||&#8221; custom_padding=&#8221;||10px|||&#8221; global_colors_info=&#8221;{}&#8221;]<\/p>\n<h2>Quest\u00f5es Legais e Fiscais<\/h2>\n<p>[\/et_pb_text][\/et_pb_column][et_pb_column type=&#8221;1_3&#8243; _builder_version=&#8221;4.17.6&#8243; _module_preset=&#8221;default&#8221; global_colors_info=&#8221;{}&#8221;][et_pb_image src=&#8221;https:\/\/portadafrente.pt\/selection\/wp-content\/uploads\/2025\/08\/Ativo-10@4x.png&#8221; title_text=&#8221;Ativo 10@4x&#8221; url=&#8221;https:\/\/pt.linkedin.com\/in\/jo%C3%A3o-c%C3%ADlia-85811624&#8243; url_new_window=&#8221;on&#8221; align=&#8221;center&#8221; _builder_version=&#8221;4.27.4&#8243; _module_preset=&#8221;default&#8221; width=&#8221;100%&#8221; max_width=&#8221;80%&#8221; max_width_tablet=&#8221;40%&#8221; max_width_phone=&#8221;60%&#8221; max_width_last_edited=&#8221;on|desktop&#8221; global_colors_info=&#8221;{}&#8221;][\/et_pb_image][et_pb_text _builder_version=&#8221;4.27.4&#8243; _module_preset=&#8221;default&#8221; text_font=&#8221;Montserrat|300|||||||&#8221; text_text_color=&#8221;#000000&#8243; text_font_size=&#8221;20px&#8221; text_orientation=&#8221;center&#8221; custom_margin=&#8221;||16px|||&#8221; custom_padding=&#8221;||10px|||&#8221; global_colors_info=&#8221;{}&#8221;]<\/p>\n<h2>Investimento em Portugal<\/h2>\n<p>[\/et_pb_text][\/et_pb_column][et_pb_column type=&#8221;1_3&#8243; _builder_version=&#8221;4.17.6&#8243; _module_preset=&#8221;default&#8221; global_colors_info=&#8221;{}&#8221;][et_pb_image src=&#8221;https:\/\/portadafrente.pt\/selection\/wp-content\/uploads\/2025\/08\/Ativo-11@4x.png&#8221; title_text=&#8221;Ativo 11@4x&#8221; url=&#8221;https:\/\/tfra.pt\/equipa\/luiz-augusto-teixeira-de-freitas\/&#8221; url_new_window=&#8221;on&#8221; align=&#8221;center&#8221; _builder_version=&#8221;4.27.4&#8243; _module_preset=&#8221;default&#8221; width=&#8221;100%&#8221; max_width=&#8221;80%&#8221; max_width_tablet=&#8221;40%&#8221; max_width_phone=&#8221;60%&#8221; max_width_last_edited=&#8221;on|desktop&#8221; global_colors_info=&#8221;{}&#8221;][\/et_pb_image][et_pb_text _builder_version=&#8221;4.27.4&#8243; _module_preset=&#8221;default&#8221; text_font=&#8221;Montserrat|300|||||||&#8221; text_text_color=&#8221;#000000&#8243; text_font_size=&#8221;20px&#8221; text_orientation=&#8221;center&#8221; custom_margin=&#8221;||16px|||&#8221; custom_padding=&#8221;||10px|||&#8221; global_colors_info=&#8221;{}&#8221;]<\/p>\n<h2>Mercado Imobili\u00e1rio: Tendencias e Destaques<\/h2>\n<p>[\/et_pb_text][\/et_pb_column][\/et_pb_row][et_pb_row _builder_version=&#8221;4.27.4&#8243; _module_preset=&#8221;default&#8221; min_height=&#8221;38.8px&#8221; custom_padding=&#8221;||8px|||&#8221; global_colors_info=&#8221;{}&#8221;][et_pb_column type=&#8221;4_4&#8243; _builder_version=&#8221;4.27.4&#8243; _module_preset=&#8221;default&#8221; global_colors_info=&#8221;{}&#8221;][et_pb_divider color=&#8221;#000000&#8243; _builder_version=&#8221;4.27.4&#8243; _module_preset=&#8221;default&#8221; width=&#8221;72%&#8221; width_tablet=&#8221;44%&#8221; width_phone=&#8221;53%&#8221; width_last_edited=&#8221;on|phone&#8221; module_alignment=&#8221;center&#8221; min_height=&#8221;36.1px&#8221; min_height_tablet=&#8221;36.1px&#8221; min_height_phone=&#8221;36.1px&#8221; min_height_last_edited=&#8221;on|tablet&#8221; global_colors_info=&#8221;{}&#8221;][\/et_pb_divider][\/et_pb_column][\/et_pb_row][et_pb_row _builder_version=&#8221;4.27.4&#8243; _module_preset=&#8221;default&#8221; global_colors_info=&#8221;{}&#8221;][et_pb_column type=&#8221;4_4&#8243; _builder_version=&#8221;4.27.4&#8243; _module_preset=&#8221;default&#8221; global_colors_info=&#8221;{}&#8221;][et_pb_image src=&#8221;https:\/\/portadafrente.pt\/selection\/wp-content\/uploads\/2025\/08\/Cronograma@4x.png&#8221; title_text=&#8221;Cronograma@4x&#8221; _builder_version=&#8221;4.27.4&#8243; _module_preset=&#8221;default&#8221; width_tablet=&#8221;100%&#8221; width_phone=&#8221;100%&#8221; width_last_edited=&#8221;on|phone&#8221; max_width=&#8221;56%&#8221; max_width_tablet=&#8221;79%&#8221; max_width_phone=&#8221;100%&#8221; max_width_last_edited=&#8221;on|desktop&#8221; module_alignment=&#8221;center&#8221; max_height_tablet=&#8221;&#8221; max_height_phone=&#8221;&#8221; max_height_last_edited=&#8221;on|desktop&#8221; custom_margin=&#8221;-21px||14px||false|false&#8221; global_colors_info=&#8221;{}&#8221;][\/et_pb_image][\/et_pb_column][\/et_pb_row][et_pb_row _builder_version=&#8221;4.27.4&#8243; _module_preset=&#8221;default&#8221; min_height=&#8221;54.8px&#8221; custom_margin=&#8221;0px|auto|-26px|auto|false|false&#8221; custom_padding=&#8221;11px||0px||false|false&#8221; global_colors_info=&#8221;{}&#8221;][et_pb_column type=&#8221;4_4&#8243; _builder_version=&#8221;4.27.4&#8243; _module_preset=&#8221;default&#8221; global_colors_info=&#8221;{}&#8221;][et_pb_button button_url=&#8221;#button-join&#8221; button_text=&#8221;INSCREVA-SE AGORA&#8221; button_alignment=&#8221;center&#8221; _builder_version=&#8221;4.27.4&#8243; _module_preset=&#8221;default&#8221; custom_button=&#8221;on&#8221; button_text_size=&#8221;26px&#8221; button_text_color=&#8221;#FFFFFF&#8221; button_bg_color=&#8221;#424242&#8243; button_border_width=&#8221;19px&#8221; button_border_color=&#8221;RGBA(255,255,255,0)&#8221; button_border_radius=&#8221;0px&#8221; button_letter_spacing=&#8221;1px&#8221; button_font=&#8221;|600|||||||&#8221; button_use_icon=&#8221;off&#8221; background_layout=&#8221;dark&#8221; custom_margin=&#8221;17px||61px||false|false&#8221; custom_margin_tablet=&#8221;17px||61px||false|false&#8221; custom_margin_phone=&#8221;-4px||61px||false|false&#8221; custom_margin_last_edited=&#8221;on|phone&#8221; button_text_size_tablet=&#8221;26px&#8221; button_text_size_phone=&#8221;16px&#8221; button_text_size_last_edited=&#8221;on|desktop&#8221; global_colors_info=&#8221;{}&#8221;][\/et_pb_button][\/et_pb_column][\/et_pb_row][\/et_pb_section][et_pb_section fb_built=&#8221;1&#8243; _builder_version=&#8221;4.17.6&#8243; _module_preset=&#8221;default&#8221; custom_padding=&#8221;0px||20px||false|false&#8221; global_colors_info=&#8221;{}&#8221;][et_pb_row _builder_version=&#8221;4.27.4&#8243; _module_preset=&#8221;default&#8221; global_colors_info=&#8221;{}&#8221;][et_pb_column type=&#8221;4_4&#8243; _builder_version=&#8221;4.27.4&#8243; _module_preset=&#8221;default&#8221; global_colors_info=&#8221;{}&#8221;][et_pb_image src=&#8221;https:\/\/portadafrente.pt\/selection\/wp-content\/uploads\/2025\/08\/Logos_PIQUET.png&#8221; title_text=&#8221;Logos_PIQUET&#8221; src_tablet=&#8221;https:\/\/portadafrente.pt\/selection\/wp-content\/uploads\/2025\/08\/Ativo-41.png&#8221; src_phone=&#8221;https:\/\/portadafrente.pt\/selection\/wp-content\/uploads\/2025\/08\/Ativo-42.png&#8221; src_last_edited=&#8221;on|tablet&#8221; _builder_version=&#8221;4.27.4&#8243; _module_preset=&#8221;default&#8221; width_tablet=&#8221;&#8221; width_phone=&#8221;100%&#8221; width_last_edited=&#8221;on|phone&#8221; max_width=&#8221;66%&#8221; max_width_tablet=&#8221;100%&#8221; max_width_phone=&#8221;100%&#8221; max_width_last_edited=&#8221;on|desktop&#8221; module_alignment=&#8221;center&#8221; min_height_tablet=&#8221;&#8221; min_height_phone=&#8221;&#8221; min_height_last_edited=&#8221;on|phone&#8221; custom_margin_tablet=&#8221;&#8221; custom_margin_phone=&#8221;-22px||||false|false&#8221; custom_margin_last_edited=&#8221;on|phone&#8221; global_colors_info=&#8221;{}&#8221;][\/et_pb_image][\/et_pb_column][\/et_pb_row][\/et_pb_section]<\/p>\n","protected":false},"excerpt":{"rendered":"<p>INVESTIR E VIVER EM PORTUGALVenha conhecer as tend\u00eancias e oportunidades de investimento em Portugal: o mercado imobili\u00e1rio, as mais recentes novidades, as quest\u00f5es legais e fiscais. Quest\u00f5es Legais e FiscaisInvestimento em PortugalMercado Imobili\u00e1rio: Tendencias e Destaques<\/p>\n","protected":false},"author":1,"featured_media":0,"parent":0,"menu_order":0,"comment_status":"closed","ping_status":"closed","template":"","meta":{"_et_pb_use_builder":"on","_et_pb_old_content":"","_et_gb_content_width":""},"_links":{"self":[{"href":"https:\/\/portadafrente.pt\/selection\/wp-json\/wp\/v2\/pages\/5296"}],"collection":[{"href":"https:\/\/portadafrente.pt\/selection\/wp-json\/wp\/v2\/pages"}],"about":[{"href":"https:\/\/portadafrente.pt\/selection\/wp-json\/wp\/v2\/types\/page"}],"author":[{"embeddable":true,"href":"https:\/\/portadafrente.pt\/selection\/wp-json\/wp\/v2\/users\/1"}],"replies":[{"embeddable":true,"href":"https:\/\/portadafrente.pt\/selection\/wp-json\/wp\/v2\/comments?post=5296"}],"version-history":[{"count":9,"href":"https:\/\/portadafrente.pt\/selection\/wp-json\/wp\/v2\/pages\/5296\/revisions"}],"predecessor-version":[{"id":5706,"href":"https:\/\/portadafrente.pt\/selection\/wp-json\/wp\/v2\/pages\/5296\/revisions\/5706"}],"wp:attachment":[{"href":"https:\/\/portadafrente.pt\/selection\/wp-json\/wp\/v2\/media?parent=5296"}],"curies":[{"name":"wp","href":"https:\/\/api.w.org\/{rel}","templated":true}]}}