{"id":5271,"date":"2025-08-19T12:03:06","date_gmt":"2025-08-19T15:03:06","guid":{"rendered":"https:\/\/portadafrente.pt\/selection\/?page_id=5271"},"modified":"2026-03-16T14:35:22","modified_gmt":"2026-03-16T17:35:22","slug":"the-christies-owners-collection","status":"publish","type":"page","link":"https:\/\/portadafrente.pt\/selection\/the-christies-owners-collection\/","title":{"rendered":"The Christie&#8217;s Owners Collection"},"content":{"rendered":"<p>[et_pb_section fb_built=&#8221;1&#8243; custom_padding_last_edited=&#8221;on|phone&#8221; next_background_color=&#8221;#ffffff&#8221; module_id=&#8221;indicar&#8221; _builder_version=&#8221;4.27.4&#8243; background_image=&#8221;https:\/\/portadafrente.pt\/selection\/wp-content\/uploads\/2025\/08\/Canva-ink-texture.jpg&#8221; min_height=&#8221;100vh&#8221; min_height_tablet=&#8221;60vh&#8221; min_height_phone=&#8221;&#8221; min_height_last_edited=&#8221;on|phone&#8221; height_tablet=&#8221;&#8221; height_phone=&#8221;auto&#8221; height_last_edited=&#8221;on|tablet&#8221; max_height_tablet=&#8221;&#8221; max_height_phone=&#8221;&#8221; max_height_last_edited=&#8221;on|desktop&#8221; custom_margin=&#8221;0px||0px||false|false&#8221; custom_padding=&#8221;30px||30px||false|false&#8221; custom_padding_tablet=&#8221;40px||40px||false|false&#8221; custom_padding_phone=&#8221;40px||40px||false|false&#8221; bottom_divider_style=&#8221;curve&#8221; bottom_divider_height=&#8221;222px&#8221; bottom_divider_style_tablet=&#8221;none&#8221; bottom_divider_style_phone=&#8221;none&#8221; bottom_divider_style_last_edited=&#8221;on|phone&#8221; animation_style=&#8221;fade&#8221; use_background_color_gradient_tablet=&#8221;on&#8221; use_background_color_gradient_phone=&#8221;on&#8221; background_color_gradient_direction_tablet=&#8221;180deg&#8221; background_color_gradient_direction_phone=&#8221;180deg&#8221; background_color_gradient_stops_tablet=&#8221;#000000 0%|rgba(0,0,0,0.4) 50%|#000000 100%&#8221; background_color_gradient_stops_phone=&#8221;#000000 0%|rgba(0,0,0,0.6) 49%|#000000 100%&#8221; background_size_phone=&#8221;contain&#8221; background_position_tablet=&#8221;center&#8221; background_position_phone=&#8221;center&#8221; custom_css_main_element=&#8221;display:flex;&#8221; global_colors_info=&#8221;{}&#8221;][et_pb_row _builder_version=&#8221;4.16&#8243; custom_padding=&#8221;0px|||||&#8221; global_colors_info=&#8221;{}&#8221;][et_pb_column type=&#8221;4_4&#8243; _builder_version=&#8221;4.16&#8243; global_colors_info=&#8221;{}&#8221;][et_pb_image src=&#8221;https:\/\/portadafrente.pt\/selection\/wp-content\/uploads\/2025\/10\/Logo2_CO_Collection.png&#8221; title_text=&#8221;Logo2_CO_Collection&#8221; show_bottom_space=&#8221;off&#8221; align=&#8221;center&#8221; _builder_version=&#8221;4.27.4&#8243; _module_preset=&#8221;default&#8221; width=&#8221;100%&#8221; max_width=&#8221;30%&#8221; max_width_tablet=&#8221;50%&#8221; max_width_phone=&#8221;80%&#8221; max_width_last_edited=&#8221;on|tablet&#8221; custom_padding=&#8221;||60px|||&#8221; global_colors_info=&#8221;{}&#8221;][\/et_pb_image][et_pb_divider color=&#8221;#424242&#8243; divider_weight=&#8221;2px&#8221; _builder_version=&#8221;4.27.4&#8243; _module_preset=&#8221;default&#8221; global_colors_info=&#8221;{}&#8221;][\/et_pb_divider][et_pb_text _builder_version=&#8221;4.27.4&#8243; _module_preset=&#8221;default&#8221; text_font=&#8221;Montserrat|600|||||||&#8221; text_text_color=&#8221;#424242&#8243; text_font_size=&#8221;120px&#8221; text_letter_spacing=&#8221;12px&#8221; text_orientation=&#8221;center&#8221; custom_margin=&#8221;32px||32px||false|false&#8221; animation_style=&#8221;fade&#8221; text_font_size_tablet=&#8221;76px&#8221; text_font_size_phone=&#8221;40px&#8221; text_font_size_last_edited=&#8221;on|phone&#8221; text_letter_spacing_tablet=&#8221;8px&#8221; text_letter_spacing_phone=&#8221;4px&#8221; text_letter_spacing_last_edited=&#8221;on|tablet&#8221; global_colors_info=&#8221;{}&#8221;]<\/p>\n<p>OPEN CALL<\/p>\n<p>[\/et_pb_text][et_pb_divider color=&#8221;#424242&#8243; divider_weight=&#8221;2px&#8221; _builder_version=&#8221;4.27.4&#8243; _module_preset=&#8221;default&#8221; custom_margin=&#8221;56px||0px||false|false&#8221; global_colors_info=&#8221;{}&#8221;][\/et_pb_divider][et_pb_image src=&#8221;https:\/\/portadafrente.pt\/selection\/wp-content\/uploads\/2025\/10\/Data-evento-1-24-outubro.png&#8221; title_text=&#8221;Data evento 1-24 outubro&#8221; show_bottom_space=&#8221;off&#8221; align=&#8221;center&#8221; _builder_version=&#8221;4.27.4&#8243; _module_preset=&#8221;default&#8221; max_width=&#8221;75%&#8221; max_width_tablet=&#8221;85%&#8221; max_width_phone=&#8221;100%&#8221; max_width_last_edited=&#8221;on|phone&#8221; custom_margin=&#8221;60px||||false|false&#8221; custom_padding=&#8221;||100px|||&#8221; animation_style=&#8221;fade&#8221; global_colors_info=&#8221;{}&#8221;][\/et_pb_image][\/et_pb_column][\/et_pb_row][\/et_pb_section][et_pb_section fb_built=&#8221;1&#8243; _builder_version=&#8221;4.17.6&#8243; _module_preset=&#8221;default&#8221; custom_padding=&#8221;48px|||||&#8221; global_colors_info=&#8221;{}&#8221;][et_pb_row _builder_version=&#8221;4.27.4&#8243; _module_preset=&#8221;default&#8221; custom_padding=&#8221;||0px|||&#8221; global_colors_info=&#8221;{}&#8221;][et_pb_column type=&#8221;4_4&#8243; _builder_version=&#8221;4.27.4&#8243; _module_preset=&#8221;default&#8221; global_colors_info=&#8221;{}&#8221;][et_pb_text _builder_version=&#8221;4.27.4&#8243; text_font=&#8221;Aleo||||||||&#8221; text_text_color=&#8221;#a68561&#8243; header_font=&#8221;Aleo||||||||&#8221; header_text_align=&#8221;center&#8221; header_text_color=&#8221;#000000&#8243; header_font_size=&#8221;36px&#8221; header_line_height=&#8221;1.4em&#8221; custom_margin=&#8221;20px||-1px||false|false&#8221; custom_padding=&#8221;||23px|||&#8221; animation_style=&#8221;slide&#8221; animation_direction=&#8221;bottom&#8221; global_colors_info=&#8221;{}&#8221;]<\/p>\n<h1><span style=\"color: #a68561;\">ESTAMOS \u00c0 PROCURA DE 10 ARTISTAS VISUAIS PARA CRIAREM A NOSSA COLE\u00c7\u00c3O DE ARTE EXCLUSIVA<\/span><\/h1>\n<p>[\/et_pb_text][et_pb_text _builder_version=&#8221;4.27.4&#8243; _module_preset=&#8221;default&#8221; text_font=&#8221;Montserrat||||||||&#8221; text_font_size=&#8221;21px&#8221; text_line_height=&#8221;1.3em&#8221; header_font=&#8221;Montserrat|300|||||||&#8221; header_text_align=&#8221;center&#8221; header_font_size=&#8221;24px&#8221; text_orientation=&#8221;center&#8221; custom_padding=&#8221;||0px|||&#8221; animation_style=&#8221;fade&#8221; hover_enabled=&#8221;0&#8243; text_font_size_tablet=&#8221;16px&#8221; text_font_size_phone=&#8221;14px&#8221; text_font_size_last_edited=&#8221;on|phone&#8221; global_colors_info=&#8221;{}&#8221; sticky_enabled=&#8221;0&#8243;]<\/p>\n<p>As 10 obras originais selecionadas pelo nosso j\u00fari ser\u00e3o reproduzidas em edi\u00e7\u00f5es limitadas de at\u00e9 40 exemplares. As pe\u00e7as far\u00e3o parte de um presente exclusivo para os novos membros do nosso clube Christie\u2019s Owners, uma plataforma exclusiva para clientes que valorizam arte, cultura e um estilo de vida \u00fanico.<\/p>\n<p>Este projeto promove o di\u00e1logo entre a arte e os espa\u00e7os mais exclusivos para habitar.<\/p>\n<p>[\/et_pb_text][et_pb_button button_url=&#8221;https:\/\/forms.gle\/BSusXr56sYXMU3h58&#8243; url_new_window=&#8221;on&#8221; button_text=&#8221;Inscreva-se aqui&#8221; button_alignment=&#8221;center&#8221; _builder_version=&#8221;4.27.4&#8243; _module_preset=&#8221;default&#8221; custom_button=&#8221;on&#8221; button_text_color=&#8221;#FFFFFF&#8221; button_bg_color=&#8221;#a68561&#8243; button_border_color=&#8221;RGBA(255,255,255,0)&#8221; button_border_radius=&#8221;87px&#8221; button_icon=&#8221;&#x24;||divi||400&#8243; button_icon_color=&#8221;#FFFFFF&#8221; button_on_hover=&#8221;off&#8221; background_layout=&#8221;dark&#8221; custom_margin=&#8221;||72px|||&#8221; animation_style=&#8221;slide&#8221; global_colors_info=&#8221;{}&#8221;][\/et_pb_button][et_pb_divider color=&#8221;#000000&#8243; _builder_version=&#8221;4.27.4&#8243; _module_preset=&#8221;default&#8221; custom_margin=&#8221;||0px|||&#8221; animation_style=&#8221;slide&#8221; global_colors_info=&#8221;{}&#8221;][\/et_pb_divider][et_pb_text _builder_version=&#8221;4.27.4&#8243; text_font=&#8221;Aleo||||||||&#8221; text_text_color=&#8221;#000000&#8243; header_font=&#8221;Aleo||||||||&#8221; header_text_align=&#8221;center&#8221; header_text_color=&#8221;#000000&#8243; header_font_size=&#8221;36px&#8221; header_line_height=&#8221;1.4em&#8221; custom_margin=&#8221;20px||-1px||false|false&#8221; custom_padding=&#8221;||23px|||&#8221; animation_style=&#8221;slide&#8221; animation_direction=&#8221;bottom&#8221; global_colors_info=&#8221;{}&#8221;]<\/p>\n<h1>THE COLLECTION<\/h1>\n<p>[\/et_pb_text][et_pb_divider color=&#8221;#000000&#8243; _builder_version=&#8221;4.27.4&#8243; _module_preset=&#8221;default&#8221; custom_margin=&#8221;||0px|||&#8221; custom_padding=&#8221;||0px|||&#8221; animation_style=&#8221;slide&#8221; global_colors_info=&#8221;{}&#8221;][\/et_pb_divider][\/et_pb_column][\/et_pb_row][et_pb_row column_structure=&#8221;1_4,1_4,1_4,1_4&#8243; _builder_version=&#8221;4.27.4&#8243; custom_padding=&#8221;30px||32px||false|false&#8221; animation_style=&#8221;fade&#8221; locked=&#8221;off&#8221; global_colors_info=&#8221;{}&#8221;][et_pb_column type=&#8221;1_4&#8243; _builder_version=&#8221;4.16&#8243; global_colors_info=&#8221;{}&#8221;][et_pb_image src=&#8221;https:\/\/portadafrente.pt\/selection\/wp-content\/uploads\/2025\/07\/communication_88dp_661028_FILL0_wght200_GRAD0_opsz48.png&#8221; title_text=&#8221;communication_88dp_661028_FILL0_wght200_GRAD0_opsz48&#8243; align=&#8221;center&#8221; _builder_version=&#8221;4.27.4&#8243; _module_preset=&#8221;default&#8221; global_colors_info=&#8221;{}&#8221;][\/et_pb_image][et_pb_text _builder_version=&#8221;4.27.4&#8243; _module_preset=&#8221;default&#8221; text_font=&#8221;Aleo||||||||&#8221; text_font_size=&#8221;20px&#8221; text_orientation=&#8221;center&#8221; global_colors_info=&#8221;{}&#8221;]<\/p>\n<p>Divulgadas para uma rede de mais de 17 mil seguidores, entre colecionadores, arquitetos, investidores e entusiastas.<\/p>\n<p>[\/et_pb_text][\/et_pb_column][et_pb_column type=&#8221;1_4&#8243; _builder_version=&#8221;4.27.4&#8243; _module_preset=&#8221;default&#8221; global_colors_info=&#8221;{}&#8221;][et_pb_image src=&#8221;https:\/\/portadafrente.pt\/selection\/wp-content\/uploads\/2025\/07\/gavel_88dp_661028_FILL0_wght200_GRAD0_opsz48.png&#8221; title_text=&#8221;gavel_88dp_661028_FILL0_wght200_GRAD0_opsz48&#8243; align=&#8221;center&#8221; _builder_version=&#8221;4.27.4&#8243; _module_preset=&#8221;default&#8221; global_colors_info=&#8221;{}&#8221;][\/et_pb_image][et_pb_text _builder_version=&#8221;4.27.4&#8243; _module_preset=&#8221;default&#8221; text_font=&#8221;Aleo||||||||&#8221; text_font_size=&#8221;20px&#8221; text_orientation=&#8221;center&#8221; global_colors_info=&#8221;{}&#8221;]<\/p>\n<p>Apresentadas a um j\u00fari qualificado e curadores convidados, com potencial de proje\u00e7\u00e3o futura.<\/p>\n<p>[\/et_pb_text][\/et_pb_column][et_pb_column type=&#8221;1_4&#8243; _builder_version=&#8221;4.16&#8243; global_colors_info=&#8221;{}&#8221;][et_pb_image src=&#8221;https:\/\/portadafrente.pt\/selection\/wp-content\/uploads\/2025\/07\/diamond_shine_88dp_661028_FILL0_wght200_GRAD0_opsz48.png&#8221; title_text=&#8221;diamond_shine_88dp_661028_FILL0_wght200_GRAD0_opsz48&#8243; align=&#8221;center&#8221; _builder_version=&#8221;4.27.4&#8243; _module_preset=&#8221;default&#8221; global_colors_info=&#8221;{}&#8221;][\/et_pb_image][et_pb_text _builder_version=&#8221;4.27.4&#8243; _module_preset=&#8221;default&#8221; text_font=&#8221;Aleo||||||||&#8221; text_font_size=&#8221;20px&#8221; text_orientation=&#8221;center&#8221; global_colors_info=&#8221;{}&#8221;]<\/p>\n<p>Inseridas em contextos de alto valor agregado, sendo oferecidas a clientes premium com elevado poder aquisitivo e sensibilidade cultural.<\/p>\n<p>[\/et_pb_text][\/et_pb_column][et_pb_column type=&#8221;1_4&#8243; _builder_version=&#8221;4.16&#8243; global_colors_info=&#8221;{}&#8221;][et_pb_image src=&#8221;https:\/\/portadafrente.pt\/selection\/wp-content\/uploads\/2025\/07\/full_coverage_88dp_661028_FILL0_wght200_GRAD0_opsz48.png&#8221; title_text=&#8221;full_coverage_88dp_661028_FILL0_wght200_GRAD0_opsz48&#8243; align=&#8221;center&#8221; _builder_version=&#8221;4.27.4&#8243; _module_preset=&#8221;default&#8221; global_colors_info=&#8221;{}&#8221;][\/et_pb_image][et_pb_text _builder_version=&#8221;4.27.4&#8243; _module_preset=&#8221;default&#8221; text_font=&#8221;Aleo||||||||&#8221; text_font_size=&#8221;20px&#8221; text_orientation=&#8221;center&#8221; global_colors_info=&#8221;{}&#8221;]<\/p>\n<p>Promovidas em materiais impressos, digitais e eventos oficiais do clube.<\/p>\n<p>[\/et_pb_text][\/et_pb_column][\/et_pb_row][et_pb_row _builder_version=&#8221;4.27.4&#8243; _module_preset=&#8221;default&#8221; custom_padding=&#8221;||48px|||&#8221; global_colors_info=&#8221;{}&#8221;][et_pb_column type=&#8221;4_4&#8243; _builder_version=&#8221;4.27.4&#8243; _module_preset=&#8221;default&#8221; global_colors_info=&#8221;{}&#8221;][et_pb_button button_url=&#8221;https:\/\/forms.gle\/BSusXr56sYXMU3h58&#8243; url_new_window=&#8221;on&#8221; button_text=&#8221;Inscreva-se aqui&#8221; button_alignment=&#8221;center&#8221; _builder_version=&#8221;4.27.4&#8243; _module_preset=&#8221;default&#8221; custom_button=&#8221;on&#8221; button_text_color=&#8221;#FFFFFF&#8221; button_bg_color=&#8221;#a68561&#8243; button_border_color=&#8221;RGBA(255,255,255,0)&#8221; button_border_radius=&#8221;87px&#8221; button_icon=&#8221;&#x24;||divi||400&#8243; button_icon_color=&#8221;#FFFFFF&#8221; button_on_hover=&#8221;off&#8221; background_layout=&#8221;dark&#8221; custom_margin=&#8221;||-1px|||&#8221; animation_style=&#8221;slide&#8221; global_colors_info=&#8221;{}&#8221;][\/et_pb_button][\/et_pb_column][\/et_pb_row][et_pb_row _builder_version=&#8221;4.27.4&#8243; _module_preset=&#8221;default&#8221; custom_padding=&#8221;||0px|||&#8221; global_colors_info=&#8221;{}&#8221;][et_pb_column type=&#8221;4_4&#8243; _builder_version=&#8221;4.27.4&#8243; _module_preset=&#8221;default&#8221; global_colors_info=&#8221;{}&#8221;][et_pb_divider color=&#8221;#000000&#8243; _builder_version=&#8221;4.27.4&#8243; _module_preset=&#8221;default&#8221; custom_margin=&#8221;||0px|||&#8221; animation_style=&#8221;slide&#8221; global_colors_info=&#8221;{}&#8221;][\/et_pb_divider][et_pb_text _builder_version=&#8221;4.27.4&#8243; _module_preset=&#8221;default&#8221; text_font=&#8221;Montserrat||||||||&#8221; text_text_color=&#8221;#661028&#8243; text_font_size=&#8221;32px&#8221; text_line_height=&#8221;1.3em&#8221; header_font=&#8221;Montserrat|300|||||||&#8221; header_text_align=&#8221;center&#8221; header_font_size=&#8221;24px&#8221; text_orientation=&#8221;center&#8221; min_height=&#8221;70.4px&#8221; custom_padding=&#8221;||0px|||&#8221; animation_style=&#8221;fade&#8221; text_font_size_tablet=&#8221;20px&#8221; text_font_size_phone=&#8221;20px&#8221; text_font_size_last_edited=&#8221;on|phone&#8221; global_colors_info=&#8221;{}&#8221;]<\/p>\n<p>Convidamos artistas interessados a submeterem a sua candidatura e a fazerem parte de uma iniciativa que celebra o encontro entre talento, sofistica\u00e7\u00e3o e inova\u00e7\u00e3o.<\/p>\n<p>[\/et_pb_text][et_pb_divider color=&#8221;#000000&#8243; _builder_version=&#8221;4.27.4&#8243; _module_preset=&#8221;default&#8221; custom_margin=&#8221;||0px|||&#8221; custom_padding=&#8221;||40px|||&#8221; animation_style=&#8221;slide&#8221; global_colors_info=&#8221;{}&#8221;][\/et_pb_divider][\/et_pb_column][\/et_pb_row][et_pb_row _builder_version=&#8221;4.27.4&#8243; _module_preset=&#8221;default&#8221; custom_padding=&#8221;||32px|||&#8221; animation_style=&#8221;fade&#8221; global_colors_info=&#8221;{}&#8221;][et_pb_column type=&#8221;4_4&#8243; _builder_version=&#8221;4.17.6&#8243; _module_preset=&#8221;default&#8221; global_colors_info=&#8221;{}&#8221;][et_pb_text _builder_version=&#8221;4.27.4&#8243; _module_preset=&#8221;default&#8221; header_2_font=&#8221;Aleo||||||||&#8221; header_2_font_size=&#8221;28px&#8221; global_colors_info=&#8221;{}&#8221;]<\/p>\n<h2 style=\"padding-left: 80px;\">Condi\u00e7\u00f5es de participa\u00e7\u00e3o:<\/h2>\n<p>[\/et_pb_text][et_pb_text _builder_version=&#8221;4.27.4&#8243; _module_preset=&#8221;default&#8221; text_font=&#8221;Montserrat||||||||&#8221; text_font_size=&#8221;18px&#8221; text_line_height=&#8221;1.3em&#8221; header_font=&#8221;Montserrat|300|||||||&#8221; header_text_align=&#8221;center&#8221; header_font_size=&#8221;24px&#8221; min_height=&#8221;70.4px&#8221; custom_margin=&#8221;||-1px|||&#8221; custom_padding=&#8221;||0px|||&#8221; animation_style=&#8221;fade&#8221; text_text_color_tablet=&#8221;&#8221; text_text_color_phone=&#8221;&#8221; text_text_color_last_edited=&#8221;on|desktop&#8221; text_font_size_tablet=&#8221;16px&#8221; text_font_size_phone=&#8221;16px&#8221; text_font_size_last_edited=&#8221;on|desktop&#8221; global_colors_info=&#8221;{}&#8221;]<\/p>\n<p style=\"padding-left: 80px;\">As inscri\u00e7\u00f5es iniciam no dia <strong>1 de outubro e terminam no dia 24 de outubro<\/strong>;<\/p>\n<p style=\"padding-left: 80px;\">Aberta a qualquer pessoa maior de 18 anos residente ou com est\u00fadio na Grande Lisboa;<\/p>\n<p style=\"padding-left: 80px;\">Os participantes dever\u00e3o ceder \u00e0 <strong>Porta da Frente Christie\u2019s<\/strong> na candidatura a este projeto: nome, morada, email, contacto telef\u00f3nico, idade;<\/p>\n<p style=\"padding-left: 80px;\">Os candidatos devem apresentar uma proposta, dentro do formato A3, que ser\u00e1 utilizado como base para a avalia\u00e7\u00e3o do j\u00fari;<\/p>\n<p style=\"padding-left: 80px;\">A proposta dever\u00e1 ser enviada atrav\u00e9s de um documento pdf dentro do per\u00edodo da inscri\u00e7\u00e3o (1 de outubro a 24 de outubro), com um pequeno texto sobre a obra (m\u00e1x. 3 linhas);<\/p>\n<p style=\"padding-left: 80px;\">O concurso n\u00e3o responde a nenhuma tem\u00e1tica especifica. No entanto, deve ir ao encontro dos valores e posicionamento da marca: <strong>Exclusividade; Qualidade; Sofistica\u00e7\u00e3o;<\/strong><\/p>\n<p style=\"padding-left: 80px;\">Os materiais e todos os custos necess\u00e1rios para a produ\u00e7\u00e3o s\u00e3o da responsabilidade do artista;<\/p>\n<p style=\"padding-left: 80px;\">Caracter\u00edsticas da Arte Final: 420mm x 594mm sobre uma superf\u00edcie leg\u00edvel de ser replicada quer por impress\u00e3o como serigrafia atrav\u00e9s de fotografia digital de alta resolu\u00e7\u00e3o;<\/p>\n<p style=\"padding-left: 80px;\">Os artistas finalistas dever\u00e3o entregar a arte final para que seja reproduzida e promovida pela organiza\u00e7\u00e3o no escrit\u00f3rio <strong>Porta da Frente Christie\u2019s<\/strong> na Avenida da Liberdade 204 2\u00baDt;<\/p>\n<p style=\"padding-left: 80px;\"><span data-ogsc=\"\" data-olk-copy-source=\"MessageBody\">Os candidatos devem apresentar uma\u00a0<\/span><b data-ogsc=\"\">proposta em PDF,<span>\u00a0<\/span><\/b><span data-ogsc=\"\">que ser\u00e1 utilizado como base para a avalia\u00e7\u00e3o do j\u00fari;<\/span><\/p>\n<p style=\"padding-left: 80px;\"><span data-ogsc=\"\"><\/span><span data-ogsc=\"\">A\u00a0<\/span><b data-ogsc=\"\">arte final<\/b><span data-ogsc=\"\">\u00a0dever\u00e1 responder a um\u00a0<\/span><b data-ogsc=\"\">tamanho A2<\/b><span data-ogsc=\"\">\u00a0(420mm x 594mm).<\/span><\/p>\n<p>[\/et_pb_text][\/et_pb_column][\/et_pb_row][et_pb_row _builder_version=&#8221;4.27.4&#8243; _module_preset=&#8221;default&#8221; custom_padding=&#8221;||0px|||&#8221; animation_style=&#8221;fade&#8221; locked=&#8221;off&#8221; global_colors_info=&#8221;{}&#8221;][et_pb_column type=&#8221;4_4&#8243; _builder_version=&#8221;4.17.6&#8243; _module_preset=&#8221;default&#8221; global_colors_info=&#8221;{}&#8221;][et_pb_button button_url=&#8221;https:\/\/go.portadafrente.com\/l\/597781\/2025-10-15\/2d2v7wb\/597781\/1760525563an3Pzp39\/Regulamento___The_Collection.pdf&#8221; url_new_window=&#8221;on&#8221; button_text=&#8221;Aceda ao Regulamento Completo aqui&#8221; button_alignment=&#8221;center&#8221; _builder_version=&#8221;4.27.4&#8243; _module_preset=&#8221;default&#8221; custom_button=&#8221;on&#8221; button_text_color=&#8221;#FFFFFF&#8221; button_bg_color=&#8221;#661028&#8243; button_border_color=&#8221;RGBA(255,255,255,0)&#8221; button_border_radius=&#8221;8px&#8221; button_icon=&#8221;&#x24;||divi||400&#8243; button_icon_color=&#8221;#FFFFFF&#8221; button_on_hover=&#8221;off&#8221; background_layout=&#8221;dark&#8221; custom_margin=&#8221;||60px|||&#8221; animation_style=&#8221;slide&#8221; global_colors_info=&#8221;{}&#8221;][\/et_pb_button][et_pb_text _builder_version=&#8221;4.27.4&#8243; _module_preset=&#8221;default&#8221; text_font=&#8221;Aleo||||||||&#8221; text_text_color=&#8221;#661028&#8243; text_font_size=&#8221;20px&#8221; text_orientation=&#8221;center&#8221; global_colors_info=&#8221;{}&#8221;]<\/p>\n<p>Contactos: <strong>eventos@portadefrente.pt<\/strong><\/p>\n<p>[\/et_pb_text][\/et_pb_column][\/et_pb_row][\/et_pb_section][et_pb_section fb_built=&#8221;1&#8243; _builder_version=&#8221;4.17.6&#8243; _module_preset=&#8221;default&#8221; custom_padding=&#8221;0px||20px||false|false&#8221; global_colors_info=&#8221;{}&#8221;][et_pb_row _builder_version=&#8221;4.27.4&#8243; _module_preset=&#8221;default&#8221; global_colors_info=&#8221;{}&#8221;][et_pb_column type=&#8221;4_4&#8243; _builder_version=&#8221;4.27.4&#8243; _module_preset=&#8221;default&#8221; global_colors_info=&#8221;{}&#8221;][et_pb_divider color=&#8221;#000000&#8243; _builder_version=&#8221;4.27.4&#8243; _module_preset=&#8221;default&#8221; global_colors_info=&#8221;{}&#8221;][\/et_pb_divider][\/et_pb_column][\/et_pb_row][et_pb_row column_structure=&#8221;1_3,2_3&#8243; _builder_version=&#8221;4.27.4&#8243; _module_preset=&#8221;default&#8221; custom_padding=&#8221;0px||0px||false|false&#8221; custom_css_main_element=&#8221;align-self:center;&#8221; global_colors_info=&#8221;{}&#8221;][et_pb_column type=&#8221;1_3&#8243; _builder_version=&#8221;4.17.6&#8243; _module_preset=&#8221;default&#8221; global_colors_info=&#8221;{}&#8221;][et_pb_image src=&#8221;https:\/\/portadafrente.pt\/selection\/wp-content\/uploads\/2025\/08\/LogoPFC_Colorida_PNG.png&#8221; title_text=&#8221;LogoPFC_Colorida_PNG&#8221; align=&#8221;center&#8221; _builder_version=&#8221;4.27.4&#8243; _module_preset=&#8221;default&#8221; custom_padding=&#8221;52px||||false|false&#8221; custom_padding_tablet=&#8221;0px||||false|false&#8221; custom_padding_phone=&#8221;0px||||false|false&#8221; custom_padding_last_edited=&#8221;on|tablet&#8221; global_colors_info=&#8221;{}&#8221;][\/et_pb_image][\/et_pb_column][et_pb_column type=&#8221;2_3&#8243; _builder_version=&#8221;4.17.6&#8243; _module_preset=&#8221;default&#8221; global_colors_info=&#8221;{}&#8221;][et_pb_text _builder_version=&#8221;4.27.4&#8243; _module_preset=&#8221;default&#8221; text_font=&#8221;Aleo|300|||||||&#8221; text_text_color=&#8221;#000000&#8243; text_font_size=&#8221;24px&#8221; text_line_height=&#8221;1.3em&#8221; header_font=&#8221;Montserrat|300|||||||&#8221; header_text_align=&#8221;center&#8221; header_font_size=&#8221;24px&#8221; min_height=&#8221;70.4px&#8221; custom_margin=&#8221;40px||40px||false|false&#8221; custom_padding=&#8221;36px||30px||false|false&#8221; animation_style=&#8221;fade&#8221; text_font_size_tablet=&#8221;24px&#8221; text_font_size_phone=&#8221;20px&#8221; text_font_size_last_edited=&#8221;on|phone&#8221; custom_css_main_element=&#8221;align-self:center;&#8221; global_colors_info=&#8221;{}&#8221;]<\/p>\n<p style=\"text-align: left;\">With over 30 years of experience and a solid position as a leader in the luxury real estate segment in Portugal, we represent the most exclusive developments in Lisbon, Cascais, Oeiras, and Comporta. Our alliance with Christie\u2019s International.<\/p>\n<p>[\/et_pb_text][\/et_pb_column][\/et_pb_row][\/et_pb_section]<\/p>\n","protected":false},"excerpt":{"rendered":"<p>OPEN CALLESTAMOS \u00c0 PROCURA DE 10 ARTISTAS VISUAIS PARA CRIAREM A NOSSA COLE\u00c7\u00c3O DE ARTE EXCLUSIVAAs 10 obras originais selecionadas pelo nosso j\u00fari ser\u00e3o reproduzidas em edi\u00e7\u00f5es limitadas de at\u00e9 40 exemplares. As pe\u00e7as far\u00e3o parte de um presente exclusivo para os novos membros do nosso clube Christie\u2019s Owners, uma plataforma exclusiva para clientes que [&hellip;]<\/p>\n","protected":false},"author":1,"featured_media":0,"parent":0,"menu_order":0,"comment_status":"closed","ping_status":"closed","template":"","meta":{"_et_pb_use_builder":"on","_et_pb_old_content":"","_et_gb_content_width":""},"_links":{"self":[{"href":"https:\/\/portadafrente.pt\/selection\/wp-json\/wp\/v2\/pages\/5271"}],"collection":[{"href":"https:\/\/portadafrente.pt\/selection\/wp-json\/wp\/v2\/pages"}],"about":[{"href":"https:\/\/portadafrente.pt\/selection\/wp-json\/wp\/v2\/types\/page"}],"author":[{"embeddable":true,"href":"https:\/\/portadafrente.pt\/selection\/wp-json\/wp\/v2\/users\/1"}],"replies":[{"embeddable":true,"href":"https:\/\/portadafrente.pt\/selection\/wp-json\/wp\/v2\/comments?post=5271"}],"version-history":[{"count":42,"href":"https:\/\/portadafrente.pt\/selection\/wp-json\/wp\/v2\/pages\/5271\/revisions"}],"predecessor-version":[{"id":6091,"href":"https:\/\/portadafrente.pt\/selection\/wp-json\/wp\/v2\/pages\/5271\/revisions\/6091"}],"wp:attachment":[{"href":"https:\/\/portadafrente.pt\/selection\/wp-json\/wp\/v2\/media?parent=5271"}],"curies":[{"name":"wp","href":"https:\/\/api.w.org\/{rel}","templated":true}]}}