{"id":3512,"date":"2023-10-10T11:37:11","date_gmt":"2023-10-10T14:37:11","guid":{"rendered":"https:\/\/portadafrente.pt\/selection\/?page_id=3512"},"modified":"2023-10-14T04:57:36","modified_gmt":"2023-10-14T07:57:36","slug":"oeiras-week","status":"publish","type":"page","link":"https:\/\/portadafrente.pt\/selection\/oeiras-week\/","title":{"rendered":"Oeiras Week"},"content":{"rendered":"<p>[et_pb_section fb_built=&#8221;1&#8243; custom_padding_last_edited=&#8221;on|phone&#8221; module_id=&#8221;top&#8221; _builder_version=&#8221;4.17.6&#8243; background_color=&#8221;rgba(0,0,0,0)&#8221; use_background_color_gradient=&#8221;on&#8221; background_color_gradient_stops=&#8221;rgba(0,0,0,0) 50%|rgba(0,0,0,0.52) 100%&#8221; background_color_gradient_overlays_image=&#8221;on&#8221; background_image=&#8221;https:\/\/portadafrente.pt\/selection\/wp-content\/uploads\/2023\/10\/oeiras-header.jpg&#8221; min_height=&#8221;70vh&#8221; min_height_tablet=&#8221;50vh&#8221; min_height_phone=&#8221;50vh&#8221; min_height_last_edited=&#8221;on|tablet&#8221; height_tablet=&#8221;&#8221; height_phone=&#8221;&#8221; height_last_edited=&#8221;on|phone&#8221; max_height_tablet=&#8221;&#8221; max_height_phone=&#8221;&#8221; max_height_last_edited=&#8221;on|phone&#8221; custom_padding=&#8221;0px||0%||false|false&#8221; custom_padding_tablet=&#8221;0px||0%||false|false&#8221; custom_padding_phone=&#8221;0px||0%||false|false&#8221; background_last_edited=&#8221;on|phone&#8221; use_background_color_gradient_tablet=&#8221;on&#8221; use_background_color_gradient_phone=&#8221;on&#8221; background_color_gradient_stops_tablet=&#8221;rgba(0,0,0,0) 50%|rgba(0,0,0,0.52) 100%&#8221; background_color_gradient_stops_phone=&#8221;rgba(0,0,0,0) 50%|rgba(0,0,0,0.52) 100%&#8221; background_image_tablet=&#8221;https:\/\/portadafrente.pt\/selection\/wp-content\/uploads\/2023\/10\/oeiras-header.jpg&#8221; background_image_phone=&#8221;https:\/\/portadafrente.pt\/selection\/wp-content\/uploads\/2023\/10\/oeiras-header.jpg&#8221; background_enable_image_tablet=&#8221;on&#8221; background_enable_image_phone=&#8221;on&#8221; background_position_phone=&#8221;center&#8221; global_colors_info=&#8221;{}&#8221;][et_pb_row column_structure=&#8221;2_3,1_3&#8243; use_custom_gutter=&#8221;on&#8221; make_equal=&#8221;on&#8221; _builder_version=&#8221;4.17.6&#8243; max_width=&#8221;100%&#8221; min_height=&#8221;70vh&#8221; min_height_tablet=&#8221;50vh&#8221; min_height_phone=&#8221;50vh&#8221; min_height_last_edited=&#8221;on|desktop&#8221; max_height_tablet=&#8221;&#8221; max_height_phone=&#8221;100vh&#8221; max_height_last_edited=&#8221;on|phone&#8221; custom_padding=&#8221;0px||0px|||&#8221; global_colors_info=&#8221;{}&#8221;][et_pb_column type=&#8221;2_3&#8243; module_id=&#8221;coluna-oeiras&#8221; _builder_version=&#8221;4.17.6&#8243; global_colors_info=&#8221;{}&#8221;][et_pb_image src=&#8221;https:\/\/portadafrente.pt\/selection\/wp-content\/uploads\/2022\/11\/logo_new.jpg&#8221; title_text=&#8221;logo-normal-bordeuax&#8221; align_tablet=&#8221;center&#8221; align_phone=&#8221;&#8221; align_last_edited=&#8221;on|desktop&#8221; _builder_version=&#8221;4.17.6&#8243; max_width=&#8221;200px&#8221; max_width_tablet=&#8221;150px&#8221; max_width_phone=&#8221;&#8221; max_width_last_edited=&#8221;on|desktop&#8221; custom_margin=&#8221;||50px||false|false&#8221; custom_margin_last_edited=&#8221;off|tablet&#8221; module_alignment_last_edited=&#8221;off|desktop&#8221; global_colors_info=&#8221;{}&#8221;][\/et_pb_image][et_pb_text _builder_version=&#8221;4.17.6&#8243; text_text_color=&#8221;#ffffff&#8221; text_font_size=&#8221;21px&#8221; header_font=&#8221;Domine|||on|||||&#8221; header_text_align=&#8221;left&#8221; header_text_color=&#8221;#FFFFFF&#8221; header_font_size=&#8221;150px&#8221; header_3_text_align=&#8221;left&#8221; header_3_text_color=&#8221;#FFFFFF&#8221; header_3_font_size=&#8221;33px&#8221; background_enable_color=&#8221;off&#8221; positioning=&#8221;absolute&#8221; position_origin_a=&#8221;bottom_left&#8221; position_origin_a_tablet=&#8221;bottom_center&#8221; position_origin_a_phone=&#8221;bottom_center&#8221; position_origin_a_last_edited=&#8221;on|tablet&#8221; position_origin_f_tablet=&#8221;&#8221; position_origin_f_phone=&#8221;&#8221; position_origin_f_last_edited=&#8221;on|tablet&#8221; position_origin_r_tablet=&#8221;&#8221; position_origin_r_phone=&#8221;&#8221; position_origin_r_last_edited=&#8221;on|tablet&#8221; width=&#8221;100%&#8221; width_tablet=&#8221;100%&#8221; width_phone=&#8221;100%&#8221; width_last_edited=&#8221;on|tablet&#8221; max_width_tablet=&#8221;100%&#8221; max_width_phone=&#8221;100%&#8221; max_width_last_edited=&#8221;on|phone&#8221; custom_margin=&#8221;||||false|false&#8221; custom_padding=&#8221;0px|0px|0px|0px|false|false&#8221; animation_style=&#8221;fade&#8221; animation_duration=&#8221;500ms&#8221; animation_delay=&#8221;250ms&#8221; header_text_align_tablet=&#8221;center&#8221; header_text_align_phone=&#8221;&#8221; header_text_align_last_edited=&#8221;on|desktop&#8221; header_font_size_tablet=&#8221;80px&#8221; header_font_size_phone=&#8221;60px&#8221; header_font_size_last_edited=&#8221;on|tablet&#8221; header_3_text_align_tablet=&#8221;center&#8221; header_3_text_align_phone=&#8221;center&#8221; header_3_text_align_last_edited=&#8221;on|phone&#8221; header_3_font_size_tablet=&#8221;33px&#8221; header_3_font_size_phone=&#8221;22px&#8221; header_3_font_size_last_edited=&#8221;on|phone&#8221; positioning_tablet=&#8221;absolute&#8221; positioning_phone=&#8221;absolute&#8221; positioning_last_edited=&#8221;on|tablet&#8221; text_orientation_tablet=&#8221;center&#8221; text_orientation_phone=&#8221;center&#8221; text_orientation_last_edited=&#8221;on|phone&#8221; header_text_shadow_style=&#8221;preset1&#8243; header_text_shadow_vertical_length=&#8221;0em&#8221; border_radii=&#8221;on|1px|1px|1px|1px&#8221; global_colors_info=&#8221;{}&#8221;]<\/p>\n<h1>OEIRAS<\/h1>\n<p>[\/et_pb_text][\/et_pb_column][et_pb_column type=&#8221;1_3&#8243; disabled_on=&#8221;on|on|off&#8221; _builder_version=&#8221;4.17.6&#8243; _module_preset=&#8221;default&#8221; background_enable_color=&#8221;off&#8221; custom_padding=&#8221;0px||25px|0px|false|false&#8221; animation_style=&#8221;zoom&#8221; custom_css_main_element=&#8221;align-self:flex-end;&#8221; global_colors_info=&#8221;{}&#8221;][et_pb_button button_url=&#8221;https:\/\/www.portadafrente.com\/imoveis\/?business-type=sale&#038;search-price-min=&#038;search-price-max=&#038;search-status=&#038;search-code=31442%2C31090%2C31357%2C30907%2C30313%2C30213%2C31245%2C29775%2C30368%2C31168%2C30427%2C31289&#038;utm_medium=email&#038;utm_source=idealista&#038;utm_campaign=1023_Oeiras&#038;utm_content=1023_Oeiras&#038;utm_term=PT#redirect_landing&#8221; button_text=&#8221;Im\u00f3veis avulsos em Oeiras&#8221; button_alignment=&#8221;right&#8221; _builder_version=&#8221;4.17.6&#8243; _module_preset=&#8221;default&#8221; custom_button=&#8221;on&#8221; button_text_size=&#8221;16px&#8221; button_text_color=&#8221;#FFFFFF&#8221; button_font=&#8221;Montserrat||||||||&#8221; button_icon=&#8221;&#x24;||divi||400&#8243; custom_margin=&#8221;||23px|||&#8221; global_colors_info=&#8221;{}&#8221; transform_styles__hover_enabled=&#8221;off|desktop&#8221; transform_scale__hover_enabled=&#8221;off|desktop&#8221; transform_translate__hover_enabled=&#8221;off|desktop&#8221; transform_rotate__hover_enabled=&#8221;off|desktop&#8221; transform_skew__hover_enabled=&#8221;off|desktop&#8221; transform_origin__hover_enabled=&#8221;off|desktop&#8221;][\/et_pb_button][et_pb_button button_url=&#8221;https:\/\/www.portadafrente.com\/empreendimentos\/?search-id=a0c3Y00000WzMy1QAF&#038;search-id=a0c3Y00000VuukOQAR&#038;search-id=a0c3Y00000UuHBbQAN&#038;search-id=a0c3Y00000URrrJQAT&#038;search-id=a0c3Y00000V3rrXQAR&#038;search-id=a0c3Y00000UsRONQA3&#038;search-id=a0c3Y00000VSCvHQAX&#038;search-id=a0c3Y00000V3pttQAB&#038;search-id=a0c3Y00000V3oznQAB&#038;search-price-min=&#038;search-price-max=&#038;utm_medium=email&#038;utm_source=idealista&#038;utm_campaign=1023_Oeiras&#038;utm_content=1023_Oeiras&#038;utm_term=PT#redirect_landing&#8221; button_text=&#8221;Empreendimentos em Oeiras&#8221; button_alignment=&#8221;right&#8221; _builder_version=&#8221;4.17.6&#8243; _module_preset=&#8221;default&#8221; custom_button=&#8221;on&#8221; button_text_size=&#8221;16px&#8221; button_text_color=&#8221;#FFFFFF&#8221; button_font=&#8221;Montserrat||||||||&#8221; button_icon=&#8221;&#x24;||divi||400&#8243; global_colors_info=&#8221;{}&#8221; transform_styles__hover_enabled=&#8221;off|desktop&#8221; transform_scale__hover_enabled=&#8221;off|desktop&#8221; transform_translate__hover_enabled=&#8221;off|desktop&#8221; transform_rotate__hover_enabled=&#8221;off|desktop&#8221; transform_skew__hover_enabled=&#8221;off|desktop&#8221; transform_origin__hover_enabled=&#8221;off|desktop&#8221;][\/et_pb_button][\/et_pb_column][\/et_pb_row][\/et_pb_section][et_pb_section fb_built=&#8221;1&#8243; _builder_version=&#8221;4.16&#8243; background_color=&#8221;#FFFFFF&#8221; custom_padding=&#8221;40px||32px||false|false&#8221; border_color_bottom=&#8221;#f0f0f0&#8243; global_colors_info=&#8221;{}&#8221;][et_pb_row _builder_version=&#8221;4.16&#8243; custom_padding=&#8221;0px||4px|||&#8221; global_colors_info=&#8221;{}&#8221;][et_pb_column type=&#8221;4_4&#8243; _builder_version=&#8221;4.16&#8243; global_colors_info=&#8221;{}&#8221;][et_pb_text _builder_version=&#8221;4.17.6&#8243; _module_preset=&#8221;default&#8221; header_font=&#8221;Montserrat|700|||||||&#8221; header_text_align=&#8221;center&#8221; header_text_color=&#8221;#620024&#8243; header_line_height=&#8221;1.1em&#8221; max_width=&#8221;80%&#8221; max_width_tablet=&#8221;100%&#8221; max_width_phone=&#8221;100%&#8221; max_width_last_edited=&#8221;on|phone&#8221; module_alignment=&#8221;center&#8221; animation_style=&#8221;fade&#8221; header_font_size_tablet=&#8221;&#8221; header_font_size_phone=&#8221;24px&#8221; header_font_size_last_edited=&#8221;on|phone&#8221; global_colors_info=&#8221;{}&#8221;]<\/p>\n<h1>A loja da Porta da Frente Christie\u2019s em Oeiras (re)abre para receber melhor os seus clientes<\/h1>\n<p>[\/et_pb_text][et_pb_text _builder_version=&#8221;4.17.6&#8243; _module_preset=&#8221;default&#8221; text_font=&#8221;Raleway||||||||&#8221; text_text_color=&#8221;#000000&#8243; text_font_size=&#8221;16px&#8221; text_orientation=&#8221;justified&#8221; global_colors_info=&#8221;{}&#8221;]<\/p>\n<p>Oeiras, localizada nas margens do rio Tejo e do Oceano Atl\u00e2ntico, \u00e9 uma escolha cada vez mais desejada por quem procura casa. A sua qualidade de vida excecional atrai residentes que privilegiam a seguran\u00e7a, tranquilidade, praias convidativas e uma atmosfera urbana acolhedora. Al\u00e9m disso, abriga diversos polos empresariais de renome, proporcionando oportunidades profissionais e acesso facilitado a Lisboa e outras regi\u00f5es, tornando-a uma escolha ideal para quem vive o equil\u00edbrio entre trabalho e lazer.<\/p>\n<p>[\/et_pb_text][et_pb_image src=&#8221;https:\/\/portadafrente.pt\/selection\/wp-content\/uploads\/2023\/10\/03.jpg&#8221; title_text=&#8221;03&#8243; _builder_version=&#8221;4.17.6&#8243; _module_preset=&#8221;default&#8221; border_radii=&#8221;on|20px|20px|20px|20px&#8221; global_colors_info=&#8221;{}&#8221;][\/et_pb_image][et_pb_text _builder_version=&#8221;4.17.6&#8243; _module_preset=&#8221;default&#8221; text_font=&#8221;Raleway||||||||&#8221; text_text_color=&#8221;#000000&#8243; text_font_size=&#8221;16px&#8221; text_orientation=&#8221;justified&#8221; global_colors_info=&#8221;{}&#8221;]<\/p>\n<p>A Porta da Frente Christie\u2019s abriu espa\u00e7o f\u00edsico em Oeiras em 2016, experienciando ano ap\u00f3s ano um crescimento de neg\u00f3cios e de notoriedade no mercado imobili\u00e1rio da regi\u00e3o. Em apenas 7 anos, o volume de neg\u00f3cios duplicou e a necessidade de atender melhor cada cliente e parceiro tornou imperativo criar um novo espa\u00e7o, mais vers\u00e1til e tecnol\u00f3gico, para receber quem nos visita.<\/p>\n<p>Com um grande foco no cliente nacional, que opta cada vez mais pela vila de Oeiras para viver e investir, o mercado imobili\u00e1rio de Oeiras \u00e9 extramente din\u00e2mico e conta com muita oferta tanto a n\u00edvel de projetos em planta como im\u00f3veis prontos a habitar:<\/p>\n<p>[\/et_pb_text][et_pb_image src=&#8221;https:\/\/portadafrente.pt\/selection\/wp-content\/uploads\/2023\/10\/16.jpg&#8221; title_text=&#8221;16&#8243; _builder_version=&#8221;4.17.6&#8243; _module_preset=&#8221;default&#8221; border_radii=&#8221;on|20px|20px|20px|20px&#8221; global_colors_info=&#8221;{}&#8221;][\/et_pb_image][\/et_pb_column][\/et_pb_row][et_pb_row column_structure=&#8221;2_5,3_5&#8243; use_custom_gutter=&#8221;on&#8221; gutter_width=&#8221;2&#8243; make_equal=&#8221;on&#8221; _builder_version=&#8221;4.17.6&#8243; _module_preset=&#8221;default&#8221; animation_style=&#8221;flip&#8221; animation_direction=&#8221;right&#8221; animation_duration=&#8221;750ms&#8221; locked=&#8221;off&#8221; global_colors_info=&#8221;{}&#8221;][et_pb_column type=&#8221;2_5&#8243; _builder_version=&#8221;4.16&#8243; _module_preset=&#8221;default&#8221; global_colors_info=&#8221;{}&#8221;][et_pb_image src=&#8221;https:\/\/portadafrente.pt\/selection\/wp-content\/uploads\/2023\/10\/Edificio-2_1687251470615.jpg&#8221; title_text=&#8221;Edificio 2_1687251470615&#8243; url=&#8221;https:\/\/www.portadafrente.com\/empreendimentos\/?search-id=a0c3Y00000WzMy1QAF&#038;search-id=a0c3Y00000VuukOQAR&#038;search-id=a0c3Y00000UuHBbQAN&#038;search-id=a0c3Y00000URrrJQAT&#038;search-id=a0c3Y00000V3rrXQAR&#038;search-id=a0c3Y00000UsRONQA3&#038;search-id=a0c3Y00000VSCvHQAX&#038;search-id=a0c3Y00000V3pttQAB&#038;search-id=a0c3Y00000V3oznQAB&#038;search-price-min=&#038;search-price-max=&#038;utm_medium=email&#038;utm_source=idealista&#038;utm_campaign=1023_Oeiras&#038;utm_content=1023_Oeiras&#038;utm_term=PT#redirect_landing&#8221; _builder_version=&#8221;4.17.6&#8243; _module_preset=&#8221;default&#8221; border_radii=&#8221;on|20px|20px|20px|20px&#8221; locked=&#8221;off&#8221; global_colors_info=&#8221;{}&#8221;][\/et_pb_image][\/et_pb_column][et_pb_column type=&#8221;3_5&#8243; _builder_version=&#8221;4.17.6&#8243; _module_preset=&#8221;default&#8221; custom_css_main_element=&#8221;align-self:center;&#8221; global_colors_info=&#8221;{}&#8221;][et_pb_text _builder_version=&#8221;4.17.6&#8243; text_font=&#8221;Raleway||||||||&#8221; text_text_color=&#8221;#000000&#8243; text_font_size=&#8221;16px&#8221; header_font=&#8221;Montserrat|600|||||||&#8221; header_text_align=&#8221;left&#8221; header_text_color=&#8221;#660024&#8243; header_font_size=&#8221;24px&#8221; header_line_height=&#8221;1.3em&#8221; custom_margin=&#8221;||22px||false|false&#8221; animation_direction=&#8221;bottom&#8221; header_text_align_tablet=&#8221;center&#8221; header_text_align_phone=&#8221;&#8221; header_text_align_last_edited=&#8221;on|phone&#8221; text_orientation_tablet=&#8221;center&#8221; text_orientation_phone=&#8221;&#8221; text_orientation_last_edited=&#8221;on|phone&#8221; locked=&#8221;off&#8221; global_colors_info=&#8221;{}&#8221;]<\/p>\n<h1>Empreendimentos perfeitos para viver ou investir em Oeiras<\/h1>\n<p>Comprar projetos em planta em Oeiras oferece a oportunidade de adquirir um produto novo e em muitos casos adapt\u00e1vel \u00e0s prefer\u00eancias do cliente. Por outro lado, muitas vezes, os pre\u00e7os s\u00e3o mais atrativos durante esta fase, proporcionando um excelente investimento imobili\u00e1rio a longo prazo.<\/p>\n<p>[\/et_pb_text][et_pb_image src=&#8221;http:\/\/www.portadafrente.pt\/selection\/wp-content\/uploads\/2021\/03\/botao_infogeral.png&#8221; title_text=&#8221;botao_infogeral&#8221; url=&#8221;https:\/\/www.portadafrente.com\/empreendimentos\/?search-id=a0c3Y00000WzMy1QAF&#038;search-id=a0c3Y00000VuukOQAR&#038;search-id=a0c3Y00000UuHBbQAN&#038;search-id=a0c3Y00000URrrJQAT&#038;search-id=a0c3Y00000V3rrXQAR&#038;search-id=a0c3Y00000UsRONQA3&#038;search-id=a0c3Y00000VSCvHQAX&#038;search-id=a0c3Y00000V3pttQAB&#038;search-id=a0c3Y00000V3oznQAB&#038;search-price-min=&#038;search-price-max=&#038;utm_medium=email&#038;utm_source=idealista&#038;utm_campaign=1023_Oeiras&#038;utm_content=1023_Oeiras&#038;utm_term=PT#redirect_landing&#8221; url_new_window=&#8221;on&#8221; align_tablet=&#8221;center&#8221; align_phone=&#8221;center&#8221; align_last_edited=&#8221;on|phone&#8221; _builder_version=&#8221;4.17.6&#8243; _module_preset=&#8221;default&#8221; module_alignment=&#8221;left&#8221; max_height=&#8221;40px&#8221; border_radii=&#8221;on|40px|40px|40px|40px&#8221; locked=&#8221;off&#8221; global_colors_info=&#8221;{}&#8221;][\/et_pb_image][\/et_pb_column][\/et_pb_row][et_pb_row column_structure=&#8221;2_5,3_5&#8243; use_custom_gutter=&#8221;on&#8221; gutter_width=&#8221;2&#8243; make_equal=&#8221;on&#8221; _builder_version=&#8221;4.17.6&#8243; _module_preset=&#8221;default&#8221; custom_padding=&#8221;||45px|||&#8221; animation_style=&#8221;flip&#8221; animation_direction=&#8221;right&#8221; animation_duration=&#8221;750ms&#8221; locked=&#8221;off&#8221; global_colors_info=&#8221;{}&#8221;][et_pb_column type=&#8221;2_5&#8243; _builder_version=&#8221;4.16&#8243; _module_preset=&#8221;default&#8221; global_colors_info=&#8221;{}&#8221;][et_pb_image src=&#8221;https:\/\/portadafrente.pt\/selection\/wp-content\/uploads\/2023\/10\/DSC2371_1680339233712.jpg&#8221; title_text=&#8221;_DSC2371_1680339233712&#8243; url=&#8221;https:\/\/www.portadafrente.com\/imoveis\/?business-type=sale&#038;search-price-min=&#038;search-price-max=&#038;search-status=&#038;search-code=31442%2C31090%2C31357%2C30907%2C30313%2C30213%2C31245%2C29775%2C30368%2C31168%2C30427%2C31289&#038;utm_medium=email&#038;utm_source=idealista&#038;utm_campaign=1023_Oeiras&#038;utm_content=1023_Oeiras&#038;utm_term=PT#redirect_landing&#8221; url_new_window=&#8221;on&#8221; _builder_version=&#8221;4.17.6&#8243; _module_preset=&#8221;default&#8221; border_radii=&#8221;on|20px|20px|20px|20px&#8221; locked=&#8221;off&#8221; global_colors_info=&#8221;{}&#8221;][\/et_pb_image][\/et_pb_column][et_pb_column type=&#8221;3_5&#8243; _builder_version=&#8221;4.17.6&#8243; _module_preset=&#8221;default&#8221; custom_css_main_element=&#8221;align-self:center;&#8221; global_colors_info=&#8221;{}&#8221;][et_pb_text _builder_version=&#8221;4.17.6&#8243; text_font=&#8221;Raleway||||||||&#8221; text_text_color=&#8221;#000000&#8243; text_font_size=&#8221;16px&#8221; header_font=&#8221;Montserrat|600|||||||&#8221; header_text_align=&#8221;left&#8221; header_text_color=&#8221;#660024&#8243; header_font_size=&#8221;24px&#8221; header_line_height=&#8221;1.3em&#8221; custom_margin=&#8221;||22px||false|false&#8221; animation_direction=&#8221;bottom&#8221; header_text_align_tablet=&#8221;center&#8221; header_text_align_phone=&#8221;&#8221; header_text_align_last_edited=&#8221;on|phone&#8221; text_orientation_tablet=&#8221;center&#8221; text_orientation_phone=&#8221;&#8221; text_orientation_last_edited=&#8221;on|phone&#8221; locked=&#8221;off&#8221; global_colors_info=&#8221;{}&#8221;]<\/p>\n<h1>Im\u00f3veis para se apaixonar em Oeiras<\/h1>\n<p>Comprar im\u00f3veis prontos a habitar proporciona a conveni\u00eancia de ocupa\u00e7\u00e3o imediata, evitando a espera pela constru\u00e7\u00e3o. Convidamo-lo a conhecer a sua futura casa de sonho!<\/p>\n<p>[\/et_pb_text][et_pb_image src=&#8221;http:\/\/www.portadafrente.pt\/selection\/wp-content\/uploads\/2021\/03\/botao_infogeral.png&#8221; title_text=&#8221;botao_infogeral&#8221; url=&#8221;https:\/\/www.portadafrente.com\/imoveis\/?business-type=sale&#038;search-price-min=&#038;search-price-max=&#038;search-status=&#038;search-code=31442%2C31090%2C31357%2C30907%2C30313%2C30213%2C31245%2C29775%2C30368%2C31168%2C30427%2C31289&#038;utm_medium=email&#038;utm_source=idealista&#038;utm_campaign=1023_Oeiras&#038;utm_content=1023_Oeiras&#038;utm_term=PT#redirect_landing&#8221; url_new_window=&#8221;on&#8221; align_tablet=&#8221;center&#8221; align_phone=&#8221;center&#8221; align_last_edited=&#8221;on|phone&#8221; _builder_version=&#8221;4.17.6&#8243; _module_preset=&#8221;default&#8221; module_alignment=&#8221;left&#8221; max_height=&#8221;40px&#8221; border_radii=&#8221;on|40px|40px|40px|40px&#8221; locked=&#8221;off&#8221; global_colors_info=&#8221;{}&#8221;][\/et_pb_image][\/et_pb_column][\/et_pb_row][et_pb_row _builder_version=&#8221;4.17.6&#8243; _module_preset=&#8221;default&#8221; custom_padding=&#8221;0px||||false|false&#8221; global_colors_info=&#8221;{}&#8221;][et_pb_column type=&#8221;4_4&#8243; _builder_version=&#8221;4.17.6&#8243; _module_preset=&#8221;default&#8221; global_colors_info=&#8221;{}&#8221;][et_pb_divider color=&#8221;#bababa&#8221; _builder_version=&#8221;4.17.6&#8243; _module_preset=&#8221;default&#8221; custom_margin=&#8221;||22px|||&#8221; custom_padding_tablet=&#8221;&#8221; custom_padding_phone=&#8221;||||false|false&#8221; custom_padding_last_edited=&#8221;on|phone&#8221; global_colors_info=&#8221;{}&#8221;][\/et_pb_divider][et_pb_text _builder_version=&#8221;4.17.6&#8243; _module_preset=&#8221;default&#8221; text_font=&#8221;Raleway||||||||&#8221; text_text_color=&#8221;#000000&#8243; text_font_size=&#8221;16px&#8221; text_orientation=&#8221;center&#8221; max_width=&#8221;75%&#8221; max_width_tablet=&#8221;75%&#8221; max_width_phone=&#8221;100%&#8221; max_width_last_edited=&#8221;on|phone&#8221; module_alignment=&#8221;center&#8221; global_colors_info=&#8221;{}&#8221;]<\/p>\n<p>Para assinalar a semana da (re)inaugura\u00e7\u00e3o da loja da Porta da Frente Christie\u2019s em Oeiras, situada no F\u00f3rum Oeiras, a mediadora portuguesa preparou uma s\u00e9rie de a\u00e7\u00f5es especiais dedicadas a esta regi\u00e3o:<\/p>\n<p>[\/et_pb_text][et_pb_image src=&#8221;https:\/\/portadafrente.pt\/selection\/wp-content\/uploads\/2023\/10\/Asset-1@2x.png&#8221; title_text=&#8221;Asset 1@2x&#8221; _builder_version=&#8221;4.17.6&#8243; _module_preset=&#8221;default&#8221; max_width=&#8221;40%&#8221; max_width_tablet=&#8221;40%&#8221; max_width_phone=&#8221;80%&#8221; max_width_last_edited=&#8221;on|phone&#8221; module_alignment=&#8221;center&#8221; global_colors_info=&#8221;{}&#8221;][\/et_pb_image][\/et_pb_column][\/et_pb_row][et_pb_row column_structure=&#8221;1_3,2_3&#8243; use_custom_gutter=&#8221;on&#8221; gutter_width=&#8221;1&#8243; _builder_version=&#8221;4.17.6&#8243; _module_preset=&#8221;default&#8221; custom_padding=&#8221;||0px||false|false&#8221; global_colors_info=&#8221;{}&#8221;][et_pb_column type=&#8221;1_3&#8243; _builder_version=&#8221;4.17.6&#8243; _module_preset=&#8221;default&#8221; custom_padding=&#8221;|15px|||false|false&#8221; global_colors_info=&#8221;{}&#8221;][et_pb_text _builder_version=&#8221;4.17.6&#8243; _module_preset=&#8221;default&#8221; text_font=&#8221;Montserrat|800|||||||&#8221; text_text_color=&#8221;#660024&#8243; text_font_size=&#8221;20px&#8221; text_orientation=&#8221;right&#8221; global_colors_info=&#8221;{}&#8221;]<\/p>\n<p>De 16 a 20 de outubro<\/p>\n<p>[\/et_pb_text][\/et_pb_column][et_pb_column type=&#8221;2_3&#8243; _builder_version=&#8221;4.17.6&#8243; _module_preset=&#8221;default&#8221; custom_padding=&#8221;|||15px|false|false&#8221; border_width_left=&#8221;1px&#8221; global_colors_info=&#8221;{}&#8221;][et_pb_text _builder_version=&#8221;4.17.6&#8243; _module_preset=&#8221;default&#8221; text_font=&#8221;Montserrat||||||||&#8221; text_text_color=&#8221;#000000&#8243; text_font_size=&#8221;16px&#8221; global_colors_info=&#8221;{}&#8221;]<\/p>\n<p>Conhe\u00e7a a equipa de Oeiras nas nossas redes sociais<\/p>\n<p>[\/et_pb_text][\/et_pb_column][\/et_pb_row][et_pb_row column_structure=&#8221;1_3,2_3&#8243; use_custom_gutter=&#8221;on&#8221; gutter_width=&#8221;1&#8243; _builder_version=&#8221;4.17.6&#8243; _module_preset=&#8221;default&#8221; custom_padding=&#8221;||0px||false|false&#8221; global_colors_info=&#8221;{}&#8221;][et_pb_column type=&#8221;1_3&#8243; _builder_version=&#8221;4.17.6&#8243; _module_preset=&#8221;default&#8221; custom_padding=&#8221;|15px|||false|false&#8221; global_colors_info=&#8221;{}&#8221;][et_pb_text _builder_version=&#8221;4.17.6&#8243; _module_preset=&#8221;default&#8221; text_font=&#8221;Montserrat|800|||||||&#8221; text_text_color=&#8221;#660024&#8243; text_font_size=&#8221;20px&#8221; text_orientation=&#8221;right&#8221; global_colors_info=&#8221;{}&#8221;]<\/p>\n<p>17 de outubro<\/p>\n<p>[\/et_pb_text][\/et_pb_column][et_pb_column type=&#8221;2_3&#8243; _builder_version=&#8221;4.17.6&#8243; _module_preset=&#8221;default&#8221; custom_padding=&#8221;|||15px|false|false&#8221; border_width_left=&#8221;1px&#8221; global_colors_info=&#8221;{}&#8221;][et_pb_text _builder_version=&#8221;4.17.6&#8243; _module_preset=&#8221;default&#8221; text_font=&#8221;Montserrat||||||||&#8221; text_text_color=&#8221;#000000&#8243; text_font_size=&#8221;16px&#8221; global_colors_info=&#8221;{}&#8221;]<\/p>\n<p>Recep\u00e7\u00e3o de parceiros na nova loja, com duas sess\u00f5es especiais de apresenta\u00e7\u00e3o<\/p>\n<p>[\/et_pb_text][\/et_pb_column][\/et_pb_row][et_pb_row column_structure=&#8221;1_3,2_3&#8243; use_custom_gutter=&#8221;on&#8221; gutter_width=&#8221;1&#8243; _builder_version=&#8221;4.17.6&#8243; _module_preset=&#8221;default&#8221; custom_padding=&#8221;||0px||false|false&#8221; global_colors_info=&#8221;{}&#8221;][et_pb_column type=&#8221;1_3&#8243; _builder_version=&#8221;4.17.6&#8243; _module_preset=&#8221;default&#8221; custom_padding=&#8221;|15px|||false|false&#8221; global_colors_info=&#8221;{}&#8221;][et_pb_text _builder_version=&#8221;4.17.6&#8243; _module_preset=&#8221;default&#8221; text_font=&#8221;Montserrat|800|||||||&#8221; text_text_color=&#8221;#660024&#8243; text_font_size=&#8221;20px&#8221; text_orientation=&#8221;right&#8221; global_colors_info=&#8221;{}&#8221;]<\/p>\n<p>18 de outubro<\/p>\n<p>[\/et_pb_text][\/et_pb_column][et_pb_column type=&#8221;2_3&#8243; _builder_version=&#8221;4.17.6&#8243; _module_preset=&#8221;default&#8221; custom_padding=&#8221;|||15px|false|false&#8221; border_width_left=&#8221;1px&#8221; global_colors_info=&#8221;{}&#8221;][et_pb_text _builder_version=&#8221;4.17.6&#8243; _module_preset=&#8221;default&#8221; text_font=&#8221;Montserrat||||||||&#8221; text_text_color=&#8221;#000000&#8243; text_font_size=&#8221;16px&#8221; global_colors_info=&#8221;{}&#8221;]<\/p>\n<p>2 eventos digitais sobre o mercado imobili\u00e1rio de Oeiras, destinados a clientes nacionais e internacionais. <a href=\"https:\/\/portadafrente.pt\/selection\/webinar-oeiras-week\/\" target=\"_blank\" rel=\"noopener\">Clique aqui para inscrever-se<\/a><\/p>\n<p>[\/et_pb_text][\/et_pb_column][\/et_pb_row][et_pb_row column_structure=&#8221;1_3,2_3&#8243; use_custom_gutter=&#8221;on&#8221; gutter_width=&#8221;1&#8243; _builder_version=&#8221;4.17.6&#8243; _module_preset=&#8221;default&#8221; custom_padding=&#8221;||0px||false|false&#8221; global_colors_info=&#8221;{}&#8221;][et_pb_column type=&#8221;1_3&#8243; _builder_version=&#8221;4.17.6&#8243; _module_preset=&#8221;default&#8221; custom_padding=&#8221;|15px|||false|false&#8221; global_colors_info=&#8221;{}&#8221;][et_pb_text _builder_version=&#8221;4.17.6&#8243; _module_preset=&#8221;default&#8221; text_font=&#8221;Montserrat|800|||||||&#8221; text_text_color=&#8221;#660024&#8243; text_font_size=&#8221;20px&#8221; text_orientation=&#8221;right&#8221; global_colors_info=&#8221;{}&#8221;]<\/p>\n<p>19 de outubro<\/p>\n<p>[\/et_pb_text][\/et_pb_column][et_pb_column type=&#8221;2_3&#8243; _builder_version=&#8221;4.17.6&#8243; _module_preset=&#8221;default&#8221; custom_padding=&#8221;|||15px|false|false&#8221; border_width_left=&#8221;1px&#8221; global_colors_info=&#8221;{}&#8221;][et_pb_text _builder_version=&#8221;4.17.6&#8243; _module_preset=&#8221;default&#8221; text_font=&#8221;Montserrat||||||||&#8221; text_text_color=&#8221;#000000&#8243; text_font_size=&#8221;16px&#8221; global_colors_info=&#8221;{}&#8221;]<\/p>\n<p><span>(Re)inaugura\u00e7\u00e3o oficial da loja 18H00 &#8211; 20H00<\/span><\/p>\n<p>[\/et_pb_text][\/et_pb_column][\/et_pb_row][et_pb_row column_structure=&#8221;1_3,2_3&#8243; use_custom_gutter=&#8221;on&#8221; gutter_width=&#8221;1&#8243; _builder_version=&#8221;4.17.6&#8243; _module_preset=&#8221;default&#8221; custom_padding=&#8221;||0px||false|false&#8221; global_colors_info=&#8221;{}&#8221;][et_pb_column type=&#8221;1_3&#8243; _builder_version=&#8221;4.17.6&#8243; _module_preset=&#8221;default&#8221; custom_padding=&#8221;|15px|||false|false&#8221; global_colors_info=&#8221;{}&#8221;][et_pb_text _builder_version=&#8221;4.17.6&#8243; _module_preset=&#8221;default&#8221; text_font=&#8221;Montserrat|800|||||||&#8221; text_text_color=&#8221;#660024&#8243; text_font_size=&#8221;20px&#8221; text_orientation=&#8221;right&#8221; global_colors_info=&#8221;{}&#8221;]<\/p>\n<p>20 de outubro<\/p>\n<p>[\/et_pb_text][\/et_pb_column][et_pb_column type=&#8221;2_3&#8243; _builder_version=&#8221;4.17.6&#8243; _module_preset=&#8221;default&#8221; custom_padding=&#8221;|||15px|false|false&#8221; border_width_left=&#8221;1px&#8221; global_colors_info=&#8221;{}&#8221;][et_pb_text _builder_version=&#8221;4.17.6&#8243; _module_preset=&#8221;default&#8221; text_font=&#8221;Montserrat||||||||&#8221; text_text_color=&#8221;#000000&#8243; text_font_size=&#8221;16px&#8221; global_colors_info=&#8221;{}&#8221;]<\/p>\n<p>Visita live a um im\u00f3vel em Oeiras, com vista mar, e streaming nas redes sociais Porta da Frente Christie\u2019s<\/p>\n<p>[\/et_pb_text][\/et_pb_column][\/et_pb_row][et_pb_row custom_padding_last_edited=&#8221;on|phone&#8221; _builder_version=&#8221;4.17.6&#8243; _module_preset=&#8221;default&#8221; custom_padding=&#8221;75px||||false|false&#8221; custom_padding_tablet=&#8221;75px||||false|false&#8221; custom_padding_phone=&#8221;50px||0px||false|false&#8221; global_colors_info=&#8221;{}&#8221;][et_pb_column type=&#8221;4_4&#8243; _builder_version=&#8221;4.17.6&#8243; _module_preset=&#8221;default&#8221; global_colors_info=&#8221;{}&#8221;][et_pb_text _builder_version=&#8221;4.17.6&#8243; _module_preset=&#8221;default&#8221; header_font=&#8221;Montserrat|700|||||||&#8221; header_text_align=&#8221;center&#8221; header_text_color=&#8221;#620024&#8243; header_line_height=&#8221;1.1em&#8221; max_width=&#8221;80%&#8221; module_alignment=&#8221;center&#8221; animation_style=&#8221;fade&#8221; header_font_size_tablet=&#8221;&#8221; header_font_size_phone=&#8221;24px&#8221; header_font_size_last_edited=&#8221;on|phone&#8221; global_colors_info=&#8221;{}&#8221;]<\/p>\n<h1><strong>Esperamos por si na nossa nova loja!<\/strong><\/h1>\n<p>[\/et_pb_text][\/et_pb_column][\/et_pb_row][\/et_pb_section][et_pb_section fb_built=&#8221;1&#8243; _builder_version=&#8221;4.16&#8243; background_color=&#8221;#660724&#8243; custom_padding=&#8221;0px||0px|||&#8221; global_colors_info=&#8221;{}&#8221;][et_pb_row column_structure=&#8221;1_4,3_4&#8243; make_equal=&#8221;on&#8221; _builder_version=&#8221;4.16&#8243; global_colors_info=&#8221;{}&#8221;][et_pb_column type=&#8221;1_4&#8243; _builder_version=&#8221;4.16&#8243; global_colors_info=&#8221;{}&#8221;][et_pb_image src=&#8221;https:\/\/portadafrente.pt\/selection\/wp-content\/uploads\/2022\/07\/Asset-2.png&#8221; title_text=&#8221;Asset 2&#8243; align=&#8221;center&#8221; _builder_version=&#8221;4.17.6&#8243; max_width=&#8221;80%&#8221; max_width_tablet=&#8221;200px&#8221; max_width_phone=&#8221;&#8221; max_width_last_edited=&#8221;on|desktop&#8221; custom_margin=&#8221;||22px|||&#8221; global_colors_info=&#8221;{}&#8221;][\/et_pb_image][et_pb_code _builder_version=&#8221;4.16&#8243; global_colors_info=&#8221;{}&#8221;]<\/p>\n<ul class=\"list-inline\"><!-- [et_pb_line_break_holder] -->                  <\/p>\n<li class=\"list-inline-item\"><a href=\"http:\/\/www.facebook.com\/portadafrente\" target=\"_blank\" class=\"text-white\" rel=\"noopener noreferrer\"><i class=\"fab fa-2x fa-facebook\"><\/i><\/a><\/li>\n<p><!-- [et_pb_line_break_holder] -->                  <\/p>\n<li class=\"list-inline-item\"><a href=\"https:\/\/www.instagram.com\/portadafrentechristies\/\" target=\"_blank\" class=\"text-white\" rel=\"noopener noreferrer\"><i class=\"fab fa-2x fa-instagram\"><\/i><\/a><\/li>\n<p><!-- [et_pb_line_break_holder] -->                  <\/p>\n<li class=\"list-inline-item\"><a href=\"https:\/\/www.linkedin.com\/company\/porta-da-frente-christie%27s\/\" target=\"_blank\" class=\"text-white\" rel=\"noopener noreferrer\"><i class=\"fab fa-2x fa-linkedin\"><\/i><\/a><\/li>\n<p><!-- [et_pb_line_break_holder] -->                  <\/p>\n<li class=\"list-inline-item\"><a href=\"https:\/\/www.youtube.com\/channel\/UCyxni2x557JaDk-b8XXpctA\/\" target=\"_blank\" class=\"text-white\" rel=\"noopener noreferrer\"><i class=\"fab fa-2x fa-youtube\"><\/i><\/a><\/li>\n<p><!-- [et_pb_line_break_holder] -->                <\/ul>\n<p>[\/et_pb_code][\/et_pb_column][et_pb_column type=&#8221;3_4&#8243; _builder_version=&#8221;4.16&#8243; global_colors_info=&#8221;{}&#8221;][et_pb_text module_class=&#8221;text-footer&#8221; _builder_version=&#8221;4.16&#8243; text_text_color=&#8221;#ffffff&#8221; text_font_size=&#8221;16px&#8221; text_font_size_tablet=&#8221;13px&#8221; text_font_size_phone=&#8221;&#8221; text_font_size_last_edited=&#8221;on|tablet&#8221; text_orientation_tablet=&#8221;center&#8221; text_orientation_phone=&#8221;&#8221; text_orientation_last_edited=&#8221;on|phone&#8221; global_colors_info=&#8221;{}&#8221;]<\/p>\n<p><span>A\u00a0<\/span><strong>Porta da Frente Christie\u2019s<\/strong><span>\u00a0\u00e9 uma empresa de media\u00e7\u00e3o imobili\u00e1ria que trabalha no mercado h\u00e1 mais de duas d\u00e9cadas, focando-se nos melhores im\u00f3veis e empreendimentos, quer para venda quer para arrendamento. A empresa foi selecionada pela prestigiada marca Christie\u2019s International Real Estate para representar Portugal, nas zonas de Lisboa, Cascais, Oeiras e Alentejo. A principal miss\u00e3o da\u00a0<\/span><strong>Porta da Frente Christie\u2019s<\/strong><span>\u00a0\u00e9 privilegiar um servi\u00e7o de excel\u00eancia a todos os nossos clientes.<\/span><\/p>\n<p>[\/et_pb_text][et_pb_code _builder_version=&#8221;4.17.6&#8243; _module_preset=&#8221;default&#8221; hover_enabled=&#8221;0&#8243; global_colors_info=&#8221;{}&#8221; sticky_enabled=&#8221;0&#8243;]<script><!-- [et_pb_line_break_holder] -->var currentURL = window.location.href;<!-- [et_pb_line_break_holder] -->if (currentURL.includes(\"?\")) {<!-- [et_pb_line_break_holder] -->var currentUTMs = currentURL.split('?').pop();<!-- [et_pb_line_break_holder] -->var allLinks = document.getElementsByTagName(\"a\");<!-- [et_pb_line_break_holder] -->for (var i = 0; i < allLinks.length; i++) {<!-- [et_pb_line_break_holder] -->if (allLinks[i].href.includes(\"?\")) {<!-- [et_pb_line_break_holder] -->allLinks[i].href += \"&\" + currentUTMs;<!-- [et_pb_line_break_holder] -->}<!-- [et_pb_line_break_holder] -->else {<!-- [et_pb_line_break_holder] -->allLinks[i].href += \"?\" + currentUTMs;<!-- [et_pb_line_break_holder] -->}<!-- [et_pb_line_break_holder] -->}<!-- [et_pb_line_break_holder] -->}<!-- [et_pb_line_break_holder] --><\/script>[\/et_pb_code][\/et_pb_column][\/et_pb_row][\/et_pb_section]<\/p>\n","protected":false},"excerpt":{"rendered":"<p>OEIRASA loja da Porta da Frente Christie\u2019s em Oeiras (re)abre para receber melhor os seus clientesOeiras, localizada nas margens do rio Tejo e do Oceano Atl\u00e2ntico, \u00e9 uma escolha cada vez mais desejada por quem procura casa. A sua qualidade de vida excecional atrai residentes que privilegiam a seguran\u00e7a, tranquilidade, praias convidativas e uma atmosfera [&hellip;]<\/p>\n","protected":false},"author":1,"featured_media":0,"parent":0,"menu_order":0,"comment_status":"closed","ping_status":"closed","template":"","meta":{"_et_pb_use_builder":"on","_et_pb_old_content":"","_et_gb_content_width":""},"_links":{"self":[{"href":"https:\/\/portadafrente.pt\/selection\/wp-json\/wp\/v2\/pages\/3512"}],"collection":[{"href":"https:\/\/portadafrente.pt\/selection\/wp-json\/wp\/v2\/pages"}],"about":[{"href":"https:\/\/portadafrente.pt\/selection\/wp-json\/wp\/v2\/types\/page"}],"author":[{"embeddable":true,"href":"https:\/\/portadafrente.pt\/selection\/wp-json\/wp\/v2\/users\/1"}],"replies":[{"embeddable":true,"href":"https:\/\/portadafrente.pt\/selection\/wp-json\/wp\/v2\/comments?post=3512"}],"version-history":[{"count":26,"href":"https:\/\/portadafrente.pt\/selection\/wp-json\/wp\/v2\/pages\/3512\/revisions"}],"predecessor-version":[{"id":3589,"href":"https:\/\/portadafrente.pt\/selection\/wp-json\/wp\/v2\/pages\/3512\/revisions\/3589"}],"wp:attachment":[{"href":"https:\/\/portadafrente.pt\/selection\/wp-json\/wp\/v2\/media?parent=3512"}],"curies":[{"name":"wp","href":"https:\/\/api.w.org\/{rel}","templated":true}]}}