{"id":2613,"date":"2022-08-11T12:52:54","date_gmt":"2022-08-11T15:52:54","guid":{"rendered":"https:\/\/portadafrente.pt\/selection\/?page_id=2613"},"modified":"2023-11-27T12:22:17","modified_gmt":"2023-11-27T15:22:17","slug":"evento-rio-de-janeiro","status":"publish","type":"page","link":"https:\/\/portadafrente.pt\/selection\/evento-rio-de-janeiro\/","title":{"rendered":"Evento Porta da Frente Christie&#8217;s | Rio de janeiro | 5 de Dezembro de 2023"},"content":{"rendered":"<p>[et_pb_section fb_built=&#8221;1&#8243; custom_padding_last_edited=&#8221;on|phone&#8221; module_id=&#8221;top&#8221; _builder_version=&#8221;4.17.6&#8243; background_enable_color=&#8221;off&#8221; use_background_color_gradient=&#8221;on&#8221; background_color_gradient_stops=&#8221;rgba(255,255,255,0.24) 27%|#ffffff 100%&#8221; background_color_gradient_overlays_image=&#8221;on&#8221; background_color_gradient_start=&#8221;rgba(0,0,0,0.19)&#8221; background_color_gradient_end=&#8221;rgba(0,0,0,0.78)&#8221; background_image=&#8221;https:\/\/portadafrente.pt\/selection\/wp-content\/uploads\/2022\/08\/rj.jpg&#8221; min_height=&#8221;60vh&#8221; min_height_tablet=&#8221;60vh&#8221; min_height_phone=&#8221;&#8221; min_height_last_edited=&#8221;on|phone&#8221; height_tablet=&#8221;&#8221; height_phone=&#8221;auto&#8221; height_last_edited=&#8221;on|tablet&#8221; max_height_tablet=&#8221;&#8221; max_height_phone=&#8221;&#8221; max_height_last_edited=&#8221;on|desktop&#8221; custom_padding=&#8221;0px||0px||false|false&#8221; custom_padding_tablet=&#8221;0px||0%||false|false&#8221; custom_padding_phone=&#8221;0px||40px||false|false&#8221; global_colors_info=&#8221;{}&#8221;][et_pb_row column_structure=&#8221;2_3,1_3&#8243; use_custom_gutter=&#8221;on&#8221; make_equal=&#8221;on&#8221; _builder_version=&#8221;4.17.6&#8243; min_height=&#8221;60vh&#8221; custom_margin=&#8221;0px||0px||false|false&#8221; custom_padding=&#8221;0px||0px||false|false&#8221; global_colors_info=&#8221;{}&#8221;][et_pb_column type=&#8221;2_3&#8243; module_class=&#8221;center-v&#8221; _builder_version=&#8221;4.16&#8243; custom_css_main_element=&#8221;align-self:flex-start;&#8221; global_colors_info=&#8221;{}&#8221;][et_pb_image src=&#8221;https:\/\/portadafrente.pt\/selection\/wp-content\/uploads\/2022\/07\/logo-normal.png&#8221; title_text=&#8221;logo-normal&#8221; align_tablet=&#8221;center&#8221; align_phone=&#8221;&#8221; align_last_edited=&#8221;on|desktop&#8221; _builder_version=&#8221;4.17.6&#8243; max_width=&#8221;200px&#8221; max_width_tablet=&#8221;150px&#8221; max_width_phone=&#8221;&#8221; max_width_last_edited=&#8221;on|desktop&#8221; custom_margin=&#8221;||27px||false|false&#8221; custom_margin_last_edited=&#8221;off|tablet&#8221; animation_style=&#8221;fade&#8221; module_alignment_last_edited=&#8221;off|desktop&#8221; global_colors_info=&#8221;{}&#8221;][\/et_pb_image][et_pb_text _builder_version=&#8221;4.17.6&#8243; text_text_color=&#8221;#ffffff&#8221; text_font_size=&#8221;21px&#8221; header_font=&#8221;Cairo|700|||||||&#8221; header_text_align=&#8221;left&#8221; header_text_color=&#8221;#FFFFFF&#8221; header_font_size=&#8221;50px&#8221; header_2_font=&#8221;Cairo|600|||||||&#8221; header_2_text_align=&#8221;left&#8221; header_2_text_color=&#8221;#000000&#8243; header_2_font_size=&#8221;38px&#8221; background_color=&#8221;RGBA(0,0,0,0)&#8221; position_origin_a=&#8221;bottom_left&#8221; width=&#8221;100%&#8221; max_width_tablet=&#8221;100%&#8221; max_width_phone=&#8221;100%&#8221; max_width_last_edited=&#8221;on|phone&#8221; custom_margin=&#8221;||||false|false&#8221; custom_margin_tablet=&#8221;||40px||false|false&#8221; custom_margin_phone=&#8221;||30px||false|false&#8221; custom_margin_last_edited=&#8221;on|phone&#8221; custom_padding=&#8221;||||false|false&#8221; custom_padding_tablet=&#8221;0px|0%|0px||false|false&#8221; custom_padding_phone=&#8221;0px|0%|0px||false|false&#8221; custom_padding_last_edited=&#8221;on|phone&#8221; animation_style=&#8221;fade&#8221; animation_duration=&#8221;500ms&#8221; animation_delay=&#8221;250ms&#8221; header_text_align_tablet=&#8221;center&#8221; header_text_align_phone=&#8221;&#8221; header_text_align_last_edited=&#8221;on|desktop&#8221; header_text_color_tablet=&#8221;#FFFFFF&#8221; header_text_color_phone=&#8221;#FFFFFF&#8221; header_text_color_last_edited=&#8221;on|phone&#8221; header_font_size_tablet=&#8221;45px&#8221; header_font_size_phone=&#8221;30px&#8221; header_font_size_last_edited=&#8221;on|phone&#8221; header_2_text_color_tablet=&#8221;#FFFFFF&#8221; header_2_text_color_phone=&#8221;#FFFFFF&#8221; header_2_text_color_last_edited=&#8221;on|desktop&#8221; header_2_font_size_tablet=&#8221;36px&#8221; header_2_font_size_phone=&#8221;20px&#8221; header_2_font_size_last_edited=&#8221;on|tablet&#8221; text_orientation_tablet=&#8221;center&#8221; text_orientation_phone=&#8221;center&#8221; text_orientation_last_edited=&#8221;on|phone&#8221; header_text_shadow_style=&#8221;preset2&#8243; header_text_shadow_blur_strength=&#8221;0.19em&#8221; header_text_shadow_color=&#8221;#000000&#8243; border_radii=&#8221;on|1px|1px|1px|1px&#8221; global_colors_info=&#8221;{}&#8221;]<\/p>\n<h1>Estaremos no Rio de Janeiro<\/h1>\n<h2>Venha saber mais sobre investir e viver em Portugal:<\/h2>\n<h1><\/h1>\n<p>[\/et_pb_text][et_pb_text _builder_version=&#8221;4.17.6&#8243; _module_preset=&#8221;default&#8221; text_font=&#8221;|700|||||||&#8221; text_text_color=&#8221;#000000&#8243; text_font_size=&#8221;22px&#8221; ul_line_height=&#8221;1.5em&#8221; animation_style=&#8221;fade&#8221; animation_duration=&#8221;500ms&#8221; animation_delay=&#8221;250ms&#8221; global_colors_info=&#8221;{}&#8221;]<\/p>\n<ul>\n<li>Orienta\u00e7\u00e3o jur\u00eddica e fiscal<\/li>\n<li>Atualiza\u00e7\u00e3o de novas regras e leis<\/li>\n<li>Perspectivas do mercado imobili\u00e1rio<\/li>\n<li>Lan\u00e7amentos e im\u00f3veis avulsos<\/li>\n<li>Esclarecimento de d\u00favidas<\/li>\n<\/ul>\n<p>[\/et_pb_text][\/et_pb_column][et_pb_column type=&#8221;1_3&#8243; module_class=&#8221;center-v&#8221; _builder_version=&#8221;4.16&#8243; background_color=&#8221;rgba(0,0,0,0.5)&#8221; custom_padding=&#8221;25px|25px|25px|25px|true|false&#8221; animation_style=&#8221;zoom&#8221; border_radii=&#8221;on|15px|15px|15px|15px&#8221; global_colors_info=&#8221;{}&#8221;][et_pb_text _builder_version=&#8221;4.17.6&#8243; text_text_color=&#8221;#ffffff&#8221; text_font_size=&#8221;16px&#8221; text_line_height=&#8221;1.3em&#8221; header_font=&#8221;|700|||||||&#8221; header_text_color=&#8221;#ffffff&#8221; header_line_height=&#8221;1.2em&#8221; text_orientation=&#8221;center&#8221; background_layout=&#8221;dark&#8221; custom_margin=&#8221;||20px||false|false&#8221; global_colors_info=&#8221;{}&#8221;]<\/p>\n<p>Preencha os campos abaixo para confirmar a sua presen\u00e7a<\/p>\n<p>[\/et_pb_text][et_pb_code _builder_version=&#8221;4.17.6&#8243; global_colors_info=&#8221;{}&#8221;]<script><!-- [et_pb_line_break_holder] -->function validateForm() {<!-- [et_pb_line_break_holder] --><!-- [et_pb_line_break_holder] -->  var x = document.forms[\"FormHandler\"][\"pardot_extra_field\"].value;<!-- [et_pb_line_break_holder] -->  var y = document.forms[\"FormHandler\"][\"email\"].value;<!-- [et_pb_line_break_holder] -->  var mailformat = \/^[a-zA-Z0-9.!#$%&'*+\/=?^_`{|}~-]+@[a-zA-Z0-9-]+(?:\\.[a-zA-Z0-9-]+)*$\/;<!-- [et_pb_line_break_holder] --><!-- [et_pb_line_break_holder] -->if(y.match(mailformat))<!-- [et_pb_line_break_holder] -->{<!-- [et_pb_line_break_holder] --> if (x == \"\" || x == null) {<!-- [et_pb_line_break_holder] -->    return true;<!-- [et_pb_line_break_holder] -->  }<!-- [et_pb_line_break_holder] -->  else {<!-- [et_pb_line_break_holder] -->  \talert(\"SPAM DETECTED\");<!-- [et_pb_line_break_holder] -->  \treturn false;<!-- [et_pb_line_break_holder] -->  }<!-- [et_pb_line_break_holder] -->}<!-- [et_pb_line_break_holder] -->else<!-- [et_pb_line_break_holder] -->{<!-- [et_pb_line_break_holder] -->alert(\"E-mail inv\u00e1lido\");<!-- [et_pb_line_break_holder] -->return false;<!-- [et_pb_line_break_holder] -->}<!-- [et_pb_line_break_holder] -->}<!-- [et_pb_line_break_holder] --><\/script><!-- [et_pb_line_break_holder] --><!-- [et_pb_line_break_holder] --><\/p>\n<form id=\"Form_zone\" name=\"FormHandler\" action=\"https:\/\/go.portadafrente.com\/l\/597781\/2022-08-11\/2b8n9sy\" method=\"post\" onsubmit=\"return validateForm()\"><!-- [et_pb_line_break_holder] --><\/p>\n<fieldset><!-- [et_pb_line_break_holder] --><!-- [et_pb_line_break_holder] --><!-- Text input--><!-- [et_pb_line_break_holder] --><\/p>\n<div class=\"form-group\"><!-- [et_pb_line_break_holder] -->  <input id=\"\" name=\"name\" type=\"text\" placeholder=\"Nome\" class=\"form-control\" required=\"\"><!-- [et_pb_line_break_holder] --><\/div>\n<p><!-- [et_pb_line_break_holder] --><!-- [et_pb_line_break_holder] --><!-- Text input--><!-- [et_pb_line_break_holder] --><\/p>\n<div class=\"form-group\">  <!-- [et_pb_line_break_holder] -->  <input id=\"\" name=\"email\" type=\"text\" placeholder=\"E-mail\" class=\"form-control\" required=\"\"><!-- [et_pb_line_break_holder] --><\/div>\n<p><!-- [et_pb_line_break_holder] -->  <!-- [et_pb_line_break_holder] --><!-- Text input--><!-- [et_pb_line_break_holder] --><\/p>\n<div class=\"form-group\"><!-- [et_pb_line_break_holder] -->  <input id=\"\" name=\"phone\" type=\"text\" placeholder=\"Telefone\" class=\"form-control\" required=\"\"><!-- [et_pb_line_break_holder] --><\/div>\n<p><!-- [et_pb_line_break_holder] -->  <!-- [et_pb_line_break_holder] --><\/p>\n<div style=\"position:absolute; left:-9999px; top: -9999px;\"><!-- [et_pb_line_break_holder] --><input type=\"text\" id=\"\" name=\"pardot_extra_field\"><!-- [et_pb_line_break_holder] -->\r\n<input type=\"hidden\" value=\"\" class=\"utm_source\" name=\"utm_source\" \/>\r\n<input type=\"hidden\" value=\"\" class=\"utm_campaign\" name=\"utm_campaign\" \/>\r\n<input type=\"hidden\" value=\"\" class=\"utm_medium\" name=\"utm_medium\" \/>\r\n<input type=\"hidden\" value=\"\" class=\"utm_content\" name=\"utm_content\" \/>\r\n<input type=\"hidden\" value=\"\" class=\"utm_term\" name=\"utm_term\" \/>\r\n<input type=\"hidden\" value=\"\" class=\"gclid\" name=\"gclid\" \/><!-- [et_pb_line_break_holder] --><\/div>\n<p><!-- [et_pb_line_break_holder] --><!-- [et_pb_line_break_holder] --><!-- Button --><!-- [et_pb_line_break_holder] --><\/p>\n<div class=\"form-group\"><!-- [et_pb_line_break_holder] -->  <button id=\"btn-submit-form\" name=\"submit\" type=\"submit\" class=\"btn-ebook\">CONFIRMAR<\/button><!-- [et_pb_line_break_holder] --><\/div>\n<p><!-- [et_pb_line_break_holder] --><!-- [et_pb_line_break_holder] --><\/fieldset>\n<p><!-- [et_pb_line_break_holder] --><\/form>\n<p><!-- [et_pb_line_break_holder] -->[\/et_pb_code][\/et_pb_column][\/et_pb_row][\/et_pb_section][et_pb_section fb_built=&#8221;1&#8243; _builder_version=&#8221;4.17.6&#8243; background_color=&#8221;#FFFFFF&#8221; custom_padding=&#8221;0px||0px||false|false&#8221; animation_style=&#8221;fade&#8221; animation_delay=&#8221;500ms&#8221; border_color_bottom=&#8221;#f0f0f0&#8243; global_colors_info=&#8221;{}&#8221;][et_pb_row column_structure=&#8221;1_2,1_2&#8243; use_custom_gutter=&#8221;on&#8221; gutter_width=&#8221;2&#8243; make_equal=&#8221;on&#8221; _builder_version=&#8221;4.17.6&#8243; _module_preset=&#8221;default&#8221; global_colors_info=&#8221;{}&#8221;][et_pb_column type=&#8221;1_2&#8243; _builder_version=&#8221;4.17.6&#8243; _module_preset=&#8221;default&#8221; custom_css_main_element=&#8221;align-self:center;&#8221; global_colors_info=&#8221;{}&#8221;][et_pb_image src=&#8221;https:\/\/portadafrente.pt\/selection\/wp-content\/uploads\/2023\/11\/selo-data.png&#8221; title_text=&#8221;selo-data&#8221; align=&#8221;center&#8221; _builder_version=&#8221;4.17.6&#8243; _module_preset=&#8221;default&#8221; custom_margin=&#8221;||24px|||&#8221; global_colors_info=&#8221;{}&#8221;][\/et_pb_image][et_pb_text _builder_version=&#8221;4.17.6&#8243; _module_preset=&#8221;default&#8221; text_text_color=&#8221;#FFFFFF&#8221; background_color=&#8221;#000000&#8243; text_orientation=&#8221;center&#8221; max_width=&#8221;80%&#8221; module_alignment=&#8221;center&#8221; custom_padding=&#8221;10px|10px|10px|10px|false|false&#8221; global_colors_info=&#8221;{}&#8221;]<\/p>\n<p>Servi\u00e7o de caf\u00e9 da manh\u00e3 dispon\u00edvel \u00e0 partir das<strong> 08h30<\/strong><\/p>\n<p>[\/et_pb_text][\/et_pb_column][et_pb_column type=&#8221;1_2&#8243; _builder_version=&#8221;4.16&#8243; _module_preset=&#8221;default&#8221; global_colors_info=&#8221;{}&#8221;][et_pb_image src=&#8221;https:\/\/portadafrente.pt\/selection\/wp-content\/uploads\/2023\/11\/Hilton-Hotels-Resorts-Logo-1998-2010.png&#8221; title_text=&#8221;Hilton-Hotels-Resorts-Logo-1998-2010&#8243; align=&#8221;center&#8221; _builder_version=&#8221;4.17.6&#8243; _module_preset=&#8221;default&#8221; max_height=&#8221;80px&#8221; global_colors_info=&#8221;{}&#8221;][\/et_pb_image][et_pb_code _builder_version=&#8221;4.17.6&#8243; _module_preset=&#8221;default&#8221; global_colors_info=&#8221;{}&#8221;]<iframe src=\"https:\/\/www.google.com\/maps\/embed?pb=!1m18!1m12!1m3!1d3673.615163597945!2d-43.17583942390092!3d-22.964395839933985!2m3!1f0!2f0!3f0!3m2!1i1024!2i768!4f13.1!3m3!1m2!1s0x998000731e6ae1%3A0xeac4d59a7f1d56ac!2sHotel%20Hilton%20Copacabana!5e0!3m2!1spt-BR!2spt!4v1700657657294!5m2!1spt-BR!2spt\" width=\"600\" height=\"250\" style=\"border:0;\" allowfullscreen=\"\" loading=\"lazy\" referrerpolicy=\"no-referrer-when-downgrade\"><\/iframe>[\/et_pb_code][et_pb_text _builder_version=&#8221;4.17.6&#8243; _module_preset=&#8221;default&#8221; text_orientation=&#8221;center&#8221; global_colors_info=&#8221;{}&#8221;]<\/p>\n<p>Av. Atl\u00e2ntica, 1020 &#8211; Copacabana &#8211; Rio de Janeiro &#8211; RJ<\/p>\n<p>[\/et_pb_text][\/et_pb_column][\/et_pb_row][\/et_pb_section][et_pb_section fb_built=&#8221;1&#8243; _builder_version=&#8221;4.17.6&#8243; background_color=&#8221;#f4f4f4&#8243; custom_padding=&#8221;0px||0px||false|false&#8221; border_color_bottom=&#8221;#f0f0f0&#8243; global_colors_info=&#8221;{}&#8221;][et_pb_row use_custom_gutter=&#8221;on&#8221; gutter_width=&#8221;2&#8243; _builder_version=&#8221;4.17.6&#8243; _module_preset=&#8221;default&#8221; custom_padding=&#8221;||||false|false&#8221; global_colors_info=&#8221;{}&#8221;][et_pb_column type=&#8221;4_4&#8243; _builder_version=&#8221;4.16&#8243; _module_preset=&#8221;default&#8221; global_colors_info=&#8221;{}&#8221;][et_pb_image src=&#8221;https:\/\/portadafrente.pt\/selection\/wp-content\/uploads\/2022\/10\/logo-NORMAL.png&#8221; title_text=&#8221;logo-NORMAL&#8221; align=&#8221;center&#8221; _builder_version=&#8221;4.17.6&#8243; _module_preset=&#8221;default&#8221; max_height=&#8221;100px&#8221; hover_enabled=&#8221;0&#8243; global_colors_info=&#8221;{}&#8221; sticky_enabled=&#8221;0&#8243; locked=&#8221;off&#8221;][\/et_pb_image][\/et_pb_column][\/et_pb_row][\/et_pb_section][et_pb_section fb_built=&#8221;1&#8243; _builder_version=&#8221;4.16&#8243; background_color=&#8221;#660724&#8243; custom_padding=&#8221;0px||0px|||&#8221; global_colors_info=&#8221;{}&#8221;][et_pb_row make_equal=&#8221;on&#8221; _builder_version=&#8221;4.16&#8243; global_colors_info=&#8221;{}&#8221;][et_pb_column type=&#8221;4_4&#8243; _builder_version=&#8221;4.16&#8243; global_colors_info=&#8221;{}&#8221;][et_pb_text module_class=&#8221;text-footer&#8221; _builder_version=&#8221;4.17.6&#8243; text_text_color=&#8221;#ffffff&#8221; text_font_size=&#8221;16px&#8221; text_orientation=&#8221;center&#8221; text_font_size_tablet=&#8221;13px&#8221; text_font_size_phone=&#8221;&#8221; text_font_size_last_edited=&#8221;on|tablet&#8221; text_orientation_tablet=&#8221;center&#8221; text_orientation_phone=&#8221;&#8221; text_orientation_last_edited=&#8221;on|phone&#8221; global_colors_info=&#8221;{}&#8221;]<\/p>\n<p><span>A\u00a0<\/span><strong>Porta da Frente Christie\u2019s<\/strong><span>\u00a0\u00e9 uma empresa de media\u00e7\u00e3o imobili\u00e1ria que trabalha no mercado h\u00e1 mais de duas d\u00e9cadas, focando-se nos melhores im\u00f3veis e empreendimentos, quer para venda quer para arrendamento. A empresa foi selecionada pela prestigiada marca Christie\u2019s International Real Estate para representar Portugal, nas zonas de Lisboa, Cascais, Oeiras e Alentejo. A principal miss\u00e3o da\u00a0<\/span><strong>Porta da Frente Christie\u2019s<\/strong><span>\u00a0\u00e9 privilegiar um servi\u00e7o de excel\u00eancia a todos os nossos clientes.<\/span><\/p>\n<p>[\/et_pb_text][et_pb_code _builder_version=&#8221;4.16&#8243; _module_preset=&#8221;default&#8221; locked=&#8221;off&#8221; global_colors_info=&#8221;{}&#8221;]<script><!-- [et_pb_line_break_holder] -->var currentURL = window.location.href;<!-- [et_pb_line_break_holder] -->if (currentURL.includes(\"?\")) {<!-- [et_pb_line_break_holder] -->var currentUTMs = currentURL.split('?').pop();<!-- [et_pb_line_break_holder] -->var allLinks = document.getElementsByTagName(\"a\");<!-- [et_pb_line_break_holder] -->for (var i = 0; i < allLinks.length; i++) {<!-- [et_pb_line_break_holder] -->if (allLinks[i].href.includes(\"?\")) {<!-- [et_pb_line_break_holder] -->allLinks[i].href += \"&\" + currentUTMs;<!-- [et_pb_line_break_holder] -->}<!-- [et_pb_line_break_holder] -->else {<!-- [et_pb_line_break_holder] -->allLinks[i].href += \"?\" + currentUTMs;<!-- [et_pb_line_break_holder] -->}<!-- [et_pb_line_break_holder] -->}<!-- [et_pb_line_break_holder] -->}<!-- [et_pb_line_break_holder] --><\/script>[\/et_pb_code][\/et_pb_column][\/et_pb_row][\/et_pb_section]<\/p>\n","protected":false},"excerpt":{"rendered":"<p>Estaremos no Rio de Janeiro Venha saber mais sobre investir e viver em Portugal: Orienta\u00e7\u00e3o jur\u00eddica e fiscal Atualiza\u00e7\u00e3o de novas regras e leis Perspectivas do mercado imobili\u00e1rio Lan\u00e7amentos e im\u00f3veis avulsos Esclarecimento de d\u00favidas Preencha os campos abaixo para confirmar a sua presen\u00e7a \r\n<input type=\"hidden\" value=\"\" class=\"utm_source\" name=\"utm_source\" \/>\r\n<input type=\"hidden\" value=\"\" class=\"utm_campaign\" name=\"utm_campaign\" \/>\r\n<input type=\"hidden\" value=\"\" class=\"utm_medium\" name=\"utm_medium\" \/>\r\n<input type=\"hidden\" value=\"\" class=\"utm_content\" name=\"utm_content\" \/>\r\n<input type=\"hidden\" value=\"\" class=\"utm_term\" name=\"utm_term\" \/>\r\n<input type=\"hidden\" value=\"\" class=\"gclid\" name=\"gclid\" \/> CONFIRMARServi\u00e7o de caf\u00e9 da manh\u00e3 dispon\u00edvel \u00e0 partir das 08h30Av. [&hellip;]<\/p>\n","protected":false},"author":1,"featured_media":0,"parent":0,"menu_order":0,"comment_status":"closed","ping_status":"closed","template":"","meta":{"_et_pb_use_builder":"on","_et_pb_old_content":"","_et_gb_content_width":""},"_links":{"self":[{"href":"https:\/\/portadafrente.pt\/selection\/wp-json\/wp\/v2\/pages\/2613"}],"collection":[{"href":"https:\/\/portadafrente.pt\/selection\/wp-json\/wp\/v2\/pages"}],"about":[{"href":"https:\/\/portadafrente.pt\/selection\/wp-json\/wp\/v2\/types\/page"}],"author":[{"embeddable":true,"href":"https:\/\/portadafrente.pt\/selection\/wp-json\/wp\/v2\/users\/1"}],"replies":[{"embeddable":true,"href":"https:\/\/portadafrente.pt\/selection\/wp-json\/wp\/v2\/comments?post=2613"}],"version-history":[{"count":24,"href":"https:\/\/portadafrente.pt\/selection\/wp-json\/wp\/v2\/pages\/2613\/revisions"}],"predecessor-version":[{"id":3694,"href":"https:\/\/portadafrente.pt\/selection\/wp-json\/wp\/v2\/pages\/2613\/revisions\/3694"}],"wp:attachment":[{"href":"https:\/\/portadafrente.pt\/selection\/wp-json\/wp\/v2\/media?parent=2613"}],"curies":[{"name":"wp","href":"https:\/\/api.w.org\/{rel}","templated":true}]}}