{"id":2466,"date":"2022-07-19T07:20:47","date_gmt":"2022-07-19T10:20:47","guid":{"rendered":"https:\/\/portadafrente.pt\/selection\/?page_id=2466"},"modified":"2022-07-19T08:06:35","modified_gmt":"2022-07-19T11:06:35","slug":"fr","status":"publish","type":"page","link":"https:\/\/portadafrente.pt\/selection\/telheiras-lumiar-benfica\/fr\/","title":{"rendered":"Telheiras, Lumiar et Benfica"},"content":{"rendered":"<p>[et_pb_section fb_built=&#8221;1&#8243; custom_padding_last_edited=&#8221;on|phone&#8221; module_id=&#8221;top&#8221; _builder_version=&#8221;4.13.0&#8243; background_color=&#8221;rgba(0,0,0,0)&#8221; background_color_gradient_start=&#8221;rgba(0,0,0,0.19)&#8221; background_color_gradient_end=&#8221;rgba(0,0,0,0.78)&#8221; background_image=&#8221;https:\/\/portadafrente.pt\/selection\/wp-content\/uploads\/2022\/07\/lumiar_blur.jpg&#8221; min_height=&#8221;70vh&#8221; min_height_tablet=&#8221;60vh&#8221; min_height_phone=&#8221;&#8221; min_height_last_edited=&#8221;on|phone&#8221; height_tablet=&#8221;&#8221; height_phone=&#8221;auto&#8221; height_last_edited=&#8221;on|tablet&#8221; max_height_tablet=&#8221;&#8221; max_height_phone=&#8221;&#8221; max_height_last_edited=&#8221;on|desktop&#8221; custom_padding=&#8221;0px||0%||false|false&#8221; custom_padding_tablet=&#8221;0px||0%||false|false&#8221; custom_padding_phone=&#8221;0px||40px||false|false&#8221; global_colors_info=&#8221;{}&#8221;][et_pb_row column_structure=&#8221;2_3,1_3&#8243; use_custom_gutter=&#8221;on&#8221; gutter_width=&#8221;1&#8243; make_equal=&#8221;on&#8221; _builder_version=&#8221;4.13.0&#8243; min_height=&#8221;70vh&#8221; custom_margin=&#8221;0px||0px||false|false&#8221; custom_padding=&#8221;0px||0px||false|false&#8221; global_colors_info=&#8221;{}&#8221;][et_pb_column type=&#8221;2_3&#8243; module_class=&#8221;center-v&#8221; _builder_version=&#8221;4.13.0&#8243; custom_css_main_element=&#8221;align-self:flex-start;&#8221; global_colors_info=&#8221;{}&#8221;][et_pb_image src=&#8221;https:\/\/portadafrente.pt\/selection\/wp-content\/uploads\/2022\/07\/logo-normal.png&#8221; title_text=&#8221;logo-normal&#8221; align_tablet=&#8221;center&#8221; align_phone=&#8221;&#8221; align_last_edited=&#8221;on|desktop&#8221; _builder_version=&#8221;4.13.0&#8243; max_width=&#8221;200px&#8221; max_width_tablet=&#8221;150px&#8221; max_width_phone=&#8221;&#8221; max_width_last_edited=&#8221;on|desktop&#8221; custom_margin=&#8221;||50px||false|false&#8221; custom_margin_last_edited=&#8221;off|tablet&#8221; animation_style=&#8221;fade&#8221; module_alignment_last_edited=&#8221;off|desktop&#8221; global_colors_info=&#8221;{}&#8221;][\/et_pb_image][et_pb_text _builder_version=&#8221;4.13.0&#8243; text_text_color=&#8221;#ffffff&#8221; text_font_size=&#8221;21px&#8221; header_font=&#8221;Cairo|||on|||||&#8221; header_text_align=&#8221;left&#8221; header_text_color=&#8221;#FFFFFF&#8221; header_font_size=&#8221;60px&#8221; header_2_font=&#8221;Raleway|300|||||||&#8221; header_2_text_color=&#8221;#FFFFFF&#8221; header_2_font_size=&#8221;36px&#8221; background_color=&#8221;RGBA(0,0,0,0)&#8221; position_origin_a=&#8221;bottom_left&#8221; width=&#8221;100%&#8221; max_width_tablet=&#8221;100%&#8221; max_width_phone=&#8221;100%&#8221; max_width_last_edited=&#8221;on|phone&#8221; custom_margin=&#8221;||||false|false&#8221; custom_margin_tablet=&#8221;||40px||false|false&#8221; custom_margin_phone=&#8221;||30px||false|false&#8221; custom_margin_last_edited=&#8221;on|phone&#8221; custom_padding=&#8221;30px|10%|30px|0px|false|false&#8221; custom_padding_tablet=&#8221;0px|0%|0px||false|false&#8221; custom_padding_phone=&#8221;0px|0%|0px||false|false&#8221; custom_padding_last_edited=&#8221;on|phone&#8221; animation_style=&#8221;fade&#8221; animation_duration=&#8221;500ms&#8221; animation_delay=&#8221;250ms&#8221; header_text_align_tablet=&#8221;center&#8221; header_text_align_phone=&#8221;&#8221; header_text_align_last_edited=&#8221;on|desktop&#8221; header_font_size_tablet=&#8221;45px&#8221; header_font_size_phone=&#8221;40px&#8221; header_font_size_last_edited=&#8221;on|phone&#8221; header_2_text_color_tablet=&#8221;#000000&#8243; header_2_text_color_phone=&#8221;#000000&#8243; header_2_text_color_last_edited=&#8221;on|desktop&#8221; header_2_font_size_tablet=&#8221;36px&#8221; header_2_font_size_phone=&#8221;20px&#8221; header_2_font_size_last_edited=&#8221;on|tablet&#8221; text_orientation_tablet=&#8221;center&#8221; text_orientation_phone=&#8221;center&#8221; text_orientation_last_edited=&#8221;on|phone&#8221; header_text_shadow_style=&#8221;preset2&#8243; header_text_shadow_color=&#8221;rgba(0,0,0,0.53)&#8221; border_radii=&#8221;on|1px|1px|1px|1px&#8221; global_colors_info=&#8221;{}&#8221;]<\/p>\n<h1><strong>VEUX \u00caTRE<br \/>LE PREMI\u00c8RE<br \/>\u00c0 SAVOIR?<\/strong><\/h1>\n<h2><strong><span style=\"color: #f3e780;\"><br \/><\/span><\/strong>TELHEIRAS | LUMIAR | BENFICA<\/h2>\n<p>[\/et_pb_text][\/et_pb_column][et_pb_column type=&#8221;1_3&#8243; module_class=&#8221;center-v&#8221; _builder_version=&#8221;4.13.0&#8243; background_color=&#8221;rgba(0,0,0,0.5)&#8221; custom_padding=&#8221;25px|25px|25px|25px|true|false&#8221; animation_style=&#8221;zoom&#8221; border_radii=&#8221;on|15px|15px|15px|15px&#8221; global_colors_info=&#8221;{}&#8221;][et_pb_text _builder_version=&#8221;4.13.0&#8243; text_text_color=&#8221;#ffffff&#8221; text_font_size=&#8221;16px&#8221; text_line_height=&#8221;1.3em&#8221; header_font=&#8221;|700|||||||&#8221; header_text_color=&#8221;#ffffff&#8221; header_line_height=&#8221;1.2em&#8221; text_orientation=&#8221;center&#8221; background_layout=&#8221;dark&#8221; custom_margin=&#8221;||20px||false|false&#8221; hover_enabled=&#8221;0&#8243; global_colors_info=&#8221;{}&#8221; sticky_enabled=&#8221;0&#8243;]<\/p>\n<p>Soyez le premier inform\u00e9<br \/><strong>nouveaux lancements immobiliers<\/strong><br \/>qui sont sur le point d&#8217;arriver<\/p>\n<p>[\/et_pb_text][et_pb_code _builder_version=&#8221;4.13.0&#8243; hover_enabled=&#8221;0&#8243; global_colors_info=&#8221;{}&#8221; sticky_enabled=&#8221;0&#8243;]<script><!-- [et_pb_line_break_holder] -->function validateForm() {<!-- [et_pb_line_break_holder] --><!-- [et_pb_line_break_holder] -->  var x = document.forms[\"FormHandler\"][\"pardot_extra_field\"].value;<!-- [et_pb_line_break_holder] -->  var y = document.forms[\"FormHandler\"][\"email\"].value;<!-- [et_pb_line_break_holder] -->  var mailformat = \/^[a-zA-Z0-9.!#$%&'*+\/=?^_`{|}~-]+@[a-zA-Z0-9-]+(?:\\.[a-zA-Z0-9-]+)*$\/;<!-- [et_pb_line_break_holder] --><!-- [et_pb_line_break_holder] -->if(y.match(mailformat))<!-- [et_pb_line_break_holder] -->{<!-- [et_pb_line_break_holder] --> if (x == \"\" || x == null) {<!-- [et_pb_line_break_holder] -->    return true;<!-- [et_pb_line_break_holder] -->  }<!-- [et_pb_line_break_holder] -->  else {<!-- [et_pb_line_break_holder] -->  \talert(\"SPAM DETECTED\");<!-- [et_pb_line_break_holder] -->  \treturn false;<!-- [et_pb_line_break_holder] -->  }<!-- [et_pb_line_break_holder] -->}<!-- [et_pb_line_break_holder] -->else<!-- [et_pb_line_break_holder] -->{<!-- [et_pb_line_break_holder] -->alert(\"E-mail inv\u00e1lido\");<!-- [et_pb_line_break_holder] -->return false;<!-- [et_pb_line_break_holder] -->}<!-- [et_pb_line_break_holder] -->}<!-- [et_pb_line_break_holder] --><\/script><!-- [et_pb_line_break_holder] --><!-- [et_pb_line_break_holder] --><\/p>\n<form id=\"Form_zone\" name=\"FormHandler\" action=\"https:\/\/go.portadafrente.com\/l\/597781\/2022-07-12\/29y4xbr\" method=\"post\" onsubmit=\"return validateForm()\"><!-- [et_pb_line_break_holder] --><\/p>\n<fieldset><!-- [et_pb_line_break_holder] --><!-- [et_pb_line_break_holder] --><!-- Text input--><!-- [et_pb_line_break_holder] --><\/p>\n<div class=\"form-group\"><!-- [et_pb_line_break_holder] -->  <input id=\"\" name=\"name\" type=\"text\" placeholder=\"Nom\" class=\"form-control\" required=\"\"><!-- [et_pb_line_break_holder] --><\/div>\n<p><!-- [et_pb_line_break_holder] --><!-- [et_pb_line_break_holder] --><!-- Text input--><!-- [et_pb_line_break_holder] --><\/p>\n<div class=\"form-group\">  <!-- [et_pb_line_break_holder] -->  <input id=\"\" name=\"email\" type=\"text\" placeholder=\"E-mail\" class=\"form-control\" required=\"\"><!-- [et_pb_line_break_holder] --><\/div>\n<p><!-- [et_pb_line_break_holder] -->  <!-- [et_pb_line_break_holder] --><!-- Text input--><!-- [et_pb_line_break_holder] --><\/p>\n<div class=\"form-group\"><!-- [et_pb_line_break_holder] -->  <input id=\"\" name=\"phone\" type=\"text\" placeholder=\"T\u00e9l\u00e9phone\" class=\"form-control\" required=\"\"><!-- [et_pb_line_break_holder] --><\/div>\n<p><!-- [et_pb_line_break_holder] -->  <!-- [et_pb_line_break_holder] --><!-- Text input--><!-- [et_pb_line_break_holder] --><\/p>\n<div class=\"form-group\"><!-- [et_pb_line_break_holder] -->  <select class=\"form-control\" id=\"sel1\" name=\"tipologia\" style=\"-webkit-appearance:none;\"><!-- [et_pb_line_break_holder] --><option>Typologie Souhait\u00e9e<\/option><!-- [et_pb_line_break_holder] --><option>T1+<\/option><!-- [et_pb_line_break_holder] --><option>T2+<\/option><!-- [et_pb_line_break_holder] --><option>T3+<\/option><!-- [et_pb_line_break_holder] --><option>T4+<\/option><!-- [et_pb_line_break_holder] -->  <\/select><!-- [et_pb_line_break_holder] --><\/div>\n<p>  <!-- [et_pb_line_break_holder] -->  <!-- [et_pb_line_break_holder] --><\/p>\n<div style=\"position:absolute; left:-9999px; top: -9999px;\"><!-- [et_pb_line_break_holder] --><input type=\"text\" id=\"\" name=\"pardot_extra_field\"><!-- [et_pb_line_break_holder] -->\r\n<input type=\"hidden\" value=\"\" class=\"utm_source\" name=\"utm_source\" \/>\r\n<input type=\"hidden\" value=\"\" class=\"utm_campaign\" name=\"utm_campaign\" \/>\r\n<input type=\"hidden\" value=\"\" class=\"utm_medium\" name=\"utm_medium\" \/>\r\n<input type=\"hidden\" value=\"\" class=\"utm_content\" name=\"utm_content\" \/>\r\n<input type=\"hidden\" value=\"\" class=\"utm_term\" name=\"utm_term\" \/>\r\n<input type=\"hidden\" value=\"\" class=\"gclid\" name=\"gclid\" \/><!-- [et_pb_line_break_holder] --><\/div>\n<p><!-- [et_pb_line_break_holder] --><!-- [et_pb_line_break_holder] --><!-- Button --><!-- [et_pb_line_break_holder] --><\/p>\n<div class=\"form-group\"><!-- [et_pb_line_break_holder] -->  <button id=\"btn-submit-form\" name=\"submit\" type=\"submit\" class=\"btn-ebook\">ENVOYER<\/button><!-- [et_pb_line_break_holder] --><\/div>\n<p><!-- [et_pb_line_break_holder] --><!-- [et_pb_line_break_holder] --><\/fieldset>\n<p><!-- [et_pb_line_break_holder] --><\/form>\n<p><!-- [et_pb_line_break_holder] -->[\/et_pb_code][\/et_pb_column][\/et_pb_row][\/et_pb_section][et_pb_section fb_built=&#8221;1&#8243; _builder_version=&#8221;4.13.0&#8243; background_color=&#8221;#f2f2f2&#8243; custom_padding=&#8221;40px||32px||false|false&#8221; border_color_bottom=&#8221;#f0f0f0&#8243; global_colors_info=&#8221;{}&#8221;][et_pb_row _builder_version=&#8221;4.4.6&#8243; custom_padding=&#8221;0px||4px|||&#8221; global_colors_info=&#8221;{}&#8221;][et_pb_column type=&#8221;4_4&#8243; _builder_version=&#8221;4.4.6&#8243; global_colors_info=&#8221;{}&#8221;][et_pb_text _builder_version=&#8221;4.13.0&#8243; _module_preset=&#8221;default&#8221; header_font=&#8221;Cairo|700|||||||&#8221; header_text_align=&#8221;center&#8221; header_text_color=&#8221;#620024&#8243; header_font_size=&#8221;36px&#8221; animation_style=&#8221;fade&#8221; hover_enabled=&#8221;0&#8243; global_colors_info=&#8221;{}&#8221; sticky_enabled=&#8221;0&#8243;]<\/p>\n<h1>Obtenez tout le confort dont vous avez besoin<\/h1>\n<p>[\/et_pb_text][\/et_pb_column][\/et_pb_row][et_pb_row column_structure=&#8221;1_4,1_4,1_4,1_4&#8243; use_custom_gutter=&#8221;on&#8221; gutter_width=&#8221;2&#8243; _builder_version=&#8221;4.13.0&#8243; _module_preset=&#8221;default&#8221; global_colors_info=&#8221;{}&#8221;][et_pb_column type=&#8221;1_4&#8243; _builder_version=&#8221;4.13.0&#8243; _module_preset=&#8221;default&#8221; global_colors_info=&#8221;{}&#8221;][et_pb_blurb title=&#8221;\u00c9coles&#8221; image=&#8221;https:\/\/portadafrente.pt\/selection\/wp-content\/uploads\/2022\/07\/school.png&#8221; image_icon_width=&#8221;50px&#8221; _builder_version=&#8221;4.13.0&#8243; _module_preset=&#8221;default&#8221; header_font=&#8221;|700|||||||&#8221; background_color=&#8221;#FFFFFF&#8221; text_orientation=&#8221;center&#8221; min_height=&#8221;280px&#8221; min_height_tablet=&#8221;280px&#8221; min_height_phone=&#8221;auto&#8221; min_height_last_edited=&#8221;on|phone&#8221; custom_padding=&#8221;20px|20px|40px|20px|false|false&#8221; hover_enabled=&#8221;0&#8243; header_font_size_tablet=&#8221;24px&#8221; header_font_size_phone=&#8221;28px&#8221; header_font_size_last_edited=&#8221;on|phone&#8221; border_radii=&#8221;on|10px|10px|10px|10px&#8221; box_shadow_style=&#8221;preset1&#8243; box_shadow_blur=&#8221;6px&#8221; box_shadow_spread=&#8221;-2px&#8221; global_colors_info=&#8221;{}&#8221; sticky_enabled=&#8221;0&#8243;]<\/p>\n<p>Diversit\u00e9 de l&#8217;enseignement public et priv\u00e9, ainsi que des \u00e9coles internationales de r\u00e9f\u00e9rence.<\/p>\n<p>[\/et_pb_blurb][\/et_pb_column][et_pb_column type=&#8221;1_4&#8243; _builder_version=&#8221;4.13.0&#8243; _module_preset=&#8221;default&#8221; global_colors_info=&#8221;{}&#8221;][et_pb_blurb title=&#8221;Enterprise&#8221; image=&#8221;https:\/\/portadafrente.pt\/selection\/wp-content\/uploads\/2022\/07\/local-store.png&#8221; image_icon_width=&#8221;50px&#8221; _builder_version=&#8221;4.13.0&#8243; _module_preset=&#8221;default&#8221; header_font=&#8221;|700|||||||&#8221; background_color=&#8221;#FFFFFF&#8221; text_orientation=&#8221;center&#8221; min_height=&#8221;280px&#8221; min_height_tablet=&#8221;280px&#8221; min_height_phone=&#8221;auto&#8221; min_height_last_edited=&#8221;on|phone&#8221; custom_padding=&#8221;20px|20px|40px|20px|false|false&#8221; hover_enabled=&#8221;0&#8243; header_font_size_tablet=&#8221;24px&#8221; header_font_size_phone=&#8221;28px&#8221; header_font_size_last_edited=&#8221;on|phone&#8221; border_radii=&#8221;on|10px|10px|10px|10px&#8221; box_shadow_style=&#8221;preset1&#8243; box_shadow_blur=&#8221;6px&#8221; box_shadow_spread=&#8221;-2px&#8221; locked=&#8221;off&#8221; global_colors_info=&#8221;{}&#8221; sticky_enabled=&#8221;0&#8243;]<\/p>\n<p>Tous types d&#8217;infrastructures commerciales et de services, des grands hypermarch\u00e9s aux caf\u00e9s, restaurants et commerces de proximit\u00e9.<\/p>\n<p>[\/et_pb_blurb][\/et_pb_column][et_pb_column type=&#8221;1_4&#8243; _builder_version=&#8221;4.13.0&#8243; _module_preset=&#8221;default&#8221; global_colors_info=&#8221;{}&#8221;][et_pb_blurb title=&#8221;Jardins&#8221; image=&#8221;https:\/\/portadafrente.pt\/selection\/wp-content\/uploads\/2022\/07\/garden.png&#8221; image_icon_width=&#8221;50px&#8221; _builder_version=&#8221;4.13.0&#8243; _module_preset=&#8221;default&#8221; header_font=&#8221;|700|||||||&#8221; background_color=&#8221;#FFFFFF&#8221; text_orientation=&#8221;center&#8221; min_height=&#8221;280px&#8221; min_height_tablet=&#8221;280px&#8221; min_height_phone=&#8221;auto&#8221; min_height_last_edited=&#8221;on|phone&#8221; custom_padding=&#8221;20px|20px|40px|20px|false|false&#8221; hover_enabled=&#8221;0&#8243; header_font_size_tablet=&#8221;24px&#8221; header_font_size_phone=&#8221;28px&#8221; header_font_size_last_edited=&#8221;on|phone&#8221; border_radii=&#8221;on|10px|10px|10px|10px&#8221; box_shadow_style=&#8221;preset1&#8243; box_shadow_blur=&#8221;6px&#8221; box_shadow_spread=&#8221;-2px&#8221; locked=&#8221;off&#8221; global_colors_info=&#8221;{}&#8221; sticky_enabled=&#8221;0&#8243;]<\/p>\n<p>Des espaces verts pour vivre au plus pr\u00e8s de la nature et profiter des loisirs en famille.<\/p>\n<p>[\/et_pb_blurb][\/et_pb_column][et_pb_column type=&#8221;1_4&#8243; _builder_version=&#8221;4.13.0&#8243; _module_preset=&#8221;default&#8221; global_colors_info=&#8221;{}&#8221;][et_pb_blurb title=&#8221;Transports&#8221; image=&#8221;https:\/\/portadafrente.pt\/selection\/wp-content\/uploads\/2022\/07\/transports.png&#8221; image_icon_width=&#8221;50px&#8221; _builder_version=&#8221;4.13.0&#8243; _module_preset=&#8221;default&#8221; header_font=&#8221;|700|||||||&#8221; background_color=&#8221;#FFFFFF&#8221; text_orientation=&#8221;center&#8221; min_height=&#8221;280px&#8221; min_height_tablet=&#8221;280px&#8221; min_height_phone=&#8221;auto&#8221; min_height_last_edited=&#8221;on|phone&#8221; custom_padding=&#8221;20px|20px|40px|20px|false|false&#8221; hover_enabled=&#8221;0&#8243; header_font_size_tablet=&#8221;24px&#8221; header_font_size_phone=&#8221;28px&#8221; header_font_size_last_edited=&#8221;on|phone&#8221; border_radii=&#8221;on|10px|10px|10px|10px&#8221; box_shadow_style=&#8221;preset1&#8243; box_shadow_blur=&#8221;6px&#8221; box_shadow_spread=&#8221;-2px&#8221; locked=&#8221;off&#8221; global_colors_info=&#8221;{}&#8221; sticky_enabled=&#8221;0&#8243;]<\/p>\n<p>Acc\u00e8s \u00e0 divers types de transports en commun, tels que le m\u00e9tro et le bus.<\/p>\n<p>[\/et_pb_blurb][\/et_pb_column][\/et_pb_row][et_pb_row _builder_version=&#8221;4.9.2&#8243; _module_preset=&#8221;default&#8221; custom_padding=&#8221;0px||0px|||&#8221; global_colors_info=&#8221;{}&#8221;][et_pb_column type=&#8221;4_4&#8243; _builder_version=&#8221;4.9.2&#8243; _module_preset=&#8221;default&#8221; global_colors_info=&#8221;{}&#8221;][et_pb_image src=&#8221;https:\/\/portadafrente.pt\/selection\/wp-content\/uploads\/2022\/07\/mapa-benfica_Square.jpg&#8221; title_text=&#8221;mapa-benfica_Square&#8221; show_in_lightbox=&#8221;on&#8221; use_overlay=&#8221;on&#8221; overlay_icon_color=&#8221;#660024&#8243; hover_overlay_color=&#8221;rgba(255,255,255,0.8)&#8221; hover_icon=&#8221;&#x54;||divi||400&#8243; force_fullwidth=&#8221;on&#8221; _builder_version=&#8221;4.13.0&#8243; _module_preset=&#8221;default&#8221; global_colors_info=&#8221;{}&#8221;][\/et_pb_image][\/et_pb_column][\/et_pb_row][et_pb_row column_structure=&#8221;3_5,2_5&#8243; make_equal=&#8221;on&#8221; _builder_version=&#8221;4.13.0&#8243; _module_preset=&#8221;default&#8221; custom_padding=&#8221;44px||0px|||&#8221; global_colors_info=&#8221;{}&#8221;][et_pb_column type=&#8221;3_5&#8243; _builder_version=&#8221;4.13.0&#8243; _module_preset=&#8221;default&#8221; global_colors_info=&#8221;{}&#8221;][et_pb_text _builder_version=&#8221;4.13.0&#8243; _module_preset=&#8221;default&#8221; header_font=&#8221;Cairo|700|||||||&#8221; header_text_align=&#8221;left&#8221; header_text_color=&#8221;#620024&#8243; header_font_size=&#8221;28px&#8221; custom_margin=&#8221;||7px|||&#8221; header_text_align_tablet=&#8221;center&#8221; header_text_align_phone=&#8221;center&#8221; header_text_align_last_edited=&#8221;on|phone&#8221; locked=&#8221;off&#8221; global_colors_info=&#8221;{}&#8221;]<\/p>\n<h1>Un espace d\u00e9di\u00e9 \u00e0 la vie<\/h1>\n<p>[\/et_pb_text][et_pb_text _builder_version=&#8221;4.13.0&#8243; _module_preset=&#8221;default&#8221; text_text_color=&#8221;#000000&#8243; text_font_size=&#8221;15px&#8221; header_text_align=&#8221;center&#8221; header_text_color=&#8221;#000000&#8243; header_font_size=&#8221;36px&#8221; header_line_height=&#8221;1.4em&#8221; custom_margin=&#8221;15px||20px||false|false&#8221; animation_direction=&#8221;bottom&#8221; text_orientation_tablet=&#8221;center&#8221; text_orientation_phone=&#8221;left&#8221; text_orientation_last_edited=&#8221;on|tablet&#8221; global_colors_info=&#8221;{}&#8221;]<\/p>\n<p>Cette r\u00e9gion contemporaine est reconnue non seulement pour sa qualit\u00e9 urbaine mais aussi pour son offre de commodit\u00e9s \u00e0 ses habitants.<\/p>\n<p>L&#8217;offre r\u00e9sidentielle de cet emplacement est guid\u00e9e par une harmonie entre des b\u00e2timents modernes et avant-gardistes avec des b\u00e2timents plus anciens pleins de charisme et de charme. Avec une demande constante au cours des derni\u00e8res d\u00e9cennies, les larges avenues invitent \u00e0 des promenades en plein air et des moments de repos dans les nombreux jardins de la r\u00e9gion.<\/p>\n<p>Abritant plusieurs restaurants, esplanades, hypermarch\u00e9s, commerces de proximit\u00e9 et \u00e9coles, dans les quartiers de Telheiras, Benfica et Lumiar, vous pouvez laisser votre voiture \u00e0 la maison et vaquer \u00e0 pied \u00e0 votre quotidien.<\/p>\n<p>[\/et_pb_text][\/et_pb_column][et_pb_column type=&#8221;2_5&#8243; _builder_version=&#8221;4.13.0&#8243; _module_preset=&#8221;default&#8221; custom_css_main_element=&#8221;align-self:center;&#8221; global_colors_info=&#8221;{}&#8221;][et_pb_image src=&#8221;https:\/\/portadafrente.pt\/selection\/wp-content\/uploads\/2022\/07\/benfica.jpg&#8221; title_text=&#8221;benfica&#8221; _builder_version=&#8221;4.13.0&#8243; _module_preset=&#8221;default&#8221; global_colors_info=&#8221;{}&#8221;][\/et_pb_image][\/et_pb_column][\/et_pb_row][et_pb_row _builder_version=&#8221;4.13.0&#8243; _module_preset=&#8221;default&#8221; custom_padding=&#8221;||||false|false&#8221; global_colors_info=&#8221;{}&#8221;][et_pb_column type=&#8221;4_4&#8243; _builder_version=&#8221;4.13.0&#8243; _module_preset=&#8221;default&#8221; global_colors_info=&#8221;{}&#8221;][et_pb_button button_url=&#8221;#top&#8221; button_text=&#8221;En savoir plus&#8221; button_alignment=&#8221;center&#8221; button_alignment_tablet=&#8221;center&#8221; button_alignment_phone=&#8221;center&#8221; button_alignment_last_edited=&#8221;on|tablet&#8221; _builder_version=&#8221;4.13.0&#8243; _module_preset=&#8221;default&#8221; custom_button=&#8221;on&#8221; button_text_size=&#8221;22px&#8221; button_text_color=&#8221;#FFFFFF&#8221; button_bg_color=&#8221;#000000&#8243; button_border_width=&#8221;0px&#8221; button_border_radius=&#8221;100px&#8221; button_font=&#8221;Cairo||||||||&#8221; button_use_icon=&#8221;off&#8221; custom_padding=&#8221;15px|40px|15px|40px|false|false&#8221; hover_enabled=&#8221;0&#8243; global_colors_info=&#8221;{}&#8221; transform_styles__hover_enabled=&#8221;on|hover&#8221; transform_scale__hover_enabled=&#8221;on|hover&#8221; transform_translate__hover_enabled=&#8221;on|desktop&#8221; transform_rotate__hover_enabled=&#8221;on|desktop&#8221; transform_skew__hover_enabled=&#8221;on|desktop&#8221; transform_origin__hover_enabled=&#8221;on|desktop&#8221; transform_scale__hover=&#8221;120%|120%&#8221; sticky_enabled=&#8221;0&#8243;][\/et_pb_button][\/et_pb_column][\/et_pb_row][\/et_pb_section][et_pb_section fb_built=&#8221;1&#8243; _builder_version=&#8221;4.4.6&#8243; background_color=&#8221;#660724&#8243; custom_padding=&#8221;0px||0px|||&#8221; global_colors_info=&#8221;{}&#8221;][et_pb_row column_structure=&#8221;1_4,3_4&#8243; make_equal=&#8221;on&#8221; _builder_version=&#8221;4.4.6&#8243; global_colors_info=&#8221;{}&#8221;][et_pb_column type=&#8221;1_4&#8243; _builder_version=&#8221;4.4.6&#8243; global_colors_info=&#8221;{}&#8221;][et_pb_image src=&#8221;https:\/\/portadafrente.pt\/selection\/wp-content\/uploads\/2022\/07\/Asset-2.png&#8221; title_text=&#8221;Asset 2&#8243; align=&#8221;center&#8221; _builder_version=&#8221;4.13.0&#8243; max_width=&#8221;80%&#8221; max_width_tablet=&#8221;200px&#8221; max_width_phone=&#8221;&#8221; max_width_last_edited=&#8221;on|desktop&#8221; custom_margin=&#8221;||22px|||&#8221; global_colors_info=&#8221;{}&#8221;][\/et_pb_image][et_pb_code _builder_version=&#8221;4.4.6&#8243; global_colors_info=&#8221;{}&#8221;]<\/p>\n<ul class=\"list-inline\"><!-- [et_pb_line_break_holder] -->                  <\/p>\n<li class=\"list-inline-item\"><a href=\"http:\/\/www.facebook.com\/portadafrente\" target=\"_blank\" class=\"text-white\" rel=\"noopener noreferrer\"><i class=\"fab fa-2x fa-facebook\"><\/i><\/a><\/li>\n<p><!-- [et_pb_line_break_holder] -->                  <\/p>\n<li class=\"list-inline-item\"><a href=\"https:\/\/www.instagram.com\/portadafrentechristies\/\" target=\"_blank\" class=\"text-white\" rel=\"noopener noreferrer\"><i class=\"fab fa-2x fa-instagram\"><\/i><\/a><\/li>\n<p><!-- [et_pb_line_break_holder] -->                  <\/p>\n<li class=\"list-inline-item\"><a href=\"https:\/\/www.linkedin.com\/company\/porta-da-frente-christie%27s\/\" target=\"_blank\" class=\"text-white\" rel=\"noopener noreferrer\"><i class=\"fab fa-2x fa-linkedin\"><\/i><\/a><\/li>\n<p><!-- [et_pb_line_break_holder] -->                  <\/p>\n<li class=\"list-inline-item\"><a href=\"https:\/\/www.youtube.com\/channel\/UCyxni2x557JaDk-b8XXpctA\/\" target=\"_blank\" class=\"text-white\" rel=\"noopener noreferrer\"><i class=\"fab fa-2x fa-youtube\"><\/i><\/a><\/li>\n<p><!-- [et_pb_line_break_holder] -->                <\/ul>\n<p>[\/et_pb_code][\/et_pb_column][et_pb_column type=&#8221;3_4&#8243; _builder_version=&#8221;4.4.6&#8243; global_colors_info=&#8221;{}&#8221;][et_pb_text module_class=&#8221;text-footer&#8221; _builder_version=&#8221;4.4.6&#8243; text_text_color=&#8221;#ffffff&#8221; text_font_size=&#8221;16px&#8221; text_font_size_tablet=&#8221;13px&#8221; text_font_size_phone=&#8221;&#8221; text_font_size_last_edited=&#8221;on|tablet&#8221; text_orientation_tablet=&#8221;center&#8221; text_orientation_phone=&#8221;&#8221; text_orientation_last_edited=&#8221;on|phone&#8221; global_colors_info=&#8221;{}&#8221;]<\/p>\n<p><strong>Porta da Frente Christie&#8217;s<\/strong><span>\u00a0est une soci\u00e9t\u00e9 de courtage immobilier active sur le march\u00e9 depuis deux d\u00e9cennies et ax\u00e9e sur les meilleures propri\u00e9t\u00e9s et les meilleurs d\u00e9veloppements, qu\u2019ils soient \u00e0 vendre ou \u00e0 louer. La soci\u00e9t\u00e9 a \u00e9t\u00e9 s\u00e9lectionn\u00e9e par la prestigieuse marque Christie&#8217;s International Real Estate pour repr\u00e9senter le Portugal dans les r\u00e9gions de Lisbonne, Cascais, Oeiras et Alentejo. La principale mission de\u00a0<\/span><strong>Porta da Frente Christie&#8217;s<\/strong><span>\u00a0est de privil\u00e9gier un service d&#8217;excellence \u00e0 tous ses clients.<\/span><\/p>\n<p>[\/et_pb_text][et_pb_code _builder_version=&#8221;4.13.0&#8243; _module_preset=&#8221;default&#8221; locked=&#8221;off&#8221; global_colors_info=&#8221;{}&#8221;]<script><!-- [et_pb_line_break_holder] -->var currentURL = window.location.href;<!-- [et_pb_line_break_holder] -->if (currentURL.includes(\"?\")) {<!-- [et_pb_line_break_holder] -->var currentUTMs = currentURL.split('?').pop();<!-- [et_pb_line_break_holder] -->var allLinks = document.getElementsByTagName(\"a\");<!-- [et_pb_line_break_holder] -->for (var i = 0; i < allLinks.length; i++) {<!-- [et_pb_line_break_holder] -->if (allLinks[i].href.includes(\"?\")) {<!-- [et_pb_line_break_holder] -->allLinks[i].href += \"&\" + currentUTMs;<!-- [et_pb_line_break_holder] -->}<!-- [et_pb_line_break_holder] -->else {<!-- [et_pb_line_break_holder] -->allLinks[i].href += \"?\" + currentUTMs;<!-- [et_pb_line_break_holder] -->}<!-- [et_pb_line_break_holder] -->}<!-- [et_pb_line_break_holder] -->}<!-- [et_pb_line_break_holder] --><\/script>s[\/et_pb_code][\/et_pb_column][\/et_pb_row][\/et_pb_section]<\/p>\n","protected":false},"excerpt":{"rendered":"<p>VEUX \u00caTRELE PREMI\u00c8RE\u00c0 SAVOIR? TELHEIRAS | LUMIAR | BENFICASoyez le premier inform\u00e9nouveaux lancements immobiliersqui sont sur le point d&#8217;arriver Typologie Souhait\u00e9e T1+ T2+ T3+ T4+ \r\n<input type=\"hidden\" value=\"\" class=\"utm_source\" name=\"utm_source\" \/>\r\n<input type=\"hidden\" value=\"\" class=\"utm_campaign\" name=\"utm_campaign\" \/>\r\n<input type=\"hidden\" value=\"\" class=\"utm_medium\" name=\"utm_medium\" \/>\r\n<input type=\"hidden\" value=\"\" class=\"utm_content\" name=\"utm_content\" \/>\r\n<input type=\"hidden\" value=\"\" class=\"utm_term\" name=\"utm_term\" \/>\r\n<input type=\"hidden\" value=\"\" class=\"gclid\" name=\"gclid\" \/> ENVOYERObtenez tout le confort dont vous avez besoinDiversit\u00e9 de l&#8217;enseignement public et priv\u00e9, ainsi que des \u00e9coles internationales de r\u00e9f\u00e9rence.Tous types d&#8217;infrastructures commerciales et de services, des grands hypermarch\u00e9s [&hellip;]<\/p>\n","protected":false},"author":1,"featured_media":0,"parent":2395,"menu_order":0,"comment_status":"closed","ping_status":"closed","template":"","meta":{"_et_pb_use_builder":"on","_et_pb_old_content":"","_et_gb_content_width":""},"_links":{"self":[{"href":"https:\/\/portadafrente.pt\/selection\/wp-json\/wp\/v2\/pages\/2466"}],"collection":[{"href":"https:\/\/portadafrente.pt\/selection\/wp-json\/wp\/v2\/pages"}],"about":[{"href":"https:\/\/portadafrente.pt\/selection\/wp-json\/wp\/v2\/types\/page"}],"author":[{"embeddable":true,"href":"https:\/\/portadafrente.pt\/selection\/wp-json\/wp\/v2\/users\/1"}],"replies":[{"embeddable":true,"href":"https:\/\/portadafrente.pt\/selection\/wp-json\/wp\/v2\/comments?post=2466"}],"version-history":[{"count":2,"href":"https:\/\/portadafrente.pt\/selection\/wp-json\/wp\/v2\/pages\/2466\/revisions"}],"predecessor-version":[{"id":2469,"href":"https:\/\/portadafrente.pt\/selection\/wp-json\/wp\/v2\/pages\/2466\/revisions\/2469"}],"up":[{"embeddable":true,"href":"https:\/\/portadafrente.pt\/selection\/wp-json\/wp\/v2\/pages\/2395"}],"wp:attachment":[{"href":"https:\/\/portadafrente.pt\/selection\/wp-json\/wp\/v2\/media?parent=2466"}],"curies":[{"name":"wp","href":"https:\/\/api.w.org\/{rel}","templated":true}]}}