{"id":1630,"date":"2021-04-08T07:14:25","date_gmt":"2021-04-08T10:14:25","guid":{"rendered":"http:\/\/www.portadafrente.pt\/selection\/?page_id=1630"},"modified":"2022-01-26T10:35:43","modified_gmt":"2022-01-26T13:35:43","slug":"visto-d7","status":"publish","type":"page","link":"https:\/\/portadafrente.pt\/selection\/visto-d7\/","title":{"rendered":"Visto D7"},"content":{"rendered":"<p>[et_pb_section fb_built=&#8221;1&#8243; fullwidth=&#8221;on&#8221; disabled_on=&#8221;off|off|off&#8221; module_class=&#8221;fix-mobile-height&#8221; _builder_version=&#8221;4.9.2&#8243; positioning=&#8221;absolute&#8221; min_height=&#8221;50vh&#8221; min_height_tablet=&#8221;100vh&#8221; min_height_phone=&#8221;100vh&#8221; min_height_last_edited=&#8221;on|phone&#8221; custom_padding=&#8221;0px||0px||false|false&#8221; locked=&#8221;off&#8221; global_colors_info=&#8221;{}&#8221;][et_pb_fullwidth_slider use_bg_overlay=&#8221;on&#8221; bg_overlay_color=&#8221;rgba(0,0,0,0.6)&#8221; bg_overlay_color_tablet=&#8221;rgba(0,0,0,0.6)&#8221; bg_overlay_color_phone=&#8221;rgba(0,0,0,0.6)&#8221; bg_overlay_color_last_edited=&#8221;off|phone&#8221; module_id=&#8221;slider-d7&#8243; _builder_version=&#8221;4.9.2&#8243; min_height=&#8221;50vh&#8221; min_height_tablet=&#8221;100vh&#8221; min_height_phone=&#8221;100vh&#8221; min_height_last_edited=&#8221;on|desktop&#8221; height=&#8221;50vh&#8221; animation_style=&#8221;fade&#8221; animation_duration=&#8221;500ms&#8221; global_colors_info=&#8221;{}&#8221;][et_pb_slide use_bg_overlay=&#8221;on&#8221; bg_overlay_color=&#8221;rgba(0,0,0,0.1)&#8221; use_text_overlay=&#8221;off&#8221; admin_title=&#8221;Maat&#8221; bg_overlay_color_tablet=&#8221;rgba(0,0,0,0.5)&#8221; bg_overlay_color_phone=&#8221;&#8221; bg_overlay_color_last_edited=&#8221;on|desktop&#8221; _builder_version=&#8221;4.9.2&#8243; background_enable_color=&#8221;off&#8221; background_image=&#8221;http:\/\/www.portadafrente.pt\/selection\/wp-content\/uploads\/2020\/05\/h_0003_iStock-467824014.jpg&#8221; background_enable_image=&#8221;on&#8221; background_last_edited=&#8221;on|desktop&#8221; background_enable_color_phone=&#8221;off&#8221; parallax_phone=&#8221;off&#8221; background_size_phone=&#8221;cover&#8221; background_position_phone=&#8221;center&#8221; global_colors_info=&#8221;{}&#8221; sticky_transition=&#8221;on&#8221;][\/et_pb_slide][\/et_pb_fullwidth_slider][\/et_pb_section][et_pb_section fb_built=&#8221;1&#8243; _builder_version=&#8221;4.9.2&#8243; background_color=&#8221;rgba(0,0,0,0)&#8221; background_enable_image=&#8221;off&#8221; min_height=&#8221;50vh&#8221; min_height_tablet=&#8221;100vh&#8221; min_height_phone=&#8221;100vh&#8221; min_height_last_edited=&#8221;on|phone&#8221; custom_padding=&#8221;0px||0%||false|false&#8221; locked=&#8221;off&#8221; global_colors_info=&#8221;{}&#8221;][et_pb_row column_structure=&#8221;1_2,1_2&#8243; make_equal=&#8221;on&#8221; custom_padding_last_edited=&#8221;on|desktop&#8221; _builder_version=&#8221;4.9.2&#8243; positioning=&#8221;none&#8221; max_width=&#8221;80%&#8221; min_height=&#8221;50vh&#8221; min_height_tablet=&#8221;100vh&#8221; min_height_phone=&#8221;100vh&#8221; min_height_last_edited=&#8221;on|desktop&#8221; custom_padding=&#8221;0px||0px|||&#8221; custom_padding_tablet=&#8221;&#8221; custom_padding_phone=&#8221;&#8221; global_colors_info=&#8221;{}&#8221;][et_pb_column type=&#8221;1_2&#8243; _builder_version=&#8221;4.9.2&#8243; _module_preset=&#8221;default&#8221; custom_padding_tablet=&#8221;||||false|false&#8221; custom_padding_phone=&#8221;||||false|false&#8221; custom_padding_last_edited=&#8221;off|desktop&#8221; global_colors_info=&#8221;{}&#8221;][et_pb_image src=&#8221;http:\/\/www.portadafrente.pt\/selection\/wp-content\/uploads\/2020\/05\/bordeaux.jpg&#8221; title_text=&#8221;bordeaux&#8221; align_tablet=&#8221;center&#8221; align_phone=&#8221;&#8221; align_last_edited=&#8221;on|phone&#8221; _builder_version=&#8221;4.9.2&#8243; _module_preset=&#8221;default&#8221; max_width=&#8221;220px&#8221; max_width_last_edited=&#8221;off|desktop&#8221; custom_margin=&#8221;||||false|false&#8221; animation_style=&#8221;fold&#8221; animation_duration=&#8221;450ms&#8221; animation_delay=&#8221;750ms&#8221; global_colors_info=&#8221;{}&#8221;][\/et_pb_image][\/et_pb_column][et_pb_column type=&#8221;1_2&#8243; _builder_version=&#8221;4.9.2&#8243; global_colors_info=&#8221;{}&#8221;][et_pb_text _builder_version=&#8221;4.9.2&#8243; _module_preset=&#8221;default&#8221; header_font=&#8221;Montserrat|700|||||||&#8221; header_text_align=&#8221;right&#8221; header_text_color=&#8221;#FFFFFF&#8221; header_font_size=&#8221;60px&#8221; custom_margin=&#8221;30px||0px||false|false&#8221; header_text_align_tablet=&#8221;center&#8221; header_text_align_phone=&#8221;&#8221; header_text_align_last_edited=&#8221;on|phone&#8221; header_font_size_tablet=&#8221;50px&#8221; header_font_size_phone=&#8221;&#8221; header_font_size_last_edited=&#8221;on|phone&#8221; global_colors_info=&#8221;{}&#8221;]<\/p>\n<h1>VISTO D7<\/h1>\n<p>[\/et_pb_text][et_pb_text _builder_version=&#8221;4.9.2&#8243; _module_preset=&#8221;default&#8221; header_font=&#8221;Montserrat||||||||&#8221; header_2_font=&#8221;Montserrat|300|on||||||&#8221; header_2_text_align=&#8221;right&#8221; header_2_text_color=&#8221;#000000&#8243; custom_margin=&#8221;||23px|||&#8221; header_2_text_align_tablet=&#8221;center&#8221; header_2_text_align_phone=&#8221;&#8221; header_2_text_align_last_edited=&#8221;on|tablet&#8221; header_2_text_color_tablet=&#8221;#FFFFFF&#8221; header_2_text_color_phone=&#8221;#FFFFFF&#8221; header_2_text_color_last_edited=&#8221;on|phone&#8221; global_colors_info=&#8221;{}&#8221;]<\/p>\n<h2>Portugal<\/h2>\n<p>[\/et_pb_text][et_pb_text disabled_on=&#8221;off|off|off&#8221; _builder_version=&#8221;4.9.2&#8243; _module_preset=&#8221;default&#8221; text_font=&#8221;Montserrat||||||||&#8221; text_text_color=&#8221;#000000&#8243; text_font_size=&#8221;18px&#8221; link_font=&#8221;|700|||||||&#8221; link_text_color=&#8221;#FFFFFF&#8221; text_orientation=&#8221;right&#8221; max_width=&#8221;460px&#8221; max_width_tablet=&#8221;100%&#8221; max_width_last_edited=&#8221;off|desktop&#8221; module_alignment=&#8221;right&#8221; custom_margin=&#8221;||20px||false|false&#8221; custom_padding=&#8221;||||false|false&#8221; custom_padding_tablet=&#8221;|20px||20px|false|false&#8221; custom_padding_phone=&#8221;&#8221; custom_padding_last_edited=&#8221;on|desktop&#8221; animation_style=&#8221;fade&#8221; animation_duration=&#8221;500ms&#8221; animation_delay=&#8221;750ms&#8221; text_text_color_tablet=&#8221;#FFFFFF&#8221; text_text_color_phone=&#8221;#FFFFFF&#8221; text_text_color_last_edited=&#8221;on|phone&#8221; text_font_size_tablet=&#8221;&#8221; text_font_size_phone=&#8221;&#8221; text_font_size_last_edited=&#8221;on|phone&#8221; link_text_align_tablet=&#8221;center&#8221; link_text_align_phone=&#8221;&#8221; link_text_align_last_edited=&#8221;on|phone&#8221; link_text_color_last_edited=&#8221;off|desktop&#8221; text_orientation_tablet=&#8221;center&#8221; text_orientation_phone=&#8221;&#8221; text_orientation_last_edited=&#8221;on|tablet&#8221; module_alignment_tablet=&#8221;center&#8221; module_alignment_phone=&#8221;center&#8221; module_alignment_last_edited=&#8221;on|phone&#8221; global_colors_info=&#8221;{}&#8221; link_text_color__hover_enabled=&#8221;on|desktop&#8221; link_text_color__hover=&#8221;#660024&#8243;]<\/p>\n<p>Um visto de resid\u00eancia destinado maioritariamente a <strong>reformados\/aposentados<\/strong> ou outros titulares de rendimentos pr\u00f3prios<\/p>\n<p>[\/et_pb_text][\/et_pb_column][\/et_pb_row][\/et_pb_section][et_pb_section fb_built=&#8221;1&#8243; custom_padding_last_edited=&#8221;on|phone&#8221; _builder_version=&#8221;4.9.2&#8243; background_enable_color=&#8221;off&#8221; use_background_color_gradient=&#8221;on&#8221; background_color_gradient_start=&#8221;#fcfcfc&#8221; background_color_gradient_end=&#8221;#f0f0f0&#8243; custom_padding=&#8221;0px||0px||false|false&#8221; custom_padding_tablet=&#8221;0px||0px||false|false&#8221; custom_padding_phone=&#8221;&#8221; animation_style=&#8221;fade&#8221; box_shadow_style=&#8221;preset3&#8243; box_shadow_vertical=&#8221;4px&#8221; box_shadow_blur=&#8221;14px&#8221; global_colors_info=&#8221;{}&#8221;][et_pb_row _builder_version=&#8221;4.9.2&#8243; _module_preset=&#8221;default&#8221; custom_padding=&#8221;50px||0px|||&#8221; global_colors_info=&#8221;{}&#8221;][et_pb_column type=&#8221;4_4&#8243; _builder_version=&#8221;4.9.2&#8243; _module_preset=&#8221;default&#8221; global_colors_info=&#8221;{}&#8221;][et_pb_video src=&#8221;https:\/\/youtu.be\/rrEc3Eu3MJA&#8221; _builder_version=&#8221;4.9.2&#8243; _module_preset=&#8221;default&#8221; global_colors_info=&#8221;{}&#8221;][\/et_pb_video][\/et_pb_column][\/et_pb_row][et_pb_row column_structure=&#8221;1_4,1_4,1_4,1_4&#8243; _builder_version=&#8221;4.4.6&#8243; custom_padding=&#8221;50px||17px||false|false&#8221; global_colors_info=&#8221;{}&#8221;][et_pb_column type=&#8221;1_4&#8243; _builder_version=&#8221;4.4.6&#8243; animation_style=&#8221;fade&#8221; global_colors_info=&#8221;{}&#8221;][et_pb_text _builder_version=&#8221;4.9.2&#8243; _module_preset=&#8221;default&#8221; text_font=&#8221;Montserrat||||||||&#8221; text_text_color=&#8221;#FFFFFF&#8221; text_font_size=&#8221;20px&#8221; text_line_height=&#8221;50px&#8221; background_color=&#8221;#660024&#8243; text_orientation=&#8221;center&#8221; width=&#8221;50px&#8221; module_alignment=&#8221;center&#8221; height=&#8221;50px&#8221; border_radii=&#8221;on|99px|99px|99px|99px&#8221; border_color_all=&#8221;#FFFFFF&#8221; global_colors_info=&#8221;{}&#8221;]<\/p>\n<p>1<\/p>\n<p>[\/et_pb_text][et_pb_text _builder_version=&#8221;4.9.2&#8243; text_font=&#8221;Montserrat||||||||&#8221; text_text_color=&#8221;#000000&#8243; text_line_height=&#8221;1.3em&#8221; text_orientation=&#8221;center&#8221; global_colors_info=&#8221;{}&#8221;]<\/p>\n<p>A fam\u00edlia \u00e9 eleg\u00edvel para se juntar ao programa (reagrupamento familiar);<\/p>\n<p>[\/et_pb_text][\/et_pb_column][et_pb_column type=&#8221;1_4&#8243; _builder_version=&#8221;4.4.6&#8243; animation_style=&#8221;fade&#8221; animation_delay=&#8221;500ms&#8221; global_colors_info=&#8221;{}&#8221;][et_pb_text _builder_version=&#8221;4.9.2&#8243; _module_preset=&#8221;default&#8221; text_font=&#8221;Montserrat||||||||&#8221; text_text_color=&#8221;#FFFFFF&#8221; text_font_size=&#8221;20px&#8221; text_line_height=&#8221;50px&#8221; background_color=&#8221;#660024&#8243; text_orientation=&#8221;center&#8221; width=&#8221;50px&#8221; module_alignment=&#8221;center&#8221; height=&#8221;50px&#8221; border_radii=&#8221;on|99px|99px|99px|99px&#8221; border_color_all=&#8221;#FFFFFF&#8221; locked=&#8221;off&#8221; global_colors_info=&#8221;{}&#8221;]<\/p>\n<p>2<\/p>\n<p>[\/et_pb_text][et_pb_text _builder_version=&#8221;4.4.6&#8243; text_font=&#8221;Montserrat||||||||&#8221; text_text_color=&#8221;#000000&#8243; text_line_height=&#8221;1.3em&#8221; text_orientation=&#8221;center&#8221; global_colors_info=&#8221;{}&#8221;]<\/p>\n<p>Acesso a sistema de sa\u00fade qualificado e acess\u00edvel;<\/p>\n<p>[\/et_pb_text][\/et_pb_column][et_pb_column type=&#8221;1_4&#8243; _builder_version=&#8221;4.4.6&#8243; animation_style=&#8221;fade&#8221; animation_delay=&#8221;1000ms&#8221; global_colors_info=&#8221;{}&#8221;][et_pb_text _builder_version=&#8221;4.9.2&#8243; _module_preset=&#8221;default&#8221; text_font=&#8221;Montserrat||||||||&#8221; text_text_color=&#8221;#FFFFFF&#8221; text_font_size=&#8221;20px&#8221; text_line_height=&#8221;50px&#8221; background_color=&#8221;#660024&#8243; text_orientation=&#8221;center&#8221; width=&#8221;50px&#8221; module_alignment=&#8221;center&#8221; height=&#8221;50px&#8221; border_radii=&#8221;on|99px|99px|99px|99px&#8221; border_color_all=&#8221;#FFFFFF&#8221; locked=&#8221;off&#8221; global_colors_info=&#8221;{}&#8221;]<\/p>\n<p>3<\/p>\n<p>[\/et_pb_text][et_pb_text _builder_version=&#8221;4.4.6&#8243; text_font=&#8221;Montserrat||||||||&#8221; text_text_color=&#8221;#000000&#8243; text_line_height=&#8221;1.3em&#8221; text_orientation=&#8221;center&#8221; global_colors_info=&#8221;{}&#8221;]<\/p>\n<p>Livre circula\u00e7\u00e3o no espa\u00e7o Schengen (26 pa\u00edses);<\/p>\n<p>[\/et_pb_text][\/et_pb_column][et_pb_column type=&#8221;1_4&#8243; _builder_version=&#8221;4.4.6&#8243; animation_style=&#8221;fade&#8221; animation_delay=&#8221;1000ms&#8221; global_colors_info=&#8221;{}&#8221;][et_pb_text _builder_version=&#8221;4.9.2&#8243; _module_preset=&#8221;default&#8221; text_font=&#8221;Montserrat||||||||&#8221; text_text_color=&#8221;#FFFFFF&#8221; text_font_size=&#8221;20px&#8221; text_line_height=&#8221;50px&#8221; background_color=&#8221;#660024&#8243; text_orientation=&#8221;center&#8221; width=&#8221;50px&#8221; module_alignment=&#8221;center&#8221; height=&#8221;50px&#8221; border_radii=&#8221;on|99px|99px|99px|99px&#8221; border_color_all=&#8221;#FFFFFF&#8221; locked=&#8221;off&#8221; global_colors_info=&#8221;{}&#8221;]<\/p>\n<p>4<\/p>\n<p>[\/et_pb_text][et_pb_text _builder_version=&#8221;4.9.2&#8243; text_font=&#8221;Montserrat||||||||&#8221; text_text_color=&#8221;#000000&#8243; text_line_height=&#8221;1.3em&#8221; text_orientation=&#8221;center&#8221; locked=&#8221;off&#8221; global_colors_info=&#8221;{}&#8221;]<\/p>\n<p>Custo de vida abaixo da m\u00e9dia europeia, mas qualidade muito superior;<\/p>\n<p>[\/et_pb_text][\/et_pb_column][\/et_pb_row][et_pb_row _builder_version=&#8221;4.13.0&#8243; _module_preset=&#8221;default&#8221; custom_padding=&#8221;||40px|||&#8221;][et_pb_column _builder_version=&#8221;4.13.0&#8243; _module_preset=&#8221;default&#8221; type=&#8221;4_4&#8243;][et_pb_button _builder_version=&#8221;4.13.0&#8243; _module_preset=&#8221;default&#8221; button_url=&#8221;https:\/\/www.portadafrente.com\/&#8221; button_text=&#8221;Descubra nossos im\u00f3veis \u00fanicos&#8221; button_alignment=&#8221;center&#8221; custom_button=&#8221;on&#8221; button_text_color=&#8221;#FFFFFF&#8221; button_bg_color=&#8221;#000000&#8243; button_bg_enable_color=&#8221;on&#8221; button_border_width=&#8221;0px&#8221; button_text_size=&#8221;22px&#8221; hover_enabled=&#8221;0&#8243; sticky_enabled=&#8221;0&#8243; locked=&#8221;off&#8221;][\/et_pb_button][\/et_pb_column][\/et_pb_row][\/et_pb_section][et_pb_section fb_built=&#8221;1&#8243; _builder_version=&#8221;4.4.6&#8243; background_image=&#8221;http:\/\/portadafrente.pt\/selection\/wp-content\/uploads\/2020\/05\/bg-portugal.jpg&#8221; background_size=&#8221;contain&#8221; background_repeat=&#8221;repeat-y&#8221; custom_padding=&#8221;49px||40px||false|false&#8221; background_last_edited=&#8221;on|desktop&#8221; background_enable_image_tablet=&#8221;off&#8221; parallax_tablet=&#8221;off&#8221; global_colors_info=&#8221;{}&#8221;][et_pb_row _builder_version=&#8221;4.4.6&#8243; custom_padding=&#8221;0px|||||&#8221; global_colors_info=&#8221;{}&#8221;][et_pb_column type=&#8221;4_4&#8243; _builder_version=&#8221;4.4.6&#8243; global_colors_info=&#8221;{}&#8221;][et_pb_text _builder_version=&#8221;4.9.2&#8243; header_font=&#8221;Montserrat||||||||&#8221; header_text_align=&#8221;center&#8221; header_text_color=&#8221;#000000&#8243; header_font_size=&#8221;36px&#8221; header_line_height=&#8221;1.4em&#8221; custom_margin=&#8221;20px||20px||false|false&#8221; animation_style=&#8221;bounce&#8221; animation_direction=&#8221;bottom&#8221; global_colors_info=&#8221;{}&#8221;]<\/p>\n<h1 class=\"mb-5 text-secondary text-center\">Porqu\u00ea escolher\u00a0<span style=\"color: #660024;\"><strong>Portugal?<\/strong><\/span><\/h1>\n<p>[\/et_pb_text][et_pb_text _builder_version=&#8221;4.4.6&#8243; text_text_color=&#8221;#000000&#8243; text_font_size=&#8221;16px&#8221; text_line_height=&#8221;1.8em&#8221; header_text_align=&#8221;center&#8221; header_text_color=&#8221;#000000&#8243; header_font_size=&#8221;36px&#8221; header_line_height=&#8221;1.4em&#8221; text_orientation=&#8221;center&#8221; custom_margin=&#8221;20px||20px||false|false&#8221; animation_style=&#8221;bounce&#8221; animation_direction=&#8221;bottom&#8221; global_colors_info=&#8221;{}&#8221;]<\/p>\n<p>Viver em Portugal \u00e9 viver com seguran\u00e7a e comodidade, no 3\u00ba pa\u00eds mais seguro do mundo e que oferece uma qualidade de vida excecional. Desde a capital Lisboa at\u00e9 \u00e0s praias de Cascais, aqui poder\u00e1 experienciar diversos estilos de vida e escolher o que mais se adequa aos seus dias: passeios \u00e0 beira-rio, pr\u00e1tica de golfe em alguns dos melhores campos da Europa, viagens gastron\u00f3micas em restaurantes de excel\u00eancia, mergulhos na praia ou compras na Avenida da Liberdade, a mais ic\u00f3nica do pa\u00eds.<\/p>\n<p>[\/et_pb_text][et_pb_text _builder_version=&#8221;4.4.6&#8243; text_text_color=&#8221;#660024&#8243; text_font_size=&#8221;40px&#8221; text_orientation=&#8221;center&#8221; global_colors_info=&#8221;{}&#8221;]<a href=\"#mosaic\" style=\"color:#660024;\"><i class=\"fas fa-chevron-down\"><\/i><\/a>[\/et_pb_text][\/et_pb_column][\/et_pb_row][et_pb_row column_structure=&#8221;2_3,1_3&#8243; use_custom_gutter=&#8221;on&#8221; gutter_width=&#8221;2&#8243; make_equal=&#8221;on&#8221; disabled_on=&#8221;off|off|off&#8221; module_id=&#8221;mosaic&#8221; _builder_version=&#8221;4.4.6&#8243; custom_padding=&#8221;0px||0px||false|false&#8221; global_colors_info=&#8221;{}&#8221;][et_pb_column type=&#8221;2_3&#8243; _builder_version=&#8221;4.4.6&#8243; global_colors_info=&#8221;{}&#8221;][et_pb_slider use_bg_overlay=&#8221;off&#8221; use_text_overlay=&#8221;off&#8221; _builder_version=&#8221;4.4.6&#8243; header_level=&#8221;h1&#8243; header_font=&#8221;|300|||||||&#8221; min_height=&#8221;40vh&#8221; animation_style=&#8221;slide&#8221; animation_direction=&#8221;left&#8221; global_colors_info=&#8221;{}&#8221;][et_pb_slide heading=&#8221;PRAIAS&#8221; use_bg_overlay=&#8221;on&#8221; bg_overlay_color=&#8221;rgba(0,0,0,0.18)&#8221; _builder_version=&#8221;4.4.6&#8243; background_color=&#8221;rgba(0,0,0,0)&#8221; background_enable_color=&#8221;on&#8221; background_image=&#8221;http:\/\/portadafrente.pt\/selection\/wp-content\/uploads\/2020\/05\/WWT_Day3_Carcavelos_Action_CMoore\u00a9Turismo-Cascais.jpg&#8221; background_enable_image=&#8221;on&#8221; background_position=&#8221;top_center&#8221; custom_padding=&#8221;0px||0px||false|false&#8221; global_colors_info=&#8221;{}&#8221; sticky_transition=&#8221;on&#8221;][\/et_pb_slide][\/et_pb_slider][\/et_pb_column][et_pb_column type=&#8221;1_3&#8243; _builder_version=&#8221;4.4.6&#8243; global_colors_info=&#8221;{}&#8221;][et_pb_slider use_bg_overlay=&#8221;off&#8221; use_text_overlay=&#8221;off&#8221; _builder_version=&#8221;4.4.6&#8243; header_level=&#8221;h1&#8243; header_font=&#8221;|300|||||||&#8221; header_font_size=&#8221;29px&#8221; min_height=&#8221;40vh&#8221; animation_style=&#8221;slide&#8221; animation_direction=&#8221;right&#8221; global_colors_info=&#8221;{}&#8221;][et_pb_slide heading=&#8221;TEMPO DE VIAGEM&#8221; use_bg_overlay=&#8221;on&#8221; bg_overlay_color=&#8221;rgba(0,0,0,0.15)&#8221; _builder_version=&#8221;4.4.6&#8243; background_color=&#8221;rgba(0,0,0,0)&#8221; background_enable_color=&#8221;on&#8221; background_image=&#8221;http:\/\/portadafrente.pt\/selection\/wp-content\/uploads\/2020\/05\/file-20191024-170449-1gpmbty-scaled.jpg&#8221; background_enable_image=&#8221;on&#8221; custom_padding=&#8221;0px||0px||false|false&#8221; global_colors_info=&#8221;{}&#8221; sticky_transition=&#8221;on&#8221;]<\/p>\n<p>PARIS <strong>2h20<br \/> <\/strong>LONDRES<strong> 2h30<\/strong><br \/> ROMA <strong>2h45<\/strong><\/p>\n<p>[\/et_pb_slide][\/et_pb_slider][\/et_pb_column][\/et_pb_row][et_pb_row column_structure=&#8221;1_3,1_3,1_3&#8243; use_custom_gutter=&#8221;on&#8221; gutter_width=&#8221;2&#8243; _builder_version=&#8221;4.4.6&#8243; global_colors_info=&#8221;{}&#8221;][et_pb_column type=&#8221;1_3&#8243; _builder_version=&#8221;4.4.6&#8243; global_colors_info=&#8221;{}&#8221;][et_pb_slider use_bg_overlay=&#8221;off&#8221; _builder_version=&#8221;4.4.6&#8243; header_level=&#8221;h1&#8243; header_font=&#8221;|300|||||||&#8221; header_font_size=&#8221;32px&#8221; min_height=&#8221;30vh&#8221; custom_padding=&#8221;0px||0px||false|false&#8221; animation_style=&#8221;slide&#8221; animation_direction=&#8221;bottom&#8221; global_colors_info=&#8221;{}&#8221;][et_pb_slide heading=&#8221;NATUREZA&#8221; use_bg_overlay=&#8221;on&#8221; bg_overlay_color=&#8221;rgba(0,0,0,0.15)&#8221; heading_last_edited=&#8221;off|desktop&#8221; _builder_version=&#8221;4.4.6&#8243; background_color=&#8221;rgba(0,0,0,0)&#8221; background_enable_color=&#8221;on&#8221; background_image=&#8221;http:\/\/portadafrente.pt\/selection\/wp-content\/uploads\/2020\/05\/countryside-properties.jpg&#8221; background_enable_image=&#8221;on&#8221; background_position=&#8221;bottom_center&#8221; global_colors_info=&#8221;{}&#8221; sticky_transition=&#8221;on&#8221;][\/et_pb_slide][\/et_pb_slider][\/et_pb_column][et_pb_column type=&#8221;1_3&#8243; _builder_version=&#8221;4.4.6&#8243; global_colors_info=&#8221;{}&#8221;][et_pb_slider use_bg_overlay=&#8221;off&#8221; _builder_version=&#8221;4.4.6&#8243; header_level=&#8221;h1&#8243; header_font=&#8221;|300|||||||&#8221; header_font_size=&#8221;32px&#8221; min_height=&#8221;30vh&#8221; animation_style=&#8221;slide&#8221; animation_direction=&#8221;bottom&#8221; animation_delay=&#8221;250ms&#8221; global_colors_info=&#8221;{}&#8221;][et_pb_slide heading=&#8221;GOLF&#8221; use_bg_overlay=&#8221;off&#8221; _builder_version=&#8221;4.4.6&#8243; background_color=&#8221;rgba(0,0,0,0)&#8221; background_enable_color=&#8221;on&#8221; background_image=&#8221;http:\/\/portadafrente.pt\/selection\/wp-content\/uploads\/2020\/05\/golf-properties.jpg&#8221; background_enable_image=&#8221;on&#8221; custom_padding=&#8221;0px||0px||false|false&#8221; global_colors_info=&#8221;{}&#8221; sticky_transition=&#8221;on&#8221;][\/et_pb_slide][\/et_pb_slider][\/et_pb_column][et_pb_column type=&#8221;1_3&#8243; _builder_version=&#8221;4.4.6&#8243; global_colors_info=&#8221;{}&#8221;][et_pb_slider use_bg_overlay=&#8221;off&#8221; _builder_version=&#8221;4.4.6&#8243; header_level=&#8221;h1&#8243; header_font=&#8221;|300|||||||&#8221; header_font_size=&#8221;32px&#8221; min_height=&#8221;30vh&#8221; animation_style=&#8221;slide&#8221; animation_direction=&#8221;bottom&#8221; animation_delay=&#8221;500ms&#8221; global_colors_info=&#8221;{}&#8221;][et_pb_slide heading=&#8221;VINHOS&#8221; use_bg_overlay=&#8221;on&#8221; bg_overlay_color=&#8221;rgba(0,0,0,0.4)&#8221; _builder_version=&#8221;4.4.6&#8243; background_color=&#8221;rgba(0,0,0,0)&#8221; background_enable_color=&#8221;on&#8221; background_image=&#8221;http:\/\/portadafrente.pt\/selection\/wp-content\/uploads\/2020\/05\/vinho.jpg&#8221; background_enable_image=&#8221;on&#8221; custom_padding=&#8221;0px||0px||false|false&#8221; global_colors_info=&#8221;{}&#8221; sticky_transition=&#8221;on&#8221;][\/et_pb_slide][\/et_pb_slider][\/et_pb_column][\/et_pb_row][\/et_pb_section][et_pb_section fb_built=&#8221;1&#8243; _builder_version=&#8221;4.9.2&#8243; background_color=&#8221;#f0f0f0&#8243; custom_padding=&#8221;0px||25px||false|false&#8221; global_colors_info=&#8221;{}&#8221;][et_pb_row use_custom_gutter=&#8221;on&#8221; _builder_version=&#8221;4.9.2&#8243; background_color=&#8221;#660024&#8243; background_image=&#8221;http:\/\/www.portadafrente.pt\/selection\/wp-content\/uploads\/2020\/06\/PF_22.jpg&#8221; background_blend=&#8221;multiply&#8221; width=&#8221;100%&#8221; max_width=&#8221;100%&#8221; custom_margin=&#8221;||||false|false&#8221; custom_padding=&#8221;40px||40px||false|false&#8221; animation_style=&#8221;slide&#8221; animation_direction=&#8221;top&#8221; animation_intensity_slide=&#8221;10%&#8221; global_colors_info=&#8221;{}&#8221;][et_pb_column type=&#8221;4_4&#8243; module_class=&#8221;not-bg&#8221; _builder_version=&#8221;4.4.6&#8243; global_colors_info=&#8221;{}&#8221;][et_pb_text _builder_version=&#8221;4.9.2&#8243; header_font=&#8221;Montserrat|600|||||||&#8221; header_text_align=&#8221;center&#8221; header_text_color=&#8221;#ffffff&#8221; header_font_size=&#8221;36px&#8221; header_letter_spacing=&#8221;1px&#8221; background_color=&#8221;rgba(0,0,0,0)&#8221; custom_padding_tablet=&#8221;&#8221; custom_padding_phone=&#8221;|10%||10%|false|false&#8221; custom_padding_last_edited=&#8221;on|phone&#8221; text_line_height_tablet=&#8221;&#8221; text_line_height_phone=&#8221;1.7em&#8221; text_line_height_last_edited=&#8221;on|phone&#8221; header_line_height_tablet=&#8221;&#8221; header_line_height_phone=&#8221;1.3em&#8221; header_line_height_last_edited=&#8221;on|phone&#8221; global_colors_info=&#8221;{}&#8221; background__hover_enabled=&#8221;on|hover&#8221; background_color__hover=&#8221;rgba(0,0,0,0)&#8221; background_enable_color__hover=&#8221;on&#8221;]<\/p>\n<h1>Requisitos<\/h1>\n<p>[\/et_pb_text][\/et_pb_column][\/et_pb_row][et_pb_row _builder_version=&#8221;4.9.2&#8243; _module_preset=&#8221;default&#8221; custom_padding=&#8221;45px|||||&#8221; global_colors_info=&#8221;{}&#8221;][et_pb_column type=&#8221;4_4&#8243; _builder_version=&#8221;4.9.2&#8243; _module_preset=&#8221;default&#8221; global_colors_info=&#8221;{}&#8221;][et_pb_text _builder_version=&#8221;4.9.2&#8243; _module_preset=&#8221;default&#8221; text_text_color=&#8221;#000000&#8243; header_3_font=&#8221;Montserrat|600||on|||||&#8221; header_3_text_color=&#8221;#660024&#8243; global_colors_info=&#8221;{}&#8221;]<\/p>\n<h3>Comprovativo de rendimentos<\/h3>\n<p>O principal requisito para obter o Visto D7 \u00e9 comprovar que o requerente det\u00e9m um rendimento fixo mensal suficiente para suportar os custos de vida em Portugal, previstos na lei portuguesa, que lhe permitam a sua resid\u00eancia no pa\u00eds, bem como a estadia de dependentes que o acompanhem, pelo menos durante 12 meses. Estima-se que o custo de vida mensal em Portugal ronde os 1.500\u20ac.<\/p>\n<p>&nbsp;<\/p>\n<h3>QUEM PODE SOLICITAR?<\/h3>\n<p>Qualquer nacionalidade (fora da Uni\u00e3o europeia) sem limite de idade. Qualquer fonte de rendimento que se enquadre no descrito em cima \u00e9 aceite desde que esteja dentro dos valores exigidos pelo Governo portugu\u00eas. \u00c9 ainda necess\u00e1rio apresentar cadastro criminal limpo.<\/p>\n<p>&nbsp;<\/p>\n<h3>COMO SOLICITAR<\/h3>\n<p>O procedimento \u00e9 composto por duas fases: o interessado deve primeiro recorrer ao consulado ou embaixada de Portugal do pa\u00eds onde reside, onde ser\u00e1 emitido um visto tempor\u00e1rio com a validade de quatro meses (120 dias). Dentro desse per\u00edodo, o requerente dever\u00e1 viajar para Portugal e recorrer ao Servi\u00e7o de Estrangeiros e Fronteiras (SEF) para obter a o visto de resid\u00eancia.<\/p>\n<p>&nbsp;<\/p>\n<h3>Reagrupamento familiar<\/h3>\n<p>Os familiares de uma pessoa com autoriza\u00e7\u00e3o de resid\u00eancia (obtida atrav\u00e9s do visto D7) tamb\u00e9m t\u00eam direito a autoriza\u00e7\u00f5es de resid\u00eancia, com base no estatuto do reagrupamento familiar.<\/p>\n<p>&nbsp;<\/p>\n<h3>Validade<\/h3>\n<p>O Visto D7 permite obter uma autoriza\u00e7\u00e3o de resid\u00eancia habitualmente v\u00e1lida por um ano, que pode ser renovada duas vezes a cada dois anos. Ao fim de cinco anos, este pode ser trocado por uma autoriza\u00e7\u00e3o de resid\u00eancia permanente.<\/p>\n<p>[\/et_pb_text][et_pb_text _builder_version=&#8221;4.9.2&#8243; _module_preset=&#8221;default&#8221; text_orientation=&#8221;right&#8221; global_colors_info=&#8221;{}&#8221;]<\/p>\n<p><em>Mais informa\u00e7\u00f5es em<\/em> <span style=\"color: #ff6600;\"><strong><a href=\"https:\/\/www.sef.pt\" target=\"_blank\" rel=\"noopener\" style=\"color: #660024;\">www.sef.pt <\/a><\/strong><\/span><\/p>\n<p>[\/et_pb_text][\/et_pb_column][\/et_pb_row][\/et_pb_section][et_pb_section fb_built=&#8221;1&#8243; _builder_version=&#8221;4.4.6&#8243; custom_padding=&#8221;40px||0px|||&#8221; animation_direction=&#8221;bottom&#8221; border_width_top=&#8221;1px&#8221; border_color_top=&#8221;#e0e0e0&#8243; box_shadow_style=&#8221;preset1&#8243; box_shadow_vertical=&#8221;-10px&#8221; box_shadow_blur=&#8221;10px&#8221; box_shadow_color=&#8221;rgba(0,0,0,0.13)&#8221; locked=&#8221;off&#8221; global_colors_info=&#8221;{}&#8221;][et_pb_row column_structure=&#8221;1_2,1_2&#8243; _builder_version=&#8221;3.29.3&#8243; custom_padding=&#8221;0px||10px|||&#8221; global_colors_info=&#8221;{}&#8221;][et_pb_column type=&#8221;1_2&#8243; _builder_version=&#8221;3.29.3&#8243; global_colors_info=&#8221;{}&#8221;][et_pb_image src=&#8221;http:\/\/www.portadafrente.pt\/selection\/wp-content\/uploads\/2020\/06\/PF_2.jpg&#8221; _builder_version=&#8221;3.29.3&#8243; global_colors_info=&#8221;{}&#8221;][\/et_pb_image][\/et_pb_column][et_pb_column type=&#8221;1_2&#8243; _builder_version=&#8221;3.29.3&#8243; global_colors_info=&#8221;{}&#8221;][et_pb_text _builder_version=&#8221;4.4.6&#8243; header_font=&#8221;|600|||||||&#8221; header_text_color=&#8221;#660024&#8243; header_font_size=&#8221;35px&#8221; custom_margin=&#8221;||||false|false&#8221; locked=&#8221;off&#8221; global_colors_info=&#8221;{}&#8221;]<\/p>\n<h1 style=\"text-align: center;\">O nosso servi\u00e7o<\/h1>\n<p>[\/et_pb_text][et_pb_text _builder_version=&#8221;4.13.0&#8243; text_text_color=&#8221;#000000&#8243; text_orientation=&#8221;center&#8221; global_colors_info=&#8221;{}&#8221;]<\/p>\n<p>O nosso servi\u00e7o \u00e9 totalmente focado no cliente e nas suas necessidades. Fazemos uma consultoria \u00fanica e \u00e0 medida de cada fam\u00edlia que chega at\u00e9 n\u00f3s. Prestamos um servi\u00e7o r\u00e1pido, eficiente e de qualidade, que se completa com a vasta carteira de im\u00f3veis que temos para venda ou arrendamento. \u00c9 um privil\u00e9gio atend\u00ea-lo.<\/p>\n<p>[\/et_pb_text][et_pb_button button_url=&#8221;https:\/\/www.portadafrente.com\/&#8221; url_new_window=&#8221;on&#8221; button_text=&#8221;Descubra im\u00f3veis \u00fanicos&#8221; button_alignment=&#8221;center&#8221; _builder_version=&#8221;4.13.0&#8243; _module_preset=&#8221;default&#8221; custom_button=&#8221;on&#8221; button_text_color=&#8221;#FFFFFF&#8221; button_bg_color=&#8221;#000000&#8243; button_border_width=&#8221;0px&#8221; hover_enabled=&#8221;0&#8243; locked=&#8221;off&#8221; global_colors_info=&#8221;{}&#8221; sticky_enabled=&#8221;0&#8243;][\/et_pb_button][\/et_pb_column][\/et_pb_row][\/et_pb_section][et_pb_section fb_built=&#8221;1&#8243; module_id=&#8221;properties&#8221; _builder_version=&#8221;4.13.0&#8243; background_color=&#8221;#FFFFFF&#8221; custom_padding=&#8221;||1px|||&#8221; global_colors_info=&#8221;{}&#8221; locked=&#8221;off&#8221;][et_pb_row _builder_version=&#8221;4.4.6&#8243; custom_padding=&#8221;||29px|||&#8221; global_colors_info=&#8221;{}&#8221;][et_pb_column type=&#8221;4_4&#8243; _builder_version=&#8221;4.4.6&#8243; global_colors_info=&#8221;{}&#8221;][et_pb_text _builder_version=&#8221;4.4.6&#8243; header_3_text_align=&#8221;center&#8221; global_colors_info=&#8221;{}&#8221;]<\/p>\n<h3><span>Se preferir, fale diretamente com a nossa equipa de consultores<\/span><\/h3>\n<p>[\/et_pb_text][\/et_pb_column][\/et_pb_row][et_pb_row column_structure=&#8221;1_4,1_4,1_4,1_4&#8243; use_custom_gutter=&#8221;on&#8221; module_id=&#8221;pf360-module&#8221; _builder_version=&#8221;4.4.6&#8243; max_width=&#8221;56%&#8221; max_width_tablet=&#8221;80%&#8221; max_width_phone=&#8221;&#8221; max_width_last_edited=&#8221;on|desktop&#8221; custom_padding=&#8221;0px||0px|||&#8221; global_colors_info=&#8221;{}&#8221;][et_pb_column type=&#8221;1_4&#8243; _builder_version=&#8221;4.4.6&#8243; global_colors_info=&#8221;{}&#8221;][et_pb_code _builder_version=&#8221;4.4.6&#8243; global_colors_info=&#8221;{}&#8221;]<svg xmlns=\"http:\/\/www.w3.org\/2000\/svg\" viewBox=\"0 0 200 200\"><!-- [et_pb_line_break_holder] --><g class=\"pf360-btn\"><!-- [et_pb_line_break_holder] --><!-- [et_pb_line_break_holder] --><!--email_off--><a href=\"mailto:info@portadafrente.pt\" onclick=\"dataLayer.push({'event': 'conversion'});\"><!-- [et_pb_line_break_holder] --><rect class=\"pf360-bg-icon\" width=\"200\" height=\"200\"><\/rect><!-- [et_pb_line_break_holder] --><path class=\"pf360-icon\" d=\"M138.59,64.38H61.41a8.9,8.9,0,0,0-8.91,8.9v53.44a8.91,8.91,0,0,0,8.91,8.91h77.18a8.91,8.91,0,0,0,8.91-8.91V73.28A8.9,8.9,0,0,0,138.59,64.38Zm0,8.9v7.57c-4.16,3.39-10.79,8.66-25,19.76-3.12,2.46-9.31,8.36-13.62,8.3s-10.5-5.84-13.62-8.3c-14.18-11.1-20.81-16.37-25-19.76V73.28ZM61.41,126.72V92.28c4.25,3.39,10.28,8.14,19.47,15.34C84.93,110.81,92,117.86,100,117.81s14.94-6.9,19.12-10.19c9.19-7.2,15.22-12,19.47-15.34v34.44Z\"><\/path><!-- [et_pb_line_break_holder] --><text class=\"pf360-icon-label\" transform=\"translate(80 190)\">E-MAIL<\/text><!-- [et_pb_line_break_holder] --><\/a><!--\/email_off--><!-- [et_pb_line_break_holder] --><!-- [et_pb_line_break_holder] --><\/g><!-- [et_pb_line_break_holder] --><\/svg>[\/et_pb_code][\/et_pb_column][et_pb_column type=&#8221;1_4&#8243; _builder_version=&#8221;4.4.6&#8243; global_colors_info=&#8221;{}&#8221;][et_pb_code _builder_version=&#8221;4.4.6&#8243; global_colors_info=&#8221;{}&#8221;]<svg xmlns=\"http:\/\/www.w3.org\/2000\/svg\" viewBox=\"0 0 200 200\"><!-- [et_pb_line_break_holder] --><g class=\"pf360-btn\"><!-- [et_pb_line_break_holder] --><a class=\" pf360-phone-btn\" href=\"tel:+351211165770\" onclick=\"dataLayer.push({'event': 'conversion'});\"><!-- [et_pb_line_break_holder] --><rect class=\"pf360-bg-icon\" width=\"200\" height=\"200\"><\/rect><!-- [et_pb_line_break_holder] --><path class=\"pf360-icon\" d=\"M119.69,55H80.31a8.43,8.43,0,0,0-8.43,8.44v73.12A8.43,8.43,0,0,0,80.31,145h39.38a8.44,8.44,0,0,0,8.44-8.44V63.44A8.44,8.44,0,0,0,119.69,55ZM100,139.38a5.63,5.63,0,1,1,5.63-5.63A5.62,5.62,0,0,1,100,139.38Zm19.69-19a2.12,2.12,0,0,1-2.11,2.11H82.42a2.12,2.12,0,0,1-2.11-2.11V65.55a2.12,2.12,0,0,1,2.11-2.11h35.16a2.12,2.12,0,0,1,2.11,2.11Z\"><\/path><!-- [et_pb_line_break_holder] --><text class=\"pf360-icon-label\" transform=\"translate(70 190)\">TELEFONE<\/text><!-- [et_pb_line_break_holder] --><\/a><!-- [et_pb_line_break_holder] --><\/g><!-- [et_pb_line_break_holder] --><\/svg>[\/et_pb_code][\/et_pb_column][et_pb_column type=&#8221;1_4&#8243; _builder_version=&#8221;4.4.6&#8243; global_colors_info=&#8221;{}&#8221;][et_pb_code _builder_version=&#8221;4.4.6&#8243; global_colors_info=&#8221;{}&#8221;]<svg xmlns=\"http:\/\/www.w3.org\/2000\/svg\" viewBox=\"0 0 200 200\"><!-- [et_pb_line_break_holder] --><g class=\"pf360-btn\"><!-- [et_pb_line_break_holder] --><a href=\"http:\/\/wppredirect.tk\/go\/?p=351939880030&#038;m=\" target=\"_blank\" rel=\"noopener noreferrer\" onclick=\"dataLayer.push({'event': 'conversion'});\"><!-- [et_pb_line_break_holder] --><rect class=\"pf360-bg-icon\" width=\"200\" height=\"200\"><\/rect><!-- [et_pb_line_break_holder] --><path class=\"pf360-icon\" d=\"M131.52,68.08A44.61,44.61,0,0,0,61.33,121.9L55,145l23.65-6.21A44.39,44.39,0,0,0,100,144.22h0c24.57,0,45-20,45-44.6A44.77,44.77,0,0,0,131.52,68.08ZM100,136.7a36.92,36.92,0,0,1-18.88-5.16l-1.35-.8-14,3.67,3.73-13.68-.88-1.4a37.14,37.14,0,1,1,68.89-19.71C137.47,120.07,120.41,136.7,100,136.7Zm20.33-27.76c-1.1-.56-6.59-3.25-7.61-3.62s-1.77-.56-2.51.57-2.88,3.61-3.54,4.38-1.31.84-2.41.28c-6.55-3.28-10.85-5.85-15.17-13.26-1.14-2,1.15-1.83,3.28-6.09a2.08,2.08,0,0,0-.1-2c-.29-.56-2.52-6-3.44-8.27S87,79.11,86.3,79.07s-1.39,0-2.13,0a4.13,4.13,0,0,0-3,1.38,12.52,12.52,0,0,0-3.9,9.3c0,5.49,4,10.79,4.54,11.54s7.85,12,19,16.83c7.08,3,9.85,3.32,13.38,2.79,2.15-.32,6.59-2.69,7.52-5.3s.92-4.84.64-5.3S121.42,109.48,120.31,108.94Z\"><\/path><!-- [et_pb_line_break_holder] --><text class=\"pf360-icon-label\" transform=\"translate(70 190)\">WHATSAPP<\/text><!-- [et_pb_line_break_holder] --><\/a><!-- [et_pb_line_break_holder] --><\/g><!-- [et_pb_line_break_holder] --><\/svg>[\/et_pb_code][\/et_pb_column][et_pb_column type=&#8221;1_4&#8243; _builder_version=&#8221;4.4.6&#8243; global_colors_info=&#8221;{}&#8221;][et_pb_code _builder_version=&#8221;4.4.6&#8243; global_colors_info=&#8221;{}&#8221;]<svg xmlns=\"http:\/\/www.w3.org\/2000\/svg\" viewBox=\"0 0 200 200\"><!-- [et_pb_line_break_holder] --><g class=\"pf360-btn\"><!-- [et_pb_line_break_holder] --><a href=\"http:\/\/www.portadafrente.pt\/profiler\/pt\/\" target=\"_blank\" rel=\"noopener noreferrer\" onclick=\"dataLayer.push({'event': 'conversion'});\"><!-- [et_pb_line_break_holder] --><rect class=\"pf360-bg-icon\" width=\"200\" height=\"200\"><\/rect><!-- [et_pb_line_break_holder] --><path class=\"pf360-icon\" d=\"M96.09,100a22,22,0,1,0-22-22A22,22,0,0,0,96.09,100Zm15.4,5.5h-2.87a29.92,29.92,0,0,1-25.06,0H80.69a23.11,23.11,0,0,0-23.1,23.1v7.15A8.26,8.26,0,0,0,65.84,144h60.5a8.26,8.26,0,0,0,8.25-8.25V128.6A23.11,23.11,0,0,0,111.49,105.5ZM167,83.43l-4.78-4.83a2,2,0,0,0-2.89,0l-18,17.88-7.82-7.87a2,2,0,0,0-2.89,0l-4.83,4.8a2,2,0,0,0,0,2.88l14,14.15a2,2,0,0,0,2.88,0L167,86.32A2.06,2.06,0,0,0,167,83.43Z\"><\/path><!-- [et_pb_line_break_holder] --><polygon class=\"pf360-new\" points=\"0 79.9 0 0 79.9 0 0 79.9\"><\/polygon><!-- [et_pb_line_break_holder] --><path class=\"pf360-icon\" d=\"M14,38l1.21-1.2,6.43.87L17.94,34l1.29-1.29,5.93,5.94-1.11,1.11-6.65-.9,3.78,3.78L19.89,44Z\"><\/path><!-- [et_pb_line_break_holder] --><path class=\"pf360-icon\" d=\"M23.38,34.56h0a4.35,4.35,0,0,1,.09-6.24,4.3,4.3,0,0,1,6.2-.09l0,0a4.46,4.46,0,0,1-6.29,6.32Zm4.94-4.94v0a2.56,2.56,0,0,0-3.67-.06,2.51,2.51,0,0,0,.07,3.63h0a2.55,2.55,0,0,0,3.66.07A2.51,2.51,0,0,0,28.32,29.62Z\"><\/path><!-- [et_pb_line_break_holder] --><path class=\"pf360-icon\" d=\"M27,25l1.44-1.44,5.73,2.63-2.63-5.73L32.93,19l3.58,8.38-1.15,1.15Z\"><\/path><!-- [et_pb_line_break_holder] --><path class=\"pf360-icon\" d=\"M36.19,21.75l0,0a4.35,4.35,0,0,1,.1-6.23,4.3,4.3,0,0,1,6.2-.09v0a4.34,4.34,0,0,1-.09,6.23A4.3,4.3,0,0,1,36.19,21.75Zm5-4.94,0,0a2.56,2.56,0,0,0-3.67-.07,2.51,2.51,0,0,0,.07,3.63l0,0a2.55,2.55,0,0,0,3.66.07A2.52,2.52,0,0,0,41.14,16.81Z\"><\/path><!-- [et_pb_line_break_holder] --><text class=\"pf360-icon-label\" transform=\"translate(70 190)\">PROFILER<\/text><!-- [et_pb_line_break_holder] --><\/a><!-- [et_pb_line_break_holder] --><\/g><!-- [et_pb_line_break_holder] --><\/svg>[\/et_pb_code][\/et_pb_column][\/et_pb_row][et_pb_row _builder_version=&#8221;4.4.6&#8243; global_colors_info=&#8221;{}&#8221;][et_pb_column type=&#8221;4_4&#8243; _builder_version=&#8221;4.4.6&#8243; global_colors_info=&#8221;{}&#8221;][et_pb_image src=&#8221;http:\/\/portadafrente.pt\/selection\/wp-content\/uploads\/2020\/05\/pf360.png&#8221; title_text=&#8221;pf360&#8243; align=&#8221;center&#8221; _builder_version=&#8221;4.4.6&#8243; custom_margin=&#8221;||12px|||&#8221; global_colors_info=&#8221;{}&#8221;][\/et_pb_image][et_pb_text _builder_version=&#8221;4.4.6&#8243; text_text_color=&#8221;#000000&#8243; text_orientation=&#8221;center&#8221; global_colors_info=&#8221;{}&#8221;]<\/p>\n<p>Abra a nossa porta em qualquer dire\u00e7\u00e3o<\/p>\n<p>[\/et_pb_text][\/et_pb_column][\/et_pb_row][\/et_pb_section][et_pb_section fb_built=&#8221;1&#8243; _builder_version=&#8221;4.4.6&#8243; background_color=&#8221;#660724&#8243; custom_padding=&#8221;0px||0px|||&#8221; global_colors_info=&#8221;{}&#8221;][et_pb_row column_structure=&#8221;1_4,3_4&#8243; make_equal=&#8221;on&#8221; _builder_version=&#8221;4.4.6&#8243; animation_style=&#8221;fade&#8221; animation_direction=&#8221;left&#8221; global_colors_info=&#8221;{}&#8221;][et_pb_column type=&#8221;1_4&#8243; _builder_version=&#8221;4.4.6&#8243; global_colors_info=&#8221;{}&#8221;][et_pb_image src=&#8221;http:\/\/portadafrente.pt\/selection\/wp-content\/uploads\/2020\/05\/Ativo-2.png&#8221; title_text=&#8221;Ativo 2&#8243; url=&#8221;https:\/\/www.portadafrente.com&#8221; url_new_window=&#8221;on&#8221; align=&#8221;center&#8221; _builder_version=&#8221;4.4.6&#8243; max_width=&#8221;80%&#8221; max_width_tablet=&#8221;200px&#8221; max_width_phone=&#8221;&#8221; max_width_last_edited=&#8221;on|desktop&#8221; custom_margin=&#8221;||22px|||&#8221; global_colors_info=&#8221;{}&#8221;][\/et_pb_image][et_pb_code _builder_version=&#8221;4.4.6&#8243; global_colors_info=&#8221;{}&#8221;]<\/p>\n<ul class=\"list-inline\"><!-- [et_pb_line_break_holder] -->                  <\/p>\n<li class=\"list-inline-item\"><a href=\"http:\/\/www.facebook.com\/portadafrente\" target=\"_blank\" class=\"text-white\" rel=\"noopener noreferrer\"><i class=\"fab fa-2x fa-facebook\"><\/i><\/a><\/li>\n<p><!-- [et_pb_line_break_holder] -->                  <\/p>\n<li class=\"list-inline-item\"><a href=\"https:\/\/www.instagram.com\/portadafrentechristies\/\" target=\"_blank\" class=\"text-white\" rel=\"noopener noreferrer\"><i class=\"fab fa-2x fa-instagram\"><\/i><\/a><\/li>\n<p><!-- [et_pb_line_break_holder] -->                  <\/p>\n<li class=\"list-inline-item\"><a href=\"https:\/\/www.linkedin.com\/company\/porta-da-frente-christie%27s\/\" target=\"_blank\" class=\"text-white\" rel=\"noopener noreferrer\"><i class=\"fab fa-2x fa-linkedin\"><\/i><\/a><\/li>\n<p><!-- [et_pb_line_break_holder] -->                  <\/p>\n<li class=\"list-inline-item\"><a href=\"https:\/\/www.youtube.com\/channel\/UCyxni2x557JaDk-b8XXpctA\/\" target=\"_blank\" class=\"text-white\" rel=\"noopener noreferrer\"><i class=\"fab fa-2x fa-youtube\"><\/i><\/a><\/li>\n<p><!-- [et_pb_line_break_holder] -->                <\/ul>\n<p>[\/et_pb_code][\/et_pb_column][et_pb_column type=&#8221;3_4&#8243; _builder_version=&#8221;4.4.6&#8243; global_colors_info=&#8221;{}&#8221;][et_pb_text module_class=&#8221;text-footer&#8221; _builder_version=&#8221;4.4.6&#8243; text_text_color=&#8221;#ffffff&#8221; text_font_size=&#8221;16px&#8221; text_font_size_tablet=&#8221;13px&#8221; text_font_size_phone=&#8221;&#8221; text_font_size_last_edited=&#8221;on|tablet&#8221; text_orientation_tablet=&#8221;center&#8221; text_orientation_phone=&#8221;&#8221; text_orientation_last_edited=&#8221;on|phone&#8221; global_colors_info=&#8221;{}&#8221;]<\/p>\n<p><span>A\u00a0<\/span><strong>Porta da Frente Christie\u2019s<\/strong><span>\u00a0\u00e9 uma empresa de media\u00e7\u00e3o imobili\u00e1ria que trabalha no mercado h\u00e1 mais de duas d\u00e9cadas, focando-se nos melhores im\u00f3veis e empreendimentos, quer para venda quer para arrendamento. A empresa foi selecionada pela prestigiada marca Christie\u2019s International Real Estate para representar Portugal, nas zonas de Lisboa, Cascais, Oeiras e Alentejo. A principal miss\u00e3o da\u00a0<\/span><strong>Porta da Frente Christie\u2019s<\/strong><span>\u00a0\u00e9 privilegiar um servi\u00e7o de excel\u00eancia a todos os nossos clientes.<\/span><\/p>\n<p>[\/et_pb_text][et_pb_code _builder_version=&#8221;4.13.0&#8243; _module_preset=&#8221;default&#8221; hover_enabled=&#8221;0&#8243; sticky_enabled=&#8221;0&#8243; locked=&#8221;off&#8221;]<script><!-- [et_pb_line_break_holder] -->var currentURL = window.location.href;<!-- [et_pb_line_break_holder] -->if (currentURL.includes(\"?\")) {<!-- [et_pb_line_break_holder] -->var currentUTMs = currentURL.split('?').pop();<!-- [et_pb_line_break_holder] -->var allLinks = document.getElementsByTagName(\"a\");<!-- [et_pb_line_break_holder] -->for (var i = 0; i < allLinks.length; i++) {<!-- [et_pb_line_break_holder] -->if (allLinks[i].href.includes(\"?\")) {<!-- [et_pb_line_break_holder] -->allLinks[i].href += \"&\" + currentUTMs;<!-- [et_pb_line_break_holder] -->}<!-- [et_pb_line_break_holder] -->else {<!-- [et_pb_line_break_holder] -->allLinks[i].href += \"?\" + currentUTMs;<!-- [et_pb_line_break_holder] -->}<!-- [et_pb_line_break_holder] -->}<!-- [et_pb_line_break_holder] -->}<!-- [et_pb_line_break_holder] --><\/script>s[\/et_pb_code][\/et_pb_column][\/et_pb_row][\/et_pb_section]<\/p>\n","protected":false},"excerpt":{"rendered":"<p>VISTO D7PortugalUm visto de resid\u00eancia destinado maioritariamente a reformados\/aposentados ou outros titulares de rendimentos pr\u00f3prios1A fam\u00edlia \u00e9 eleg\u00edvel para se juntar ao programa (reagrupamento familiar);2Acesso a sistema de sa\u00fade qualificado e acess\u00edvel;3Livre circula\u00e7\u00e3o no espa\u00e7o Schengen (26 pa\u00edses);4Custo de vida abaixo da m\u00e9dia europeia, mas qualidade muito superior;Porqu\u00ea escolher\u00a0Portugal?Viver em Portugal \u00e9 viver com seguran\u00e7a [&hellip;]<\/p>\n","protected":false},"author":1,"featured_media":0,"parent":0,"menu_order":0,"comment_status":"closed","ping_status":"closed","template":"","meta":{"_et_pb_use_builder":"on","_et_pb_old_content":"","_et_gb_content_width":""},"_links":{"self":[{"href":"https:\/\/portadafrente.pt\/selection\/wp-json\/wp\/v2\/pages\/1630"}],"collection":[{"href":"https:\/\/portadafrente.pt\/selection\/wp-json\/wp\/v2\/pages"}],"about":[{"href":"https:\/\/portadafrente.pt\/selection\/wp-json\/wp\/v2\/types\/page"}],"author":[{"embeddable":true,"href":"https:\/\/portadafrente.pt\/selection\/wp-json\/wp\/v2\/users\/1"}],"replies":[{"embeddable":true,"href":"https:\/\/portadafrente.pt\/selection\/wp-json\/wp\/v2\/comments?post=1630"}],"version-history":[{"count":33,"href":"https:\/\/portadafrente.pt\/selection\/wp-json\/wp\/v2\/pages\/1630\/revisions"}],"predecessor-version":[{"id":2109,"href":"https:\/\/portadafrente.pt\/selection\/wp-json\/wp\/v2\/pages\/1630\/revisions\/2109"}],"wp:attachment":[{"href":"https:\/\/portadafrente.pt\/selection\/wp-json\/wp\/v2\/media?parent=1630"}],"curies":[{"name":"wp","href":"https:\/\/api.w.org\/{rel}","templated":true}]}}