{"id":1585,"date":"2021-03-15T09:05:45","date_gmt":"2021-03-15T12:05:45","guid":{"rendered":"http:\/\/www.portadafrente.pt\/selection\/?page_id=1585"},"modified":"2021-03-15T12:20:32","modified_gmt":"2021-03-15T15:20:32","slug":"fr","status":"publish","type":"page","link":"https:\/\/portadafrente.pt\/selection\/2020-audience-review\/fr\/","title":{"rendered":"2020 Audience Review"},"content":{"rendered":"<p>[et_pb_section fb_built=&#8221;1&#8243; fullwidth=&#8221;on&#8221; module_class=&#8221;fix-mobile-height&#8221; _builder_version=&#8221;4.9.0&#8243; positioning=&#8221;absolute&#8221; min_height=&#8221;100vh&#8221; min_height_tablet=&#8221;100vh&#8221; min_height_phone=&#8221;100vh&#8221; min_height_last_edited=&#8221;on|desktop&#8221; custom_padding=&#8221;0px||0px||false|false&#8221;][et_pb_fullwidth_slider use_bg_overlay=&#8221;on&#8221; bg_overlay_color=&#8221;rgba(0,0,0,0.3)&#8221; _builder_version=&#8221;4.9.0&#8243; min_height=&#8221;100vh&#8221; min_height_tablet=&#8221;100vh&#8221; min_height_phone=&#8221;100vh&#8221; min_height_last_edited=&#8221;on|desktop&#8221; animation_style=&#8221;fade&#8221; animation_duration=&#8221;500ms&#8221;][et_pb_slide use_bg_overlay=&#8221;on&#8221; bg_overlay_color=&#8221;rgba(0,0,0,0.25)&#8221; use_text_overlay=&#8221;off&#8221; admin_title=&#8221;Maat&#8221; _builder_version=&#8221;4.9.0&#8243; background_enable_color=&#8221;off&#8221; background_image=&#8221;http:\/\/www.portadafrente.pt\/selection\/wp-content\/uploads\/2021\/03\/new-head.jpg&#8221; background_enable_image=&#8221;on&#8221; background_last_edited=&#8221;on|desktop&#8221; background_enable_color_phone=&#8221;off&#8221; background_size_phone=&#8221;cover&#8221; background_position_phone=&#8221;center&#8221; sticky_transition=&#8221;on&#8221;][\/et_pb_slide][\/et_pb_fullwidth_slider][\/et_pb_section][et_pb_section fb_built=&#8221;1&#8243; module_class=&#8221;fix-mobile-height&#8221; _builder_version=&#8221;4.9.0&#8243; background_color=&#8221;rgba(0,0,0,0)&#8221; background_enable_image=&#8221;off&#8221; min_height=&#8221;100vh&#8221; min_height_tablet=&#8221;100vh&#8221; min_height_phone=&#8221;100vh&#8221; min_height_last_edited=&#8221;on|desktop&#8221; custom_padding=&#8221;0px||0%||false|false&#8221;][et_pb_row column_structure=&#8221;1_2,1_2&#8243; use_custom_gutter=&#8221;on&#8221; gutter_width=&#8221;1&#8243; make_equal=&#8221;on&#8221; custom_padding_last_edited=&#8221;on|desktop&#8221; module_class=&#8221;row-open-txt&#8221; _builder_version=&#8221;4.9.0&#8243; positioning=&#8221;none&#8221; width=&#8221;100%&#8221; max_width=&#8221;100%&#8221; min_height=&#8221;100vh&#8221; min_height_tablet=&#8221;100vh&#8221; min_height_phone=&#8221;100vh&#8221; min_height_last_edited=&#8221;on|phone&#8221; custom_padding=&#8221;0px||0px|||&#8221; custom_padding_tablet=&#8221;&#8221; custom_padding_phone=&#8221;&#8221;][et_pb_column type=&#8221;1_2&#8243; _builder_version=&#8221;4.9.0&#8243; _module_preset=&#8221;default&#8221; custom_padding_tablet=&#8221;||50px||false|false&#8221; custom_padding_phone=&#8221;&#8221; custom_padding_last_edited=&#8221;on|phone&#8221;][\/et_pb_column][et_pb_column type=&#8221;1_2&#8243; module_class=&#8221;open-txt&#8221; _builder_version=&#8221;4.9.0&#8243;][et_pb_image src=&#8221;http:\/\/www.portadafrente.pt\/selection\/wp-content\/uploads\/2021\/03\/selo.png&#8221; title_text=&#8221;selo&#8221; align_tablet=&#8221;center&#8221; align_phone=&#8221;&#8221; align_last_edited=&#8221;on|desktop&#8221; _builder_version=&#8221;4.9.0&#8243; _module_preset=&#8221;default&#8221; custom_margin=&#8221;||45px||false|false&#8221; animation_style=&#8221;fold&#8221; animation_duration=&#8221;450ms&#8221; animation_delay=&#8221;750ms&#8221;][\/et_pb_image][et_pb_text disabled_on=&#8221;off|off|off&#8221; _builder_version=&#8221;4.9.0&#8243; _module_preset=&#8221;default&#8221; text_font=&#8221;Raleway|300|||||||&#8221; text_text_color=&#8221;#FFFFFF&#8221; text_font_size=&#8221;16px&#8221; text_line_height=&#8221;1.3em&#8221; link_font=&#8221;|700|||||||&#8221; link_text_color=&#8221;#FFFFFF&#8221; max_width_tablet=&#8221;100%&#8221; max_width_last_edited=&#8221;off|desktop&#8221; module_alignment=&#8221;left&#8221; custom_margin=&#8221;||20px||false|false&#8221; custom_padding=&#8221;||||false|false&#8221; custom_padding_tablet=&#8221;|20px||20px|false|false&#8221; custom_padding_phone=&#8221;&#8221; custom_padding_last_edited=&#8221;on|desktop&#8221; animation_style=&#8221;fade&#8221; animation_duration=&#8221;500ms&#8221; animation_delay=&#8221;750ms&#8221; hover_enabled=&#8221;0&#8243; text_font_size_tablet=&#8221;14px&#8221; text_font_size_phone=&#8221;12px&#8221; text_font_size_last_edited=&#8221;on|phone&#8221; link_text_align_tablet=&#8221;center&#8221; link_text_align_phone=&#8221;&#8221; link_text_align_last_edited=&#8221;on|phone&#8221; link_text_color_last_edited=&#8221;off|desktop&#8221; text_orientation_tablet=&#8221;center&#8221; text_orientation_phone=&#8221;&#8221; text_orientation_last_edited=&#8221;on|phone&#8221; module_alignment_tablet=&#8221;center&#8221; module_alignment_phone=&#8221;center&#8221; module_alignment_last_edited=&#8221;on|phone&#8221; link_text_color__hover_enabled=&#8221;on|desktop&#8221; link_text_color__hover=&#8221;#660024&#8243; sticky_enabled=&#8221;0&#8243;]<\/p>\n<p>L&#8217;ann\u00e9e \u00e9coul\u00e9e a transform\u00e9 la vie quotidienne de chacun \u00e0 l&#8217;\u00e9chelle mondiale, \u00e9veillant de nouveaux int\u00e9r\u00eats, soulevant des comportements et des fa\u00e7ons d&#8217;\u00eatre chez nous. Nous vous invitons \u00e0 revenir sur 2020 et \u00e0 d\u00e9couvrir les principales tendances de l&#8217;immobilier portugais \u00e0 partir des donn\u00e9es g\u00e9n\u00e9r\u00e9es par notre audience sur les diff\u00e9rentes plateformes de marketing que nous utilisons.<\/p>\n<p>[\/et_pb_text][et_pb_text disabled_on=&#8221;off|off|off&#8221; _builder_version=&#8221;4.9.0&#8243; _module_preset=&#8221;default&#8221; text_font=&#8221;Raleway|300|||||||&#8221; text_text_color=&#8221;#FFFFFF&#8221; text_font_size=&#8221;16px&#8221; text_line_height=&#8221;1.3em&#8221; link_font=&#8221;|700|||||||&#8221; link_text_color=&#8221;#FFFFFF&#8221; link_font_size=&#8221;18px&#8221; link_line_height=&#8221;1.4em&#8221; max_width_tablet=&#8221;100%&#8221; max_width_phone=&#8221;&#8221; max_width_last_edited=&#8221;on|tablet&#8221; module_alignment=&#8221;left&#8221; custom_margin=&#8221;||20px||false|false&#8221; custom_padding=&#8221;||||false|false&#8221; animation_style=&#8221;fade&#8221; animation_duration=&#8221;500ms&#8221; animation_delay=&#8221;750ms&#8221; hover_enabled=&#8221;0&#8243; link_text_align_tablet=&#8221;center&#8221; link_text_align_phone=&#8221;&#8221; link_text_align_last_edited=&#8221;on|phone&#8221; link_text_color_last_edited=&#8221;off|desktop&#8221; text_orientation_tablet=&#8221;center&#8221; text_orientation_phone=&#8221;&#8221; text_orientation_last_edited=&#8221;on|phone&#8221; module_alignment_tablet=&#8221;center&#8221; module_alignment_phone=&#8221;center&#8221; module_alignment_last_edited=&#8221;on|phone&#8221; link_text_color__hover_enabled=&#8221;on|desktop&#8221; link_text_color__hover=&#8221;#660024&#8243; sticky_enabled=&#8221;0&#8243;]<\/p>\n<p><a href=\"#apresentacao\">Pr\u00e9sentation<\/a><br \/> <a href=\"#nacionalidades\">Nationalit\u00e9s<\/a><br \/> <a href=\"#lifestyles\">Modes de vie<\/a><br \/> <a href=\"#localizacoes\">Localisation<\/a><br \/> <a href=\"#casas\">Biens immobiliers<\/a><br \/> <a href=\"#empreendimentos\">Complexes r\u00e9sidentiels<\/a><br \/> <a href=\"#digital\">Pr\u00e9sence num\u00e9rique<\/a><br \/> <a href=\"#tendencias\">Tendances<\/a><\/p>\n<p>[\/et_pb_text][et_pb_text _builder_version=&#8221;4.9.0&#8243; text_text_color=&#8221;#660024&#8243; text_font_size=&#8221;30px&#8221; max_width_tablet=&#8221;100%&#8221; max_width_phone=&#8221;&#8221; max_width_last_edited=&#8221;on|phone&#8221; module_alignment=&#8221;left&#8221; animation_style=&#8221;fade&#8221; animation_duration=&#8221;500ms&#8221; animation_delay=&#8221;750ms&#8221; text_orientation_tablet=&#8221;center&#8221; text_orientation_phone=&#8221;&#8221; text_orientation_last_edited=&#8221;on|phone&#8221; module_alignment_tablet=&#8221;center&#8221; module_alignment_phone=&#8221;center&#8221; module_alignment_last_edited=&#8221;on|desktop&#8221;]<\/p>\n<p><a href=\"#apresentacao\" style=\"color: #cccccc;\"><i class=\"fas fa-chevron-down\"><\/i><\/a><\/p>\n<p>[\/et_pb_text][\/et_pb_column][\/et_pb_row][\/et_pb_section][et_pb_section fb_built=&#8221;1&#8243; module_id=&#8221;navbar&#8221; _builder_version=&#8221;4.9.0&#8243; _module_preset=&#8221;default&#8221; background_color=&#8221;#FFFFFF&#8221; custom_padding=&#8221;0px||0px||false|false&#8221;][et_pb_row _builder_version=&#8221;4.9.0&#8243; _module_preset=&#8221;default&#8221; custom_padding=&#8221;15px||15px||false|false&#8221;][et_pb_column type=&#8221;4_4&#8243; _builder_version=&#8221;4.9.0&#8243; _module_preset=&#8221;default&#8221;][et_pb_text _builder_version=&#8221;4.9.0&#8243; _module_preset=&#8221;default&#8221; text_font=&#8221;Raleway||||||||&#8221; text_text_color=&#8221;#999999&#8243; link_font=&#8221;Raleway||||||||&#8221; link_text_align=&#8221;center&#8221; link_text_color=&#8221;#999999&#8243; text_orientation=&#8221;center&#8221; hover_enabled=&#8221;0&#8243; link_text_color__hover_enabled=&#8221;on|desktop&#8221; link_text_color__hover=&#8221;#000000&#8243; sticky_enabled=&#8221;0&#8243;]<\/p>\n<p><a href=\"#apresentacao\">Pr\u00e9sentation<\/a> |\u00a0<a href=\"#nacionalidades\">Nationalit\u00e9s<\/a> |\u00a0<a href=\"#lifestyles\">Modes de vie<\/a> | <a href=\"#localizacoes\">Localisation<\/a> | <a href=\"#casas\">Biens immobiliers<\/a> | <a href=\"#empreendimentos\">Complexes r\u00e9sidentiels<\/a> | <a href=\"#digital\">Pr\u00e9sence num\u00e9rique<\/a> | <a href=\"#tendencias\">Tendances<\/a><\/p>\n<p>[\/et_pb_text][\/et_pb_column][\/et_pb_row][\/et_pb_section][et_pb_section fb_built=&#8221;1&#8243; module_id=&#8221;apresentacao&#8221; _builder_version=&#8221;4.9.0&#8243; background_color_gradient_direction=&#8221;90deg&#8221; background_enable_image=&#8221;off&#8221; background_size=&#8221;contain&#8221; background_repeat=&#8221;repeat-y&#8221; custom_padding=&#8221;50px||0px||false|false&#8221; animation_style=&#8221;fade&#8221; animation_duration=&#8221;500ms&#8221; animation_delay=&#8221;1500ms&#8221; background_last_edited=&#8221;on|desktop&#8221; background_enable_image_tablet=&#8221;off&#8221; parallax_tablet=&#8221;off&#8221;][et_pb_row _builder_version=&#8221;4.9.0&#8243; _module_preset=&#8221;default&#8221; custom_padding=&#8221;0px||0px|||&#8221;][et_pb_column type=&#8221;4_4&#8243; _builder_version=&#8221;4.9.0&#8243; _module_preset=&#8221;default&#8221;][et_pb_text _builder_version=&#8221;4.9.0&#8243; _module_preset=&#8221;default&#8221; text_font=&#8221;Raleway||||||||&#8221; text_text_color=&#8221;#000000&#8243; header_font=&#8221;Montserrat|700|||||||&#8221; header_text_align=&#8221;left&#8221; header_text_color=&#8221;#660024&#8243; header_font_size=&#8221;28px&#8221; header_line_height=&#8221;1.7em&#8221; text_orientation=&#8221;center&#8221; max_width=&#8221;60%&#8221; module_alignment=&#8221;center&#8221; custom_margin=&#8221;0px||30px||false|false&#8221; hover_enabled=&#8221;0&#8243; sticky_enabled=&#8221;0&#8243;]<\/p>\n<p>Nous avons collect\u00e9 des donn\u00e9es sur l&#8217;ensemble de nos plateformes pour analyser l&#8217;ann\u00e9e 2020: les plus grandes tendances, les produits qui ont suscit\u00e9 le plus d&#8217;int\u00e9r\u00eat, les principaux clients de l&#8217;ann\u00e9e, parmi de nombreux autres indicateurs que nous partageons avec vous de premi\u00e8re main.<\/p>\n<p>[\/et_pb_text][\/et_pb_column][\/et_pb_row][et_pb_row column_structure=&#8221;1_5,1_5,1_5,1_5,1_5&#8243; module_class=&#8221;coluna-mobile&#8221; _builder_version=&#8221;4.9.0&#8243; _module_preset=&#8221;default&#8221; custom_padding=&#8221;0px|||||&#8221; animation_style=&#8221;slide&#8221;][et_pb_column type=&#8221;1_5&#8243; _builder_version=&#8221;4.9.0&#8243; _module_preset=&#8221;default&#8221;][et_pb_image src=&#8221;http:\/\/www.portadafrente.pt\/selection\/wp-content\/uploads\/2021\/03\/fontes_0004_analytics.jpg&#8221; title_text=&#8221;fontes_0004_analytics&#8221; _builder_version=&#8221;4.9.0&#8243; _module_preset=&#8221;default&#8221;][\/et_pb_image][\/et_pb_column][et_pb_column type=&#8221;1_5&#8243; _builder_version=&#8221;4.9.0&#8243; _module_preset=&#8221;default&#8221;][et_pb_image src=&#8221;http:\/\/www.portadafrente.pt\/selection\/wp-content\/uploads\/2021\/03\/fontes_0003_Agrupar-1.jpg&#8221; title_text=&#8221;fontes_0003_Agrupar 1&#8243; _builder_version=&#8221;4.9.0&#8243; _module_preset=&#8221;default&#8221;][\/et_pb_image][\/et_pb_column][et_pb_column type=&#8221;1_5&#8243; _builder_version=&#8221;4.9.0&#8243; _module_preset=&#8221;default&#8221;][et_pb_image src=&#8221;http:\/\/www.portadafrente.pt\/selection\/wp-content\/uploads\/2021\/03\/newyt-1.jpg&#8221; title_text=&#8221;newyt&#8221; _builder_version=&#8221;4.9.0&#8243; _module_preset=&#8221;default&#8221; locked=&#8221;off&#8221;][\/et_pb_image][\/et_pb_column][et_pb_column type=&#8221;1_5&#8243; _builder_version=&#8221;4.9.0&#8243; _module_preset=&#8221;default&#8221;][et_pb_image src=&#8221;http:\/\/www.portadafrente.pt\/selection\/wp-content\/uploads\/2021\/03\/fontes_0000_LinkedIn-Logo-2003-1.jpg&#8221; title_text=&#8221;fontes_0000_LinkedIn-Logo-2003&#8243; _builder_version=&#8221;4.9.0&#8243; _module_preset=&#8221;default&#8221; locked=&#8221;off&#8221;][\/et_pb_image][\/et_pb_column][et_pb_column type=&#8221;1_5&#8243; _builder_version=&#8221;4.9.0&#8243; _module_preset=&#8221;default&#8221;][et_pb_image src=&#8221;http:\/\/www.portadafrente.pt\/selection\/wp-content\/uploads\/2021\/03\/fontes_0001_Salesforce_Corporate_Logo_RGB.jpg&#8221; title_text=&#8221;fontes_0001_Salesforce_Corporate_Logo_RGB&#8221; _builder_version=&#8221;4.9.0&#8243; _module_preset=&#8221;default&#8221; locked=&#8221;off&#8221;][\/et_pb_image][\/et_pb_column][\/et_pb_row][et_pb_row _builder_version=&#8221;4.9.0&#8243; _module_preset=&#8221;default&#8221; custom_padding=&#8221;||0px|||&#8221;][et_pb_column type=&#8221;4_4&#8243; _builder_version=&#8221;4.9.0&#8243; _module_preset=&#8221;default&#8221;][et_pb_divider color=&#8221;#cccccc&#8221; _builder_version=&#8221;4.9.0&#8243; _module_preset=&#8221;default&#8221;][\/et_pb_divider][\/et_pb_column][\/et_pb_row][\/et_pb_section][et_pb_section fb_built=&#8221;1&#8243; custom_padding_last_edited=&#8221;on|desktop&#8221; module_id=&#8221;nacionalidades&#8221; _builder_version=&#8221;4.9.0&#8243; _module_preset=&#8221;default&#8221; background_color_gradient_direction=&#8221;90deg&#8221; background_enable_image=&#8221;off&#8221; background_size=&#8221;contain&#8221; background_repeat=&#8221;repeat-y&#8221; custom_margin=&#8221;||41px|||&#8221; custom_padding=&#8221;50px||0px||false|false&#8221; custom_padding_tablet=&#8221;0px||||false|false&#8221; custom_padding_phone=&#8221;&#8221; background_last_edited=&#8221;on|desktop&#8221; background_enable_image_tablet=&#8221;off&#8221; parallax_tablet=&#8221;off&#8221;][et_pb_row column_structure=&#8221;3_5,2_5&#8243; module_class=&#8221;txt-openings&#8221; _builder_version=&#8221;4.9.0&#8243; _module_preset=&#8221;default&#8221; custom_padding=&#8221;||29px|||&#8221; animation_style=&#8221;fold&#8221; animation_direction=&#8221;top&#8221;][et_pb_column type=&#8221;3_5&#8243; _builder_version=&#8221;4.9.0&#8243; _module_preset=&#8221;default&#8221;][et_pb_text _builder_version=&#8221;4.9.0&#8243; _module_preset=&#8221;default&#8221; text_font=&#8221;Montserrat|700|||||||&#8221; text_text_color=&#8221;#000000&#8243; text_line_height=&#8221;2em&#8221; hover_enabled=&#8221;0&#8243; text_orientation_tablet=&#8221;center&#8221; text_orientation_phone=&#8221;&#8221; text_orientation_last_edited=&#8221;on|desktop&#8221; sticky_enabled=&#8221;0&#8243;]<span class=\"number-size\">29<\/span><br \/>\n<span class=\"label-size\">nationalit\u00e9s diff\u00e9rentes<\/span>[\/et_pb_text][\/et_pb_column][et_pb_column type=&#8221;2_5&#8243; _builder_version=&#8221;4.9.0&#8243; _module_preset=&#8221;default&#8221;][et_pb_text _builder_version=&#8221;4.9.0&#8243; _module_preset=&#8221;default&#8221; text_font=&#8221;Raleway||||||||&#8221; text_text_color=&#8221;#000000&#8243; text_line_height=&#8221;1.5em&#8221; header_font=&#8221;Montserrat|700|||||||&#8221; header_text_align=&#8221;left&#8221; header_text_color=&#8221;#660024&#8243; header_font_size=&#8221;28px&#8221; header_line_height=&#8221;1.7em&#8221; text_orientation=&#8221;right&#8221; max_width=&#8221;100%&#8221; max_width_tablet=&#8221;100%&#8221; max_width_phone=&#8221;&#8221; max_width_last_edited=&#8221;on|phone&#8221; module_alignment=&#8221;right&#8221; custom_margin=&#8221;||||false|false&#8221; text_orientation_tablet=&#8221;center&#8221; text_orientation_phone=&#8221;&#8221; text_orientation_last_edited=&#8221;on|desktop&#8221; module_alignment_tablet=&#8221;center&#8221; module_alignment_phone=&#8221;center&#8221; module_alignment_last_edited=&#8221;on|phone&#8221;]<\/p>\n<p>Bien que les restrictions de circulation aient retard\u00e9 l&#8217;arriv\u00e9e d&#8217;acheteurs internationaux au Portugal, l&#8217;int\u00e9r\u00eat se maintient. Nous avons r\u00e9alis\u00e9 des transactions avec des clients de 29 nationalit\u00e9s en 2020, avec un accent particulier sur les Portugais, qui ont d\u00e9cid\u00e9 d&#8217;investir dans le march\u00e9 immobilier.<\/p>\n<p>[\/et_pb_text][\/et_pb_column][\/et_pb_row][et_pb_row column_structure=&#8221;1_4,1_4,1_4,1_4&#8243; module_class=&#8221;coluna-mobile&#8221; _builder_version=&#8221;4.9.0&#8243; _module_preset=&#8221;default&#8221; max_width=&#8221;767px&#8221; module_alignment=&#8221;center&#8221; animation_style=&#8221;bounce&#8221; animation_direction=&#8221;top&#8221;][et_pb_column type=&#8221;1_4&#8243; _builder_version=&#8221;4.9.0&#8243; _module_preset=&#8221;default&#8221;][et_pb_image src=&#8221;http:\/\/www.portadafrente.pt\/selection\/wp-content\/uploads\/2021\/03\/Portugal_flag_300.png&#8221; title_text=&#8221;Portugal_flag_300&#8243; _builder_version=&#8221;4.9.0&#8243; _module_preset=&#8221;default&#8221; border_radii=&#8221;on|20px|20px|20px|20px&#8221;][\/et_pb_image][et_pb_circle_counter number=&#8221;41&#8243; bar_bg_color=&#8221;#660024&#8243; circle_color=&#8221;#000000&#8243; _builder_version=&#8221;4.9.0&#8243; _module_preset=&#8221;default&#8221; number_font=&#8221;Montserrat||||||||&#8221; number_text_color=&#8221;#000000&#8243; number_font_size=&#8221;36px&#8221; background_enable_image=&#8221;off&#8221; max_width=&#8221;120px&#8221; custom_margin=&#8221;30px|auto|0px|auto|false|false&#8221;][\/et_pb_circle_counter][\/et_pb_column][et_pb_column type=&#8221;1_4&#8243; _builder_version=&#8221;4.9.0&#8243; _module_preset=&#8221;default&#8221;][et_pb_image src=&#8221;http:\/\/www.portadafrente.pt\/selection\/wp-content\/uploads\/2021\/03\/800px-Flag_of_Brazil.svg_.png&#8221; title_text=&#8221;800px-Flag_of_Brazil.svg&#8221; _builder_version=&#8221;4.9.0&#8243; _module_preset=&#8221;default&#8221; border_radii=&#8221;on|20px|20px|20px|20px&#8221;][\/et_pb_image][et_pb_circle_counter number=&#8221;14&#8243; bar_bg_color=&#8221;#660024&#8243; circle_color=&#8221;#000000&#8243; _builder_version=&#8221;4.9.0&#8243; _module_preset=&#8221;default&#8221; number_font=&#8221;Montserrat||||||||&#8221; number_text_color=&#8221;#000000&#8243; number_font_size=&#8221;36px&#8221; background_enable_image=&#8221;off&#8221; max_width=&#8221;120px&#8221; custom_margin=&#8221;30px|auto|0px|auto|false|false&#8221;][\/et_pb_circle_counter][\/et_pb_column][et_pb_column type=&#8221;1_4&#8243; _builder_version=&#8221;4.9.0&#8243; _module_preset=&#8221;default&#8221;][et_pb_image src=&#8221;http:\/\/www.portadafrente.pt\/selection\/wp-content\/uploads\/2021\/03\/france.jpg&#8221; title_text=&#8221;france&#8221; _builder_version=&#8221;4.9.0&#8243; _module_preset=&#8221;default&#8221; border_radii=&#8221;on|20px|20px|20px|20px&#8221;][\/et_pb_image][et_pb_circle_counter number=&#8221;9&#8243; bar_bg_color=&#8221;#660024&#8243; circle_color=&#8221;#000000&#8243; _builder_version=&#8221;4.9.0&#8243; _module_preset=&#8221;default&#8221; number_font=&#8221;Montserrat||||||||&#8221; number_text_color=&#8221;#000000&#8243; number_font_size=&#8221;36px&#8221; background_enable_image=&#8221;off&#8221; max_width=&#8221;120px&#8221; custom_margin=&#8221;30px|auto|0px|auto|false|false&#8221;][\/et_pb_circle_counter][\/et_pb_column][et_pb_column type=&#8221;1_4&#8243; _builder_version=&#8221;4.9.0&#8243; _module_preset=&#8221;default&#8221;][et_pb_image src=&#8221;http:\/\/www.portadafrente.pt\/selection\/wp-content\/uploads\/2021\/03\/uk.jpg&#8221; title_text=&#8221;uk&#8221; _builder_version=&#8221;4.9.0&#8243; _module_preset=&#8221;default&#8221; border_radii=&#8221;on|20px|20px|20px|20px&#8221;][\/et_pb_image][et_pb_circle_counter number=&#8221;5&#8243; bar_bg_color=&#8221;#660024&#8243; circle_color=&#8221;#000000&#8243; _builder_version=&#8221;4.9.0&#8243; _module_preset=&#8221;default&#8221; number_font=&#8221;Montserrat||||||||&#8221; number_text_color=&#8221;#000000&#8243; number_font_size=&#8221;36px&#8221; background_enable_image=&#8221;off&#8221; max_width=&#8221;120px&#8221; custom_margin=&#8221;30px|auto|0px|auto|false|false&#8221;][\/et_pb_circle_counter][\/et_pb_column][\/et_pb_row][et_pb_row disabled_on=&#8221;on|on|off&#8221; _builder_version=&#8221;4.9.0&#8243; _module_preset=&#8221;default&#8221; max_width=&#8221;767px&#8221; module_alignment=&#8221;center&#8221; custom_padding=&#8221;0px||0px|||&#8221; animation_style=&#8221;slide&#8221;][et_pb_column type=&#8221;4_4&#8243; _builder_version=&#8221;4.9.0&#8243; _module_preset=&#8221;default&#8221;][et_pb_text _builder_version=&#8221;4.9.0&#8243; _module_preset=&#8221;default&#8221; text_font=&#8221;Raleway||||||||&#8221; text_text_color=&#8221;#000000&#8243; text_font_size=&#8221;16px&#8221; header_font=&#8221;Montserrat|700|||||||&#8221; header_text_align=&#8221;left&#8221; header_text_color=&#8221;#660024&#8243; header_font_size=&#8221;28px&#8221; header_line_height=&#8221;1.7em&#8221; text_orientation=&#8221;center&#8221; custom_margin=&#8221;0px||30px||false|false&#8221; hover_enabled=&#8221;0&#8243; locked=&#8221;off&#8221; sticky_enabled=&#8221;0&#8243;]<\/p>\n<p>Voir les autres nationalit\u00e9s qui se sont d\u00e9marqu\u00e9es en 2020:<\/p>\n<p>[\/et_pb_text][et_pb_text _builder_version=&#8221;4.9.0&#8243; _module_preset=&#8221;default&#8221; text_orientation=&#8221;center&#8221; custom_margin=&#8221;||0px||false|false&#8221;]<\/p>\n<ul class=\"flags\">\n<li><img src=\"http:\/\/www.portadafrente.pt\/selection\/wp-content\/uploads\/2021\/03\/Flag-Angola.jpg\" \/><\/li>\n<li><img src=\"http:\/\/www.portadafrente.pt\/selection\/wp-content\/uploads\/2021\/03\/Flag-South-Africa.jpg\" \/><\/li>\n<li><img src=\"http:\/\/www.portadafrente.pt\/selection\/wp-content\/uploads\/2021\/03\/Flag-of-The-Netherlands3.png\" \/><\/li>\n<li><img src=\"http:\/\/www.portadafrente.pt\/selection\/wp-content\/uploads\/2021\/03\/Flag-Hong-Kong-province-China.jpg\" \/><\/li>\n<li><img src=\"http:\/\/www.portadafrente.pt\/selection\/wp-content\/uploads\/2021\/03\/russian-flag-russian-flag-russia-flag-of-russia.jpg\" \/><\/li>\n<li><img src=\"http:\/\/www.portadafrente.pt\/selection\/wp-content\/uploads\/2021\/03\/bigstock-China-Flag-6103851.jpg\" \/><\/li>\n<li><img src=\"http:\/\/www.portadafrente.pt\/selection\/wp-content\/uploads\/2021\/03\/S2UUvlX.png\" \/><\/li>\n<li><img src=\"http:\/\/www.portadafrente.pt\/selection\/wp-content\/uploads\/2021\/03\/61gnrswHuBL._AC_SL1024_.jpg\" \/><\/li>\n<li><img src=\"http:\/\/www.portadafrente.pt\/selection\/wp-content\/uploads\/2021\/03\/Australian-Flag.png\" \/><\/li>\n<li><img src=\"http:\/\/www.portadafrente.pt\/selection\/wp-content\/uploads\/2021\/03\/dc4ae4734d1895a1bdd1bbfae9175622.png\" \/><\/li>\n<li><img src=\"http:\/\/www.portadafrente.pt\/selection\/wp-content\/uploads\/2021\/03\/swiss-flag-wide.png\" \/><\/li>\n<li><img src=\"http:\/\/www.portadafrente.pt\/selection\/wp-content\/uploads\/2021\/03\/flagge-philippinen.gif\" \/><\/li>\n<li><img src=\"http:\/\/www.portadafrente.pt\/selection\/wp-content\/uploads\/2021\/03\/Flag-India.jpg\" \/><\/li>\n<\/ul>\n<p>[\/et_pb_text][et_pb_text _builder_version=&#8221;4.9.0&#8243; _module_preset=&#8221;default&#8221; text_orientation=&#8221;center&#8221; custom_margin=&#8221;||0px||false|false&#8221; custom_padding=&#8221;||0px||false|false&#8221;]<\/p>\n<ul class=\"flags\">\n<li><img src=\"http:\/\/www.portadafrente.pt\/selection\/wp-content\/uploads\/2021\/03\/Flag-Canada.jpg\" \/><\/li>\n<li><img src=\"http:\/\/www.portadafrente.pt\/selection\/wp-content\/uploads\/2021\/03\/Flag-Luxembourg.jpg\" \/><\/li>\n<li><img src=\"http:\/\/www.portadafrente.pt\/selection\/wp-content\/uploads\/2021\/03\/flag-of-malaya.jpg\" \/><\/li>\n<li><img src=\"http:\/\/www.portadafrente.pt\/selection\/wp-content\/uploads\/2021\/03\/242224084eb3482fb2b1e0a1ac3453a2.gif\" \/><\/li>\n<li><img src=\"http:\/\/www.portadafrente.pt\/selection\/wp-content\/uploads\/2021\/03\/Sweden-Flag.png\" \/><\/li>\n<li><img src=\"http:\/\/www.portadafrente.pt\/selection\/wp-content\/uploads\/2021\/03\/turkey-flag-png-large.jpg\" \/><\/li>\n<li><img src=\"http:\/\/www.portadafrente.pt\/selection\/wp-content\/uploads\/2021\/03\/ve-flag.jpg\" \/><\/li>\n<li><img src=\"http:\/\/www.portadafrente.pt\/selection\/wp-content\/uploads\/2021\/03\/aeband.gif\" \/><\/li>\n<li><img src=\"http:\/\/www.portadafrente.pt\/selection\/wp-content\/uploads\/2021\/03\/Flag-Israel.jpg\" \/><\/li>\n<li><img src=\"http:\/\/www.portadafrente.pt\/selection\/wp-content\/uploads\/2021\/03\/857c007f0998b00d88907c5d6b08cbd3.jpg\" \/><\/li>\n<li><img src=\"http:\/\/www.portadafrente.pt\/selection\/wp-content\/uploads\/2021\/03\/Flag-Germany.jpg\" \/><\/li>\n<li><img src=\"http:\/\/www.portadafrente.pt\/selection\/wp-content\/uploads\/2021\/03\/finland-flag-png-large.jpg\" \/><\/li>\n<\/ul>\n<p>[\/et_pb_text][\/et_pb_column][\/et_pb_row][et_pb_row custom_padding_last_edited=&#8221;on|phone&#8221; _builder_version=&#8221;4.9.0&#8243; _module_preset=&#8221;default&#8221; custom_padding=&#8221;||0px||false|false&#8221; custom_padding_tablet=&#8221;0px||||false|false&#8221; custom_padding_phone=&#8221;&#8221;][et_pb_column type=&#8221;4_4&#8243; _builder_version=&#8221;4.9.0&#8243; _module_preset=&#8221;default&#8221;][et_pb_divider color=&#8221;#cccccc&#8221; _builder_version=&#8221;4.9.0&#8243; _module_preset=&#8221;default&#8221; max_width=&#8221;50%&#8221; module_alignment=&#8221;center&#8221;][\/et_pb_divider][\/et_pb_column][\/et_pb_row][et_pb_row _builder_version=&#8221;4.9.0&#8243; _module_preset=&#8221;default&#8221; animation_style=&#8221;fade&#8221;][et_pb_column type=&#8221;4_4&#8243; _builder_version=&#8221;4.9.0&#8243; _module_preset=&#8221;default&#8221;][et_pb_text _builder_version=&#8221;4.9.0&#8243; _module_preset=&#8221;default&#8221; text_font=&#8221;Raleway|600|||||||&#8221; text_text_color=&#8221;#000000&#8243; text_font_size=&#8221;26px&#8221; header_font=&#8221;Montserrat|700|||||||&#8221; header_text_align=&#8221;left&#8221; header_text_color=&#8221;#660024&#8243; header_font_size=&#8221;28px&#8221; header_line_height=&#8221;1.7em&#8221; text_orientation=&#8221;center&#8221; custom_margin=&#8221;0px||-2px||false|false&#8221; hover_enabled=&#8221;0&#8243; locked=&#8221;off&#8221; sticky_enabled=&#8221;0&#8243;]<\/p>\n<p>Principales nationalit\u00e9s par agence et prix moyen d&#8217;acquisition<\/p>\n<p>[\/et_pb_text][\/et_pb_column][\/et_pb_row][et_pb_row column_structure=&#8221;1_3,1_3,1_3&#8243; _builder_version=&#8221;4.9.0&#8243; _module_preset=&#8221;default&#8221; custom_margin=&#8221;||9px|||&#8221; custom_padding=&#8221;||0px|||&#8221; animation_style=&#8221;fold&#8221; animation_direction=&#8221;top&#8221;][et_pb_column type=&#8221;1_3&#8243; _builder_version=&#8221;4.9.0&#8243; _module_preset=&#8221;default&#8221;][et_pb_image src=&#8221;http:\/\/www.portadafrente.pt\/selection\/wp-content\/uploads\/2021\/03\/iStock-507006871.jpg&#8221; title_text=&#8221;Santa Marta lighthouse and Municipal museum of Cascais, in Portugal.&#8221; _builder_version=&#8221;4.9.0&#8243; _module_preset=&#8221;default&#8221; border_radii=&#8221;on|20px|20px|20px|20px&#8221;][\/et_pb_image][et_pb_text _builder_version=&#8221;4.9.0&#8243; _module_preset=&#8221;default&#8221; text_font=&#8221;Montserrat|700|||||||&#8221; text_text_color=&#8221;#000000&#8243; text_font_size=&#8221;30px&#8221; text_orientation=&#8221;center&#8221;]<\/p>\n<p>CASCAIS<\/p>\n<p>[\/et_pb_text][et_pb_text _builder_version=&#8221;4.9.0&#8243; _module_preset=&#8221;default&#8221; text_font=&#8221;Raleway||||||||&#8221; text_text_color=&#8221;#000000&#8243; text_font_size=&#8221;18px&#8221; ol_font=&#8221;||||||||&#8221; ol_text_align=&#8221;center&#8221; ol_font_size=&#8221;20px&#8221; ol_line_height=&#8221;1.3em&#8221; text_orientation=&#8221;center&#8221; custom_margin=&#8221;||11px|||&#8221;]<\/p>\n<ul class=\"list-without-bullets\">\n<li><img src=\"http:\/\/www.portadafrente.pt\/selection\/wp-content\/uploads\/2021\/03\/Portugal_flag_300.png\" class=\"mini-flag\" \/><strong style=\"font-size: 1.2em;\">Portugal:\u00a0<span>1.183.412,63\u20ac<\/span><\/strong><\/li>\n<li><img src=\"http:\/\/www.portadafrente.pt\/selection\/wp-content\/uploads\/2021\/03\/800px-Flag_of_Brazil.svg_.png\" class=\"mini-flag\" \/>Brasil:\u00a0<span>1.578.887,81\u20ac<\/span><\/li>\n<li><img src=\"http:\/\/www.portadafrente.pt\/selection\/wp-content\/uploads\/2021\/03\/uk.jpg\" class=\"mini-flag\" \/>UK:\u00a0<span>1.610.000,00\u20ac<\/span><\/li>\n<li><img src=\"http:\/\/www.portadafrente.pt\/selection\/wp-content\/uploads\/2021\/03\/france.jpg\" class=\"mini-flag\" \/>Fran\u00e7a:\u00a0<span>1.243.000,00\u20ac<\/span><\/li>\n<li><img src=\"http:\/\/www.portadafrente.pt\/selection\/wp-content\/uploads\/2021\/03\/russian-flag-russian-flag-russia-flag-of-russia.jpg\" class=\"mini-flag\" \/>R\u00fassia:\u00a0<span>1.288.333,33\u20ac<\/span><\/li>\n<\/ul>\n<p>[\/et_pb_text][et_pb_text _builder_version=&#8221;4.9.0&#8243; _module_preset=&#8221;default&#8221; text_font=&#8221;Montserrat|700|||||||&#8221; text_font_size=&#8221;16px&#8221; text_orientation=&#8221;center&#8221; custom_margin=&#8221;||9px|||&#8221; hover_enabled=&#8221;0&#8243; sticky_enabled=&#8221;0&#8243;]<\/p>\n<p><span>Valeur moyenne:<\/span><\/p>\n<p>[\/et_pb_text][et_pb_text _builder_version=&#8221;4.9.0&#8243; _module_preset=&#8221;default&#8221; text_font=&#8221;Montserrat|700|||||||&#8221; text_text_color=&#8221;#660024&#8243; text_font_size=&#8221;28px&#8221; text_orientation=&#8221;center&#8221;]<\/p>\n<p>\u20ac1.380.000<\/p>\n<p>[\/et_pb_text][et_pb_text _builder_version=&#8221;4.9.0&#8243; _module_preset=&#8221;default&#8221; text_font=&#8221;Raleway||||||||&#8221; text_line_height=&#8221;1.3em&#8221; ol_font=&#8221;||||||||&#8221; ol_text_align=&#8221;center&#8221; ol_font_size=&#8221;20px&#8221; ol_line_height=&#8221;1.4em&#8221; text_orientation=&#8221;center&#8221; max_width=&#8221;78%&#8221; module_alignment=&#8221;center&#8221; custom_margin=&#8221;||11px|||&#8221; hover_enabled=&#8221;0&#8243; locked=&#8221;off&#8221; sticky_enabled=&#8221;0&#8243;]<\/p>\n<p>Voir une s\u00e9lection des biens les plus recherch\u00e9s dans cette r\u00e9gion<\/p>\n<p>[\/et_pb_text][et_pb_image src=&#8221;http:\/\/www.portadafrente.pt\/selection\/wp-content\/uploads\/2021\/03\/botao_infogeral.png&#8221; title_text=&#8221;botao_infogeral&#8221; url=&#8221;https:\/\/www.portadafrente.com\/fr\/immeubles\/?business-type=sale&#038;search-categ=apartment&#038;search-categ=villa&#038;search-counties=cascais&#038;search-price-min=1000000&#038;search-price-max=1500000&#038;search-status=&#038;search-code=&#038;search-order=price_desc#redirect_landing&#8221; url_new_window=&#8221;on&#8221; align=&#8221;center&#8221; _builder_version=&#8221;4.9.0&#8243; _module_preset=&#8221;default&#8221; max_width=&#8221;50%&#8221; module_alignment=&#8221;center&#8221; max_height=&#8221;40px&#8221; hover_enabled=&#8221;0&#8243; border_radii=&#8221;on|40px|40px|40px|40px&#8221; locked=&#8221;off&#8221; sticky_enabled=&#8221;0&#8243;][\/et_pb_image][\/et_pb_column][et_pb_column type=&#8221;1_3&#8243; _builder_version=&#8221;4.9.0&#8243; _module_preset=&#8221;default&#8221;][et_pb_image src=&#8221;http:\/\/www.portadafrente.pt\/selection\/wp-content\/uploads\/2021\/03\/jamor.jpg&#8221; title_text=&#8221;jamor&#8221; _builder_version=&#8221;4.9.0&#8243; _module_preset=&#8221;default&#8221; border_radii=&#8221;on|20px|20px|20px|20px&#8221;][\/et_pb_image][et_pb_text _builder_version=&#8221;4.9.0&#8243; _module_preset=&#8221;default&#8221; text_font=&#8221;Montserrat|700|||||||&#8221; text_text_color=&#8221;#000000&#8243; text_font_size=&#8221;30px&#8221; text_orientation=&#8221;center&#8221; locked=&#8221;off&#8221;]<\/p>\n<p>OEIRAS<\/p>\n<p>[\/et_pb_text][et_pb_text _builder_version=&#8221;4.9.0&#8243; _module_preset=&#8221;default&#8221; text_font=&#8221;Raleway||||||||&#8221; text_text_color=&#8221;#000000&#8243; text_font_size=&#8221;18px&#8221; ol_font=&#8221;||||||||&#8221; ol_text_align=&#8221;center&#8221; ol_font_size=&#8221;20px&#8221; ol_line_height=&#8221;1.3em&#8221; text_orientation=&#8221;center&#8221; custom_margin=&#8221;||11px|||&#8221; locked=&#8221;off&#8221;]<\/p>\n<ul class=\"list-without-bullets\">\n<li><img src=\"http:\/\/www.portadafrente.pt\/selection\/wp-content\/uploads\/2021\/03\/Portugal_flag_300.png\" class=\"mini-flag\" \/><strong style=\"font-size: 1.2em;\">Portugal:\u00a0<span>824.087,73\u20ac<\/span><\/strong><\/li>\n<li><img src=\"http:\/\/www.portadafrente.pt\/selection\/wp-content\/uploads\/2021\/03\/france.jpg\" class=\"mini-flag\" \/>Fran\u00e7a:\u00a0<span>1.646.160,00\u20ac<\/span><\/li>\n<li><img src=\"http:\/\/www.portadafrente.pt\/selection\/wp-content\/uploads\/2021\/03\/Flag-Angola.jpg\" class=\"mini-flag\" \/>Angola:\u00a0<span>1.230.500,00\u20ac<\/span><\/li>\n<li><img src=\"http:\/\/www.portadafrente.pt\/selection\/wp-content\/uploads\/2021\/03\/Flag-Germany.jpg\" class=\"mini-flag\" \/>Alemanha:\u00a0<span>1.435.500,00\u20ac<\/span><\/li>\n<li><img src=\"http:\/\/www.portadafrente.pt\/selection\/wp-content\/uploads\/2021\/03\/Flag-of-The-Netherlands3.png\" class=\"mini-flag\" \/>Holanda:\u00a0<span>448.000,00\u20ac<\/span><\/li>\n<\/ul>\n<p>[\/et_pb_text][et_pb_text _builder_version=&#8221;4.9.0&#8243; _module_preset=&#8221;default&#8221; text_font=&#8221;Montserrat|700|||||||&#8221; text_font_size=&#8221;16px&#8221; text_orientation=&#8221;center&#8221; custom_margin=&#8221;||9px|||&#8221; hover_enabled=&#8221;0&#8243; locked=&#8221;off&#8221; sticky_enabled=&#8221;0&#8243;]<\/p>\n<p><span>Valeur moyenne:<\/span><\/p>\n<p>[\/et_pb_text][et_pb_text _builder_version=&#8221;4.9.0&#8243; _module_preset=&#8221;default&#8221; text_font=&#8221;Montserrat|700|||||||&#8221; text_text_color=&#8221;#660024&#8243; text_font_size=&#8221;28px&#8221; text_orientation=&#8221;center&#8221; locked=&#8221;off&#8221;]<\/p>\n<p>\u20ac840.000<\/p>\n<p>[\/et_pb_text][et_pb_text _builder_version=&#8221;4.9.0&#8243; _module_preset=&#8221;default&#8221; text_font=&#8221;Raleway||||||||&#8221; text_line_height=&#8221;1.3em&#8221; ol_font=&#8221;||||||||&#8221; ol_text_align=&#8221;center&#8221; ol_font_size=&#8221;20px&#8221; ol_line_height=&#8221;1.4em&#8221; text_orientation=&#8221;center&#8221; max_width=&#8221;78%&#8221; module_alignment=&#8221;center&#8221; custom_margin=&#8221;||11px|||&#8221; hover_enabled=&#8221;0&#8243; locked=&#8221;off&#8221; sticky_enabled=&#8221;0&#8243;]<\/p>\n<p>Voir une s\u00e9lection des biens les plus recherch\u00e9s dans cette r\u00e9gion<\/p>\n<p>[\/et_pb_text][et_pb_image src=&#8221;http:\/\/www.portadafrente.pt\/selection\/wp-content\/uploads\/2021\/03\/botao_infogeral.png&#8221; title_text=&#8221;botao_infogeral&#8221; url=&#8221;https:\/\/www.portadafrente.com\/fr\/immeubles\/?business-type=sale&#038;search-categ=apartment&#038;search-categ=villa&#038;search-counties=oeiras&#038;search-price-min=700000&#038;search-price-max=950000&#038;search-status=&#038;search-code=&#038;search-order=price_desc#redirect_landing&#8221; url_new_window=&#8221;on&#8221; align=&#8221;center&#8221; _builder_version=&#8221;4.9.0&#8243; _module_preset=&#8221;default&#8221; max_width=&#8221;50%&#8221; module_alignment=&#8221;center&#8221; max_height=&#8221;40px&#8221; hover_enabled=&#8221;0&#8243; border_radii=&#8221;on|40px|40px|40px|40px&#8221; locked=&#8221;off&#8221; sticky_enabled=&#8221;0&#8243;][\/et_pb_image][\/et_pb_column][et_pb_column type=&#8221;1_3&#8243; _builder_version=&#8221;4.9.0&#8243; _module_preset=&#8221;default&#8221;][et_pb_image src=&#8221;http:\/\/www.portadafrente.pt\/selection\/wp-content\/uploads\/2021\/03\/iStock-684003106.jpg&#8221; title_text=&#8221;Lisbon people on waterfront beside MAAT museum Belem panorama Portugal&#8221; _builder_version=&#8221;4.9.0&#8243; _module_preset=&#8221;default&#8221; border_radii=&#8221;on|20px|20px|20px|20px&#8221;][\/et_pb_image][et_pb_text _builder_version=&#8221;4.9.0&#8243; _module_preset=&#8221;default&#8221; text_font=&#8221;Montserrat|700|||||||&#8221; text_text_color=&#8221;#000000&#8243; text_font_size=&#8221;30px&#8221; text_orientation=&#8221;center&#8221; locked=&#8221;off&#8221;]<\/p>\n<p>LISBOA<\/p>\n<p>[\/et_pb_text][et_pb_text _builder_version=&#8221;4.9.0&#8243; _module_preset=&#8221;default&#8221; text_font=&#8221;Raleway||||||||&#8221; text_text_color=&#8221;#000000&#8243; text_font_size=&#8221;18px&#8221; ol_font=&#8221;||||||||&#8221; ol_text_align=&#8221;center&#8221; ol_font_size=&#8221;20px&#8221; ol_line_height=&#8221;1.3em&#8221; text_orientation=&#8221;center&#8221; custom_margin=&#8221;||11px|||&#8221; locked=&#8221;off&#8221;]<\/p>\n<ul class=\"list-without-bullets\">\n<li><img src=\"http:\/\/www.portadafrente.pt\/selection\/wp-content\/uploads\/2021\/03\/Portugal_flag_300.png\" class=\"mini-flag\" \/><strong style=\"font-size: 1.2em;\">Portugal:\u00a0<span>759.900,00\u20ac<\/span><\/strong><\/li>\n<li><img src=\"http:\/\/www.portadafrente.pt\/selection\/wp-content\/uploads\/2021\/03\/800px-Flag_of_Brazil.svg_.png\" class=\"mini-flag\" \/>Brasil:\u00a0<span>792.872,73\u20ac<\/span><\/li>\n<li><img src=\"http:\/\/www.portadafrente.pt\/selection\/wp-content\/uploads\/2021\/03\/france.jpg\" class=\"mini-flag\" \/>Fran\u00e7a:\u00a0<span>1.041.912,00\u20ac<\/span><\/li>\n<li><img src=\"http:\/\/www.portadafrente.pt\/selection\/wp-content\/uploads\/2021\/03\/bigstock-China-Flag-6103851.jpg\" class=\"mini-flag\" \/>China:\u00a0<span>509.000,00\u20ac<\/span><\/li>\n<li><img src=\"http:\/\/www.portadafrente.pt\/selection\/wp-content\/uploads\/2021\/03\/Flag-Hong-Kong-province-China.jpg\" class=\"mini-flag\" \/>Hong Kong:\u00a0<span>505.000,00\u20ac<\/span><\/li>\n<\/ul>\n<p>[\/et_pb_text][et_pb_text _builder_version=&#8221;4.9.0&#8243; _module_preset=&#8221;default&#8221; text_font=&#8221;Montserrat|700|||||||&#8221; text_font_size=&#8221;16px&#8221; text_orientation=&#8221;center&#8221; custom_margin=&#8221;||9px|||&#8221; hover_enabled=&#8221;0&#8243; locked=&#8221;off&#8221; sticky_enabled=&#8221;0&#8243;]<\/p>\n<p><span>Valeur moyenne:<\/span><\/p>\n<p>[\/et_pb_text][et_pb_text _builder_version=&#8221;4.9.0&#8243; _module_preset=&#8221;default&#8221; text_font=&#8221;Montserrat|700|||||||&#8221; text_text_color=&#8221;#660024&#8243; text_font_size=&#8221;28px&#8221; text_orientation=&#8221;center&#8221; locked=&#8221;off&#8221;]<\/p>\n<p>\u20ac750.000<\/p>\n<p>[\/et_pb_text][et_pb_text _builder_version=&#8221;4.9.0&#8243; _module_preset=&#8221;default&#8221; text_font=&#8221;Raleway||||||||&#8221; text_line_height=&#8221;1.3em&#8221; ol_font=&#8221;||||||||&#8221; ol_text_align=&#8221;center&#8221; ol_font_size=&#8221;20px&#8221; ol_line_height=&#8221;1.4em&#8221; text_orientation=&#8221;center&#8221; max_width=&#8221;78%&#8221; module_alignment=&#8221;center&#8221; custom_margin=&#8221;||11px|||&#8221; hover_enabled=&#8221;0&#8243; locked=&#8221;off&#8221; sticky_enabled=&#8221;0&#8243;]<\/p>\n<p>Voir une s\u00e9lection des biens les plus recherch\u00e9s dans cette r\u00e9gion<\/p>\n<p>[\/et_pb_text][et_pb_image src=&#8221;http:\/\/www.portadafrente.pt\/selection\/wp-content\/uploads\/2021\/03\/botao_infogeral.png&#8221; title_text=&#8221;botao_infogeral&#8221; url=&#8221;https:\/\/www.portadafrente.com\/fr\/immeubles\/?business-type=sale&#038;search-categ=apartment&#038;search-categ=villa&#038;search-counties=lisboa&#038;search-price-min=700000&#038;search-price-max=850000&#038;search-status=&#038;search-code=&#038;search-order=price_desc#redirect_landing&#8221; url_new_window=&#8221;on&#8221; align=&#8221;center&#8221; _builder_version=&#8221;4.9.0&#8243; _module_preset=&#8221;default&#8221; max_width=&#8221;50%&#8221; module_alignment=&#8221;center&#8221; max_height=&#8221;40px&#8221; hover_enabled=&#8221;0&#8243; border_radii=&#8221;on|40px|40px|40px|40px&#8221; locked=&#8221;off&#8221; sticky_enabled=&#8221;0&#8243;][\/et_pb_image][\/et_pb_column][\/et_pb_row][\/et_pb_section][et_pb_section fb_built=&#8221;1&#8243; module_id=&#8221;lifestyles&#8221; _builder_version=&#8221;4.9.0&#8243; _module_preset=&#8221;default&#8221; use_background_color_gradient=&#8221;on&#8221; background_color_gradient_start=&#8221;#161616&#8243; background_color_gradient_end=&#8221;#5e5e5e&#8221; custom_padding=&#8221;||41px|||&#8221;][et_pb_row column_structure=&#8221;1_2,1_2&#8243; module_class=&#8221;txt-openings&#8221; _builder_version=&#8221;4.9.0&#8243; _module_preset=&#8221;default&#8221; animation_style=&#8221;fold&#8221; animation_direction=&#8221;top&#8221; locked=&#8221;off&#8221;][et_pb_column type=&#8221;1_2&#8243; _builder_version=&#8221;4.9.0&#8243; _module_preset=&#8221;default&#8221;][et_pb_text _builder_version=&#8221;4.9.0&#8243; _module_preset=&#8221;default&#8221; text_font=&#8221;Montserrat|700|||||||&#8221; text_text_color=&#8221;#FFFFFF&#8221; text_line_height=&#8221;2em&#8221; hover_enabled=&#8221;0&#8243; text_orientation_tablet=&#8221;center&#8221; text_orientation_phone=&#8221;&#8221; text_orientation_last_edited=&#8221;on|phone&#8221; sticky_enabled=&#8221;0&#8243;]<span class=\"number-size\">Modes de vie<\/span><br \/>\n<span class=\"label-size\">les plus recherch\u00e9s<\/span>[\/et_pb_text][\/et_pb_column][et_pb_column type=&#8221;1_2&#8243; _builder_version=&#8221;4.9.0&#8243; _module_preset=&#8221;default&#8221;][et_pb_text _builder_version=&#8221;4.9.0&#8243; _module_preset=&#8221;default&#8221; text_font=&#8221;Raleway||||||||&#8221; text_text_color=&#8221;#FFFFFF&#8221; text_line_height=&#8221;1.5em&#8221; header_font=&#8221;Montserrat|700|||||||&#8221; header_text_align=&#8221;left&#8221; header_text_color=&#8221;#660024&#8243; header_font_size=&#8221;28px&#8221; header_line_height=&#8221;1.7em&#8221; text_orientation=&#8221;right&#8221; custom_margin=&#8221;||||false|false&#8221; text_orientation_tablet=&#8221;center&#8221; text_orientation_phone=&#8221;&#8221; text_orientation_last_edited=&#8221;on|phone&#8221; locked=&#8221;off&#8221;]<\/p>\n<p>Le style de vie connaissant une plus forte augmentation de la demande en 2020 sur notre site Web a \u00e9t\u00e9 la campagne, ceci refl\u00e9tant le d\u00e9sir d&#8217;une vie plus calme et discr\u00e8te, loin des grandes agglom\u00e9rations.\u00a0<\/p>\n<p>[\/et_pb_text][\/et_pb_column][\/et_pb_row][et_pb_row column_structure=&#8221;1_4,1_4,1_4,1_4&#8243; use_custom_gutter=&#8221;on&#8221; gutter_width=&#8221;2&#8243; module_class=&#8221;coluna-mobile&#8221; _builder_version=&#8221;4.9.0&#8243; _module_preset=&#8221;default&#8221; custom_margin=&#8221;||30px||false|false&#8221; custom_margin_tablet=&#8221;||0px||false|false&#8221; custom_margin_phone=&#8221;&#8221; custom_margin_last_edited=&#8221;on|tablet&#8221; custom_padding=&#8221;||0px||false|false&#8221; animation_style=&#8221;slide&#8221; animation_direction=&#8221;bottom&#8221; animation_duration=&#8221;750ms&#8221; animation_intensity_slide=&#8221;20%&#8221; locked=&#8221;off&#8221;][et_pb_column type=&#8221;1_4&#8243; _builder_version=&#8221;4.9.0&#8243; _module_preset=&#8221;default&#8221;][et_pb_text _builder_version=&#8221;4.9.0&#8243; _module_preset=&#8221;default&#8221; text_font=&#8221;Raleway|600|||||||&#8221; text_text_color=&#8221;#919191&#8243; text_font_size=&#8221;49px&#8221; text_orientation=&#8221;center&#8221; custom_margin=&#8221;||30px||false|false&#8221;]<\/p>\n<p>1<\/p>\n<p>[\/et_pb_text][et_pb_image src=&#8221;http:\/\/www.portadafrente.pt\/selection\/wp-content\/uploads\/2021\/03\/beachfront-properties.jpg&#8221; title_text=&#8221;beachfront-properties&#8221; _builder_version=&#8221;4.9.0&#8243; _module_preset=&#8221;default&#8221; border_radii=&#8221;on|20px|20px|20px|20px&#8221;][\/et_pb_image][et_pb_text _builder_version=&#8221;4.9.0&#8243; _module_preset=&#8221;default&#8221; text_font=&#8221;Montserrat|700|||||||&#8221; text_text_color=&#8221;#FFFFFF&#8221; text_font_size=&#8221;22px&#8221; text_orientation=&#8221;center&#8221; custom_margin=&#8221;||15px||false|false&#8221; custom_padding=&#8221;||0px|||&#8221; hover_enabled=&#8221;0&#8243; sticky_enabled=&#8221;0&#8243;]<\/p>\n<p>Plage<\/p>\n<p>[\/et_pb_text][et_pb_text _builder_version=&#8221;4.9.0&#8243; _module_preset=&#8221;default&#8221; text_font=&#8221;Raleway||||||||&#8221; text_text_color=&#8221;#bcbcbc&#8221; text_font_size=&#8221;12px&#8221; text_line_height=&#8221;1.3em&#8221; ol_font=&#8221;||||||||&#8221; ol_text_align=&#8221;center&#8221; ol_font_size=&#8221;20px&#8221; ol_line_height=&#8221;1.4em&#8221; text_orientation=&#8221;center&#8221; custom_margin=&#8221;||11px|||&#8221; hover_enabled=&#8221;0&#8243; locked=&#8221;off&#8221; sticky_enabled=&#8221;0&#8243;]<\/p>\n<p>Voir les biens offrant ce style de vie<\/p>\n<p>[\/et_pb_text][et_pb_image src=&#8221;http:\/\/www.portadafrente.pt\/selection\/wp-content\/uploads\/2021\/03\/botao_infogeral.png&#8221; title_text=&#8221;botao_infogeral&#8221; url=&#8221;https:\/\/www.portadafrente.com\/fr\/lifestyles\/beachfront&#8221; url_new_window=&#8221;on&#8221; align=&#8221;center&#8221; _builder_version=&#8221;4.9.0&#8243; _module_preset=&#8221;default&#8221; max_width=&#8221;50%&#8221; module_alignment=&#8221;center&#8221; max_height=&#8221;40px&#8221; hover_enabled=&#8221;0&#8243; border_radii=&#8221;on|40px|40px|40px|40px&#8221; sticky_enabled=&#8221;0&#8243;][\/et_pb_image][\/et_pb_column][et_pb_column type=&#8221;1_4&#8243; _builder_version=&#8221;4.9.0&#8243; _module_preset=&#8221;default&#8221;][et_pb_text _builder_version=&#8221;4.9.0&#8243; _module_preset=&#8221;default&#8221; text_font=&#8221;Raleway|600|||||||&#8221; text_text_color=&#8221;#919191&#8243; text_font_size=&#8221;49px&#8221; text_orientation=&#8221;center&#8221; custom_margin=&#8221;||30px||false|false&#8221; locked=&#8221;off&#8221;]<\/p>\n<p>2<\/p>\n<p>[\/et_pb_text][et_pb_image src=&#8221;http:\/\/www.portadafrente.pt\/selection\/wp-content\/uploads\/2021\/03\/riverfront-properties.jpg&#8221; title_text=&#8221;riverfront-properties&#8221; _builder_version=&#8221;4.9.0&#8243; _module_preset=&#8221;default&#8221; border_radii=&#8221;on|20px|20px|20px|20px&#8221;][\/et_pb_image][et_pb_text _builder_version=&#8221;4.9.0&#8243; _module_preset=&#8221;default&#8221; text_font=&#8221;Montserrat|700|||||||&#8221; text_text_color=&#8221;#FFFFFF&#8221; text_font_size=&#8221;22px&#8221; text_orientation=&#8221;center&#8221; custom_margin=&#8221;||15px||false|false&#8221; custom_padding=&#8221;||0px|||&#8221; hover_enabled=&#8221;0&#8243; locked=&#8221;off&#8221; sticky_enabled=&#8221;0&#8243;]<\/p>\n<p>Bord du fleuve<\/p>\n<p>[\/et_pb_text][et_pb_text _builder_version=&#8221;4.9.0&#8243; _module_preset=&#8221;default&#8221; text_font=&#8221;Raleway||||||||&#8221; text_text_color=&#8221;#bcbcbc&#8221; text_font_size=&#8221;12px&#8221; text_line_height=&#8221;1.3em&#8221; ol_font=&#8221;||||||||&#8221; ol_text_align=&#8221;center&#8221; ol_font_size=&#8221;20px&#8221; ol_line_height=&#8221;1.4em&#8221; text_orientation=&#8221;center&#8221; custom_margin=&#8221;||11px|||&#8221; hover_enabled=&#8221;0&#8243; locked=&#8221;off&#8221; sticky_enabled=&#8221;0&#8243;]<\/p>\n<p>Voir les biens offrant ce style de vie<\/p>\n<p>[\/et_pb_text][et_pb_image src=&#8221;http:\/\/www.portadafrente.pt\/selection\/wp-content\/uploads\/2021\/03\/botao_infogeral.png&#8221; title_text=&#8221;botao_infogeral&#8221; url=&#8221;https:\/\/www.portadafrente.com\/fr\/lifestyles\/riverfront&#8221; url_new_window=&#8221;on&#8221; align=&#8221;center&#8221; _builder_version=&#8221;4.9.0&#8243; _module_preset=&#8221;default&#8221; max_width=&#8221;50%&#8221; module_alignment=&#8221;center&#8221; max_height=&#8221;40px&#8221; hover_enabled=&#8221;0&#8243; border_radii=&#8221;on|40px|40px|40px|40px&#8221; locked=&#8221;off&#8221; sticky_enabled=&#8221;0&#8243;][\/et_pb_image][\/et_pb_column][et_pb_column type=&#8221;1_4&#8243; _builder_version=&#8221;4.9.0&#8243; _module_preset=&#8221;default&#8221;][et_pb_text _builder_version=&#8221;4.9.0&#8243; _module_preset=&#8221;default&#8221; text_font=&#8221;Raleway|600|||||||&#8221; text_text_color=&#8221;#919191&#8243; text_font_size=&#8221;49px&#8221; text_orientation=&#8221;center&#8221; custom_margin=&#8221;||30px||false|false&#8221; locked=&#8221;off&#8221;]<\/p>\n<p>3<\/p>\n<p>[\/et_pb_text][et_pb_image src=&#8221;http:\/\/www.portadafrente.pt\/selection\/wp-content\/uploads\/2021\/03\/cityscape-properties.jpg&#8221; title_text=&#8221;cityscape-properties&#8221; _builder_version=&#8221;4.9.0&#8243; _module_preset=&#8221;default&#8221; border_radii=&#8221;on|20px|20px|20px|20px&#8221;][\/et_pb_image][et_pb_text _builder_version=&#8221;4.9.0&#8243; _module_preset=&#8221;default&#8221; text_font=&#8221;Montserrat|700|||||||&#8221; text_text_color=&#8221;#FFFFFF&#8221; text_font_size=&#8221;22px&#8221; text_orientation=&#8221;center&#8221; custom_margin=&#8221;||15px||false|false&#8221; custom_padding=&#8221;||0px|||&#8221; hover_enabled=&#8221;0&#8243; locked=&#8221;off&#8221; sticky_enabled=&#8221;0&#8243;]<\/p>\n<p>Cosmopolite<\/p>\n<p>[\/et_pb_text][et_pb_text _builder_version=&#8221;4.9.0&#8243; _module_preset=&#8221;default&#8221; text_font=&#8221;Raleway||||||||&#8221; text_text_color=&#8221;#bcbcbc&#8221; text_font_size=&#8221;12px&#8221; text_line_height=&#8221;1.3em&#8221; ol_font=&#8221;||||||||&#8221; ol_text_align=&#8221;center&#8221; ol_font_size=&#8221;20px&#8221; ol_line_height=&#8221;1.4em&#8221; text_orientation=&#8221;center&#8221; custom_margin=&#8221;||11px|||&#8221; hover_enabled=&#8221;0&#8243; locked=&#8221;off&#8221; sticky_enabled=&#8221;0&#8243;]<\/p>\n<p>Voir les biens offrant ce style de vie<\/p>\n<p>[\/et_pb_text][et_pb_image src=&#8221;http:\/\/www.portadafrente.pt\/selection\/wp-content\/uploads\/2021\/03\/botao_infogeral.png&#8221; title_text=&#8221;botao_infogeral&#8221; url=&#8221;https:\/\/www.portadafrente.com\/fr\/lifestyles\/cityscape&#8221; url_new_window=&#8221;on&#8221; align=&#8221;center&#8221; _builder_version=&#8221;4.9.0&#8243; _module_preset=&#8221;default&#8221; max_width=&#8221;50%&#8221; module_alignment=&#8221;center&#8221; max_height=&#8221;40px&#8221; hover_enabled=&#8221;0&#8243; border_radii=&#8221;on|40px|40px|40px|40px&#8221; locked=&#8221;off&#8221; sticky_enabled=&#8221;0&#8243;][\/et_pb_image][\/et_pb_column][et_pb_column type=&#8221;1_4&#8243; _builder_version=&#8221;4.9.0&#8243; _module_preset=&#8221;default&#8221;][et_pb_text _builder_version=&#8221;4.9.0&#8243; _module_preset=&#8221;default&#8221; text_font=&#8221;Raleway|600|||||||&#8221; text_text_color=&#8221;#919191&#8243; text_font_size=&#8221;49px&#8221; text_orientation=&#8221;center&#8221; custom_margin=&#8221;||30px||false|false&#8221; locked=&#8221;off&#8221;]<\/p>\n<p>4<\/p>\n<p>[\/et_pb_text][et_pb_image src=&#8221;http:\/\/www.portadafrente.pt\/selection\/wp-content\/uploads\/2021\/03\/countryside-properties.jpg&#8221; title_text=&#8221;countryside-properties&#8221; _builder_version=&#8221;4.9.0&#8243; _module_preset=&#8221;default&#8221; border_radii=&#8221;on|20px|20px|20px|20px&#8221;][\/et_pb_image][et_pb_text _builder_version=&#8221;4.9.0&#8243; _module_preset=&#8221;default&#8221; text_font=&#8221;Montserrat|700|||||||&#8221; text_text_color=&#8221;#FFFFFF&#8221; text_font_size=&#8221;22px&#8221; text_orientation=&#8221;center&#8221; custom_margin=&#8221;||15px||false|false&#8221; custom_padding=&#8221;||0px|||&#8221; hover_enabled=&#8221;0&#8243; locked=&#8221;off&#8221; sticky_enabled=&#8221;0&#8243;]<\/p>\n<p>Campagne<\/p>\n<p>[\/et_pb_text][et_pb_text _builder_version=&#8221;4.9.0&#8243; _module_preset=&#8221;default&#8221; text_font=&#8221;Raleway||||||||&#8221; text_text_color=&#8221;#bcbcbc&#8221; text_font_size=&#8221;12px&#8221; text_line_height=&#8221;1.3em&#8221; ol_font=&#8221;||||||||&#8221; ol_text_align=&#8221;center&#8221; ol_font_size=&#8221;20px&#8221; ol_line_height=&#8221;1.4em&#8221; text_orientation=&#8221;center&#8221; custom_margin=&#8221;||11px|||&#8221; hover_enabled=&#8221;0&#8243; locked=&#8221;off&#8221; sticky_enabled=&#8221;0&#8243;]<\/p>\n<p>Voir les biens offrant ce style de vie<\/p>\n<p>[\/et_pb_text][et_pb_image src=&#8221;http:\/\/www.portadafrente.pt\/selection\/wp-content\/uploads\/2021\/03\/botao_infogeral.png&#8221; title_text=&#8221;botao_infogeral&#8221; url=&#8221;https:\/\/www.portadafrente.com\/fr\/lifestyles\/countryside&#8221; url_new_window=&#8221;on&#8221; align=&#8221;center&#8221; _builder_version=&#8221;4.9.0&#8243; _module_preset=&#8221;default&#8221; max_width=&#8221;50%&#8221; module_alignment=&#8221;center&#8221; max_height=&#8221;40px&#8221; hover_enabled=&#8221;0&#8243; border_radii=&#8221;on|40px|40px|40px|40px&#8221; locked=&#8221;off&#8221; sticky_enabled=&#8221;0&#8243;][\/et_pb_image][\/et_pb_column][\/et_pb_row][et_pb_row column_structure=&#8221;1_4,1_4,1_4,1_4&#8243; use_custom_gutter=&#8221;on&#8221; gutter_width=&#8221;2&#8243; custom_padding_last_edited=&#8221;on|phone&#8221; module_class=&#8221;coluna-mobile&#8221; _builder_version=&#8221;4.9.0&#8243; _module_preset=&#8221;default&#8221; custom_margin=&#8221;||30px||false|false&#8221; custom_margin_tablet=&#8221;||0px||false|false&#8221; custom_margin_phone=&#8221;&#8221; custom_margin_last_edited=&#8221;on|phone&#8221; custom_padding=&#8221;||||false|false&#8221; custom_padding_tablet=&#8221;0px||||false|false&#8221; custom_padding_phone=&#8221;&#8221; animation_style=&#8221;slide&#8221; animation_direction=&#8221;bottom&#8221; animation_duration=&#8221;750ms&#8221; animation_intensity_slide=&#8221;20%&#8221; locked=&#8221;off&#8221;][et_pb_column type=&#8221;1_4&#8243; _builder_version=&#8221;4.9.0&#8243; _module_preset=&#8221;default&#8221;][et_pb_text _builder_version=&#8221;4.9.0&#8243; _module_preset=&#8221;default&#8221; text_font=&#8221;Raleway|600|||||||&#8221; text_text_color=&#8221;#919191&#8243; text_font_size=&#8221;49px&#8221; text_orientation=&#8221;center&#8221; custom_margin=&#8221;||30px||false|false&#8221;]<\/p>\n<p>5<\/p>\n<p>[\/et_pb_text][et_pb_image src=&#8221;http:\/\/www.portadafrente.pt\/selection\/wp-content\/uploads\/2021\/03\/historic-properties.jpg&#8221; title_text=&#8221;historic-properties&#8221; _builder_version=&#8221;4.9.0&#8243; _module_preset=&#8221;default&#8221; border_radii=&#8221;on|20px|20px|20px|20px&#8221;][\/et_pb_image][et_pb_text _builder_version=&#8221;4.9.0&#8243; _module_preset=&#8221;default&#8221; text_font=&#8221;Montserrat|700|||||||&#8221; text_text_color=&#8221;#FFFFFF&#8221; text_font_size=&#8221;22px&#8221; text_orientation=&#8221;center&#8221; custom_margin=&#8221;||15px||false|false&#8221; custom_padding=&#8221;||0px|||&#8221; hover_enabled=&#8221;0&#8243; sticky_enabled=&#8221;0&#8243;]<\/p>\n<p>Historique<\/p>\n<p>[\/et_pb_text][et_pb_text _builder_version=&#8221;4.9.0&#8243; _module_preset=&#8221;default&#8221; text_font=&#8221;Raleway||||||||&#8221; text_text_color=&#8221;#bcbcbc&#8221; text_font_size=&#8221;12px&#8221; text_line_height=&#8221;1.3em&#8221; ol_font=&#8221;||||||||&#8221; ol_text_align=&#8221;center&#8221; ol_font_size=&#8221;20px&#8221; ol_line_height=&#8221;1.4em&#8221; text_orientation=&#8221;center&#8221; custom_margin=&#8221;||11px|||&#8221; hover_enabled=&#8221;0&#8243; locked=&#8221;off&#8221; sticky_enabled=&#8221;0&#8243;]<\/p>\n<p>Voir les biens offrant ce style de vie<\/p>\n<p>[\/et_pb_text][et_pb_image src=&#8221;http:\/\/www.portadafrente.pt\/selection\/wp-content\/uploads\/2021\/03\/botao_infogeral.png&#8221; title_text=&#8221;botao_infogeral&#8221; url=&#8221;https:\/\/www.portadafrente.com\/fr\/lifestyles\/historic&#8221; url_new_window=&#8221;on&#8221; align=&#8221;center&#8221; _builder_version=&#8221;4.9.0&#8243; _module_preset=&#8221;default&#8221; max_width=&#8221;50%&#8221; module_alignment=&#8221;center&#8221; max_height=&#8221;40px&#8221; hover_enabled=&#8221;0&#8243; border_radii=&#8221;on|40px|40px|40px|40px&#8221; sticky_enabled=&#8221;0&#8243;][\/et_pb_image][\/et_pb_column][et_pb_column type=&#8221;1_4&#8243; _builder_version=&#8221;4.9.0&#8243; _module_preset=&#8221;default&#8221;][et_pb_text _builder_version=&#8221;4.9.0&#8243; _module_preset=&#8221;default&#8221; text_font=&#8221;Raleway|600|||||||&#8221; text_text_color=&#8221;#919191&#8243; text_font_size=&#8221;49px&#8221; text_orientation=&#8221;center&#8221; custom_margin=&#8221;||30px||false|false&#8221; locked=&#8221;off&#8221;]<\/p>\n<p>6<\/p>\n<p>[\/et_pb_text][et_pb_image src=&#8221;http:\/\/www.portadafrente.pt\/selection\/wp-content\/uploads\/2021\/03\/contemporary-properties.jpg&#8221; title_text=&#8221;contemporary-properties&#8221; _builder_version=&#8221;4.9.0&#8243; _module_preset=&#8221;default&#8221; border_radii=&#8221;on|20px|20px|20px|20px&#8221;][\/et_pb_image][et_pb_text _builder_version=&#8221;4.9.0&#8243; _module_preset=&#8221;default&#8221; text_font=&#8221;Montserrat|700|||||||&#8221; text_text_color=&#8221;#FFFFFF&#8221; text_font_size=&#8221;22px&#8221; text_orientation=&#8221;center&#8221; custom_margin=&#8221;||15px||false|false&#8221; custom_padding=&#8221;||0px|||&#8221; hover_enabled=&#8221;0&#8243; locked=&#8221;off&#8221; sticky_enabled=&#8221;0&#8243;]<\/p>\n<p>Contemporain<\/p>\n<p>[\/et_pb_text][et_pb_text _builder_version=&#8221;4.9.0&#8243; _module_preset=&#8221;default&#8221; text_font=&#8221;Raleway||||||||&#8221; text_text_color=&#8221;#bcbcbc&#8221; text_font_size=&#8221;12px&#8221; text_line_height=&#8221;1.3em&#8221; ol_font=&#8221;||||||||&#8221; ol_text_align=&#8221;center&#8221; ol_font_size=&#8221;20px&#8221; ol_line_height=&#8221;1.4em&#8221; text_orientation=&#8221;center&#8221; custom_margin=&#8221;||11px|||&#8221; hover_enabled=&#8221;0&#8243; locked=&#8221;off&#8221; sticky_enabled=&#8221;0&#8243;]<\/p>\n<p>Voir les biens offrant ce style de vie<\/p>\n<p>[\/et_pb_text][et_pb_image src=&#8221;http:\/\/www.portadafrente.pt\/selection\/wp-content\/uploads\/2021\/03\/botao_infogeral.png&#8221; title_text=&#8221;botao_infogeral&#8221; url=&#8221;https:\/\/www.portadafrente.com\/fr\/lifestyles\/contemporary&#8221; url_new_window=&#8221;on&#8221; align=&#8221;center&#8221; _builder_version=&#8221;4.9.0&#8243; _module_preset=&#8221;default&#8221; max_width=&#8221;50%&#8221; module_alignment=&#8221;center&#8221; max_height=&#8221;40px&#8221; hover_enabled=&#8221;0&#8243; border_radii=&#8221;on|40px|40px|40px|40px&#8221; locked=&#8221;off&#8221; sticky_enabled=&#8221;0&#8243;][\/et_pb_image][\/et_pb_column][et_pb_column type=&#8221;1_4&#8243; _builder_version=&#8221;4.9.0&#8243; _module_preset=&#8221;default&#8221;][et_pb_text _builder_version=&#8221;4.9.0&#8243; _module_preset=&#8221;default&#8221; text_font=&#8221;Raleway|600|||||||&#8221; text_text_color=&#8221;#919191&#8243; text_font_size=&#8221;49px&#8221; text_orientation=&#8221;center&#8221; custom_margin=&#8221;||30px||false|false&#8221; locked=&#8221;off&#8221;]<\/p>\n<p>7<\/p>\n<p>[\/et_pb_text][et_pb_image src=&#8221;http:\/\/www.portadafrente.pt\/selection\/wp-content\/uploads\/2021\/03\/vineyard-properties.jpg&#8221; title_text=&#8221;vineyard-properties&#8221; _builder_version=&#8221;4.9.0&#8243; _module_preset=&#8221;default&#8221; border_radii=&#8221;on|20px|20px|20px|20px&#8221;][\/et_pb_image][et_pb_text _builder_version=&#8221;4.9.0&#8243; _module_preset=&#8221;default&#8221; text_font=&#8221;Montserrat|700|||||||&#8221; text_text_color=&#8221;#FFFFFF&#8221; text_font_size=&#8221;22px&#8221; text_orientation=&#8221;center&#8221; custom_margin=&#8221;||15px||false|false&#8221; custom_padding=&#8221;||0px|||&#8221; hover_enabled=&#8221;0&#8243; locked=&#8221;off&#8221; sticky_enabled=&#8221;0&#8243;]<\/p>\n<p>Vin<\/p>\n<p>[\/et_pb_text][et_pb_text _builder_version=&#8221;4.9.0&#8243; _module_preset=&#8221;default&#8221; text_font=&#8221;Raleway||||||||&#8221; text_text_color=&#8221;#bcbcbc&#8221; text_font_size=&#8221;12px&#8221; text_line_height=&#8221;1.3em&#8221; ol_font=&#8221;||||||||&#8221; ol_text_align=&#8221;center&#8221; ol_font_size=&#8221;20px&#8221; ol_line_height=&#8221;1.4em&#8221; text_orientation=&#8221;center&#8221; custom_margin=&#8221;||11px|||&#8221; hover_enabled=&#8221;0&#8243; locked=&#8221;off&#8221; sticky_enabled=&#8221;0&#8243;]<\/p>\n<p>Voir les biens offrant ce style de vie<\/p>\n<p>[\/et_pb_text][et_pb_image src=&#8221;http:\/\/www.portadafrente.pt\/selection\/wp-content\/uploads\/2021\/03\/botao_infogeral.png&#8221; title_text=&#8221;botao_infogeral&#8221; url=&#8221;https:\/\/www.portadafrente.com\/fr\/lifestyles\/winecounty-vineyard&#8221; url_new_window=&#8221;on&#8221; align=&#8221;center&#8221; _builder_version=&#8221;4.9.0&#8243; _module_preset=&#8221;default&#8221; max_width=&#8221;50%&#8221; module_alignment=&#8221;center&#8221; max_height=&#8221;40px&#8221; hover_enabled=&#8221;0&#8243; border_radii=&#8221;on|40px|40px|40px|40px&#8221; locked=&#8221;off&#8221; sticky_enabled=&#8221;0&#8243;][\/et_pb_image][\/et_pb_column][et_pb_column type=&#8221;1_4&#8243; _builder_version=&#8221;4.9.0&#8243; _module_preset=&#8221;default&#8221;][et_pb_text _builder_version=&#8221;4.9.0&#8243; _module_preset=&#8221;default&#8221; text_font=&#8221;Raleway|600|||||||&#8221; text_text_color=&#8221;#919191&#8243; text_font_size=&#8221;49px&#8221; text_orientation=&#8221;center&#8221; custom_margin=&#8221;||30px||false|false&#8221; locked=&#8221;off&#8221;]<\/p>\n<p>8<\/p>\n<p>[\/et_pb_text][et_pb_image src=&#8221;http:\/\/www.portadafrente.pt\/selection\/wp-content\/uploads\/2021\/03\/golf-properties.jpg&#8221; title_text=&#8221;golf-properties&#8221; _builder_version=&#8221;4.9.0&#8243; _module_preset=&#8221;default&#8221; border_radii=&#8221;on|20px|20px|20px|20px&#8221;][\/et_pb_image][et_pb_text _builder_version=&#8221;4.9.0&#8243; _module_preset=&#8221;default&#8221; text_font=&#8221;Montserrat|700|||||||&#8221; text_text_color=&#8221;#FFFFFF&#8221; text_font_size=&#8221;22px&#8221; text_orientation=&#8221;center&#8221; custom_margin=&#8221;||15px||false|false&#8221; custom_padding=&#8221;||0px|||&#8221; hover_enabled=&#8221;0&#8243; locked=&#8221;off&#8221; sticky_enabled=&#8221;0&#8243;]<\/p>\n<p>Golf<\/p>\n<p>[\/et_pb_text][et_pb_text _builder_version=&#8221;4.9.0&#8243; _module_preset=&#8221;default&#8221; text_font=&#8221;Raleway||||||||&#8221; text_text_color=&#8221;#bcbcbc&#8221; text_font_size=&#8221;12px&#8221; text_line_height=&#8221;1.3em&#8221; ol_font=&#8221;||||||||&#8221; ol_text_align=&#8221;center&#8221; ol_font_size=&#8221;20px&#8221; ol_line_height=&#8221;1.4em&#8221; text_orientation=&#8221;center&#8221; custom_margin=&#8221;||11px|||&#8221; hover_enabled=&#8221;0&#8243; locked=&#8221;off&#8221; sticky_enabled=&#8221;0&#8243;]<\/p>\n<p>Voir les biens offrant ce style de vie<\/p>\n<p>[\/et_pb_text][et_pb_image src=&#8221;http:\/\/www.portadafrente.pt\/selection\/wp-content\/uploads\/2021\/03\/botao_infogeral.png&#8221; title_text=&#8221;botao_infogeral&#8221; url=&#8221;https:\/\/www.portadafrente.com\/fr\/lifestyles\/golf&#8221; url_new_window=&#8221;on&#8221; align=&#8221;center&#8221; _builder_version=&#8221;4.9.0&#8243; _module_preset=&#8221;default&#8221; max_width=&#8221;50%&#8221; module_alignment=&#8221;center&#8221; max_height=&#8221;40px&#8221; hover_enabled=&#8221;0&#8243; border_radii=&#8221;on|40px|40px|40px|40px&#8221; locked=&#8221;off&#8221; sticky_enabled=&#8221;0&#8243;][\/et_pb_image][\/et_pb_column][\/et_pb_row][\/et_pb_section][et_pb_section fb_built=&#8221;1&#8243; custom_padding_last_edited=&#8221;on|desktop&#8221; module_id=&#8221;localizacoes&#8221; _builder_version=&#8221;4.9.0&#8243; _module_preset=&#8221;default&#8221; background_enable_image=&#8221;off&#8221; background_size=&#8221;contain&#8221; background_repeat=&#8221;repeat-y&#8221; custom_padding=&#8221;50px||50px||false|false&#8221; custom_padding_tablet=&#8221;0px||0px||false|false&#8221; custom_padding_phone=&#8221;&#8221; background_last_edited=&#8221;on|desktop&#8221; background_enable_image_tablet=&#8221;off&#8221; parallax_tablet=&#8221;off&#8221;][et_pb_row column_structure=&#8221;1_2,1_2&#8243; module_class=&#8221;txt-openings&#8221; _builder_version=&#8221;4.9.0&#8243; _module_preset=&#8221;default&#8221; animation_style=&#8221;fold&#8221; animation_direction=&#8221;top&#8221;][et_pb_column type=&#8221;1_2&#8243; _builder_version=&#8221;4.9.0&#8243; _module_preset=&#8221;default&#8221;][et_pb_text _builder_version=&#8221;4.9.0&#8243; _module_preset=&#8221;default&#8221; text_font=&#8221;Montserrat|700|||||||&#8221; text_text_color=&#8221;#000000&#8243; text_line_height=&#8221;2em&#8221; hover_enabled=&#8221;0&#8243; text_orientation_tablet=&#8221;center&#8221; text_orientation_phone=&#8221;&#8221; text_orientation_last_edited=&#8221;on|desktop&#8221; sticky_enabled=&#8221;0&#8243;]<span class=\"number-size\">Lieux les plus<\/span><br \/>\n<span class=\"label-size\">privil\u00e9gi\u00e9s<\/span>[\/et_pb_text][\/et_pb_column][et_pb_column type=&#8221;1_2&#8243; _builder_version=&#8221;4.9.0&#8243; _module_preset=&#8221;default&#8221;][et_pb_text _builder_version=&#8221;4.9.0&#8243; _module_preset=&#8221;default&#8221; text_font=&#8221;Raleway||||||||&#8221; text_text_color=&#8221;#000000&#8243; text_line_height=&#8221;1.5em&#8221; header_font=&#8221;Montserrat|700|||||||&#8221; header_text_align=&#8221;left&#8221; header_text_color=&#8221;#660024&#8243; header_font_size=&#8221;28px&#8221; header_line_height=&#8221;1.7em&#8221; text_orientation=&#8221;right&#8221; max_width=&#8221;75%&#8221; max_width_tablet=&#8221;100%&#8221; max_width_phone=&#8221;&#8221; max_width_last_edited=&#8221;on|phone&#8221; module_alignment=&#8221;right&#8221; custom_margin=&#8221;||||false|false&#8221; hover_enabled=&#8221;0&#8243; text_orientation_tablet=&#8221;center&#8221; text_orientation_phone=&#8221;&#8221; text_orientation_last_edited=&#8221;on|desktop&#8221; module_alignment_tablet=&#8221;center&#8221; module_alignment_phone=&#8221;center&#8221; module_alignment_last_edited=&#8221;on|phone&#8221; locked=&#8221;off&#8221; sticky_enabled=&#8221;0&#8243;]<\/p>\n<p>D\u00e9couvrez les quartiers et les lieux qui ont le plus captiv\u00e9 les clients en 2020 dans chacune de nos 3 agences.<\/p>\n<p>[\/et_pb_text][\/et_pb_column][\/et_pb_row][et_pb_row _builder_version=&#8221;4.9.0&#8243; _module_preset=&#8221;default&#8221; animation_style=&#8221;fade&#8221; border_color_bottom=&#8221;#cccccc&#8221;][et_pb_column type=&#8221;4_4&#8243; _builder_version=&#8221;4.9.0&#8243; _module_preset=&#8221;default&#8221;][et_pb_text _builder_version=&#8221;4.9.0&#8243; _module_preset=&#8221;default&#8221; text_font=&#8221;Montserrat|300|||||||&#8221; text_text_color=&#8221;#c1c1c1&#8243; text_font_size=&#8221;48px&#8221; text_orientation=&#8221;center&#8221;]<\/p>\n<p>CASCAIS<\/p>\n<p>[\/et_pb_text][\/et_pb_column][\/et_pb_row][et_pb_row _builder_version=&#8221;4.9.0&#8243; _module_preset=&#8221;default&#8221; custom_padding=&#8221;0px||0px|||&#8221; locked=&#8221;off&#8221;][et_pb_column type=&#8221;4_4&#8243; _builder_version=&#8221;4.9.0&#8243; _module_preset=&#8221;default&#8221;][et_pb_divider color=&#8221;#cccccc&#8221; _builder_version=&#8221;4.9.0&#8243; _module_preset=&#8221;default&#8221; max_width=&#8221;25%&#8221; module_alignment=&#8221;center&#8221;][\/et_pb_divider][\/et_pb_column][\/et_pb_row][et_pb_row column_structure=&#8221;1_5,1_5,1_5,1_5,1_5&#8243; use_custom_gutter=&#8221;on&#8221; gutter_width=&#8221;2&#8243; module_class=&#8221;coluna-mobile&#8221; _builder_version=&#8221;4.9.0&#8243; _module_preset=&#8221;default&#8221; custom_margin=&#8221;||30px||false|false&#8221; animation_style=&#8221;slide&#8221; animation_direction=&#8221;right&#8221; animation_duration=&#8221;750ms&#8221; animation_intensity_slide=&#8221;20%&#8221;][et_pb_column type=&#8221;1_5&#8243; _builder_version=&#8221;4.9.0&#8243; _module_preset=&#8221;default&#8221;][et_pb_text _builder_version=&#8221;4.9.0&#8243; _module_preset=&#8221;default&#8221; text_font=&#8221;Raleway|600|||||||&#8221; text_text_color=&#8221;#919191&#8243; text_font_size=&#8221;49px&#8221; text_orientation=&#8221;center&#8221; custom_margin=&#8221;||30px||false|false&#8221;]<\/p>\n<p>1<\/p>\n<p>[\/et_pb_text][et_pb_image src=&#8221;http:\/\/www.portadafrente.pt\/selection\/wp-content\/uploads\/2021\/03\/monte_estoril.jpg&#8221; title_text=&#8221;monte_estoril&#8221; _builder_version=&#8221;4.9.0&#8243; _module_preset=&#8221;default&#8221; border_radii=&#8221;on|20px|20px|20px|20px&#8221;][\/et_pb_image][et_pb_text _builder_version=&#8221;4.9.0&#8243; _module_preset=&#8221;default&#8221; text_font=&#8221;Montserrat|700|||||||&#8221; text_text_color=&#8221;#000000&#8243; text_font_size=&#8221;22px&#8221; text_orientation=&#8221;center&#8221; custom_margin=&#8221;||15px||false|false&#8221; custom_padding=&#8221;||0px|||&#8221;]<\/p>\n<p>Estoril<br \/> Monte Estoril<\/p>\n<p>[\/et_pb_text][et_pb_text _builder_version=&#8221;4.9.0&#8243; _module_preset=&#8221;default&#8221; text_font=&#8221;Raleway||||||||&#8221; text_font_size=&#8221;12px&#8221; text_line_height=&#8221;1.3em&#8221; ol_font=&#8221;||||||||&#8221; ol_text_align=&#8221;center&#8221; ol_font_size=&#8221;20px&#8221; ol_line_height=&#8221;1.4em&#8221; text_orientation=&#8221;center&#8221; custom_margin=&#8221;||11px|||&#8221; hover_enabled=&#8221;0&#8243; locked=&#8221;off&#8221; sticky_enabled=&#8221;0&#8243;]<\/p>\n<p>Voir les biens dans cette localit\u00e9<\/p>\n<p>[\/et_pb_text][et_pb_image src=&#8221;http:\/\/www.portadafrente.pt\/selection\/wp-content\/uploads\/2021\/03\/botao_infogeral.png&#8221; title_text=&#8221;botao_infogeral&#8221; url=&#8221;https:\/\/www.portadafrente.com\/fr\/immeubles\/cascais\/estoril-monte-estoril\/&#8221; url_new_window=&#8221;on&#8221; align=&#8221;center&#8221; _builder_version=&#8221;4.9.0&#8243; _module_preset=&#8221;default&#8221; max_width=&#8221;50%&#8221; module_alignment=&#8221;center&#8221; hover_enabled=&#8221;0&#8243; border_radii=&#8221;on|40px|40px|40px|40px&#8221; sticky_enabled=&#8221;0&#8243;][\/et_pb_image][\/et_pb_column][et_pb_column type=&#8221;1_5&#8243; _builder_version=&#8221;4.9.0&#8243; _module_preset=&#8221;default&#8221;][et_pb_text _builder_version=&#8221;4.9.0&#8243; _module_preset=&#8221;default&#8221; text_font=&#8221;Raleway|600|||||||&#8221; text_text_color=&#8221;#919191&#8243; text_font_size=&#8221;49px&#8221; text_orientation=&#8221;center&#8221; custom_margin=&#8221;||30px||false|false&#8221; locked=&#8221;off&#8221;]<\/p>\n<p>2<\/p>\n<p>[\/et_pb_text][et_pb_image src=&#8221;http:\/\/www.portadafrente.pt\/selection\/wp-content\/uploads\/2021\/03\/56927484_116355966223543_3184677685767511134_n.jpg&#8221; title_text=&#8221;56927484_116355966223543_3184677685767511134_n&#8221; _builder_version=&#8221;4.9.0&#8243; _module_preset=&#8221;default&#8221; border_radii=&#8221;on|20px|20px|20px|20px&#8221;][\/et_pb_image][et_pb_text _builder_version=&#8221;4.9.0&#8243; _module_preset=&#8221;default&#8221; text_font=&#8221;Montserrat|700|||||||&#8221; text_text_color=&#8221;#000000&#8243; text_font_size=&#8221;22px&#8221; text_orientation=&#8221;center&#8221; custom_margin=&#8221;||15px||false|false&#8221; custom_padding=&#8221;||0px|||&#8221; locked=&#8221;off&#8221;]<\/p>\n<p>Vila de<br \/> Cascais<\/p>\n<p>[\/et_pb_text][et_pb_text _builder_version=&#8221;4.9.0&#8243; _module_preset=&#8221;default&#8221; text_font=&#8221;Raleway||||||||&#8221; text_font_size=&#8221;12px&#8221; text_line_height=&#8221;1.3em&#8221; ol_font=&#8221;||||||||&#8221; ol_text_align=&#8221;center&#8221; ol_font_size=&#8221;20px&#8221; ol_line_height=&#8221;1.4em&#8221; text_orientation=&#8221;center&#8221; custom_margin=&#8221;||11px|||&#8221; hover_enabled=&#8221;0&#8243; locked=&#8221;off&#8221; sticky_enabled=&#8221;0&#8243;]<\/p>\n<p>Voir les biens dans cette localit\u00e9<\/p>\n<p>[\/et_pb_text][et_pb_image src=&#8221;http:\/\/www.portadafrente.pt\/selection\/wp-content\/uploads\/2021\/03\/botao_infogeral.png&#8221; title_text=&#8221;botao_infogeral&#8221; url=&#8221;https:\/\/www.portadafrente.com\/fr\/immeubles\/cascais\/vila-de-cascais\/&#8221; url_new_window=&#8221;on&#8221; align=&#8221;center&#8221; _builder_version=&#8221;4.9.0&#8243; _module_preset=&#8221;default&#8221; max_width=&#8221;50%&#8221; module_alignment=&#8221;center&#8221; hover_enabled=&#8221;0&#8243; border_radii=&#8221;on|99px|99px|99px|99px&#8221; locked=&#8221;off&#8221; sticky_enabled=&#8221;0&#8243;][\/et_pb_image][\/et_pb_column][et_pb_column type=&#8221;1_5&#8243; _builder_version=&#8221;4.9.0&#8243; _module_preset=&#8221;default&#8221;][et_pb_text _builder_version=&#8221;4.9.0&#8243; _module_preset=&#8221;default&#8221; text_font=&#8221;Raleway|600|||||||&#8221; text_text_color=&#8221;#919191&#8243; text_font_size=&#8221;49px&#8221; text_orientation=&#8221;center&#8221; custom_margin=&#8221;||30px||false|false&#8221; locked=&#8221;off&#8221;]<\/p>\n<p>3<\/p>\n<p>[\/et_pb_text][et_pb_image src=&#8221;http:\/\/www.portadafrente.pt\/selection\/wp-content\/uploads\/2021\/03\/carcavelos-1.jpg&#8221; title_text=&#8221;carcavelos&#8221; _builder_version=&#8221;4.9.0&#8243; _module_preset=&#8221;default&#8221; border_radii=&#8221;on|20px|20px|20px|20px&#8221;][\/et_pb_image][et_pb_text _builder_version=&#8221;4.9.0&#8243; _module_preset=&#8221;default&#8221; text_font=&#8221;Montserrat|700|||||||&#8221; text_text_color=&#8221;#000000&#8243; text_font_size=&#8221;22px&#8221; text_orientation=&#8221;center&#8221; custom_margin=&#8221;||15px||false|false&#8221; custom_padding=&#8221;||0px|||&#8221; locked=&#8221;off&#8221;]<\/p>\n<p>Parede<br \/> Carcavelos<\/p>\n<p>[\/et_pb_text][et_pb_text _builder_version=&#8221;4.9.0&#8243; _module_preset=&#8221;default&#8221; text_font=&#8221;Raleway||||||||&#8221; text_font_size=&#8221;12px&#8221; text_line_height=&#8221;1.3em&#8221; ol_font=&#8221;||||||||&#8221; ol_text_align=&#8221;center&#8221; ol_font_size=&#8221;20px&#8221; ol_line_height=&#8221;1.4em&#8221; text_orientation=&#8221;center&#8221; custom_margin=&#8221;||11px|||&#8221; hover_enabled=&#8221;0&#8243; locked=&#8221;off&#8221; sticky_enabled=&#8221;0&#8243;]<\/p>\n<p>Voir les biens dans cette localit\u00e9<\/p>\n<p>[\/et_pb_text][et_pb_image src=&#8221;http:\/\/www.portadafrente.pt\/selection\/wp-content\/uploads\/2021\/03\/botao_infogeral.png&#8221; title_text=&#8221;botao_infogeral&#8221; url=&#8221;https:\/\/www.portadafrente.com\/fr\/immeubles\/cascais\/parede-carcavelos\/&#8221; url_new_window=&#8221;on&#8221; align=&#8221;center&#8221; _builder_version=&#8221;4.9.0&#8243; _module_preset=&#8221;default&#8221; max_width=&#8221;50%&#8221; module_alignment=&#8221;center&#8221; hover_enabled=&#8221;0&#8243; border_radii=&#8221;on|99px|99px|99px|99px&#8221; locked=&#8221;off&#8221; sticky_enabled=&#8221;0&#8243;][\/et_pb_image][\/et_pb_column][et_pb_column type=&#8221;1_5&#8243; _builder_version=&#8221;4.9.0&#8243; _module_preset=&#8221;default&#8221;][et_pb_text _builder_version=&#8221;4.9.0&#8243; _module_preset=&#8221;default&#8221; text_font=&#8221;Raleway|600|||||||&#8221; text_text_color=&#8221;#919191&#8243; text_font_size=&#8221;49px&#8221; text_orientation=&#8221;center&#8221; custom_margin=&#8221;||30px||false|false&#8221; locked=&#8221;off&#8221;]<\/p>\n<p>4<\/p>\n<p>[\/et_pb_text][et_pb_image src=&#8221;http:\/\/www.portadafrente.pt\/selection\/wp-content\/uploads\/2021\/03\/quinta_da_marinha.jpg&#8221; title_text=&#8221;quinta_da_marinha&#8221; _builder_version=&#8221;4.9.0&#8243; _module_preset=&#8221;default&#8221; border_radii=&#8221;on|20px|20px|20px|20px&#8221;][\/et_pb_image][et_pb_text _builder_version=&#8221;4.9.0&#8243; _module_preset=&#8221;default&#8221; text_font=&#8221;Montserrat|700|||||||&#8221; text_text_color=&#8221;#000000&#8243; text_font_size=&#8221;22px&#8221; text_orientation=&#8221;center&#8221; custom_margin=&#8221;||15px||false|false&#8221; custom_padding=&#8221;||0px|||&#8221; locked=&#8221;off&#8221;]<\/p>\n<p>Guincho<br \/> Quinta Marinha<\/p>\n<p>[\/et_pb_text][et_pb_text _builder_version=&#8221;4.9.0&#8243; _module_preset=&#8221;default&#8221; text_font=&#8221;Raleway||||||||&#8221; text_font_size=&#8221;12px&#8221; text_line_height=&#8221;1.3em&#8221; ol_font=&#8221;||||||||&#8221; ol_text_align=&#8221;center&#8221; ol_font_size=&#8221;20px&#8221; ol_line_height=&#8221;1.4em&#8221; text_orientation=&#8221;center&#8221; custom_margin=&#8221;||11px|||&#8221; hover_enabled=&#8221;0&#8243; locked=&#8221;off&#8221; sticky_enabled=&#8221;0&#8243;]<\/p>\n<p>Voir les biens dans cette localit\u00e9<\/p>\n<p>[\/et_pb_text][et_pb_image src=&#8221;http:\/\/www.portadafrente.pt\/selection\/wp-content\/uploads\/2021\/03\/botao_infogeral.png&#8221; title_text=&#8221;botao_infogeral&#8221; url=&#8221;https:\/\/www.portadafrente.com\/fr\/immeubles\/cascais\/guincho-quinta-da-marinha\/&#8221; url_new_window=&#8221;on&#8221; align=&#8221;center&#8221; _builder_version=&#8221;4.9.0&#8243; _module_preset=&#8221;default&#8221; max_width=&#8221;50%&#8221; module_alignment=&#8221;center&#8221; hover_enabled=&#8221;0&#8243; border_radii=&#8221;on|99px|99px|99px|99px&#8221; locked=&#8221;off&#8221; sticky_enabled=&#8221;0&#8243;][\/et_pb_image][\/et_pb_column][et_pb_column type=&#8221;1_5&#8243; _builder_version=&#8221;4.9.0&#8243; _module_preset=&#8221;default&#8221;][et_pb_text _builder_version=&#8221;4.9.0&#8243; _module_preset=&#8221;default&#8221; text_font=&#8221;Raleway|600|||||||&#8221; text_text_color=&#8221;#919191&#8243; text_font_size=&#8221;49px&#8221; text_orientation=&#8221;center&#8221; custom_margin=&#8221;||30px||false|false&#8221; locked=&#8221;off&#8221;]<\/p>\n<p>5<\/p>\n<p>[\/et_pb_text][et_pb_image src=&#8221;http:\/\/www.portadafrente.pt\/selection\/wp-content\/uploads\/2021\/03\/guia.jpg&#8221; title_text=&#8221;guia&#8221; _builder_version=&#8221;4.9.0&#8243; _module_preset=&#8221;default&#8221; border_radii=&#8221;on|20px|20px|20px|20px&#8221;][\/et_pb_image][et_pb_text _builder_version=&#8221;4.9.0&#8243; _module_preset=&#8221;default&#8221; text_font=&#8221;Montserrat|700|||||||&#8221; text_text_color=&#8221;#000000&#8243; text_font_size=&#8221;22px&#8221; text_orientation=&#8221;center&#8221; custom_margin=&#8221;||15px||false|false&#8221; custom_padding=&#8221;||0px|||&#8221; locked=&#8221;off&#8221;]<\/p>\n<p>Guia<br \/> Ros\u00e1rio \/ Birre<\/p>\n<p>[\/et_pb_text][et_pb_text _builder_version=&#8221;4.9.0&#8243; _module_preset=&#8221;default&#8221; text_font=&#8221;Raleway||||||||&#8221; text_font_size=&#8221;12px&#8221; text_line_height=&#8221;1.3em&#8221; ol_font=&#8221;||||||||&#8221; ol_text_align=&#8221;center&#8221; ol_font_size=&#8221;20px&#8221; ol_line_height=&#8221;1.4em&#8221; text_orientation=&#8221;center&#8221; custom_margin=&#8221;||11px|||&#8221; hover_enabled=&#8221;0&#8243; locked=&#8221;off&#8221; sticky_enabled=&#8221;0&#8243;]<\/p>\n<p>Voir les biens dans cette localit\u00e9<\/p>\n<p>[\/et_pb_text][et_pb_image src=&#8221;http:\/\/www.portadafrente.pt\/selection\/wp-content\/uploads\/2021\/03\/botao_infogeral.png&#8221; title_text=&#8221;botao_infogeral&#8221; url=&#8221;https:\/\/www.portadafrente.com\/fr\/immeubles\/cascais\/guia-rosario-birre\/&#8221; url_new_window=&#8221;on&#8221; align=&#8221;center&#8221; _builder_version=&#8221;4.9.0&#8243; _module_preset=&#8221;default&#8221; max_width=&#8221;50%&#8221; module_alignment=&#8221;center&#8221; hover_enabled=&#8221;0&#8243; border_radii=&#8221;on|99px|99px|99px|99px&#8221; locked=&#8221;off&#8221; sticky_enabled=&#8221;0&#8243;][\/et_pb_image][\/et_pb_column][\/et_pb_row][et_pb_row _builder_version=&#8221;4.9.0&#8243; _module_preset=&#8221;default&#8221; animation_style=&#8221;fade&#8221; border_color_bottom=&#8221;#cccccc&#8221; locked=&#8221;off&#8221;][et_pb_column type=&#8221;4_4&#8243; _builder_version=&#8221;4.9.0&#8243; _module_preset=&#8221;default&#8221;][et_pb_text _builder_version=&#8221;4.9.0&#8243; _module_preset=&#8221;default&#8221; text_font=&#8221;Montserrat|300|||||||&#8221; text_text_color=&#8221;#c1c1c1&#8243; text_font_size=&#8221;48px&#8221; text_orientation=&#8221;center&#8221;]<\/p>\n<p>OEIRAS<\/p>\n<p>[\/et_pb_text][\/et_pb_column][\/et_pb_row][et_pb_row _builder_version=&#8221;4.9.0&#8243; _module_preset=&#8221;default&#8221; custom_padding=&#8221;0px||0px|||&#8221; locked=&#8221;off&#8221;][et_pb_column type=&#8221;4_4&#8243; _builder_version=&#8221;4.9.0&#8243; _module_preset=&#8221;default&#8221;][et_pb_divider color=&#8221;#cccccc&#8221; _builder_version=&#8221;4.9.0&#8243; _module_preset=&#8221;default&#8221; max_width=&#8221;25%&#8221; module_alignment=&#8221;center&#8221;][\/et_pb_divider][\/et_pb_column][\/et_pb_row][et_pb_row column_structure=&#8221;1_5,1_5,1_5,1_5,1_5&#8243; use_custom_gutter=&#8221;on&#8221; gutter_width=&#8221;2&#8243; module_class=&#8221;coluna-mobile&#8221; _builder_version=&#8221;4.9.0&#8243; _module_preset=&#8221;default&#8221; custom_margin=&#8221;||30px||false|false&#8221; animation_style=&#8221;slide&#8221; animation_direction=&#8221;left&#8221; animation_duration=&#8221;750ms&#8221; animation_intensity_slide=&#8221;20%&#8221; locked=&#8221;off&#8221;][et_pb_column type=&#8221;1_5&#8243; _builder_version=&#8221;4.9.0&#8243; _module_preset=&#8221;default&#8221;][et_pb_text _builder_version=&#8221;4.9.0&#8243; _module_preset=&#8221;default&#8221; text_font=&#8221;Raleway|600|||||||&#8221; text_text_color=&#8221;#919191&#8243; text_font_size=&#8221;49px&#8221; text_orientation=&#8221;center&#8221; custom_margin=&#8221;||30px||false|false&#8221; locked=&#8221;off&#8221;]<\/p>\n<p>1<\/p>\n<p>[\/et_pb_text][et_pb_image src=&#8221;http:\/\/www.portadafrente.pt\/selection\/wp-content\/uploads\/2021\/03\/alto_do_lagoal_e_caxias.jpg&#8221; title_text=&#8221;alto_do_lagoal_e_caxias&#8221; _builder_version=&#8221;4.9.0&#8243; _module_preset=&#8221;default&#8221; border_radii=&#8221;on|20px|20px|20px|20px&#8221;][\/et_pb_image][et_pb_text _builder_version=&#8221;4.9.0&#8243; _module_preset=&#8221;default&#8221; text_font=&#8221;Montserrat|700|||||||&#8221; text_text_color=&#8221;#000000&#8243; text_font_size=&#8221;22px&#8221; text_orientation=&#8221;center&#8221; custom_margin=&#8221;||15px||false|false&#8221; custom_padding=&#8221;||0px|||&#8221;]<\/p>\n<p>Alto do Lagoal<br \/>Caxias<\/p>\n<p>[\/et_pb_text][et_pb_text _builder_version=&#8221;4.9.0&#8243; _module_preset=&#8221;default&#8221; text_font=&#8221;Raleway||||||||&#8221; text_font_size=&#8221;12px&#8221; text_line_height=&#8221;1.3em&#8221; ol_font=&#8221;||||||||&#8221; ol_text_align=&#8221;center&#8221; ol_font_size=&#8221;20px&#8221; ol_line_height=&#8221;1.4em&#8221; text_orientation=&#8221;center&#8221; custom_margin=&#8221;||11px|||&#8221; hover_enabled=&#8221;0&#8243; locked=&#8221;off&#8221; sticky_enabled=&#8221;0&#8243;]<\/p>\n<p>Voir les biens dans cette localit\u00e9<\/p>\n<p>[\/et_pb_text][et_pb_image src=&#8221;http:\/\/www.portadafrente.pt\/selection\/wp-content\/uploads\/2021\/03\/botao_infogeral.png&#8221; title_text=&#8221;botao_infogeral&#8221; url=&#8221;https:\/\/www.portadafrente.com\/fr\/immeubles\/oeiras\/alto-do-lagoal-caxias\/&#8221; url_new_window=&#8221;on&#8221; align=&#8221;center&#8221; _builder_version=&#8221;4.9.0&#8243; _module_preset=&#8221;default&#8221; max_width=&#8221;50%&#8221; module_alignment=&#8221;center&#8221; hover_enabled=&#8221;0&#8243; border_radii=&#8221;on|40px|40px|40px|40px&#8221; sticky_enabled=&#8221;0&#8243;][\/et_pb_image][\/et_pb_column][et_pb_column type=&#8221;1_5&#8243; _builder_version=&#8221;4.9.0&#8243; _module_preset=&#8221;default&#8221;][et_pb_text _builder_version=&#8221;4.9.0&#8243; _module_preset=&#8221;default&#8221; text_font=&#8221;Raleway|600|||||||&#8221; text_text_color=&#8221;#919191&#8243; text_font_size=&#8221;49px&#8221; text_orientation=&#8221;center&#8221; custom_margin=&#8221;||30px||false|false&#8221; locked=&#8221;off&#8221;]<\/p>\n<p>2<\/p>\n<p>[\/et_pb_text][et_pb_image src=&#8221;http:\/\/www.portadafrente.pt\/selection\/wp-content\/uploads\/2021\/03\/paco_de_arcos.jpg&#8221; title_text=&#8221;paco_de_arcos&#8221; _builder_version=&#8221;4.9.0&#8243; _module_preset=&#8221;default&#8221; border_radii=&#8221;on|20px|20px|20px|20px&#8221;][\/et_pb_image][et_pb_text _builder_version=&#8221;4.9.0&#8243; _module_preset=&#8221;default&#8221; text_font=&#8221;Montserrat|700|||||||&#8221; text_text_color=&#8221;#000000&#8243; text_font_size=&#8221;22px&#8221; text_orientation=&#8221;center&#8221; custom_margin=&#8221;||15px||false|false&#8221; custom_padding=&#8221;||0px|||&#8221; locked=&#8221;off&#8221;]<\/p>\n<p>Pa\u00e7o<br \/>de Arcos<\/p>\n<p>[\/et_pb_text][et_pb_text _builder_version=&#8221;4.9.0&#8243; _module_preset=&#8221;default&#8221; text_font=&#8221;Raleway||||||||&#8221; text_font_size=&#8221;12px&#8221; text_line_height=&#8221;1.3em&#8221; ol_font=&#8221;||||||||&#8221; ol_text_align=&#8221;center&#8221; ol_font_size=&#8221;20px&#8221; ol_line_height=&#8221;1.4em&#8221; text_orientation=&#8221;center&#8221; custom_margin=&#8221;||11px|||&#8221; hover_enabled=&#8221;0&#8243; locked=&#8221;off&#8221; sticky_enabled=&#8221;0&#8243;]<\/p>\n<p>Voir les biens dans cette localit\u00e9<\/p>\n<p>[\/et_pb_text][et_pb_image src=&#8221;http:\/\/www.portadafrente.pt\/selection\/wp-content\/uploads\/2021\/03\/botao_infogeral.png&#8221; title_text=&#8221;botao_infogeral&#8221; url=&#8221;https:\/\/www.portadafrente.com\/fr\/immeubles\/oeiras\/paco-de-arcos\/&#8221; url_new_window=&#8221;on&#8221; align=&#8221;center&#8221; _builder_version=&#8221;4.9.0&#8243; _module_preset=&#8221;default&#8221; max_width=&#8221;50%&#8221; module_alignment=&#8221;center&#8221; hover_enabled=&#8221;0&#8243; border_radii=&#8221;on|40px|40px|40px|40px&#8221; locked=&#8221;off&#8221; sticky_enabled=&#8221;0&#8243;][\/et_pb_image][\/et_pb_column][et_pb_column type=&#8221;1_5&#8243; _builder_version=&#8221;4.9.0&#8243; _module_preset=&#8221;default&#8221;][et_pb_text _builder_version=&#8221;4.9.0&#8243; _module_preset=&#8221;default&#8221; text_font=&#8221;Raleway|600|||||||&#8221; text_text_color=&#8221;#919191&#8243; text_font_size=&#8221;49px&#8221; text_orientation=&#8221;center&#8221; custom_margin=&#8221;||30px||false|false&#8221; locked=&#8221;off&#8221;]<\/p>\n<p>3<\/p>\n<p>[\/et_pb_text][et_pb_image src=&#8221;http:\/\/www.portadafrente.pt\/selection\/wp-content\/uploads\/2021\/03\/jamor-1.jpg&#8221; title_text=&#8221;jamor&#8221; _builder_version=&#8221;4.9.0&#8243; _module_preset=&#8221;default&#8221; border_radii=&#8221;on|20px|20px|20px|20px&#8221;][\/et_pb_image][et_pb_text _builder_version=&#8221;4.9.0&#8243; _module_preset=&#8221;default&#8221; text_font=&#8221;Montserrat|700|||||||&#8221; text_text_color=&#8221;#000000&#8243; text_font_size=&#8221;22px&#8221; text_orientation=&#8221;center&#8221; custom_margin=&#8221;||15px||false|false&#8221; custom_padding=&#8221;||0px|||&#8221; locked=&#8221;off&#8221;]<\/p>\n<p>Jamor \/ Alg\u00e9s<br \/>Miraflores<\/p>\n<p>[\/et_pb_text][et_pb_text _builder_version=&#8221;4.9.0&#8243; _module_preset=&#8221;default&#8221; text_font=&#8221;Raleway||||||||&#8221; text_font_size=&#8221;12px&#8221; text_line_height=&#8221;1.3em&#8221; ol_font=&#8221;||||||||&#8221; ol_text_align=&#8221;center&#8221; ol_font_size=&#8221;20px&#8221; ol_line_height=&#8221;1.4em&#8221; text_orientation=&#8221;center&#8221; custom_margin=&#8221;||11px|||&#8221; hover_enabled=&#8221;0&#8243; locked=&#8221;off&#8221; sticky_enabled=&#8221;0&#8243;]<\/p>\n<p>Voir les biens dans cette localit\u00e9<\/p>\n<p>[\/et_pb_text][et_pb_image src=&#8221;http:\/\/www.portadafrente.pt\/selection\/wp-content\/uploads\/2021\/03\/botao_infogeral.png&#8221; title_text=&#8221;botao_infogeral&#8221; url=&#8221;https:\/\/www.portadafrente.com\/fr\/immeubles\/oeiras\/jamor-alges-miraflores\/&#8221; url_new_window=&#8221;on&#8221; align=&#8221;center&#8221; _builder_version=&#8221;4.9.0&#8243; _module_preset=&#8221;default&#8221; max_width=&#8221;50%&#8221; module_alignment=&#8221;center&#8221; hover_enabled=&#8221;0&#8243; border_radii=&#8221;on|40px|40px|40px|40px&#8221; locked=&#8221;off&#8221; sticky_enabled=&#8221;0&#8243;][\/et_pb_image][\/et_pb_column][et_pb_column type=&#8221;1_5&#8243; _builder_version=&#8221;4.9.0&#8243; _module_preset=&#8221;default&#8221;][et_pb_text _builder_version=&#8221;4.9.0&#8243; _module_preset=&#8221;default&#8221; text_font=&#8221;Raleway|600|||||||&#8221; text_text_color=&#8221;#919191&#8243; text_font_size=&#8221;49px&#8221; text_orientation=&#8221;center&#8221; custom_margin=&#8221;||30px||false|false&#8221; locked=&#8221;off&#8221;]<\/p>\n<p>4<\/p>\n<p>[\/et_pb_text][et_pb_image src=&#8221;http:\/\/www.portadafrente.pt\/selection\/wp-content\/uploads\/2021\/03\/santo-amaro.jpg&#8221; title_text=&#8221;santo-amaro&#8221; _builder_version=&#8221;4.9.0&#8243; _module_preset=&#8221;default&#8221; border_radii=&#8221;on|20px|20px|20px|20px&#8221;][\/et_pb_image][et_pb_text _builder_version=&#8221;4.9.0&#8243; _module_preset=&#8221;default&#8221; text_font=&#8221;Montserrat|700|||||||&#8221; text_text_color=&#8221;#000000&#8243; text_font_size=&#8221;22px&#8221; text_orientation=&#8221;center&#8221; custom_margin=&#8221;||15px||false|false&#8221; custom_padding=&#8221;||0px|||&#8221; locked=&#8221;off&#8221;]<\/p>\n<p>Centro Hist\u00f3rico<br \/>Santo Amaro<\/p>\n<p>[\/et_pb_text][et_pb_text _builder_version=&#8221;4.9.0&#8243; _module_preset=&#8221;default&#8221; text_font=&#8221;Raleway||||||||&#8221; text_font_size=&#8221;12px&#8221; text_line_height=&#8221;1.3em&#8221; ol_font=&#8221;||||||||&#8221; ol_text_align=&#8221;center&#8221; ol_font_size=&#8221;20px&#8221; ol_line_height=&#8221;1.4em&#8221; text_orientation=&#8221;center&#8221; custom_margin=&#8221;||11px|||&#8221; hover_enabled=&#8221;0&#8243; locked=&#8221;off&#8221; sticky_enabled=&#8221;0&#8243;]<\/p>\n<p>Voir les biens dans cette localit\u00e9<\/p>\n<p>[\/et_pb_text][et_pb_image src=&#8221;http:\/\/www.portadafrente.pt\/selection\/wp-content\/uploads\/2021\/03\/botao_infogeral.png&#8221; title_text=&#8221;botao_infogeral&#8221; url=&#8221;https:\/\/www.portadafrente.com\/fr\/immeubles\/oeiras\/baia-centro-historico-santo-amaro-de-oeiras\/&#8221; url_new_window=&#8221;on&#8221; align=&#8221;center&#8221; _builder_version=&#8221;4.9.0&#8243; _module_preset=&#8221;default&#8221; max_width=&#8221;50%&#8221; module_alignment=&#8221;center&#8221; hover_enabled=&#8221;0&#8243; border_radii=&#8221;on|40px|40px|40px|40px&#8221; locked=&#8221;off&#8221; sticky_enabled=&#8221;0&#8243;][\/et_pb_image][\/et_pb_column][et_pb_column type=&#8221;1_5&#8243; _builder_version=&#8221;4.9.0&#8243; _module_preset=&#8221;default&#8221;][et_pb_text _builder_version=&#8221;4.9.0&#8243; _module_preset=&#8221;default&#8221; text_font=&#8221;Raleway|600|||||||&#8221; text_text_color=&#8221;#919191&#8243; text_font_size=&#8221;49px&#8221; text_orientation=&#8221;center&#8221; custom_margin=&#8221;||30px||false|false&#8221; locked=&#8221;off&#8221;]<\/p>\n<p>5<\/p>\n<p>[\/et_pb_text][et_pb_image src=&#8221;http:\/\/www.portadafrente.pt\/selection\/wp-content\/uploads\/2021\/03\/alto_da_barra.jpg&#8221; title_text=&#8221;alto_da_barra&#8221; _builder_version=&#8221;4.9.0&#8243; _module_preset=&#8221;default&#8221; border_radii=&#8221;on|20px|20px|20px|20px&#8221;][\/et_pb_image][et_pb_text _builder_version=&#8221;4.9.0&#8243; _module_preset=&#8221;default&#8221; text_font=&#8221;Montserrat|700|||||||&#8221; text_text_color=&#8221;#000000&#8243; text_font_size=&#8221;22px&#8221; text_orientation=&#8221;center&#8221; custom_margin=&#8221;||15px||false|false&#8221; custom_padding=&#8221;||0px|||&#8221; locked=&#8221;off&#8221;]<\/p>\n<p>Alto<br \/>da Barra<\/p>\n<p>[\/et_pb_text][et_pb_text _builder_version=&#8221;4.9.0&#8243; _module_preset=&#8221;default&#8221; text_font=&#8221;Raleway||||||||&#8221; text_font_size=&#8221;12px&#8221; text_line_height=&#8221;1.3em&#8221; ol_font=&#8221;||||||||&#8221; ol_text_align=&#8221;center&#8221; ol_font_size=&#8221;20px&#8221; ol_line_height=&#8221;1.4em&#8221; text_orientation=&#8221;center&#8221; custom_margin=&#8221;||11px|||&#8221; hover_enabled=&#8221;0&#8243; locked=&#8221;off&#8221; sticky_enabled=&#8221;0&#8243;]<\/p>\n<p>Voir les biens dans cette localit\u00e9<\/p>\n<p>[\/et_pb_text][et_pb_image src=&#8221;http:\/\/www.portadafrente.pt\/selection\/wp-content\/uploads\/2021\/03\/botao_infogeral.png&#8221; title_text=&#8221;botao_infogeral&#8221; url=&#8221;https:\/\/www.portadafrente.com\/fr\/immeubles\/oeiras\/alto-da-barra\/&#8221; url_new_window=&#8221;on&#8221; align=&#8221;center&#8221; _builder_version=&#8221;4.9.0&#8243; _module_preset=&#8221;default&#8221; max_width=&#8221;50%&#8221; module_alignment=&#8221;center&#8221; hover_enabled=&#8221;0&#8243; border_radii=&#8221;on|40px|40px|40px|40px&#8221; locked=&#8221;off&#8221; sticky_enabled=&#8221;0&#8243;][\/et_pb_image][\/et_pb_column][\/et_pb_row][et_pb_row _builder_version=&#8221;4.9.0&#8243; _module_preset=&#8221;default&#8221; animation_style=&#8221;fade&#8221; border_color_bottom=&#8221;#cccccc&#8221; locked=&#8221;off&#8221;][et_pb_column type=&#8221;4_4&#8243; _builder_version=&#8221;4.9.0&#8243; _module_preset=&#8221;default&#8221;][et_pb_text _builder_version=&#8221;4.9.0&#8243; _module_preset=&#8221;default&#8221; text_font=&#8221;Montserrat|300|||||||&#8221; text_text_color=&#8221;#c1c1c1&#8243; text_font_size=&#8221;48px&#8221; text_orientation=&#8221;center&#8221; hover_enabled=&#8221;0&#8243; sticky_enabled=&#8221;0&#8243;]<\/p>\n<p>LISBONNE<\/p>\n<p>[\/et_pb_text][\/et_pb_column][\/et_pb_row][et_pb_row _builder_version=&#8221;4.9.0&#8243; _module_preset=&#8221;default&#8221; custom_padding=&#8221;0px||0px|||&#8221; locked=&#8221;off&#8221;][et_pb_column type=&#8221;4_4&#8243; _builder_version=&#8221;4.9.0&#8243; _module_preset=&#8221;default&#8221;][et_pb_divider color=&#8221;#cccccc&#8221; _builder_version=&#8221;4.9.0&#8243; _module_preset=&#8221;default&#8221; max_width=&#8221;25%&#8221; module_alignment=&#8221;center&#8221;][\/et_pb_divider][\/et_pb_column][\/et_pb_row][et_pb_row column_structure=&#8221;1_5,1_5,1_5,1_5,1_5&#8243; use_custom_gutter=&#8221;on&#8221; gutter_width=&#8221;2&#8243; module_class=&#8221;coluna-mobile&#8221; _builder_version=&#8221;4.9.0&#8243; _module_preset=&#8221;default&#8221; custom_margin=&#8221;||30px||false|false&#8221; animation_style=&#8221;slide&#8221; animation_direction=&#8221;right&#8221; animation_duration=&#8221;750ms&#8221; animation_intensity_slide=&#8221;20%&#8221; locked=&#8221;off&#8221;][et_pb_column type=&#8221;1_5&#8243; _builder_version=&#8221;4.9.0&#8243; _module_preset=&#8221;default&#8221;][et_pb_text _builder_version=&#8221;4.9.0&#8243; _module_preset=&#8221;default&#8221; text_font=&#8221;Raleway|600|||||||&#8221; text_text_color=&#8221;#919191&#8243; text_font_size=&#8221;49px&#8221; text_orientation=&#8221;center&#8221; custom_margin=&#8221;||30px||false|false&#8221; locked=&#8221;off&#8221;]<\/p>\n<p>1<\/p>\n<p>[\/et_pb_text][et_pb_image src=&#8221;http:\/\/www.portadafrente.pt\/selection\/wp-content\/uploads\/2021\/03\/belem.jpg&#8221; title_text=&#8221;belem&#8221; _builder_version=&#8221;4.9.0&#8243; _module_preset=&#8221;default&#8221; border_radii=&#8221;on|20px|20px|20px|20px&#8221;][\/et_pb_image][et_pb_text _builder_version=&#8221;4.9.0&#8243; _module_preset=&#8221;default&#8221; text_font=&#8221;Montserrat|700|||||||&#8221; text_text_color=&#8221;#000000&#8243; text_font_size=&#8221;22px&#8221; text_orientation=&#8221;center&#8221; custom_margin=&#8221;||15px||false|false&#8221; custom_padding=&#8221;||0px|||&#8221;]<\/p>\n<p>Bel\u00e9m<br \/>Restelo \/ Ajuda<\/p>\n<p>[\/et_pb_text][et_pb_text _builder_version=&#8221;4.9.0&#8243; _module_preset=&#8221;default&#8221; text_font=&#8221;Raleway||||||||&#8221; text_font_size=&#8221;12px&#8221; text_line_height=&#8221;1.3em&#8221; ol_font=&#8221;||||||||&#8221; ol_text_align=&#8221;center&#8221; ol_font_size=&#8221;20px&#8221; ol_line_height=&#8221;1.4em&#8221; text_orientation=&#8221;center&#8221; custom_margin=&#8221;||11px|||&#8221; hover_enabled=&#8221;0&#8243; locked=&#8221;off&#8221; sticky_enabled=&#8221;0&#8243;]<\/p>\n<p>Voir les biens dans cette localit\u00e9<\/p>\n<p>[\/et_pb_text][et_pb_image src=&#8221;http:\/\/www.portadafrente.pt\/selection\/wp-content\/uploads\/2021\/03\/botao_infogeral.png&#8221; title_text=&#8221;botao_infogeral&#8221; url=&#8221;https:\/\/www.portadafrente.com\/fr\/immeubles\/lisbonne\/belem-restelo-ajuda\/&#8221; url_new_window=&#8221;on&#8221; align=&#8221;center&#8221; _builder_version=&#8221;4.9.0&#8243; _module_preset=&#8221;default&#8221; max_width=&#8221;50%&#8221; module_alignment=&#8221;center&#8221; hover_enabled=&#8221;0&#8243; border_radii=&#8221;on|40px|40px|40px|40px&#8221; sticky_enabled=&#8221;0&#8243;][\/et_pb_image][\/et_pb_column][et_pb_column type=&#8221;1_5&#8243; _builder_version=&#8221;4.9.0&#8243; _module_preset=&#8221;default&#8221;][et_pb_text _builder_version=&#8221;4.9.0&#8243; _module_preset=&#8221;default&#8221; text_font=&#8221;Raleway|600|||||||&#8221; text_text_color=&#8221;#919191&#8243; text_font_size=&#8221;49px&#8221; text_orientation=&#8221;center&#8221; custom_margin=&#8221;||30px||false|false&#8221; locked=&#8221;off&#8221;]<\/p>\n<p>2<\/p>\n<p>[\/et_pb_text][et_pb_image src=&#8221;http:\/\/www.portadafrente.pt\/selection\/wp-content\/uploads\/2021\/03\/avenidas-novas.jpg&#8221; title_text=&#8221;avenidas-novas&#8221; _builder_version=&#8221;4.9.0&#8243; _module_preset=&#8221;default&#8221; border_radii=&#8221;on|20px|20px|20px|20px&#8221;][\/et_pb_image][et_pb_text _builder_version=&#8221;4.9.0&#8243; _module_preset=&#8221;default&#8221; text_font=&#8221;Montserrat|700|||||||&#8221; text_text_color=&#8221;#000000&#8243; text_font_size=&#8221;22px&#8221; text_orientation=&#8221;center&#8221; custom_margin=&#8221;||15px||false|false&#8221; custom_padding=&#8221;||0px|||&#8221; locked=&#8221;off&#8221;]<\/p>\n<p>Avenidas Novas<br \/>Alvalade<\/p>\n<p>[\/et_pb_text][et_pb_text _builder_version=&#8221;4.9.0&#8243; _module_preset=&#8221;default&#8221; text_font=&#8221;Raleway||||||||&#8221; text_font_size=&#8221;12px&#8221; text_line_height=&#8221;1.3em&#8221; ol_font=&#8221;||||||||&#8221; ol_text_align=&#8221;center&#8221; ol_font_size=&#8221;20px&#8221; ol_line_height=&#8221;1.4em&#8221; text_orientation=&#8221;center&#8221; custom_margin=&#8221;||11px|||&#8221; hover_enabled=&#8221;0&#8243; locked=&#8221;off&#8221; sticky_enabled=&#8221;0&#8243;]<\/p>\n<p>Voir les biens dans cette localit\u00e9<\/p>\n<p>[\/et_pb_text][et_pb_image src=&#8221;http:\/\/www.portadafrente.pt\/selection\/wp-content\/uploads\/2021\/03\/botao_infogeral.png&#8221; title_text=&#8221;botao_infogeral&#8221; url=&#8221;https:\/\/www.portadafrente.com\/fr\/immeubles\/lisbonne\/avenidas-novas-alvalade\/&#8221; url_new_window=&#8221;on&#8221; align=&#8221;center&#8221; _builder_version=&#8221;4.9.0&#8243; _module_preset=&#8221;default&#8221; max_width=&#8221;50%&#8221; module_alignment=&#8221;center&#8221; hover_enabled=&#8221;0&#8243; border_radii=&#8221;on|40px|40px|40px|40px&#8221; locked=&#8221;off&#8221; sticky_enabled=&#8221;0&#8243;][\/et_pb_image][\/et_pb_column][et_pb_column type=&#8221;1_5&#8243; _builder_version=&#8221;4.9.0&#8243; _module_preset=&#8221;default&#8221;][et_pb_text _builder_version=&#8221;4.9.0&#8243; _module_preset=&#8221;default&#8221; text_font=&#8221;Raleway|600|||||||&#8221; text_text_color=&#8221;#919191&#8243; text_font_size=&#8221;49px&#8221; text_orientation=&#8221;center&#8221; custom_margin=&#8221;||30px||false|false&#8221; locked=&#8221;off&#8221;]<\/p>\n<p>3<\/p>\n<p>[\/et_pb_text][et_pb_image src=&#8221;http:\/\/www.portadafrente.pt\/selection\/wp-content\/uploads\/2021\/03\/santos.jpg&#8221; title_text=&#8221;santos&#8221; _builder_version=&#8221;4.9.0&#8243; _module_preset=&#8221;default&#8221; border_radii=&#8221;on|20px|20px|20px|20px&#8221;][\/et_pb_image][et_pb_text _builder_version=&#8221;4.9.0&#8243; _module_preset=&#8221;default&#8221; text_font=&#8221;Montserrat|700|||||||&#8221; text_text_color=&#8221;#000000&#8243; text_font_size=&#8221;22px&#8221; text_orientation=&#8221;center&#8221; custom_margin=&#8221;||15px||false|false&#8221; custom_padding=&#8221;||0px|||&#8221; locked=&#8221;off&#8221;]<\/p>\n<p>Santos<br \/>Lapa \/ Estrela<\/p>\n<p>[\/et_pb_text][et_pb_text _builder_version=&#8221;4.9.0&#8243; _module_preset=&#8221;default&#8221; text_font=&#8221;Raleway||||||||&#8221; text_font_size=&#8221;12px&#8221; text_line_height=&#8221;1.3em&#8221; ol_font=&#8221;||||||||&#8221; ol_text_align=&#8221;center&#8221; ol_font_size=&#8221;20px&#8221; ol_line_height=&#8221;1.4em&#8221; text_orientation=&#8221;center&#8221; custom_margin=&#8221;||11px|||&#8221; hover_enabled=&#8221;0&#8243; locked=&#8221;off&#8221; sticky_enabled=&#8221;0&#8243;]<\/p>\n<p>Voir les biens dans cette localit\u00e9<\/p>\n<p>[\/et_pb_text][et_pb_image src=&#8221;http:\/\/www.portadafrente.pt\/selection\/wp-content\/uploads\/2021\/03\/botao_infogeral.png&#8221; title_text=&#8221;botao_infogeral&#8221; url=&#8221;https:\/\/www.portadafrente.com\/fr\/immeubles\/lisbonne\/santos-lapa-estrela\/&#8221; url_new_window=&#8221;on&#8221; align=&#8221;center&#8221; _builder_version=&#8221;4.9.0&#8243; _module_preset=&#8221;default&#8221; max_width=&#8221;50%&#8221; module_alignment=&#8221;center&#8221; hover_enabled=&#8221;0&#8243; border_radii=&#8221;on|40px|40px|40px|40px&#8221; locked=&#8221;off&#8221; sticky_enabled=&#8221;0&#8243;][\/et_pb_image][\/et_pb_column][et_pb_column type=&#8221;1_5&#8243; _builder_version=&#8221;4.9.0&#8243; _module_preset=&#8221;default&#8221;][et_pb_text _builder_version=&#8221;4.9.0&#8243; _module_preset=&#8221;default&#8221; text_font=&#8221;Raleway|600|||||||&#8221; text_text_color=&#8221;#919191&#8243; text_font_size=&#8221;49px&#8221; text_orientation=&#8221;center&#8221; custom_margin=&#8221;||30px||false|false&#8221; locked=&#8221;off&#8221;]<\/p>\n<p>4<\/p>\n<p>[\/et_pb_text][et_pb_image src=&#8221;http:\/\/www.portadafrente.pt\/selection\/wp-content\/uploads\/2021\/03\/avenida-liberdade.jpg&#8221; title_text=&#8221;avenida-liberdade&#8221; _builder_version=&#8221;4.9.0&#8243; _module_preset=&#8221;default&#8221; border_radii=&#8221;on|20px|20px|20px|20px&#8221;][\/et_pb_image][et_pb_text _builder_version=&#8221;4.9.0&#8243; _module_preset=&#8221;default&#8221; text_font=&#8221;Montserrat|700|||||||&#8221; text_text_color=&#8221;#000000&#8243; text_font_size=&#8221;22px&#8221; text_orientation=&#8221;center&#8221; custom_margin=&#8221;||15px||false|false&#8221; custom_padding=&#8221;||0px|||&#8221; locked=&#8221;off&#8221;]<\/p>\n<p>Avenida<br \/>da Liberdade<\/p>\n<p>[\/et_pb_text][et_pb_text _builder_version=&#8221;4.9.0&#8243; _module_preset=&#8221;default&#8221; text_font=&#8221;Raleway||||||||&#8221; text_font_size=&#8221;12px&#8221; text_line_height=&#8221;1.3em&#8221; ol_font=&#8221;||||||||&#8221; ol_text_align=&#8221;center&#8221; ol_font_size=&#8221;20px&#8221; ol_line_height=&#8221;1.4em&#8221; text_orientation=&#8221;center&#8221; custom_margin=&#8221;||11px|||&#8221; hover_enabled=&#8221;0&#8243; locked=&#8221;off&#8221; sticky_enabled=&#8221;0&#8243;]<\/p>\n<p>Voir les biens dans cette localit\u00e9<\/p>\n<p>[\/et_pb_text][et_pb_image src=&#8221;http:\/\/www.portadafrente.pt\/selection\/wp-content\/uploads\/2021\/03\/botao_infogeral.png&#8221; title_text=&#8221;botao_infogeral&#8221; url=&#8221;https:\/\/www.portadafrente.com\/fr\/immeubles\/lisbonne\/avenida-da-liberdade\/&#8221; url_new_window=&#8221;on&#8221; align=&#8221;center&#8221; _builder_version=&#8221;4.9.0&#8243; _module_preset=&#8221;default&#8221; max_width=&#8221;50%&#8221; module_alignment=&#8221;center&#8221; hover_enabled=&#8221;0&#8243; border_radii=&#8221;on|40px|40px|40px|40px&#8221; locked=&#8221;off&#8221; sticky_enabled=&#8221;0&#8243;][\/et_pb_image][\/et_pb_column][et_pb_column type=&#8221;1_5&#8243; _builder_version=&#8221;4.9.0&#8243; _module_preset=&#8221;default&#8221;][et_pb_text _builder_version=&#8221;4.9.0&#8243; _module_preset=&#8221;default&#8221; text_font=&#8221;Raleway|600|||||||&#8221; text_text_color=&#8221;#919191&#8243; text_font_size=&#8221;49px&#8221; text_orientation=&#8221;center&#8221; custom_margin=&#8221;||30px||false|false&#8221; locked=&#8221;off&#8221;]<\/p>\n<p>5<\/p>\n<p>[\/et_pb_text][et_pb_image src=&#8221;http:\/\/www.portadafrente.pt\/selection\/wp-content\/uploads\/2021\/03\/alfama.jpg&#8221; title_text=&#8221;alfama&#8221; _builder_version=&#8221;4.9.0&#8243; _module_preset=&#8221;default&#8221; border_radii=&#8221;on|20px|20px|20px|20px&#8221;][\/et_pb_image][et_pb_text _builder_version=&#8221;4.9.0&#8243; _module_preset=&#8221;default&#8221; text_font=&#8221;Montserrat|700|||||||&#8221; text_text_color=&#8221;#000000&#8243; text_font_size=&#8221;22px&#8221; text_orientation=&#8221;center&#8221; custom_margin=&#8221;||15px||false|false&#8221; custom_padding=&#8221;||0px|||&#8221; locked=&#8221;off&#8221;]<\/p>\n<p>Alfama<br \/>Gra\u00e7a \/ Castelo<\/p>\n<p>[\/et_pb_text][et_pb_text _builder_version=&#8221;4.9.0&#8243; _module_preset=&#8221;default&#8221; text_font=&#8221;Raleway||||||||&#8221; text_font_size=&#8221;12px&#8221; text_line_height=&#8221;1.3em&#8221; ol_font=&#8221;||||||||&#8221; ol_text_align=&#8221;center&#8221; ol_font_size=&#8221;20px&#8221; ol_line_height=&#8221;1.4em&#8221; text_orientation=&#8221;center&#8221; custom_margin=&#8221;||11px|||&#8221; hover_enabled=&#8221;0&#8243; locked=&#8221;off&#8221; sticky_enabled=&#8221;0&#8243;]<\/p>\n<p>Voir les biens dans cette localit\u00e9<\/p>\n<p>[\/et_pb_text][et_pb_image src=&#8221;http:\/\/www.portadafrente.pt\/selection\/wp-content\/uploads\/2021\/03\/botao_infogeral.png&#8221; title_text=&#8221;botao_infogeral&#8221; url=&#8221;https:\/\/www.portadafrente.com\/fr\/immeubles\/lisbonne\/alfama-graca-castelo\/&#8221; url_new_window=&#8221;on&#8221; align=&#8221;center&#8221; _builder_version=&#8221;4.9.0&#8243; _module_preset=&#8221;default&#8221; max_width=&#8221;50%&#8221; module_alignment=&#8221;center&#8221; hover_enabled=&#8221;0&#8243; border_radii=&#8221;on|40px|40px|40px|40px&#8221; locked=&#8221;off&#8221; sticky_enabled=&#8221;0&#8243;][\/et_pb_image][\/et_pb_column][\/et_pb_row][\/et_pb_section][et_pb_section fb_built=&#8221;1&#8243; module_id=&#8221;casas&#8221; _builder_version=&#8221;4.9.0&#8243; _module_preset=&#8221;default&#8221; box_shadow_style=&#8221;preset3&#8243; box_shadow_vertical=&#8221;-3px&#8221;][et_pb_row column_structure=&#8221;2_5,3_5&#8243; custom_padding_last_edited=&#8221;on|phone&#8221; _builder_version=&#8221;4.9.0&#8243; _module_preset=&#8221;default&#8221; custom_padding=&#8221;||40px|||&#8221; custom_padding_tablet=&#8221;||10px||false|false&#8221; custom_padding_phone=&#8221;&#8221; animation_style=&#8221;fold&#8221; animation_direction=&#8221;top&#8221; locked=&#8221;off&#8221;][et_pb_column type=&#8221;2_5&#8243; _builder_version=&#8221;4.9.0&#8243; _module_preset=&#8221;default&#8221;][et_pb_text _builder_version=&#8221;4.9.0&#8243; _module_preset=&#8221;default&#8221; text_font=&#8221;Montserrat|700|||||||&#8221; text_text_color=&#8221;#000000&#8243; text_line_height=&#8221;2em&#8221; hover_enabled=&#8221;0&#8243; text_orientation_tablet=&#8221;center&#8221; text_orientation_phone=&#8221;&#8221; text_orientation_last_edited=&#8221;on|desktop&#8221; sticky_enabled=&#8221;0&#8243;]<span class=\"number-size-sm\">Notre s\u00e9lection<\/span><br \/>\n<span class=\"label-size\">de biens<\/span>[\/et_pb_text][\/et_pb_column][et_pb_column type=&#8221;3_5&#8243; _builder_version=&#8221;4.9.0&#8243; _module_preset=&#8221;default&#8221;][et_pb_text _builder_version=&#8221;4.9.0&#8243; _module_preset=&#8221;default&#8221; text_font=&#8221;Raleway||||||||&#8221; text_text_color=&#8221;#000000&#8243; text_line_height=&#8221;1.5em&#8221; header_font=&#8221;Montserrat|700|||||||&#8221; header_text_align=&#8221;left&#8221; header_text_color=&#8221;#660024&#8243; header_font_size=&#8221;28px&#8221; header_line_height=&#8221;1.7em&#8221; text_orientation=&#8221;right&#8221; max_width=&#8221;75%&#8221; max_width_tablet=&#8221;100%&#8221; max_width_phone=&#8221;&#8221; max_width_last_edited=&#8221;on|phone&#8221; module_alignment=&#8221;right&#8221; custom_margin=&#8221;||||false|false&#8221; hover_enabled=&#8221;0&#8243; text_orientation_tablet=&#8221;center&#8221; text_orientation_phone=&#8221;&#8221; text_orientation_last_edited=&#8221;on|desktop&#8221; module_alignment_tablet=&#8221;center&#8221; module_alignment_phone=&#8221;center&#8221; module_alignment_last_edited=&#8221;on|phone&#8221; locked=&#8221;off&#8221; sticky_enabled=&#8221;0&#8243;]<\/p>\n<p>D\u00e9couvrez avec nous les caract\u00e9ristiques les plus recherch\u00e9es en immobilier par nos clients en 2020, telles que les espaces ext\u00e9rieurs, un confort in\u00e9gal\u00e9, la lumi\u00e8re, de plus grandes pi\u00e8ces, etc.<\/p>\n<p>[\/et_pb_text][\/et_pb_column][\/et_pb_row][et_pb_row column_structure=&#8221;1_3,1_3,1_3&#8243; use_custom_gutter=&#8221;on&#8221; gutter_width=&#8221;2&#8243; make_equal=&#8221;on&#8221; module_class=&#8221;casas-oeiras&#8221; _builder_version=&#8221;4.9.0&#8243; _module_preset=&#8221;default&#8221; custom_margin=&#8221;||30px||false|false&#8221; custom_margin_tablet=&#8221;0px||0px||false|false&#8221; custom_margin_phone=&#8221;&#8221; custom_margin_last_edited=&#8221;on|phone&#8221; custom_padding=&#8221;0px||0px||false|false&#8221; animation_style=&#8221;zoom&#8221; animation_direction=&#8221;right&#8221; animation_duration=&#8221;750ms&#8221; animation_intensity_zoom=&#8221;20%&#8221; locked=&#8221;off&#8221;][et_pb_column type=&#8221;1_3&#8243; module_class=&#8221;col1&#8243; _builder_version=&#8221;4.9.0&#8243; _module_preset=&#8221;default&#8221;][et_pb_text _builder_version=&#8221;4.9.0&#8243; _module_preset=&#8221;default&#8221; text_font=&#8221;Montserrat||||||||&#8221; text_text_color=&#8221;#898989&#8243; text_font_size=&#8221;22px&#8221; text_line_height=&#8221;1.2em&#8221; text_orientation=&#8221;center&#8221; max_width=&#8221;80%&#8221; module_alignment=&#8221;center&#8221; custom_margin=&#8221;||9px||false|false&#8221; custom_padding=&#8221;||0px|||&#8221; hover_enabled=&#8221;0&#8243; locked=&#8221;off&#8221; sticky_enabled=&#8221;0&#8243;]<\/p>\n<p><span>Appartements<\/span><\/p>\n<p>[\/et_pb_text][et_pb_image src=&#8221;http:\/\/www.portadafrente.pt\/selection\/wp-content\/uploads\/2021\/03\/pf18318-apartamento-t4-1-oeiras-e47c55f6-5ef2-4904-8ab2-9b1cac1bc38b.jpg&#8221; title_text=&#8221;pf18318-apartamento-t4-1-oeiras-e47c55f6-5ef2-4904-8ab2-9b1cac1bc38b&#8221; _builder_version=&#8221;4.9.0&#8243; _module_preset=&#8221;default&#8221; border_radii=&#8221;on|20px|20px|20px|20px&#8221;][\/et_pb_image][et_pb_text _builder_version=&#8221;4.9.0&#8243; _module_preset=&#8221;default&#8221; text_font=&#8221;Montserrat|700|||||||&#8221; text_text_color=&#8221;#000000&#8243; text_font_size=&#8221;22px&#8221; text_line_height=&#8221;1.2em&#8221; text_orientation=&#8221;center&#8221; max_width=&#8221;55%&#8221; module_alignment=&#8221;center&#8221; custom_margin=&#8221;||9px||false|false&#8221; custom_padding=&#8221;||0px|||&#8221; hover_enabled=&#8221;0&#8243; locked=&#8221;off&#8221; sticky_enabled=&#8221;0&#8243;]<\/p>\n<p><strong>Vues sur le fleuve et la mer<\/strong><\/p>\n<p>[\/et_pb_text][et_pb_text _builder_version=&#8221;4.9.0&#8243; _module_preset=&#8221;default&#8221; text_font=&#8221;Raleway||||||||&#8221; text_font_size=&#8221;12px&#8221; text_line_height=&#8221;1.3em&#8221; ol_font=&#8221;||||||||&#8221; ol_text_align=&#8221;center&#8221; ol_font_size=&#8221;20px&#8221; ol_line_height=&#8221;1.4em&#8221; text_orientation=&#8221;center&#8221; max_width=&#8221;70%&#8221; module_alignment=&#8221;center&#8221; custom_margin=&#8221;||11px|||&#8221; hover_enabled=&#8221;0&#8243; locked=&#8221;off&#8221; sticky_enabled=&#8221;0&#8243;]<\/p>\n<p>Voir les biens r\u00e9unissant ces caract\u00e9ristiques dans cette localit\u00e9<\/p>\n<p>[\/et_pb_text][et_pb_image src=&#8221;http:\/\/www.portadafrente.pt\/selection\/wp-content\/uploads\/2021\/03\/botao_infogeral.png&#8221; title_text=&#8221;botao_infogeral&#8221; url=&#8221;https:\/\/www.portadafrente.com\/fr\/immeubles\/?search-categ=apartment&#038;business-type=sale&#038;search-counties=oeiras&#038;search-zones=oeiras-alges&#038;search-zones=oeiras-alto-da-barra&#038;search-zones=oeiras-alto-de-alges&#038;search-zones=oeiras-alto-de-santa-catarina&#038;search-zones=oeiras-alto-do-dafundo&#038;search-zones=oeiras-alto-do-lagoal&#038;search-zones=oeiras-centro-historico-de-oeiras&#038;search-zones=oeiras-miraflores&#038;search-zones=oeiras-nova-oeiras&#038;search-zones=oeiras-parque-dos-poetas&#038;search-zones=oeiras-paco-de-arcos&#038;search-price-min=&#038;search-price-max=&#038;search-rooms=3&#038;search-status=used&#038;search-status=new&#038;search-code=#redirect_landing&#8221; url_new_window=&#8221;on&#8221; align=&#8221;center&#8221; _builder_version=&#8221;4.9.0&#8243; _module_preset=&#8221;default&#8221; max_width=&#8221;50%&#8221; module_alignment=&#8221;center&#8221; max_height=&#8221;40px&#8221; hover_enabled=&#8221;0&#8243; border_radii=&#8221;on|40px|40px|40px|40px&#8221; locked=&#8221;off&#8221; sticky_enabled=&#8221;0&#8243;][\/et_pb_image][\/et_pb_column][et_pb_column type=&#8221;1_3&#8243; module_class=&#8221;col2&#8243; _builder_version=&#8221;4.9.0&#8243; _module_preset=&#8221;default&#8221;][et_pb_text _builder_version=&#8221;4.9.0&#8243; _module_preset=&#8221;default&#8221; text_font=&#8221;Montserrat||||||||&#8221; text_text_color=&#8221;#898989&#8243; text_font_size=&#8221;22px&#8221; text_line_height=&#8221;1.2em&#8221; text_orientation=&#8221;center&#8221; max_width=&#8221;80%&#8221; module_alignment=&#8221;center&#8221; custom_margin=&#8221;||9px||false|false&#8221; custom_padding=&#8221;||0px|||&#8221; hover_enabled=&#8221;0&#8243; locked=&#8221;off&#8221; sticky_enabled=&#8221;0&#8243;]<\/p>\n<p><span>Maisons<\/span><\/p>\n<p>[\/et_pb_text][et_pb_image src=&#8221;http:\/\/www.portadafrente.pt\/selection\/wp-content\/uploads\/2021\/03\/pf19375-moradia-t6-oeiras-46999b3c-ea8e-4918-ab9f-d50c70a9f0a5.jpg&#8221; title_text=&#8221;pf19375-moradia-t6-oeiras-46999b3c-ea8e-4918-ab9f-d50c70a9f0a5&#8243; _builder_version=&#8221;4.9.0&#8243; _module_preset=&#8221;default&#8221; border_radii=&#8221;on|20px|20px|20px|20px&#8221;][\/et_pb_image][et_pb_text _builder_version=&#8221;4.9.0&#8243; _module_preset=&#8221;default&#8221; text_font=&#8221;Montserrat|700|||||||&#8221; text_text_color=&#8221;#000000&#8243; text_font_size=&#8221;22px&#8221; text_line_height=&#8221;1.2em&#8221; text_orientation=&#8221;center&#8221; module_alignment=&#8221;center&#8221; custom_margin=&#8221;||9px||false|false&#8221; custom_padding=&#8221;||0px|||&#8221; hover_enabled=&#8221;0&#8243; locked=&#8221;off&#8221; sticky_enabled=&#8221;0&#8243;]<\/p>\n<p><strong>Plus d&#8217;espace pour profiter de votre maison<\/strong><\/p>\n<p>[\/et_pb_text][et_pb_text _builder_version=&#8221;4.9.0&#8243; _module_preset=&#8221;default&#8221; text_font=&#8221;Raleway||||||||&#8221; text_font_size=&#8221;12px&#8221; text_line_height=&#8221;1.3em&#8221; ol_font=&#8221;||||||||&#8221; ol_text_align=&#8221;center&#8221; ol_font_size=&#8221;20px&#8221; ol_line_height=&#8221;1.4em&#8221; text_orientation=&#8221;center&#8221; max_width=&#8221;70%&#8221; module_alignment=&#8221;center&#8221; custom_margin=&#8221;||11px|||&#8221; hover_enabled=&#8221;0&#8243; locked=&#8221;off&#8221; sticky_enabled=&#8221;0&#8243;]<\/p>\n<p>Voir les biens r\u00e9unissant ces caract\u00e9ristiques dans cette localit\u00e9<\/p>\n<p>[\/et_pb_text][et_pb_image src=&#8221;http:\/\/www.portadafrente.pt\/selection\/wp-content\/uploads\/2021\/03\/botao_infogeral.png&#8221; title_text=&#8221;botao_infogeral&#8221; url=&#8221;https:\/\/www.portadafrente.com\/fr\/immeubles\/?business-type=sale&#038;search-categ=villa&#038;search-counties=oeiras&#038;search-price-min=&#038;search-price-max=&#038;search-rooms=3&#038;search-status=&#038;search-code=&#038;search-order=area_desc#redirect_landing&#8221; url_new_window=&#8221;on&#8221; align=&#8221;center&#8221; _builder_version=&#8221;4.9.0&#8243; _module_preset=&#8221;default&#8221; max_width=&#8221;50%&#8221; module_alignment=&#8221;center&#8221; max_height=&#8221;40px&#8221; hover_enabled=&#8221;0&#8243; border_radii=&#8221;on|40px|40px|40px|40px&#8221; locked=&#8221;off&#8221; sticky_enabled=&#8221;0&#8243;][\/et_pb_image][\/et_pb_column][et_pb_column type=&#8221;1_3&#8243; module_class=&#8221;col3&#8243; _builder_version=&#8221;4.9.0&#8243; _module_preset=&#8221;default&#8221;][et_pb_text _builder_version=&#8221;4.9.0&#8243; _module_preset=&#8221;default&#8221; text_font=&#8221;Montserrat|300|||||||&#8221; text_text_color=&#8221;#c1c1c1&#8243; text_font_size=&#8221;48px&#8221; text_orientation=&#8221;center&#8221; custom_margin=&#8221;92px||45px|||&#8221; custom_margin_tablet=&#8221;0px||||false|false&#8221; custom_margin_phone=&#8221;&#8221; custom_margin_last_edited=&#8221;on|phone&#8221; custom_padding=&#8221;||||false|false&#8221; custom_padding_tablet=&#8221;0px||0px||false|false&#8221; custom_padding_phone=&#8221;&#8221; custom_padding_last_edited=&#8221;on|tablet&#8221;]<\/p>\n<p>OEIRAS<\/p>\n<p>[\/et_pb_text][et_pb_text _builder_version=&#8221;4.9.0&#8243; _module_preset=&#8221;default&#8221; text_font=&#8221;Raleway||||||||&#8221; text_text_color=&#8221;#878787&#8243; text_line_height=&#8221;1.3em&#8221; ol_font=&#8221;||||||||&#8221; ol_text_align=&#8221;center&#8221; ol_font_size=&#8221;20px&#8221; ol_line_height=&#8221;1.4em&#8221; text_orientation=&#8221;center&#8221; max_width=&#8221;75%&#8221; module_alignment=&#8221;center&#8221; custom_margin=&#8221;||11px|||&#8221; locked=&#8221;off&#8221;]<\/p>\n<p class=\"x_p2\">Notre maison, ces derniers mois, a endoss\u00e9 le r\u00f4le de protagoniste dans la vie quotidienne de chaque famille. Plus d&#8217;espace pour passer plus de temps et des vues d\u00e9gag\u00e9es et entour\u00e9es de bleu sont deux des caract\u00e9ristiques les plus recherch\u00e9es aujourd&#8217;hui.<\/p>\n<p>[\/et_pb_text][\/et_pb_column][\/et_pb_row][et_pb_row column_structure=&#8221;1_3,1_3,1_3&#8243; use_custom_gutter=&#8221;on&#8221; gutter_width=&#8221;2&#8243; make_equal=&#8221;on&#8221; module_class=&#8221;casas-lisboa&#8221; _builder_version=&#8221;4.9.0&#8243; _module_preset=&#8221;default&#8221; custom_margin=&#8221;||30px||false|false&#8221; custom_margin_tablet=&#8221;0px||0px||false|false&#8221; custom_margin_phone=&#8221;&#8221; custom_margin_last_edited=&#8221;on|phone&#8221; custom_padding=&#8221;0px||0px||false|false&#8221; animation_style=&#8221;zoom&#8221; animation_direction=&#8221;right&#8221; animation_duration=&#8221;750ms&#8221; animation_intensity_zoom=&#8221;20%&#8221; locked=&#8221;off&#8221;][et_pb_column type=&#8221;1_3&#8243; module_class=&#8221;col1&#8243; _builder_version=&#8221;4.9.0&#8243; _module_preset=&#8221;default&#8221;][et_pb_text _builder_version=&#8221;4.9.0&#8243; _module_preset=&#8221;default&#8221; text_font=&#8221;Montserrat|300|||||||&#8221; text_text_color=&#8221;#c1c1c1&#8243; text_font_size=&#8221;48px&#8221; text_orientation=&#8221;center&#8221; custom_margin=&#8221;92px||45px|||&#8221; custom_margin_tablet=&#8221;0px||||false|false&#8221; custom_margin_phone=&#8221;&#8221; custom_margin_last_edited=&#8221;on|phone&#8221; custom_padding=&#8221;||||false|false&#8221; custom_padding_tablet=&#8221;0px||0px||false|false&#8221; custom_padding_phone=&#8221;&#8221; custom_padding_last_edited=&#8221;on|tablet&#8221; hover_enabled=&#8221;0&#8243; sticky_enabled=&#8221;0&#8243;]<\/p>\n<p>LISBONNE<\/p>\n<p>[\/et_pb_text][et_pb_text _builder_version=&#8221;4.9.0&#8243; _module_preset=&#8221;default&#8221; text_font=&#8221;Raleway||||||||&#8221; text_text_color=&#8221;#878787&#8243; text_line_height=&#8221;1.3em&#8221; ol_font=&#8221;||||||||&#8221; ol_text_align=&#8221;center&#8221; ol_font_size=&#8221;20px&#8221; ol_line_height=&#8221;1.4em&#8221; text_orientation=&#8221;center&#8221; max_width=&#8221;75%&#8221; module_alignment=&#8221;center&#8221; custom_margin=&#8221;||11px|||&#8221; locked=&#8221;off&#8221;]<\/p>\n<p><span>Dans la capitale portugaise, on pr\u00e9f\u00e8re le style de vie cosmopolite et urbain o\u00f9 les clients privil\u00e9gient l&#8217;espace et la lumi\u00e8re tant d\u00e9sir\u00e9e de la ville, ainsi que la possibilit\u00e9 de vues sur les 7 collines.<\/span><\/p>\n<p>[\/et_pb_text][\/et_pb_column][et_pb_column type=&#8221;1_3&#8243; module_class=&#8221;col2&#8243; _builder_version=&#8221;4.9.0&#8243; _module_preset=&#8221;default&#8221;][et_pb_text _builder_version=&#8221;4.9.0&#8243; _module_preset=&#8221;default&#8221; text_font=&#8221;Montserrat||||||||&#8221; text_text_color=&#8221;#898989&#8243; text_font_size=&#8221;22px&#8221; text_line_height=&#8221;1.2em&#8221; text_orientation=&#8221;center&#8221; max_width=&#8221;80%&#8221; module_alignment=&#8221;center&#8221; custom_margin=&#8221;||9px||false|false&#8221; custom_padding=&#8221;||0px|||&#8221; hover_enabled=&#8221;0&#8243; locked=&#8221;off&#8221; sticky_enabled=&#8221;0&#8243;]<\/p>\n<p><span>Appartements<\/span><\/p>\n<p>[\/et_pb_text][et_pb_image src=&#8221;http:\/\/www.portadafrente.pt\/selection\/wp-content\/uploads\/2021\/03\/T1-Chiado.jpeg&#8221; title_text=&#8221;T1 Chiado&#8221; _builder_version=&#8221;4.9.0&#8243; _module_preset=&#8221;default&#8221; border_radii=&#8221;on|20px|20px|20px|20px&#8221;][\/et_pb_image][et_pb_text _builder_version=&#8221;4.9.0&#8243; _module_preset=&#8221;default&#8221; text_font=&#8221;Montserrat|700|||||||&#8221; text_text_color=&#8221;#000000&#8243; text_font_size=&#8221;22px&#8221; text_line_height=&#8221;1.2em&#8221; text_orientation=&#8221;center&#8221; max_width=&#8221;80%&#8221; module_alignment=&#8221;center&#8221; custom_margin=&#8221;||9px||false|false&#8221; custom_padding=&#8221;||0px|||&#8221; hover_enabled=&#8221;0&#8243; locked=&#8221;off&#8221; sticky_enabled=&#8221;0&#8243;]<\/p>\n<p><span>Vues sur les 7 collines<\/span><\/p>\n<p>[\/et_pb_text][et_pb_text _builder_version=&#8221;4.9.0&#8243; _module_preset=&#8221;default&#8221; text_font=&#8221;Raleway||||||||&#8221; text_font_size=&#8221;12px&#8221; text_line_height=&#8221;1.3em&#8221; ol_font=&#8221;||||||||&#8221; ol_text_align=&#8221;center&#8221; ol_font_size=&#8221;20px&#8221; ol_line_height=&#8221;1.4em&#8221; text_orientation=&#8221;center&#8221; max_width=&#8221;70%&#8221; module_alignment=&#8221;center&#8221; custom_margin=&#8221;||11px|||&#8221; hover_enabled=&#8221;0&#8243; locked=&#8221;off&#8221; sticky_enabled=&#8221;0&#8243;]<\/p>\n<p>Voir les biens r\u00e9unissant ces caract\u00e9ristiques dans cette localit\u00e9<\/p>\n<p>[\/et_pb_text][et_pb_image src=&#8221;http:\/\/www.portadafrente.pt\/selection\/wp-content\/uploads\/2021\/03\/botao_infogeral.png&#8221; title_text=&#8221;botao_infogeral&#8221; url=&#8221;https:\/\/www.portadafrente.com\/fr\/immeubles\/?search-categ=apartment&#038;business-type=sale&#038;search-counties=lisboa&#038;search-price-min=&#038;search-price-max=&#038;search-rooms=3&#038;search-status=used&#038;search-status=new&#038;search-code=#redirect_landing&#8221; url_new_window=&#8221;on&#8221; align=&#8221;center&#8221; _builder_version=&#8221;4.9.0&#8243; _module_preset=&#8221;default&#8221; max_width=&#8221;50%&#8221; module_alignment=&#8221;center&#8221; max_height=&#8221;40px&#8221; hover_enabled=&#8221;0&#8243; border_radii=&#8221;on|40px|40px|40px|40px&#8221; sticky_enabled=&#8221;0&#8243;][\/et_pb_image][\/et_pb_column][et_pb_column type=&#8221;1_3&#8243; module_class=&#8221;col3&#8243; _builder_version=&#8221;4.9.0&#8243; _module_preset=&#8221;default&#8221;][et_pb_text _builder_version=&#8221;4.9.0&#8243; _module_preset=&#8221;default&#8221; text_font=&#8221;Montserrat||||||||&#8221; text_text_color=&#8221;#898989&#8243; text_font_size=&#8221;22px&#8221; text_line_height=&#8221;1.2em&#8221; text_orientation=&#8221;center&#8221; max_width=&#8221;80%&#8221; module_alignment=&#8221;center&#8221; custom_margin=&#8221;||9px||false|false&#8221; custom_padding=&#8221;||0px|||&#8221; hover_enabled=&#8221;0&#8243; locked=&#8221;off&#8221; sticky_enabled=&#8221;0&#8243;]<\/p>\n<p><span>Maisons<\/span><\/p>\n<p>[\/et_pb_text][et_pb_image src=&#8221;http:\/\/www.portadafrente.pt\/selection\/wp-content\/uploads\/2021\/03\/Capa.jpg&#8221; title_text=&#8221;Capa&#8221; _builder_version=&#8221;4.9.0&#8243; _module_preset=&#8221;default&#8221; border_radii=&#8221;on|20px|20px|20px|20px&#8221;][\/et_pb_image][et_pb_text _builder_version=&#8221;4.9.0&#8243; _module_preset=&#8221;default&#8221; text_font=&#8221;Montserrat|700|||||||&#8221; text_text_color=&#8221;#000000&#8243; text_font_size=&#8221;22px&#8221; text_line_height=&#8221;1.2em&#8221; text_orientation=&#8221;center&#8221; module_alignment=&#8221;center&#8221; custom_margin=&#8221;||9px||false|false&#8221; custom_padding=&#8221;||0px|||&#8221; hover_enabled=&#8221;0&#8243; locked=&#8221;off&#8221; sticky_enabled=&#8221;0&#8243;]<\/p>\n<p><span>Espace et luminosit\u00e9<\/span><\/p>\n<p>[\/et_pb_text][et_pb_text _builder_version=&#8221;4.9.0&#8243; _module_preset=&#8221;default&#8221; text_font=&#8221;Raleway||||||||&#8221; text_font_size=&#8221;12px&#8221; text_line_height=&#8221;1.3em&#8221; ol_font=&#8221;||||||||&#8221; ol_text_align=&#8221;center&#8221; ol_font_size=&#8221;20px&#8221; ol_line_height=&#8221;1.4em&#8221; text_orientation=&#8221;center&#8221; max_width=&#8221;70%&#8221; module_alignment=&#8221;center&#8221; custom_margin=&#8221;||11px|||&#8221; hover_enabled=&#8221;0&#8243; locked=&#8221;off&#8221; sticky_enabled=&#8221;0&#8243;]<\/p>\n<p>Voir les biens r\u00e9unissant ces caract\u00e9ristiques dans cette localit\u00e9<\/p>\n<p>[\/et_pb_text][et_pb_image src=&#8221;http:\/\/www.portadafrente.pt\/selection\/wp-content\/uploads\/2021\/03\/botao_infogeral.png&#8221; title_text=&#8221;botao_infogeral&#8221; url=&#8221;https:\/\/www.portadafrente.com\/fr\/immeubles\/?search-categ=villa&#038;business-type=sale&#038;search-counties=lisboa&#038;search-price-min=&#038;search-price-max=&#038;search-rooms=3&#038;search-status=used&#038;search-status=new&#038;search-code=&#038;search-order=area_desc#redirect_landing&#8221; url_new_window=&#8221;on&#8221; align=&#8221;center&#8221; _builder_version=&#8221;4.9.0&#8243; _module_preset=&#8221;default&#8221; max_width=&#8221;50%&#8221; module_alignment=&#8221;center&#8221; max_height=&#8221;40px&#8221; hover_enabled=&#8221;0&#8243; border_radii=&#8221;on|40px|40px|40px|40px&#8221; locked=&#8221;off&#8221; sticky_enabled=&#8221;0&#8243;][\/et_pb_image][\/et_pb_column][\/et_pb_row][et_pb_row column_structure=&#8221;1_3,1_3,1_3&#8243; use_custom_gutter=&#8221;on&#8221; gutter_width=&#8221;2&#8243; make_equal=&#8221;on&#8221; module_class=&#8221;casas-cascais&#8221; _builder_version=&#8221;4.9.0&#8243; _module_preset=&#8221;default&#8221; custom_margin=&#8221;||30px||false|false&#8221; custom_margin_tablet=&#8221;0px||0px||false|false&#8221; custom_margin_phone=&#8221;&#8221; custom_margin_last_edited=&#8221;on|phone&#8221; custom_padding=&#8221;0px||0px||false|false&#8221; animation_style=&#8221;zoom&#8221; animation_direction=&#8221;right&#8221; animation_duration=&#8221;750ms&#8221; animation_intensity_zoom=&#8221;20%&#8221; locked=&#8221;off&#8221;][et_pb_column type=&#8221;1_3&#8243; module_class=&#8221;col1&#8243; _builder_version=&#8221;4.9.0&#8243; _module_preset=&#8221;default&#8221;][et_pb_text _builder_version=&#8221;4.9.0&#8243; _module_preset=&#8221;default&#8221; text_font=&#8221;Montserrat||||||||&#8221; text_text_color=&#8221;#898989&#8243; text_font_size=&#8221;22px&#8221; text_line_height=&#8221;1.2em&#8221; text_orientation=&#8221;center&#8221; max_width=&#8221;80%&#8221; module_alignment=&#8221;center&#8221; custom_margin=&#8221;||9px||false|false&#8221; custom_padding=&#8221;||0px|||&#8221; hover_enabled=&#8221;0&#8243; sticky_enabled=&#8221;0&#8243;]<\/p>\n<p><span>Appartements<\/span><\/p>\n<p>[\/et_pb_text][et_pb_image src=&#8221;http:\/\/www.portadafrente.pt\/selection\/wp-content\/uploads\/2021\/03\/23130-T2-Cascais-.jpg&#8221; title_text=&#8221;23130 T2 Cascais&#8221; _builder_version=&#8221;4.9.0&#8243; _module_preset=&#8221;default&#8221; border_radii=&#8221;on|20px|20px|20px|20px&#8221;][\/et_pb_image][et_pb_text _builder_version=&#8221;4.9.0&#8243; _module_preset=&#8221;default&#8221; text_font=&#8221;Montserrat|700|||||||&#8221; text_text_color=&#8221;#000000&#8243; text_font_size=&#8221;22px&#8221; text_line_height=&#8221;1.2em&#8221; text_orientation=&#8221;center&#8221; max_width=&#8221;65%&#8221; module_alignment=&#8221;center&#8221; custom_margin=&#8221;||9px||false|false&#8221; custom_padding=&#8221;||0px|||&#8221; hover_enabled=&#8221;0&#8243; sticky_enabled=&#8221;0&#8243;]<\/p>\n<p><strong>Plus de confort au jour le jour<\/strong><\/p>\n<p>[\/et_pb_text][et_pb_text _builder_version=&#8221;4.9.0&#8243; _module_preset=&#8221;default&#8221; text_font=&#8221;Raleway||||||||&#8221; text_font_size=&#8221;12px&#8221; text_line_height=&#8221;1.3em&#8221; ol_font=&#8221;||||||||&#8221; ol_text_align=&#8221;center&#8221; ol_font_size=&#8221;20px&#8221; ol_line_height=&#8221;1.4em&#8221; text_orientation=&#8221;center&#8221; max_width=&#8221;70%&#8221; module_alignment=&#8221;center&#8221; custom_margin=&#8221;||11px|||&#8221; hover_enabled=&#8221;0&#8243; locked=&#8221;off&#8221; sticky_enabled=&#8221;0&#8243;]<\/p>\n<p>Voir les biens r\u00e9unissant ces caract\u00e9ristiques dans cette localit\u00e9<\/p>\n<p>[\/et_pb_text][et_pb_image src=&#8221;http:\/\/www.portadafrente.pt\/selection\/wp-content\/uploads\/2021\/03\/botao_infogeral.png&#8221; title_text=&#8221;botao_infogeral&#8221; url=&#8221;https:\/\/www.portadafrente.com\/fr\/immeubles\/?search-categ=apartment&#038;business-type=sale&#038;search-counties=cascais&#038;search-price-min=&#038;search-price-max=&#038;search-rooms=3&#038;search-status=used&#038;search-status=new&#038;search-code=&#038;search-order=area_desc#redirect_landing&#8221; url_new_window=&#8221;on&#8221; align=&#8221;center&#8221; _builder_version=&#8221;4.9.0&#8243; _module_preset=&#8221;default&#8221; max_width=&#8221;50%&#8221; module_alignment=&#8221;center&#8221; max_height=&#8221;40px&#8221; hover_enabled=&#8221;0&#8243; border_radii=&#8221;on|40px|40px|40px|40px&#8221; sticky_enabled=&#8221;0&#8243;][\/et_pb_image][\/et_pb_column][et_pb_column type=&#8221;1_3&#8243; module_class=&#8221;col2&#8243; _builder_version=&#8221;4.9.0&#8243; _module_preset=&#8221;default&#8221;][et_pb_text _builder_version=&#8221;4.9.0&#8243; _module_preset=&#8221;default&#8221; text_font=&#8221;Montserrat||||||||&#8221; text_text_color=&#8221;#898989&#8243; text_font_size=&#8221;22px&#8221; text_line_height=&#8221;1.2em&#8221; text_orientation=&#8221;center&#8221; max_width=&#8221;80%&#8221; module_alignment=&#8221;center&#8221; custom_margin=&#8221;||9px||false|false&#8221; custom_padding=&#8221;||0px|||&#8221; hover_enabled=&#8221;0&#8243; locked=&#8221;off&#8221; sticky_enabled=&#8221;0&#8243;]<\/p>\n<p><span>Maisons<\/span><\/p>\n<p>[\/et_pb_text][et_pb_image src=&#8221;http:\/\/www.portadafrente.pt\/selection\/wp-content\/uploads\/2021\/03\/T4-Quinta-da-Beloura.jpg&#8221; title_text=&#8221;T4 Quinta da Beloura&#8221; _builder_version=&#8221;4.9.0&#8243; _module_preset=&#8221;default&#8221; border_radii=&#8221;on|20px|20px|20px|20px&#8221;][\/et_pb_image][et_pb_text _builder_version=&#8221;4.9.0&#8243; _module_preset=&#8221;default&#8221; text_font=&#8221;Montserrat|700|||||||&#8221; text_text_color=&#8221;#000000&#8243; text_font_size=&#8221;22px&#8221; text_line_height=&#8221;1.2em&#8221; text_orientation=&#8221;center&#8221; max_width=&#8221;65%&#8221; module_alignment=&#8221;center&#8221; custom_margin=&#8221;||9px||false|false&#8221; custom_padding=&#8221;||0px|||&#8221; hover_enabled=&#8221;0&#8243; locked=&#8221;off&#8221; sticky_enabled=&#8221;0&#8243;]<\/p>\n<p><strong>Plus de confort au jour le jour<\/strong><\/p>\n<p>[\/et_pb_text][et_pb_text _builder_version=&#8221;4.9.0&#8243; _module_preset=&#8221;default&#8221; text_font=&#8221;Raleway||||||||&#8221; text_font_size=&#8221;12px&#8221; text_line_height=&#8221;1.3em&#8221; ol_font=&#8221;||||||||&#8221; ol_text_align=&#8221;center&#8221; ol_font_size=&#8221;20px&#8221; ol_line_height=&#8221;1.4em&#8221; text_orientation=&#8221;center&#8221; max_width=&#8221;70%&#8221; module_alignment=&#8221;center&#8221; custom_margin=&#8221;||11px|||&#8221; hover_enabled=&#8221;0&#8243; locked=&#8221;off&#8221; sticky_enabled=&#8221;0&#8243;]<\/p>\n<p>Voir les biens r\u00e9unissant ces caract\u00e9ristiques dans cette localit\u00e9<\/p>\n<p>[\/et_pb_text][et_pb_image src=&#8221;http:\/\/www.portadafrente.pt\/selection\/wp-content\/uploads\/2021\/03\/botao_infogeral.png&#8221; title_text=&#8221;botao_infogeral&#8221; url=&#8221;https:\/\/www.portadafrente.com\/fr\/immeubles\/?search-categ=villa&#038;business-type=sale&#038;search-counties=cascais&#038;search-price-min=&#038;search-price-max=&#038;search-rooms=3&#038;search-status=used&#038;search-status=new&#038;search-code=#redirect_landing&#8221; url_new_window=&#8221;on&#8221; align=&#8221;center&#8221; _builder_version=&#8221;4.9.0&#8243; _module_preset=&#8221;default&#8221; max_width=&#8221;50%&#8221; module_alignment=&#8221;center&#8221; max_height=&#8221;40px&#8221; hover_enabled=&#8221;0&#8243; border_radii=&#8221;on|40px|40px|40px|40px&#8221; locked=&#8221;off&#8221; sticky_enabled=&#8221;0&#8243;][\/et_pb_image][\/et_pb_column][et_pb_column type=&#8221;1_3&#8243; module_class=&#8221;col3&#8243; _builder_version=&#8221;4.9.0&#8243; _module_preset=&#8221;default&#8221;][et_pb_text _builder_version=&#8221;4.9.0&#8243; _module_preset=&#8221;default&#8221; text_font=&#8221;Montserrat|300|||||||&#8221; text_text_color=&#8221;#c1c1c1&#8243; text_font_size=&#8221;48px&#8221; text_orientation=&#8221;center&#8221; custom_margin=&#8221;92px||45px|||&#8221; custom_margin_tablet=&#8221;0px||||false|false&#8221; custom_margin_phone=&#8221;&#8221; custom_margin_last_edited=&#8221;on|phone&#8221; custom_padding=&#8221;||||false|false&#8221; custom_padding_tablet=&#8221;0px||0px||false|false&#8221; custom_padding_phone=&#8221;&#8221; custom_padding_last_edited=&#8221;on|tablet&#8221;]<\/p>\n<p>CASCAIS<\/p>\n<p>[\/et_pb_text][et_pb_text _builder_version=&#8221;4.9.0&#8243; _module_preset=&#8221;default&#8221; text_font=&#8221;Raleway||||||||&#8221; text_text_color=&#8221;#878787&#8243; text_line_height=&#8221;1.3em&#8221; ol_font=&#8221;||||||||&#8221; ol_text_align=&#8221;center&#8221; ol_font_size=&#8221;20px&#8221; ol_line_height=&#8221;1.4em&#8221; text_orientation=&#8221;center&#8221; max_width=&#8221;80%&#8221; module_alignment=&#8221;center&#8221; custom_margin=&#8221;||11px|||&#8221; locked=&#8221;off&#8221;]<\/p>\n<p><span lang=\"en-US\">L&#8217;espace ext\u00e9rieur est, de nos jours, l&#8217;exigence la plus demand\u00e9e pour ceux qui envisagent d&#8217;acheter une maison, alli\u00e9e au confort et \u00e0 la s\u00e9curit\u00e9.<span>\u00a0<\/span><\/span><span>Cascais poss\u00e8de plusieurs propri\u00e9t\u00e9s et condominiums qui offrent de grands jardins, des piscines et des espaces ext\u00e9rieurs pour que vous puissiez en profiter dans l&#8217;intimit\u00e9 de votre famille.<\/span><\/p>\n<p>[\/et_pb_text][\/et_pb_column][\/et_pb_row][\/et_pb_section][et_pb_section fb_built=&#8221;1&#8243; module_id=&#8221;empreendimentos&#8221; _builder_version=&#8221;4.9.0&#8243; _module_preset=&#8221;default&#8221; use_background_color_gradient=&#8221;on&#8221; background_color_gradient_start=&#8221;#161616&#8243; background_color_gradient_end=&#8221;#5e5e5e&#8221; custom_padding=&#8221;||41px|||&#8221; locked=&#8221;off&#8221;][et_pb_row column_structure=&#8221;3_5,2_5&#8243; _builder_version=&#8221;4.9.0&#8243; _module_preset=&#8221;default&#8221; custom_padding=&#8221;||68px|||&#8221; animation_style=&#8221;fold&#8221; animation_direction=&#8221;top&#8221; locked=&#8221;off&#8221;][et_pb_column type=&#8221;3_5&#8243; _builder_version=&#8221;4.9.0&#8243; _module_preset=&#8221;default&#8221;][et_pb_text _builder_version=&#8221;4.9.0&#8243; _module_preset=&#8221;default&#8221; text_font=&#8221;Montserrat|700|||||||&#8221; text_text_color=&#8221;#FFFFFF&#8221; text_line_height=&#8221;2em&#8221; hover_enabled=&#8221;0&#8243; text_orientation_tablet=&#8221;center&#8221; text_orientation_phone=&#8221;&#8221; text_orientation_last_edited=&#8221;on|phone&#8221; sticky_enabled=&#8221;0&#8243;]<span class=\"number-size-sm\">Complexes r\u00e9sidentiels<\/span><br \/>\n<span class=\"label-size\">les plus recherch\u00e9s<\/span>[\/et_pb_text][\/et_pb_column][et_pb_column type=&#8221;2_5&#8243; _builder_version=&#8221;4.9.0&#8243; _module_preset=&#8221;default&#8221;][et_pb_text _builder_version=&#8221;4.9.0&#8243; _module_preset=&#8221;default&#8221; text_font=&#8221;Raleway||||||||&#8221; text_text_color=&#8221;#FFFFFF&#8221; text_line_height=&#8221;1.5em&#8221; header_font=&#8221;Montserrat|700|||||||&#8221; header_text_align=&#8221;left&#8221; header_text_color=&#8221;#660024&#8243; header_font_size=&#8221;28px&#8221; header_line_height=&#8221;1.7em&#8221; text_orientation=&#8221;right&#8221; custom_margin=&#8221;||||false|false&#8221; text_orientation_tablet=&#8221;center&#8221; text_orientation_phone=&#8221;&#8221; text_orientation_last_edited=&#8221;on|phone&#8221; locked=&#8221;off&#8221;]<\/p>\n<p>D\u00e9couvrez les complexes r\u00e9sidentiels que nous commercialisons et qui ont vraiment attir\u00e9 l&#8217;attention en 2020, que ce soit pour l&#8217;architecture, la dimension ou l&#8217;innovation &#8211; comme Distrikt ou Infinity &#8211; ou pour leur emplacement dans des quartiers pris\u00e9s, comme Alvalade, ou dans de nouveaux espaces, comme le condo 35 Pra\u00e7a de Espanha.<\/p>\n<p>[\/et_pb_text][\/et_pb_column][\/et_pb_row][et_pb_row _builder_version=&#8221;4.9.0&#8243; _module_preset=&#8221;default&#8221; custom_padding=&#8221;||13px|||&#8221; animation_style=&#8221;fade&#8221; border_color_bottom=&#8221;#cccccc&#8221; locked=&#8221;off&#8221;][et_pb_column type=&#8221;4_4&#8243; _builder_version=&#8221;4.9.0&#8243; _module_preset=&#8221;default&#8221;][et_pb_text _builder_version=&#8221;4.9.0&#8243; _module_preset=&#8221;default&#8221; text_font=&#8221;Montserrat|300|||||||&#8221; text_text_color=&#8221;#c1c1c1&#8243; text_font_size=&#8221;48px&#8221; text_orientation=&#8221;center&#8221; hover_enabled=&#8221;0&#8243; sticky_enabled=&#8221;0&#8243;]<\/p>\n<p>LISBONNE<\/p>\n<p>[\/et_pb_text][et_pb_divider color=&#8221;#cccccc&#8221; _builder_version=&#8221;4.9.0&#8243; _module_preset=&#8221;default&#8221; max_width=&#8221;25%&#8221; module_alignment=&#8221;center&#8221;][\/et_pb_divider][\/et_pb_column][\/et_pb_row][et_pb_row column_structure=&#8221;1_5,1_5,1_5,1_5,1_5&#8243; use_custom_gutter=&#8221;on&#8221; gutter_width=&#8221;2&#8243; module_class=&#8221;coluna-mobile&#8221; _builder_version=&#8221;4.9.0&#8243; _module_preset=&#8221;default&#8221; custom_margin=&#8221;||30px||false|false&#8221; animation_style=&#8221;slide&#8221; animation_direction=&#8221;bottom&#8221; animation_duration=&#8221;750ms&#8221; animation_intensity_slide=&#8221;20%&#8221; locked=&#8221;off&#8221;][et_pb_column type=&#8221;1_5&#8243; _builder_version=&#8221;4.9.0&#8243; _module_preset=&#8221;default&#8221;][et_pb_image src=&#8221;http:\/\/www.portadafrente.pt\/selection\/wp-content\/uploads\/2021\/03\/1.jpg&#8221; title_text=&#8221;1&#8243; _builder_version=&#8221;4.9.0&#8243; _module_preset=&#8221;default&#8221; border_radii=&#8221;on|20px|20px|20px|20px&#8221;][\/et_pb_image][et_pb_text _builder_version=&#8221;4.9.0&#8243; _module_preset=&#8221;default&#8221; text_font=&#8221;Montserrat|700|||||||&#8221; text_text_color=&#8221;#FFFFFF&#8221; text_font_size=&#8221;22px&#8221; text_orientation=&#8221;center&#8221; custom_margin=&#8221;||15px||false|false&#8221; custom_padding=&#8221;||0px|||&#8221;]<\/p>\n<p>Distrikt<\/p>\n<p>[\/et_pb_text][et_pb_text _builder_version=&#8221;4.9.0&#8243; _module_preset=&#8221;default&#8221; text_font=&#8221;Raleway||||||||&#8221; text_text_color=&#8221;#bcbcbc&#8221; text_font_size=&#8221;12px&#8221; text_line_height=&#8221;1.3em&#8221; ol_font=&#8221;||||||||&#8221; ol_text_align=&#8221;center&#8221; ol_font_size=&#8221;20px&#8221; ol_line_height=&#8221;1.4em&#8221; text_orientation=&#8221;center&#8221; max_width=&#8221;80%&#8221; module_alignment=&#8221;center&#8221; min_height=&#8221;120px&#8221; custom_margin=&#8221;||11px|||&#8221; locked=&#8221;off&#8221;]<\/p>\n<p class=\"x_p2\"><i class=\"fas fa-map-marker-alt\" aria-hidden=\"true\"><\/i> <strong>Parque das Na\u00e7\u00f5es<\/strong><\/p>\n<p class=\"x_p2\">Un projet incomparable, au c\u0153ur du quartier Parque das Na\u00e7\u00f5es, l&#8217;un des plus dynamiques de Lisbonne.<\/p>\n<p>[\/et_pb_text][et_pb_image src=&#8221;http:\/\/www.portadafrente.pt\/selection\/wp-content\/uploads\/2021\/03\/botao_infogeral.png&#8221; title_text=&#8221;botao_infogeral&#8221; url=&#8221;https:\/\/www.portadafrente.com\/fr\/immeubles\/distrikt-a0c3Y00000UDzexQAD&#8221; url_new_window=&#8221;on&#8221; align=&#8221;center&#8221; _builder_version=&#8221;4.9.0&#8243; _module_preset=&#8221;default&#8221; max_width=&#8221;50%&#8221; module_alignment=&#8221;center&#8221; hover_enabled=&#8221;0&#8243; border_radii=&#8221;on|40px|40px|40px|40px&#8221; sticky_enabled=&#8221;0&#8243;][\/et_pb_image][\/et_pb_column][et_pb_column type=&#8221;1_5&#8243; _builder_version=&#8221;4.9.0&#8243; _module_preset=&#8221;default&#8221;][et_pb_image src=&#8221;http:\/\/www.portadafrente.pt\/selection\/wp-content\/uploads\/2021\/03\/infinity-08d9030d-c6c7-4751-a46b-cbb6d0ca98fa.jpg&#8221; title_text=&#8221;infinity-08d9030d-c6c7-4751-a46b-cbb6d0ca98fa&#8221; _builder_version=&#8221;4.9.0&#8243; _module_preset=&#8221;default&#8221; border_radii=&#8221;on|20px|20px|20px|20px&#8221;][\/et_pb_image][et_pb_text _builder_version=&#8221;4.9.0&#8243; _module_preset=&#8221;default&#8221; text_font=&#8221;Montserrat|700|||||||&#8221; text_text_color=&#8221;#FFFFFF&#8221; text_font_size=&#8221;22px&#8221; text_orientation=&#8221;center&#8221; custom_margin=&#8221;||15px||false|false&#8221; custom_padding=&#8221;||0px|||&#8221; locked=&#8221;off&#8221;]<\/p>\n<p>Infinity<\/p>\n<p>[\/et_pb_text][et_pb_text _builder_version=&#8221;4.9.0&#8243; _module_preset=&#8221;default&#8221; text_font=&#8221;Raleway||||||||&#8221; text_text_color=&#8221;#bcbcbc&#8221; text_font_size=&#8221;12px&#8221; text_line_height=&#8221;1.3em&#8221; ol_font=&#8221;||||||||&#8221; ol_text_align=&#8221;center&#8221; ol_font_size=&#8221;20px&#8221; ol_line_height=&#8221;1.4em&#8221; text_orientation=&#8221;center&#8221; max_width=&#8221;80%&#8221; module_alignment=&#8221;center&#8221; min_height=&#8221;120px&#8221; custom_margin=&#8221;||11px|||&#8221; locked=&#8221;off&#8221;]<\/p>\n<p class=\"x_p2\"><i class=\"fas fa-map-marker-alt\" aria-hidden=\"true\"><\/i> <strong>Campolide<\/strong><\/p>\n<p class=\"x_p2\">Un projet incomparable, au c\u0153ur du quartier Parque das Na\u00e7\u00f5es, l&#8217;un des plus dynamiques de Lisbonne.<\/p>\n<p>[\/et_pb_text][et_pb_image src=&#8221;http:\/\/www.portadafrente.pt\/selection\/wp-content\/uploads\/2021\/03\/botao_infogeral.png&#8221; title_text=&#8221;botao_infogeral&#8221; url=&#8221;https:\/\/www.portadafrente.com\/fr\/immeubles\/infinity-a0c3Y00000UDyaAQAT&#8221; url_new_window=&#8221;on&#8221; align=&#8221;center&#8221; _builder_version=&#8221;4.9.0&#8243; _module_preset=&#8221;default&#8221; max_width=&#8221;50%&#8221; module_alignment=&#8221;center&#8221; hover_enabled=&#8221;0&#8243; border_radii=&#8221;on|99px|99px|99px|99px&#8221; locked=&#8221;off&#8221; sticky_enabled=&#8221;0&#8243;][\/et_pb_image][\/et_pb_column][et_pb_column type=&#8221;1_5&#8243; _builder_version=&#8221;4.9.0&#8243; _module_preset=&#8221;default&#8221;][et_pb_image src=&#8221;http:\/\/www.portadafrente.pt\/selection\/wp-content\/uploads\/2021\/03\/Sul_Poente.jpg&#8221; title_text=&#8221;Sul_Poente&#8221; _builder_version=&#8221;4.9.0&#8243; _module_preset=&#8221;default&#8221; border_radii=&#8221;on|20px|20px|20px|20px&#8221;][\/et_pb_image][et_pb_text _builder_version=&#8221;4.9.0&#8243; _module_preset=&#8221;default&#8221; text_font=&#8221;Montserrat|700|||||||&#8221; text_text_color=&#8221;#FFFFFF&#8221; text_font_size=&#8221;21px&#8221; text_letter_spacing=&#8221;-1px&#8221; text_orientation=&#8221;center&#8221; custom_margin=&#8221;||15px||false|false&#8221; custom_padding=&#8221;||0px|||&#8221; locked=&#8221;off&#8221;]<\/p>\n<p>35 Pra\u00e7a Espanha<\/p>\n<p>[\/et_pb_text][et_pb_text _builder_version=&#8221;4.9.0&#8243; _module_preset=&#8221;default&#8221; text_font=&#8221;Raleway||||||||&#8221; text_text_color=&#8221;#bcbcbc&#8221; text_font_size=&#8221;12px&#8221; text_line_height=&#8221;1.3em&#8221; ol_font=&#8221;||||||||&#8221; ol_text_align=&#8221;center&#8221; ol_font_size=&#8221;20px&#8221; ol_line_height=&#8221;1.4em&#8221; text_orientation=&#8221;center&#8221; max_width=&#8221;80%&#8221; module_alignment=&#8221;center&#8221; min_height=&#8221;120px&#8221; custom_margin=&#8221;||11px|||&#8221; locked=&#8221;off&#8221;]<\/p>\n<p class=\"x_p2\"><i class=\"fas fa-map-marker-alt\" aria-hidden=\"true\"><\/i> <strong>Pra\u00e7a de Espanha<\/strong><\/p>\n<p class=\"x_p2\">Situ\u00e9 dans une nouvelle r\u00e9gion r\u00e9nov\u00e9e, \u00e0 un emplacement privil\u00e9gi\u00e9, entour\u00e9 d&#8217;espaces verts g\u00e9n\u00e9reux.<\/p>\n<p>[\/et_pb_text][et_pb_image src=&#8221;http:\/\/www.portadafrente.pt\/selection\/wp-content\/uploads\/2021\/03\/botao_infogeral.png&#8221; title_text=&#8221;botao_infogeral&#8221; url=&#8221;https:\/\/www.portadafrente.com\/fr\/immeubles\/35-praca-de-espanha-a0c3Y00000UQDbQQAX&#8221; url_new_window=&#8221;on&#8221; align=&#8221;center&#8221; _builder_version=&#8221;4.9.0&#8243; _module_preset=&#8221;default&#8221; max_width=&#8221;50%&#8221; module_alignment=&#8221;center&#8221; hover_enabled=&#8221;0&#8243; border_radii=&#8221;on|99px|99px|99px|99px&#8221; locked=&#8221;off&#8221; sticky_enabled=&#8221;0&#8243;][\/et_pb_image][\/et_pb_column][et_pb_column type=&#8221;1_5&#8243; _builder_version=&#8221;4.9.0&#8243; _module_preset=&#8221;default&#8221;][et_pb_image src=&#8221;http:\/\/www.portadafrente.pt\/selection\/wp-content\/uploads\/2021\/03\/conde-de-lima-ccced6f4-73d0-43a6-81dd-d57059d3d1e6.jpg&#8221; title_text=&#8221;conde-de-lima-ccced6f4-73d0-43a6-81dd-d57059d3d1e6&#8243; _builder_version=&#8221;4.9.0&#8243; _module_preset=&#8221;default&#8221; border_radii=&#8221;on|20px|20px|20px|20px&#8221;][\/et_pb_image][et_pb_text _builder_version=&#8221;4.9.0&#8243; _module_preset=&#8221;default&#8221; text_font=&#8221;Montserrat|700|||||||&#8221; text_text_color=&#8221;#FFFFFF&#8221; text_font_size=&#8221;22px&#8221; text_orientation=&#8221;center&#8221; custom_margin=&#8221;||15px||false|false&#8221; custom_padding=&#8221;||0px|||&#8221; locked=&#8221;off&#8221;]<\/p>\n<p>Conde de Lima<\/p>\n<p>[\/et_pb_text][et_pb_text _builder_version=&#8221;4.9.0&#8243; _module_preset=&#8221;default&#8221; text_font=&#8221;Raleway||||||||&#8221; text_text_color=&#8221;#bcbcbc&#8221; text_font_size=&#8221;12px&#8221; text_line_height=&#8221;1.3em&#8221; ol_font=&#8221;||||||||&#8221; ol_text_align=&#8221;center&#8221; ol_font_size=&#8221;20px&#8221; ol_line_height=&#8221;1.4em&#8221; text_orientation=&#8221;center&#8221; module_alignment=&#8221;center&#8221; min_height=&#8221;120px&#8221; custom_margin=&#8221;||11px|||&#8221; locked=&#8221;off&#8221; max_width=&#8221;80%&#8221;]<\/p>\n<p class=\"x_p2\"><i class=\"fas fa-map-marker-alt\" aria-hidden=\"true\"><\/i> <strong>Marqu\u00eas de Pombal<\/strong><\/p>\n<p class=\"x_p2\">Un endroit paisible o\u00f9 il fait bon vivre, avec une vie de quartier anim\u00e9e. Un havre de paix dans une ville o\u00f9 tout fonctionne en toute tranquillit\u00e9.<\/p>\n<p>[\/et_pb_text][et_pb_image src=&#8221;http:\/\/www.portadafrente.pt\/selection\/wp-content\/uploads\/2021\/03\/botao_infogeral.png&#8221; title_text=&#8221;botao_infogeral&#8221; url=&#8221;https:\/\/www.portadafrente.com\/fr\/immeubles\/conde-de-lima-a0c3Y00000UDynyQAD&#8221; url_new_window=&#8221;on&#8221; align=&#8221;center&#8221; _builder_version=&#8221;4.9.0&#8243; _module_preset=&#8221;default&#8221; max_width=&#8221;50%&#8221; module_alignment=&#8221;center&#8221; hover_enabled=&#8221;0&#8243; border_radii=&#8221;on|99px|99px|99px|99px&#8221; locked=&#8221;off&#8221; sticky_enabled=&#8221;0&#8243;][\/et_pb_image][\/et_pb_column][et_pb_column type=&#8221;1_5&#8243; _builder_version=&#8221;4.9.0&#8243; _module_preset=&#8221;default&#8221;][et_pb_image src=&#8221;http:\/\/www.portadafrente.pt\/selection\/wp-content\/uploads\/2021\/03\/Cam12_A7_Terraco_GRD.jpg&#8221; title_text=&#8221;Cam12_A7_Terraco_GRD&#8221; _builder_version=&#8221;4.9.0&#8243; _module_preset=&#8221;default&#8221; border_radii=&#8221;on|20px|20px|20px|20px&#8221; locked=&#8221;off&#8221;][\/et_pb_image][et_pb_text _builder_version=&#8221;4.9.0&#8243; _module_preset=&#8221;default&#8221; text_font=&#8221;Montserrat|700|||||||&#8221; text_text_color=&#8221;#FFFFFF&#8221; text_font_size=&#8221;22px&#8221; text_orientation=&#8221;center&#8221; custom_margin=&#8221;||15px||false|false&#8221; custom_padding=&#8221;||0px|||&#8221; locked=&#8221;off&#8221;]<\/p>\n<p>Picoas Belair<\/p>\n<p>[\/et_pb_text][et_pb_text _builder_version=&#8221;4.9.0&#8243; _module_preset=&#8221;default&#8221; text_font=&#8221;Raleway||||||||&#8221; text_text_color=&#8221;#bcbcbc&#8221; text_font_size=&#8221;12px&#8221; text_line_height=&#8221;1.3em&#8221; ol_font=&#8221;||||||||&#8221; ol_text_align=&#8221;center&#8221; ol_font_size=&#8221;20px&#8221; ol_line_height=&#8221;1.4em&#8221; text_orientation=&#8221;center&#8221; max_width=&#8221;80%&#8221; module_alignment=&#8221;center&#8221; min_height=&#8221;120px&#8221; custom_margin=&#8221;||11px|||&#8221; hover_enabled=&#8221;0&#8243; locked=&#8221;off&#8221; sticky_enabled=&#8221;0&#8243;]<\/p>\n<p class=\"x_p2\"><i class=\"fas fa-map-marker-alt\" aria-hidden=\"true\"><\/i> <strong>Avenidas Novas<\/strong><\/p>\n<p class=\"x_p2\">Un endroit paisible o\u00f9 il fait bon vivre, avec une vie de quartier anim\u00e9e. Un havre de paix dans une ville o\u00f9 tout fonctionne en toute tranquillit\u00e9.<\/p>\n<p>[\/et_pb_text][et_pb_image src=&#8221;http:\/\/www.portadafrente.pt\/selection\/wp-content\/uploads\/2021\/03\/botao_infogeral.png&#8221; title_text=&#8221;botao_infogeral&#8221; url=&#8221;https:\/\/www.portadafrente.com\/fr\/immeubles\/picoas-belair-a0c3Y00000URHPQQA5&#8243; url_new_window=&#8221;on&#8221; align=&#8221;center&#8221; _builder_version=&#8221;4.9.0&#8243; _module_preset=&#8221;default&#8221; max_width=&#8221;50%&#8221; module_alignment=&#8221;center&#8221; hover_enabled=&#8221;0&#8243; border_radii=&#8221;on|99px|99px|99px|99px&#8221; locked=&#8221;off&#8221; sticky_enabled=&#8221;0&#8243;][\/et_pb_image][\/et_pb_column][\/et_pb_row][et_pb_row _builder_version=&#8221;4.9.0&#8243; _module_preset=&#8221;default&#8221; custom_padding=&#8221;||13px|||&#8221; animation_style=&#8221;fade&#8221; border_color_bottom=&#8221;#cccccc&#8221; locked=&#8221;off&#8221;][et_pb_column type=&#8221;4_4&#8243; _builder_version=&#8221;4.9.0&#8243; _module_preset=&#8221;default&#8221;][et_pb_text _builder_version=&#8221;4.9.0&#8243; _module_preset=&#8221;default&#8221; text_font=&#8221;Montserrat|300|||||||&#8221; text_text_color=&#8221;#c1c1c1&#8243; text_font_size=&#8221;48px&#8221; text_orientation=&#8221;center&#8221;]<\/p>\n<p>CASCAIS<\/p>\n<p>[\/et_pb_text][et_pb_divider color=&#8221;#cccccc&#8221; _builder_version=&#8221;4.9.0&#8243; _module_preset=&#8221;default&#8221; max_width=&#8221;25%&#8221; module_alignment=&#8221;center&#8221;][\/et_pb_divider][\/et_pb_column][\/et_pb_row][et_pb_row column_structure=&#8221;1_5,1_5,1_5,1_5,1_5&#8243; use_custom_gutter=&#8221;on&#8221; gutter_width=&#8221;2&#8243; module_class=&#8221;coluna-mobile&#8221; _builder_version=&#8221;4.9.0&#8243; _module_preset=&#8221;default&#8221; custom_margin=&#8221;||30px||false|false&#8221; animation_style=&#8221;slide&#8221; animation_direction=&#8221;bottom&#8221; animation_duration=&#8221;750ms&#8221; animation_intensity_slide=&#8221;20%&#8221; locked=&#8221;off&#8221;][et_pb_column type=&#8221;1_5&#8243; _builder_version=&#8221;4.9.0&#8243; _module_preset=&#8221;default&#8221;][et_pb_image src=&#8221;http:\/\/www.portadafrente.pt\/selection\/wp-content\/uploads\/2021\/03\/Edificio3_Cam1_GRD4.jpg&#8221; title_text=&#8221;Edificio3_Cam1_GRD4&#8243; _builder_version=&#8221;4.9.0&#8243; _module_preset=&#8221;default&#8221; border_radii=&#8221;on|20px|20px|20px|20px&#8221;][\/et_pb_image][et_pb_text _builder_version=&#8221;4.9.0&#8243; _module_preset=&#8221;default&#8221; text_font=&#8221;Montserrat|700|||||||&#8221; text_text_color=&#8221;#FFFFFF&#8221; text_font_size=&#8221;22px&#8221; text_orientation=&#8221;center&#8221; custom_margin=&#8221;||15px||false|false&#8221; custom_padding=&#8221;||0px|||&#8221; locked=&#8221;off&#8221;]<\/p>\n<p>Bayview Atlantic<\/p>\n<p>[\/et_pb_text][et_pb_text _builder_version=&#8221;4.9.0&#8243; _module_preset=&#8221;default&#8221; text_font=&#8221;Raleway||||||||&#8221; text_text_color=&#8221;#bcbcbc&#8221; text_font_size=&#8221;12px&#8221; text_line_height=&#8221;1.3em&#8221; ol_font=&#8221;||||||||&#8221; ol_text_align=&#8221;center&#8221; ol_font_size=&#8221;20px&#8221; ol_line_height=&#8221;1.4em&#8221; text_orientation=&#8221;center&#8221; custom_margin=&#8221;||11px|||&#8221; locked=&#8221;off&#8221; max_width=&#8221;80%&#8221; module_alignment=&#8221;center&#8221; min_height=&#8221;120px&#8221;]<\/p>\n<p class=\"x_p2\"><i class=\"fas fa-map-marker-alt\" aria-hidden=\"true\"><\/i> <strong>Centro de Cascais<\/strong><\/p>\n<p class=\"x_p2\">Des journ\u00e9es \u00e0 couper le souffle, les fen\u00eatres donnant sur le bleu et le bruit des vagues, avec balcon, terrasses \u00a0et piscine priv\u00e9e.<\/p>\n<p>[\/et_pb_text][et_pb_image src=&#8221;http:\/\/www.portadafrente.pt\/selection\/wp-content\/uploads\/2021\/03\/botao_infogeral.png&#8221; title_text=&#8221;botao_infogeral&#8221; url=&#8221;https:\/\/www.portadafrente.com\/fr\/immeubles\/bayview-atlantic-a0c3Y00000UQpaGQAT&#8221; url_new_window=&#8221;on&#8221; align=&#8221;center&#8221; _builder_version=&#8221;4.9.0&#8243; _module_preset=&#8221;default&#8221; max_width=&#8221;50%&#8221; module_alignment=&#8221;center&#8221; hover_enabled=&#8221;0&#8243; border_radii=&#8221;on|99px|99px|99px|99px&#8221; locked=&#8221;off&#8221; sticky_enabled=&#8221;0&#8243;][\/et_pb_image][\/et_pb_column][et_pb_column type=&#8221;1_5&#8243; _builder_version=&#8221;4.9.0&#8243; _module_preset=&#8221;default&#8221;][et_pb_image src=&#8221;http:\/\/www.portadafrente.pt\/selection\/wp-content\/uploads\/2021\/03\/villas-maria-pia-2ff56a23-d86c-424f-bd6b-3bb6e735dec3.jpg&#8221; title_text=&#8221;villas-maria-pia-2ff56a23-d86c-424f-bd6b-3bb6e735dec3&#8243; _builder_version=&#8221;4.9.0&#8243; _module_preset=&#8221;default&#8221; border_radii=&#8221;on|20px|20px|20px|20px&#8221;][\/et_pb_image][et_pb_text _builder_version=&#8221;4.9.0&#8243; _module_preset=&#8221;default&#8221; text_font=&#8221;Montserrat|700|||||||&#8221; text_text_color=&#8221;#FFFFFF&#8221; text_font_size=&#8221;22px&#8221; text_orientation=&#8221;center&#8221; custom_margin=&#8221;||15px||false|false&#8221; custom_padding=&#8221;||0px|||&#8221; locked=&#8221;off&#8221;]<\/p>\n<p>Villa<br \/>Maria Pia<\/p>\n<p>[\/et_pb_text][et_pb_text _builder_version=&#8221;4.9.0&#8243; _module_preset=&#8221;default&#8221; text_font=&#8221;Raleway||||||||&#8221; text_text_color=&#8221;#bcbcbc&#8221; text_font_size=&#8221;12px&#8221; text_line_height=&#8221;1.3em&#8221; ol_font=&#8221;||||||||&#8221; ol_text_align=&#8221;center&#8221; ol_font_size=&#8221;20px&#8221; ol_line_height=&#8221;1.4em&#8221; text_orientation=&#8221;center&#8221; max_width=&#8221;80%&#8221; module_alignment=&#8221;center&#8221; min_height=&#8221;120px&#8221; custom_margin=&#8221;||11px|||&#8221; locked=&#8221;off&#8221;]<\/p>\n<p class=\"x_p2\"><i class=\"fas fa-map-marker-alt\" aria-hidden=\"true\"><\/i> <strong>Monte Estoril<\/strong><\/p>\n<p class=\"x_p2\">Des journ\u00e9es \u00e0 couper le souffle, les fen\u00eatres donnant sur le bleu et le bruit des vagues, avec balcon, terrasses \u00a0et piscine priv\u00e9e.<\/p>\n<p>[\/et_pb_text][et_pb_image src=&#8221;http:\/\/www.portadafrente.pt\/selection\/wp-content\/uploads\/2021\/03\/botao_infogeral.png&#8221; title_text=&#8221;botao_infogeral&#8221; url=&#8221;https:\/\/www.portadafrente.com\/fr\/immeubles\/villa-maria-pia-a0c3Y00000UDydwQAD&#8221; url_new_window=&#8221;on&#8221; align=&#8221;center&#8221; _builder_version=&#8221;4.9.0&#8243; _module_preset=&#8221;default&#8221; max_width=&#8221;50%&#8221; module_alignment=&#8221;center&#8221; hover_enabled=&#8221;0&#8243; border_radii=&#8221;on|99px|99px|99px|99px&#8221; locked=&#8221;off&#8221; sticky_enabled=&#8221;0&#8243;][\/et_pb_image][\/et_pb_column][et_pb_column type=&#8221;1_5&#8243; _builder_version=&#8221;4.9.0&#8243; _module_preset=&#8221;default&#8221;][et_pb_image src=&#8221;http:\/\/www.portadafrente.pt\/selection\/wp-content\/uploads\/2021\/03\/bayview-6cbcb45a-358b-43b3-9468-0887f8534e2b.jpg&#8221; title_text=&#8221;bayview-6cbcb45a-358b-43b3-9468-0887f8534e2b&#8221; _builder_version=&#8221;4.9.0&#8243; _module_preset=&#8221;default&#8221; border_radii=&#8221;on|20px|20px|20px|20px&#8221;][\/et_pb_image][et_pb_text _builder_version=&#8221;4.9.0&#8243; _module_preset=&#8221;default&#8221; text_font=&#8221;Montserrat|700|||||||&#8221; text_text_color=&#8221;#FFFFFF&#8221; text_font_size=&#8221;22px&#8221; text_orientation=&#8221;center&#8221; custom_margin=&#8221;||15px||false|false&#8221; custom_padding=&#8221;||0px|||&#8221; locked=&#8221;off&#8221;]<\/p>\n<p>Bayview Horizon<\/p>\n<p>[\/et_pb_text][et_pb_text _builder_version=&#8221;4.9.0&#8243; _module_preset=&#8221;default&#8221; text_font=&#8221;Raleway||||||||&#8221; text_text_color=&#8221;#bcbcbc&#8221; text_font_size=&#8221;12px&#8221; text_line_height=&#8221;1.3em&#8221; ol_font=&#8221;||||||||&#8221; ol_text_align=&#8221;center&#8221; ol_font_size=&#8221;20px&#8221; ol_line_height=&#8221;1.4em&#8221; text_orientation=&#8221;center&#8221; max_width=&#8221;80%&#8221; module_alignment=&#8221;center&#8221; min_height=&#8221;120px&#8221; custom_margin=&#8221;||11px|||&#8221; locked=&#8221;off&#8221;]<\/p>\n<p class=\"x_p2\"><i class=\"fas fa-map-marker-alt\" aria-hidden=\"true\"><\/i> <strong>Centro de Cascais<\/strong><\/p>\n<p class=\"x_p2\">Embrassez la mer qui vous entoure et vivez dans la plus belle entr\u00e9e de Cascais.<\/p>\n<p>[\/et_pb_text][et_pb_image src=&#8221;http:\/\/www.portadafrente.pt\/selection\/wp-content\/uploads\/2021\/03\/botao_infogeral.png&#8221; title_text=&#8221;botao_infogeral&#8221; url=&#8221;https:\/\/www.portadafrente.com\/fr\/immeubles\/bayview-horizont-a0c3Y00000UDyHZQA1&#8243; url_new_window=&#8221;on&#8221; align=&#8221;center&#8221; _builder_version=&#8221;4.9.0&#8243; _module_preset=&#8221;default&#8221; max_width=&#8221;50%&#8221; module_alignment=&#8221;center&#8221; hover_enabled=&#8221;0&#8243; border_radii=&#8221;on|99px|99px|99px|99px&#8221; locked=&#8221;off&#8221; sticky_enabled=&#8221;0&#8243;][\/et_pb_image][\/et_pb_column][et_pb_column type=&#8221;1_5&#8243; _builder_version=&#8221;4.9.0&#8243; _module_preset=&#8221;default&#8221;][et_pb_image src=&#8221;http:\/\/www.portadafrente.pt\/selection\/wp-content\/uploads\/2021\/03\/green-hill-df6aab65-ff7e-42f1-b148-6f1f93a13b3b.jpg&#8221; title_text=&#8221;green-hill-df6aab65-ff7e-42f1-b148-6f1f93a13b3b&#8221; _builder_version=&#8221;4.9.0&#8243; _module_preset=&#8221;default&#8221; border_radii=&#8221;on|20px|20px|20px|20px&#8221;][\/et_pb_image][et_pb_text _builder_version=&#8221;4.9.0&#8243; _module_preset=&#8221;default&#8221; text_font=&#8221;Montserrat|700|||||||&#8221; text_text_color=&#8221;#FFFFFF&#8221; text_font_size=&#8221;22px&#8221; text_orientation=&#8221;center&#8221; custom_margin=&#8221;||15px||false|false&#8221; custom_padding=&#8221;||0px|||&#8221;]<\/p>\n<p>Green<br \/>Hill<\/p>\n<p>[\/et_pb_text][et_pb_text _builder_version=&#8221;4.9.0&#8243; _module_preset=&#8221;default&#8221; text_font=&#8221;Raleway||||||||&#8221; text_text_color=&#8221;#bcbcbc&#8221; text_font_size=&#8221;12px&#8221; text_line_height=&#8221;1.3em&#8221; ol_font=&#8221;||||||||&#8221; ol_text_align=&#8221;center&#8221; ol_font_size=&#8221;20px&#8221; ol_line_height=&#8221;1.4em&#8221; text_orientation=&#8221;center&#8221; max_width=&#8221;80%&#8221; module_alignment=&#8221;center&#8221; min_height=&#8221;120px&#8221; custom_margin=&#8221;||11px|||&#8221; locked=&#8221;off&#8221;]<\/p>\n<p class=\"x_p2\"><i class=\"fas fa-map-marker-alt\" aria-hidden=\"true\"><\/i> <strong>Estoril<\/strong><\/p>\n<p class=\"x_p2\">Vivez en harmonie avec la nature dans un projet absolument unique et durable.<\/p>\n<p>[\/et_pb_text][et_pb_image src=&#8221;http:\/\/www.portadafrente.pt\/selection\/wp-content\/uploads\/2021\/03\/botao_infogeral.png&#8221; title_text=&#8221;botao_infogeral&#8221; url=&#8221;https:\/\/www.portadafrente.com\/fr\/immeubles\/green-hill-a0c3Y00000UDylfQAD&#8221; url_new_window=&#8221;on&#8221; align=&#8221;center&#8221; _builder_version=&#8221;4.9.0&#8243; _module_preset=&#8221;default&#8221; max_width=&#8221;50%&#8221; module_alignment=&#8221;center&#8221; hover_enabled=&#8221;0&#8243; border_radii=&#8221;on|40px|40px|40px|40px&#8221; sticky_enabled=&#8221;0&#8243;][\/et_pb_image][\/et_pb_column][et_pb_column type=&#8221;1_5&#8243; _builder_version=&#8221;4.9.0&#8243; _module_preset=&#8221;default&#8221;][et_pb_image src=&#8221;http:\/\/www.portadafrente.pt\/selection\/wp-content\/uploads\/2021\/03\/Building_Day.jpg&#8221; title_text=&#8221;Building_Day&#8221; _builder_version=&#8221;4.9.0&#8243; _module_preset=&#8221;default&#8221; border_radii=&#8221;on|20px|20px|20px|20px&#8221; locked=&#8221;off&#8221;][\/et_pb_image][et_pb_text _builder_version=&#8221;4.9.0&#8243; _module_preset=&#8221;default&#8221; text_font=&#8221;Montserrat|700|||||||&#8221; text_text_color=&#8221;#FFFFFF&#8221; text_font_size=&#8221;22px&#8221; text_orientation=&#8221;center&#8221; custom_margin=&#8221;||15px||false|false&#8221; custom_padding=&#8221;||0px|||&#8221; locked=&#8221;off&#8221;]<\/p>\n<p>The<br \/>Coral<\/p>\n<p>[\/et_pb_text][et_pb_text _builder_version=&#8221;4.9.0&#8243; _module_preset=&#8221;default&#8221; text_font=&#8221;Raleway||||||||&#8221; text_text_color=&#8221;#bcbcbc&#8221; text_font_size=&#8221;12px&#8221; text_line_height=&#8221;1.3em&#8221; ol_font=&#8221;||||||||&#8221; ol_text_align=&#8221;center&#8221; ol_font_size=&#8221;20px&#8221; ol_line_height=&#8221;1.4em&#8221; text_orientation=&#8221;center&#8221; custom_margin=&#8221;||11px|||&#8221; locked=&#8221;off&#8221; max_width=&#8221;80%&#8221; module_alignment=&#8221;center&#8221; min_height=&#8221;120px&#8221;]<\/p>\n<p class=\"x_p2\"><i class=\"fas fa-map-marker-alt\" aria-hidden=\"true\"><\/i> <strong>Centro de Cascais<\/strong><\/p>\n<p class=\"x_p2\">Profitez d&#8217;espaces ext\u00e9rieurs g\u00e9n\u00e9reux, parfaitement combin\u00e9s \u00e0 l&#8217;int\u00e9rieur riche en \u00e9l\u00e9ments distinctifs et de qualit\u00e9.<\/p>\n<p>[\/et_pb_text][et_pb_image src=&#8221;http:\/\/www.portadafrente.pt\/selection\/wp-content\/uploads\/2021\/03\/botao_infogeral.png&#8221; title_text=&#8221;botao_infogeral&#8221; url=&#8221;https:\/\/www.portadafrente.com\/fr\/immeubles\/the-coral-a0c3Y00000URrKDQA1&#8243; url_new_window=&#8221;on&#8221; align=&#8221;center&#8221; _builder_version=&#8221;4.9.0&#8243; _module_preset=&#8221;default&#8221; max_width=&#8221;50%&#8221; module_alignment=&#8221;center&#8221; hover_enabled=&#8221;0&#8243; border_radii=&#8221;on|99px|99px|99px|99px&#8221; locked=&#8221;off&#8221; sticky_enabled=&#8221;0&#8243;][\/et_pb_image][\/et_pb_column][\/et_pb_row][et_pb_row _builder_version=&#8221;4.9.0&#8243; _module_preset=&#8221;default&#8221; custom_padding=&#8221;||13px|||&#8221; animation_style=&#8221;fade&#8221; border_color_bottom=&#8221;#cccccc&#8221; locked=&#8221;off&#8221;][et_pb_column type=&#8221;4_4&#8243; _builder_version=&#8221;4.9.0&#8243; _module_preset=&#8221;default&#8221;][et_pb_text _builder_version=&#8221;4.9.0&#8243; _module_preset=&#8221;default&#8221; text_font=&#8221;Montserrat|300|||||||&#8221; text_text_color=&#8221;#c1c1c1&#8243; text_font_size=&#8221;48px&#8221; text_orientation=&#8221;center&#8221;]<\/p>\n<p>OEIRAS<\/p>\n<p>[\/et_pb_text][et_pb_divider color=&#8221;#cccccc&#8221; _builder_version=&#8221;4.9.0&#8243; _module_preset=&#8221;default&#8221; max_width=&#8221;25%&#8221; module_alignment=&#8221;center&#8221;][\/et_pb_divider][\/et_pb_column][\/et_pb_row][et_pb_row column_structure=&#8221;1_5,1_5,1_5,1_5,1_5&#8243; use_custom_gutter=&#8221;on&#8221; gutter_width=&#8221;2&#8243; module_class=&#8221;coluna-mobile&#8221; _builder_version=&#8221;4.9.0&#8243; _module_preset=&#8221;default&#8221; custom_margin=&#8221;||30px||false|false&#8221; animation_style=&#8221;slide&#8221; animation_direction=&#8221;bottom&#8221; animation_duration=&#8221;750ms&#8221; animation_intensity_slide=&#8221;20%&#8221; locked=&#8221;off&#8221;][et_pb_column type=&#8221;1_5&#8243; _builder_version=&#8221;4.9.0&#8243; _module_preset=&#8221;default&#8221;][et_pb_image src=&#8221;http:\/\/www.portadafrente.pt\/selection\/wp-content\/uploads\/2021\/03\/jardim-miraflores-f7adc2aa-6c71-4c6d-930e-fb82994f4f00.jpg&#8221; title_text=&#8221;jardim-miraflores-f7adc2aa-6c71-4c6d-930e-fb82994f4f00&#8243; _builder_version=&#8221;4.9.0&#8243; _module_preset=&#8221;default&#8221; border_radii=&#8221;on|20px|20px|20px|20px&#8221;][\/et_pb_image][et_pb_text _builder_version=&#8221;4.9.0&#8243; _module_preset=&#8221;default&#8221; text_font=&#8221;Montserrat|700|||||||&#8221; text_text_color=&#8221;#FFFFFF&#8221; text_font_size=&#8221;21px&#8221; text_letter_spacing=&#8221;-1px&#8221; text_orientation=&#8221;center&#8221; custom_margin=&#8221;||15px||false|false&#8221; custom_padding=&#8221;||0px|||&#8221;]<\/p>\n<p>Jardim Miraflores<\/p>\n<p>[\/et_pb_text][et_pb_text _builder_version=&#8221;4.9.0&#8243; _module_preset=&#8221;default&#8221; text_font=&#8221;Raleway||||||||&#8221; text_text_color=&#8221;#bcbcbc&#8221; text_font_size=&#8221;12px&#8221; text_line_height=&#8221;1.3em&#8221; ol_font=&#8221;||||||||&#8221; ol_text_align=&#8221;center&#8221; ol_font_size=&#8221;20px&#8221; ol_line_height=&#8221;1.4em&#8221; text_orientation=&#8221;center&#8221; max_width=&#8221;80%&#8221; module_alignment=&#8221;center&#8221; min_height=&#8221;120px&#8221; custom_margin=&#8221;||11px|||&#8221; locked=&#8221;off&#8221;]<\/p>\n<p class=\"x_p2\"><i class=\"fas fa-map-marker-alt\" aria-hidden=\"true\"><\/i> <strong>Miraflores<\/strong><\/p>\n<p class=\"x_p2\">Vivez des journ\u00e9es gorg\u00e9es de soleil, dans un projet compos\u00e9 de 3 b\u00e2timents uniques avec vue sur le fleuve et le parc Jamor.<\/p>\n<p>[\/et_pb_text][et_pb_image src=&#8221;http:\/\/www.portadafrente.pt\/selection\/wp-content\/uploads\/2021\/03\/botao_infogeral.png&#8221; title_text=&#8221;botao_infogeral&#8221; url=&#8221;https:\/\/www.portadafrente.com\/fr\/immeubles\/jardim-miraflores-a0c3Y00000UDyXqQAL&#8221; url_new_window=&#8221;on&#8221; align=&#8221;center&#8221; _builder_version=&#8221;4.9.0&#8243; _module_preset=&#8221;default&#8221; max_width=&#8221;50%&#8221; module_alignment=&#8221;center&#8221; hover_enabled=&#8221;0&#8243; border_radii=&#8221;on|40px|40px|40px|40px&#8221; sticky_enabled=&#8221;0&#8243;][\/et_pb_image][\/et_pb_column][et_pb_column type=&#8221;1_5&#8243; _builder_version=&#8221;4.9.0&#8243; _module_preset=&#8221;default&#8221;][et_pb_image src=&#8221;http:\/\/www.portadafrente.pt\/selection\/wp-content\/uploads\/2021\/03\/OFICIAL-DA-LONA.jpg&#8221; title_text=&#8221;OFICIAL DA LONA&#8221; _builder_version=&#8221;4.9.0&#8243; _module_preset=&#8221;default&#8221; border_radii=&#8221;on|20px|20px|20px|20px&#8221;][\/et_pb_image][et_pb_text _builder_version=&#8221;4.9.0&#8243; _module_preset=&#8221;default&#8221; text_font=&#8221;Montserrat|700|||||||&#8221; text_text_color=&#8221;#FFFFFF&#8221; text_font_size=&#8221;21px&#8221; text_letter_spacing=&#8221;-1px&#8221; text_orientation=&#8221;center&#8221; custom_margin=&#8221;||15px||false|false&#8221; custom_padding=&#8221;||0px|||&#8221; locked=&#8221;off&#8221;]<\/p>\n<p>Bugio Terrace<\/p>\n<p>[\/et_pb_text][et_pb_text _builder_version=&#8221;4.9.0&#8243; _module_preset=&#8221;default&#8221; text_font=&#8221;Raleway||||||||&#8221; text_text_color=&#8221;#bcbcbc&#8221; text_font_size=&#8221;12px&#8221; text_line_height=&#8221;1.3em&#8221; ol_font=&#8221;||||||||&#8221; ol_text_align=&#8221;center&#8221; ol_font_size=&#8221;20px&#8221; ol_line_height=&#8221;1.4em&#8221; text_orientation=&#8221;center&#8221; max_width=&#8221;80%&#8221; module_alignment=&#8221;center&#8221; min_height=&#8221;120px&#8221; custom_margin=&#8221;||11px|||&#8221; locked=&#8221;off&#8221;]<\/p>\n<p class=\"x_p2\"><i class=\"fas fa-map-marker-alt\" aria-hidden=\"true\"><\/i> <strong>Pa\u00e7o de Arcos<\/strong><\/p>\n<p class=\"x_p2\">Surplombant la mer, vous pouvez profiter d&#8217;une vue imprenable et d&#8217;un coucher de soleil inoubliable.<\/p>\n<p>[\/et_pb_text][et_pb_image src=&#8221;http:\/\/www.portadafrente.pt\/selection\/wp-content\/uploads\/2021\/03\/botao_infogeral.png&#8221; title_text=&#8221;botao_infogeral&#8221; url=&#8221;https:\/\/www.portadafrente.com\/fr\/immeubles\/bugio-terrace-a0c3Y00000UDy0DQAT&#8221; url_new_window=&#8221;on&#8221; align=&#8221;center&#8221; _builder_version=&#8221;4.9.0&#8243; _module_preset=&#8221;default&#8221; max_width=&#8221;50%&#8221; module_alignment=&#8221;center&#8221; hover_enabled=&#8221;0&#8243; border_radii=&#8221;on|99px|99px|99px|99px&#8221; locked=&#8221;off&#8221; sticky_enabled=&#8221;0&#8243;][\/et_pb_image][\/et_pb_column][et_pb_column type=&#8221;1_5&#8243; _builder_version=&#8221;4.9.0&#8243; _module_preset=&#8221;default&#8221;][et_pb_image src=&#8221;http:\/\/www.portadafrente.pt\/selection\/wp-content\/uploads\/2021\/03\/pf18980-cover.jpg&#8221; title_text=&#8221;pf18980-cover&#8221; _builder_version=&#8221;4.9.0&#8243; _module_preset=&#8221;default&#8221; border_radii=&#8221;on|20px|20px|20px|20px&#8221;][\/et_pb_image][et_pb_text _builder_version=&#8221;4.9.0&#8243; _module_preset=&#8221;default&#8221; text_font=&#8221;Montserrat|700|||||||&#8221; text_text_color=&#8221;#FFFFFF&#8221; text_font_size=&#8221;22px&#8221; text_orientation=&#8221;center&#8221; custom_margin=&#8221;||15px||false|false&#8221; custom_padding=&#8221;||0px|||&#8221; locked=&#8221;off&#8221;]<\/p>\n<p>Mare<\/p>\n<p>[\/et_pb_text][et_pb_text _builder_version=&#8221;4.9.0&#8243; _module_preset=&#8221;default&#8221; text_font=&#8221;Raleway||||||||&#8221; text_text_color=&#8221;#bcbcbc&#8221; text_font_size=&#8221;12px&#8221; text_line_height=&#8221;1.3em&#8221; ol_font=&#8221;||||||||&#8221; ol_text_align=&#8221;center&#8221; ol_font_size=&#8221;20px&#8221; ol_line_height=&#8221;1.4em&#8221; text_orientation=&#8221;center&#8221; custom_margin=&#8221;||11px|||&#8221; locked=&#8221;off&#8221; max_width=&#8221;80%&#8221; module_alignment=&#8221;center&#8221; min_height=&#8221;120px&#8221;]<\/p>\n<p class=\"x_p2\"><i class=\"fas fa-map-marker-alt\" aria-hidden=\"true\"><\/i> <strong>Alto de Alg\u00e9s<\/strong><\/p>\n<p class=\"x_p2\">Profitez d&#8217;espaces ext\u00e9rieurs g\u00e9n\u00e9reux, parfaitement combin\u00e9s \u00e0 l&#8217;int\u00e9rieur riche en \u00e9l\u00e9ments distinctifs et de qualit\u00e9.<\/p>\n<p>[\/et_pb_text][et_pb_image src=&#8221;http:\/\/www.portadafrente.pt\/selection\/wp-content\/uploads\/2021\/03\/botao_infogeral.png&#8221; title_text=&#8221;botao_infogeral&#8221; url=&#8221;https:\/\/www.portadafrente.com\/fr\/immeubles\/mare-alto-de-alges-a0c3Y00000UDy9mQAD&#8221; url_new_window=&#8221;on&#8221; align=&#8221;center&#8221; _builder_version=&#8221;4.9.0&#8243; _module_preset=&#8221;default&#8221; max_width=&#8221;50%&#8221; module_alignment=&#8221;center&#8221; hover_enabled=&#8221;0&#8243; border_radii=&#8221;on|99px|99px|99px|99px&#8221; locked=&#8221;off&#8221; sticky_enabled=&#8221;0&#8243;][\/et_pb_image][\/et_pb_column][et_pb_column type=&#8221;1_5&#8243; _builder_version=&#8221;4.9.0&#8243; _module_preset=&#8221;default&#8221;][et_pb_image src=&#8221;http:\/\/www.portadafrente.pt\/selection\/wp-content\/uploads\/2021\/03\/magnolia-61fd10e0-1fb1-4290-953a-bcafe784b8ce.jpg&#8221; title_text=&#8221;magnolia-61fd10e0-1fb1-4290-953a-bcafe784b8ce&#8221; _builder_version=&#8221;4.9.0&#8243; _module_preset=&#8221;default&#8221; border_radii=&#8221;on|20px|20px|20px|20px&#8221;][\/et_pb_image][et_pb_text _builder_version=&#8221;4.9.0&#8243; _module_preset=&#8221;default&#8221; text_font=&#8221;Montserrat|700|||||||&#8221; text_text_color=&#8221;#FFFFFF&#8221; text_font_size=&#8221;21px&#8221; text_letter_spacing=&#8221;-1px&#8221; text_orientation=&#8221;center&#8221; custom_margin=&#8221;||15px||false|false&#8221; custom_padding=&#8221;||0px|||&#8221; locked=&#8221;off&#8221;]<\/p>\n<p>Magn\u00f3lia<\/p>\n<p>[\/et_pb_text][et_pb_text _builder_version=&#8221;4.9.0&#8243; _module_preset=&#8221;default&#8221; text_font=&#8221;Raleway||||||||&#8221; text_text_color=&#8221;#bcbcbc&#8221; text_font_size=&#8221;12px&#8221; text_line_height=&#8221;1.3em&#8221; ol_font=&#8221;||||||||&#8221; ol_text_align=&#8221;center&#8221; ol_font_size=&#8221;20px&#8221; ol_line_height=&#8221;1.4em&#8221; text_orientation=&#8221;center&#8221; module_alignment=&#8221;center&#8221; min_height=&#8221;120px&#8221; custom_margin=&#8221;||11px|||&#8221; locked=&#8221;off&#8221; max_width=&#8221;80%&#8221;]<\/p>\n<p class=\"x_p2\"><i class=\"fas fa-map-marker-alt\" aria-hidden=\"true\"><\/i> <strong>Porto Salvo<\/strong><\/p>\n<p class=\"x_p2\">Profitez d&#8217;espaces ext\u00e9rieurs g\u00e9n\u00e9reux, parfaitement combin\u00e9s \u00e0 l&#8217;int\u00e9rieur riche en \u00e9l\u00e9ments distinctifs et de qualit\u00e9.<\/p>\n<p>[\/et_pb_text][et_pb_image src=&#8221;http:\/\/www.portadafrente.pt\/selection\/wp-content\/uploads\/2021\/03\/botao_infogeral.png&#8221; title_text=&#8221;botao_infogeral&#8221; url=&#8221;https:\/\/www.portadafrente.com\/fr\/immeubles\/PF22875-a0c3Y00000UDysOQAT&#8221; url_new_window=&#8221;on&#8221; align=&#8221;center&#8221; _builder_version=&#8221;4.9.0&#8243; _module_preset=&#8221;default&#8221; max_width=&#8221;50%&#8221; module_alignment=&#8221;center&#8221; hover_enabled=&#8221;0&#8243; border_radii=&#8221;on|99px|99px|99px|99px&#8221; locked=&#8221;off&#8221; sticky_enabled=&#8221;0&#8243;][\/et_pb_image][\/et_pb_column][et_pb_column type=&#8221;1_5&#8243; _builder_version=&#8221;4.9.0&#8243; _module_preset=&#8221;default&#8221;][et_pb_image src=&#8221;http:\/\/www.portadafrente.pt\/selection\/wp-content\/uploads\/2021\/03\/vivere-a121487a-c7ec-482a-8372-6b469d9b4567.jpg&#8221; title_text=&#8221;vivere-a121487a-c7ec-482a-8372-6b469d9b4567&#8243; _builder_version=&#8221;4.9.0&#8243; _module_preset=&#8221;default&#8221; border_radii=&#8221;on|20px|20px|20px|20px&#8221; locked=&#8221;off&#8221;][\/et_pb_image][et_pb_text _builder_version=&#8221;4.9.0&#8243; _module_preset=&#8221;default&#8221; text_font=&#8221;Montserrat|700|||||||&#8221; text_text_color=&#8221;#FFFFFF&#8221; text_font_size=&#8221;22px&#8221; text_orientation=&#8221;center&#8221; custom_margin=&#8221;||15px||false|false&#8221; custom_padding=&#8221;||0px|||&#8221; locked=&#8221;off&#8221;]<\/p>\n<p>Vivere<\/p>\n<p>[\/et_pb_text][et_pb_text _builder_version=&#8221;4.9.0&#8243; _module_preset=&#8221;default&#8221; text_font=&#8221;Raleway||||||||&#8221; text_text_color=&#8221;#bcbcbc&#8221; text_font_size=&#8221;12px&#8221; text_line_height=&#8221;1.3em&#8221; ol_font=&#8221;||||||||&#8221; ol_text_align=&#8221;center&#8221; ol_font_size=&#8221;20px&#8221; ol_line_height=&#8221;1.4em&#8221; text_orientation=&#8221;center&#8221; custom_margin=&#8221;||11px|||&#8221; locked=&#8221;off&#8221; max_width=&#8221;80%&#8221; module_alignment=&#8221;center&#8221; min_height=&#8221;120px&#8221;]<\/p>\n<p class=\"x_p2\"><i class=\"fas fa-map-marker-alt\" aria-hidden=\"true\"><\/i> <strong>Carnaxide<\/strong><\/p>\n<p class=\"x_p2\">Dans le parc Vale do Jamor, \u00e0 proximit\u00e9 de tout ce dont vous avez besoin, dans un complexe r\u00e9sidentiel complet et au c\u0153ur de la nature.<\/p>\n<p>[\/et_pb_text][et_pb_image src=&#8221;http:\/\/www.portadafrente.pt\/selection\/wp-content\/uploads\/2021\/03\/botao_infogeral.png&#8221; title_text=&#8221;botao_infogeral&#8221; url=&#8221;https:\/\/www.portadafrente.com\/fr\/immeubles\/pf21012-apartamento-t3-oeiras-a0c3Y00000UDyXKQA1&#8243; url_new_window=&#8221;on&#8221; align=&#8221;center&#8221; _builder_version=&#8221;4.9.0&#8243; _module_preset=&#8221;default&#8221; max_width=&#8221;50%&#8221; module_alignment=&#8221;center&#8221; hover_enabled=&#8221;0&#8243; border_radii=&#8221;on|99px|99px|99px|99px&#8221; locked=&#8221;off&#8221; sticky_enabled=&#8221;0&#8243;][\/et_pb_image][\/et_pb_column][\/et_pb_row][\/et_pb_section][et_pb_section fb_built=&#8221;1&#8243; module_id=&#8221;digital&#8221; _builder_version=&#8221;4.9.0&#8243; _module_preset=&#8221;default&#8221; box_shadow_style=&#8221;preset6&#8243; box_shadow_vertical=&#8221;10px&#8221; box_shadow_color=&#8221;rgba(0,0,0,0.1)&#8221;][et_pb_row column_structure=&#8221;2_5,3_5&#8243; custom_padding_last_edited=&#8221;on|phone&#8221; _builder_version=&#8221;4.9.0&#8243; _module_preset=&#8221;default&#8221; custom_padding=&#8221;||40px|||&#8221; custom_padding_tablet=&#8221;||0px||false|false&#8221; custom_padding_phone=&#8221;&#8221; animation_style=&#8221;fold&#8221; animation_direction=&#8221;top&#8221; locked=&#8221;off&#8221;][et_pb_column type=&#8221;2_5&#8243; _builder_version=&#8221;4.9.0&#8243; _module_preset=&#8221;default&#8221;][et_pb_text _builder_version=&#8221;4.9.0&#8243; _module_preset=&#8221;default&#8221; text_font=&#8221;Montserrat|700|||||||&#8221; text_text_color=&#8221;#000000&#8243; text_line_height=&#8221;2em&#8221; hover_enabled=&#8221;0&#8243; text_orientation_tablet=&#8221;center&#8221; text_orientation_phone=&#8221;&#8221; text_orientation_last_edited=&#8221;on|desktop&#8221; sticky_enabled=&#8221;0&#8243;]<\/p>\n<p><span class=\"number-size\">Pr\u00e9sence<\/span><br \/> <span class=\"label-size\">num\u00e9rique<\/span><\/p>\n<p>[\/et_pb_text][\/et_pb_column][et_pb_column type=&#8221;3_5&#8243; _builder_version=&#8221;4.9.0&#8243; _module_preset=&#8221;default&#8221;][et_pb_text _builder_version=&#8221;4.9.0&#8243; _module_preset=&#8221;default&#8221; text_font=&#8221;Raleway||||||||&#8221; text_text_color=&#8221;#000000&#8243; text_line_height=&#8221;1.5em&#8221; header_font=&#8221;Montserrat|700|||||||&#8221; header_text_align=&#8221;left&#8221; header_text_color=&#8221;#660024&#8243; header_font_size=&#8221;28px&#8221; header_line_height=&#8221;1.7em&#8221; text_orientation=&#8221;right&#8221; max_width=&#8221;75%&#8221; max_width_tablet=&#8221;100%&#8221; max_width_phone=&#8221;&#8221; max_width_last_edited=&#8221;on|phone&#8221; module_alignment=&#8221;right&#8221; custom_margin=&#8221;||||false|false&#8221; text_orientation_tablet=&#8221;center&#8221; text_orientation_phone=&#8221;&#8221; text_orientation_last_edited=&#8221;on|desktop&#8221; module_alignment_tablet=&#8221;center&#8221; module_alignment_phone=&#8221;center&#8221; module_alignment_last_edited=&#8221;on|phone&#8221; locked=&#8221;off&#8221;]<\/p>\n<p>La recherche en ligne et les transactions r\u00e9alis\u00e9es \u00e0 distance ont domin\u00e9 2020. D\u00e9couvrez le contenu qui a le plus int\u00e9ress\u00e9 les clients sur nos plateformes num\u00e9riques pendant cette p\u00e9riode.<\/p>\n<p>[\/et_pb_text][\/et_pb_column][\/et_pb_row][et_pb_row _builder_version=&#8221;4.9.0&#8243; _module_preset=&#8221;default&#8221; custom_padding=&#8221;||0px|||&#8221; animation_style=&#8221;fade&#8221; border_color_bottom=&#8221;#cccccc&#8221; locked=&#8221;off&#8221;][et_pb_column type=&#8221;4_4&#8243; _builder_version=&#8221;4.9.0&#8243; _module_preset=&#8221;default&#8221;][et_pb_text _builder_version=&#8221;4.9.0&#8243; _module_preset=&#8221;default&#8221; text_font=&#8221;Montserrat|300|||||||&#8221; text_text_color=&#8221;#c1c1c1&#8243; text_font_size=&#8221;48px&#8221; text_orientation=&#8221;center&#8221; custom_padding=&#8221;||4px|||&#8221; hover_enabled=&#8221;0&#8243; sticky_enabled=&#8221;0&#8243;]<\/p>\n<p>Portails immobiliers<\/p>\n<p>[\/et_pb_text][et_pb_divider color=&#8221;#cccccc&#8221; _builder_version=&#8221;4.9.0&#8243; _module_preset=&#8221;default&#8221; max_width=&#8221;25%&#8221; module_alignment=&#8221;center&#8221; custom_margin=&#8221;||16px|||&#8221; locked=&#8221;off&#8221;][\/et_pb_divider][et_pb_text _builder_version=&#8221;4.9.0&#8243; _module_preset=&#8221;default&#8221; text_font=&#8221;Raleway||||||||&#8221; text_orientation=&#8221;center&#8221; max_width=&#8221;70%&#8221; max_width_tablet=&#8221;100%&#8221; max_width_phone=&#8221;&#8221; max_width_last_edited=&#8221;on|desktop&#8221; module_alignment=&#8221;center&#8221; custom_margin=&#8221;||29px|||&#8221; hover_enabled=&#8221;0&#8243; text_orientation_tablet=&#8221;center&#8221; text_orientation_phone=&#8221;&#8221; text_orientation_last_edited=&#8221;on|phone&#8221; sticky_enabled=&#8221;0&#8243;]<\/p>\n<p>Plus de 8\u00a0145 personnes nous ont contact\u00e9s via des portails en 2020. Au niveau national, nous soulignons Idealista comme le principal portail immobilier de recherche et, au niveau international, Green Acres.<\/p>\n<p>[\/et_pb_text][\/et_pb_column][\/et_pb_row][et_pb_row column_structure=&#8221;1_5,1_5,1_5,1_5,1_5&#8243; use_custom_gutter=&#8221;on&#8221; gutter_width=&#8221;2&#8243; module_class=&#8221;coluna-mobile portais-mobile&#8221; _builder_version=&#8221;4.9.0&#8243; _module_preset=&#8221;default&#8221; custom_margin=&#8221;||30px||false|false&#8221; custom_padding=&#8221;||0px|||&#8221; animation_style=&#8221;slide&#8221; animation_direction=&#8221;right&#8221; animation_duration=&#8221;750ms&#8221; animation_intensity_slide=&#8221;20%&#8221; locked=&#8221;off&#8221;][et_pb_column type=&#8221;1_5&#8243; _builder_version=&#8221;4.9.0&#8243; _module_preset=&#8221;default&#8221;][et_pb_text _builder_version=&#8221;4.9.0&#8243; _module_preset=&#8221;default&#8221; text_font=&#8221;Montserrat|300|||||||&#8221; text_text_color=&#8221;#000000&#8243; text_font_size=&#8221;18px&#8221; text_orientation=&#8221;center&#8221; custom_margin=&#8221;50px||||false|false&#8221; custom_margin_tablet=&#8221;0px||||false|false&#8221; custom_margin_phone=&#8221;&#8221; custom_margin_last_edited=&#8221;on|desktop&#8221; custom_padding=&#8221;||0px|||&#8221; hover_enabled=&#8221;0&#8243; text_orientation_tablet=&#8221;center&#8221; text_orientation_phone=&#8221;&#8221; text_orientation_last_edited=&#8221;on|phone&#8221; locked=&#8221;off&#8221; sticky_enabled=&#8221;0&#8243;]<\/p>\n<p>Principaux portails immobiliers <strong>nationaux<\/strong><\/p>\n<p>[\/et_pb_text][\/et_pb_column][et_pb_column type=&#8221;1_5&#8243; _builder_version=&#8221;4.9.0&#8243; _module_preset=&#8221;default&#8221;][et_pb_text _builder_version=&#8221;4.9.0&#8243; _module_preset=&#8221;default&#8221; text_font=&#8221;Raleway|600|||||||&#8221; text_text_color=&#8221;#919191&#8243; text_font_size=&#8221;49px&#8221; z_index=&#8221;99&#8243; text_orientation=&#8221;center&#8221; custom_margin=&#8221;||-2px||false|false&#8221;]<\/p>\n<p>1<\/p>\n<p>[\/et_pb_text][et_pb_image src=&#8221;http:\/\/www.portadafrente.pt\/selection\/wp-content\/uploads\/2021\/03\/l_0011_idealista.jpg&#8221; title_text=&#8221;l_0011_idealista&#8221; _builder_version=&#8221;4.9.0&#8243; _module_preset=&#8221;default&#8221; border_radii=&#8221;on|20px|20px|20px|20px&#8221;][\/et_pb_image][\/et_pb_column][et_pb_column type=&#8221;1_5&#8243; _builder_version=&#8221;4.9.0&#8243; _module_preset=&#8221;default&#8221;][et_pb_text _builder_version=&#8221;4.9.0&#8243; _module_preset=&#8221;default&#8221; text_font=&#8221;Raleway|600|||||||&#8221; text_text_color=&#8221;#919191&#8243; text_font_size=&#8221;49px&#8221; z_index=&#8221;99&#8243; text_orientation=&#8221;center&#8221; custom_margin=&#8221;||-2px||false|false&#8221; locked=&#8221;off&#8221;]<\/p>\n<p>2<\/p>\n<p>[\/et_pb_text][et_pb_image src=&#8221;http:\/\/www.portadafrente.pt\/selection\/wp-content\/uploads\/2021\/03\/l_0006_logo_fb.jpg&#8221; title_text=&#8221;l_0006_logo_fb&#8221; _builder_version=&#8221;4.9.0&#8243; _module_preset=&#8221;default&#8221; border_radii=&#8221;on|20px|20px|20px|20px&#8221;][\/et_pb_image][\/et_pb_column][et_pb_column type=&#8221;1_5&#8243; _builder_version=&#8221;4.9.0&#8243; _module_preset=&#8221;default&#8221;][et_pb_text _builder_version=&#8221;4.9.0&#8243; _module_preset=&#8221;default&#8221; text_font=&#8221;Raleway|600|||||||&#8221; text_text_color=&#8221;#919191&#8243; text_font_size=&#8221;49px&#8221; z_index=&#8221;99&#8243; text_orientation=&#8221;center&#8221; custom_margin=&#8221;||-2px||false|false&#8221; locked=&#8221;off&#8221;]<\/p>\n<p>3<\/p>\n<p>[\/et_pb_text][et_pb_image src=&#8221;http:\/\/www.portadafrente.pt\/selection\/wp-content\/uploads\/2021\/03\/l_0010_Imovirtual-logo-cores-sem-simbolo.jpg&#8221; title_text=&#8221;l_0010_Imovirtual-logo-cores-sem-simbolo&#8221; _builder_version=&#8221;4.9.0&#8243; _module_preset=&#8221;default&#8221; border_radii=&#8221;on|20px|20px|20px|20px&#8221;][\/et_pb_image][\/et_pb_column][et_pb_column type=&#8221;1_5&#8243; _builder_version=&#8221;4.9.0&#8243; _module_preset=&#8221;default&#8221;][et_pb_text _builder_version=&#8221;4.9.0&#8243; _module_preset=&#8221;default&#8221; text_font=&#8221;Raleway|600|||||||&#8221; text_text_color=&#8221;#919191&#8243; text_font_size=&#8221;49px&#8221; z_index=&#8221;99&#8243; text_orientation=&#8221;center&#8221; custom_margin=&#8221;||-2px||false|false&#8221; locked=&#8221;off&#8221;]<\/p>\n<p>4<\/p>\n<p>[\/et_pb_text][et_pb_image src=&#8221;http:\/\/www.portadafrente.pt\/selection\/wp-content\/uploads\/2021\/03\/l_0015_bpi.jpg&#8221; title_text=&#8221;l_0015_bpi&#8221; _builder_version=&#8221;4.9.0&#8243; _module_preset=&#8221;default&#8221; border_radii=&#8221;on|20px|20px|20px|20px&#8221;][\/et_pb_image][\/et_pb_column][\/et_pb_row][et_pb_row _builder_version=&#8221;4.9.0&#8243; _module_preset=&#8221;default&#8221; custom_padding=&#8221;0px||11px|||&#8221; animation_style=&#8221;fade&#8221; border_color_bottom=&#8221;#cccccc&#8221; locked=&#8221;off&#8221;][et_pb_column type=&#8221;4_4&#8243; _builder_version=&#8221;4.9.0&#8243; _module_preset=&#8221;default&#8221;][et_pb_divider color=&#8221;#cccccc&#8221; _builder_version=&#8221;4.9.0&#8243; _module_preset=&#8221;default&#8221; max_width=&#8221;25%&#8221; module_alignment=&#8221;center&#8221; custom_margin=&#8221;||-1px|||&#8221; locked=&#8221;off&#8221;][\/et_pb_divider][\/et_pb_column][\/et_pb_row][et_pb_row column_structure=&#8221;1_5,1_5,1_5,1_5,1_5&#8243; use_custom_gutter=&#8221;on&#8221; gutter_width=&#8221;2&#8243; module_class=&#8221;coluna-mobile portais-mobile&#8221; _builder_version=&#8221;4.9.0&#8243; _module_preset=&#8221;default&#8221; custom_margin=&#8221;||30px||false|false&#8221; custom_padding=&#8221;||0px|||&#8221; animation_style=&#8221;slide&#8221; animation_direction=&#8221;left&#8221; animation_duration=&#8221;750ms&#8221; animation_intensity_slide=&#8221;20%&#8221; locked=&#8221;off&#8221;][et_pb_column type=&#8221;1_5&#8243; _builder_version=&#8221;4.9.0&#8243; _module_preset=&#8221;default&#8221;][et_pb_text _builder_version=&#8221;4.9.0&#8243; _module_preset=&#8221;default&#8221; text_font=&#8221;Montserrat|300|||||||&#8221; text_text_color=&#8221;#000000&#8243; text_font_size=&#8221;18px&#8221; text_orientation=&#8221;center&#8221; custom_margin=&#8221;50px||||false|false&#8221; custom_margin_tablet=&#8221;0px||||false|false&#8221; custom_margin_phone=&#8221;&#8221; custom_margin_last_edited=&#8221;on|desktop&#8221; custom_padding=&#8221;||0px|||&#8221; text_orientation_tablet=&#8221;center&#8221; text_orientation_phone=&#8221;&#8221; text_orientation_last_edited=&#8221;on|phone&#8221; locked=&#8221;off&#8221;]<\/p>\n<p>Principaux portails immobiliers <strong>internationaux<\/strong><\/p>\n<p>[\/et_pb_text][\/et_pb_column][et_pb_column type=&#8221;1_5&#8243; _builder_version=&#8221;4.9.0&#8243; _module_preset=&#8221;default&#8221;][et_pb_text _builder_version=&#8221;4.9.0&#8243; _module_preset=&#8221;default&#8221; text_font=&#8221;Raleway|600|||||||&#8221; text_text_color=&#8221;#919191&#8243; text_font_size=&#8221;49px&#8221; z_index=&#8221;99&#8243; text_orientation=&#8221;center&#8221; custom_margin=&#8221;||-2px||false|false&#8221;]<\/p>\n<p>1<\/p>\n<p>[\/et_pb_text][et_pb_image src=&#8221;http:\/\/www.portadafrente.pt\/selection\/wp-content\/uploads\/2021\/03\/l_0012_green-acres-logo-portail-annonces-immobilieres-international.jpg&#8221; title_text=&#8221;l_0012_green-acres-logo-portail-annonces-immobilieres-international&#8221; _builder_version=&#8221;4.9.0&#8243; _module_preset=&#8221;default&#8221; border_radii=&#8221;on|20px|20px|20px|20px&#8221;][\/et_pb_image][\/et_pb_column][et_pb_column type=&#8221;1_5&#8243; _builder_version=&#8221;4.9.0&#8243; _module_preset=&#8221;default&#8221;][et_pb_text _builder_version=&#8221;4.9.0&#8243; _module_preset=&#8221;default&#8221; text_font=&#8221;Raleway|600|||||||&#8221; text_text_color=&#8221;#919191&#8243; text_font_size=&#8221;49px&#8221; z_index=&#8221;99&#8243; text_orientation=&#8221;center&#8221; custom_margin=&#8221;||-2px||false|false&#8221; locked=&#8221;off&#8221;]<\/p>\n<p>2<\/p>\n<p>[\/et_pb_text][et_pb_image src=&#8221;http:\/\/www.portadafrente.pt\/selection\/wp-content\/uploads\/2021\/03\/l_0004_luxury.jpg&#8221; title_text=&#8221;l_0004_luxury&#8221; _builder_version=&#8221;4.9.0&#8243; _module_preset=&#8221;default&#8221; border_radii=&#8221;on|20px|20px|20px|20px&#8221;][\/et_pb_image][\/et_pb_column][et_pb_column type=&#8221;1_5&#8243; _builder_version=&#8221;4.9.0&#8243; _module_preset=&#8221;default&#8221;][et_pb_text _builder_version=&#8221;4.9.0&#8243; _module_preset=&#8221;default&#8221; text_font=&#8221;Raleway|600|||||||&#8221; text_text_color=&#8221;#919191&#8243; text_font_size=&#8221;49px&#8221; z_index=&#8221;99&#8243; text_orientation=&#8221;center&#8221; custom_margin=&#8221;||-2px||false|false&#8221; locked=&#8221;off&#8221;]<\/p>\n<p>3<\/p>\n<p>[\/et_pb_text][et_pb_image src=&#8221;http:\/\/www.portadafrente.pt\/selection\/wp-content\/uploads\/2021\/03\/l_0003_mer.jpg&#8221; title_text=&#8221;l_0003_mer&#8221; _builder_version=&#8221;4.9.0&#8243; _module_preset=&#8221;default&#8221; border_radii=&#8221;on|20px|20px|20px|20px&#8221;][\/et_pb_image][\/et_pb_column][et_pb_column type=&#8221;1_5&#8243; _builder_version=&#8221;4.9.0&#8243; _module_preset=&#8221;default&#8221;][et_pb_text _builder_version=&#8221;4.9.0&#8243; _module_preset=&#8221;default&#8221; text_font=&#8221;Raleway|600|||||||&#8221; text_text_color=&#8221;#919191&#8243; text_font_size=&#8221;49px&#8221; z_index=&#8221;99&#8243; text_orientation=&#8221;center&#8221; custom_margin=&#8221;||-2px||false|false&#8221; locked=&#8221;off&#8221;]<\/p>\n<p>4<\/p>\n<p>[\/et_pb_text][et_pb_image src=&#8221;http:\/\/www.portadafrente.pt\/selection\/wp-content\/uploads\/2021\/03\/kyero.jpg&#8221; title_text=&#8221;kyero&#8221; _builder_version=&#8221;4.9.0&#8243; _module_preset=&#8221;default&#8221; border_radii=&#8221;on|20px|20px|20px|20px&#8221;][\/et_pb_image][\/et_pb_column][\/et_pb_row][et_pb_row use_custom_gutter=&#8221;on&#8221; gutter_width=&#8221;2&#8243; _builder_version=&#8221;4.9.0&#8243; _module_preset=&#8221;default&#8221; custom_padding=&#8221;||0px||false|false&#8221; animation_style=&#8221;fade&#8221; locked=&#8221;off&#8221;][et_pb_column type=&#8221;4_4&#8243; _builder_version=&#8221;4.9.0&#8243; _module_preset=&#8221;default&#8221;][et_pb_text _builder_version=&#8221;4.9.0&#8243; _module_preset=&#8221;default&#8221; text_font=&#8221;Raleway|600|||||||&#8221; text_text_color=&#8221;#000000&#8243; text_font_size=&#8221;19px&#8221; header_font=&#8221;Montserrat|700|||||||&#8221; header_text_align=&#8221;left&#8221; header_text_color=&#8221;#660024&#8243; header_font_size=&#8221;28px&#8221; header_line_height=&#8221;1.7em&#8221; text_orientation=&#8221;center&#8221; custom_margin=&#8221;0px||30px||false|false&#8221; hover_enabled=&#8221;0&#8243; sticky_enabled=&#8221;0&#8243;]<\/p>\n<p>Voir d&#8217;autres portails immobiliers qui se sont d\u00e9marqu\u00e9s en 2020<\/p>\n<p>[\/et_pb_text][et_pb_text _builder_version=&#8221;4.9.0&#8243; _module_preset=&#8221;default&#8221; text_orientation=&#8221;center&#8221; custom_margin=&#8221;||0px||false|false&#8221; locked=&#8221;off&#8221;]<\/p>\n<ul class=\"portais\">\n<li><img src=\"http:\/\/www.portadafrente.pt\/selection\/wp-content\/uploads\/2021\/03\/l_0009_Juwai_logo.jpg\" \/><\/li>\n<li><img src=\"http:\/\/www.portadafrente.pt\/selection\/wp-content\/uploads\/2021\/03\/l_0005_logo_lefigaroproperties.jpg\" \/><\/li>\n<li><img src=\"http:\/\/www.portadafrente.pt\/selection\/wp-content\/uploads\/2021\/03\/l_0013_download.jpg\" \/><\/li>\n<li><img src=\"http:\/\/www.portadafrente.pt\/selection\/wp-content\/uploads\/2021\/03\/l_0001_properties-uk.jpg\" \/><\/li>\n<li><img src=\"http:\/\/www.portadafrente.pt\/selection\/wp-content\/uploads\/2021\/03\/l_0016_500px-James_Edition_logo.jpg\" \/><\/li>\n<\/ul>\n<ul class=\"portais\">\n<li><img src=\"http:\/\/www.portadafrente.pt\/selection\/wp-content\/uploads\/2021\/03\/l_0000_seloger.jpg\" \/><\/li>\n<li><img src=\"http:\/\/www.portadafrente.pt\/selection\/wp-content\/uploads\/2021\/03\/l_0002_move-channel.jpg\" \/><\/li>\n<li><img src=\"http:\/\/www.portadafrente.pt\/selection\/wp-content\/uploads\/2021\/03\/l_0014_color@3x.jpg\" \/><\/li>\n<li><img src=\"http:\/\/www.portadafrente.pt\/selection\/wp-content\/uploads\/2021\/03\/l_0018_1.jpg\" \/><\/li>\n<li><img src=\"http:\/\/www.portadafrente.pt\/selection\/wp-content\/uploads\/2021\/03\/l_0017_3.jpg\" \/><\/li>\n<\/ul>\n<p>[\/et_pb_text][\/et_pb_column][\/et_pb_row][et_pb_row _builder_version=&#8221;4.9.0&#8243; _module_preset=&#8221;default&#8221; custom_padding=&#8221;||0px|||&#8221; locked=&#8221;off&#8221;][et_pb_column type=&#8221;4_4&#8243; _builder_version=&#8221;4.9.0&#8243; _module_preset=&#8221;default&#8221;][et_pb_divider color=&#8221;#cccccc&#8221; _builder_version=&#8221;4.9.0&#8243; _module_preset=&#8221;default&#8221;][\/et_pb_divider][\/et_pb_column][\/et_pb_row][et_pb_row _builder_version=&#8221;4.9.0&#8243; _module_preset=&#8221;default&#8221; custom_padding=&#8221;40px||33px|||&#8221; animation_style=&#8221;fade&#8221; border_color_bottom=&#8221;#cccccc&#8221; locked=&#8221;off&#8221;][et_pb_column type=&#8221;4_4&#8243; _builder_version=&#8221;4.9.0&#8243; _module_preset=&#8221;default&#8221;][et_pb_text _builder_version=&#8221;4.9.0&#8243; _module_preset=&#8221;default&#8221; text_font=&#8221;Montserrat|300|||||||&#8221; text_text_color=&#8221;#c1c1c1&#8243; text_font_size=&#8221;48px&#8221; text_orientation=&#8221;center&#8221; custom_padding=&#8221;||4px|||&#8221;]<\/p>\n<p>Google Ads<\/p>\n<p>[\/et_pb_text][et_pb_divider color=&#8221;#cccccc&#8221; _builder_version=&#8221;4.9.0&#8243; _module_preset=&#8221;default&#8221; max_width=&#8221;25%&#8221; module_alignment=&#8221;center&#8221; custom_margin=&#8221;||18px|||&#8221; locked=&#8221;off&#8221;][\/et_pb_divider][et_pb_text _builder_version=&#8221;4.9.0&#8243; _module_preset=&#8221;default&#8221; text_font=&#8221;Raleway||||||||&#8221; text_orientation=&#8221;center&#8221; max_width=&#8221;70%&#8221; max_width_tablet=&#8221;100%&#8221; max_width_phone=&#8221;&#8221; max_width_last_edited=&#8221;on|desktop&#8221; module_alignment=&#8221;center&#8221; hover_enabled=&#8221;0&#8243; text_orientation_tablet=&#8221;center&#8221; text_orientation_phone=&#8221;&#8221; text_orientation_last_edited=&#8221;on|phone&#8221; sticky_enabled=&#8221;0&#8243;]<\/p>\n<p>Voir les termes les plus recherch\u00e9s sur le moteur de recherche le plus utilis\u00e9 dans le monde.<\/p>\n<p>[\/et_pb_text][\/et_pb_column][\/et_pb_row][et_pb_row column_structure=&#8221;1_2,1_2&#8243; _builder_version=&#8221;4.9.0&#8243; _module_preset=&#8221;default&#8221; custom_padding=&#8221;0px||||false|false&#8221;][et_pb_column type=&#8221;1_2&#8243; _builder_version=&#8221;4.9.0&#8243; _module_preset=&#8221;default&#8221;][et_pb_image src=&#8221;http:\/\/www.portadafrente.pt\/selection\/wp-content\/uploads\/2021\/03\/presenca.jpg&#8221; title_text=&#8221;presenca&#8221; align=&#8221;center&#8221; _builder_version=&#8221;4.9.0&#8243; _module_preset=&#8221;default&#8221;][\/et_pb_image][\/et_pb_column][et_pb_column type=&#8221;1_2&#8243; _builder_version=&#8221;4.9.0&#8243; _module_preset=&#8221;default&#8221;][et_pb_image src=&#8221;http:\/\/www.portadafrente.pt\/selection\/wp-content\/uploads\/2021\/03\/keywords.jpg&#8221; title_text=&#8221;keywords&#8221; disabled_on=&#8221;on|on|off&#8221; _builder_version=&#8221;4.9.0&#8243; _module_preset=&#8221;default&#8221;][\/et_pb_image][\/et_pb_column][\/et_pb_row][et_pb_row column_structure=&#8221;1_3,1_3,1_3&#8243; use_custom_gutter=&#8221;on&#8221; gutter_width=&#8221;2&#8243; _builder_version=&#8221;4.9.0&#8243; _module_preset=&#8221;default&#8221; custom_padding=&#8221;||0px|||&#8221;][et_pb_column type=&#8221;1_3&#8243; _builder_version=&#8221;4.9.0&#8243; _module_preset=&#8221;default&#8221;][et_pb_text _builder_version=&#8221;4.9.0&#8243; _module_preset=&#8221;default&#8221; text_font=&#8221;Montserrat|300|||||||&#8221; text_text_color=&#8221;#c1c1c1&#8243; text_font_size=&#8221;35px&#8221; custom_margin=&#8221;||20px|||&#8221; text_orientation_tablet=&#8221;center&#8221; text_orientation_phone=&#8221;&#8221; text_orientation_last_edited=&#8221;on|phone&#8221; locked=&#8221;off&#8221;]<\/p>\n<p>PT<\/p>\n<p>[\/et_pb_text][et_pb_text _builder_version=&#8221;4.9.0&#8243; _module_preset=&#8221;default&#8221; text_font=&#8221;Raleway||||||||&#8221; text_text_color=&#8221;#000000&#8243; text_font_size=&#8221;18px&#8221; ol_font=&#8221;||||||||&#8221; ol_text_align=&#8221;left&#8221; ol_font_size=&#8221;13px&#8221; ol_line_height=&#8221;1.3em&#8221; text_orientation=&#8221;center&#8221; custom_margin=&#8221;||11px|||&#8221; ol_text_align_tablet=&#8221;center&#8221; ol_text_align_phone=&#8221;&#8221; ol_text_align_last_edited=&#8221;on|phone&#8221;]<\/p>\n<ol start=\"1\" type=\"1\">\n<li class=\"x_MsoListParagraph\" style=\"font-size: 1rem;\"><strong>moradias para venda<\/strong><\/li>\n<li class=\"x_MsoListParagraph\"><span>vistos gold<\/span><\/li>\n<li class=\"x_MsoListParagraph\"><span>moradias em oeiras<\/span><\/li>\n<li class=\"x_MsoListParagraph\"><span>casas em lisboa<\/span><\/li>\n<li class=\"x_MsoListParagraph\"><span>empreendimentos lisboa<\/span><\/li>\n<li class=\"x_MsoListParagraph\"><span>casas a venda em portugal<\/span><\/li>\n<li class=\"x_MsoListParagraph\"><span>casas em cascais<\/span><\/li>\n<li class=\"x_MsoListParagraph\"><span>moradias em cascais<\/span><\/li>\n<li class=\"x_MsoListParagraph\"><span>comprar apartamento em lisboa<\/span><\/li>\n<li class=\"x_MsoListParagraph\"><span>golden visa portugal<\/span><\/li>\n<\/ol>\n<p>[\/et_pb_text][\/et_pb_column][et_pb_column type=&#8221;1_3&#8243; _builder_version=&#8221;4.9.0&#8243; _module_preset=&#8221;default&#8221;][et_pb_text _builder_version=&#8221;4.9.0&#8243; _module_preset=&#8221;default&#8221; text_font=&#8221;Montserrat|300|||||||&#8221; text_text_color=&#8221;#c1c1c1&#8243; text_font_size=&#8221;35px&#8221; custom_margin=&#8221;||20px|||&#8221; text_orientation_tablet=&#8221;center&#8221; text_orientation_phone=&#8221;&#8221; text_orientation_last_edited=&#8221;on|phone&#8221; locked=&#8221;off&#8221;]<\/p>\n<p>EN<\/p>\n<p>[\/et_pb_text][et_pb_text _builder_version=&#8221;4.9.0&#8243; _module_preset=&#8221;default&#8221; text_font=&#8221;Raleway||||||||&#8221; text_text_color=&#8221;#000000&#8243; text_font_size=&#8221;18px&#8221; ol_font=&#8221;||||||||&#8221; ol_text_align=&#8221;left&#8221; ol_font_size=&#8221;13px&#8221; ol_line_height=&#8221;1.3em&#8221; text_orientation=&#8221;center&#8221; custom_margin=&#8221;||11px|||&#8221; ol_text_align_tablet=&#8221;center&#8221; ol_text_align_phone=&#8221;&#8221; ol_text_align_last_edited=&#8221;on|phone&#8221; locked=&#8221;off&#8221;]<\/p>\n<ol start=\"1\" type=\"1\">\n<li class=\"x_p1\"><strong><span lang=\"EN-US\" style=\"font-size:1rem;\">portugal real estate<\/span><\/strong><\/li>\n<li class=\"x_p1\"><span lang=\"EN-US\">homes for sale in portugal<\/span><\/li>\n<li class=\"x_p1\"><span lang=\"EN-US\">portugal real estate for sale<\/span><\/li>\n<li class=\"x_p1\"><span lang=\"EN-US\">apartments for rent in lisbon portugal<\/span><\/li>\n<li class=\"x_p1\"><span lang=\"EN-US\">portugal golden visa 2020<\/span><\/li>\n<li class=\"x_p1\"><span lang=\"EN-US\">lisbon apartments<\/span><\/li>\n<li class=\"x_p1\">real estate in cascais portugal<\/li>\n<li class=\"x_p1\">buying property in portugal<\/li>\n<li class=\"x_p1\"><span lang=\"EN-US\">properties for sale in portugal<\/span><\/li>\n<li class=\"x_p1\"><span lang=\"EN-US\">houses in Estoril Portugal<\/span><\/li>\n<\/ol>\n<p>[\/et_pb_text][\/et_pb_column][et_pb_column type=&#8221;1_3&#8243; _builder_version=&#8221;4.9.0&#8243; _module_preset=&#8221;default&#8221;][et_pb_text _builder_version=&#8221;4.9.0&#8243; _module_preset=&#8221;default&#8221; text_font=&#8221;Montserrat|300|||||||&#8221; text_text_color=&#8221;#c1c1c1&#8243; text_font_size=&#8221;35px&#8221; custom_margin=&#8221;||20px|||&#8221; text_orientation_tablet=&#8221;center&#8221; text_orientation_phone=&#8221;&#8221; text_orientation_last_edited=&#8221;on|phone&#8221; locked=&#8221;off&#8221;]<\/p>\n<p>FR<\/p>\n<p>[\/et_pb_text][et_pb_text _builder_version=&#8221;4.9.0&#8243; _module_preset=&#8221;default&#8221; text_font=&#8221;Raleway||||||||&#8221; text_text_color=&#8221;#000000&#8243; text_font_size=&#8221;18px&#8221; ol_font=&#8221;||||||||&#8221; ol_text_align=&#8221;left&#8221; ol_font_size=&#8221;13px&#8221; ol_line_height=&#8221;1.3em&#8221; text_orientation=&#8221;center&#8221; custom_margin=&#8221;||11px|||&#8221; ol_text_align_tablet=&#8221;center&#8221; ol_text_align_phone=&#8221;&#8221; ol_text_align_last_edited=&#8221;on|phone&#8221; locked=&#8221;off&#8221;]<\/p>\n<ol start=\"1\" type=\"1\">\n<li class=\"x_p1\"><strong><span lang=\"EN-US\" style=\"font-size:1rem;\">immobilier lisbonne<\/span><\/strong><\/li>\n<li class=\"x_p1\"><span lang=\"EN-US\">appartement a vendre lisbonne<\/span><\/li>\n<li class=\"x_p1\">maison a vendre lisbonne<\/li>\n<li class=\"x_p1\">agence immobiliere portugal<\/li>\n<li class=\"x_p1\">maison a vendre portugal<\/li>\n<li class=\"x_p1\"><span lang=\"EN-US\">maison a vendre cascais<\/span><\/li>\n<li class=\"x_p1\"><span lang=\"EN-US\">appartement a vendre a lisbonne<\/span><\/li>\n<li class=\"x_p1\">vente appartement cascais<\/li>\n<li class=\"x_p1\">vivre au portugal<\/li>\n<li class=\"x_p1\">appartement cascais a vendre<\/li>\n<\/ol>\n<p>[\/et_pb_text][\/et_pb_column][\/et_pb_row][et_pb_row _builder_version=&#8221;4.9.0&#8243; _module_preset=&#8221;default&#8221; custom_padding=&#8221;||0px|||&#8221; locked=&#8221;off&#8221;][et_pb_column type=&#8221;4_4&#8243; _builder_version=&#8221;4.9.0&#8243; _module_preset=&#8221;default&#8221;][et_pb_divider color=&#8221;#cccccc&#8221; _builder_version=&#8221;4.9.0&#8243; _module_preset=&#8221;default&#8221;][\/et_pb_divider][\/et_pb_column][\/et_pb_row][et_pb_row _builder_version=&#8221;4.9.0&#8243; _module_preset=&#8221;default&#8221; custom_padding=&#8221;40px||0px|||&#8221; animation_style=&#8221;fade&#8221; border_color_bottom=&#8221;#cccccc&#8221; locked=&#8221;off&#8221;][et_pb_column type=&#8221;4_4&#8243; _builder_version=&#8221;4.9.0&#8243; _module_preset=&#8221;default&#8221;][et_pb_text _builder_version=&#8221;4.9.0&#8243; _module_preset=&#8221;default&#8221; text_font=&#8221;Montserrat|300|||||||&#8221; text_text_color=&#8221;#c1c1c1&#8243; text_font_size=&#8221;48px&#8221; text_orientation=&#8221;center&#8221; custom_padding=&#8221;||4px|||&#8221;]<\/p>\n<p>Social Media<\/p>\n<p>[\/et_pb_text][et_pb_divider color=&#8221;#cccccc&#8221; _builder_version=&#8221;4.9.0&#8243; _module_preset=&#8221;default&#8221; max_width=&#8221;25%&#8221; module_alignment=&#8221;center&#8221; custom_margin=&#8221;||18px|||&#8221; locked=&#8221;off&#8221;][\/et_pb_divider][\/et_pb_column][\/et_pb_row][et_pb_row column_structure=&#8221;2_5,3_5&#8243; _builder_version=&#8221;4.9.0&#8243; _module_preset=&#8221;default&#8221; animation_style=&#8221;flip&#8221; animation_direction=&#8221;left&#8221; locked=&#8221;off&#8221;][et_pb_column type=&#8221;2_5&#8243; _builder_version=&#8221;4.9.0&#8243; _module_preset=&#8221;default&#8221;][et_pb_image src=&#8221;http:\/\/www.portadafrente.pt\/selection\/wp-content\/uploads\/2021\/03\/social.jpg&#8221; title_text=&#8221;social&#8221; align_tablet=&#8221;center&#8221; align_phone=&#8221;&#8221; align_last_edited=&#8221;on|phone&#8221; _builder_version=&#8221;4.9.0&#8243; _module_preset=&#8221;default&#8221; max_height=&#8221;250px&#8221;][\/et_pb_image][et_pb_text _builder_version=&#8221;4.9.0&#8243; _module_preset=&#8221;default&#8221; text_font=&#8221;Raleway||||||||&#8221; text_orientation_tablet=&#8221;center&#8221; text_orientation_phone=&#8221;&#8221; text_orientation_last_edited=&#8221;on|phone&#8221; locked=&#8221;off&#8221;]<\/p>\n<p>Nos publications qui ont g\u00e9n\u00e9r\u00e9 le plus d&#8217;interactions refl\u00e8tent les grandes tendances transversales pour 2020\u00a0: envie d&#8217;\u00e9vasion avec des vid\u00e9os de grandes propri\u00e9t\u00e9s \u00e9loign\u00e9es des centres urbains, envie de maisons avec piscine et jardin et, d&#8217;autre part, l&#8217;inspiration \u00e0 travers les nouveaux projets le long du fleuve et de la mer.<\/p>\n<p>[\/et_pb_text][\/et_pb_column][et_pb_column type=&#8221;3_5&#8243; _builder_version=&#8221;4.9.0&#8243; _module_preset=&#8221;default&#8221;][et_pb_image src=&#8221;http:\/\/www.portadafrente.pt\/selection\/wp-content\/uploads\/2021\/03\/social-media.jpg&#8221; title_text=&#8221;social-media&#8221; _builder_version=&#8221;4.9.0&#8243; _module_preset=&#8221;default&#8221;][\/et_pb_image][\/et_pb_column][\/et_pb_row][et_pb_row column_structure=&#8221;1_4,1_4,1_4,1_4&#8243; use_custom_gutter=&#8221;on&#8221; gutter_width=&#8221;2&#8243; _builder_version=&#8221;4.9.0&#8243; _module_preset=&#8221;default&#8221; custom_padding=&#8221;||25px|||&#8221; animation_style=&#8221;fade&#8221;][et_pb_column type=&#8221;1_4&#8243; _builder_version=&#8221;4.9.0&#8243; _module_preset=&#8221;default&#8221;][et_pb_text _builder_version=&#8221;4.9.0&#8243; _module_preset=&#8221;default&#8221; text_font=&#8221;Montserrat|700|||||||&#8221; text_text_color=&#8221;#000000&#8243; text_font_size=&#8221;25px&#8221; text_orientation=&#8221;center&#8221; custom_margin=&#8221;||12px|||&#8221; hover_enabled=&#8221;0&#8243; min_height_last_edited=&#8221;on|desktop&#8221; min_height=&#8221;50px&#8221; sticky_enabled=&#8221;0&#8243;]<\/p>\n<p>9.515.492<\/p>\n<p>[\/et_pb_text][et_pb_text _builder_version=&#8221;4.9.0&#8243; _module_preset=&#8221;default&#8221; text_font=&#8221;Raleway||||||||&#8221; text_font_size=&#8221;18px&#8221; text_orientation=&#8221;center&#8221; hover_enabled=&#8221;0&#8243; sticky_enabled=&#8221;0&#8243;]<\/p>\n<p>personnes ont vu nos publications en 2020<\/p>\n<p>[\/et_pb_text][\/et_pb_column][et_pb_column type=&#8221;1_4&#8243; _builder_version=&#8221;4.9.0&#8243; _module_preset=&#8221;default&#8221;][et_pb_text _builder_version=&#8221;4.9.0&#8243; _module_preset=&#8221;default&#8221; text_font=&#8221;Montserrat|700|||||||&#8221; text_text_color=&#8221;#000000&#8243; text_font_size=&#8221;24px&#8221; text_orientation=&#8221;center&#8221; custom_margin=&#8221;||12px|||&#8221; hover_enabled=&#8221;0&#8243; locked=&#8221;off&#8221; sticky_enabled=&#8221;0&#8243;]<\/p>\n<p><strong>Une augmentation de 501%<\/strong><\/p>\n<p>[\/et_pb_text][et_pb_text _builder_version=&#8221;4.9.0&#8243; _module_preset=&#8221;default&#8221; text_font=&#8221;Raleway||||||||&#8221; text_font_size=&#8221;18px&#8221; text_orientation=&#8221;center&#8221; hover_enabled=&#8221;0&#8243; locked=&#8221;off&#8221; sticky_enabled=&#8221;0&#8243;]<\/p>\n<p>par rapport \u00e0 l&#8217;ann\u00e9e pr\u00e9c\u00e9dente<\/p>\n<p>[\/et_pb_text][\/et_pb_column][et_pb_column type=&#8221;1_4&#8243; _builder_version=&#8221;4.9.0&#8243; _module_preset=&#8221;default&#8221;][et_pb_text _builder_version=&#8221;4.9.0&#8243; _module_preset=&#8221;default&#8221; text_font=&#8221;Montserrat|700|||||||&#8221; text_text_color=&#8221;#000000&#8243; text_font_size=&#8221;25px&#8221; text_orientation=&#8221;center&#8221; custom_margin=&#8221;||12px|||&#8221; locked=&#8221;off&#8221; min_height=&#8221;50px&#8221; min_height_last_edited=&#8221;on|desktop&#8221;]<\/p>\n<p>257.833<\/p>\n<p>[\/et_pb_text][et_pb_text _builder_version=&#8221;4.9.0&#8243; _module_preset=&#8221;default&#8221; text_font=&#8221;Raleway||||||||&#8221; text_font_size=&#8221;18px&#8221; text_orientation=&#8221;center&#8221; hover_enabled=&#8221;0&#8243; locked=&#8221;off&#8221; sticky_enabled=&#8221;0&#8243;]<\/p>\n<p>clics sur les liens<\/p>\n<p>[\/et_pb_text][\/et_pb_column][et_pb_column type=&#8221;1_4&#8243; _builder_version=&#8221;4.9.0&#8243; _module_preset=&#8221;default&#8221;][et_pb_text _builder_version=&#8221;4.9.0&#8243; _module_preset=&#8221;default&#8221; text_font=&#8221;Montserrat|700|||||||&#8221; text_text_color=&#8221;#000000&#8243; text_font_size=&#8221;25px&#8221; text_orientation=&#8221;center&#8221; custom_margin=&#8221;||12px|||&#8221; locked=&#8221;off&#8221; min_height=&#8221;50px&#8221; min_height_last_edited=&#8221;on|desktop&#8221;]<\/p>\n<p><b>4.394<\/b><\/p>\n<p>[\/et_pb_text][et_pb_text _builder_version=&#8221;4.9.0&#8243; _module_preset=&#8221;default&#8221; text_font=&#8221;Raleway||||||||&#8221; text_font_size=&#8221;18px&#8221; text_orientation=&#8221;center&#8221; hover_enabled=&#8221;0&#8243; locked=&#8221;off&#8221; sticky_enabled=&#8221;0&#8243;]<\/p>\n<p>partages<\/p>\n<p>[\/et_pb_text][\/et_pb_column][\/et_pb_row][et_pb_row _builder_version=&#8221;4.9.0&#8243; _module_preset=&#8221;default&#8221; custom_padding=&#8221;||0px|||&#8221; locked=&#8221;off&#8221;][et_pb_column type=&#8221;4_4&#8243; _builder_version=&#8221;4.9.0&#8243; _module_preset=&#8221;default&#8221;][et_pb_divider color=&#8221;#cccccc&#8221; _builder_version=&#8221;4.9.0&#8243; _module_preset=&#8221;default&#8221;][\/et_pb_divider][\/et_pb_column][\/et_pb_row][et_pb_row _builder_version=&#8221;4.9.0&#8243; _module_preset=&#8221;default&#8221; custom_padding=&#8221;||0px|||&#8221; animation_style=&#8221;fade&#8221; border_color_bottom=&#8221;#cccccc&#8221; locked=&#8221;off&#8221;][et_pb_column type=&#8221;4_4&#8243; _builder_version=&#8221;4.9.0&#8243; _module_preset=&#8221;default&#8221;][et_pb_text _builder_version=&#8221;4.9.0&#8243; _module_preset=&#8221;default&#8221; text_font=&#8221;Montserrat|300|||||||&#8221; text_text_color=&#8221;#c1c1c1&#8243; text_font_size=&#8221;48px&#8221; text_orientation=&#8221;center&#8221; custom_padding=&#8221;||4px|||&#8221; hover_enabled=&#8221;0&#8243; sticky_enabled=&#8221;0&#8243;]<\/p>\n<p><i class=\"fab fa-youtube\"><\/i> YouTube et Webinars<\/p>\n<p>[\/et_pb_text][et_pb_divider color=&#8221;#cccccc&#8221; _builder_version=&#8221;4.9.0&#8243; _module_preset=&#8221;default&#8221; max_width=&#8221;25%&#8221; module_alignment=&#8221;center&#8221; custom_margin=&#8221;||18px|||&#8221; locked=&#8221;off&#8221;][\/et_pb_divider][\/et_pb_column][\/et_pb_row][et_pb_row _builder_version=&#8221;4.9.0&#8243; _module_preset=&#8221;default&#8221; custom_padding=&#8221;7px|||||&#8221; animation_style=&#8221;bounce&#8221; animation_direction=&#8221;bottom&#8221;][et_pb_column type=&#8221;4_4&#8243; _builder_version=&#8221;4.9.0&#8243; _module_preset=&#8221;default&#8221;][et_pb_text _builder_version=&#8221;4.9.0&#8243; _module_preset=&#8221;default&#8221; text_orientation=&#8221;center&#8221; max_width=&#8221;90%&#8221; max_width_tablet=&#8221;100%&#8221; max_width_phone=&#8221;&#8221; max_width_last_edited=&#8221;on|phone&#8221; module_alignment=&#8221;center&#8221; hover_enabled=&#8221;0&#8243; locked=&#8221;off&#8221; sticky_enabled=&#8221;0&#8243;]<\/p>\n<p>En 2020, nous avons organis\u00e9 plusieurs webinaires sur le march\u00e9 immobilier. Nous avons montr\u00e9 des maisons de r\u00eave et partag\u00e9 les t\u00e9moignages de clients internationaux tr\u00e8s sp\u00e9ciaux. D\u00e9couvrez ci-dessous nos deux principaux temps forts sur YouTube en 2020:<\/p>\n<p>[\/et_pb_text][\/et_pb_column][\/et_pb_row][et_pb_row column_structure=&#8221;1_2,1_2&#8243; _builder_version=&#8221;4.9.0&#8243; _module_preset=&#8221;default&#8221; animation_style=&#8221;flip&#8221; animation_direction=&#8221;bottom&#8221; locked=&#8221;off&#8221;][et_pb_column type=&#8221;1_2&#8243; _builder_version=&#8221;4.9.0&#8243; _module_preset=&#8221;default&#8221;][et_pb_image src=&#8221;http:\/\/www.portadafrente.pt\/selection\/wp-content\/uploads\/2021\/03\/logo-stories.png&#8221; title_text=&#8221;logo-stories&#8221; align=&#8221;center&#8221; _builder_version=&#8221;4.9.0&#8243; _module_preset=&#8221;default&#8221; max_height=&#8221;120px&#8221;][\/et_pb_image][et_pb_video src=&#8221;https:\/\/www.youtube.com\/watch?v=Soq3nOa1ZDI&#8221; play_icon_color=&#8221;#660024&#8243; use_icon_font_size=&#8221;on&#8221; icon_font_size=&#8221;120px&#8221; _builder_version=&#8221;4.9.0&#8243; _module_preset=&#8221;default&#8221;][\/et_pb_video][et_pb_text _builder_version=&#8221;4.9.0&#8243; _module_preset=&#8221;default&#8221; text_font=&#8221;Montserrat|700|||||||&#8221; text_text_color=&#8221;#000000&#8243; text_font_size=&#8221;30px&#8221; text_orientation=&#8221;center&#8221; custom_margin=&#8221;||12px|||&#8221; locked=&#8221;off&#8221;]<\/p>\n<p><span>27.461<\/span><\/p>\n<p>[\/et_pb_text][et_pb_text _builder_version=&#8221;4.9.0&#8243; _module_preset=&#8221;default&#8221; text_font=&#8221;Raleway||||||||&#8221; text_text_color=&#8221;#000000&#8243; text_font_size=&#8221;18px&#8221; text_orientation=&#8221;center&#8221; locked=&#8221;off&#8221;]<\/p>\n<p>views<\/p>\n<p>[\/et_pb_text][et_pb_divider color=&#8221;#cccccc&#8221; _builder_version=&#8221;4.9.0&#8243; _module_preset=&#8221;default&#8221; max_width=&#8221;25%&#8221; module_alignment=&#8221;center&#8221; custom_margin=&#8221;||10px|||&#8221; locked=&#8221;off&#8221;][\/et_pb_divider][et_pb_text _builder_version=&#8221;4.9.0&#8243; _module_preset=&#8221;default&#8221; text_font=&#8221;Raleway||||||||&#8221; text_font_size=&#8221;16px&#8221; text_orientation=&#8221;center&#8221; max_width=&#8221;65%&#8221; module_alignment=&#8221;center&#8221;]<\/p>\n<p>Des histoires inspirantes de couples qui sont tomb\u00e9s amoureux du Portugal et ont chang\u00e9 de pays pour venir s&#8217;installer ici.<\/p>\n<p>[\/et_pb_text][\/et_pb_column][et_pb_column type=&#8221;1_2&#8243; _builder_version=&#8221;4.9.0&#8243; _module_preset=&#8221;default&#8221;][et_pb_image src=&#8221;http:\/\/www.portadafrente.pt\/selection\/wp-content\/uploads\/2021\/03\/webinar.png&#8221; title_text=&#8221;webinar&#8221; align=&#8221;center&#8221; _builder_version=&#8221;4.9.0&#8243; _module_preset=&#8221;default&#8221; max_height=&#8221;120px&#8221; locked=&#8221;off&#8221;][\/et_pb_image][et_pb_video src=&#8221;https:\/\/www.youtube.com\/watch?v=cHvlSGPxKFg&#8221; play_icon_color=&#8221;#660024&#8243; use_icon_font_size=&#8221;on&#8221; icon_font_size=&#8221;120px&#8221; _builder_version=&#8221;4.9.0&#8243; _module_preset=&#8221;default&#8221;][\/et_pb_video][et_pb_text _builder_version=&#8221;4.9.0&#8243; _module_preset=&#8221;default&#8221; text_font=&#8221;Montserrat|700|||||||&#8221; text_text_color=&#8221;#000000&#8243; text_font_size=&#8221;30px&#8221; text_orientation=&#8221;center&#8221; custom_margin=&#8221;||12px|||&#8221; locked=&#8221;off&#8221;]<\/p>\n<p><span>1.122<\/span><\/p>\n<p>[\/et_pb_text][et_pb_text _builder_version=&#8221;4.9.0&#8243; _module_preset=&#8221;default&#8221; text_font=&#8221;Raleway||||||||&#8221; text_text_color=&#8221;#000000&#8243; text_font_size=&#8221;18px&#8221; text_orientation=&#8221;center&#8221; locked=&#8221;off&#8221;]<\/p>\n<p>views<\/p>\n<p>[\/et_pb_text][et_pb_divider color=&#8221;#cccccc&#8221; _builder_version=&#8221;4.9.0&#8243; _module_preset=&#8221;default&#8221; max_width=&#8221;25%&#8221; module_alignment=&#8221;center&#8221; custom_margin=&#8221;||10px|||&#8221; locked=&#8221;off&#8221;][\/et_pb_divider][et_pb_text _builder_version=&#8221;4.9.0&#8243; _module_preset=&#8221;default&#8221; text_font=&#8221;Raleway||||||||&#8221; text_font_size=&#8221;16px&#8221; text_orientation=&#8221;center&#8221; max_width=&#8221;90%&#8221; module_alignment=&#8221;center&#8221; locked=&#8221;off&#8221;]<\/p>\n<p>La s\u00e9rie le \u00ab\u00a0March\u00e9 immobilier au Portugal en p\u00e9riode de pand\u00e9mie\u00a0\u00bb a recueilli des milliers de vues et de nombreuses personnes souhaitaient en savoir plus \u00e0 ce sujet.<\/p>\n<p>[\/et_pb_text][\/et_pb_column][\/et_pb_row][\/et_pb_section][et_pb_section fb_built=&#8221;1&#8243; module_id=&#8221;tendencias&#8221; _builder_version=&#8221;4.9.0&#8243; _module_preset=&#8221;default&#8221; background_color=&#8221;#f6f6f6&#8243; box_shadow_style=&#8221;preset6&#8243; box_shadow_vertical=&#8221;2px&#8221; box_shadow_blur=&#8221;7px&#8221; box_shadow_color=&#8221;rgba(0,0,0,0.2)&#8221; locked=&#8221;off&#8221;][et_pb_row _builder_version=&#8221;4.9.0&#8243; _module_preset=&#8221;default&#8221; animation_style=&#8221;fold&#8221; animation_direction=&#8221;top&#8221; locked=&#8221;off&#8221;][et_pb_column type=&#8221;4_4&#8243; _builder_version=&#8221;4.9.0&#8243; _module_preset=&#8221;default&#8221;][et_pb_text _builder_version=&#8221;4.9.0&#8243; _module_preset=&#8221;default&#8221; text_font=&#8221;Montserrat|700|||||||&#8221; text_text_color=&#8221;#000000&#8243; text_line_height=&#8221;2em&#8221; hover_enabled=&#8221;0&#8243; text_orientation_tablet=&#8221;center&#8221; text_orientation_phone=&#8221;&#8221; text_orientation_last_edited=&#8221;on|desktop&#8221; sticky_enabled=&#8221;0&#8243;]<span class=\"number-size\">Tendances<\/span>[\/et_pb_text][\/et_pb_column][\/et_pb_row][et_pb_row column_structure=&#8221;1_3,2_3&#8243; _builder_version=&#8221;4.9.0&#8243; _module_preset=&#8221;default&#8221; animation_style=&#8221;flip&#8221; animation_direction=&#8221;right&#8221; animation_duration=&#8221;750ms&#8221;][et_pb_column type=&#8221;1_3&#8243; _builder_version=&#8221;4.9.0&#8243; _module_preset=&#8221;default&#8221;][et_pb_image src=&#8221;http:\/\/www.portadafrente.pt\/selection\/wp-content\/uploads\/2020\/05\/fotos_0011_pf20622-cover.jpg&#8221; title_text=&#8221;fotos_0011_pf20622-cover&#8221; _builder_version=&#8221;4.9.0&#8243; _module_preset=&#8221;default&#8221; border_radii=&#8221;on|20px|20px|20px|20px&#8221; locked=&#8221;off&#8221;][\/et_pb_image][\/et_pb_column][et_pb_column type=&#8221;2_3&#8243; _builder_version=&#8221;4.9.0&#8243; _module_preset=&#8221;default&#8221;][et_pb_text _builder_version=&#8221;4.9.0&#8243; text_font=&#8221;Raleway||||||||&#8221; text_text_color=&#8221;#000000&#8243; text_font_size=&#8221;16px&#8221; header_font=&#8221;Montserrat|600|||||||&#8221; header_text_align=&#8221;left&#8221; header_text_color=&#8221;#660024&#8243; header_font_size=&#8221;24px&#8221; header_line_height=&#8221;1.3em&#8221; custom_margin=&#8221;||||false|false&#8221; animation_direction=&#8221;bottom&#8221; hover_enabled=&#8221;0&#8243; header_text_align_tablet=&#8221;center&#8221; header_text_align_phone=&#8221;&#8221; header_text_align_last_edited=&#8221;on|phone&#8221; text_orientation_tablet=&#8221;center&#8221; text_orientation_phone=&#8221;&#8221; text_orientation_last_edited=&#8221;on|phone&#8221; locked=&#8221;off&#8221; sticky_enabled=&#8221;0&#8243;]<\/p>\n<h1><strong>Domaines, fermes et propri\u00e9t\u00e9s rurales\u00a0: intimit\u00e9 et tranquillit\u00e9<\/strong><\/h1>\n<p>L&#8217;intimit\u00e9 et la tranquillit\u00e9 n&#8217;ont jamais \u00e9t\u00e9 aussi importantes qu&#8217;aujourd&#8217;hui. \u00c0 moins d&#8217;une heure de Lisbonne, vous pouvez profiter d&#8217;une vie plus paisible et plus proche de la nature, sans n\u00e9gliger l&#8217;excellence de ces biens exceptionnels, tels que les propri\u00e9t\u00e9s rurales, les fermes, les domaines et les grandes propri\u00e9t\u00e9s.<\/p>\n<p>[\/et_pb_text][et_pb_image src=&#8221;http:\/\/www.portadafrente.pt\/selection\/wp-content\/uploads\/2021\/03\/botao_infogeral.png&#8221; title_text=&#8221;botao_infogeral&#8221; url=&#8221;https:\/\/www.portadafrente.pt\/selection\/les-meilleures-proprietes-en-dehors-des-grands-centres\/&#8221; url_new_window=&#8221;on&#8221; align_tablet=&#8221;center&#8221; align_phone=&#8221;&#8221; align_last_edited=&#8221;on|phone&#8221; _builder_version=&#8221;4.9.0&#8243; _module_preset=&#8221;default&#8221; max_width=&#8221;50%&#8221; module_alignment=&#8221;left&#8221; max_height=&#8221;40px&#8221; hover_enabled=&#8221;0&#8243; module_alignment_tablet=&#8221;center&#8221; module_alignment_phone=&#8221;center&#8221; module_alignment_last_edited=&#8221;on|phone&#8221; border_radii=&#8221;on|40px|40px|40px|40px&#8221; locked=&#8221;off&#8221; sticky_enabled=&#8221;0&#8243;][\/et_pb_image][\/et_pb_column][\/et_pb_row][et_pb_row column_structure=&#8221;1_3,2_3&#8243; _builder_version=&#8221;4.9.0&#8243; _module_preset=&#8221;default&#8221; animation_style=&#8221;flip&#8221; animation_direction=&#8221;right&#8221; animation_duration=&#8221;750ms&#8221;][et_pb_column type=&#8221;1_3&#8243; _builder_version=&#8221;4.9.0&#8243; _module_preset=&#8221;default&#8221;][et_pb_image src=&#8221;http:\/\/www.portadafrente.pt\/selection\/wp-content\/uploads\/2021\/03\/pf18568-moradia-t4-leiria-7f5ca09b-8166-48cf-bfd2-4765d09bbcd2-1024&#215;691-1.jpg&#8221; title_text=&#8221;pf18568-moradia-t4-leiria-7f5ca09b-8166-48cf-bfd2-4765d09bbcd2-1024&#215;691&#8243; _builder_version=&#8221;4.9.0&#8243; _module_preset=&#8221;default&#8221; border_radii=&#8221;on|20px|20px|20px|20px&#8221; locked=&#8221;off&#8221;][\/et_pb_image][\/et_pb_column][et_pb_column type=&#8221;2_3&#8243; _builder_version=&#8221;4.9.0&#8243; _module_preset=&#8221;default&#8221;][et_pb_text _builder_version=&#8221;4.9.0&#8243; text_font=&#8221;Raleway||||||||&#8221; text_text_color=&#8221;#000000&#8243; text_font_size=&#8221;16px&#8221; header_font=&#8221;Montserrat|600|||||||&#8221; header_text_align=&#8221;left&#8221; header_text_color=&#8221;#660024&#8243; header_font_size=&#8221;24px&#8221; header_line_height=&#8221;1.3em&#8221; custom_margin=&#8221;||||false|false&#8221; animation_direction=&#8221;bottom&#8221; hover_enabled=&#8221;0&#8243; header_text_align_tablet=&#8221;center&#8221; header_text_align_phone=&#8221;&#8221; header_text_align_last_edited=&#8221;on|phone&#8221; text_orientation_tablet=&#8221;center&#8221; text_orientation_phone=&#8221;&#8221; text_orientation_last_edited=&#8221;on|phone&#8221; locked=&#8221;off&#8221; sticky_enabled=&#8221;0&#8243;]<\/p>\n<h1>Plus d&#8217;espace\u00a0: des jardins et de grandes surfaces<\/h1>\n<p>Notre maison a assum\u00e9 le r\u00f4le principal au cours de l&#8217;ann\u00e9e \u00e9coul\u00e9e, nous obligeant \u00e0 regarder tous les espaces au quotidien et \u00e0 r\u00eaver du monde ext\u00e9rieur. Les jardins, les balcons spacieux et les espaces int\u00e9rieurs g\u00e9n\u00e9reux sont d\u00e9sormais les principales exigences de tous ceux qui veulent acheter un bien.<\/p>\n<p>[\/et_pb_text][et_pb_image src=&#8221;http:\/\/www.portadafrente.pt\/selection\/wp-content\/uploads\/2021\/03\/botao_infogeral.png&#8221; title_text=&#8221;botao_infogeral&#8221; url=&#8221;https:\/\/www.portadafrente.com\/fr\/immeubles\/?business-type=sale&#038;search-categ=villa&#038;search-counties=cascais&#038;search-counties=lisboa&#038;search-counties=oeiras&#038;search-price-min=1500000&#038;search-price-max=&#038;search-rooms=4&#038;search-status=&#038;search-code=&#038;search-order=area_desc#redirect_landing&#8221; url_new_window=&#8221;on&#8221; align_tablet=&#8221;center&#8221; align_phone=&#8221;&#8221; align_last_edited=&#8221;on|phone&#8221; _builder_version=&#8221;4.9.0&#8243; _module_preset=&#8221;default&#8221; max_width=&#8221;50%&#8221; module_alignment=&#8221;left&#8221; max_height=&#8221;40px&#8221; hover_enabled=&#8221;0&#8243; module_alignment_tablet=&#8221;center&#8221; module_alignment_phone=&#8221;center&#8221; module_alignment_last_edited=&#8221;on|phone&#8221; border_radii=&#8221;on|40px|40px|40px|40px&#8221; locked=&#8221;off&#8221; sticky_enabled=&#8221;0&#8243;][\/et_pb_image][\/et_pb_column][\/et_pb_row][et_pb_row column_structure=&#8221;1_3,2_3&#8243; _builder_version=&#8221;4.9.0&#8243; _module_preset=&#8221;default&#8221; animation_style=&#8221;flip&#8221; animation_direction=&#8221;right&#8221; animation_duration=&#8221;750ms&#8221;][et_pb_column type=&#8221;1_3&#8243; _builder_version=&#8221;4.9.0&#8243; _module_preset=&#8221;default&#8221;][et_pb_image src=&#8221;http:\/\/www.portadafrente.pt\/selection\/wp-content\/uploads\/2021\/03\/troia.jpg&#8221; title_text=&#8221;Landscape,View,Of,The,Perfect,White,Sandy,Beach,With,Breaking&#8221; _builder_version=&#8221;4.9.0&#8243; _module_preset=&#8221;default&#8221; border_radii=&#8221;on|20px|20px|20px|20px&#8221; locked=&#8221;off&#8221;][\/et_pb_image][\/et_pb_column][et_pb_column type=&#8221;2_3&#8243; _builder_version=&#8221;4.9.0&#8243; _module_preset=&#8221;default&#8221;][et_pb_text _builder_version=&#8221;4.9.0&#8243; text_font=&#8221;Raleway||||||||&#8221; text_text_color=&#8221;#000000&#8243; text_font_size=&#8221;16px&#8221; header_font=&#8221;Montserrat|600|||||||&#8221; header_text_align=&#8221;left&#8221; header_text_color=&#8221;#660024&#8243; header_font_size=&#8221;24px&#8221; header_line_height=&#8221;1.3em&#8221; custom_margin=&#8221;||||false|false&#8221; animation_direction=&#8221;bottom&#8221; hover_enabled=&#8221;0&#8243; header_text_align_tablet=&#8221;center&#8221; header_text_align_phone=&#8221;&#8221; header_text_align_last_edited=&#8221;on|phone&#8221; text_orientation_tablet=&#8221;center&#8221; text_orientation_phone=&#8221;&#8221; text_orientation_last_edited=&#8221;on|phone&#8221; locked=&#8221;off&#8221; sticky_enabled=&#8221;0&#8243;]<\/p>\n<h1>La c\u00f4te d&#8217;Alentejo<\/h1>\n<p>La r\u00e9gion de Tr\u00f3ia et la c\u00f4te d&#8217;Alentejo <em>Costa Vicentina<\/em> sont les plus pris\u00e9es en 2020, avec une croissance exponentielle de clients int\u00e9ress\u00e9s par ce type de biens. Ces r\u00e9gions sont connues pour leurs belles plages de sable, la nature \u00e0 l&#8217;\u00e9tat pur et un climat accueillant, vous permettant d&#8217;y vivre chaque jour de mani\u00e8re inoubliable.<\/p>\n<p>[\/et_pb_text][et_pb_image src=&#8221;http:\/\/www.portadafrente.pt\/selection\/wp-content\/uploads\/2021\/03\/botao_infogeral.png&#8221; title_text=&#8221;botao_infogeral&#8221; url=&#8221;https:\/\/www.portadafrente.pt\/selection\/troia-et-comporta\/&#8221; url_new_window=&#8221;on&#8221; align_tablet=&#8221;center&#8221; align_phone=&#8221;&#8221; align_last_edited=&#8221;on|phone&#8221; _builder_version=&#8221;4.9.0&#8243; _module_preset=&#8221;default&#8221; max_width=&#8221;50%&#8221; module_alignment=&#8221;left&#8221; max_height=&#8221;40px&#8221; hover_enabled=&#8221;0&#8243; module_alignment_tablet=&#8221;center&#8221; module_alignment_phone=&#8221;center&#8221; module_alignment_last_edited=&#8221;on|phone&#8221; border_radii=&#8221;on|40px|40px|40px|40px&#8221; locked=&#8221;off&#8221; sticky_enabled=&#8221;0&#8243;][\/et_pb_image][\/et_pb_column][\/et_pb_row][et_pb_row column_structure=&#8221;1_3,2_3&#8243; _builder_version=&#8221;4.9.0&#8243; _module_preset=&#8221;default&#8221; animation_style=&#8221;flip&#8221; animation_direction=&#8221;right&#8221; animation_duration=&#8221;750ms&#8221;][et_pb_column type=&#8221;1_3&#8243; _builder_version=&#8221;4.9.0&#8243; _module_preset=&#8221;default&#8221;][et_pb_image src=&#8221;http:\/\/www.portadafrente.pt\/selection\/wp-content\/uploads\/2021\/03\/lisboa.jpg&#8221; title_text=&#8221;Lisbon, Portugal Skyline&#8221; _builder_version=&#8221;4.9.0&#8243; _module_preset=&#8221;default&#8221; border_radii=&#8221;on|20px|20px|20px|20px&#8221; locked=&#8221;off&#8221;][\/et_pb_image][\/et_pb_column][et_pb_column type=&#8221;2_3&#8243; _builder_version=&#8221;4.9.0&#8243; _module_preset=&#8221;default&#8221;][et_pb_text _builder_version=&#8221;4.9.0&#8243; text_font=&#8221;Raleway||||||||&#8221; text_text_color=&#8221;#000000&#8243; text_font_size=&#8221;16px&#8221; header_font=&#8221;Montserrat|600|||||||&#8221; header_text_align=&#8221;left&#8221; header_text_color=&#8221;#660024&#8243; header_font_size=&#8221;24px&#8221; header_line_height=&#8221;1.3em&#8221; custom_margin=&#8221;||||false|false&#8221; animation_direction=&#8221;bottom&#8221; hover_enabled=&#8221;0&#8243; header_text_align_tablet=&#8221;center&#8221; header_text_align_phone=&#8221;&#8221; header_text_align_last_edited=&#8221;on|phone&#8221; text_orientation_tablet=&#8221;center&#8221; text_orientation_phone=&#8221;&#8221; text_orientation_last_edited=&#8221;on|phone&#8221; locked=&#8221;off&#8221; sticky_enabled=&#8221;0&#8243;]<\/p>\n<h1>Pr\u00e9sence du client national<\/h1>\n<p>En 2020, les Portugais se sont r\u00e9v\u00e9l\u00e9s \u00eatre les principaux int\u00e9ress\u00e9s par le segment immobilier moyen \/ haut de gamme, montrant qu&#8217;il y a encore une force \u00e9conomique dans le pays et un march\u00e9 potentiel \u00e0 d\u00e9velopper. En ce qui concerne ses pr\u00e9f\u00e9rences, le client national privil\u00e9gie les quartiers les plus traditionnels de la capitale Lisbonne.<\/p>\n<p>[\/et_pb_text][et_pb_image src=&#8221;http:\/\/www.portadafrente.pt\/selection\/wp-content\/uploads\/2021\/03\/botao_infogeral.png&#8221; title_text=&#8221;botao_infogeral&#8221; url=&#8221;https:\/\/www.portadafrente.com\/fr\/immeubles\/&#8221; url_new_window=&#8221;on&#8221; align_tablet=&#8221;center&#8221; align_phone=&#8221;&#8221; align_last_edited=&#8221;on|phone&#8221; _builder_version=&#8221;4.9.0&#8243; _module_preset=&#8221;default&#8221; max_width=&#8221;50%&#8221; module_alignment=&#8221;left&#8221; max_height=&#8221;40px&#8221; hover_enabled=&#8221;0&#8243; module_alignment_tablet=&#8221;center&#8221; module_alignment_phone=&#8221;center&#8221; module_alignment_last_edited=&#8221;on|phone&#8221; border_radii=&#8221;on|40px|40px|40px|40px&#8221; locked=&#8221;off&#8221; sticky_enabled=&#8221;0&#8243;][\/et_pb_image][\/et_pb_column][\/et_pb_row][et_pb_row _builder_version=&#8221;4.9.0&#8243; _module_preset=&#8221;default&#8221; custom_padding=&#8221;||0px|||&#8221; locked=&#8221;off&#8221;][et_pb_column type=&#8221;4_4&#8243; _builder_version=&#8221;4.9.0&#8243; _module_preset=&#8221;default&#8221;][et_pb_divider color=&#8221;#cccccc&#8221; _builder_version=&#8221;4.9.0&#8243; _module_preset=&#8221;default&#8221;][\/et_pb_divider][\/et_pb_column][\/et_pb_row][et_pb_row _builder_version=&#8221;4.4.6&#8243; custom_padding=&#8221;||29px|||&#8221; locked=&#8221;off&#8221;][et_pb_column type=&#8221;4_4&#8243; _builder_version=&#8221;4.4.6&#8243;][et_pb_image src=&#8221;http:\/\/portadafrente.pt\/selection\/wp-content\/uploads\/2020\/05\/pf360.png&#8221; title_text=&#8221;pf360&#8243; align=&#8221;center&#8221; _builder_version=&#8221;4.4.6&#8243; custom_margin=&#8221;||12px|||&#8221;][\/et_pb_image][et_pb_text _builder_version=&#8221;4.9.0&#8243; text_text_color=&#8221;#000000&#8243; text_font_size=&#8221;16px&#8221; text_orientation=&#8221;center&#8221; hover_enabled=&#8221;0&#8243; sticky_enabled=&#8221;0&#8243;]<\/p>\n<p><strong>Ouvrez notre porte dans n&#8217;importe quelle direction<\/strong><\/p>\n<p>[\/et_pb_text][\/et_pb_column][\/et_pb_row][et_pb_row column_structure=&#8221;1_4,1_4,1_4,1_4&#8243; use_custom_gutter=&#8221;on&#8221; module_id=&#8221;pf360-module&#8221; _builder_version=&#8221;4.4.6&#8243; max_width=&#8221;56%&#8221; max_width_tablet=&#8221;80%&#8221; max_width_phone=&#8221;&#8221; max_width_last_edited=&#8221;on|desktop&#8221; custom_margin=&#8221;||30px||false|false&#8221; custom_padding=&#8221;0px||0px|||&#8221; animation_style=&#8221;fade&#8221; animation_direction=&#8221;top&#8221; locked=&#8221;off&#8221;][et_pb_column type=&#8221;1_4&#8243; _builder_version=&#8221;4.4.6&#8243;][et_pb_code _builder_version=&#8221;4.4.6&#8243;]<svg xmlns=\"http:\/\/www.w3.org\/2000\/svg\" viewBox=\"0 0 200 200\"><!-- [et_pb_line_break_holder] --><g class=\"pf360-btn\"><!-- [et_pb_line_break_holder] --><!-- [et_pb_line_break_holder] --><!--email_off--><a href=\"mailto:info@portadafrente.pt\" onclick=\"dataLayer.push({'event': 'conversion'});\"><!-- [et_pb_line_break_holder] --><rect class=\"pf360-bg-icon\" width=\"200\" height=\"200\"><\/rect><!-- [et_pb_line_break_holder] --><path class=\"pf360-icon\" d=\"M138.59,64.38H61.41a8.9,8.9,0,0,0-8.91,8.9v53.44a8.91,8.91,0,0,0,8.91,8.91h77.18a8.91,8.91,0,0,0,8.91-8.91V73.28A8.9,8.9,0,0,0,138.59,64.38Zm0,8.9v7.57c-4.16,3.39-10.79,8.66-25,19.76-3.12,2.46-9.31,8.36-13.62,8.3s-10.5-5.84-13.62-8.3c-14.18-11.1-20.81-16.37-25-19.76V73.28ZM61.41,126.72V92.28c4.25,3.39,10.28,8.14,19.47,15.34C84.93,110.81,92,117.86,100,117.81s14.94-6.9,19.12-10.19c9.19-7.2,15.22-12,19.47-15.34v34.44Z\"><\/path><!-- [et_pb_line_break_holder] --><text class=\"pf360-icon-label\" transform=\"translate(80 190)\">E-MAIL<\/text><!-- [et_pb_line_break_holder] --><\/a><!--\/email_off--><!-- [et_pb_line_break_holder] --><!-- [et_pb_line_break_holder] --><\/g><!-- [et_pb_line_break_holder] --><\/svg>[\/et_pb_code][\/et_pb_column][et_pb_column type=&#8221;1_4&#8243; _builder_version=&#8221;4.4.6&#8243;][et_pb_code _builder_version=&#8221;4.9.0&#8243;]<svg xmlns=\"http:\/\/www.w3.org\/2000\/svg\" viewBox=\"0 0 200 200\"><!-- [et_pb_line_break_holder] --><g class=\"pf360-btn\"><!-- [et_pb_line_break_holder] --><a class=\" pf360-phone-btn\" href=\"tel:+351211165770\" onclick=\"dataLayer.push({'event': 'conversion'});\"><!-- [et_pb_line_break_holder] --><rect class=\"pf360-bg-icon\" width=\"200\" height=\"200\"><\/rect><!-- [et_pb_line_break_holder] --><path class=\"pf360-icon\" d=\"M119.69,55H80.31a8.43,8.43,0,0,0-8.43,8.44v73.12A8.43,8.43,0,0,0,80.31,145h39.38a8.44,8.44,0,0,0,8.44-8.44V63.44A8.44,8.44,0,0,0,119.69,55ZM100,139.38a5.63,5.63,0,1,1,5.63-5.63A5.62,5.62,0,0,1,100,139.38Zm19.69-19a2.12,2.12,0,0,1-2.11,2.11H82.42a2.12,2.12,0,0,1-2.11-2.11V65.55a2.12,2.12,0,0,1,2.11-2.11h35.16a2.12,2.12,0,0,1,2.11,2.11Z\"><\/path><!-- [et_pb_line_break_holder] --><text class=\"pf360-icon-label\" transform=\"translate(65 190)\">T\u00c9L\u00c9PHONE<\/text><!-- [et_pb_line_break_holder] --><\/a><!-- [et_pb_line_break_holder] --><\/g><!-- [et_pb_line_break_holder] --><\/svg>[\/et_pb_code][\/et_pb_column][et_pb_column type=&#8221;1_4&#8243; _builder_version=&#8221;4.4.6&#8243;][et_pb_code _builder_version=&#8221;4.4.6&#8243;]<svg xmlns=\"http:\/\/www.w3.org\/2000\/svg\" viewBox=\"0 0 200 200\"><!-- [et_pb_line_break_holder] --><g class=\"pf360-btn\"><!-- [et_pb_line_break_holder] --><a href=\"http:\/\/wppredirect.tk\/go\/?p=351939880030&#038;m=\" target=\"_blank\" rel=\"noopener noreferrer\" onclick=\"dataLayer.push({'event': 'conversion'});\"><!-- [et_pb_line_break_holder] --><rect class=\"pf360-bg-icon\" width=\"200\" height=\"200\"><\/rect><!-- [et_pb_line_break_holder] --><path class=\"pf360-icon\" d=\"M131.52,68.08A44.61,44.61,0,0,0,61.33,121.9L55,145l23.65-6.21A44.39,44.39,0,0,0,100,144.22h0c24.57,0,45-20,45-44.6A44.77,44.77,0,0,0,131.52,68.08ZM100,136.7a36.92,36.92,0,0,1-18.88-5.16l-1.35-.8-14,3.67,3.73-13.68-.88-1.4a37.14,37.14,0,1,1,68.89-19.71C137.47,120.07,120.41,136.7,100,136.7Zm20.33-27.76c-1.1-.56-6.59-3.25-7.61-3.62s-1.77-.56-2.51.57-2.88,3.61-3.54,4.38-1.31.84-2.41.28c-6.55-3.28-10.85-5.85-15.17-13.26-1.14-2,1.15-1.83,3.28-6.09a2.08,2.08,0,0,0-.1-2c-.29-.56-2.52-6-3.44-8.27S87,79.11,86.3,79.07s-1.39,0-2.13,0a4.13,4.13,0,0,0-3,1.38,12.52,12.52,0,0,0-3.9,9.3c0,5.49,4,10.79,4.54,11.54s7.85,12,19,16.83c7.08,3,9.85,3.32,13.38,2.79,2.15-.32,6.59-2.69,7.52-5.3s.92-4.84.64-5.3S121.42,109.48,120.31,108.94Z\"><\/path><!-- [et_pb_line_break_holder] --><text class=\"pf360-icon-label\" transform=\"translate(70 190)\">WHATSAPP<\/text><!-- [et_pb_line_break_holder] --><\/a><!-- [et_pb_line_break_holder] --><\/g><!-- [et_pb_line_break_holder] --><\/svg>[\/et_pb_code][\/et_pb_column][et_pb_column type=&#8221;1_4&#8243; _builder_version=&#8221;4.4.6&#8243;][et_pb_code _builder_version=&#8221;4.4.6&#8243;]<svg xmlns=\"http:\/\/www.w3.org\/2000\/svg\" viewBox=\"0 0 200 200\"><!-- [et_pb_line_break_holder] --><g class=\"pf360-btn\"><!-- [et_pb_line_break_holder] --><a href=\"http:\/\/www.portadafrente.pt\/profiler\/en\/\" target=\"_blank\" rel=\"noopener noreferrer\" onclick=\"dataLayer.push({'event': 'conversion'});\"><!-- [et_pb_line_break_holder] --><rect class=\"pf360-bg-icon\" width=\"200\" height=\"200\"><\/rect><!-- [et_pb_line_break_holder] --><path class=\"pf360-icon\" d=\"M96.09,100a22,22,0,1,0-22-22A22,22,0,0,0,96.09,100Zm15.4,5.5h-2.87a29.92,29.92,0,0,1-25.06,0H80.69a23.11,23.11,0,0,0-23.1,23.1v7.15A8.26,8.26,0,0,0,65.84,144h60.5a8.26,8.26,0,0,0,8.25-8.25V128.6A23.11,23.11,0,0,0,111.49,105.5ZM167,83.43l-4.78-4.83a2,2,0,0,0-2.89,0l-18,17.88-7.82-7.87a2,2,0,0,0-2.89,0l-4.83,4.8a2,2,0,0,0,0,2.88l14,14.15a2,2,0,0,0,2.88,0L167,86.32A2.06,2.06,0,0,0,167,83.43Z\"><\/path><!-- [et_pb_line_break_holder] --><polygon class=\"pf360-new\" points=\"0 79.9 0 0 79.9 0 0 79.9\"><\/polygon><!-- [et_pb_line_break_holder] --><path class=\"pf360-icon\" d=\"M16.51,35.6l1.2-1.2,6.44.87-3.66-3.66,1.29-1.28,5.94,5.93-1.11,1.11L20,36.47l3.77,3.78-1.29,1.29Z\"><\/path><!-- [et_pb_line_break_holder] --><path class=\"pf360-icon\" d=\"M23.21,28.9l4.48-4.48,1.16,1.16-3.18,3.18L26.87,30l2.8-2.8,1.16,1.16L28,31.13l1.24,1.24,3.23-3.22,1.16,1.16-4.52,4.52Z\"><\/path><!-- [et_pb_line_break_holder] --><path class=\"pf360-icon\" d=\"M28.44,23.67l1.4-1.4,5.25,2.79-2.71-5.37,1.12-1.12,5.37,2.71L36.08,16l1.36-1.37,4,8-1.14,1.14L35,21.26l2.54,5.23-1.14,1.13Z\"><\/path><!-- [et_pb_line_break_holder] --><text class=\"pf360-icon-label\" transform=\"translate(70 190)\">PROFILER<\/text><!-- [et_pb_line_break_holder] --><\/a><!-- [et_pb_line_break_holder] --><\/g><!-- [et_pb_line_break_holder] --><\/svg>[\/et_pb_code][\/et_pb_column][\/et_pb_row][\/et_pb_section][et_pb_section fb_built=&#8221;1&#8243; _builder_version=&#8221;4.4.6&#8243; background_color=&#8221;#660724&#8243; custom_padding=&#8221;0px||0px|||&#8221;][et_pb_row column_structure=&#8221;1_4,3_4&#8243; make_equal=&#8221;on&#8221; _builder_version=&#8221;4.4.6&#8243; animation_style=&#8221;fade&#8221; animation_direction=&#8221;left&#8221;][et_pb_column type=&#8221;1_4&#8243; _builder_version=&#8221;4.4.6&#8243;][et_pb_image src=&#8221;http:\/\/portadafrente.pt\/selection\/wp-content\/uploads\/2020\/05\/Ativo-2.png&#8221; title_text=&#8221;Ativo 2&#8243; url=&#8221;https:\/\/www.portadafrente.com&#8221; url_new_window=&#8221;on&#8221; align=&#8221;center&#8221; _builder_version=&#8221;4.4.6&#8243; max_width=&#8221;80%&#8221; max_width_tablet=&#8221;200px&#8221; max_width_phone=&#8221;&#8221; max_width_last_edited=&#8221;on|desktop&#8221; custom_margin=&#8221;||22px|||&#8221;][\/et_pb_image][et_pb_code _builder_version=&#8221;4.4.6&#8243;]<\/p>\n<ul class=\"list-inline\"><!-- [et_pb_line_break_holder] -->                  <\/p>\n<li class=\"list-inline-item\"><a href=\"http:\/\/www.facebook.com\/portadafrente\" target=\"_blank\" class=\"text-white\" rel=\"noopener noreferrer\"><i class=\"fab fa-2x fa-facebook\"><\/i><\/a><\/li>\n<p><!-- [et_pb_line_break_holder] -->                  <\/p>\n<li class=\"list-inline-item\"><a href=\"https:\/\/www.instagram.com\/portadafrentechristies\/\" target=\"_blank\" class=\"text-white\" rel=\"noopener noreferrer\"><i class=\"fab fa-2x fa-instagram\"><\/i><\/a><\/li>\n<p><!-- [et_pb_line_break_holder] -->                  <\/p>\n<li class=\"list-inline-item\"><a href=\"https:\/\/www.linkedin.com\/company\/porta-da-frente-christie%27s\/\" target=\"_blank\" class=\"text-white\" rel=\"noopener noreferrer\"><i class=\"fab fa-2x fa-linkedin\"><\/i><\/a><\/li>\n<p><!-- [et_pb_line_break_holder] -->                  <\/p>\n<li class=\"list-inline-item\"><a href=\"https:\/\/www.youtube.com\/channel\/UCyxni2x557JaDk-b8XXpctA\/\" target=\"_blank\" class=\"text-white\" rel=\"noopener noreferrer\"><i class=\"fab fa-2x fa-youtube\"><\/i><\/a><\/li>\n<p><!-- [et_pb_line_break_holder] -->                <\/ul>\n<p>[\/et_pb_code][\/et_pb_column][et_pb_column type=&#8221;3_4&#8243; _builder_version=&#8221;4.4.6&#8243;][et_pb_text module_class=&#8221;text-footer&#8221; _builder_version=&#8221;4.4.6&#8243; text_text_color=&#8221;#ffffff&#8221; text_font_size=&#8221;16px&#8221; text_font_size_tablet=&#8221;13px&#8221; text_font_size_phone=&#8221;&#8221; text_font_size_last_edited=&#8221;on|tablet&#8221; text_orientation_tablet=&#8221;center&#8221; text_orientation_phone=&#8221;&#8221; text_orientation_last_edited=&#8221;on|phone&#8221;]<\/p>\n<p><strong>Porta da Frente Christie&#8217;s<\/strong><span>\u00a0est une soci\u00e9t\u00e9 de courtage immobilier active sur le march\u00e9 depuis deux d\u00e9cennies et ax\u00e9e sur les meilleures propri\u00e9t\u00e9s et les meilleurs d\u00e9veloppements, qu\u2019ils soient \u00e0 vendre ou \u00e0 louer. La soci\u00e9t\u00e9 a \u00e9t\u00e9 s\u00e9lectionn\u00e9e par la prestigieuse marque Christie&#8217;s International Real Estate pour repr\u00e9senter le Portugal dans les r\u00e9gions de Lisbonne, Cascais, Oeiras et Alentejo. La principale mission de\u00a0<\/span><strong>Porta da Frente Christie&#8217;s<\/strong><span>\u00a0est de privil\u00e9gier un service d&#8217;excellence \u00e0 tous ses clients.<\/span><\/p>\n<p>[\/et_pb_text][\/et_pb_column][\/et_pb_row][\/et_pb_section]<\/p>\n","protected":false},"excerpt":{"rendered":"<p>L&#8217;ann\u00e9e \u00e9coul\u00e9e a transform\u00e9 la vie quotidienne de chacun \u00e0 l&#8217;\u00e9chelle mondiale, \u00e9veillant de nouveaux int\u00e9r\u00eats, soulevant des comportements et des fa\u00e7ons d&#8217;\u00eatre chez nous. Nous vous invitons \u00e0 revenir sur 2020 et \u00e0 d\u00e9couvrir les principales tendances de l&#8217;immobilier portugais \u00e0 partir des donn\u00e9es g\u00e9n\u00e9r\u00e9es par notre audience sur les diff\u00e9rentes plateformes de marketing [&hellip;]<\/p>\n","protected":false},"author":1,"featured_media":0,"parent":1002,"menu_order":0,"comment_status":"closed","ping_status":"closed","template":"","meta":{"_et_pb_use_builder":"on","_et_pb_old_content":"","_et_gb_content_width":""},"_links":{"self":[{"href":"https:\/\/portadafrente.pt\/selection\/wp-json\/wp\/v2\/pages\/1585"}],"collection":[{"href":"https:\/\/portadafrente.pt\/selection\/wp-json\/wp\/v2\/pages"}],"about":[{"href":"https:\/\/portadafrente.pt\/selection\/wp-json\/wp\/v2\/types\/page"}],"author":[{"embeddable":true,"href":"https:\/\/portadafrente.pt\/selection\/wp-json\/wp\/v2\/users\/1"}],"replies":[{"embeddable":true,"href":"https:\/\/portadafrente.pt\/selection\/wp-json\/wp\/v2\/comments?post=1585"}],"version-history":[{"count":10,"href":"https:\/\/portadafrente.pt\/selection\/wp-json\/wp\/v2\/pages\/1585\/revisions"}],"predecessor-version":[{"id":1611,"href":"https:\/\/portadafrente.pt\/selection\/wp-json\/wp\/v2\/pages\/1585\/revisions\/1611"}],"up":[{"embeddable":true,"href":"https:\/\/portadafrente.pt\/selection\/wp-json\/wp\/v2\/pages\/1002"}],"wp:attachment":[{"href":"https:\/\/portadafrente.pt\/selection\/wp-json\/wp\/v2\/media?parent=1585"}],"curies":[{"name":"wp","href":"https:\/\/api.w.org\/{rel}","templated":true}]}}