{"id":1536,"date":"2021-03-12T08:51:12","date_gmt":"2021-03-12T11:51:12","guid":{"rendered":"http:\/\/www.portadafrente.pt\/selection\/?page_id=1536"},"modified":"2021-03-15T12:01:51","modified_gmt":"2021-03-15T15:01:51","slug":"pt","status":"publish","type":"page","link":"https:\/\/portadafrente.pt\/selection\/2020-audience-review\/pt\/","title":{"rendered":"2020 Audience Review"},"content":{"rendered":"<p>[et_pb_section fb_built=&#8221;1&#8243; fullwidth=&#8221;on&#8221; module_class=&#8221;fix-mobile-height&#8221; _builder_version=&#8221;4.9.0&#8243; positioning=&#8221;absolute&#8221; min_height=&#8221;100vh&#8221; min_height_tablet=&#8221;100vh&#8221; min_height_phone=&#8221;100vh&#8221; min_height_last_edited=&#8221;on|desktop&#8221; custom_padding=&#8221;0px||0px||false|false&#8221;][et_pb_fullwidth_slider use_bg_overlay=&#8221;on&#8221; bg_overlay_color=&#8221;rgba(0,0,0,0.3)&#8221; _builder_version=&#8221;4.9.0&#8243; min_height=&#8221;100vh&#8221; min_height_tablet=&#8221;100vh&#8221; min_height_phone=&#8221;100vh&#8221; min_height_last_edited=&#8221;on|desktop&#8221; animation_style=&#8221;fade&#8221; animation_duration=&#8221;500ms&#8221;][et_pb_slide use_bg_overlay=&#8221;on&#8221; bg_overlay_color=&#8221;rgba(0,0,0,0.25)&#8221; use_text_overlay=&#8221;off&#8221; admin_title=&#8221;Maat&#8221; _builder_version=&#8221;4.9.0&#8243; background_enable_color=&#8221;off&#8221; background_image=&#8221;http:\/\/www.portadafrente.pt\/selection\/wp-content\/uploads\/2021\/03\/new-head.jpg&#8221; background_enable_image=&#8221;on&#8221; background_last_edited=&#8221;on|desktop&#8221; background_enable_color_phone=&#8221;off&#8221; background_size_phone=&#8221;cover&#8221; background_position_phone=&#8221;center&#8221; sticky_transition=&#8221;on&#8221;][\/et_pb_slide][\/et_pb_fullwidth_slider][\/et_pb_section][et_pb_section fb_built=&#8221;1&#8243; module_class=&#8221;fix-mobile-height&#8221; _builder_version=&#8221;4.9.0&#8243; background_color=&#8221;rgba(0,0,0,0)&#8221; background_enable_image=&#8221;off&#8221; min_height=&#8221;100vh&#8221; min_height_tablet=&#8221;100vh&#8221; min_height_phone=&#8221;100vh&#8221; min_height_last_edited=&#8221;on|desktop&#8221; custom_padding=&#8221;0px||0%||false|false&#8221;][et_pb_row column_structure=&#8221;1_2,1_2&#8243; use_custom_gutter=&#8221;on&#8221; gutter_width=&#8221;1&#8243; make_equal=&#8221;on&#8221; custom_padding_last_edited=&#8221;on|desktop&#8221; module_class=&#8221;row-open-txt&#8221; _builder_version=&#8221;4.9.0&#8243; positioning=&#8221;none&#8221; width=&#8221;100%&#8221; max_width=&#8221;100%&#8221; min_height=&#8221;100vh&#8221; min_height_tablet=&#8221;100vh&#8221; min_height_phone=&#8221;100vh&#8221; min_height_last_edited=&#8221;on|phone&#8221; custom_padding=&#8221;0px||0px|||&#8221; custom_padding_tablet=&#8221;&#8221; custom_padding_phone=&#8221;&#8221;][et_pb_column type=&#8221;1_2&#8243; _builder_version=&#8221;4.9.0&#8243; _module_preset=&#8221;default&#8221; custom_padding_tablet=&#8221;||50px||false|false&#8221; custom_padding_phone=&#8221;&#8221; custom_padding_last_edited=&#8221;on|phone&#8221;][\/et_pb_column][et_pb_column type=&#8221;1_2&#8243; module_class=&#8221;open-txt&#8221; _builder_version=&#8221;4.9.0&#8243;][et_pb_image src=&#8221;http:\/\/www.portadafrente.pt\/selection\/wp-content\/uploads\/2021\/03\/selo.png&#8221; title_text=&#8221;selo&#8221; align_tablet=&#8221;center&#8221; align_phone=&#8221;&#8221; align_last_edited=&#8221;on|desktop&#8221; _builder_version=&#8221;4.9.0&#8243; _module_preset=&#8221;default&#8221; custom_margin=&#8221;||45px||false|false&#8221; animation_style=&#8221;fold&#8221; animation_duration=&#8221;450ms&#8221; animation_delay=&#8221;750ms&#8221;][\/et_pb_image][et_pb_text disabled_on=&#8221;off|off|off&#8221; _builder_version=&#8221;4.9.0&#8243; _module_preset=&#8221;default&#8221; text_font=&#8221;Raleway|300|||||||&#8221; text_text_color=&#8221;#FFFFFF&#8221; text_font_size=&#8221;16px&#8221; text_line_height=&#8221;1.3em&#8221; link_font=&#8221;|700|||||||&#8221; link_text_color=&#8221;#FFFFFF&#8221; max_width_tablet=&#8221;100%&#8221; max_width_last_edited=&#8221;off|desktop&#8221; module_alignment=&#8221;left&#8221; custom_margin=&#8221;||20px||false|false&#8221; custom_padding=&#8221;||||false|false&#8221; custom_padding_tablet=&#8221;|20px||20px|false|false&#8221; custom_padding_phone=&#8221;&#8221; custom_padding_last_edited=&#8221;on|desktop&#8221; animation_style=&#8221;fade&#8221; animation_duration=&#8221;500ms&#8221; animation_delay=&#8221;750ms&#8221; text_font_size_tablet=&#8221;14px&#8221; text_font_size_phone=&#8221;12px&#8221; text_font_size_last_edited=&#8221;on|phone&#8221; link_text_align_tablet=&#8221;center&#8221; link_text_align_phone=&#8221;&#8221; link_text_align_last_edited=&#8221;on|phone&#8221; link_text_color_last_edited=&#8221;off|desktop&#8221; text_orientation_tablet=&#8221;center&#8221; text_orientation_phone=&#8221;&#8221; text_orientation_last_edited=&#8221;on|phone&#8221; module_alignment_tablet=&#8221;center&#8221; module_alignment_phone=&#8221;center&#8221; module_alignment_last_edited=&#8221;on|phone&#8221; link_text_color__hover_enabled=&#8221;on|desktop&#8221; link_text_color__hover=&#8221;#660024&#8243;]<\/p>\n<p><span>O ano que passou transformou o quotidiano de todos a uma escala mundial, trazendo novos interesses, comportamentos e formas de estar dentro das nossas casas. Convidamo-lo a fazer uma retrospectiva a 2020 e conhecer as principais tend\u00eancias no imobili\u00e1rio portugu\u00eas a partir dos dados gerados pela nossa audi\u00eancia nas diversas plataformas de marketing de que dispomos.<\/span><\/p>\n<p>[\/et_pb_text][et_pb_text disabled_on=&#8221;off|off|off&#8221; _builder_version=&#8221;4.9.0&#8243; _module_preset=&#8221;default&#8221; text_font=&#8221;Raleway|300|||||||&#8221; text_text_color=&#8221;#FFFFFF&#8221; text_font_size=&#8221;16px&#8221; text_line_height=&#8221;1.3em&#8221; link_font=&#8221;|700|||||||&#8221; link_text_color=&#8221;#FFFFFF&#8221; link_font_size=&#8221;18px&#8221; link_line_height=&#8221;1.4em&#8221; max_width_tablet=&#8221;100%&#8221; max_width_phone=&#8221;&#8221; max_width_last_edited=&#8221;on|tablet&#8221; module_alignment=&#8221;left&#8221; custom_margin=&#8221;||20px||false|false&#8221; custom_padding=&#8221;||||false|false&#8221; animation_style=&#8221;fade&#8221; animation_duration=&#8221;500ms&#8221; animation_delay=&#8221;750ms&#8221; link_text_align_tablet=&#8221;center&#8221; link_text_align_phone=&#8221;&#8221; link_text_align_last_edited=&#8221;on|phone&#8221; link_text_color_last_edited=&#8221;off|desktop&#8221; text_orientation_tablet=&#8221;center&#8221; text_orientation_phone=&#8221;&#8221; text_orientation_last_edited=&#8221;on|phone&#8221; module_alignment_tablet=&#8221;center&#8221; module_alignment_phone=&#8221;center&#8221; module_alignment_last_edited=&#8221;on|phone&#8221; link_text_color__hover_enabled=&#8221;on|desktop&#8221; link_text_color__hover=&#8221;#660024&#8243;]<a href=\"#apresentacao\">Apresenta\u00e7\u00e3o<\/a><br \/>\n<a href=\"#nacionalidades\">Nacionalidades<\/a><br \/>\n<a href=\"#lifestyles\">Lifestyles<\/a><br \/>\n<a href=\"#localizacoes\">Localiza\u00e7\u00f5es<\/a><br \/>\n<a href=\"#casas\">Casas<\/a><br \/>\n<a href=\"#empreendimentos\">Empreendimentos<\/a><br \/>\n<a href=\"#digital\">Presen\u00e7a Digital<\/a><br \/>\n<a href=\"#tendencias\">Tend\u00eancias<\/a>[\/et_pb_text][et_pb_text _builder_version=&#8221;4.9.0&#8243; text_text_color=&#8221;#660024&#8243; text_font_size=&#8221;30px&#8221; max_width_tablet=&#8221;100%&#8221; max_width_phone=&#8221;&#8221; max_width_last_edited=&#8221;on|phone&#8221; module_alignment=&#8221;left&#8221; animation_style=&#8221;fade&#8221; animation_duration=&#8221;500ms&#8221; animation_delay=&#8221;750ms&#8221; text_orientation_tablet=&#8221;center&#8221; text_orientation_phone=&#8221;&#8221; text_orientation_last_edited=&#8221;on|phone&#8221; module_alignment_tablet=&#8221;center&#8221; module_alignment_phone=&#8221;center&#8221; module_alignment_last_edited=&#8221;on|desktop&#8221;]<\/p>\n<p><a href=\"#apresentacao\" style=\"color: #cccccc;\"><i class=\"fas fa-chevron-down\"><\/i><\/a><\/p>\n<p>[\/et_pb_text][\/et_pb_column][\/et_pb_row][\/et_pb_section][et_pb_section fb_built=&#8221;1&#8243; module_id=&#8221;navbar&#8221; _builder_version=&#8221;4.9.0&#8243; _module_preset=&#8221;default&#8221; background_color=&#8221;#FFFFFF&#8221; custom_padding=&#8221;0px||0px||false|false&#8221;][et_pb_row _builder_version=&#8221;4.9.0&#8243; _module_preset=&#8221;default&#8221; custom_padding=&#8221;15px||15px||false|false&#8221;][et_pb_column type=&#8221;4_4&#8243; _builder_version=&#8221;4.9.0&#8243; _module_preset=&#8221;default&#8221;][et_pb_text _builder_version=&#8221;4.9.0&#8243; _module_preset=&#8221;default&#8221; text_font=&#8221;Raleway||||||||&#8221; text_text_color=&#8221;#999999&#8243; link_font=&#8221;Raleway||||||||&#8221; link_text_align=&#8221;center&#8221; link_text_color=&#8221;#999999&#8243; text_orientation=&#8221;center&#8221; link_text_color__hover_enabled=&#8221;on|desktop&#8221; link_text_color__hover=&#8221;#000000&#8243;]<\/p>\n<p><a href=\"#apresentacao\">Apresenta\u00e7\u00e3o<\/a> |\u00a0<a href=\"#nacionalidades\">Nacionalidades<\/a> |\u00a0<a href=\"#lifestyles\">Lifestyles<\/a> | <a href=\"#localizacoes\">Localiza\u00e7\u00f5es<\/a> | <a href=\"#casas\">Casas<\/a> | <a href=\"#empreendimentos\">Empreendimentos<\/a> | <a href=\"#digital\">Presen\u00e7a Digital<\/a> | <a href=\"#tendencias\">Tend\u00eancias<\/a><\/p>\n<p>[\/et_pb_text][\/et_pb_column][\/et_pb_row][\/et_pb_section][et_pb_section fb_built=&#8221;1&#8243; module_id=&#8221;apresentacao&#8221; _builder_version=&#8221;4.9.0&#8243; background_color_gradient_direction=&#8221;90deg&#8221; background_enable_image=&#8221;off&#8221; background_size=&#8221;contain&#8221; background_repeat=&#8221;repeat-y&#8221; custom_padding=&#8221;50px||0px||false|false&#8221; animation_style=&#8221;fade&#8221; animation_duration=&#8221;500ms&#8221; animation_delay=&#8221;1500ms&#8221; background_last_edited=&#8221;on|desktop&#8221; background_enable_image_tablet=&#8221;off&#8221; parallax_tablet=&#8221;off&#8221;][et_pb_row _builder_version=&#8221;4.9.0&#8243; _module_preset=&#8221;default&#8221; custom_padding=&#8221;0px||0px|||&#8221;][et_pb_column type=&#8221;4_4&#8243; _builder_version=&#8221;4.9.0&#8243; _module_preset=&#8221;default&#8221;][et_pb_text _builder_version=&#8221;4.9.0&#8243; _module_preset=&#8221;default&#8221; text_font=&#8221;Raleway||||||||&#8221; text_text_color=&#8221;#000000&#8243; header_font=&#8221;Montserrat|700|||||||&#8221; header_text_align=&#8221;left&#8221; header_text_color=&#8221;#660024&#8243; header_font_size=&#8221;28px&#8221; header_line_height=&#8221;1.7em&#8221; text_orientation=&#8221;center&#8221; max_width=&#8221;60%&#8221; module_alignment=&#8221;center&#8221; custom_margin=&#8221;0px||30px||false|false&#8221;]<\/p>\n<p>Recolhemos dados de todas as nossas plataformas para analisar o ano de 2020: as maiores tend\u00eancias, os produtos que suscitaram mais interesse, quem foram os principais clientes do ano, entre muitos outros indicadores que partilhamos consigo em primeira m\u00e3o.<\/p>\n<p>[\/et_pb_text][\/et_pb_column][\/et_pb_row][et_pb_row column_structure=&#8221;1_5,1_5,1_5,1_5,1_5&#8243; module_class=&#8221;coluna-mobile&#8221; _builder_version=&#8221;4.9.0&#8243; _module_preset=&#8221;default&#8221; custom_padding=&#8221;0px|||||&#8221; animation_style=&#8221;slide&#8221;][et_pb_column type=&#8221;1_5&#8243; _builder_version=&#8221;4.9.0&#8243; _module_preset=&#8221;default&#8221;][et_pb_image src=&#8221;http:\/\/www.portadafrente.pt\/selection\/wp-content\/uploads\/2021\/03\/fontes_0004_analytics.jpg&#8221; title_text=&#8221;fontes_0004_analytics&#8221; _builder_version=&#8221;4.9.0&#8243; _module_preset=&#8221;default&#8221;][\/et_pb_image][\/et_pb_column][et_pb_column type=&#8221;1_5&#8243; _builder_version=&#8221;4.9.0&#8243; _module_preset=&#8221;default&#8221;][et_pb_image src=&#8221;http:\/\/www.portadafrente.pt\/selection\/wp-content\/uploads\/2021\/03\/fontes_0003_Agrupar-1.jpg&#8221; title_text=&#8221;fontes_0003_Agrupar 1&#8243; _builder_version=&#8221;4.9.0&#8243; _module_preset=&#8221;default&#8221;][\/et_pb_image][\/et_pb_column][et_pb_column type=&#8221;1_5&#8243; _builder_version=&#8221;4.9.0&#8243; _module_preset=&#8221;default&#8221;][et_pb_image src=&#8221;http:\/\/www.portadafrente.pt\/selection\/wp-content\/uploads\/2021\/03\/newyt-1.jpg&#8221; title_text=&#8221;newyt&#8221; _builder_version=&#8221;4.9.0&#8243; _module_preset=&#8221;default&#8221; locked=&#8221;off&#8221;][\/et_pb_image][\/et_pb_column][et_pb_column type=&#8221;1_5&#8243; _builder_version=&#8221;4.9.0&#8243; _module_preset=&#8221;default&#8221;][et_pb_image src=&#8221;http:\/\/www.portadafrente.pt\/selection\/wp-content\/uploads\/2021\/03\/fontes_0000_LinkedIn-Logo-2003-1.jpg&#8221; title_text=&#8221;fontes_0000_LinkedIn-Logo-2003&#8243; _builder_version=&#8221;4.9.0&#8243; _module_preset=&#8221;default&#8221; locked=&#8221;off&#8221;][\/et_pb_image][\/et_pb_column][et_pb_column type=&#8221;1_5&#8243; _builder_version=&#8221;4.9.0&#8243; _module_preset=&#8221;default&#8221;][et_pb_image src=&#8221;http:\/\/www.portadafrente.pt\/selection\/wp-content\/uploads\/2021\/03\/fontes_0001_Salesforce_Corporate_Logo_RGB.jpg&#8221; title_text=&#8221;fontes_0001_Salesforce_Corporate_Logo_RGB&#8221; _builder_version=&#8221;4.9.0&#8243; _module_preset=&#8221;default&#8221; locked=&#8221;off&#8221;][\/et_pb_image][\/et_pb_column][\/et_pb_row][et_pb_row _builder_version=&#8221;4.9.0&#8243; _module_preset=&#8221;default&#8221; custom_padding=&#8221;||0px|||&#8221;][et_pb_column type=&#8221;4_4&#8243; _builder_version=&#8221;4.9.0&#8243; _module_preset=&#8221;default&#8221;][et_pb_divider color=&#8221;#cccccc&#8221; _builder_version=&#8221;4.9.0&#8243; _module_preset=&#8221;default&#8221;][\/et_pb_divider][\/et_pb_column][\/et_pb_row][\/et_pb_section][et_pb_section fb_built=&#8221;1&#8243; custom_padding_last_edited=&#8221;on|desktop&#8221; module_id=&#8221;nacionalidades&#8221; _builder_version=&#8221;4.9.0&#8243; _module_preset=&#8221;default&#8221; background_color_gradient_direction=&#8221;90deg&#8221; background_enable_image=&#8221;off&#8221; background_size=&#8221;contain&#8221; background_repeat=&#8221;repeat-y&#8221; custom_margin=&#8221;||41px|||&#8221; custom_padding=&#8221;50px||0px||false|false&#8221; custom_padding_tablet=&#8221;0px||||false|false&#8221; custom_padding_phone=&#8221;&#8221; background_last_edited=&#8221;on|desktop&#8221; background_enable_image_tablet=&#8221;off&#8221; parallax_tablet=&#8221;off&#8221;][et_pb_row column_structure=&#8221;3_5,2_5&#8243; module_class=&#8221;txt-openings&#8221; _builder_version=&#8221;4.9.0&#8243; _module_preset=&#8221;default&#8221; custom_padding=&#8221;||29px|||&#8221; animation_style=&#8221;fold&#8221; animation_direction=&#8221;top&#8221;][et_pb_column type=&#8221;3_5&#8243; _builder_version=&#8221;4.9.0&#8243; _module_preset=&#8221;default&#8221;][et_pb_text _builder_version=&#8221;4.9.0&#8243; _module_preset=&#8221;default&#8221; text_font=&#8221;Montserrat|700|||||||&#8221; text_text_color=&#8221;#000000&#8243; text_line_height=&#8221;2em&#8221; text_orientation_tablet=&#8221;center&#8221; text_orientation_phone=&#8221;&#8221; text_orientation_last_edited=&#8221;on|desktop&#8221;]<\/p>\n<p><span class=\"number-size\">29<\/span><br \/> <span class=\"label-size\">nacionalidades diferentes<\/span><\/p>\n<p>[\/et_pb_text][\/et_pb_column][et_pb_column type=&#8221;2_5&#8243; _builder_version=&#8221;4.9.0&#8243; _module_preset=&#8221;default&#8221;][et_pb_text _builder_version=&#8221;4.9.0&#8243; _module_preset=&#8221;default&#8221; text_font=&#8221;Raleway||||||||&#8221; text_text_color=&#8221;#000000&#8243; text_line_height=&#8221;1.5em&#8221; header_font=&#8221;Montserrat|700|||||||&#8221; header_text_align=&#8221;left&#8221; header_text_color=&#8221;#660024&#8243; header_font_size=&#8221;28px&#8221; header_line_height=&#8221;1.7em&#8221; text_orientation=&#8221;right&#8221; max_width=&#8221;100%&#8221; max_width_tablet=&#8221;100%&#8221; max_width_phone=&#8221;&#8221; max_width_last_edited=&#8221;on|phone&#8221; module_alignment=&#8221;right&#8221; custom_margin=&#8221;||||false|false&#8221; text_orientation_tablet=&#8221;center&#8221; text_orientation_phone=&#8221;&#8221; text_orientation_last_edited=&#8221;on|desktop&#8221; module_alignment_tablet=&#8221;center&#8221; module_alignment_phone=&#8221;center&#8221; module_alignment_last_edited=&#8221;on|phone&#8221;]<\/p>\n<p><span>Embora as restri\u00e7\u00f5es de circula\u00e7\u00e3o tenham adiado a vinda de compradores internacionais para Portugal, o interesse manteve-se. Foram 29 as nacionalidades com quem fizemos neg\u00f3cios em 2020, com especial foco para os portugueses, que decidiram apostar no mercado imobili\u00e1rio.<\/span><\/p>\n<p>[\/et_pb_text][\/et_pb_column][\/et_pb_row][et_pb_row column_structure=&#8221;1_4,1_4,1_4,1_4&#8243; module_class=&#8221;coluna-mobile&#8221; _builder_version=&#8221;4.9.0&#8243; _module_preset=&#8221;default&#8221; max_width=&#8221;767px&#8221; module_alignment=&#8221;center&#8221; animation_style=&#8221;bounce&#8221; animation_direction=&#8221;top&#8221;][et_pb_column type=&#8221;1_4&#8243; _builder_version=&#8221;4.9.0&#8243; _module_preset=&#8221;default&#8221;][et_pb_image src=&#8221;http:\/\/www.portadafrente.pt\/selection\/wp-content\/uploads\/2021\/03\/Portugal_flag_300.png&#8221; title_text=&#8221;Portugal_flag_300&#8243; _builder_version=&#8221;4.9.0&#8243; _module_preset=&#8221;default&#8221; border_radii=&#8221;on|20px|20px|20px|20px&#8221;][\/et_pb_image][et_pb_circle_counter number=&#8221;41&#8243; bar_bg_color=&#8221;#660024&#8243; circle_color=&#8221;#000000&#8243; _builder_version=&#8221;4.9.0&#8243; _module_preset=&#8221;default&#8221; number_font=&#8221;Montserrat||||||||&#8221; number_text_color=&#8221;#000000&#8243; number_font_size=&#8221;36px&#8221; background_enable_image=&#8221;off&#8221; max_width=&#8221;120px&#8221; custom_margin=&#8221;30px|auto|0px|auto|false|false&#8221;][\/et_pb_circle_counter][\/et_pb_column][et_pb_column type=&#8221;1_4&#8243; _builder_version=&#8221;4.9.0&#8243; _module_preset=&#8221;default&#8221;][et_pb_image src=&#8221;http:\/\/www.portadafrente.pt\/selection\/wp-content\/uploads\/2021\/03\/800px-Flag_of_Brazil.svg_.png&#8221; title_text=&#8221;800px-Flag_of_Brazil.svg&#8221; _builder_version=&#8221;4.9.0&#8243; _module_preset=&#8221;default&#8221; border_radii=&#8221;on|20px|20px|20px|20px&#8221;][\/et_pb_image][et_pb_circle_counter number=&#8221;14&#8243; bar_bg_color=&#8221;#660024&#8243; circle_color=&#8221;#000000&#8243; _builder_version=&#8221;4.9.0&#8243; _module_preset=&#8221;default&#8221; number_font=&#8221;Montserrat||||||||&#8221; number_text_color=&#8221;#000000&#8243; number_font_size=&#8221;36px&#8221; background_enable_image=&#8221;off&#8221; max_width=&#8221;120px&#8221; custom_margin=&#8221;30px|auto|0px|auto|false|false&#8221;][\/et_pb_circle_counter][\/et_pb_column][et_pb_column type=&#8221;1_4&#8243; _builder_version=&#8221;4.9.0&#8243; _module_preset=&#8221;default&#8221;][et_pb_image src=&#8221;http:\/\/www.portadafrente.pt\/selection\/wp-content\/uploads\/2021\/03\/france.jpg&#8221; title_text=&#8221;france&#8221; _builder_version=&#8221;4.9.0&#8243; _module_preset=&#8221;default&#8221; border_radii=&#8221;on|20px|20px|20px|20px&#8221;][\/et_pb_image][et_pb_circle_counter number=&#8221;9&#8243; bar_bg_color=&#8221;#660024&#8243; circle_color=&#8221;#000000&#8243; _builder_version=&#8221;4.9.0&#8243; _module_preset=&#8221;default&#8221; number_font=&#8221;Montserrat||||||||&#8221; number_text_color=&#8221;#000000&#8243; number_font_size=&#8221;36px&#8221; background_enable_image=&#8221;off&#8221; max_width=&#8221;120px&#8221; custom_margin=&#8221;30px|auto|0px|auto|false|false&#8221;][\/et_pb_circle_counter][\/et_pb_column][et_pb_column type=&#8221;1_4&#8243; _builder_version=&#8221;4.9.0&#8243; _module_preset=&#8221;default&#8221;][et_pb_image src=&#8221;http:\/\/www.portadafrente.pt\/selection\/wp-content\/uploads\/2021\/03\/uk.jpg&#8221; title_text=&#8221;uk&#8221; _builder_version=&#8221;4.9.0&#8243; _module_preset=&#8221;default&#8221; border_radii=&#8221;on|20px|20px|20px|20px&#8221;][\/et_pb_image][et_pb_circle_counter number=&#8221;5&#8243; bar_bg_color=&#8221;#660024&#8243; circle_color=&#8221;#000000&#8243; _builder_version=&#8221;4.9.0&#8243; _module_preset=&#8221;default&#8221; number_font=&#8221;Montserrat||||||||&#8221; number_text_color=&#8221;#000000&#8243; number_font_size=&#8221;36px&#8221; background_enable_image=&#8221;off&#8221; max_width=&#8221;120px&#8221; custom_margin=&#8221;30px|auto|0px|auto|false|false&#8221;][\/et_pb_circle_counter][\/et_pb_column][\/et_pb_row][et_pb_row disabled_on=&#8221;on|on|off&#8221; _builder_version=&#8221;4.9.0&#8243; _module_preset=&#8221;default&#8221; max_width=&#8221;767px&#8221; module_alignment=&#8221;center&#8221; custom_padding=&#8221;0px||0px|||&#8221; animation_style=&#8221;slide&#8221;][et_pb_column type=&#8221;4_4&#8243; _builder_version=&#8221;4.9.0&#8243; _module_preset=&#8221;default&#8221;][et_pb_text _builder_version=&#8221;4.9.0&#8243; _module_preset=&#8221;default&#8221; text_font=&#8221;Raleway||||||||&#8221; text_text_color=&#8221;#000000&#8243; text_font_size=&#8221;16px&#8221; header_font=&#8221;Montserrat|700|||||||&#8221; header_text_align=&#8221;left&#8221; header_text_color=&#8221;#660024&#8243; header_font_size=&#8221;28px&#8221; header_line_height=&#8221;1.7em&#8221; text_orientation=&#8221;center&#8221; custom_margin=&#8221;0px||30px||false|false&#8221; locked=&#8221;off&#8221;]<\/p>\n<p>Veja outras nacionalidades que se destacaram em 2020:<\/p>\n<p>[\/et_pb_text][et_pb_text _builder_version=&#8221;4.9.0&#8243; _module_preset=&#8221;default&#8221; text_orientation=&#8221;center&#8221; custom_margin=&#8221;||0px||false|false&#8221;]<\/p>\n<ul class=\"flags\">\n<li><img src=\"http:\/\/www.portadafrente.pt\/selection\/wp-content\/uploads\/2021\/03\/Flag-Angola.jpg\" \/><\/li>\n<li><img src=\"http:\/\/www.portadafrente.pt\/selection\/wp-content\/uploads\/2021\/03\/Flag-South-Africa.jpg\" \/><\/li>\n<li><img src=\"http:\/\/www.portadafrente.pt\/selection\/wp-content\/uploads\/2021\/03\/Flag-of-The-Netherlands3.png\" \/><\/li>\n<li><img src=\"http:\/\/www.portadafrente.pt\/selection\/wp-content\/uploads\/2021\/03\/Flag-Hong-Kong-province-China.jpg\" \/><\/li>\n<li><img src=\"http:\/\/www.portadafrente.pt\/selection\/wp-content\/uploads\/2021\/03\/russian-flag-russian-flag-russia-flag-of-russia.jpg\" \/><\/li>\n<li><img src=\"http:\/\/www.portadafrente.pt\/selection\/wp-content\/uploads\/2021\/03\/bigstock-China-Flag-6103851.jpg\" \/><\/li>\n<li><img src=\"http:\/\/www.portadafrente.pt\/selection\/wp-content\/uploads\/2021\/03\/S2UUvlX.png\" \/><\/li>\n<li><img src=\"http:\/\/www.portadafrente.pt\/selection\/wp-content\/uploads\/2021\/03\/61gnrswHuBL._AC_SL1024_.jpg\" \/><\/li>\n<li><img src=\"http:\/\/www.portadafrente.pt\/selection\/wp-content\/uploads\/2021\/03\/Australian-Flag.png\" \/><\/li>\n<li><img src=\"http:\/\/www.portadafrente.pt\/selection\/wp-content\/uploads\/2021\/03\/dc4ae4734d1895a1bdd1bbfae9175622.png\" \/><\/li>\n<li><img src=\"http:\/\/www.portadafrente.pt\/selection\/wp-content\/uploads\/2021\/03\/swiss-flag-wide.png\" \/><\/li>\n<li><img src=\"http:\/\/www.portadafrente.pt\/selection\/wp-content\/uploads\/2021\/03\/flagge-philippinen.gif\" \/><\/li>\n<li><img src=\"http:\/\/www.portadafrente.pt\/selection\/wp-content\/uploads\/2021\/03\/Flag-India.jpg\" \/><\/li>\n<\/ul>\n<p>[\/et_pb_text][et_pb_text _builder_version=&#8221;4.9.0&#8243; _module_preset=&#8221;default&#8221; text_orientation=&#8221;center&#8221; custom_margin=&#8221;||0px||false|false&#8221; custom_padding=&#8221;||0px||false|false&#8221;]<\/p>\n<ul class=\"flags\">\n<li><img src=\"http:\/\/www.portadafrente.pt\/selection\/wp-content\/uploads\/2021\/03\/Flag-Canada.jpg\" \/><\/li>\n<li><img src=\"http:\/\/www.portadafrente.pt\/selection\/wp-content\/uploads\/2021\/03\/Flag-Luxembourg.jpg\" \/><\/li>\n<li><img src=\"http:\/\/www.portadafrente.pt\/selection\/wp-content\/uploads\/2021\/03\/flag-of-malaya.jpg\" \/><\/li>\n<li><img src=\"http:\/\/www.portadafrente.pt\/selection\/wp-content\/uploads\/2021\/03\/242224084eb3482fb2b1e0a1ac3453a2.gif\" \/><\/li>\n<li><img src=\"http:\/\/www.portadafrente.pt\/selection\/wp-content\/uploads\/2021\/03\/Sweden-Flag.png\" \/><\/li>\n<li><img src=\"http:\/\/www.portadafrente.pt\/selection\/wp-content\/uploads\/2021\/03\/turkey-flag-png-large.jpg\" \/><\/li>\n<li><img src=\"http:\/\/www.portadafrente.pt\/selection\/wp-content\/uploads\/2021\/03\/ve-flag.jpg\" \/><\/li>\n<li><img src=\"http:\/\/www.portadafrente.pt\/selection\/wp-content\/uploads\/2021\/03\/aeband.gif\" \/><\/li>\n<li><img src=\"http:\/\/www.portadafrente.pt\/selection\/wp-content\/uploads\/2021\/03\/Flag-Israel.jpg\" \/><\/li>\n<li><img src=\"http:\/\/www.portadafrente.pt\/selection\/wp-content\/uploads\/2021\/03\/857c007f0998b00d88907c5d6b08cbd3.jpg\" \/><\/li>\n<li><img src=\"http:\/\/www.portadafrente.pt\/selection\/wp-content\/uploads\/2021\/03\/Flag-Germany.jpg\" \/><\/li>\n<li><img src=\"http:\/\/www.portadafrente.pt\/selection\/wp-content\/uploads\/2021\/03\/finland-flag-png-large.jpg\" \/><\/li>\n<\/ul>\n<p>[\/et_pb_text][\/et_pb_column][\/et_pb_row][et_pb_row custom_padding_last_edited=&#8221;on|phone&#8221; _builder_version=&#8221;4.9.0&#8243; _module_preset=&#8221;default&#8221; custom_padding=&#8221;||0px||false|false&#8221; custom_padding_tablet=&#8221;0px||||false|false&#8221; custom_padding_phone=&#8221;&#8221;][et_pb_column type=&#8221;4_4&#8243; _builder_version=&#8221;4.9.0&#8243; _module_preset=&#8221;default&#8221;][et_pb_divider color=&#8221;#cccccc&#8221; _builder_version=&#8221;4.9.0&#8243; _module_preset=&#8221;default&#8221; max_width=&#8221;50%&#8221; module_alignment=&#8221;center&#8221;][\/et_pb_divider][\/et_pb_column][\/et_pb_row][et_pb_row _builder_version=&#8221;4.9.0&#8243; _module_preset=&#8221;default&#8221; animation_style=&#8221;fade&#8221;][et_pb_column type=&#8221;4_4&#8243; _builder_version=&#8221;4.9.0&#8243; _module_preset=&#8221;default&#8221;][et_pb_text _builder_version=&#8221;4.9.0&#8243; _module_preset=&#8221;default&#8221; text_font=&#8221;Raleway|600|||||||&#8221; text_text_color=&#8221;#000000&#8243; text_font_size=&#8221;26px&#8221; header_font=&#8221;Montserrat|700|||||||&#8221; header_text_align=&#8221;left&#8221; header_text_color=&#8221;#660024&#8243; header_font_size=&#8221;28px&#8221; header_line_height=&#8221;1.7em&#8221; text_orientation=&#8221;center&#8221; custom_margin=&#8221;0px||-2px||false|false&#8221; locked=&#8221;off&#8221;]<\/p>\n<p>Principais nacionalidades por escrit\u00f3rio e pre\u00e7o m\u00e9dio de aquisi\u00e7\u00e3o<\/p>\n<p>[\/et_pb_text][\/et_pb_column][\/et_pb_row][et_pb_row column_structure=&#8221;1_3,1_3,1_3&#8243; _builder_version=&#8221;4.9.0&#8243; _module_preset=&#8221;default&#8221; custom_margin=&#8221;||9px|||&#8221; custom_padding=&#8221;||0px|||&#8221; animation_style=&#8221;fold&#8221; animation_direction=&#8221;top&#8221;][et_pb_column type=&#8221;1_3&#8243; _builder_version=&#8221;4.9.0&#8243; _module_preset=&#8221;default&#8221;][et_pb_image src=&#8221;http:\/\/www.portadafrente.pt\/selection\/wp-content\/uploads\/2021\/03\/iStock-507006871.jpg&#8221; title_text=&#8221;Santa Marta lighthouse and Municipal museum of Cascais, in Portugal.&#8221; _builder_version=&#8221;4.9.0&#8243; _module_preset=&#8221;default&#8221; border_radii=&#8221;on|20px|20px|20px|20px&#8221;][\/et_pb_image][et_pb_text _builder_version=&#8221;4.9.0&#8243; _module_preset=&#8221;default&#8221; text_font=&#8221;Montserrat|700|||||||&#8221; text_text_color=&#8221;#000000&#8243; text_font_size=&#8221;30px&#8221; text_orientation=&#8221;center&#8221;]<\/p>\n<p>CASCAIS<\/p>\n<p>[\/et_pb_text][et_pb_text _builder_version=&#8221;4.9.0&#8243; _module_preset=&#8221;default&#8221; text_font=&#8221;Raleway||||||||&#8221; text_text_color=&#8221;#000000&#8243; text_font_size=&#8221;18px&#8221; ol_font=&#8221;||||||||&#8221; ol_text_align=&#8221;center&#8221; ol_font_size=&#8221;20px&#8221; ol_line_height=&#8221;1.3em&#8221; text_orientation=&#8221;center&#8221; custom_margin=&#8221;||11px|||&#8221;]<\/p>\n<ul class=\"list-without-bullets\">\n<li><img src=\"http:\/\/www.portadafrente.pt\/selection\/wp-content\/uploads\/2021\/03\/Portugal_flag_300.png\" class=\"mini-flag\" \/><strong style=\"font-size: 1.2em;\">Portugal:\u00a0<span>1.183.412,63\u20ac<\/span><\/strong><\/li>\n<li><img src=\"http:\/\/www.portadafrente.pt\/selection\/wp-content\/uploads\/2021\/03\/800px-Flag_of_Brazil.svg_.png\" class=\"mini-flag\" \/>Brasil:\u00a0<span>1.578.887,81\u20ac<\/span><\/li>\n<li><img src=\"http:\/\/www.portadafrente.pt\/selection\/wp-content\/uploads\/2021\/03\/uk.jpg\" class=\"mini-flag\" \/>UK:\u00a0<span>1.610.000,00\u20ac<\/span><\/li>\n<li><img src=\"http:\/\/www.portadafrente.pt\/selection\/wp-content\/uploads\/2021\/03\/france.jpg\" class=\"mini-flag\" \/>Fran\u00e7a:\u00a0<span>1.243.000,00\u20ac<\/span><\/li>\n<li><img src=\"http:\/\/www.portadafrente.pt\/selection\/wp-content\/uploads\/2021\/03\/russian-flag-russian-flag-russia-flag-of-russia.jpg\" class=\"mini-flag\" \/>R\u00fassia:\u00a0<span>1.288.333,33\u20ac<\/span><\/li>\n<\/ul>\n<p>[\/et_pb_text][et_pb_text _builder_version=&#8221;4.9.0&#8243; _module_preset=&#8221;default&#8221; text_font=&#8221;Montserrat|700|||||||&#8221; text_font_size=&#8221;16px&#8221; text_orientation=&#8221;center&#8221; custom_margin=&#8221;||9px|||&#8221;]<\/p>\n<p>Valor m\u00e9dio:\u00a0<\/p>\n<p>[\/et_pb_text][et_pb_text _builder_version=&#8221;4.9.0&#8243; _module_preset=&#8221;default&#8221; text_font=&#8221;Montserrat|700|||||||&#8221; text_text_color=&#8221;#660024&#8243; text_font_size=&#8221;28px&#8221; text_orientation=&#8221;center&#8221;]<\/p>\n<p>\u20ac1.380.000<\/p>\n<p>[\/et_pb_text][et_pb_text _builder_version=&#8221;4.9.0&#8243; _module_preset=&#8221;default&#8221; text_font=&#8221;Raleway||||||||&#8221; text_line_height=&#8221;1.3em&#8221; ol_font=&#8221;||||||||&#8221; ol_text_align=&#8221;center&#8221; ol_font_size=&#8221;20px&#8221; ol_line_height=&#8221;1.4em&#8221; text_orientation=&#8221;center&#8221; max_width=&#8221;78%&#8221; module_alignment=&#8221;center&#8221; custom_margin=&#8221;||11px|||&#8221; hover_enabled=&#8221;0&#8243; locked=&#8221;off&#8221; sticky_enabled=&#8221;0&#8243;]<\/p>\n<p><span>Veja uma sele\u00e7\u00e3o de im\u00f3veis\u00a0<\/span><span>nesta zona e com esta faixa de pre\u00e7o<\/span><\/p>\n<p>[\/et_pb_text][et_pb_image src=&#8221;http:\/\/www.portadafrente.pt\/selection\/wp-content\/uploads\/2021\/03\/botao_infogeral.png&#8221; title_text=&#8221;botao_infogeral&#8221; url=&#8221;https:\/\/www.portadafrente.com\/imoveis\/?business-type=sale&#038;search-categ=apartment&#038;search-categ=villa&#038;search-counties=cascais&#038;search-price-min=1000000&#038;search-price-max=1500000&#038;search-status=&#038;search-code=&#038;search-order=price_desc&#8221; url_new_window=&#8221;on&#8221; align=&#8221;center&#8221; _builder_version=&#8221;4.9.0&#8243; _module_preset=&#8221;default&#8221; max_width=&#8221;50%&#8221; module_alignment=&#8221;center&#8221; max_height=&#8221;40px&#8221; border_radii=&#8221;on|40px|40px|40px|40px&#8221; locked=&#8221;off&#8221;][\/et_pb_image][\/et_pb_column][et_pb_column type=&#8221;1_3&#8243; _builder_version=&#8221;4.9.0&#8243; _module_preset=&#8221;default&#8221;][et_pb_image src=&#8221;http:\/\/www.portadafrente.pt\/selection\/wp-content\/uploads\/2021\/03\/jamor.jpg&#8221; title_text=&#8221;jamor&#8221; _builder_version=&#8221;4.9.0&#8243; _module_preset=&#8221;default&#8221; border_radii=&#8221;on|20px|20px|20px|20px&#8221;][\/et_pb_image][et_pb_text _builder_version=&#8221;4.9.0&#8243; _module_preset=&#8221;default&#8221; text_font=&#8221;Montserrat|700|||||||&#8221; text_text_color=&#8221;#000000&#8243; text_font_size=&#8221;30px&#8221; text_orientation=&#8221;center&#8221; locked=&#8221;off&#8221;]<\/p>\n<p>OEIRAS<\/p>\n<p>[\/et_pb_text][et_pb_text _builder_version=&#8221;4.9.0&#8243; _module_preset=&#8221;default&#8221; text_font=&#8221;Raleway||||||||&#8221; text_text_color=&#8221;#000000&#8243; text_font_size=&#8221;18px&#8221; ol_font=&#8221;||||||||&#8221; ol_text_align=&#8221;center&#8221; ol_font_size=&#8221;20px&#8221; ol_line_height=&#8221;1.3em&#8221; text_orientation=&#8221;center&#8221; custom_margin=&#8221;||11px|||&#8221; locked=&#8221;off&#8221;]<\/p>\n<ul class=\"list-without-bullets\">\n<li><img src=\"http:\/\/www.portadafrente.pt\/selection\/wp-content\/uploads\/2021\/03\/Portugal_flag_300.png\" class=\"mini-flag\" \/><strong style=\"font-size: 1.2em;\">Portugal:\u00a0<span>824.087,73\u20ac<\/span><\/strong><\/li>\n<li><img src=\"http:\/\/www.portadafrente.pt\/selection\/wp-content\/uploads\/2021\/03\/france.jpg\" class=\"mini-flag\" \/>Fran\u00e7a:\u00a0<span>1.646.160,00\u20ac<\/span><\/li>\n<li><img src=\"http:\/\/www.portadafrente.pt\/selection\/wp-content\/uploads\/2021\/03\/Flag-Angola.jpg\" class=\"mini-flag\" \/>Angola:\u00a0<span>1.230.500,00\u20ac<\/span><\/li>\n<li><img src=\"http:\/\/www.portadafrente.pt\/selection\/wp-content\/uploads\/2021\/03\/Flag-Germany.jpg\" class=\"mini-flag\" \/>Alemanha:\u00a0<span>1.435.500,00\u20ac<\/span><\/li>\n<li><img src=\"http:\/\/www.portadafrente.pt\/selection\/wp-content\/uploads\/2021\/03\/Flag-of-The-Netherlands3.png\" class=\"mini-flag\" \/>Holanda:\u00a0<span>448.000,00\u20ac<\/span><\/li>\n<\/ul>\n<p>[\/et_pb_text][et_pb_text _builder_version=&#8221;4.9.0&#8243; _module_preset=&#8221;default&#8221; text_font=&#8221;Montserrat|700|||||||&#8221; text_font_size=&#8221;16px&#8221; text_orientation=&#8221;center&#8221; custom_margin=&#8221;||9px|||&#8221; locked=&#8221;off&#8221;]<\/p>\n<p>Valor m\u00e9dio:\u00a0<\/p>\n<p>[\/et_pb_text][et_pb_text _builder_version=&#8221;4.9.0&#8243; _module_preset=&#8221;default&#8221; text_font=&#8221;Montserrat|700|||||||&#8221; text_text_color=&#8221;#660024&#8243; text_font_size=&#8221;28px&#8221; text_orientation=&#8221;center&#8221; locked=&#8221;off&#8221;]<\/p>\n<p>\u20ac840.000<\/p>\n<p>[\/et_pb_text][et_pb_text _builder_version=&#8221;4.9.0&#8243; _module_preset=&#8221;default&#8221; text_font=&#8221;Raleway||||||||&#8221; text_line_height=&#8221;1.3em&#8221; ol_font=&#8221;||||||||&#8221; ol_text_align=&#8221;center&#8221; ol_font_size=&#8221;20px&#8221; ol_line_height=&#8221;1.4em&#8221; text_orientation=&#8221;center&#8221; max_width=&#8221;78%&#8221; module_alignment=&#8221;center&#8221; custom_margin=&#8221;||11px|||&#8221; hover_enabled=&#8221;0&#8243; locked=&#8221;off&#8221; sticky_enabled=&#8221;0&#8243;]<\/p>\n<p><span>Veja uma sele\u00e7\u00e3o de im\u00f3veis\u00a0<\/span><span>nesta zona e com esta faixa de pre\u00e7o<\/span><\/p>\n<p>[\/et_pb_text][et_pb_image src=&#8221;http:\/\/www.portadafrente.pt\/selection\/wp-content\/uploads\/2021\/03\/botao_infogeral.png&#8221; title_text=&#8221;botao_infogeral&#8221; url=&#8221;https:\/\/www.portadafrente.com\/imoveis\/?business-type=sale&#038;search-categ=apartment&#038;search-categ=villa&#038;search-counties=oeiras&#038;search-price-min=700000&#038;search-price-max=950000&#038;search-status=&#038;search-code=&#038;search-order=price_desc&#8221; url_new_window=&#8221;on&#8221; align=&#8221;center&#8221; _builder_version=&#8221;4.9.0&#8243; _module_preset=&#8221;default&#8221; max_width=&#8221;50%&#8221; module_alignment=&#8221;center&#8221; max_height=&#8221;40px&#8221; border_radii=&#8221;on|40px|40px|40px|40px&#8221; locked=&#8221;off&#8221;][\/et_pb_image][\/et_pb_column][et_pb_column type=&#8221;1_3&#8243; _builder_version=&#8221;4.9.0&#8243; _module_preset=&#8221;default&#8221;][et_pb_image src=&#8221;http:\/\/www.portadafrente.pt\/selection\/wp-content\/uploads\/2021\/03\/iStock-684003106.jpg&#8221; title_text=&#8221;Lisbon people on waterfront beside MAAT museum Belem panorama Portugal&#8221; _builder_version=&#8221;4.9.0&#8243; _module_preset=&#8221;default&#8221; border_radii=&#8221;on|20px|20px|20px|20px&#8221;][\/et_pb_image][et_pb_text _builder_version=&#8221;4.9.0&#8243; _module_preset=&#8221;default&#8221; text_font=&#8221;Montserrat|700|||||||&#8221; text_text_color=&#8221;#000000&#8243; text_font_size=&#8221;30px&#8221; text_orientation=&#8221;center&#8221; locked=&#8221;off&#8221;]<\/p>\n<p>LISBOA<\/p>\n<p>[\/et_pb_text][et_pb_text _builder_version=&#8221;4.9.0&#8243; _module_preset=&#8221;default&#8221; text_font=&#8221;Raleway||||||||&#8221; text_text_color=&#8221;#000000&#8243; text_font_size=&#8221;18px&#8221; ol_font=&#8221;||||||||&#8221; ol_text_align=&#8221;center&#8221; ol_font_size=&#8221;20px&#8221; ol_line_height=&#8221;1.3em&#8221; text_orientation=&#8221;center&#8221; custom_margin=&#8221;||11px|||&#8221; locked=&#8221;off&#8221;]<\/p>\n<ul class=\"list-without-bullets\">\n<li><img src=\"http:\/\/www.portadafrente.pt\/selection\/wp-content\/uploads\/2021\/03\/Portugal_flag_300.png\" class=\"mini-flag\" \/><strong style=\"font-size: 1.2em;\">Portugal:\u00a0<span>759.900,00\u20ac<\/span><\/strong><\/li>\n<li><img src=\"http:\/\/www.portadafrente.pt\/selection\/wp-content\/uploads\/2021\/03\/800px-Flag_of_Brazil.svg_.png\" class=\"mini-flag\" \/>Brasil:\u00a0<span>792.872,73\u20ac<\/span><\/li>\n<li><img src=\"http:\/\/www.portadafrente.pt\/selection\/wp-content\/uploads\/2021\/03\/france.jpg\" class=\"mini-flag\" \/>Fran\u00e7a:\u00a0<span>1.041.912,00\u20ac<\/span><\/li>\n<li><img src=\"http:\/\/www.portadafrente.pt\/selection\/wp-content\/uploads\/2021\/03\/bigstock-China-Flag-6103851.jpg\" class=\"mini-flag\" \/>China:\u00a0<span>509.000,00\u20ac<\/span><\/li>\n<li><img src=\"http:\/\/www.portadafrente.pt\/selection\/wp-content\/uploads\/2021\/03\/Flag-Hong-Kong-province-China.jpg\" class=\"mini-flag\" \/>Hong Kong:\u00a0<span>505.000,00\u20ac<\/span><\/li>\n<\/ul>\n<p>[\/et_pb_text][et_pb_text _builder_version=&#8221;4.9.0&#8243; _module_preset=&#8221;default&#8221; text_font=&#8221;Montserrat|700|||||||&#8221; text_font_size=&#8221;16px&#8221; text_orientation=&#8221;center&#8221; custom_margin=&#8221;||9px|||&#8221; locked=&#8221;off&#8221;]<\/p>\n<p>Valor m\u00e9dio:\u00a0<\/p>\n<p>[\/et_pb_text][et_pb_text _builder_version=&#8221;4.9.0&#8243; _module_preset=&#8221;default&#8221; text_font=&#8221;Montserrat|700|||||||&#8221; text_text_color=&#8221;#660024&#8243; text_font_size=&#8221;28px&#8221; text_orientation=&#8221;center&#8221; locked=&#8221;off&#8221;]<\/p>\n<p>\u20ac750.000<\/p>\n<p>[\/et_pb_text][et_pb_text _builder_version=&#8221;4.9.0&#8243; _module_preset=&#8221;default&#8221; text_font=&#8221;Raleway||||||||&#8221; text_line_height=&#8221;1.3em&#8221; ol_font=&#8221;||||||||&#8221; ol_text_align=&#8221;center&#8221; ol_font_size=&#8221;20px&#8221; ol_line_height=&#8221;1.4em&#8221; text_orientation=&#8221;center&#8221; max_width=&#8221;78%&#8221; module_alignment=&#8221;center&#8221; custom_margin=&#8221;||11px|||&#8221; hover_enabled=&#8221;0&#8243; locked=&#8221;off&#8221; sticky_enabled=&#8221;0&#8243;]<\/p>\n<p><span>Veja uma sele\u00e7\u00e3o de im\u00f3veis\u00a0<\/span><span>nesta zona e com esta faixa de pre\u00e7o<\/span><\/p>\n<p>[\/et_pb_text][et_pb_image src=&#8221;http:\/\/www.portadafrente.pt\/selection\/wp-content\/uploads\/2021\/03\/botao_infogeral.png&#8221; title_text=&#8221;botao_infogeral&#8221; url=&#8221;https:\/\/www.portadafrente.com\/imoveis\/?business-type=sale&#038;search-categ=apartment&#038;search-categ=villa&#038;search-counties=lisboa&#038;search-price-min=700000&#038;search-price-max=850000&#038;search-status=&#038;search-code=&#038;search-order=price_desc&#8221; url_new_window=&#8221;on&#8221; align=&#8221;center&#8221; _builder_version=&#8221;4.9.0&#8243; _module_preset=&#8221;default&#8221; max_width=&#8221;50%&#8221; module_alignment=&#8221;center&#8221; max_height=&#8221;40px&#8221; border_radii=&#8221;on|40px|40px|40px|40px&#8221; locked=&#8221;off&#8221;][\/et_pb_image][\/et_pb_column][\/et_pb_row][\/et_pb_section][et_pb_section fb_built=&#8221;1&#8243; module_id=&#8221;lifestyles&#8221; _builder_version=&#8221;4.9.0&#8243; _module_preset=&#8221;default&#8221; use_background_color_gradient=&#8221;on&#8221; background_color_gradient_start=&#8221;#161616&#8243; background_color_gradient_end=&#8221;#5e5e5e&#8221; custom_padding=&#8221;||41px|||&#8221;][et_pb_row column_structure=&#8221;2_5,3_5&#8243; module_class=&#8221;txt-openings&#8221; _builder_version=&#8221;4.9.0&#8243; _module_preset=&#8221;default&#8221; animation_style=&#8221;fold&#8221; animation_direction=&#8221;top&#8221; locked=&#8221;off&#8221;][et_pb_column type=&#8221;2_5&#8243; _builder_version=&#8221;4.9.0&#8243; _module_preset=&#8221;default&#8221;][et_pb_text _builder_version=&#8221;4.9.0&#8243; _module_preset=&#8221;default&#8221; text_font=&#8221;Montserrat|700|||||||&#8221; text_text_color=&#8221;#FFFFFF&#8221; text_line_height=&#8221;2em&#8221; text_orientation_tablet=&#8221;center&#8221; text_orientation_phone=&#8221;&#8221; text_orientation_last_edited=&#8221;on|phone&#8221;]<\/p>\n<p><span class=\"number-size\">Lifestyles<\/span><br \/> <span class=\"label-size\">mais desejados<\/span><\/p>\n<p>[\/et_pb_text][\/et_pb_column][et_pb_column type=&#8221;3_5&#8243; _builder_version=&#8221;4.9.0&#8243; _module_preset=&#8221;default&#8221;][et_pb_text _builder_version=&#8221;4.9.0&#8243; _module_preset=&#8221;default&#8221; text_font=&#8221;Raleway||||||||&#8221; text_text_color=&#8221;#FFFFFF&#8221; text_line_height=&#8221;1.5em&#8221; header_font=&#8221;Montserrat|700|||||||&#8221; header_text_align=&#8221;left&#8221; header_text_color=&#8221;#660024&#8243; header_font_size=&#8221;28px&#8221; header_line_height=&#8221;1.7em&#8221; text_orientation=&#8221;right&#8221; custom_margin=&#8221;||||false|false&#8221; text_orientation_tablet=&#8221;center&#8221; text_orientation_phone=&#8221;&#8221; text_orientation_last_edited=&#8221;on|phone&#8221; locked=&#8221;off&#8221;]<\/p>\n<p><span>O lifestyle com maior aumento de procura em 2020 no nosso site foi o <strong>Campo<\/strong>, reflexo do desejo de uma vida mais calma, discreta e afastada dos grandes centros cosmopolitas.<\/span><\/p>\n<p>[\/et_pb_text][\/et_pb_column][\/et_pb_row][et_pb_row column_structure=&#8221;1_4,1_4,1_4,1_4&#8243; use_custom_gutter=&#8221;on&#8221; gutter_width=&#8221;2&#8243; module_class=&#8221;coluna-mobile&#8221; _builder_version=&#8221;4.9.0&#8243; _module_preset=&#8221;default&#8221; custom_margin=&#8221;||30px||false|false&#8221; custom_margin_tablet=&#8221;||0px||false|false&#8221; custom_margin_phone=&#8221;&#8221; custom_margin_last_edited=&#8221;on|tablet&#8221; custom_padding=&#8221;||0px||false|false&#8221; animation_style=&#8221;slide&#8221; animation_direction=&#8221;bottom&#8221; animation_duration=&#8221;750ms&#8221; animation_intensity_slide=&#8221;20%&#8221; locked=&#8221;off&#8221;][et_pb_column type=&#8221;1_4&#8243; _builder_version=&#8221;4.9.0&#8243; _module_preset=&#8221;default&#8221;][et_pb_text _builder_version=&#8221;4.9.0&#8243; _module_preset=&#8221;default&#8221; text_font=&#8221;Raleway|600|||||||&#8221; text_text_color=&#8221;#919191&#8243; text_font_size=&#8221;49px&#8221; text_orientation=&#8221;center&#8221; custom_margin=&#8221;||30px||false|false&#8221;]<\/p>\n<p>1<\/p>\n<p>[\/et_pb_text][et_pb_image src=&#8221;http:\/\/www.portadafrente.pt\/selection\/wp-content\/uploads\/2021\/03\/beachfront-properties.jpg&#8221; title_text=&#8221;beachfront-properties&#8221; _builder_version=&#8221;4.9.0&#8243; _module_preset=&#8221;default&#8221; border_radii=&#8221;on|20px|20px|20px|20px&#8221;][\/et_pb_image][et_pb_text _builder_version=&#8221;4.9.0&#8243; _module_preset=&#8221;default&#8221; text_font=&#8221;Montserrat|700|||||||&#8221; text_text_color=&#8221;#FFFFFF&#8221; text_font_size=&#8221;22px&#8221; text_orientation=&#8221;center&#8221; custom_margin=&#8221;||15px||false|false&#8221; custom_padding=&#8221;||0px|||&#8221;]<\/p>\n<p>Praia<\/p>\n<p>[\/et_pb_text][et_pb_text _builder_version=&#8221;4.9.0&#8243; _module_preset=&#8221;default&#8221; text_font=&#8221;Raleway||||||||&#8221; text_text_color=&#8221;#bcbcbc&#8221; text_font_size=&#8221;12px&#8221; text_line_height=&#8221;1.3em&#8221; ol_font=&#8221;||||||||&#8221; ol_text_align=&#8221;center&#8221; ol_font_size=&#8221;20px&#8221; ol_line_height=&#8221;1.4em&#8221; text_orientation=&#8221;center&#8221; custom_margin=&#8221;||11px|||&#8221; locked=&#8221;off&#8221;]<\/p>\n<p>Veja im\u00f3veis com este lifestyle<\/p>\n<p>[\/et_pb_text][et_pb_image src=&#8221;http:\/\/www.portadafrente.pt\/selection\/wp-content\/uploads\/2021\/03\/botao_infogeral.png&#8221; title_text=&#8221;botao_infogeral&#8221; url=&#8221;https:\/\/www.portadafrente.com\/estilos-de-vida\/beachfront&#8221; url_new_window=&#8221;on&#8221; align=&#8221;center&#8221; _builder_version=&#8221;4.9.0&#8243; _module_preset=&#8221;default&#8221; max_width=&#8221;50%&#8221; module_alignment=&#8221;center&#8221; max_height=&#8221;40px&#8221; border_radii=&#8221;on|40px|40px|40px|40px&#8221;][\/et_pb_image][\/et_pb_column][et_pb_column type=&#8221;1_4&#8243; _builder_version=&#8221;4.9.0&#8243; _module_preset=&#8221;default&#8221;][et_pb_text _builder_version=&#8221;4.9.0&#8243; _module_preset=&#8221;default&#8221; text_font=&#8221;Raleway|600|||||||&#8221; text_text_color=&#8221;#919191&#8243; text_font_size=&#8221;49px&#8221; text_orientation=&#8221;center&#8221; custom_margin=&#8221;||30px||false|false&#8221; locked=&#8221;off&#8221;]<\/p>\n<p>2<\/p>\n<p>[\/et_pb_text][et_pb_image src=&#8221;http:\/\/www.portadafrente.pt\/selection\/wp-content\/uploads\/2021\/03\/riverfront-properties.jpg&#8221; title_text=&#8221;riverfront-properties&#8221; _builder_version=&#8221;4.9.0&#8243; _module_preset=&#8221;default&#8221; border_radii=&#8221;on|20px|20px|20px|20px&#8221;][\/et_pb_image][et_pb_text _builder_version=&#8221;4.9.0&#8243; _module_preset=&#8221;default&#8221; text_font=&#8221;Montserrat|700|||||||&#8221; text_text_color=&#8221;#FFFFFF&#8221; text_font_size=&#8221;22px&#8221; text_orientation=&#8221;center&#8221; custom_margin=&#8221;||15px||false|false&#8221; custom_padding=&#8221;||0px|||&#8221; locked=&#8221;off&#8221;]<\/p>\n<p>Beira-rio<\/p>\n<p>[\/et_pb_text][et_pb_text _builder_version=&#8221;4.9.0&#8243; _module_preset=&#8221;default&#8221; text_font=&#8221;Raleway||||||||&#8221; text_text_color=&#8221;#bcbcbc&#8221; text_font_size=&#8221;12px&#8221; text_line_height=&#8221;1.3em&#8221; ol_font=&#8221;||||||||&#8221; ol_text_align=&#8221;center&#8221; ol_font_size=&#8221;20px&#8221; ol_line_height=&#8221;1.4em&#8221; text_orientation=&#8221;center&#8221; custom_margin=&#8221;||11px|||&#8221; locked=&#8221;off&#8221;]<\/p>\n<p>Veja im\u00f3veis com este lifestyle<\/p>\n<p>[\/et_pb_text][et_pb_image src=&#8221;http:\/\/www.portadafrente.pt\/selection\/wp-content\/uploads\/2021\/03\/botao_infogeral.png&#8221; title_text=&#8221;botao_infogeral&#8221; url=&#8221;https:\/\/www.portadafrente.com\/estilos-de-vida\/riverfront&#8221; url_new_window=&#8221;on&#8221; align=&#8221;center&#8221; _builder_version=&#8221;4.9.0&#8243; _module_preset=&#8221;default&#8221; max_width=&#8221;50%&#8221; module_alignment=&#8221;center&#8221; max_height=&#8221;40px&#8221; border_radii=&#8221;on|40px|40px|40px|40px&#8221; locked=&#8221;off&#8221;][\/et_pb_image][\/et_pb_column][et_pb_column type=&#8221;1_4&#8243; _builder_version=&#8221;4.9.0&#8243; _module_preset=&#8221;default&#8221;][et_pb_text _builder_version=&#8221;4.9.0&#8243; _module_preset=&#8221;default&#8221; text_font=&#8221;Raleway|600|||||||&#8221; text_text_color=&#8221;#919191&#8243; text_font_size=&#8221;49px&#8221; text_orientation=&#8221;center&#8221; custom_margin=&#8221;||30px||false|false&#8221; locked=&#8221;off&#8221;]<\/p>\n<p>3<\/p>\n<p>[\/et_pb_text][et_pb_image src=&#8221;http:\/\/www.portadafrente.pt\/selection\/wp-content\/uploads\/2021\/03\/cityscape-properties.jpg&#8221; title_text=&#8221;cityscape-properties&#8221; _builder_version=&#8221;4.9.0&#8243; _module_preset=&#8221;default&#8221; border_radii=&#8221;on|20px|20px|20px|20px&#8221;][\/et_pb_image][et_pb_text _builder_version=&#8221;4.9.0&#8243; _module_preset=&#8221;default&#8221; text_font=&#8221;Montserrat|700|||||||&#8221; text_text_color=&#8221;#FFFFFF&#8221; text_font_size=&#8221;22px&#8221; text_orientation=&#8221;center&#8221; custom_margin=&#8221;||15px||false|false&#8221; custom_padding=&#8221;||0px|||&#8221; locked=&#8221;off&#8221;]<\/p>\n<p>Cosmopolita<\/p>\n<p>[\/et_pb_text][et_pb_text _builder_version=&#8221;4.9.0&#8243; _module_preset=&#8221;default&#8221; text_font=&#8221;Raleway||||||||&#8221; text_text_color=&#8221;#bcbcbc&#8221; text_font_size=&#8221;12px&#8221; text_line_height=&#8221;1.3em&#8221; ol_font=&#8221;||||||||&#8221; ol_text_align=&#8221;center&#8221; ol_font_size=&#8221;20px&#8221; ol_line_height=&#8221;1.4em&#8221; text_orientation=&#8221;center&#8221; custom_margin=&#8221;||11px|||&#8221; locked=&#8221;off&#8221;]<\/p>\n<p>Veja im\u00f3veis com este lifestyle<\/p>\n<p>[\/et_pb_text][et_pb_image src=&#8221;http:\/\/www.portadafrente.pt\/selection\/wp-content\/uploads\/2021\/03\/botao_infogeral.png&#8221; title_text=&#8221;botao_infogeral&#8221; url=&#8221;https:\/\/www.portadafrente.com\/estilos-de-vida\/cityscape&#8221; url_new_window=&#8221;on&#8221; align=&#8221;center&#8221; _builder_version=&#8221;4.9.0&#8243; _module_preset=&#8221;default&#8221; max_width=&#8221;50%&#8221; module_alignment=&#8221;center&#8221; max_height=&#8221;40px&#8221; border_radii=&#8221;on|40px|40px|40px|40px&#8221; locked=&#8221;off&#8221;][\/et_pb_image][\/et_pb_column][et_pb_column type=&#8221;1_4&#8243; _builder_version=&#8221;4.9.0&#8243; _module_preset=&#8221;default&#8221;][et_pb_text _builder_version=&#8221;4.9.0&#8243; _module_preset=&#8221;default&#8221; text_font=&#8221;Raleway|600|||||||&#8221; text_text_color=&#8221;#919191&#8243; text_font_size=&#8221;49px&#8221; text_orientation=&#8221;center&#8221; custom_margin=&#8221;||30px||false|false&#8221; locked=&#8221;off&#8221;]<\/p>\n<p>4<\/p>\n<p>[\/et_pb_text][et_pb_image src=&#8221;http:\/\/www.portadafrente.pt\/selection\/wp-content\/uploads\/2021\/03\/countryside-properties.jpg&#8221; title_text=&#8221;countryside-properties&#8221; _builder_version=&#8221;4.9.0&#8243; _module_preset=&#8221;default&#8221; border_radii=&#8221;on|20px|20px|20px|20px&#8221;][\/et_pb_image][et_pb_text _builder_version=&#8221;4.9.0&#8243; _module_preset=&#8221;default&#8221; text_font=&#8221;Montserrat|700|||||||&#8221; text_text_color=&#8221;#FFFFFF&#8221; text_font_size=&#8221;22px&#8221; text_orientation=&#8221;center&#8221; custom_margin=&#8221;||15px||false|false&#8221; custom_padding=&#8221;||0px|||&#8221; locked=&#8221;off&#8221;]<\/p>\n<p>Campo<\/p>\n<p>[\/et_pb_text][et_pb_text _builder_version=&#8221;4.9.0&#8243; _module_preset=&#8221;default&#8221; text_font=&#8221;Raleway||||||||&#8221; text_text_color=&#8221;#bcbcbc&#8221; text_font_size=&#8221;12px&#8221; text_line_height=&#8221;1.3em&#8221; ol_font=&#8221;||||||||&#8221; ol_text_align=&#8221;center&#8221; ol_font_size=&#8221;20px&#8221; ol_line_height=&#8221;1.4em&#8221; text_orientation=&#8221;center&#8221; custom_margin=&#8221;||11px|||&#8221; locked=&#8221;off&#8221;]<\/p>\n<p>Veja im\u00f3veis com este lifestyle<\/p>\n<p>[\/et_pb_text][et_pb_image src=&#8221;http:\/\/www.portadafrente.pt\/selection\/wp-content\/uploads\/2021\/03\/botao_infogeral.png&#8221; title_text=&#8221;botao_infogeral&#8221; url=&#8221;https:\/\/www.portadafrente.com\/estilos-de-vida\/countryside&#8221; url_new_window=&#8221;on&#8221; align=&#8221;center&#8221; _builder_version=&#8221;4.9.0&#8243; _module_preset=&#8221;default&#8221; max_width=&#8221;50%&#8221; module_alignment=&#8221;center&#8221; max_height=&#8221;40px&#8221; border_radii=&#8221;on|40px|40px|40px|40px&#8221; locked=&#8221;off&#8221;][\/et_pb_image][\/et_pb_column][\/et_pb_row][et_pb_row column_structure=&#8221;1_4,1_4,1_4,1_4&#8243; use_custom_gutter=&#8221;on&#8221; gutter_width=&#8221;2&#8243; custom_padding_last_edited=&#8221;on|phone&#8221; module_class=&#8221;coluna-mobile&#8221; _builder_version=&#8221;4.9.0&#8243; _module_preset=&#8221;default&#8221; custom_margin=&#8221;||30px||false|false&#8221; custom_margin_tablet=&#8221;||0px||false|false&#8221; custom_margin_phone=&#8221;&#8221; custom_margin_last_edited=&#8221;on|phone&#8221; custom_padding=&#8221;||||false|false&#8221; custom_padding_tablet=&#8221;0px||||false|false&#8221; custom_padding_phone=&#8221;&#8221; animation_style=&#8221;slide&#8221; animation_direction=&#8221;bottom&#8221; animation_duration=&#8221;750ms&#8221; animation_intensity_slide=&#8221;20%&#8221; locked=&#8221;off&#8221;][et_pb_column type=&#8221;1_4&#8243; _builder_version=&#8221;4.9.0&#8243; _module_preset=&#8221;default&#8221;][et_pb_text _builder_version=&#8221;4.9.0&#8243; _module_preset=&#8221;default&#8221; text_font=&#8221;Raleway|600|||||||&#8221; text_text_color=&#8221;#919191&#8243; text_font_size=&#8221;49px&#8221; text_orientation=&#8221;center&#8221; custom_margin=&#8221;||30px||false|false&#8221;]<\/p>\n<p>5<\/p>\n<p>[\/et_pb_text][et_pb_image src=&#8221;http:\/\/www.portadafrente.pt\/selection\/wp-content\/uploads\/2021\/03\/historic-properties.jpg&#8221; title_text=&#8221;historic-properties&#8221; _builder_version=&#8221;4.9.0&#8243; _module_preset=&#8221;default&#8221; border_radii=&#8221;on|20px|20px|20px|20px&#8221;][\/et_pb_image][et_pb_text _builder_version=&#8221;4.9.0&#8243; _module_preset=&#8221;default&#8221; text_font=&#8221;Montserrat|700|||||||&#8221; text_text_color=&#8221;#FFFFFF&#8221; text_font_size=&#8221;22px&#8221; text_orientation=&#8221;center&#8221; custom_margin=&#8221;||15px||false|false&#8221; custom_padding=&#8221;||0px|||&#8221;]<\/p>\n<p>Hist\u00f3rico<\/p>\n<p>[\/et_pb_text][et_pb_text _builder_version=&#8221;4.9.0&#8243; _module_preset=&#8221;default&#8221; text_font=&#8221;Raleway||||||||&#8221; text_text_color=&#8221;#bcbcbc&#8221; text_font_size=&#8221;12px&#8221; text_line_height=&#8221;1.3em&#8221; ol_font=&#8221;||||||||&#8221; ol_text_align=&#8221;center&#8221; ol_font_size=&#8221;20px&#8221; ol_line_height=&#8221;1.4em&#8221; text_orientation=&#8221;center&#8221; custom_margin=&#8221;||11px|||&#8221; locked=&#8221;off&#8221;]<\/p>\n<p>Veja im\u00f3veis com este lifestyle<\/p>\n<p>[\/et_pb_text][et_pb_image src=&#8221;http:\/\/www.portadafrente.pt\/selection\/wp-content\/uploads\/2021\/03\/botao_infogeral.png&#8221; title_text=&#8221;botao_infogeral&#8221; url=&#8221;https:\/\/www.portadafrente.com\/estilos-de-vida\/historic&#8221; url_new_window=&#8221;on&#8221; align=&#8221;center&#8221; _builder_version=&#8221;4.9.0&#8243; _module_preset=&#8221;default&#8221; max_width=&#8221;50%&#8221; module_alignment=&#8221;center&#8221; max_height=&#8221;40px&#8221; border_radii=&#8221;on|40px|40px|40px|40px&#8221;][\/et_pb_image][\/et_pb_column][et_pb_column type=&#8221;1_4&#8243; _builder_version=&#8221;4.9.0&#8243; _module_preset=&#8221;default&#8221;][et_pb_text _builder_version=&#8221;4.9.0&#8243; _module_preset=&#8221;default&#8221; text_font=&#8221;Raleway|600|||||||&#8221; text_text_color=&#8221;#919191&#8243; text_font_size=&#8221;49px&#8221; text_orientation=&#8221;center&#8221; custom_margin=&#8221;||30px||false|false&#8221; locked=&#8221;off&#8221;]<\/p>\n<p>6<\/p>\n<p>[\/et_pb_text][et_pb_image src=&#8221;http:\/\/www.portadafrente.pt\/selection\/wp-content\/uploads\/2021\/03\/contemporary-properties.jpg&#8221; title_text=&#8221;contemporary-properties&#8221; _builder_version=&#8221;4.9.0&#8243; _module_preset=&#8221;default&#8221; border_radii=&#8221;on|20px|20px|20px|20px&#8221;][\/et_pb_image][et_pb_text _builder_version=&#8221;4.9.0&#8243; _module_preset=&#8221;default&#8221; text_font=&#8221;Montserrat|700|||||||&#8221; text_text_color=&#8221;#FFFFFF&#8221; text_font_size=&#8221;22px&#8221; text_orientation=&#8221;center&#8221; custom_margin=&#8221;||15px||false|false&#8221; custom_padding=&#8221;||0px|||&#8221; locked=&#8221;off&#8221;]<\/p>\n<p>Contempor\u00e2neo<\/p>\n<p>[\/et_pb_text][et_pb_text _builder_version=&#8221;4.9.0&#8243; _module_preset=&#8221;default&#8221; text_font=&#8221;Raleway||||||||&#8221; text_text_color=&#8221;#bcbcbc&#8221; text_font_size=&#8221;12px&#8221; text_line_height=&#8221;1.3em&#8221; ol_font=&#8221;||||||||&#8221; ol_text_align=&#8221;center&#8221; ol_font_size=&#8221;20px&#8221; ol_line_height=&#8221;1.4em&#8221; text_orientation=&#8221;center&#8221; custom_margin=&#8221;||11px|||&#8221; locked=&#8221;off&#8221;]<\/p>\n<p>Veja im\u00f3veis com este lifestyle<\/p>\n<p>[\/et_pb_text][et_pb_image src=&#8221;http:\/\/www.portadafrente.pt\/selection\/wp-content\/uploads\/2021\/03\/botao_infogeral.png&#8221; title_text=&#8221;botao_infogeral&#8221; url=&#8221;https:\/\/www.portadafrente.com\/estilos-de-vida\/contemporary&#8221; url_new_window=&#8221;on&#8221; align=&#8221;center&#8221; _builder_version=&#8221;4.9.0&#8243; _module_preset=&#8221;default&#8221; max_width=&#8221;50%&#8221; module_alignment=&#8221;center&#8221; max_height=&#8221;40px&#8221; border_radii=&#8221;on|40px|40px|40px|40px&#8221; locked=&#8221;off&#8221;][\/et_pb_image][\/et_pb_column][et_pb_column type=&#8221;1_4&#8243; _builder_version=&#8221;4.9.0&#8243; _module_preset=&#8221;default&#8221;][et_pb_text _builder_version=&#8221;4.9.0&#8243; _module_preset=&#8221;default&#8221; text_font=&#8221;Raleway|600|||||||&#8221; text_text_color=&#8221;#919191&#8243; text_font_size=&#8221;49px&#8221; text_orientation=&#8221;center&#8221; custom_margin=&#8221;||30px||false|false&#8221; locked=&#8221;off&#8221;]<\/p>\n<p>7<\/p>\n<p>[\/et_pb_text][et_pb_image src=&#8221;http:\/\/www.portadafrente.pt\/selection\/wp-content\/uploads\/2021\/03\/vineyard-properties.jpg&#8221; title_text=&#8221;vineyard-properties&#8221; _builder_version=&#8221;4.9.0&#8243; _module_preset=&#8221;default&#8221; border_radii=&#8221;on|20px|20px|20px|20px&#8221;][\/et_pb_image][et_pb_text _builder_version=&#8221;4.9.0&#8243; _module_preset=&#8221;default&#8221; text_font=&#8221;Montserrat|700|||||||&#8221; text_text_color=&#8221;#FFFFFF&#8221; text_font_size=&#8221;22px&#8221; text_orientation=&#8221;center&#8221; custom_margin=&#8221;||15px||false|false&#8221; custom_padding=&#8221;||0px|||&#8221; locked=&#8221;off&#8221;]<\/p>\n<p>Vinho<\/p>\n<p>[\/et_pb_text][et_pb_text _builder_version=&#8221;4.9.0&#8243; _module_preset=&#8221;default&#8221; text_font=&#8221;Raleway||||||||&#8221; text_text_color=&#8221;#bcbcbc&#8221; text_font_size=&#8221;12px&#8221; text_line_height=&#8221;1.3em&#8221; ol_font=&#8221;||||||||&#8221; ol_text_align=&#8221;center&#8221; ol_font_size=&#8221;20px&#8221; ol_line_height=&#8221;1.4em&#8221; text_orientation=&#8221;center&#8221; custom_margin=&#8221;||11px|||&#8221; locked=&#8221;off&#8221;]<\/p>\n<p>Veja im\u00f3veis com este lifestyle<\/p>\n<p>[\/et_pb_text][et_pb_image src=&#8221;http:\/\/www.portadafrente.pt\/selection\/wp-content\/uploads\/2021\/03\/botao_infogeral.png&#8221; title_text=&#8221;botao_infogeral&#8221; url=&#8221;https:\/\/www.portadafrente.com\/estilos-de-vida\/winecounty-vineyard&#8221; url_new_window=&#8221;on&#8221; align=&#8221;center&#8221; _builder_version=&#8221;4.9.0&#8243; _module_preset=&#8221;default&#8221; max_width=&#8221;50%&#8221; module_alignment=&#8221;center&#8221; max_height=&#8221;40px&#8221; border_radii=&#8221;on|40px|40px|40px|40px&#8221; locked=&#8221;off&#8221;][\/et_pb_image][\/et_pb_column][et_pb_column type=&#8221;1_4&#8243; _builder_version=&#8221;4.9.0&#8243; _module_preset=&#8221;default&#8221;][et_pb_text _builder_version=&#8221;4.9.0&#8243; _module_preset=&#8221;default&#8221; text_font=&#8221;Raleway|600|||||||&#8221; text_text_color=&#8221;#919191&#8243; text_font_size=&#8221;49px&#8221; text_orientation=&#8221;center&#8221; custom_margin=&#8221;||30px||false|false&#8221; locked=&#8221;off&#8221;]<\/p>\n<p>8<\/p>\n<p>[\/et_pb_text][et_pb_image src=&#8221;http:\/\/www.portadafrente.pt\/selection\/wp-content\/uploads\/2021\/03\/golf-properties.jpg&#8221; title_text=&#8221;golf-properties&#8221; _builder_version=&#8221;4.9.0&#8243; _module_preset=&#8221;default&#8221; border_radii=&#8221;on|20px|20px|20px|20px&#8221;][\/et_pb_image][et_pb_text _builder_version=&#8221;4.9.0&#8243; _module_preset=&#8221;default&#8221; text_font=&#8221;Montserrat|700|||||||&#8221; text_text_color=&#8221;#FFFFFF&#8221; text_font_size=&#8221;22px&#8221; text_orientation=&#8221;center&#8221; custom_margin=&#8221;||15px||false|false&#8221; custom_padding=&#8221;||0px|||&#8221; locked=&#8221;off&#8221;]<\/p>\n<p>Golfe<\/p>\n<p>[\/et_pb_text][et_pb_text _builder_version=&#8221;4.9.0&#8243; _module_preset=&#8221;default&#8221; text_font=&#8221;Raleway||||||||&#8221; text_text_color=&#8221;#bcbcbc&#8221; text_font_size=&#8221;12px&#8221; text_line_height=&#8221;1.3em&#8221; ol_font=&#8221;||||||||&#8221; ol_text_align=&#8221;center&#8221; ol_font_size=&#8221;20px&#8221; ol_line_height=&#8221;1.4em&#8221; text_orientation=&#8221;center&#8221; custom_margin=&#8221;||11px|||&#8221; locked=&#8221;off&#8221;]<\/p>\n<p>Veja im\u00f3veis com este lifestyle<\/p>\n<p>[\/et_pb_text][et_pb_image src=&#8221;http:\/\/www.portadafrente.pt\/selection\/wp-content\/uploads\/2021\/03\/botao_infogeral.png&#8221; title_text=&#8221;botao_infogeral&#8221; url=&#8221;https:\/\/www.portadafrente.com\/estilos-de-vida\/golf&#8221; url_new_window=&#8221;on&#8221; align=&#8221;center&#8221; _builder_version=&#8221;4.9.0&#8243; _module_preset=&#8221;default&#8221; max_width=&#8221;50%&#8221; module_alignment=&#8221;center&#8221; max_height=&#8221;40px&#8221; border_radii=&#8221;on|40px|40px|40px|40px&#8221; locked=&#8221;off&#8221;][\/et_pb_image][\/et_pb_column][\/et_pb_row][\/et_pb_section][et_pb_section fb_built=&#8221;1&#8243; custom_padding_last_edited=&#8221;on|desktop&#8221; module_id=&#8221;localizacoes&#8221; _builder_version=&#8221;4.9.0&#8243; _module_preset=&#8221;default&#8221; background_enable_image=&#8221;off&#8221; background_size=&#8221;contain&#8221; background_repeat=&#8221;repeat-y&#8221; custom_padding=&#8221;50px||50px||false|false&#8221; custom_padding_tablet=&#8221;0px||0px||false|false&#8221; custom_padding_phone=&#8221;&#8221; background_last_edited=&#8221;on|desktop&#8221; background_enable_image_tablet=&#8221;off&#8221; parallax_tablet=&#8221;off&#8221;][et_pb_row column_structure=&#8221;1_2,1_2&#8243; module_class=&#8221;txt-openings&#8221; _builder_version=&#8221;4.9.0&#8243; _module_preset=&#8221;default&#8221; animation_style=&#8221;fold&#8221; animation_direction=&#8221;top&#8221;][et_pb_column type=&#8221;1_2&#8243; _builder_version=&#8221;4.9.0&#8243; _module_preset=&#8221;default&#8221;][et_pb_text _builder_version=&#8221;4.9.0&#8243; _module_preset=&#8221;default&#8221; text_font=&#8221;Montserrat|700|||||||&#8221; text_text_color=&#8221;#000000&#8243; text_line_height=&#8221;2em&#8221; text_orientation_tablet=&#8221;center&#8221; text_orientation_phone=&#8221;&#8221; text_orientation_last_edited=&#8221;on|desktop&#8221;]<span class=\"number-size\">Localiza\u00e7\u00f5es<\/span><br \/>\n<span class=\"label-size\">mais procuradas<\/span>[\/et_pb_text][\/et_pb_column][et_pb_column type=&#8221;1_2&#8243; _builder_version=&#8221;4.9.0&#8243; _module_preset=&#8221;default&#8221;][et_pb_text _builder_version=&#8221;4.9.0&#8243; _module_preset=&#8221;default&#8221; text_font=&#8221;Raleway||||||||&#8221; text_text_color=&#8221;#000000&#8243; text_line_height=&#8221;1.5em&#8221; header_font=&#8221;Montserrat|700|||||||&#8221; header_text_align=&#8221;left&#8221; header_text_color=&#8221;#660024&#8243; header_font_size=&#8221;28px&#8221; header_line_height=&#8221;1.7em&#8221; text_orientation=&#8221;right&#8221; max_width=&#8221;75%&#8221; max_width_tablet=&#8221;100%&#8221; max_width_phone=&#8221;&#8221; max_width_last_edited=&#8221;on|phone&#8221; module_alignment=&#8221;right&#8221; custom_margin=&#8221;||||false|false&#8221; text_orientation_tablet=&#8221;center&#8221; text_orientation_phone=&#8221;&#8221; text_orientation_last_edited=&#8221;on|desktop&#8221; module_alignment_tablet=&#8221;center&#8221; module_alignment_phone=&#8221;center&#8221; module_alignment_last_edited=&#8221;on|phone&#8221; locked=&#8221;off&#8221;]<\/p>\n<p><span>Conhe\u00e7a os bairros e localiza\u00e7\u00f5es que mais cativaram os clientes em 2020 em cada um dos nossos 3 escrit\u00f3rios.<\/span><\/p>\n<p>[\/et_pb_text][\/et_pb_column][\/et_pb_row][et_pb_row _builder_version=&#8221;4.9.0&#8243; _module_preset=&#8221;default&#8221; animation_style=&#8221;fade&#8221; border_color_bottom=&#8221;#cccccc&#8221;][et_pb_column type=&#8221;4_4&#8243; _builder_version=&#8221;4.9.0&#8243; _module_preset=&#8221;default&#8221;][et_pb_text _builder_version=&#8221;4.9.0&#8243; _module_preset=&#8221;default&#8221; text_font=&#8221;Montserrat|300|||||||&#8221; text_text_color=&#8221;#c1c1c1&#8243; text_font_size=&#8221;48px&#8221; text_orientation=&#8221;center&#8221;]<\/p>\n<p>CASCAIS<\/p>\n<p>[\/et_pb_text][\/et_pb_column][\/et_pb_row][et_pb_row _builder_version=&#8221;4.9.0&#8243; _module_preset=&#8221;default&#8221; custom_padding=&#8221;0px||0px|||&#8221; locked=&#8221;off&#8221;][et_pb_column type=&#8221;4_4&#8243; _builder_version=&#8221;4.9.0&#8243; _module_preset=&#8221;default&#8221;][et_pb_divider color=&#8221;#cccccc&#8221; _builder_version=&#8221;4.9.0&#8243; _module_preset=&#8221;default&#8221; max_width=&#8221;25%&#8221; module_alignment=&#8221;center&#8221;][\/et_pb_divider][\/et_pb_column][\/et_pb_row][et_pb_row column_structure=&#8221;1_5,1_5,1_5,1_5,1_5&#8243; use_custom_gutter=&#8221;on&#8221; gutter_width=&#8221;2&#8243; module_class=&#8221;coluna-mobile&#8221; _builder_version=&#8221;4.9.0&#8243; _module_preset=&#8221;default&#8221; custom_margin=&#8221;||30px||false|false&#8221; animation_style=&#8221;slide&#8221; animation_direction=&#8221;right&#8221; animation_duration=&#8221;750ms&#8221; animation_intensity_slide=&#8221;20%&#8221;][et_pb_column type=&#8221;1_5&#8243; _builder_version=&#8221;4.9.0&#8243; _module_preset=&#8221;default&#8221;][et_pb_text _builder_version=&#8221;4.9.0&#8243; _module_preset=&#8221;default&#8221; text_font=&#8221;Raleway|600|||||||&#8221; text_text_color=&#8221;#919191&#8243; text_font_size=&#8221;49px&#8221; text_orientation=&#8221;center&#8221; custom_margin=&#8221;||30px||false|false&#8221;]<\/p>\n<p>1<\/p>\n<p>[\/et_pb_text][et_pb_image src=&#8221;http:\/\/www.portadafrente.pt\/selection\/wp-content\/uploads\/2021\/03\/monte_estoril.jpg&#8221; title_text=&#8221;monte_estoril&#8221; _builder_version=&#8221;4.9.0&#8243; _module_preset=&#8221;default&#8221; border_radii=&#8221;on|20px|20px|20px|20px&#8221;][\/et_pb_image][et_pb_text _builder_version=&#8221;4.9.0&#8243; _module_preset=&#8221;default&#8221; text_font=&#8221;Montserrat|700|||||||&#8221; text_text_color=&#8221;#000000&#8243; text_font_size=&#8221;22px&#8221; text_orientation=&#8221;center&#8221; custom_margin=&#8221;||15px||false|false&#8221; custom_padding=&#8221;||0px|||&#8221;]<\/p>\n<p>Estoril<br \/> Monte Estoril<\/p>\n<p>[\/et_pb_text][et_pb_text _builder_version=&#8221;4.9.0&#8243; _module_preset=&#8221;default&#8221; text_font=&#8221;Raleway||||||||&#8221; text_font_size=&#8221;12px&#8221; text_line_height=&#8221;1.3em&#8221; ol_font=&#8221;||||||||&#8221; ol_text_align=&#8221;center&#8221; ol_font_size=&#8221;20px&#8221; ol_line_height=&#8221;1.4em&#8221; text_orientation=&#8221;center&#8221; custom_margin=&#8221;||11px|||&#8221; locked=&#8221;off&#8221;]<\/p>\n<p>Veja im\u00f3veis nessa localidade<\/p>\n<p>[\/et_pb_text][et_pb_image src=&#8221;http:\/\/www.portadafrente.pt\/selection\/wp-content\/uploads\/2021\/03\/botao_infogeral.png&#8221; title_text=&#8221;botao_infogeral&#8221; url=&#8221;https:\/\/www.portadafrente.com\/imoveis\/cascais\/estoril-monte-estoril\/&#8221; url_new_window=&#8221;on&#8221; align=&#8221;center&#8221; _builder_version=&#8221;4.9.0&#8243; _module_preset=&#8221;default&#8221; max_width=&#8221;50%&#8221; module_alignment=&#8221;center&#8221; border_radii=&#8221;on|40px|40px|40px|40px&#8221;][\/et_pb_image][\/et_pb_column][et_pb_column type=&#8221;1_5&#8243; _builder_version=&#8221;4.9.0&#8243; _module_preset=&#8221;default&#8221;][et_pb_text _builder_version=&#8221;4.9.0&#8243; _module_preset=&#8221;default&#8221; text_font=&#8221;Raleway|600|||||||&#8221; text_text_color=&#8221;#919191&#8243; text_font_size=&#8221;49px&#8221; text_orientation=&#8221;center&#8221; custom_margin=&#8221;||30px||false|false&#8221; locked=&#8221;off&#8221;]<\/p>\n<p>2<\/p>\n<p>[\/et_pb_text][et_pb_image src=&#8221;http:\/\/www.portadafrente.pt\/selection\/wp-content\/uploads\/2021\/03\/56927484_116355966223543_3184677685767511134_n.jpg&#8221; title_text=&#8221;56927484_116355966223543_3184677685767511134_n&#8221; _builder_version=&#8221;4.9.0&#8243; _module_preset=&#8221;default&#8221; border_radii=&#8221;on|20px|20px|20px|20px&#8221;][\/et_pb_image][et_pb_text _builder_version=&#8221;4.9.0&#8243; _module_preset=&#8221;default&#8221; text_font=&#8221;Montserrat|700|||||||&#8221; text_text_color=&#8221;#000000&#8243; text_font_size=&#8221;22px&#8221; text_orientation=&#8221;center&#8221; custom_margin=&#8221;||15px||false|false&#8221; custom_padding=&#8221;||0px|||&#8221; locked=&#8221;off&#8221;]<\/p>\n<p>Vila de<br \/> Cascais<\/p>\n<p>[\/et_pb_text][et_pb_text _builder_version=&#8221;4.9.0&#8243; _module_preset=&#8221;default&#8221; text_font=&#8221;Raleway||||||||&#8221; text_font_size=&#8221;12px&#8221; text_line_height=&#8221;1.3em&#8221; ol_font=&#8221;||||||||&#8221; ol_text_align=&#8221;center&#8221; ol_font_size=&#8221;20px&#8221; ol_line_height=&#8221;1.4em&#8221; text_orientation=&#8221;center&#8221; custom_margin=&#8221;||11px|||&#8221; locked=&#8221;off&#8221;]<\/p>\n<p>Veja im\u00f3veis nessa localidade<\/p>\n<p>[\/et_pb_text][et_pb_image src=&#8221;http:\/\/www.portadafrente.pt\/selection\/wp-content\/uploads\/2021\/03\/botao_infogeral.png&#8221; title_text=&#8221;botao_infogeral&#8221; url=&#8221;https:\/\/www.portadafrente.com\/imoveis\/cascais\/vila-de-cascais\/&#8221; url_new_window=&#8221;on&#8221; align=&#8221;center&#8221; _builder_version=&#8221;4.9.0&#8243; _module_preset=&#8221;default&#8221; max_width=&#8221;50%&#8221; module_alignment=&#8221;center&#8221; border_radii=&#8221;on|99px|99px|99px|99px&#8221; locked=&#8221;off&#8221;][\/et_pb_image][\/et_pb_column][et_pb_column type=&#8221;1_5&#8243; _builder_version=&#8221;4.9.0&#8243; _module_preset=&#8221;default&#8221;][et_pb_text _builder_version=&#8221;4.9.0&#8243; _module_preset=&#8221;default&#8221; text_font=&#8221;Raleway|600|||||||&#8221; text_text_color=&#8221;#919191&#8243; text_font_size=&#8221;49px&#8221; text_orientation=&#8221;center&#8221; custom_margin=&#8221;||30px||false|false&#8221; locked=&#8221;off&#8221;]<\/p>\n<p>3<\/p>\n<p>[\/et_pb_text][et_pb_image src=&#8221;http:\/\/www.portadafrente.pt\/selection\/wp-content\/uploads\/2021\/03\/carcavelos-1.jpg&#8221; title_text=&#8221;carcavelos&#8221; _builder_version=&#8221;4.9.0&#8243; _module_preset=&#8221;default&#8221; border_radii=&#8221;on|20px|20px|20px|20px&#8221;][\/et_pb_image][et_pb_text _builder_version=&#8221;4.9.0&#8243; _module_preset=&#8221;default&#8221; text_font=&#8221;Montserrat|700|||||||&#8221; text_text_color=&#8221;#000000&#8243; text_font_size=&#8221;22px&#8221; text_orientation=&#8221;center&#8221; custom_margin=&#8221;||15px||false|false&#8221; custom_padding=&#8221;||0px|||&#8221; locked=&#8221;off&#8221;]<\/p>\n<p>Parede<br \/> Carcavelos<\/p>\n<p>[\/et_pb_text][et_pb_text _builder_version=&#8221;4.9.0&#8243; _module_preset=&#8221;default&#8221; text_font=&#8221;Raleway||||||||&#8221; text_font_size=&#8221;12px&#8221; text_line_height=&#8221;1.3em&#8221; ol_font=&#8221;||||||||&#8221; ol_text_align=&#8221;center&#8221; ol_font_size=&#8221;20px&#8221; ol_line_height=&#8221;1.4em&#8221; text_orientation=&#8221;center&#8221; custom_margin=&#8221;||11px|||&#8221; locked=&#8221;off&#8221;]<\/p>\n<p>Veja im\u00f3veis nessa localidade<\/p>\n<p>[\/et_pb_text][et_pb_image src=&#8221;http:\/\/www.portadafrente.pt\/selection\/wp-content\/uploads\/2021\/03\/botao_infogeral.png&#8221; title_text=&#8221;botao_infogeral&#8221; url=&#8221;https:\/\/www.portadafrente.com\/imoveis\/cascais\/parede-carcavelos\/&#8221; url_new_window=&#8221;on&#8221; align=&#8221;center&#8221; _builder_version=&#8221;4.9.0&#8243; _module_preset=&#8221;default&#8221; max_width=&#8221;50%&#8221; module_alignment=&#8221;center&#8221; border_radii=&#8221;on|99px|99px|99px|99px&#8221; locked=&#8221;off&#8221;][\/et_pb_image][\/et_pb_column][et_pb_column type=&#8221;1_5&#8243; _builder_version=&#8221;4.9.0&#8243; _module_preset=&#8221;default&#8221;][et_pb_text _builder_version=&#8221;4.9.0&#8243; _module_preset=&#8221;default&#8221; text_font=&#8221;Raleway|600|||||||&#8221; text_text_color=&#8221;#919191&#8243; text_font_size=&#8221;49px&#8221; text_orientation=&#8221;center&#8221; custom_margin=&#8221;||30px||false|false&#8221; locked=&#8221;off&#8221;]<\/p>\n<p>4<\/p>\n<p>[\/et_pb_text][et_pb_image src=&#8221;http:\/\/www.portadafrente.pt\/selection\/wp-content\/uploads\/2021\/03\/quinta_da_marinha.jpg&#8221; title_text=&#8221;quinta_da_marinha&#8221; _builder_version=&#8221;4.9.0&#8243; _module_preset=&#8221;default&#8221; border_radii=&#8221;on|20px|20px|20px|20px&#8221;][\/et_pb_image][et_pb_text _builder_version=&#8221;4.9.0&#8243; _module_preset=&#8221;default&#8221; text_font=&#8221;Montserrat|700|||||||&#8221; text_text_color=&#8221;#000000&#8243; text_font_size=&#8221;22px&#8221; text_orientation=&#8221;center&#8221; custom_margin=&#8221;||15px||false|false&#8221; custom_padding=&#8221;||0px|||&#8221; locked=&#8221;off&#8221;]<\/p>\n<p>Guincho<br \/> Quinta Marinha<\/p>\n<p>[\/et_pb_text][et_pb_text _builder_version=&#8221;4.9.0&#8243; _module_preset=&#8221;default&#8221; text_font=&#8221;Raleway||||||||&#8221; text_font_size=&#8221;12px&#8221; text_line_height=&#8221;1.3em&#8221; ol_font=&#8221;||||||||&#8221; ol_text_align=&#8221;center&#8221; ol_font_size=&#8221;20px&#8221; ol_line_height=&#8221;1.4em&#8221; text_orientation=&#8221;center&#8221; custom_margin=&#8221;||11px|||&#8221; locked=&#8221;off&#8221;]<\/p>\n<p>Veja im\u00f3veis nessa localidade<\/p>\n<p>[\/et_pb_text][et_pb_image src=&#8221;http:\/\/www.portadafrente.pt\/selection\/wp-content\/uploads\/2021\/03\/botao_infogeral.png&#8221; title_text=&#8221;botao_infogeral&#8221; url=&#8221;https:\/\/www.portadafrente.com\/imoveis\/cascais\/guincho-quinta-da-marinha\/&#8221; url_new_window=&#8221;on&#8221; align=&#8221;center&#8221; _builder_version=&#8221;4.9.0&#8243; _module_preset=&#8221;default&#8221; max_width=&#8221;50%&#8221; module_alignment=&#8221;center&#8221; border_radii=&#8221;on|99px|99px|99px|99px&#8221; locked=&#8221;off&#8221;][\/et_pb_image][\/et_pb_column][et_pb_column type=&#8221;1_5&#8243; _builder_version=&#8221;4.9.0&#8243; _module_preset=&#8221;default&#8221;][et_pb_text _builder_version=&#8221;4.9.0&#8243; _module_preset=&#8221;default&#8221; text_font=&#8221;Raleway|600|||||||&#8221; text_text_color=&#8221;#919191&#8243; text_font_size=&#8221;49px&#8221; text_orientation=&#8221;center&#8221; custom_margin=&#8221;||30px||false|false&#8221; locked=&#8221;off&#8221;]<\/p>\n<p>5<\/p>\n<p>[\/et_pb_text][et_pb_image src=&#8221;http:\/\/www.portadafrente.pt\/selection\/wp-content\/uploads\/2021\/03\/guia.jpg&#8221; title_text=&#8221;guia&#8221; _builder_version=&#8221;4.9.0&#8243; _module_preset=&#8221;default&#8221; border_radii=&#8221;on|20px|20px|20px|20px&#8221;][\/et_pb_image][et_pb_text _builder_version=&#8221;4.9.0&#8243; _module_preset=&#8221;default&#8221; text_font=&#8221;Montserrat|700|||||||&#8221; text_text_color=&#8221;#000000&#8243; text_font_size=&#8221;22px&#8221; text_orientation=&#8221;center&#8221; custom_margin=&#8221;||15px||false|false&#8221; custom_padding=&#8221;||0px|||&#8221; locked=&#8221;off&#8221;]<\/p>\n<p>Guia<br \/> Ros\u00e1rio \/ Birre<\/p>\n<p>[\/et_pb_text][et_pb_text _builder_version=&#8221;4.9.0&#8243; _module_preset=&#8221;default&#8221; text_font=&#8221;Raleway||||||||&#8221; text_font_size=&#8221;12px&#8221; text_line_height=&#8221;1.3em&#8221; ol_font=&#8221;||||||||&#8221; ol_text_align=&#8221;center&#8221; ol_font_size=&#8221;20px&#8221; ol_line_height=&#8221;1.4em&#8221; text_orientation=&#8221;center&#8221; custom_margin=&#8221;||11px|||&#8221; locked=&#8221;off&#8221;]<\/p>\n<p>Veja im\u00f3veis nessa localidade<\/p>\n<p>[\/et_pb_text][et_pb_image src=&#8221;http:\/\/www.portadafrente.pt\/selection\/wp-content\/uploads\/2021\/03\/botao_infogeral.png&#8221; title_text=&#8221;botao_infogeral&#8221; url=&#8221;https:\/\/www.portadafrente.com\/imoveis\/cascais\/guia-rosario-birre\/&#8221; url_new_window=&#8221;on&#8221; align=&#8221;center&#8221; _builder_version=&#8221;4.9.0&#8243; _module_preset=&#8221;default&#8221; max_width=&#8221;50%&#8221; module_alignment=&#8221;center&#8221; border_radii=&#8221;on|99px|99px|99px|99px&#8221; locked=&#8221;off&#8221;][\/et_pb_image][\/et_pb_column][\/et_pb_row][et_pb_row _builder_version=&#8221;4.9.0&#8243; _module_preset=&#8221;default&#8221; animation_style=&#8221;fade&#8221; border_color_bottom=&#8221;#cccccc&#8221; locked=&#8221;off&#8221;][et_pb_column type=&#8221;4_4&#8243; _builder_version=&#8221;4.9.0&#8243; _module_preset=&#8221;default&#8221;][et_pb_text _builder_version=&#8221;4.9.0&#8243; _module_preset=&#8221;default&#8221; text_font=&#8221;Montserrat|300|||||||&#8221; text_text_color=&#8221;#c1c1c1&#8243; text_font_size=&#8221;48px&#8221; text_orientation=&#8221;center&#8221;]<\/p>\n<p>OEIRAS<\/p>\n<p>[\/et_pb_text][\/et_pb_column][\/et_pb_row][et_pb_row _builder_version=&#8221;4.9.0&#8243; _module_preset=&#8221;default&#8221; custom_padding=&#8221;0px||0px|||&#8221; locked=&#8221;off&#8221;][et_pb_column type=&#8221;4_4&#8243; _builder_version=&#8221;4.9.0&#8243; _module_preset=&#8221;default&#8221;][et_pb_divider color=&#8221;#cccccc&#8221; _builder_version=&#8221;4.9.0&#8243; _module_preset=&#8221;default&#8221; max_width=&#8221;25%&#8221; module_alignment=&#8221;center&#8221;][\/et_pb_divider][\/et_pb_column][\/et_pb_row][et_pb_row column_structure=&#8221;1_5,1_5,1_5,1_5,1_5&#8243; use_custom_gutter=&#8221;on&#8221; gutter_width=&#8221;2&#8243; module_class=&#8221;coluna-mobile&#8221; _builder_version=&#8221;4.9.0&#8243; _module_preset=&#8221;default&#8221; custom_margin=&#8221;||30px||false|false&#8221; animation_style=&#8221;slide&#8221; animation_direction=&#8221;left&#8221; animation_duration=&#8221;750ms&#8221; animation_intensity_slide=&#8221;20%&#8221; locked=&#8221;off&#8221;][et_pb_column type=&#8221;1_5&#8243; _builder_version=&#8221;4.9.0&#8243; _module_preset=&#8221;default&#8221;][et_pb_text _builder_version=&#8221;4.9.0&#8243; _module_preset=&#8221;default&#8221; text_font=&#8221;Raleway|600|||||||&#8221; text_text_color=&#8221;#919191&#8243; text_font_size=&#8221;49px&#8221; text_orientation=&#8221;center&#8221; custom_margin=&#8221;||30px||false|false&#8221; locked=&#8221;off&#8221;]<\/p>\n<p>1<\/p>\n<p>[\/et_pb_text][et_pb_image src=&#8221;http:\/\/www.portadafrente.pt\/selection\/wp-content\/uploads\/2021\/03\/alto_do_lagoal_e_caxias.jpg&#8221; title_text=&#8221;alto_do_lagoal_e_caxias&#8221; _builder_version=&#8221;4.9.0&#8243; _module_preset=&#8221;default&#8221; border_radii=&#8221;on|20px|20px|20px|20px&#8221;][\/et_pb_image][et_pb_text _builder_version=&#8221;4.9.0&#8243; _module_preset=&#8221;default&#8221; text_font=&#8221;Montserrat|700|||||||&#8221; text_text_color=&#8221;#000000&#8243; text_font_size=&#8221;22px&#8221; text_orientation=&#8221;center&#8221; custom_margin=&#8221;||15px||false|false&#8221; custom_padding=&#8221;||0px|||&#8221;]<\/p>\n<p>Alto do Lagoal<br \/>Caxias<\/p>\n<p>[\/et_pb_text][et_pb_text _builder_version=&#8221;4.9.0&#8243; _module_preset=&#8221;default&#8221; text_font=&#8221;Raleway||||||||&#8221; text_font_size=&#8221;12px&#8221; text_line_height=&#8221;1.3em&#8221; ol_font=&#8221;||||||||&#8221; ol_text_align=&#8221;center&#8221; ol_font_size=&#8221;20px&#8221; ol_line_height=&#8221;1.4em&#8221; text_orientation=&#8221;center&#8221; custom_margin=&#8221;||11px|||&#8221; locked=&#8221;off&#8221;]<\/p>\n<p>Veja im\u00f3veis nessa localidade<\/p>\n<p>[\/et_pb_text][et_pb_image src=&#8221;http:\/\/www.portadafrente.pt\/selection\/wp-content\/uploads\/2021\/03\/botao_infogeral.png&#8221; title_text=&#8221;botao_infogeral&#8221; url=&#8221;https:\/\/www.portadafrente.com\/imoveis\/oeiras\/alto-do-lagoal-caxias\/&#8221; url_new_window=&#8221;on&#8221; align=&#8221;center&#8221; _builder_version=&#8221;4.9.0&#8243; _module_preset=&#8221;default&#8221; max_width=&#8221;50%&#8221; module_alignment=&#8221;center&#8221; border_radii=&#8221;on|40px|40px|40px|40px&#8221;][\/et_pb_image][\/et_pb_column][et_pb_column type=&#8221;1_5&#8243; _builder_version=&#8221;4.9.0&#8243; _module_preset=&#8221;default&#8221;][et_pb_text _builder_version=&#8221;4.9.0&#8243; _module_preset=&#8221;default&#8221; text_font=&#8221;Raleway|600|||||||&#8221; text_text_color=&#8221;#919191&#8243; text_font_size=&#8221;49px&#8221; text_orientation=&#8221;center&#8221; custom_margin=&#8221;||30px||false|false&#8221; locked=&#8221;off&#8221;]<\/p>\n<p>2<\/p>\n<p>[\/et_pb_text][et_pb_image src=&#8221;http:\/\/www.portadafrente.pt\/selection\/wp-content\/uploads\/2021\/03\/paco_de_arcos.jpg&#8221; title_text=&#8221;paco_de_arcos&#8221; _builder_version=&#8221;4.9.0&#8243; _module_preset=&#8221;default&#8221; border_radii=&#8221;on|20px|20px|20px|20px&#8221;][\/et_pb_image][et_pb_text _builder_version=&#8221;4.9.0&#8243; _module_preset=&#8221;default&#8221; text_font=&#8221;Montserrat|700|||||||&#8221; text_text_color=&#8221;#000000&#8243; text_font_size=&#8221;22px&#8221; text_orientation=&#8221;center&#8221; custom_margin=&#8221;||15px||false|false&#8221; custom_padding=&#8221;||0px|||&#8221; locked=&#8221;off&#8221;]<\/p>\n<p>Pa\u00e7o<br \/>de Arcos<\/p>\n<p>[\/et_pb_text][et_pb_text _builder_version=&#8221;4.9.0&#8243; _module_preset=&#8221;default&#8221; text_font=&#8221;Raleway||||||||&#8221; text_font_size=&#8221;12px&#8221; text_line_height=&#8221;1.3em&#8221; ol_font=&#8221;||||||||&#8221; ol_text_align=&#8221;center&#8221; ol_font_size=&#8221;20px&#8221; ol_line_height=&#8221;1.4em&#8221; text_orientation=&#8221;center&#8221; custom_margin=&#8221;||11px|||&#8221; locked=&#8221;off&#8221;]<\/p>\n<p>Veja im\u00f3veis nessa localidade<\/p>\n<p>[\/et_pb_text][et_pb_image src=&#8221;http:\/\/www.portadafrente.pt\/selection\/wp-content\/uploads\/2021\/03\/botao_infogeral.png&#8221; title_text=&#8221;botao_infogeral&#8221; url=&#8221;https:\/\/www.portadafrente.com\/imoveis\/oeiras\/paco-de-arcos\/&#8221; url_new_window=&#8221;on&#8221; align=&#8221;center&#8221; _builder_version=&#8221;4.9.0&#8243; _module_preset=&#8221;default&#8221; max_width=&#8221;50%&#8221; module_alignment=&#8221;center&#8221; border_radii=&#8221;on|40px|40px|40px|40px&#8221; locked=&#8221;off&#8221;][\/et_pb_image][\/et_pb_column][et_pb_column type=&#8221;1_5&#8243; _builder_version=&#8221;4.9.0&#8243; _module_preset=&#8221;default&#8221;][et_pb_text _builder_version=&#8221;4.9.0&#8243; _module_preset=&#8221;default&#8221; text_font=&#8221;Raleway|600|||||||&#8221; text_text_color=&#8221;#919191&#8243; text_font_size=&#8221;49px&#8221; text_orientation=&#8221;center&#8221; custom_margin=&#8221;||30px||false|false&#8221; locked=&#8221;off&#8221;]<\/p>\n<p>3<\/p>\n<p>[\/et_pb_text][et_pb_image src=&#8221;http:\/\/www.portadafrente.pt\/selection\/wp-content\/uploads\/2021\/03\/jamor-1.jpg&#8221; title_text=&#8221;jamor&#8221; _builder_version=&#8221;4.9.0&#8243; _module_preset=&#8221;default&#8221; border_radii=&#8221;on|20px|20px|20px|20px&#8221;][\/et_pb_image][et_pb_text _builder_version=&#8221;4.9.0&#8243; _module_preset=&#8221;default&#8221; text_font=&#8221;Montserrat|700|||||||&#8221; text_text_color=&#8221;#000000&#8243; text_font_size=&#8221;22px&#8221; text_orientation=&#8221;center&#8221; custom_margin=&#8221;||15px||false|false&#8221; custom_padding=&#8221;||0px|||&#8221; locked=&#8221;off&#8221;]<\/p>\n<p>Jamor \/ Alg\u00e9s<br \/>Miraflores<\/p>\n<p>[\/et_pb_text][et_pb_text _builder_version=&#8221;4.9.0&#8243; _module_preset=&#8221;default&#8221; text_font=&#8221;Raleway||||||||&#8221; text_font_size=&#8221;12px&#8221; text_line_height=&#8221;1.3em&#8221; ol_font=&#8221;||||||||&#8221; ol_text_align=&#8221;center&#8221; ol_font_size=&#8221;20px&#8221; ol_line_height=&#8221;1.4em&#8221; text_orientation=&#8221;center&#8221; custom_margin=&#8221;||11px|||&#8221; locked=&#8221;off&#8221;]<\/p>\n<p>Veja im\u00f3veis nessa localidade<\/p>\n<p>[\/et_pb_text][et_pb_image src=&#8221;http:\/\/www.portadafrente.pt\/selection\/wp-content\/uploads\/2021\/03\/botao_infogeral.png&#8221; title_text=&#8221;botao_infogeral&#8221; url=&#8221;https:\/\/www.portadafrente.com\/imoveis\/oeiras\/jamor-alges-miraflores\/&#8221; url_new_window=&#8221;on&#8221; align=&#8221;center&#8221; _builder_version=&#8221;4.9.0&#8243; _module_preset=&#8221;default&#8221; max_width=&#8221;50%&#8221; module_alignment=&#8221;center&#8221; border_radii=&#8221;on|40px|40px|40px|40px&#8221; locked=&#8221;off&#8221;][\/et_pb_image][\/et_pb_column][et_pb_column type=&#8221;1_5&#8243; _builder_version=&#8221;4.9.0&#8243; _module_preset=&#8221;default&#8221;][et_pb_text _builder_version=&#8221;4.9.0&#8243; _module_preset=&#8221;default&#8221; text_font=&#8221;Raleway|600|||||||&#8221; text_text_color=&#8221;#919191&#8243; text_font_size=&#8221;49px&#8221; text_orientation=&#8221;center&#8221; custom_margin=&#8221;||30px||false|false&#8221; locked=&#8221;off&#8221;]<\/p>\n<p>4<\/p>\n<p>[\/et_pb_text][et_pb_image src=&#8221;http:\/\/www.portadafrente.pt\/selection\/wp-content\/uploads\/2021\/03\/santo-amaro.jpg&#8221; title_text=&#8221;santo-amaro&#8221; _builder_version=&#8221;4.9.0&#8243; _module_preset=&#8221;default&#8221; border_radii=&#8221;on|20px|20px|20px|20px&#8221;][\/et_pb_image][et_pb_text _builder_version=&#8221;4.9.0&#8243; _module_preset=&#8221;default&#8221; text_font=&#8221;Montserrat|700|||||||&#8221; text_text_color=&#8221;#000000&#8243; text_font_size=&#8221;22px&#8221; text_orientation=&#8221;center&#8221; custom_margin=&#8221;||15px||false|false&#8221; custom_padding=&#8221;||0px|||&#8221; locked=&#8221;off&#8221;]<\/p>\n<p>Centro Hist\u00f3rico<br \/>Santo Amaro<\/p>\n<p>[\/et_pb_text][et_pb_text _builder_version=&#8221;4.9.0&#8243; _module_preset=&#8221;default&#8221; text_font=&#8221;Raleway||||||||&#8221; text_font_size=&#8221;12px&#8221; text_line_height=&#8221;1.3em&#8221; ol_font=&#8221;||||||||&#8221; ol_text_align=&#8221;center&#8221; ol_font_size=&#8221;20px&#8221; ol_line_height=&#8221;1.4em&#8221; text_orientation=&#8221;center&#8221; custom_margin=&#8221;||11px|||&#8221; locked=&#8221;off&#8221;]<\/p>\n<p>Veja im\u00f3veis nessa localidade<\/p>\n<p>[\/et_pb_text][et_pb_image src=&#8221;http:\/\/www.portadafrente.pt\/selection\/wp-content\/uploads\/2021\/03\/botao_infogeral.png&#8221; title_text=&#8221;botao_infogeral&#8221; url=&#8221;https:\/\/www.portadafrente.com\/imoveis\/oeiras\/baia-centro-historico-santo-amaro-de-oeiras\/&#8221; url_new_window=&#8221;on&#8221; align=&#8221;center&#8221; _builder_version=&#8221;4.9.0&#8243; _module_preset=&#8221;default&#8221; max_width=&#8221;50%&#8221; module_alignment=&#8221;center&#8221; border_radii=&#8221;on|40px|40px|40px|40px&#8221; locked=&#8221;off&#8221;][\/et_pb_image][\/et_pb_column][et_pb_column type=&#8221;1_5&#8243; _builder_version=&#8221;4.9.0&#8243; _module_preset=&#8221;default&#8221;][et_pb_text _builder_version=&#8221;4.9.0&#8243; _module_preset=&#8221;default&#8221; text_font=&#8221;Raleway|600|||||||&#8221; text_text_color=&#8221;#919191&#8243; text_font_size=&#8221;49px&#8221; text_orientation=&#8221;center&#8221; custom_margin=&#8221;||30px||false|false&#8221; locked=&#8221;off&#8221;]<\/p>\n<p>5<\/p>\n<p>[\/et_pb_text][et_pb_image src=&#8221;http:\/\/www.portadafrente.pt\/selection\/wp-content\/uploads\/2021\/03\/alto_da_barra.jpg&#8221; title_text=&#8221;alto_da_barra&#8221; _builder_version=&#8221;4.9.0&#8243; _module_preset=&#8221;default&#8221; border_radii=&#8221;on|20px|20px|20px|20px&#8221;][\/et_pb_image][et_pb_text _builder_version=&#8221;4.9.0&#8243; _module_preset=&#8221;default&#8221; text_font=&#8221;Montserrat|700|||||||&#8221; text_text_color=&#8221;#000000&#8243; text_font_size=&#8221;22px&#8221; text_orientation=&#8221;center&#8221; custom_margin=&#8221;||15px||false|false&#8221; custom_padding=&#8221;||0px|||&#8221; locked=&#8221;off&#8221;]<\/p>\n<p>Alto<br \/>da Barra<\/p>\n<p>[\/et_pb_text][et_pb_text _builder_version=&#8221;4.9.0&#8243; _module_preset=&#8221;default&#8221; text_font=&#8221;Raleway||||||||&#8221; text_font_size=&#8221;12px&#8221; text_line_height=&#8221;1.3em&#8221; ol_font=&#8221;||||||||&#8221; ol_text_align=&#8221;center&#8221; ol_font_size=&#8221;20px&#8221; ol_line_height=&#8221;1.4em&#8221; text_orientation=&#8221;center&#8221; custom_margin=&#8221;||11px|||&#8221; locked=&#8221;off&#8221;]<\/p>\n<p>Veja im\u00f3veis nessa localidade<\/p>\n<p>[\/et_pb_text][et_pb_image src=&#8221;http:\/\/www.portadafrente.pt\/selection\/wp-content\/uploads\/2021\/03\/botao_infogeral.png&#8221; title_text=&#8221;botao_infogeral&#8221; url=&#8221;https:\/\/www.portadafrente.com\/imoveis\/oeiras\/alto-da-barra\/&#8221; url_new_window=&#8221;on&#8221; align=&#8221;center&#8221; _builder_version=&#8221;4.9.0&#8243; _module_preset=&#8221;default&#8221; max_width=&#8221;50%&#8221; module_alignment=&#8221;center&#8221; border_radii=&#8221;on|40px|40px|40px|40px&#8221; locked=&#8221;off&#8221;][\/et_pb_image][\/et_pb_column][\/et_pb_row][et_pb_row _builder_version=&#8221;4.9.0&#8243; _module_preset=&#8221;default&#8221; animation_style=&#8221;fade&#8221; border_color_bottom=&#8221;#cccccc&#8221; locked=&#8221;off&#8221;][et_pb_column type=&#8221;4_4&#8243; _builder_version=&#8221;4.9.0&#8243; _module_preset=&#8221;default&#8221;][et_pb_text _builder_version=&#8221;4.9.0&#8243; _module_preset=&#8221;default&#8221; text_font=&#8221;Montserrat|300|||||||&#8221; text_text_color=&#8221;#c1c1c1&#8243; text_font_size=&#8221;48px&#8221; text_orientation=&#8221;center&#8221;]<\/p>\n<p>LISBOA<\/p>\n<p>[\/et_pb_text][\/et_pb_column][\/et_pb_row][et_pb_row _builder_version=&#8221;4.9.0&#8243; _module_preset=&#8221;default&#8221; custom_padding=&#8221;0px||0px|||&#8221; locked=&#8221;off&#8221;][et_pb_column type=&#8221;4_4&#8243; _builder_version=&#8221;4.9.0&#8243; _module_preset=&#8221;default&#8221;][et_pb_divider color=&#8221;#cccccc&#8221; _builder_version=&#8221;4.9.0&#8243; _module_preset=&#8221;default&#8221; max_width=&#8221;25%&#8221; module_alignment=&#8221;center&#8221;][\/et_pb_divider][\/et_pb_column][\/et_pb_row][et_pb_row column_structure=&#8221;1_5,1_5,1_5,1_5,1_5&#8243; use_custom_gutter=&#8221;on&#8221; gutter_width=&#8221;2&#8243; module_class=&#8221;coluna-mobile&#8221; _builder_version=&#8221;4.9.0&#8243; _module_preset=&#8221;default&#8221; custom_margin=&#8221;||30px||false|false&#8221; animation_style=&#8221;slide&#8221; animation_direction=&#8221;right&#8221; animation_duration=&#8221;750ms&#8221; animation_intensity_slide=&#8221;20%&#8221; locked=&#8221;off&#8221;][et_pb_column type=&#8221;1_5&#8243; _builder_version=&#8221;4.9.0&#8243; _module_preset=&#8221;default&#8221;][et_pb_text _builder_version=&#8221;4.9.0&#8243; _module_preset=&#8221;default&#8221; text_font=&#8221;Raleway|600|||||||&#8221; text_text_color=&#8221;#919191&#8243; text_font_size=&#8221;49px&#8221; text_orientation=&#8221;center&#8221; custom_margin=&#8221;||30px||false|false&#8221; locked=&#8221;off&#8221;]<\/p>\n<p>1<\/p>\n<p>[\/et_pb_text][et_pb_image src=&#8221;http:\/\/www.portadafrente.pt\/selection\/wp-content\/uploads\/2021\/03\/belem.jpg&#8221; title_text=&#8221;belem&#8221; _builder_version=&#8221;4.9.0&#8243; _module_preset=&#8221;default&#8221; border_radii=&#8221;on|20px|20px|20px|20px&#8221;][\/et_pb_image][et_pb_text _builder_version=&#8221;4.9.0&#8243; _module_preset=&#8221;default&#8221; text_font=&#8221;Montserrat|700|||||||&#8221; text_text_color=&#8221;#000000&#8243; text_font_size=&#8221;22px&#8221; text_orientation=&#8221;center&#8221; custom_margin=&#8221;||15px||false|false&#8221; custom_padding=&#8221;||0px|||&#8221;]<\/p>\n<p>Bel\u00e9m<br \/>Restelo \/ Ajuda<\/p>\n<p>[\/et_pb_text][et_pb_text _builder_version=&#8221;4.9.0&#8243; _module_preset=&#8221;default&#8221; text_font=&#8221;Raleway||||||||&#8221; text_font_size=&#8221;12px&#8221; text_line_height=&#8221;1.3em&#8221; ol_font=&#8221;||||||||&#8221; ol_text_align=&#8221;center&#8221; ol_font_size=&#8221;20px&#8221; ol_line_height=&#8221;1.4em&#8221; text_orientation=&#8221;center&#8221; custom_margin=&#8221;||11px|||&#8221; locked=&#8221;off&#8221;]<\/p>\n<p>Veja im\u00f3veis nessa localidade<\/p>\n<p>[\/et_pb_text][et_pb_image src=&#8221;http:\/\/www.portadafrente.pt\/selection\/wp-content\/uploads\/2021\/03\/botao_infogeral.png&#8221; title_text=&#8221;botao_infogeral&#8221; url=&#8221;https:\/\/www.portadafrente.com\/imoveis\/lisboa\/belem-restelo-ajuda\/&#8221; url_new_window=&#8221;on&#8221; align=&#8221;center&#8221; _builder_version=&#8221;4.9.0&#8243; _module_preset=&#8221;default&#8221; max_width=&#8221;50%&#8221; module_alignment=&#8221;center&#8221; border_radii=&#8221;on|40px|40px|40px|40px&#8221;][\/et_pb_image][\/et_pb_column][et_pb_column type=&#8221;1_5&#8243; _builder_version=&#8221;4.9.0&#8243; _module_preset=&#8221;default&#8221;][et_pb_text _builder_version=&#8221;4.9.0&#8243; _module_preset=&#8221;default&#8221; text_font=&#8221;Raleway|600|||||||&#8221; text_text_color=&#8221;#919191&#8243; text_font_size=&#8221;49px&#8221; text_orientation=&#8221;center&#8221; custom_margin=&#8221;||30px||false|false&#8221; locked=&#8221;off&#8221;]<\/p>\n<p>2<\/p>\n<p>[\/et_pb_text][et_pb_image src=&#8221;http:\/\/www.portadafrente.pt\/selection\/wp-content\/uploads\/2021\/03\/avenidas-novas.jpg&#8221; title_text=&#8221;avenidas-novas&#8221; _builder_version=&#8221;4.9.0&#8243; _module_preset=&#8221;default&#8221; border_radii=&#8221;on|20px|20px|20px|20px&#8221;][\/et_pb_image][et_pb_text _builder_version=&#8221;4.9.0&#8243; _module_preset=&#8221;default&#8221; text_font=&#8221;Montserrat|700|||||||&#8221; text_text_color=&#8221;#000000&#8243; text_font_size=&#8221;22px&#8221; text_orientation=&#8221;center&#8221; custom_margin=&#8221;||15px||false|false&#8221; custom_padding=&#8221;||0px|||&#8221; locked=&#8221;off&#8221;]<\/p>\n<p>Avenidas Novas<br \/>Alvalade<\/p>\n<p>[\/et_pb_text][et_pb_text _builder_version=&#8221;4.9.0&#8243; _module_preset=&#8221;default&#8221; text_font=&#8221;Raleway||||||||&#8221; text_font_size=&#8221;12px&#8221; text_line_height=&#8221;1.3em&#8221; ol_font=&#8221;||||||||&#8221; ol_text_align=&#8221;center&#8221; ol_font_size=&#8221;20px&#8221; ol_line_height=&#8221;1.4em&#8221; text_orientation=&#8221;center&#8221; custom_margin=&#8221;||11px|||&#8221; locked=&#8221;off&#8221;]<\/p>\n<p>Veja im\u00f3veis nessa localidade<\/p>\n<p>[\/et_pb_text][et_pb_image src=&#8221;http:\/\/www.portadafrente.pt\/selection\/wp-content\/uploads\/2021\/03\/botao_infogeral.png&#8221; title_text=&#8221;botao_infogeral&#8221; url=&#8221;https:\/\/www.portadafrente.com\/imoveis\/lisboa\/avenidas-novas-alvalade\/&#8221; url_new_window=&#8221;on&#8221; align=&#8221;center&#8221; _builder_version=&#8221;4.9.0&#8243; _module_preset=&#8221;default&#8221; max_width=&#8221;50%&#8221; module_alignment=&#8221;center&#8221; border_radii=&#8221;on|40px|40px|40px|40px&#8221; locked=&#8221;off&#8221;][\/et_pb_image][\/et_pb_column][et_pb_column type=&#8221;1_5&#8243; _builder_version=&#8221;4.9.0&#8243; _module_preset=&#8221;default&#8221;][et_pb_text _builder_version=&#8221;4.9.0&#8243; _module_preset=&#8221;default&#8221; text_font=&#8221;Raleway|600|||||||&#8221; text_text_color=&#8221;#919191&#8243; text_font_size=&#8221;49px&#8221; text_orientation=&#8221;center&#8221; custom_margin=&#8221;||30px||false|false&#8221; locked=&#8221;off&#8221;]<\/p>\n<p>3<\/p>\n<p>[\/et_pb_text][et_pb_image src=&#8221;http:\/\/www.portadafrente.pt\/selection\/wp-content\/uploads\/2021\/03\/santos.jpg&#8221; title_text=&#8221;santos&#8221; _builder_version=&#8221;4.9.0&#8243; _module_preset=&#8221;default&#8221; border_radii=&#8221;on|20px|20px|20px|20px&#8221;][\/et_pb_image][et_pb_text _builder_version=&#8221;4.9.0&#8243; _module_preset=&#8221;default&#8221; text_font=&#8221;Montserrat|700|||||||&#8221; text_text_color=&#8221;#000000&#8243; text_font_size=&#8221;22px&#8221; text_orientation=&#8221;center&#8221; custom_margin=&#8221;||15px||false|false&#8221; custom_padding=&#8221;||0px|||&#8221; locked=&#8221;off&#8221;]<\/p>\n<p>Santos<br \/>Lapa \/ Estrela<\/p>\n<p>[\/et_pb_text][et_pb_text _builder_version=&#8221;4.9.0&#8243; _module_preset=&#8221;default&#8221; text_font=&#8221;Raleway||||||||&#8221; text_font_size=&#8221;12px&#8221; text_line_height=&#8221;1.3em&#8221; ol_font=&#8221;||||||||&#8221; ol_text_align=&#8221;center&#8221; ol_font_size=&#8221;20px&#8221; ol_line_height=&#8221;1.4em&#8221; text_orientation=&#8221;center&#8221; custom_margin=&#8221;||11px|||&#8221; locked=&#8221;off&#8221;]<\/p>\n<p>Veja im\u00f3veis nessa localidade<\/p>\n<p>[\/et_pb_text][et_pb_image src=&#8221;http:\/\/www.portadafrente.pt\/selection\/wp-content\/uploads\/2021\/03\/botao_infogeral.png&#8221; title_text=&#8221;botao_infogeral&#8221; url=&#8221;https:\/\/www.portadafrente.com\/imoveis\/lisboa\/santos-lapa-estrela\/&#8221; url_new_window=&#8221;on&#8221; align=&#8221;center&#8221; _builder_version=&#8221;4.9.0&#8243; _module_preset=&#8221;default&#8221; max_width=&#8221;50%&#8221; module_alignment=&#8221;center&#8221; border_radii=&#8221;on|40px|40px|40px|40px&#8221; locked=&#8221;off&#8221;][\/et_pb_image][\/et_pb_column][et_pb_column type=&#8221;1_5&#8243; _builder_version=&#8221;4.9.0&#8243; _module_preset=&#8221;default&#8221;][et_pb_text _builder_version=&#8221;4.9.0&#8243; _module_preset=&#8221;default&#8221; text_font=&#8221;Raleway|600|||||||&#8221; text_text_color=&#8221;#919191&#8243; text_font_size=&#8221;49px&#8221; text_orientation=&#8221;center&#8221; custom_margin=&#8221;||30px||false|false&#8221; locked=&#8221;off&#8221;]<\/p>\n<p>4<\/p>\n<p>[\/et_pb_text][et_pb_image src=&#8221;http:\/\/www.portadafrente.pt\/selection\/wp-content\/uploads\/2021\/03\/avenida-liberdade.jpg&#8221; title_text=&#8221;avenida-liberdade&#8221; _builder_version=&#8221;4.9.0&#8243; _module_preset=&#8221;default&#8221; border_radii=&#8221;on|20px|20px|20px|20px&#8221;][\/et_pb_image][et_pb_text _builder_version=&#8221;4.9.0&#8243; _module_preset=&#8221;default&#8221; text_font=&#8221;Montserrat|700|||||||&#8221; text_text_color=&#8221;#000000&#8243; text_font_size=&#8221;22px&#8221; text_orientation=&#8221;center&#8221; custom_margin=&#8221;||15px||false|false&#8221; custom_padding=&#8221;||0px|||&#8221; locked=&#8221;off&#8221;]<\/p>\n<p>Avenida<br \/>da Liberdade<\/p>\n<p>[\/et_pb_text][et_pb_text _builder_version=&#8221;4.9.0&#8243; _module_preset=&#8221;default&#8221; text_font=&#8221;Raleway||||||||&#8221; text_font_size=&#8221;12px&#8221; text_line_height=&#8221;1.3em&#8221; ol_font=&#8221;||||||||&#8221; ol_text_align=&#8221;center&#8221; ol_font_size=&#8221;20px&#8221; ol_line_height=&#8221;1.4em&#8221; text_orientation=&#8221;center&#8221; custom_margin=&#8221;||11px|||&#8221; locked=&#8221;off&#8221;]<\/p>\n<p>Veja im\u00f3veis nessa localidade<\/p>\n<p>[\/et_pb_text][et_pb_image src=&#8221;http:\/\/www.portadafrente.pt\/selection\/wp-content\/uploads\/2021\/03\/botao_infogeral.png&#8221; title_text=&#8221;botao_infogeral&#8221; url=&#8221;https:\/\/www.portadafrente.com\/imoveis\/lisboa\/avenida-da-liberdade\/&#8221; url_new_window=&#8221;on&#8221; align=&#8221;center&#8221; _builder_version=&#8221;4.9.0&#8243; _module_preset=&#8221;default&#8221; max_width=&#8221;50%&#8221; module_alignment=&#8221;center&#8221; border_radii=&#8221;on|40px|40px|40px|40px&#8221; locked=&#8221;off&#8221;][\/et_pb_image][\/et_pb_column][et_pb_column type=&#8221;1_5&#8243; _builder_version=&#8221;4.9.0&#8243; _module_preset=&#8221;default&#8221;][et_pb_text _builder_version=&#8221;4.9.0&#8243; _module_preset=&#8221;default&#8221; text_font=&#8221;Raleway|600|||||||&#8221; text_text_color=&#8221;#919191&#8243; text_font_size=&#8221;49px&#8221; text_orientation=&#8221;center&#8221; custom_margin=&#8221;||30px||false|false&#8221; locked=&#8221;off&#8221;]<\/p>\n<p>5<\/p>\n<p>[\/et_pb_text][et_pb_image src=&#8221;http:\/\/www.portadafrente.pt\/selection\/wp-content\/uploads\/2021\/03\/alfama.jpg&#8221; title_text=&#8221;alfama&#8221; _builder_version=&#8221;4.9.0&#8243; _module_preset=&#8221;default&#8221; border_radii=&#8221;on|20px|20px|20px|20px&#8221;][\/et_pb_image][et_pb_text _builder_version=&#8221;4.9.0&#8243; _module_preset=&#8221;default&#8221; text_font=&#8221;Montserrat|700|||||||&#8221; text_text_color=&#8221;#000000&#8243; text_font_size=&#8221;22px&#8221; text_orientation=&#8221;center&#8221; custom_margin=&#8221;||15px||false|false&#8221; custom_padding=&#8221;||0px|||&#8221; locked=&#8221;off&#8221;]<\/p>\n<p>Alfama<br \/>Gra\u00e7a \/ Castelo<\/p>\n<p>[\/et_pb_text][et_pb_text _builder_version=&#8221;4.9.0&#8243; _module_preset=&#8221;default&#8221; text_font=&#8221;Raleway||||||||&#8221; text_font_size=&#8221;12px&#8221; text_line_height=&#8221;1.3em&#8221; ol_font=&#8221;||||||||&#8221; ol_text_align=&#8221;center&#8221; ol_font_size=&#8221;20px&#8221; ol_line_height=&#8221;1.4em&#8221; text_orientation=&#8221;center&#8221; custom_margin=&#8221;||11px|||&#8221; locked=&#8221;off&#8221;]<\/p>\n<p>Veja im\u00f3veis nessa localidade<\/p>\n<p>[\/et_pb_text][et_pb_image src=&#8221;http:\/\/www.portadafrente.pt\/selection\/wp-content\/uploads\/2021\/03\/botao_infogeral.png&#8221; title_text=&#8221;botao_infogeral&#8221; url=&#8221;https:\/\/www.portadafrente.com\/imoveis\/lisboa\/alfama-graca-castelo\/&#8221; url_new_window=&#8221;on&#8221; align=&#8221;center&#8221; _builder_version=&#8221;4.9.0&#8243; _module_preset=&#8221;default&#8221; max_width=&#8221;50%&#8221; module_alignment=&#8221;center&#8221; border_radii=&#8221;on|40px|40px|40px|40px&#8221; locked=&#8221;off&#8221;][\/et_pb_image][\/et_pb_column][\/et_pb_row][\/et_pb_section][et_pb_section fb_built=&#8221;1&#8243; module_id=&#8221;casas&#8221; _builder_version=&#8221;4.9.0&#8243; _module_preset=&#8221;default&#8221; box_shadow_style=&#8221;preset3&#8243; box_shadow_vertical=&#8221;-3px&#8221;][et_pb_row column_structure=&#8221;2_5,3_5&#8243; custom_padding_last_edited=&#8221;on|phone&#8221; _builder_version=&#8221;4.9.0&#8243; _module_preset=&#8221;default&#8221; custom_padding=&#8221;||40px|||&#8221; custom_padding_tablet=&#8221;||10px||false|false&#8221; custom_padding_phone=&#8221;&#8221; animation_style=&#8221;fold&#8221; animation_direction=&#8221;top&#8221; locked=&#8221;off&#8221;][et_pb_column type=&#8221;2_5&#8243; _builder_version=&#8221;4.9.0&#8243; _module_preset=&#8221;default&#8221;][et_pb_text _builder_version=&#8221;4.9.0&#8243; _module_preset=&#8221;default&#8221; text_font=&#8221;Montserrat|700|||||||&#8221; text_text_color=&#8221;#000000&#8243; text_line_height=&#8221;2em&#8221; text_orientation_tablet=&#8221;center&#8221; text_orientation_phone=&#8221;&#8221; text_orientation_last_edited=&#8221;on|desktop&#8221;]<span class=\"number-size\">Casas<\/span><br \/>\n<span class=\"label-size\">em destaque<\/span>[\/et_pb_text][\/et_pb_column][et_pb_column type=&#8221;3_5&#8243; _builder_version=&#8221;4.9.0&#8243; _module_preset=&#8221;default&#8221;][et_pb_text _builder_version=&#8221;4.9.0&#8243; _module_preset=&#8221;default&#8221; text_font=&#8221;Raleway||||||||&#8221; text_text_color=&#8221;#000000&#8243; text_line_height=&#8221;1.5em&#8221; header_font=&#8221;Montserrat|700|||||||&#8221; header_text_align=&#8221;left&#8221; header_text_color=&#8221;#660024&#8243; header_font_size=&#8221;28px&#8221; header_line_height=&#8221;1.7em&#8221; text_orientation=&#8221;right&#8221; max_width=&#8221;75%&#8221; max_width_tablet=&#8221;100%&#8221; max_width_phone=&#8221;&#8221; max_width_last_edited=&#8221;on|phone&#8221; module_alignment=&#8221;right&#8221; custom_margin=&#8221;||||false|false&#8221; text_orientation_tablet=&#8221;center&#8221; text_orientation_phone=&#8221;&#8221; text_orientation_last_edited=&#8221;on|desktop&#8221; module_alignment_tablet=&#8221;center&#8221; module_alignment_phone=&#8221;center&#8221; module_alignment_last_edited=&#8221;on|phone&#8221; locked=&#8221;off&#8221;]<\/p>\n<p><span>Descubra connosco as caracter\u00edsticas mais procuradas nos im\u00f3veis em 2020 pelos nossos clientes, tais como espa\u00e7os exteriores, conforto \u00edmpar, luminosidade, espa\u00e7os mais amplos, etc.<\/span><\/p>\n<p>[\/et_pb_text][\/et_pb_column][\/et_pb_row][et_pb_row column_structure=&#8221;1_3,1_3,1_3&#8243; use_custom_gutter=&#8221;on&#8221; gutter_width=&#8221;2&#8243; make_equal=&#8221;on&#8221; module_class=&#8221;casas-oeiras&#8221; _builder_version=&#8221;4.9.0&#8243; _module_preset=&#8221;default&#8221; custom_margin=&#8221;||30px||false|false&#8221; custom_margin_tablet=&#8221;0px||0px||false|false&#8221; custom_margin_phone=&#8221;&#8221; custom_margin_last_edited=&#8221;on|phone&#8221; custom_padding=&#8221;0px||0px||false|false&#8221; animation_style=&#8221;zoom&#8221; animation_direction=&#8221;right&#8221; animation_duration=&#8221;750ms&#8221; animation_intensity_zoom=&#8221;20%&#8221; locked=&#8221;off&#8221;][et_pb_column type=&#8221;1_3&#8243; module_class=&#8221;col1&#8243; _builder_version=&#8221;4.9.0&#8243; _module_preset=&#8221;default&#8221;][et_pb_text _builder_version=&#8221;4.9.0&#8243; _module_preset=&#8221;default&#8221; text_font=&#8221;Montserrat||||||||&#8221; text_text_color=&#8221;#898989&#8243; text_font_size=&#8221;22px&#8221; text_line_height=&#8221;1.2em&#8221; text_orientation=&#8221;center&#8221; max_width=&#8221;80%&#8221; module_alignment=&#8221;center&#8221; custom_margin=&#8221;||9px||false|false&#8221; custom_padding=&#8221;||0px|||&#8221; locked=&#8221;off&#8221;]<\/p>\n<p><span>Apartamentos<\/span><\/p>\n<p>[\/et_pb_text][et_pb_image src=&#8221;http:\/\/www.portadafrente.pt\/selection\/wp-content\/uploads\/2021\/03\/pf18318-apartamento-t4-1-oeiras-e47c55f6-5ef2-4904-8ab2-9b1cac1bc38b.jpg&#8221; title_text=&#8221;pf18318-apartamento-t4-1-oeiras-e47c55f6-5ef2-4904-8ab2-9b1cac1bc38b&#8221; _builder_version=&#8221;4.9.0&#8243; _module_preset=&#8221;default&#8221; border_radii=&#8221;on|20px|20px|20px|20px&#8221;][\/et_pb_image][et_pb_text _builder_version=&#8221;4.9.0&#8243; _module_preset=&#8221;default&#8221; text_font=&#8221;Montserrat|700|||||||&#8221; text_text_color=&#8221;#000000&#8243; text_font_size=&#8221;22px&#8221; text_line_height=&#8221;1.2em&#8221; text_orientation=&#8221;center&#8221; max_width=&#8221;55%&#8221; module_alignment=&#8221;center&#8221; custom_margin=&#8221;||9px||false|false&#8221; custom_padding=&#8221;||0px|||&#8221; locked=&#8221;off&#8221;]<\/p>\n<p><b>Vistas sobre o rio e mar<\/b><\/p>\n<p>[\/et_pb_text][et_pb_text _builder_version=&#8221;4.9.0&#8243; _module_preset=&#8221;default&#8221; text_font=&#8221;Raleway||||||||&#8221; text_font_size=&#8221;12px&#8221; text_line_height=&#8221;1.3em&#8221; ol_font=&#8221;||||||||&#8221; ol_text_align=&#8221;center&#8221; ol_font_size=&#8221;20px&#8221; ol_line_height=&#8221;1.4em&#8221; text_orientation=&#8221;center&#8221; max_width=&#8221;70%&#8221; module_alignment=&#8221;center&#8221; custom_margin=&#8221;||11px|||&#8221; locked=&#8221;off&#8221;]<\/p>\n<p><span>Veja im\u00f3veis com estas caracter\u00edsticas nesta localidade<\/span><\/p>\n<p>[\/et_pb_text][et_pb_image src=&#8221;http:\/\/www.portadafrente.pt\/selection\/wp-content\/uploads\/2021\/03\/botao_infogeral.png&#8221; title_text=&#8221;botao_infogeral&#8221; url=&#8221;https:\/\/www.portadafrente.com\/imoveis\/?search-categ=apartment&#038;business-type=sale&#038;search-counties=oeiras&#038;search-zones=oeiras-alges&#038;search-zones=oeiras-alto-da-barra&#038;search-zones=oeiras-alto-de-alges&#038;search-zones=oeiras-alto-de-santa-catarina&#038;search-zones=oeiras-alto-do-dafundo&#038;search-zones=oeiras-alto-do-lagoal&#038;search-zones=oeiras-centro-historico-de-oeiras&#038;search-zones=oeiras-miraflores&#038;search-zones=oeiras-nova-oeiras&#038;search-zones=oeiras-parque-dos-poetas&#038;search-zones=oeiras-paco-de-arcos&#038;search-price-min=&#038;search-price-max=&#038;search-rooms=3&#038;search-status=used&#038;search-status=new&#038;search-code=#redirect_landing&#8221; url_new_window=&#8221;on&#8221; align=&#8221;center&#8221; _builder_version=&#8221;4.9.0&#8243; _module_preset=&#8221;default&#8221; max_width=&#8221;50%&#8221; module_alignment=&#8221;center&#8221; max_height=&#8221;40px&#8221; border_radii=&#8221;on|40px|40px|40px|40px&#8221; locked=&#8221;off&#8221;][\/et_pb_image][\/et_pb_column][et_pb_column type=&#8221;1_3&#8243; module_class=&#8221;col2&#8243; _builder_version=&#8221;4.9.0&#8243; _module_preset=&#8221;default&#8221;][et_pb_text _builder_version=&#8221;4.9.0&#8243; _module_preset=&#8221;default&#8221; text_font=&#8221;Montserrat||||||||&#8221; text_text_color=&#8221;#898989&#8243; text_font_size=&#8221;22px&#8221; text_line_height=&#8221;1.2em&#8221; text_orientation=&#8221;center&#8221; max_width=&#8221;80%&#8221; module_alignment=&#8221;center&#8221; custom_margin=&#8221;||9px||false|false&#8221; custom_padding=&#8221;||0px|||&#8221; locked=&#8221;off&#8221;]<\/p>\n<p>Moradias<\/p>\n<p>[\/et_pb_text][et_pb_image src=&#8221;http:\/\/www.portadafrente.pt\/selection\/wp-content\/uploads\/2021\/03\/pf19375-moradia-t6-oeiras-46999b3c-ea8e-4918-ab9f-d50c70a9f0a5.jpg&#8221; title_text=&#8221;pf19375-moradia-t6-oeiras-46999b3c-ea8e-4918-ab9f-d50c70a9f0a5&#8243; _builder_version=&#8221;4.9.0&#8243; _module_preset=&#8221;default&#8221; border_radii=&#8221;on|20px|20px|20px|20px&#8221;][\/et_pb_image][et_pb_text _builder_version=&#8221;4.9.0&#8243; _module_preset=&#8221;default&#8221; text_font=&#8221;Montserrat|700|||||||&#8221; text_text_color=&#8221;#000000&#8243; text_font_size=&#8221;22px&#8221; text_line_height=&#8221;1.2em&#8221; text_orientation=&#8221;center&#8221; max_width=&#8221;80%&#8221; module_alignment=&#8221;center&#8221; custom_margin=&#8221;||9px||false|false&#8221; custom_padding=&#8221;||0px|||&#8221; locked=&#8221;off&#8221;]<\/p>\n<p><b>Mais espa\u00e7o para aproveitar a sua casa<\/b><\/p>\n<p>[\/et_pb_text][et_pb_text _builder_version=&#8221;4.9.0&#8243; _module_preset=&#8221;default&#8221; text_font=&#8221;Raleway||||||||&#8221; text_font_size=&#8221;12px&#8221; text_line_height=&#8221;1.3em&#8221; ol_font=&#8221;||||||||&#8221; ol_text_align=&#8221;center&#8221; ol_font_size=&#8221;20px&#8221; ol_line_height=&#8221;1.4em&#8221; text_orientation=&#8221;center&#8221; max_width=&#8221;70%&#8221; module_alignment=&#8221;center&#8221; custom_margin=&#8221;||11px|||&#8221; locked=&#8221;off&#8221;]<\/p>\n<p><span>Veja im\u00f3veis com estas caracter\u00edsticas nesta localidade<\/span><\/p>\n<p>[\/et_pb_text][et_pb_image src=&#8221;http:\/\/www.portadafrente.pt\/selection\/wp-content\/uploads\/2021\/03\/botao_infogeral.png&#8221; title_text=&#8221;botao_infogeral&#8221; url=&#8221;https:\/\/www.portadafrente.com\/imoveis\/?business-type=sale&#038;search-categ=villa&#038;search-counties=oeiras&#038;search-price-min=&#038;search-price-max=&#038;search-rooms=3&#038;search-status=&#038;search-code=&#038;search-order=area_desc&#8221; url_new_window=&#8221;on&#8221; align=&#8221;center&#8221; _builder_version=&#8221;4.9.0&#8243; _module_preset=&#8221;default&#8221; max_width=&#8221;50%&#8221; module_alignment=&#8221;center&#8221; max_height=&#8221;40px&#8221; border_radii=&#8221;on|40px|40px|40px|40px&#8221; locked=&#8221;off&#8221;][\/et_pb_image][\/et_pb_column][et_pb_column type=&#8221;1_3&#8243; module_class=&#8221;col3&#8243; _builder_version=&#8221;4.9.0&#8243; _module_preset=&#8221;default&#8221;][et_pb_text _builder_version=&#8221;4.9.0&#8243; _module_preset=&#8221;default&#8221; text_font=&#8221;Montserrat|300|||||||&#8221; text_text_color=&#8221;#c1c1c1&#8243; text_font_size=&#8221;48px&#8221; text_orientation=&#8221;center&#8221; custom_margin=&#8221;92px||45px|||&#8221; custom_margin_tablet=&#8221;0px||||false|false&#8221; custom_margin_phone=&#8221;&#8221; custom_margin_last_edited=&#8221;on|phone&#8221; custom_padding=&#8221;||||false|false&#8221; custom_padding_tablet=&#8221;0px||0px||false|false&#8221; custom_padding_phone=&#8221;&#8221; custom_padding_last_edited=&#8221;on|tablet&#8221;]<\/p>\n<p>OEIRAS<\/p>\n<p>[\/et_pb_text][et_pb_text _builder_version=&#8221;4.9.0&#8243; _module_preset=&#8221;default&#8221; text_font=&#8221;Raleway||||||||&#8221; text_text_color=&#8221;#878787&#8243; text_line_height=&#8221;1.3em&#8221; ol_font=&#8221;||||||||&#8221; ol_text_align=&#8221;center&#8221; ol_font_size=&#8221;20px&#8221; ol_line_height=&#8221;1.4em&#8221; text_orientation=&#8221;center&#8221; max_width=&#8221;75%&#8221; module_alignment=&#8221;center&#8221; custom_margin=&#8221;||11px|||&#8221; locked=&#8221;off&#8221;]<\/p>\n<p class=\"x_p2\">A nossa casa, nos \u00faltimos meses, assumiu o papel de protagonista no dia-a-dia de cada fam\u00edlia.\u00a0Mais espa\u00e7o para passar mais tempo e\u00a0vistas desafogadas com o azul como vizinho s\u00e3o duas das caracter\u00edsticas mais procuradas atualmente.<\/p>\n<p>[\/et_pb_text][\/et_pb_column][\/et_pb_row][et_pb_row column_structure=&#8221;1_3,1_3,1_3&#8243; use_custom_gutter=&#8221;on&#8221; gutter_width=&#8221;2&#8243; make_equal=&#8221;on&#8221; module_class=&#8221;casas-lisboa&#8221; _builder_version=&#8221;4.9.0&#8243; _module_preset=&#8221;default&#8221; custom_margin=&#8221;||30px||false|false&#8221; custom_margin_tablet=&#8221;0px||0px||false|false&#8221; custom_margin_phone=&#8221;&#8221; custom_margin_last_edited=&#8221;on|phone&#8221; custom_padding=&#8221;0px||0px||false|false&#8221; animation_style=&#8221;zoom&#8221; animation_direction=&#8221;right&#8221; animation_duration=&#8221;750ms&#8221; animation_intensity_zoom=&#8221;20%&#8221; locked=&#8221;off&#8221;][et_pb_column type=&#8221;1_3&#8243; module_class=&#8221;col1&#8243; _builder_version=&#8221;4.9.0&#8243; _module_preset=&#8221;default&#8221;][et_pb_text _builder_version=&#8221;4.9.0&#8243; _module_preset=&#8221;default&#8221; text_font=&#8221;Montserrat|300|||||||&#8221; text_text_color=&#8221;#c1c1c1&#8243; text_font_size=&#8221;48px&#8221; text_orientation=&#8221;center&#8221; custom_margin=&#8221;92px||45px|||&#8221; custom_margin_tablet=&#8221;0px||||false|false&#8221; custom_margin_phone=&#8221;&#8221; custom_margin_last_edited=&#8221;on|phone&#8221; custom_padding=&#8221;||||false|false&#8221; custom_padding_tablet=&#8221;0px||0px||false|false&#8221; custom_padding_phone=&#8221;&#8221; custom_padding_last_edited=&#8221;on|tablet&#8221;]<\/p>\n<p>LISBOA<\/p>\n<p>[\/et_pb_text][et_pb_text _builder_version=&#8221;4.9.0&#8243; _module_preset=&#8221;default&#8221; text_font=&#8221;Raleway||||||||&#8221; text_text_color=&#8221;#878787&#8243; text_line_height=&#8221;1.3em&#8221; ol_font=&#8221;||||||||&#8221; ol_text_align=&#8221;center&#8221; ol_font_size=&#8221;20px&#8221; ol_line_height=&#8221;1.4em&#8221; text_orientation=&#8221;center&#8221; max_width=&#8221;75%&#8221; module_alignment=&#8221;center&#8221; custom_margin=&#8221;||11px|||&#8221; locked=&#8221;off&#8221;]<\/p>\n<p><span>Na capital portuguesa h\u00e1 uma prefer\u00eancia pelo estilo de vida cosmopolita e urbano onde os clientes\u00a0<\/span><span>privilegiam o espa\u00e7o e\u00a0<\/span><span>a t\u00e3o desejada luz da cidade, bem como a possibilidade de vistas sobre as 7 colinas.<\/span><span>\u00a0<\/span><\/p>\n<p>[\/et_pb_text][\/et_pb_column][et_pb_column type=&#8221;1_3&#8243; module_class=&#8221;col2&#8243; _builder_version=&#8221;4.9.0&#8243; _module_preset=&#8221;default&#8221;][et_pb_text _builder_version=&#8221;4.9.0&#8243; _module_preset=&#8221;default&#8221; text_font=&#8221;Montserrat||||||||&#8221; text_text_color=&#8221;#898989&#8243; text_font_size=&#8221;22px&#8221; text_line_height=&#8221;1.2em&#8221; text_orientation=&#8221;center&#8221; max_width=&#8221;80%&#8221; module_alignment=&#8221;center&#8221; custom_margin=&#8221;||9px||false|false&#8221; custom_padding=&#8221;||0px|||&#8221; locked=&#8221;off&#8221;]<\/p>\n<p><span>Apartamentos<\/span><\/p>\n<p>[\/et_pb_text][et_pb_image src=&#8221;http:\/\/www.portadafrente.pt\/selection\/wp-content\/uploads\/2021\/03\/T1-Chiado.jpeg&#8221; title_text=&#8221;T1 Chiado&#8221; _builder_version=&#8221;4.9.0&#8243; _module_preset=&#8221;default&#8221; border_radii=&#8221;on|20px|20px|20px|20px&#8221;][\/et_pb_image][et_pb_text _builder_version=&#8221;4.9.0&#8243; _module_preset=&#8221;default&#8221; text_font=&#8221;Montserrat|700|||||||&#8221; text_text_color=&#8221;#000000&#8243; text_font_size=&#8221;22px&#8221; text_line_height=&#8221;1.2em&#8221; text_orientation=&#8221;center&#8221; module_alignment=&#8221;center&#8221; custom_margin=&#8221;||9px||false|false&#8221; custom_padding=&#8221;||0px|||&#8221; hover_enabled=&#8221;0&#8243; locked=&#8221;off&#8221; sticky_enabled=&#8221;0&#8243;]<\/p>\n<p><span>Vistas sobre as 7 colinas<\/span><\/p>\n<p>[\/et_pb_text][et_pb_text _builder_version=&#8221;4.9.0&#8243; _module_preset=&#8221;default&#8221; text_font=&#8221;Raleway||||||||&#8221; text_font_size=&#8221;12px&#8221; text_line_height=&#8221;1.3em&#8221; ol_font=&#8221;||||||||&#8221; ol_text_align=&#8221;center&#8221; ol_font_size=&#8221;20px&#8221; ol_line_height=&#8221;1.4em&#8221; text_orientation=&#8221;center&#8221; max_width=&#8221;70%&#8221; module_alignment=&#8221;center&#8221; custom_margin=&#8221;||11px|||&#8221; locked=&#8221;off&#8221;]<\/p>\n<p><span>Veja im\u00f3veis com estas caracter\u00edsticas nesta localidade<\/span><\/p>\n<p>[\/et_pb_text][et_pb_image src=&#8221;http:\/\/www.portadafrente.pt\/selection\/wp-content\/uploads\/2021\/03\/botao_infogeral.png&#8221; title_text=&#8221;botao_infogeral&#8221; url=&#8221;https:\/\/www.portadafrente.com\/imoveis\/?search-categ=apartment&#038;business-type=sale&#038;search-counties=lisboa&#038;search-price-min=&#038;search-price-max=&#038;search-rooms=3&#038;search-status=used&#038;search-status=new&#038;search-code=#redirect_landing&#8221; url_new_window=&#8221;on&#8221; align=&#8221;center&#8221; _builder_version=&#8221;4.9.0&#8243; _module_preset=&#8221;default&#8221; max_width=&#8221;50%&#8221; module_alignment=&#8221;center&#8221; max_height=&#8221;40px&#8221; border_radii=&#8221;on|40px|40px|40px|40px&#8221;][\/et_pb_image][\/et_pb_column][et_pb_column type=&#8221;1_3&#8243; module_class=&#8221;col3&#8243; _builder_version=&#8221;4.9.0&#8243; _module_preset=&#8221;default&#8221;][et_pb_text _builder_version=&#8221;4.9.0&#8243; _module_preset=&#8221;default&#8221; text_font=&#8221;Montserrat||||||||&#8221; text_text_color=&#8221;#898989&#8243; text_font_size=&#8221;22px&#8221; text_line_height=&#8221;1.2em&#8221; text_orientation=&#8221;center&#8221; max_width=&#8221;80%&#8221; module_alignment=&#8221;center&#8221; custom_margin=&#8221;||9px||false|false&#8221; custom_padding=&#8221;||0px|||&#8221; locked=&#8221;off&#8221;]<\/p>\n<p>Moradias<\/p>\n<p>[\/et_pb_text][et_pb_image src=&#8221;http:\/\/www.portadafrente.pt\/selection\/wp-content\/uploads\/2021\/03\/Capa.jpg&#8221; title_text=&#8221;Capa&#8221; _builder_version=&#8221;4.9.0&#8243; _module_preset=&#8221;default&#8221; border_radii=&#8221;on|20px|20px|20px|20px&#8221;][\/et_pb_image][et_pb_text _builder_version=&#8221;4.9.0&#8243; _module_preset=&#8221;default&#8221; text_font=&#8221;Montserrat|700|||||||&#8221; text_text_color=&#8221;#000000&#8243; text_font_size=&#8221;22px&#8221; text_line_height=&#8221;1.2em&#8221; text_orientation=&#8221;center&#8221; max_width=&#8221;80%&#8221; module_alignment=&#8221;center&#8221; custom_margin=&#8221;||9px||false|false&#8221; custom_padding=&#8221;||0px|||&#8221; hover_enabled=&#8221;0&#8243; locked=&#8221;off&#8221; sticky_enabled=&#8221;0&#8243;]<\/p>\n<p><span>Espa\u00e7o e luminosidade<\/span><\/p>\n<p>[\/et_pb_text][et_pb_text _builder_version=&#8221;4.9.0&#8243; _module_preset=&#8221;default&#8221; text_font=&#8221;Raleway||||||||&#8221; text_font_size=&#8221;12px&#8221; text_line_height=&#8221;1.3em&#8221; ol_font=&#8221;||||||||&#8221; ol_text_align=&#8221;center&#8221; ol_font_size=&#8221;20px&#8221; ol_line_height=&#8221;1.4em&#8221; text_orientation=&#8221;center&#8221; max_width=&#8221;70%&#8221; module_alignment=&#8221;center&#8221; custom_margin=&#8221;||11px|||&#8221; locked=&#8221;off&#8221;]<\/p>\n<p><span>Veja im\u00f3veis com estas caracter\u00edsticas nesta localidade<\/span><\/p>\n<p>[\/et_pb_text][et_pb_image src=&#8221;http:\/\/www.portadafrente.pt\/selection\/wp-content\/uploads\/2021\/03\/botao_infogeral.png&#8221; title_text=&#8221;botao_infogeral&#8221; url=&#8221;https:\/\/www.portadafrente.com\/imoveis\/?search-categ=villa&#038;business-type=sale&#038;search-counties=lisboa&#038;search-price-min=&#038;search-price-max=&#038;search-rooms=3&#038;search-status=used&#038;search-status=new&#038;search-code=&#038;search-order=area_desc&#8221; url_new_window=&#8221;on&#8221; align=&#8221;center&#8221; _builder_version=&#8221;4.9.0&#8243; _module_preset=&#8221;default&#8221; max_width=&#8221;50%&#8221; module_alignment=&#8221;center&#8221; max_height=&#8221;40px&#8221; border_radii=&#8221;on|40px|40px|40px|40px&#8221; locked=&#8221;off&#8221;][\/et_pb_image][\/et_pb_column][\/et_pb_row][et_pb_row column_structure=&#8221;1_3,1_3,1_3&#8243; use_custom_gutter=&#8221;on&#8221; gutter_width=&#8221;2&#8243; make_equal=&#8221;on&#8221; module_class=&#8221;casas-cascais&#8221; _builder_version=&#8221;4.9.0&#8243; _module_preset=&#8221;default&#8221; custom_margin=&#8221;||30px||false|false&#8221; custom_margin_tablet=&#8221;0px||0px||false|false&#8221; custom_margin_phone=&#8221;&#8221; custom_margin_last_edited=&#8221;on|phone&#8221; custom_padding=&#8221;0px||0px||false|false&#8221; animation_style=&#8221;zoom&#8221; animation_direction=&#8221;right&#8221; animation_duration=&#8221;750ms&#8221; animation_intensity_zoom=&#8221;20%&#8221; locked=&#8221;off&#8221;][et_pb_column type=&#8221;1_3&#8243; module_class=&#8221;col1&#8243; _builder_version=&#8221;4.9.0&#8243; _module_preset=&#8221;default&#8221;][et_pb_text _builder_version=&#8221;4.9.0&#8243; _module_preset=&#8221;default&#8221; text_font=&#8221;Montserrat||||||||&#8221; text_text_color=&#8221;#898989&#8243; text_font_size=&#8221;22px&#8221; text_line_height=&#8221;1.2em&#8221; text_orientation=&#8221;center&#8221; max_width=&#8221;80%&#8221; module_alignment=&#8221;center&#8221; custom_margin=&#8221;||9px||false|false&#8221; custom_padding=&#8221;||0px|||&#8221;]<\/p>\n<p><span>Apartamentos<\/span><\/p>\n<p>[\/et_pb_text][et_pb_image src=&#8221;http:\/\/www.portadafrente.pt\/selection\/wp-content\/uploads\/2021\/03\/23130-T2-Cascais-.jpg&#8221; title_text=&#8221;23130 T2 Cascais&#8221; _builder_version=&#8221;4.9.0&#8243; _module_preset=&#8221;default&#8221; border_radii=&#8221;on|20px|20px|20px|20px&#8221;][\/et_pb_image][et_pb_text _builder_version=&#8221;4.9.0&#8243; _module_preset=&#8221;default&#8221; text_font=&#8221;Montserrat|700|||||||&#8221; text_text_color=&#8221;#000000&#8243; text_font_size=&#8221;22px&#8221; text_line_height=&#8221;1.2em&#8221; text_orientation=&#8221;center&#8221; max_width=&#8221;65%&#8221; module_alignment=&#8221;center&#8221; custom_margin=&#8221;||9px||false|false&#8221; custom_padding=&#8221;||0px|||&#8221;]<\/p>\n<p><b>Mais conforto para os seus dias<\/b><\/p>\n<p>[\/et_pb_text][et_pb_text _builder_version=&#8221;4.9.0&#8243; _module_preset=&#8221;default&#8221; text_font=&#8221;Raleway||||||||&#8221; text_font_size=&#8221;12px&#8221; text_line_height=&#8221;1.3em&#8221; ol_font=&#8221;||||||||&#8221; ol_text_align=&#8221;center&#8221; ol_font_size=&#8221;20px&#8221; ol_line_height=&#8221;1.4em&#8221; text_orientation=&#8221;center&#8221; max_width=&#8221;70%&#8221; module_alignment=&#8221;center&#8221; custom_margin=&#8221;||11px|||&#8221; locked=&#8221;off&#8221;]<\/p>\n<p><span>Veja im\u00f3veis com estas caracter\u00edsticas nesta localidade<\/span><\/p>\n<p>[\/et_pb_text][et_pb_image src=&#8221;http:\/\/www.portadafrente.pt\/selection\/wp-content\/uploads\/2021\/03\/botao_infogeral.png&#8221; title_text=&#8221;botao_infogeral&#8221; url=&#8221;https:\/\/www.portadafrente.com\/imoveis\/?search-categ=apartment&#038;business-type=sale&#038;search-counties=cascais&#038;search-price-min=&#038;search-price-max=&#038;search-rooms=3&#038;search-status=used&#038;search-status=new&#038;search-code=&#038;search-order=area_desc&#8221; url_new_window=&#8221;on&#8221; align=&#8221;center&#8221; _builder_version=&#8221;4.9.0&#8243; _module_preset=&#8221;default&#8221; max_width=&#8221;50%&#8221; module_alignment=&#8221;center&#8221; max_height=&#8221;40px&#8221; border_radii=&#8221;on|40px|40px|40px|40px&#8221;][\/et_pb_image][\/et_pb_column][et_pb_column type=&#8221;1_3&#8243; module_class=&#8221;col2&#8243; _builder_version=&#8221;4.9.0&#8243; _module_preset=&#8221;default&#8221;][et_pb_text _builder_version=&#8221;4.9.0&#8243; _module_preset=&#8221;default&#8221; text_font=&#8221;Montserrat||||||||&#8221; text_text_color=&#8221;#898989&#8243; text_font_size=&#8221;22px&#8221; text_line_height=&#8221;1.2em&#8221; text_orientation=&#8221;center&#8221; max_width=&#8221;80%&#8221; module_alignment=&#8221;center&#8221; custom_margin=&#8221;||9px||false|false&#8221; custom_padding=&#8221;||0px|||&#8221; locked=&#8221;off&#8221;]<\/p>\n<p>Moradias<\/p>\n<p>[\/et_pb_text][et_pb_image src=&#8221;http:\/\/www.portadafrente.pt\/selection\/wp-content\/uploads\/2021\/03\/T4-Quinta-da-Beloura.jpg&#8221; title_text=&#8221;T4 Quinta da Beloura&#8221; _builder_version=&#8221;4.9.0&#8243; _module_preset=&#8221;default&#8221; border_radii=&#8221;on|20px|20px|20px|20px&#8221;][\/et_pb_image][et_pb_text _builder_version=&#8221;4.9.0&#8243; _module_preset=&#8221;default&#8221; text_font=&#8221;Montserrat|700|||||||&#8221; text_text_color=&#8221;#000000&#8243; text_font_size=&#8221;22px&#8221; text_line_height=&#8221;1.2em&#8221; text_orientation=&#8221;center&#8221; max_width=&#8221;65%&#8221; module_alignment=&#8221;center&#8221; custom_margin=&#8221;||9px||false|false&#8221; custom_padding=&#8221;||0px|||&#8221; locked=&#8221;off&#8221;]<\/p>\n<p><b>Valoriza\u00e7\u00e3o do espa\u00e7o exterior<\/b><\/p>\n<p>[\/et_pb_text][et_pb_text _builder_version=&#8221;4.9.0&#8243; _module_preset=&#8221;default&#8221; text_font=&#8221;Raleway||||||||&#8221; text_font_size=&#8221;12px&#8221; text_line_height=&#8221;1.3em&#8221; ol_font=&#8221;||||||||&#8221; ol_text_align=&#8221;center&#8221; ol_font_size=&#8221;20px&#8221; ol_line_height=&#8221;1.4em&#8221; text_orientation=&#8221;center&#8221; max_width=&#8221;70%&#8221; module_alignment=&#8221;center&#8221; custom_margin=&#8221;||11px|||&#8221; locked=&#8221;off&#8221;]<\/p>\n<p><span>Veja im\u00f3veis com estas caracter\u00edsticas nesta localidade<\/span><\/p>\n<p>[\/et_pb_text][et_pb_image src=&#8221;http:\/\/www.portadafrente.pt\/selection\/wp-content\/uploads\/2021\/03\/botao_infogeral.png&#8221; title_text=&#8221;botao_infogeral&#8221; url=&#8221;https:\/\/www.portadafrente.com\/imoveis\/?search-categ=villa&#038;business-type=sale&#038;search-counties=cascais&#038;search-price-min=&#038;search-price-max=&#038;search-rooms=3&#038;search-status=used&#038;search-status=new&#038;search-code=#redirect_landing&#8221; url_new_window=&#8221;on&#8221; align=&#8221;center&#8221; _builder_version=&#8221;4.9.0&#8243; _module_preset=&#8221;default&#8221; max_width=&#8221;50%&#8221; module_alignment=&#8221;center&#8221; max_height=&#8221;40px&#8221; border_radii=&#8221;on|40px|40px|40px|40px&#8221; locked=&#8221;off&#8221;][\/et_pb_image][\/et_pb_column][et_pb_column type=&#8221;1_3&#8243; module_class=&#8221;col3&#8243; _builder_version=&#8221;4.9.0&#8243; _module_preset=&#8221;default&#8221;][et_pb_text _builder_version=&#8221;4.9.0&#8243; _module_preset=&#8221;default&#8221; text_font=&#8221;Montserrat|300|||||||&#8221; text_text_color=&#8221;#c1c1c1&#8243; text_font_size=&#8221;48px&#8221; text_orientation=&#8221;center&#8221; custom_margin=&#8221;92px||45px|||&#8221; custom_margin_tablet=&#8221;0px||||false|false&#8221; custom_margin_phone=&#8221;&#8221; custom_margin_last_edited=&#8221;on|phone&#8221; custom_padding=&#8221;||||false|false&#8221; custom_padding_tablet=&#8221;0px||0px||false|false&#8221; custom_padding_phone=&#8221;&#8221; custom_padding_last_edited=&#8221;on|tablet&#8221;]<\/p>\n<p>CASCAIS<\/p>\n<p>[\/et_pb_text][et_pb_text _builder_version=&#8221;4.9.0&#8243; _module_preset=&#8221;default&#8221; text_font=&#8221;Raleway||||||||&#8221; text_text_color=&#8221;#878787&#8243; text_line_height=&#8221;1.3em&#8221; ol_font=&#8221;||||||||&#8221; ol_text_align=&#8221;center&#8221; ol_font_size=&#8221;20px&#8221; ol_line_height=&#8221;1.4em&#8221; text_orientation=&#8221;center&#8221; max_width=&#8221;80%&#8221; module_alignment=&#8221;center&#8221; custom_margin=&#8221;||11px|||&#8221; locked=&#8221;off&#8221;]<\/p>\n<p><span>O espa\u00e7o exterior \u00e9, nos dias de hoje, o requisito mais pedido por quem pretende comprar casa, aliado ao conforto e seguran\u00e7a. Cascais conta com diversas propriedades e condom\u00ednios que disponibilizam grandes jardins, piscinas, e espa\u00e7os ao ar livre para que possa aproveitar na privacidade da sua fam\u00edlia.<\/span><\/p>\n<p>[\/et_pb_text][\/et_pb_column][\/et_pb_row][\/et_pb_section][et_pb_section fb_built=&#8221;1&#8243; module_id=&#8221;empreendimentos&#8221; _builder_version=&#8221;4.9.0&#8243; _module_preset=&#8221;default&#8221; use_background_color_gradient=&#8221;on&#8221; background_color_gradient_start=&#8221;#161616&#8243; background_color_gradient_end=&#8221;#5e5e5e&#8221; custom_padding=&#8221;||41px|||&#8221; locked=&#8221;off&#8221;][et_pb_row column_structure=&#8221;1_2,1_2&#8243; _builder_version=&#8221;4.9.0&#8243; _module_preset=&#8221;default&#8221; custom_padding=&#8221;||68px|||&#8221; animation_style=&#8221;fold&#8221; animation_direction=&#8221;top&#8221; locked=&#8221;off&#8221;][et_pb_column type=&#8221;1_2&#8243; _builder_version=&#8221;4.9.0&#8243; _module_preset=&#8221;default&#8221;][et_pb_text _builder_version=&#8221;4.9.0&#8243; _module_preset=&#8221;default&#8221; text_font=&#8221;Montserrat|700|||||||&#8221; text_text_color=&#8221;#FFFFFF&#8221; text_line_height=&#8221;2em&#8221; text_orientation_tablet=&#8221;center&#8221; text_orientation_phone=&#8221;&#8221; text_orientation_last_edited=&#8221;on|phone&#8221;]<span class=\"number-size-sm\">Empreendimentos<\/span><br \/>\n<span class=\"label-size\">mais procurados<\/span>[\/et_pb_text][\/et_pb_column][et_pb_column type=&#8221;1_2&#8243; _builder_version=&#8221;4.9.0&#8243; _module_preset=&#8221;default&#8221;][et_pb_text _builder_version=&#8221;4.9.0&#8243; _module_preset=&#8221;default&#8221; text_font=&#8221;Raleway||||||||&#8221; text_text_color=&#8221;#FFFFFF&#8221; text_line_height=&#8221;1.5em&#8221; header_font=&#8221;Montserrat|700|||||||&#8221; header_text_align=&#8221;left&#8221; header_text_color=&#8221;#660024&#8243; header_font_size=&#8221;28px&#8221; header_line_height=&#8221;1.7em&#8221; text_orientation=&#8221;right&#8221; custom_margin=&#8221;||||false|false&#8221; text_orientation_tablet=&#8221;center&#8221; text_orientation_phone=&#8221;&#8221; text_orientation_last_edited=&#8221;on|phone&#8221; locked=&#8221;off&#8221;]<\/p>\n<p><span>Descubra os empreendimentos que comercializamos e mais chamaram a aten\u00e7\u00e3o em 2020, seja pela arquitetura, dimens\u00e3o ou inova\u00e7\u00e3o &#8211; como o Distrikt ou Infinity &#8211; ou ainda, pela sua localiza\u00e7\u00e3o em bairros desejados como Alvalade ou em novas zonas como o 35 Pra\u00e7a de Espanha.<\/span><\/p>\n<p>[\/et_pb_text][\/et_pb_column][\/et_pb_row][et_pb_row _builder_version=&#8221;4.9.0&#8243; _module_preset=&#8221;default&#8221; custom_padding=&#8221;||13px|||&#8221; animation_style=&#8221;fade&#8221; border_color_bottom=&#8221;#cccccc&#8221; locked=&#8221;off&#8221;][et_pb_column type=&#8221;4_4&#8243; _builder_version=&#8221;4.9.0&#8243; _module_preset=&#8221;default&#8221;][et_pb_text _builder_version=&#8221;4.9.0&#8243; _module_preset=&#8221;default&#8221; text_font=&#8221;Montserrat|300|||||||&#8221; text_text_color=&#8221;#c1c1c1&#8243; text_font_size=&#8221;48px&#8221; text_orientation=&#8221;center&#8221;]<\/p>\n<p>LISBOA<\/p>\n<p>[\/et_pb_text][et_pb_divider color=&#8221;#cccccc&#8221; _builder_version=&#8221;4.9.0&#8243; _module_preset=&#8221;default&#8221; max_width=&#8221;25%&#8221; module_alignment=&#8221;center&#8221;][\/et_pb_divider][\/et_pb_column][\/et_pb_row][et_pb_row column_structure=&#8221;1_5,1_5,1_5,1_5,1_5&#8243; use_custom_gutter=&#8221;on&#8221; gutter_width=&#8221;2&#8243; module_class=&#8221;coluna-mobile&#8221; _builder_version=&#8221;4.9.0&#8243; _module_preset=&#8221;default&#8221; custom_margin=&#8221;||30px||false|false&#8221; animation_style=&#8221;slide&#8221; animation_direction=&#8221;bottom&#8221; animation_duration=&#8221;750ms&#8221; animation_intensity_slide=&#8221;20%&#8221; locked=&#8221;off&#8221;][et_pb_column type=&#8221;1_5&#8243; _builder_version=&#8221;4.9.0&#8243; _module_preset=&#8221;default&#8221;][et_pb_image src=&#8221;http:\/\/www.portadafrente.pt\/selection\/wp-content\/uploads\/2021\/03\/1.jpg&#8221; title_text=&#8221;1&#8243; _builder_version=&#8221;4.9.0&#8243; _module_preset=&#8221;default&#8221; border_radii=&#8221;on|20px|20px|20px|20px&#8221;][\/et_pb_image][et_pb_text _builder_version=&#8221;4.9.0&#8243; _module_preset=&#8221;default&#8221; text_font=&#8221;Montserrat|700|||||||&#8221; text_text_color=&#8221;#FFFFFF&#8221; text_font_size=&#8221;22px&#8221; text_orientation=&#8221;center&#8221; custom_margin=&#8221;||15px||false|false&#8221; custom_padding=&#8221;||0px|||&#8221;]<\/p>\n<p>Distrikt<\/p>\n<p>[\/et_pb_text][et_pb_text _builder_version=&#8221;4.9.0&#8243; _module_preset=&#8221;default&#8221; text_font=&#8221;Raleway||||||||&#8221; text_text_color=&#8221;#bcbcbc&#8221; text_font_size=&#8221;12px&#8221; text_line_height=&#8221;1.3em&#8221; ol_font=&#8221;||||||||&#8221; ol_text_align=&#8221;center&#8221; ol_font_size=&#8221;20px&#8221; ol_line_height=&#8221;1.4em&#8221; text_orientation=&#8221;center&#8221; max_width=&#8221;80%&#8221; module_alignment=&#8221;center&#8221; min_height=&#8221;90px&#8221; custom_margin=&#8221;||11px|||&#8221; locked=&#8221;off&#8221;]<\/p>\n<p class=\"x_p2\"><i class=\"fas fa-map-marker-alt\"><\/i> <strong>Parque das Na\u00e7\u00f5es<\/strong><\/p>\n<p class=\"x_p2\">Um projeto incompar\u00e1vel, no cora\u00e7\u00e3o do Parque das Na\u00e7\u00f5es, uma das zonas mais vibrantes de Lisboa.<\/p>\n<p>[\/et_pb_text][et_pb_image src=&#8221;http:\/\/www.portadafrente.pt\/selection\/wp-content\/uploads\/2021\/03\/botao_infogeral.png&#8221; title_text=&#8221;botao_infogeral&#8221; url=&#8221;https:\/\/www.portadafrente.com\/imoveis\/distrikt-a0c3Y00000UDzexQAD&#8221; url_new_window=&#8221;on&#8221; align=&#8221;center&#8221; _builder_version=&#8221;4.9.0&#8243; _module_preset=&#8221;default&#8221; max_width=&#8221;50%&#8221; module_alignment=&#8221;center&#8221; border_radii=&#8221;on|40px|40px|40px|40px&#8221;][\/et_pb_image][\/et_pb_column][et_pb_column type=&#8221;1_5&#8243; _builder_version=&#8221;4.9.0&#8243; _module_preset=&#8221;default&#8221;][et_pb_image src=&#8221;http:\/\/www.portadafrente.pt\/selection\/wp-content\/uploads\/2021\/03\/infinity-08d9030d-c6c7-4751-a46b-cbb6d0ca98fa.jpg&#8221; title_text=&#8221;infinity-08d9030d-c6c7-4751-a46b-cbb6d0ca98fa&#8221; _builder_version=&#8221;4.9.0&#8243; _module_preset=&#8221;default&#8221; border_radii=&#8221;on|20px|20px|20px|20px&#8221;][\/et_pb_image][et_pb_text _builder_version=&#8221;4.9.0&#8243; _module_preset=&#8221;default&#8221; text_font=&#8221;Montserrat|700|||||||&#8221; text_text_color=&#8221;#FFFFFF&#8221; text_font_size=&#8221;22px&#8221; text_orientation=&#8221;center&#8221; custom_margin=&#8221;||15px||false|false&#8221; custom_padding=&#8221;||0px|||&#8221; locked=&#8221;off&#8221;]<\/p>\n<p>Infinity<\/p>\n<p>[\/et_pb_text][et_pb_text _builder_version=&#8221;4.9.0&#8243; _module_preset=&#8221;default&#8221; text_font=&#8221;Raleway||||||||&#8221; text_text_color=&#8221;#bcbcbc&#8221; text_font_size=&#8221;12px&#8221; text_line_height=&#8221;1.3em&#8221; ol_font=&#8221;||||||||&#8221; ol_text_align=&#8221;center&#8221; ol_font_size=&#8221;20px&#8221; ol_line_height=&#8221;1.4em&#8221; text_orientation=&#8221;center&#8221; max_width=&#8221;80%&#8221; module_alignment=&#8221;center&#8221; min_height=&#8221;90px&#8221; custom_margin=&#8221;||11px|||&#8221; locked=&#8221;off&#8221;]<\/p>\n<p class=\"x_p2\"><i class=\"fas fa-map-marker-alt\"><\/i> <strong>Campolide<\/strong><\/p>\n<p class=\"x_p2\">De olhos postos no c\u00e9u, um edif\u00edcio id\u00edlico para devorar a luz da cidade na piscina exterior.<\/p>\n<p>[\/et_pb_text][et_pb_image src=&#8221;http:\/\/www.portadafrente.pt\/selection\/wp-content\/uploads\/2021\/03\/botao_infogeral.png&#8221; title_text=&#8221;botao_infogeral&#8221; url=&#8221;https:\/\/www.portadafrente.com\/imoveis\/infinity-a0c3Y00000UDyaAQAT&#8221; url_new_window=&#8221;on&#8221; align=&#8221;center&#8221; _builder_version=&#8221;4.9.0&#8243; _module_preset=&#8221;default&#8221; max_width=&#8221;50%&#8221; module_alignment=&#8221;center&#8221; border_radii=&#8221;on|99px|99px|99px|99px&#8221; locked=&#8221;off&#8221;][\/et_pb_image][\/et_pb_column][et_pb_column type=&#8221;1_5&#8243; _builder_version=&#8221;4.9.0&#8243; _module_preset=&#8221;default&#8221;][et_pb_image src=&#8221;http:\/\/www.portadafrente.pt\/selection\/wp-content\/uploads\/2021\/03\/Sul_Poente.jpg&#8221; title_text=&#8221;Sul_Poente&#8221; _builder_version=&#8221;4.9.0&#8243; _module_preset=&#8221;default&#8221; border_radii=&#8221;on|20px|20px|20px|20px&#8221;][\/et_pb_image][et_pb_text _builder_version=&#8221;4.9.0&#8243; _module_preset=&#8221;default&#8221; text_font=&#8221;Montserrat|700|||||||&#8221; text_text_color=&#8221;#FFFFFF&#8221; text_font_size=&#8221;21px&#8221; text_letter_spacing=&#8221;-1px&#8221; text_orientation=&#8221;center&#8221; custom_margin=&#8221;||15px||false|false&#8221; custom_padding=&#8221;||0px|||&#8221; locked=&#8221;off&#8221;]<\/p>\n<p>35 Pra\u00e7a Espanha<\/p>\n<p>[\/et_pb_text][et_pb_text _builder_version=&#8221;4.9.0&#8243; _module_preset=&#8221;default&#8221; text_font=&#8221;Raleway||||||||&#8221; text_text_color=&#8221;#bcbcbc&#8221; text_font_size=&#8221;12px&#8221; text_line_height=&#8221;1.3em&#8221; ol_font=&#8221;||||||||&#8221; ol_text_align=&#8221;center&#8221; ol_font_size=&#8221;20px&#8221; ol_line_height=&#8221;1.4em&#8221; text_orientation=&#8221;center&#8221; max_width=&#8221;80%&#8221; module_alignment=&#8221;center&#8221; min_height=&#8221;90px&#8221; custom_margin=&#8221;||11px|||&#8221; locked=&#8221;off&#8221;]<\/p>\n<p class=\"x_p2\"><i class=\"fas fa-map-marker-alt\"><\/i> <strong>Pra\u00e7a de Espanha<\/strong><\/p>\n<p class=\"x_p2\">Situado na nova e renovada regi\u00e3o, com localiza\u00e7\u00e3o privilegiada e generosas \u00e1reas verdes.<\/p>\n<p>[\/et_pb_text][et_pb_image src=&#8221;http:\/\/www.portadafrente.pt\/selection\/wp-content\/uploads\/2021\/03\/botao_infogeral.png&#8221; title_text=&#8221;botao_infogeral&#8221; url=&#8221;https:\/\/www.portadafrente.com\/imoveis\/35-praca-de-espanha-a0c3Y00000UQDbQQAX&#8221; url_new_window=&#8221;on&#8221; align=&#8221;center&#8221; _builder_version=&#8221;4.9.0&#8243; _module_preset=&#8221;default&#8221; max_width=&#8221;50%&#8221; module_alignment=&#8221;center&#8221; border_radii=&#8221;on|99px|99px|99px|99px&#8221; locked=&#8221;off&#8221;][\/et_pb_image][\/et_pb_column][et_pb_column type=&#8221;1_5&#8243; _builder_version=&#8221;4.9.0&#8243; _module_preset=&#8221;default&#8221;][et_pb_image src=&#8221;http:\/\/www.portadafrente.pt\/selection\/wp-content\/uploads\/2021\/03\/conde-de-lima-ccced6f4-73d0-43a6-81dd-d57059d3d1e6.jpg&#8221; title_text=&#8221;conde-de-lima-ccced6f4-73d0-43a6-81dd-d57059d3d1e6&#8243; _builder_version=&#8221;4.9.0&#8243; _module_preset=&#8221;default&#8221; border_radii=&#8221;on|20px|20px|20px|20px&#8221;][\/et_pb_image][et_pb_text _builder_version=&#8221;4.9.0&#8243; _module_preset=&#8221;default&#8221; text_font=&#8221;Montserrat|700|||||||&#8221; text_text_color=&#8221;#FFFFFF&#8221; text_font_size=&#8221;22px&#8221; text_orientation=&#8221;center&#8221; custom_margin=&#8221;||15px||false|false&#8221; custom_padding=&#8221;||0px|||&#8221; locked=&#8221;off&#8221;]<\/p>\n<p>Conde de Lima<\/p>\n<p>[\/et_pb_text][et_pb_text _builder_version=&#8221;4.9.0&#8243; _module_preset=&#8221;default&#8221; text_font=&#8221;Raleway||||||||&#8221; text_text_color=&#8221;#bcbcbc&#8221; text_font_size=&#8221;12px&#8221; text_letter_spacing=&#8221;-0.5px&#8221; text_line_height=&#8221;1.3em&#8221; ol_font=&#8221;||||||||&#8221; ol_text_align=&#8221;center&#8221; ol_font_size=&#8221;20px&#8221; ol_line_height=&#8221;1.4em&#8221; text_orientation=&#8221;center&#8221; module_alignment=&#8221;center&#8221; min_height=&#8221;90px&#8221; custom_margin=&#8221;||11px|||&#8221; locked=&#8221;off&#8221;]<\/p>\n<p class=\"x_p2\"><i class=\"fas fa-map-marker-alt\"><\/i> <strong>Marqu\u00eas de Pombal<\/strong><\/p>\n<p class=\"x_p2\">Uma localiza\u00e7\u00e3o pacata para viver, com vida de bairro, um ref\u00fagio seguro numa cidade onde tudo funciona tranquilamente.<\/p>\n<p>[\/et_pb_text][et_pb_image src=&#8221;http:\/\/www.portadafrente.pt\/selection\/wp-content\/uploads\/2021\/03\/botao_infogeral.png&#8221; title_text=&#8221;botao_infogeral&#8221; url=&#8221;https:\/\/portadafrente.com\/imoveis\/conde-de-lima-a0c3Y00000UDynyQAD&#8221; url_new_window=&#8221;on&#8221; align=&#8221;center&#8221; _builder_version=&#8221;4.9.0&#8243; _module_preset=&#8221;default&#8221; max_width=&#8221;50%&#8221; module_alignment=&#8221;center&#8221; border_radii=&#8221;on|99px|99px|99px|99px&#8221; locked=&#8221;off&#8221;][\/et_pb_image][\/et_pb_column][et_pb_column type=&#8221;1_5&#8243; _builder_version=&#8221;4.9.0&#8243; _module_preset=&#8221;default&#8221;][et_pb_image src=&#8221;http:\/\/www.portadafrente.pt\/selection\/wp-content\/uploads\/2021\/03\/Cam12_A7_Terraco_GRD.jpg&#8221; title_text=&#8221;Cam12_A7_Terraco_GRD&#8221; _builder_version=&#8221;4.9.0&#8243; _module_preset=&#8221;default&#8221; border_radii=&#8221;on|20px|20px|20px|20px&#8221; locked=&#8221;off&#8221;][\/et_pb_image][et_pb_text _builder_version=&#8221;4.9.0&#8243; _module_preset=&#8221;default&#8221; text_font=&#8221;Montserrat|700|||||||&#8221; text_text_color=&#8221;#FFFFFF&#8221; text_font_size=&#8221;22px&#8221; text_orientation=&#8221;center&#8221; custom_margin=&#8221;||15px||false|false&#8221; custom_padding=&#8221;||0px|||&#8221; locked=&#8221;off&#8221;]<\/p>\n<p>Picoas Belair<\/p>\n<p>[\/et_pb_text][et_pb_text _builder_version=&#8221;4.9.0&#8243; _module_preset=&#8221;default&#8221; text_font=&#8221;Raleway||||||||&#8221; text_text_color=&#8221;#bcbcbc&#8221; text_font_size=&#8221;12px&#8221; text_line_height=&#8221;1.3em&#8221; ol_font=&#8221;||||||||&#8221; ol_text_align=&#8221;center&#8221; ol_font_size=&#8221;20px&#8221; ol_line_height=&#8221;1.4em&#8221; text_orientation=&#8221;center&#8221; max_width=&#8221;80%&#8221; module_alignment=&#8221;center&#8221; min_height=&#8221;90px&#8221; custom_margin=&#8221;||11px|||&#8221; locked=&#8221;off&#8221;]<\/p>\n<p class=\"x_p2\"><i class=\"fas fa-map-marker-alt\"><\/i> <strong>Avenidas Novas<\/strong><\/p>\n<p class=\"x_p2\">Situado no cora\u00e7\u00e3o de Lisboa, beneficie de um fim de tarde na piscina panor\u00e2mica.<\/p>\n<p>[\/et_pb_text][et_pb_image src=&#8221;http:\/\/www.portadafrente.pt\/selection\/wp-content\/uploads\/2021\/03\/botao_infogeral.png&#8221; title_text=&#8221;botao_infogeral&#8221; url=&#8221;https:\/\/www.portadafrente.com\/imoveis\/picoas-belair-a0c3Y00000URHPQQA5&#8243; url_new_window=&#8221;on&#8221; align=&#8221;center&#8221; _builder_version=&#8221;4.9.0&#8243; _module_preset=&#8221;default&#8221; max_width=&#8221;50%&#8221; module_alignment=&#8221;center&#8221; border_radii=&#8221;on|99px|99px|99px|99px&#8221; locked=&#8221;off&#8221;][\/et_pb_image][\/et_pb_column][\/et_pb_row][et_pb_row _builder_version=&#8221;4.9.0&#8243; _module_preset=&#8221;default&#8221; custom_padding=&#8221;||13px|||&#8221; animation_style=&#8221;fade&#8221; border_color_bottom=&#8221;#cccccc&#8221; locked=&#8221;off&#8221;][et_pb_column type=&#8221;4_4&#8243; _builder_version=&#8221;4.9.0&#8243; _module_preset=&#8221;default&#8221;][et_pb_text _builder_version=&#8221;4.9.0&#8243; _module_preset=&#8221;default&#8221; text_font=&#8221;Montserrat|300|||||||&#8221; text_text_color=&#8221;#c1c1c1&#8243; text_font_size=&#8221;48px&#8221; text_orientation=&#8221;center&#8221;]<\/p>\n<p>CASCAIS<\/p>\n<p>[\/et_pb_text][et_pb_divider color=&#8221;#cccccc&#8221; _builder_version=&#8221;4.9.0&#8243; _module_preset=&#8221;default&#8221; max_width=&#8221;25%&#8221; module_alignment=&#8221;center&#8221;][\/et_pb_divider][\/et_pb_column][\/et_pb_row][et_pb_row column_structure=&#8221;1_5,1_5,1_5,1_5,1_5&#8243; use_custom_gutter=&#8221;on&#8221; gutter_width=&#8221;2&#8243; module_class=&#8221;coluna-mobile&#8221; _builder_version=&#8221;4.9.0&#8243; _module_preset=&#8221;default&#8221; custom_margin=&#8221;||30px||false|false&#8221; animation_style=&#8221;slide&#8221; animation_direction=&#8221;bottom&#8221; animation_duration=&#8221;750ms&#8221; animation_intensity_slide=&#8221;20%&#8221; locked=&#8221;off&#8221;][et_pb_column type=&#8221;1_5&#8243; _builder_version=&#8221;4.9.0&#8243; _module_preset=&#8221;default&#8221;][et_pb_image src=&#8221;http:\/\/www.portadafrente.pt\/selection\/wp-content\/uploads\/2021\/03\/Edificio3_Cam1_GRD4.jpg&#8221; title_text=&#8221;Edificio3_Cam1_GRD4&#8243; _builder_version=&#8221;4.9.0&#8243; _module_preset=&#8221;default&#8221; border_radii=&#8221;on|20px|20px|20px|20px&#8221;][\/et_pb_image][et_pb_text _builder_version=&#8221;4.9.0&#8243; _module_preset=&#8221;default&#8221; text_font=&#8221;Montserrat|700|||||||&#8221; text_text_color=&#8221;#FFFFFF&#8221; text_font_size=&#8221;22px&#8221; text_orientation=&#8221;center&#8221; custom_margin=&#8221;||15px||false|false&#8221; custom_padding=&#8221;||0px|||&#8221; locked=&#8221;off&#8221;]<\/p>\n<p>Bayview Atlantic<\/p>\n<p>[\/et_pb_text][et_pb_text _builder_version=&#8221;4.9.0&#8243; _module_preset=&#8221;default&#8221; text_font=&#8221;Raleway||||||||&#8221; text_text_color=&#8221;#bcbcbc&#8221; text_font_size=&#8221;12px&#8221; text_line_height=&#8221;1.3em&#8221; ol_font=&#8221;||||||||&#8221; ol_text_align=&#8221;center&#8221; ol_font_size=&#8221;20px&#8221; ol_line_height=&#8221;1.4em&#8221; text_orientation=&#8221;center&#8221; custom_margin=&#8221;||11px|||&#8221; locked=&#8221;off&#8221;]<\/p>\n<p class=\"x_p2\"><i class=\"fas fa-map-marker-alt\"><\/i> <strong>Centro de Cascais<\/strong><\/p>\n<p class=\"x_p2\"><span>Dias arrebatados de azul e o som das ondas na janela, com varanda, terra\u00e7os<\/span><span class=\"x_apple-converted-space\">\u00a0<span>\u00a0<\/span><\/span><span>e piscina privativa.<\/span><\/p>\n<p>[\/et_pb_text][et_pb_image src=&#8221;http:\/\/www.portadafrente.pt\/selection\/wp-content\/uploads\/2021\/03\/botao_infogeral.png&#8221; title_text=&#8221;botao_infogeral&#8221; url=&#8221;https:\/\/www.portadafrente.com\/imoveis\/bayview-atlantic-a0c3Y00000UQpaGQAT&#8221; url_new_window=&#8221;on&#8221; align=&#8221;center&#8221; _builder_version=&#8221;4.9.0&#8243; _module_preset=&#8221;default&#8221; max_width=&#8221;50%&#8221; module_alignment=&#8221;center&#8221; border_radii=&#8221;on|99px|99px|99px|99px&#8221; locked=&#8221;off&#8221;][\/et_pb_image][\/et_pb_column][et_pb_column type=&#8221;1_5&#8243; _builder_version=&#8221;4.9.0&#8243; _module_preset=&#8221;default&#8221;][et_pb_image src=&#8221;http:\/\/www.portadafrente.pt\/selection\/wp-content\/uploads\/2021\/03\/villas-maria-pia-2ff56a23-d86c-424f-bd6b-3bb6e735dec3.jpg&#8221; title_text=&#8221;villas-maria-pia-2ff56a23-d86c-424f-bd6b-3bb6e735dec3&#8243; _builder_version=&#8221;4.9.0&#8243; _module_preset=&#8221;default&#8221; border_radii=&#8221;on|20px|20px|20px|20px&#8221;][\/et_pb_image][et_pb_text _builder_version=&#8221;4.9.0&#8243; _module_preset=&#8221;default&#8221; text_font=&#8221;Montserrat|700|||||||&#8221; text_text_color=&#8221;#FFFFFF&#8221; text_font_size=&#8221;22px&#8221; text_orientation=&#8221;center&#8221; custom_margin=&#8221;||15px||false|false&#8221; custom_padding=&#8221;||0px|||&#8221; locked=&#8221;off&#8221;]<\/p>\n<p>Villa<br \/>Maria Pia<\/p>\n<p>[\/et_pb_text][et_pb_text _builder_version=&#8221;4.9.0&#8243; _module_preset=&#8221;default&#8221; text_font=&#8221;Raleway||||||||&#8221; text_text_color=&#8221;#bcbcbc&#8221; text_font_size=&#8221;12px&#8221; text_line_height=&#8221;1.3em&#8221; ol_font=&#8221;||||||||&#8221; ol_text_align=&#8221;center&#8221; ol_font_size=&#8221;20px&#8221; ol_line_height=&#8221;1.4em&#8221; text_orientation=&#8221;center&#8221; max_width=&#8221;80%&#8221; module_alignment=&#8221;center&#8221; min_height=&#8221;90px&#8221; custom_margin=&#8221;||11px|||&#8221; locked=&#8221;off&#8221;]<\/p>\n<p class=\"x_p2\"><i class=\"fas fa-map-marker-alt\"><\/i> <strong>Monte Estoril<\/strong><\/p>\n<p class=\"x_p2\"><span>Uma morada nobre, agora revitalizada para um futuro de excel\u00eancia e prest\u00edgio.<\/span><\/p>\n<p>[\/et_pb_text][et_pb_image src=&#8221;http:\/\/www.portadafrente.pt\/selection\/wp-content\/uploads\/2021\/03\/botao_infogeral.png&#8221; title_text=&#8221;botao_infogeral&#8221; url=&#8221;https:\/\/www.portadafrente.com\/imoveis\/villa-maria-pia-a0c3Y00000UDydwQAD&#8221; url_new_window=&#8221;on&#8221; align=&#8221;center&#8221; _builder_version=&#8221;4.9.0&#8243; _module_preset=&#8221;default&#8221; max_width=&#8221;50%&#8221; module_alignment=&#8221;center&#8221; border_radii=&#8221;on|99px|99px|99px|99px&#8221; locked=&#8221;off&#8221;][\/et_pb_image][\/et_pb_column][et_pb_column type=&#8221;1_5&#8243; _builder_version=&#8221;4.9.0&#8243; _module_preset=&#8221;default&#8221;][et_pb_image src=&#8221;http:\/\/www.portadafrente.pt\/selection\/wp-content\/uploads\/2021\/03\/bayview-6cbcb45a-358b-43b3-9468-0887f8534e2b.jpg&#8221; title_text=&#8221;bayview-6cbcb45a-358b-43b3-9468-0887f8534e2b&#8221; _builder_version=&#8221;4.9.0&#8243; _module_preset=&#8221;default&#8221; border_radii=&#8221;on|20px|20px|20px|20px&#8221;][\/et_pb_image][et_pb_text _builder_version=&#8221;4.9.0&#8243; _module_preset=&#8221;default&#8221; text_font=&#8221;Montserrat|700|||||||&#8221; text_text_color=&#8221;#FFFFFF&#8221; text_font_size=&#8221;22px&#8221; text_orientation=&#8221;center&#8221; custom_margin=&#8221;||15px||false|false&#8221; custom_padding=&#8221;||0px|||&#8221; locked=&#8221;off&#8221;]<\/p>\n<p>Bayview Horizon<\/p>\n<p>[\/et_pb_text][et_pb_text _builder_version=&#8221;4.9.0&#8243; _module_preset=&#8221;default&#8221; text_font=&#8221;Raleway||||||||&#8221; text_text_color=&#8221;#bcbcbc&#8221; text_font_size=&#8221;12px&#8221; text_line_height=&#8221;1.3em&#8221; ol_font=&#8221;||||||||&#8221; ol_text_align=&#8221;center&#8221; ol_font_size=&#8221;20px&#8221; ol_line_height=&#8221;1.4em&#8221; text_orientation=&#8221;center&#8221; max_width=&#8221;80%&#8221; module_alignment=&#8221;center&#8221; min_height=&#8221;90px&#8221; custom_margin=&#8221;||11px|||&#8221; locked=&#8221;off&#8221;]<\/p>\n<p class=\"x_p2\"><i class=\"fas fa-map-marker-alt\"><\/i> <strong>Centro de Cascais<\/strong><\/p>\n<p class=\"x_p2\">Abrace o mar como vizinho e viva na mais bela entrada de Cascais.<\/p>\n<p>[\/et_pb_text][et_pb_image src=&#8221;http:\/\/www.portadafrente.pt\/selection\/wp-content\/uploads\/2021\/03\/botao_infogeral.png&#8221; title_text=&#8221;botao_infogeral&#8221; url=&#8221;https:\/\/www.portadafrente.com\/imoveis\/bayview-horizont-a0c3Y00000UDyHZQA1&#8243; url_new_window=&#8221;on&#8221; align=&#8221;center&#8221; _builder_version=&#8221;4.9.0&#8243; _module_preset=&#8221;default&#8221; max_width=&#8221;50%&#8221; module_alignment=&#8221;center&#8221; border_radii=&#8221;on|99px|99px|99px|99px&#8221; locked=&#8221;off&#8221;][\/et_pb_image][\/et_pb_column][et_pb_column type=&#8221;1_5&#8243; _builder_version=&#8221;4.9.0&#8243; _module_preset=&#8221;default&#8221;][et_pb_image src=&#8221;http:\/\/www.portadafrente.pt\/selection\/wp-content\/uploads\/2021\/03\/green-hill-df6aab65-ff7e-42f1-b148-6f1f93a13b3b.jpg&#8221; title_text=&#8221;green-hill-df6aab65-ff7e-42f1-b148-6f1f93a13b3b&#8221; _builder_version=&#8221;4.9.0&#8243; _module_preset=&#8221;default&#8221; border_radii=&#8221;on|20px|20px|20px|20px&#8221;][\/et_pb_image][et_pb_text _builder_version=&#8221;4.9.0&#8243; _module_preset=&#8221;default&#8221; text_font=&#8221;Montserrat|700|||||||&#8221; text_text_color=&#8221;#FFFFFF&#8221; text_font_size=&#8221;22px&#8221; text_orientation=&#8221;center&#8221; custom_margin=&#8221;||15px||false|false&#8221; custom_padding=&#8221;||0px|||&#8221;]<\/p>\n<p>Green<br \/>Hill<\/p>\n<p>[\/et_pb_text][et_pb_text _builder_version=&#8221;4.9.0&#8243; _module_preset=&#8221;default&#8221; text_font=&#8221;Raleway||||||||&#8221; text_text_color=&#8221;#bcbcbc&#8221; text_font_size=&#8221;12px&#8221; text_line_height=&#8221;1.3em&#8221; ol_font=&#8221;||||||||&#8221; ol_text_align=&#8221;center&#8221; ol_font_size=&#8221;20px&#8221; ol_line_height=&#8221;1.4em&#8221; text_orientation=&#8221;center&#8221; max_width=&#8221;80%&#8221; module_alignment=&#8221;center&#8221; min_height=&#8221;90px&#8221; custom_margin=&#8221;||11px|||&#8221; locked=&#8221;off&#8221;]<\/p>\n<p class=\"x_p2\"><i class=\"fas fa-map-marker-alt\" aria-hidden=\"true\"><\/i> <strong>Estoril<\/strong><\/p>\n<p class=\"x_p2\">Viva em harmonia com a natureza num projeto sustent\u00e1vel e \u00edmpar.<\/p>\n<p>[\/et_pb_text][et_pb_image src=&#8221;http:\/\/www.portadafrente.pt\/selection\/wp-content\/uploads\/2021\/03\/botao_infogeral.png&#8221; title_text=&#8221;botao_infogeral&#8221; url=&#8221;https:\/\/www.portadafrente.com\/imoveis\/green-hill-a0c3Y00000UDylfQAD&#8221; url_new_window=&#8221;on&#8221; align=&#8221;center&#8221; _builder_version=&#8221;4.9.0&#8243; _module_preset=&#8221;default&#8221; max_width=&#8221;50%&#8221; module_alignment=&#8221;center&#8221; border_radii=&#8221;on|40px|40px|40px|40px&#8221;][\/et_pb_image][\/et_pb_column][et_pb_column type=&#8221;1_5&#8243; _builder_version=&#8221;4.9.0&#8243; _module_preset=&#8221;default&#8221;][et_pb_image src=&#8221;http:\/\/www.portadafrente.pt\/selection\/wp-content\/uploads\/2021\/03\/Building_Day.jpg&#8221; title_text=&#8221;Building_Day&#8221; _builder_version=&#8221;4.9.0&#8243; _module_preset=&#8221;default&#8221; border_radii=&#8221;on|20px|20px|20px|20px&#8221; locked=&#8221;off&#8221;][\/et_pb_image][et_pb_text _builder_version=&#8221;4.9.0&#8243; _module_preset=&#8221;default&#8221; text_font=&#8221;Montserrat|700|||||||&#8221; text_text_color=&#8221;#FFFFFF&#8221; text_font_size=&#8221;22px&#8221; text_orientation=&#8221;center&#8221; custom_margin=&#8221;||15px||false|false&#8221; custom_padding=&#8221;||0px|||&#8221; locked=&#8221;off&#8221;]<\/p>\n<p>The<br \/>Coral<\/p>\n<p>[\/et_pb_text][et_pb_text _builder_version=&#8221;4.9.0&#8243; _module_preset=&#8221;default&#8221; text_font=&#8221;Raleway||||||||&#8221; text_text_color=&#8221;#bcbcbc&#8221; text_font_size=&#8221;12px&#8221; text_line_height=&#8221;1.3em&#8221; ol_font=&#8221;||||||||&#8221; ol_text_align=&#8221;center&#8221; ol_font_size=&#8221;20px&#8221; ol_line_height=&#8221;1.4em&#8221; text_orientation=&#8221;center&#8221; custom_margin=&#8221;||11px|||&#8221; locked=&#8221;off&#8221;]<\/p>\n<p class=\"x_p2\"><i class=\"fas fa-map-marker-alt\"><\/i> <strong>Centro de Cascais<\/strong><\/p>\n<p class=\"x_p2\">Desfrute de generosos espa\u00e7os exteriores perfeitamente combinados com interiores de qualidade e diferenciados.<\/p>\n<p>[\/et_pb_text][et_pb_image src=&#8221;http:\/\/www.portadafrente.pt\/selection\/wp-content\/uploads\/2021\/03\/botao_infogeral.png&#8221; title_text=&#8221;botao_infogeral&#8221; url=&#8221;https:\/\/www.portadafrente.com\/imoveis\/the-coral-a0c3Y00000URrKDQA1&#8243; url_new_window=&#8221;on&#8221; align=&#8221;center&#8221; _builder_version=&#8221;4.9.0&#8243; _module_preset=&#8221;default&#8221; max_width=&#8221;50%&#8221; module_alignment=&#8221;center&#8221; border_radii=&#8221;on|99px|99px|99px|99px&#8221; locked=&#8221;off&#8221;][\/et_pb_image][\/et_pb_column][\/et_pb_row][et_pb_row _builder_version=&#8221;4.9.0&#8243; _module_preset=&#8221;default&#8221; custom_padding=&#8221;||13px|||&#8221; animation_style=&#8221;fade&#8221; border_color_bottom=&#8221;#cccccc&#8221; locked=&#8221;off&#8221;][et_pb_column type=&#8221;4_4&#8243; _builder_version=&#8221;4.9.0&#8243; _module_preset=&#8221;default&#8221;][et_pb_text _builder_version=&#8221;4.9.0&#8243; _module_preset=&#8221;default&#8221; text_font=&#8221;Montserrat|300|||||||&#8221; text_text_color=&#8221;#c1c1c1&#8243; text_font_size=&#8221;48px&#8221; text_orientation=&#8221;center&#8221;]<\/p>\n<p>OEIRAS<\/p>\n<p>[\/et_pb_text][et_pb_divider color=&#8221;#cccccc&#8221; _builder_version=&#8221;4.9.0&#8243; _module_preset=&#8221;default&#8221; max_width=&#8221;25%&#8221; module_alignment=&#8221;center&#8221;][\/et_pb_divider][\/et_pb_column][\/et_pb_row][et_pb_row column_structure=&#8221;1_5,1_5,1_5,1_5,1_5&#8243; use_custom_gutter=&#8221;on&#8221; gutter_width=&#8221;2&#8243; module_class=&#8221;coluna-mobile&#8221; _builder_version=&#8221;4.9.0&#8243; _module_preset=&#8221;default&#8221; custom_margin=&#8221;||30px||false|false&#8221; animation_style=&#8221;slide&#8221; animation_direction=&#8221;bottom&#8221; animation_duration=&#8221;750ms&#8221; animation_intensity_slide=&#8221;20%&#8221; locked=&#8221;off&#8221;][et_pb_column type=&#8221;1_5&#8243; _builder_version=&#8221;4.9.0&#8243; _module_preset=&#8221;default&#8221;][et_pb_image src=&#8221;http:\/\/www.portadafrente.pt\/selection\/wp-content\/uploads\/2021\/03\/jardim-miraflores-f7adc2aa-6c71-4c6d-930e-fb82994f4f00.jpg&#8221; title_text=&#8221;jardim-miraflores-f7adc2aa-6c71-4c6d-930e-fb82994f4f00&#8243; _builder_version=&#8221;4.9.0&#8243; _module_preset=&#8221;default&#8221; border_radii=&#8221;on|20px|20px|20px|20px&#8221;][\/et_pb_image][et_pb_text _builder_version=&#8221;4.9.0&#8243; _module_preset=&#8221;default&#8221; text_font=&#8221;Montserrat|700|||||||&#8221; text_text_color=&#8221;#FFFFFF&#8221; text_font_size=&#8221;21px&#8221; text_letter_spacing=&#8221;-1px&#8221; text_orientation=&#8221;center&#8221; custom_margin=&#8221;||15px||false|false&#8221; custom_padding=&#8221;||0px|||&#8221;]<\/p>\n<p>Jardim Miraflores<\/p>\n<p>[\/et_pb_text][et_pb_text _builder_version=&#8221;4.9.0&#8243; _module_preset=&#8221;default&#8221; text_font=&#8221;Raleway||||||||&#8221; text_text_color=&#8221;#bcbcbc&#8221; text_font_size=&#8221;12px&#8221; text_line_height=&#8221;1.3em&#8221; ol_font=&#8221;||||||||&#8221; ol_text_align=&#8221;center&#8221; ol_font_size=&#8221;20px&#8221; ol_line_height=&#8221;1.4em&#8221; text_orientation=&#8221;center&#8221; max_width=&#8221;80%&#8221; module_alignment=&#8221;center&#8221; min_height=&#8221;90px&#8221; custom_margin=&#8221;||11px|||&#8221; locked=&#8221;off&#8221;]<\/p>\n<p class=\"x_p2\"><i class=\"fas fa-map-marker-alt\"><\/i> <strong>Miraflores<\/strong><\/p>\n<p class=\"x_p2\">Viva dias repletos de luz, num projeto composto por 3 edif\u00edcios \u00fanicos com vista sobre o rio e o Jamor.<\/p>\n<p>[\/et_pb_text][et_pb_image src=&#8221;http:\/\/www.portadafrente.pt\/selection\/wp-content\/uploads\/2021\/03\/botao_infogeral.png&#8221; title_text=&#8221;botao_infogeral&#8221; url=&#8221;https:\/\/www.portadafrente.com\/imoveis\/jardim-miraflores-a0c3Y00000UDyXqQAL&#8221; url_new_window=&#8221;on&#8221; align=&#8221;center&#8221; _builder_version=&#8221;4.9.0&#8243; _module_preset=&#8221;default&#8221; max_width=&#8221;50%&#8221; module_alignment=&#8221;center&#8221; border_radii=&#8221;on|40px|40px|40px|40px&#8221;][\/et_pb_image][\/et_pb_column][et_pb_column type=&#8221;1_5&#8243; _builder_version=&#8221;4.9.0&#8243; _module_preset=&#8221;default&#8221;][et_pb_image src=&#8221;http:\/\/www.portadafrente.pt\/selection\/wp-content\/uploads\/2021\/03\/OFICIAL-DA-LONA.jpg&#8221; title_text=&#8221;OFICIAL DA LONA&#8221; _builder_version=&#8221;4.9.0&#8243; _module_preset=&#8221;default&#8221; border_radii=&#8221;on|20px|20px|20px|20px&#8221;][\/et_pb_image][et_pb_text _builder_version=&#8221;4.9.0&#8243; _module_preset=&#8221;default&#8221; text_font=&#8221;Montserrat|700|||||||&#8221; text_text_color=&#8221;#FFFFFF&#8221; text_font_size=&#8221;21px&#8221; text_letter_spacing=&#8221;-1px&#8221; text_orientation=&#8221;center&#8221; custom_margin=&#8221;||15px||false|false&#8221; custom_padding=&#8221;||0px|||&#8221; locked=&#8221;off&#8221;]<\/p>\n<p>Bugio Terrace<\/p>\n<p>[\/et_pb_text][et_pb_text _builder_version=&#8221;4.9.0&#8243; _module_preset=&#8221;default&#8221; text_font=&#8221;Raleway||||||||&#8221; text_text_color=&#8221;#bcbcbc&#8221; text_font_size=&#8221;12px&#8221; text_line_height=&#8221;1.3em&#8221; ol_font=&#8221;||||||||&#8221; ol_text_align=&#8221;center&#8221; ol_font_size=&#8221;20px&#8221; ol_line_height=&#8221;1.4em&#8221; text_orientation=&#8221;center&#8221; max_width=&#8221;80%&#8221; module_alignment=&#8221;center&#8221; min_height=&#8221;90px&#8221; custom_margin=&#8221;||11px|||&#8221; locked=&#8221;off&#8221;]<\/p>\n<p class=\"x_p2\"><i class=\"fas fa-map-marker-alt\" aria-hidden=\"true\"><\/i> <strong>Pa\u00e7o de Arcos<\/strong><\/p>\n<p class=\"x_p2\">Situado na primeira linha de mar, oferece vistas soberbas e um p\u00f4r do sol inesquec\u00edvel.<\/p>\n<p>[\/et_pb_text][et_pb_image src=&#8221;http:\/\/www.portadafrente.pt\/selection\/wp-content\/uploads\/2021\/03\/botao_infogeral.png&#8221; title_text=&#8221;botao_infogeral&#8221; url=&#8221;https:\/\/www.portadafrente.com\/imoveis\/bugio-terrace-a0c3Y00000UDy0DQAT&#8221; url_new_window=&#8221;on&#8221; align=&#8221;center&#8221; _builder_version=&#8221;4.9.0&#8243; _module_preset=&#8221;default&#8221; max_width=&#8221;50%&#8221; module_alignment=&#8221;center&#8221; border_radii=&#8221;on|99px|99px|99px|99px&#8221; locked=&#8221;off&#8221;][\/et_pb_image][\/et_pb_column][et_pb_column type=&#8221;1_5&#8243; _builder_version=&#8221;4.9.0&#8243; _module_preset=&#8221;default&#8221;][et_pb_image src=&#8221;http:\/\/www.portadafrente.pt\/selection\/wp-content\/uploads\/2021\/03\/pf18980-cover.jpg&#8221; title_text=&#8221;pf18980-cover&#8221; _builder_version=&#8221;4.9.0&#8243; _module_preset=&#8221;default&#8221; border_radii=&#8221;on|20px|20px|20px|20px&#8221;][\/et_pb_image][et_pb_text _builder_version=&#8221;4.9.0&#8243; _module_preset=&#8221;default&#8221; text_font=&#8221;Montserrat|700|||||||&#8221; text_text_color=&#8221;#FFFFFF&#8221; text_font_size=&#8221;22px&#8221; text_orientation=&#8221;center&#8221; custom_margin=&#8221;||15px||false|false&#8221; custom_padding=&#8221;||0px|||&#8221; locked=&#8221;off&#8221;]<\/p>\n<p>Mare<\/p>\n<p>[\/et_pb_text][et_pb_text _builder_version=&#8221;4.9.0&#8243; _module_preset=&#8221;default&#8221; text_font=&#8221;Raleway||||||||&#8221; text_text_color=&#8221;#bcbcbc&#8221; text_font_size=&#8221;12px&#8221; text_line_height=&#8221;1.3em&#8221; ol_font=&#8221;||||||||&#8221; ol_text_align=&#8221;center&#8221; ol_font_size=&#8221;20px&#8221; ol_line_height=&#8221;1.4em&#8221; text_orientation=&#8221;center&#8221; custom_margin=&#8221;||11px|||&#8221; locked=&#8221;off&#8221;]<\/p>\n<p class=\"x_p2\"><i class=\"fas fa-map-marker-alt\"><\/i> <strong>Alto de Alg\u00e9s<\/strong><\/p>\n<p class=\"x_p2\">Desfrute de generosos espa\u00e7os exteriores perfeitamente combinados com interiores de qualidade e diferenciados.<\/p>\n<p>[\/et_pb_text][et_pb_image src=&#8221;http:\/\/www.portadafrente.pt\/selection\/wp-content\/uploads\/2021\/03\/botao_infogeral.png&#8221; title_text=&#8221;botao_infogeral&#8221; url=&#8221;https:\/\/www.portadafrente.com\/imoveis\/mare-alto-de-alges-a0c3Y00000UDy9mQAD&#8221; url_new_window=&#8221;on&#8221; align=&#8221;center&#8221; _builder_version=&#8221;4.9.0&#8243; _module_preset=&#8221;default&#8221; max_width=&#8221;50%&#8221; module_alignment=&#8221;center&#8221; border_radii=&#8221;on|99px|99px|99px|99px&#8221; locked=&#8221;off&#8221;][\/et_pb_image][\/et_pb_column][et_pb_column type=&#8221;1_5&#8243; _builder_version=&#8221;4.9.0&#8243; _module_preset=&#8221;default&#8221;][et_pb_image src=&#8221;http:\/\/www.portadafrente.pt\/selection\/wp-content\/uploads\/2021\/03\/magnolia-61fd10e0-1fb1-4290-953a-bcafe784b8ce.jpg&#8221; title_text=&#8221;magnolia-61fd10e0-1fb1-4290-953a-bcafe784b8ce&#8221; _builder_version=&#8221;4.9.0&#8243; _module_preset=&#8221;default&#8221; border_radii=&#8221;on|20px|20px|20px|20px&#8221;][\/et_pb_image][et_pb_text _builder_version=&#8221;4.9.0&#8243; _module_preset=&#8221;default&#8221; text_font=&#8221;Montserrat|700|||||||&#8221; text_text_color=&#8221;#FFFFFF&#8221; text_font_size=&#8221;21px&#8221; text_letter_spacing=&#8221;-1px&#8221; text_orientation=&#8221;center&#8221; custom_margin=&#8221;||15px||false|false&#8221; custom_padding=&#8221;||0px|||&#8221; locked=&#8221;off&#8221;]<\/p>\n<p>Magn\u00f3lia<\/p>\n<p>[\/et_pb_text][et_pb_text _builder_version=&#8221;4.9.0&#8243; _module_preset=&#8221;default&#8221; text_font=&#8221;Raleway||||||||&#8221; text_text_color=&#8221;#bcbcbc&#8221; text_font_size=&#8221;12px&#8221; text_line_height=&#8221;1.3em&#8221; ol_font=&#8221;||||||||&#8221; ol_text_align=&#8221;center&#8221; ol_font_size=&#8221;20px&#8221; ol_line_height=&#8221;1.4em&#8221; text_orientation=&#8221;center&#8221; module_alignment=&#8221;center&#8221; min_height=&#8221;90px&#8221; custom_margin=&#8221;||11px|||&#8221; locked=&#8221;off&#8221;]<\/p>\n<p class=\"x_p2\"><i class=\"fas fa-map-marker-alt\"><\/i> <strong>Porto Salvo<\/strong><\/p>\n<p class=\"x_p2\">Apartamentos dotados de uma arquitetura contempor\u00e2nea e de uma sofistica\u00e7\u00e3o que convivem com a simplicidade dos detalhes.<\/p>\n<p>[\/et_pb_text][et_pb_image src=&#8221;http:\/\/www.portadafrente.pt\/selection\/wp-content\/uploads\/2021\/03\/botao_infogeral.png&#8221; title_text=&#8221;botao_infogeral&#8221; url=&#8221;https:\/\/www.portadafrente.com\/imoveis\/PF22875-a0c3Y00000UDysOQAT&#8221; url_new_window=&#8221;on&#8221; align=&#8221;center&#8221; _builder_version=&#8221;4.9.0&#8243; _module_preset=&#8221;default&#8221; max_width=&#8221;50%&#8221; module_alignment=&#8221;center&#8221; border_radii=&#8221;on|99px|99px|99px|99px&#8221; locked=&#8221;off&#8221;][\/et_pb_image][\/et_pb_column][et_pb_column type=&#8221;1_5&#8243; _builder_version=&#8221;4.9.0&#8243; _module_preset=&#8221;default&#8221;][et_pb_image src=&#8221;http:\/\/www.portadafrente.pt\/selection\/wp-content\/uploads\/2021\/03\/vivere-a121487a-c7ec-482a-8372-6b469d9b4567.jpg&#8221; title_text=&#8221;vivere-a121487a-c7ec-482a-8372-6b469d9b4567&#8243; _builder_version=&#8221;4.9.0&#8243; _module_preset=&#8221;default&#8221; border_radii=&#8221;on|20px|20px|20px|20px&#8221; locked=&#8221;off&#8221;][\/et_pb_image][et_pb_text _builder_version=&#8221;4.9.0&#8243; _module_preset=&#8221;default&#8221; text_font=&#8221;Montserrat|700|||||||&#8221; text_text_color=&#8221;#FFFFFF&#8221; text_font_size=&#8221;22px&#8221; text_orientation=&#8221;center&#8221; custom_margin=&#8221;||15px||false|false&#8221; custom_padding=&#8221;||0px|||&#8221; locked=&#8221;off&#8221;]<\/p>\n<p>Vivere<\/p>\n<p>[\/et_pb_text][et_pb_text _builder_version=&#8221;4.9.0&#8243; _module_preset=&#8221;default&#8221; text_font=&#8221;Raleway||||||||&#8221; text_text_color=&#8221;#bcbcbc&#8221; text_font_size=&#8221;12px&#8221; text_line_height=&#8221;1.3em&#8221; ol_font=&#8221;||||||||&#8221; ol_text_align=&#8221;center&#8221; ol_font_size=&#8221;20px&#8221; ol_line_height=&#8221;1.4em&#8221; text_orientation=&#8221;center&#8221; custom_margin=&#8221;||11px|||&#8221; locked=&#8221;off&#8221;]<\/p>\n<p class=\"x_p2\"><i class=\"fas fa-map-marker-alt\" aria-hidden=\"true\"><\/i> <strong>Carnaxide<\/strong><\/p>\n<p class=\"x_p2\">Inserido no Vale do Jamor, perto de tudo o que precisa, num condom\u00ednio completo e no cora\u00e7\u00e3o da natureza.<\/p>\n<p>[\/et_pb_text][et_pb_image src=&#8221;http:\/\/www.portadafrente.pt\/selection\/wp-content\/uploads\/2021\/03\/botao_infogeral.png&#8221; title_text=&#8221;botao_infogeral&#8221; url=&#8221;https:\/\/www.portadafrente.com\/imoveis\/pf21012-apartamento-t3-oeiras-a0c3Y00000UDyXKQA1&#8243; url_new_window=&#8221;on&#8221; align=&#8221;center&#8221; _builder_version=&#8221;4.9.0&#8243; _module_preset=&#8221;default&#8221; max_width=&#8221;50%&#8221; module_alignment=&#8221;center&#8221; border_radii=&#8221;on|99px|99px|99px|99px&#8221; locked=&#8221;off&#8221;][\/et_pb_image][\/et_pb_column][\/et_pb_row][\/et_pb_section][et_pb_section fb_built=&#8221;1&#8243; module_id=&#8221;digital&#8221; _builder_version=&#8221;4.9.0&#8243; _module_preset=&#8221;default&#8221; box_shadow_style=&#8221;preset6&#8243; box_shadow_vertical=&#8221;10px&#8221; box_shadow_color=&#8221;rgba(0,0,0,0.1)&#8221;][et_pb_row column_structure=&#8221;2_5,3_5&#8243; custom_padding_last_edited=&#8221;on|phone&#8221; _builder_version=&#8221;4.9.0&#8243; _module_preset=&#8221;default&#8221; custom_padding=&#8221;||40px|||&#8221; custom_padding_tablet=&#8221;||0px||false|false&#8221; custom_padding_phone=&#8221;&#8221; animation_style=&#8221;fold&#8221; animation_direction=&#8221;top&#8221; locked=&#8221;off&#8221;][et_pb_column type=&#8221;2_5&#8243; _builder_version=&#8221;4.9.0&#8243; _module_preset=&#8221;default&#8221;][et_pb_text _builder_version=&#8221;4.9.0&#8243; _module_preset=&#8221;default&#8221; text_font=&#8221;Montserrat|700|||||||&#8221; text_text_color=&#8221;#000000&#8243; text_line_height=&#8221;2em&#8221; text_orientation_tablet=&#8221;center&#8221; text_orientation_phone=&#8221;&#8221; text_orientation_last_edited=&#8221;on|desktop&#8221;]<\/p>\n<p><span class=\"number-size\">Presen\u00e7a<\/span><br \/> <span class=\"label-size\">digital<\/span><\/p>\n<p>[\/et_pb_text][\/et_pb_column][et_pb_column type=&#8221;3_5&#8243; _builder_version=&#8221;4.9.0&#8243; _module_preset=&#8221;default&#8221;][et_pb_text _builder_version=&#8221;4.9.0&#8243; _module_preset=&#8221;default&#8221; text_font=&#8221;Raleway||||||||&#8221; text_text_color=&#8221;#000000&#8243; text_line_height=&#8221;1.5em&#8221; header_font=&#8221;Montserrat|700|||||||&#8221; header_text_align=&#8221;left&#8221; header_text_color=&#8221;#660024&#8243; header_font_size=&#8221;28px&#8221; header_line_height=&#8221;1.7em&#8221; text_orientation=&#8221;right&#8221; max_width=&#8221;75%&#8221; max_width_tablet=&#8221;100%&#8221; max_width_phone=&#8221;&#8221; max_width_last_edited=&#8221;on|phone&#8221; module_alignment=&#8221;right&#8221; custom_margin=&#8221;||||false|false&#8221; text_orientation_tablet=&#8221;center&#8221; text_orientation_phone=&#8221;&#8221; text_orientation_last_edited=&#8221;on|desktop&#8221; module_alignment_tablet=&#8221;center&#8221; module_alignment_phone=&#8221;center&#8221; module_alignment_last_edited=&#8221;on|phone&#8221; locked=&#8221;off&#8221;]<\/p>\n<p><span>As pesquisas online e neg\u00f3cios feitos remotamente dominaram 2020. Conhe\u00e7a os conte\u00fados que mais interessaram os clientes neste per\u00edodo nas nossas plataformas digitais.<\/span><\/p>\n<p>[\/et_pb_text][\/et_pb_column][\/et_pb_row][et_pb_row _builder_version=&#8221;4.9.0&#8243; _module_preset=&#8221;default&#8221; custom_padding=&#8221;||0px|||&#8221; animation_style=&#8221;fade&#8221; border_color_bottom=&#8221;#cccccc&#8221; locked=&#8221;off&#8221;][et_pb_column type=&#8221;4_4&#8243; _builder_version=&#8221;4.9.0&#8243; _module_preset=&#8221;default&#8221;][et_pb_text _builder_version=&#8221;4.9.0&#8243; _module_preset=&#8221;default&#8221; text_font=&#8221;Montserrat|300|||||||&#8221; text_text_color=&#8221;#c1c1c1&#8243; text_font_size=&#8221;48px&#8221; text_orientation=&#8221;center&#8221; custom_padding=&#8221;||4px|||&#8221;]<\/p>\n<p>Portais<\/p>\n<p>[\/et_pb_text][et_pb_divider color=&#8221;#cccccc&#8221; _builder_version=&#8221;4.9.0&#8243; _module_preset=&#8221;default&#8221; max_width=&#8221;25%&#8221; module_alignment=&#8221;center&#8221; custom_margin=&#8221;||16px|||&#8221; locked=&#8221;off&#8221;][\/et_pb_divider][et_pb_text _builder_version=&#8221;4.9.0&#8243; _module_preset=&#8221;default&#8221; text_font=&#8221;Raleway||||||||&#8221; text_orientation=&#8221;center&#8221; max_width=&#8221;70%&#8221; max_width_tablet=&#8221;100%&#8221; max_width_phone=&#8221;&#8221; max_width_last_edited=&#8221;on|desktop&#8221; module_alignment=&#8221;center&#8221; custom_margin=&#8221;||29px|||&#8221; text_orientation_tablet=&#8221;center&#8221; text_orientation_phone=&#8221;&#8221; text_orientation_last_edited=&#8221;on|phone&#8221;]<\/p>\n<p>Mais de 8.145 contataram-nos atrav\u00e9s de portais em 2020. No escopo nacional destacamos o Idealista como principal portal de pesquisa imobili\u00e1ria e, a n\u00edvel internacional, o Green Acres.<\/p>\n<p>[\/et_pb_text][\/et_pb_column][\/et_pb_row][et_pb_row column_structure=&#8221;1_5,1_5,1_5,1_5,1_5&#8243; use_custom_gutter=&#8221;on&#8221; gutter_width=&#8221;2&#8243; module_class=&#8221;coluna-mobile portais-mobile&#8221; _builder_version=&#8221;4.9.0&#8243; _module_preset=&#8221;default&#8221; custom_margin=&#8221;||30px||false|false&#8221; custom_padding=&#8221;||0px|||&#8221; animation_style=&#8221;slide&#8221; animation_direction=&#8221;right&#8221; animation_duration=&#8221;750ms&#8221; animation_intensity_slide=&#8221;20%&#8221; locked=&#8221;off&#8221;][et_pb_column type=&#8221;1_5&#8243; _builder_version=&#8221;4.9.0&#8243; _module_preset=&#8221;default&#8221;][et_pb_text _builder_version=&#8221;4.9.0&#8243; _module_preset=&#8221;default&#8221; text_font=&#8221;Montserrat|300|||||||&#8221; text_text_color=&#8221;#000000&#8243; text_font_size=&#8221;18px&#8221; text_orientation=&#8221;center&#8221; custom_margin=&#8221;50px||||false|false&#8221; custom_margin_tablet=&#8221;0px||||false|false&#8221; custom_margin_phone=&#8221;&#8221; custom_margin_last_edited=&#8221;on|desktop&#8221; custom_padding=&#8221;||0px|||&#8221; text_orientation_tablet=&#8221;center&#8221; text_orientation_phone=&#8221;&#8221; text_orientation_last_edited=&#8221;on|phone&#8221; locked=&#8221;off&#8221;]<\/p>\n<p>Principais portais imobili\u00e1rios <strong>nacionais<\/strong><\/p>\n<p>[\/et_pb_text][\/et_pb_column][et_pb_column type=&#8221;1_5&#8243; _builder_version=&#8221;4.9.0&#8243; _module_preset=&#8221;default&#8221;][et_pb_text _builder_version=&#8221;4.9.0&#8243; _module_preset=&#8221;default&#8221; text_font=&#8221;Raleway|600|||||||&#8221; text_text_color=&#8221;#919191&#8243; text_font_size=&#8221;49px&#8221; z_index=&#8221;99&#8243; text_orientation=&#8221;center&#8221; custom_margin=&#8221;||-2px||false|false&#8221;]<\/p>\n<p>1<\/p>\n<p>[\/et_pb_text][et_pb_image src=&#8221;http:\/\/www.portadafrente.pt\/selection\/wp-content\/uploads\/2021\/03\/l_0011_idealista.jpg&#8221; title_text=&#8221;l_0011_idealista&#8221; _builder_version=&#8221;4.9.0&#8243; _module_preset=&#8221;default&#8221; border_radii=&#8221;on|20px|20px|20px|20px&#8221;][\/et_pb_image][\/et_pb_column][et_pb_column type=&#8221;1_5&#8243; _builder_version=&#8221;4.9.0&#8243; _module_preset=&#8221;default&#8221;][et_pb_text _builder_version=&#8221;4.9.0&#8243; _module_preset=&#8221;default&#8221; text_font=&#8221;Raleway|600|||||||&#8221; text_text_color=&#8221;#919191&#8243; text_font_size=&#8221;49px&#8221; z_index=&#8221;99&#8243; text_orientation=&#8221;center&#8221; custom_margin=&#8221;||-2px||false|false&#8221; locked=&#8221;off&#8221;]<\/p>\n<p>2<\/p>\n<p>[\/et_pb_text][et_pb_image src=&#8221;http:\/\/www.portadafrente.pt\/selection\/wp-content\/uploads\/2021\/03\/l_0006_logo_fb.jpg&#8221; title_text=&#8221;l_0006_logo_fb&#8221; _builder_version=&#8221;4.9.0&#8243; _module_preset=&#8221;default&#8221; border_radii=&#8221;on|20px|20px|20px|20px&#8221;][\/et_pb_image][\/et_pb_column][et_pb_column type=&#8221;1_5&#8243; _builder_version=&#8221;4.9.0&#8243; _module_preset=&#8221;default&#8221;][et_pb_text _builder_version=&#8221;4.9.0&#8243; _module_preset=&#8221;default&#8221; text_font=&#8221;Raleway|600|||||||&#8221; text_text_color=&#8221;#919191&#8243; text_font_size=&#8221;49px&#8221; z_index=&#8221;99&#8243; text_orientation=&#8221;center&#8221; custom_margin=&#8221;||-2px||false|false&#8221; locked=&#8221;off&#8221;]<\/p>\n<p>3<\/p>\n<p>[\/et_pb_text][et_pb_image src=&#8221;http:\/\/www.portadafrente.pt\/selection\/wp-content\/uploads\/2021\/03\/l_0010_Imovirtual-logo-cores-sem-simbolo.jpg&#8221; title_text=&#8221;l_0010_Imovirtual-logo-cores-sem-simbolo&#8221; _builder_version=&#8221;4.9.0&#8243; _module_preset=&#8221;default&#8221; border_radii=&#8221;on|20px|20px|20px|20px&#8221;][\/et_pb_image][\/et_pb_column][et_pb_column type=&#8221;1_5&#8243; _builder_version=&#8221;4.9.0&#8243; _module_preset=&#8221;default&#8221;][et_pb_text _builder_version=&#8221;4.9.0&#8243; _module_preset=&#8221;default&#8221; text_font=&#8221;Raleway|600|||||||&#8221; text_text_color=&#8221;#919191&#8243; text_font_size=&#8221;49px&#8221; z_index=&#8221;99&#8243; text_orientation=&#8221;center&#8221; custom_margin=&#8221;||-2px||false|false&#8221; locked=&#8221;off&#8221;]<\/p>\n<p>4<\/p>\n<p>[\/et_pb_text][et_pb_image src=&#8221;http:\/\/www.portadafrente.pt\/selection\/wp-content\/uploads\/2021\/03\/l_0015_bpi.jpg&#8221; title_text=&#8221;l_0015_bpi&#8221; _builder_version=&#8221;4.9.0&#8243; _module_preset=&#8221;default&#8221; border_radii=&#8221;on|20px|20px|20px|20px&#8221;][\/et_pb_image][\/et_pb_column][\/et_pb_row][et_pb_row _builder_version=&#8221;4.9.0&#8243; _module_preset=&#8221;default&#8221; custom_padding=&#8221;0px||11px|||&#8221; animation_style=&#8221;fade&#8221; border_color_bottom=&#8221;#cccccc&#8221; locked=&#8221;off&#8221;][et_pb_column type=&#8221;4_4&#8243; _builder_version=&#8221;4.9.0&#8243; _module_preset=&#8221;default&#8221;][et_pb_divider color=&#8221;#cccccc&#8221; _builder_version=&#8221;4.9.0&#8243; _module_preset=&#8221;default&#8221; max_width=&#8221;25%&#8221; module_alignment=&#8221;center&#8221; custom_margin=&#8221;||-1px|||&#8221; locked=&#8221;off&#8221;][\/et_pb_divider][\/et_pb_column][\/et_pb_row][et_pb_row column_structure=&#8221;1_5,1_5,1_5,1_5,1_5&#8243; use_custom_gutter=&#8221;on&#8221; gutter_width=&#8221;2&#8243; module_class=&#8221;coluna-mobile portais-mobile&#8221; _builder_version=&#8221;4.9.0&#8243; _module_preset=&#8221;default&#8221; custom_margin=&#8221;||30px||false|false&#8221; custom_padding=&#8221;||0px|||&#8221; animation_style=&#8221;slide&#8221; animation_direction=&#8221;left&#8221; animation_duration=&#8221;750ms&#8221; animation_intensity_slide=&#8221;20%&#8221; locked=&#8221;off&#8221;][et_pb_column type=&#8221;1_5&#8243; _builder_version=&#8221;4.9.0&#8243; _module_preset=&#8221;default&#8221;][et_pb_text _builder_version=&#8221;4.9.0&#8243; _module_preset=&#8221;default&#8221; text_font=&#8221;Montserrat|300|||||||&#8221; text_text_color=&#8221;#000000&#8243; text_font_size=&#8221;18px&#8221; text_orientation=&#8221;center&#8221; custom_margin=&#8221;50px||||false|false&#8221; custom_margin_tablet=&#8221;0px||||false|false&#8221; custom_margin_phone=&#8221;&#8221; custom_margin_last_edited=&#8221;on|desktop&#8221; custom_padding=&#8221;||0px|||&#8221; text_orientation_tablet=&#8221;center&#8221; text_orientation_phone=&#8221;&#8221; text_orientation_last_edited=&#8221;on|phone&#8221; locked=&#8221;off&#8221;]<\/p>\n<p>Principais portais imobili\u00e1rios<strong> internacionais<\/strong><\/p>\n<p>[\/et_pb_text][\/et_pb_column][et_pb_column type=&#8221;1_5&#8243; _builder_version=&#8221;4.9.0&#8243; _module_preset=&#8221;default&#8221;][et_pb_text _builder_version=&#8221;4.9.0&#8243; _module_preset=&#8221;default&#8221; text_font=&#8221;Raleway|600|||||||&#8221; text_text_color=&#8221;#919191&#8243; text_font_size=&#8221;49px&#8221; z_index=&#8221;99&#8243; text_orientation=&#8221;center&#8221; custom_margin=&#8221;||-2px||false|false&#8221;]<\/p>\n<p>1<\/p>\n<p>[\/et_pb_text][et_pb_image src=&#8221;http:\/\/www.portadafrente.pt\/selection\/wp-content\/uploads\/2021\/03\/l_0012_green-acres-logo-portail-annonces-immobilieres-international.jpg&#8221; title_text=&#8221;l_0012_green-acres-logo-portail-annonces-immobilieres-international&#8221; _builder_version=&#8221;4.9.0&#8243; _module_preset=&#8221;default&#8221; border_radii=&#8221;on|20px|20px|20px|20px&#8221;][\/et_pb_image][\/et_pb_column][et_pb_column type=&#8221;1_5&#8243; _builder_version=&#8221;4.9.0&#8243; _module_preset=&#8221;default&#8221;][et_pb_text _builder_version=&#8221;4.9.0&#8243; _module_preset=&#8221;default&#8221; text_font=&#8221;Raleway|600|||||||&#8221; text_text_color=&#8221;#919191&#8243; text_font_size=&#8221;49px&#8221; z_index=&#8221;99&#8243; text_orientation=&#8221;center&#8221; custom_margin=&#8221;||-2px||false|false&#8221; locked=&#8221;off&#8221;]<\/p>\n<p>2<\/p>\n<p>[\/et_pb_text][et_pb_image src=&#8221;http:\/\/www.portadafrente.pt\/selection\/wp-content\/uploads\/2021\/03\/l_0004_luxury.jpg&#8221; title_text=&#8221;l_0004_luxury&#8221; _builder_version=&#8221;4.9.0&#8243; _module_preset=&#8221;default&#8221; border_radii=&#8221;on|20px|20px|20px|20px&#8221;][\/et_pb_image][\/et_pb_column][et_pb_column type=&#8221;1_5&#8243; _builder_version=&#8221;4.9.0&#8243; _module_preset=&#8221;default&#8221;][et_pb_text _builder_version=&#8221;4.9.0&#8243; _module_preset=&#8221;default&#8221; text_font=&#8221;Raleway|600|||||||&#8221; text_text_color=&#8221;#919191&#8243; text_font_size=&#8221;49px&#8221; z_index=&#8221;99&#8243; text_orientation=&#8221;center&#8221; custom_margin=&#8221;||-2px||false|false&#8221; locked=&#8221;off&#8221;]<\/p>\n<p>3<\/p>\n<p>[\/et_pb_text][et_pb_image src=&#8221;http:\/\/www.portadafrente.pt\/selection\/wp-content\/uploads\/2021\/03\/l_0003_mer.jpg&#8221; title_text=&#8221;l_0003_mer&#8221; _builder_version=&#8221;4.9.0&#8243; _module_preset=&#8221;default&#8221; border_radii=&#8221;on|20px|20px|20px|20px&#8221;][\/et_pb_image][\/et_pb_column][et_pb_column type=&#8221;1_5&#8243; _builder_version=&#8221;4.9.0&#8243; _module_preset=&#8221;default&#8221;][et_pb_text _builder_version=&#8221;4.9.0&#8243; _module_preset=&#8221;default&#8221; text_font=&#8221;Raleway|600|||||||&#8221; text_text_color=&#8221;#919191&#8243; text_font_size=&#8221;49px&#8221; z_index=&#8221;99&#8243; text_orientation=&#8221;center&#8221; custom_margin=&#8221;||-2px||false|false&#8221; locked=&#8221;off&#8221;]<\/p>\n<p>4<\/p>\n<p>[\/et_pb_text][et_pb_image src=&#8221;http:\/\/www.portadafrente.pt\/selection\/wp-content\/uploads\/2021\/03\/kyero.jpg&#8221; title_text=&#8221;kyero&#8221; _builder_version=&#8221;4.9.0&#8243; _module_preset=&#8221;default&#8221; border_radii=&#8221;on|20px|20px|20px|20px&#8221;][\/et_pb_image][\/et_pb_column][\/et_pb_row][et_pb_row use_custom_gutter=&#8221;on&#8221; gutter_width=&#8221;2&#8243; _builder_version=&#8221;4.9.0&#8243; _module_preset=&#8221;default&#8221; custom_padding=&#8221;||0px||false|false&#8221; animation_style=&#8221;fade&#8221; locked=&#8221;off&#8221;][et_pb_column type=&#8221;4_4&#8243; _builder_version=&#8221;4.9.0&#8243; _module_preset=&#8221;default&#8221;][et_pb_text _builder_version=&#8221;4.9.0&#8243; _module_preset=&#8221;default&#8221; text_font=&#8221;Raleway|600|||||||&#8221; text_text_color=&#8221;#000000&#8243; text_font_size=&#8221;19px&#8221; header_font=&#8221;Montserrat|700|||||||&#8221; header_text_align=&#8221;left&#8221; header_text_color=&#8221;#660024&#8243; header_font_size=&#8221;28px&#8221; header_line_height=&#8221;1.7em&#8221; text_orientation=&#8221;center&#8221; custom_margin=&#8221;0px||30px||false|false&#8221;]<\/p>\n<p>Veja outros portais imobili\u00e1rios que se destacaram em 2020:<\/p>\n<p>[\/et_pb_text][et_pb_text _builder_version=&#8221;4.9.0&#8243; _module_preset=&#8221;default&#8221; text_orientation=&#8221;center&#8221; custom_margin=&#8221;||0px||false|false&#8221; locked=&#8221;off&#8221;]<\/p>\n<ul class=\"portais\">\n<li><img src=\"http:\/\/www.portadafrente.pt\/selection\/wp-content\/uploads\/2021\/03\/l_0009_Juwai_logo.jpg\" \/><\/li>\n<li><img src=\"http:\/\/www.portadafrente.pt\/selection\/wp-content\/uploads\/2021\/03\/l_0005_logo_lefigaroproperties.jpg\" \/><\/li>\n<li><img src=\"http:\/\/www.portadafrente.pt\/selection\/wp-content\/uploads\/2021\/03\/l_0013_download.jpg\" \/><\/li>\n<li><img src=\"http:\/\/www.portadafrente.pt\/selection\/wp-content\/uploads\/2021\/03\/l_0001_properties-uk.jpg\" \/><\/li>\n<li><img src=\"http:\/\/www.portadafrente.pt\/selection\/wp-content\/uploads\/2021\/03\/l_0016_500px-James_Edition_logo.jpg\" \/><\/li>\n<\/ul>\n<ul class=\"portais\">\n<li><img src=\"http:\/\/www.portadafrente.pt\/selection\/wp-content\/uploads\/2021\/03\/l_0000_seloger.jpg\" \/><\/li>\n<li><img src=\"http:\/\/www.portadafrente.pt\/selection\/wp-content\/uploads\/2021\/03\/l_0002_move-channel.jpg\" \/><\/li>\n<li><img src=\"http:\/\/www.portadafrente.pt\/selection\/wp-content\/uploads\/2021\/03\/l_0014_color@3x.jpg\" \/><\/li>\n<li><img src=\"http:\/\/www.portadafrente.pt\/selection\/wp-content\/uploads\/2021\/03\/l_0018_1.jpg\" \/><\/li>\n<li><img src=\"http:\/\/www.portadafrente.pt\/selection\/wp-content\/uploads\/2021\/03\/l_0017_3.jpg\" \/><\/li>\n<\/ul>\n<p>[\/et_pb_text][\/et_pb_column][\/et_pb_row][et_pb_row _builder_version=&#8221;4.9.0&#8243; _module_preset=&#8221;default&#8221; custom_padding=&#8221;||0px|||&#8221; locked=&#8221;off&#8221;][et_pb_column type=&#8221;4_4&#8243; _builder_version=&#8221;4.9.0&#8243; _module_preset=&#8221;default&#8221;][et_pb_divider color=&#8221;#cccccc&#8221; _builder_version=&#8221;4.9.0&#8243; _module_preset=&#8221;default&#8221;][\/et_pb_divider][\/et_pb_column][\/et_pb_row][et_pb_row _builder_version=&#8221;4.9.0&#8243; _module_preset=&#8221;default&#8221; custom_padding=&#8221;40px||33px|||&#8221; animation_style=&#8221;fade&#8221; border_color_bottom=&#8221;#cccccc&#8221; locked=&#8221;off&#8221;][et_pb_column type=&#8221;4_4&#8243; _builder_version=&#8221;4.9.0&#8243; _module_preset=&#8221;default&#8221;][et_pb_text _builder_version=&#8221;4.9.0&#8243; _module_preset=&#8221;default&#8221; text_font=&#8221;Montserrat|300|||||||&#8221; text_text_color=&#8221;#c1c1c1&#8243; text_font_size=&#8221;48px&#8221; text_orientation=&#8221;center&#8221; custom_padding=&#8221;||4px|||&#8221;]<\/p>\n<p>Google Ads<\/p>\n<p>[\/et_pb_text][et_pb_divider color=&#8221;#cccccc&#8221; _builder_version=&#8221;4.9.0&#8243; _module_preset=&#8221;default&#8221; max_width=&#8221;25%&#8221; module_alignment=&#8221;center&#8221; custom_margin=&#8221;||18px|||&#8221; locked=&#8221;off&#8221;][\/et_pb_divider][et_pb_text _builder_version=&#8221;4.9.0&#8243; _module_preset=&#8221;default&#8221; text_font=&#8221;Raleway||||||||&#8221; text_orientation=&#8221;center&#8221; max_width=&#8221;70%&#8221; max_width_tablet=&#8221;100%&#8221; max_width_phone=&#8221;&#8221; max_width_last_edited=&#8221;on|desktop&#8221; module_alignment=&#8221;center&#8221; text_orientation_tablet=&#8221;center&#8221; text_orientation_phone=&#8221;&#8221; text_orientation_last_edited=&#8221;on|phone&#8221;]<\/p>\n<p><span>Veja quais os termos mais pesquisados no principal motor de busca do mundo.<\/span><\/p>\n<p>[\/et_pb_text][\/et_pb_column][\/et_pb_row][et_pb_row column_structure=&#8221;1_2,1_2&#8243; _builder_version=&#8221;4.9.0&#8243; _module_preset=&#8221;default&#8221; custom_padding=&#8221;0px||||false|false&#8221;][et_pb_column type=&#8221;1_2&#8243; _builder_version=&#8221;4.9.0&#8243; _module_preset=&#8221;default&#8221;][et_pb_image src=&#8221;http:\/\/www.portadafrente.pt\/selection\/wp-content\/uploads\/2021\/03\/presenca.jpg&#8221; title_text=&#8221;presenca&#8221; align=&#8221;center&#8221; _builder_version=&#8221;4.9.0&#8243; _module_preset=&#8221;default&#8221;][\/et_pb_image][\/et_pb_column][et_pb_column type=&#8221;1_2&#8243; _builder_version=&#8221;4.9.0&#8243; _module_preset=&#8221;default&#8221;][et_pb_image src=&#8221;http:\/\/www.portadafrente.pt\/selection\/wp-content\/uploads\/2021\/03\/keywords.jpg&#8221; title_text=&#8221;keywords&#8221; disabled_on=&#8221;on|on|off&#8221; _builder_version=&#8221;4.9.0&#8243; _module_preset=&#8221;default&#8221;][\/et_pb_image][\/et_pb_column][\/et_pb_row][et_pb_row column_structure=&#8221;1_3,1_3,1_3&#8243; use_custom_gutter=&#8221;on&#8221; gutter_width=&#8221;2&#8243; _builder_version=&#8221;4.9.0&#8243; _module_preset=&#8221;default&#8221; custom_padding=&#8221;||0px|||&#8221;][et_pb_column type=&#8221;1_3&#8243; _builder_version=&#8221;4.9.0&#8243; _module_preset=&#8221;default&#8221;][et_pb_text _builder_version=&#8221;4.9.0&#8243; _module_preset=&#8221;default&#8221; text_font=&#8221;Montserrat|300|||||||&#8221; text_text_color=&#8221;#c1c1c1&#8243; text_font_size=&#8221;35px&#8221; custom_margin=&#8221;||20px|||&#8221; text_orientation_tablet=&#8221;center&#8221; text_orientation_phone=&#8221;&#8221; text_orientation_last_edited=&#8221;on|phone&#8221; locked=&#8221;off&#8221;]<\/p>\n<p>PT<\/p>\n<p>[\/et_pb_text][et_pb_text _builder_version=&#8221;4.9.0&#8243; _module_preset=&#8221;default&#8221; text_font=&#8221;Raleway||||||||&#8221; text_text_color=&#8221;#000000&#8243; text_font_size=&#8221;18px&#8221; ol_font=&#8221;||||||||&#8221; ol_text_align=&#8221;left&#8221; ol_font_size=&#8221;13px&#8221; ol_line_height=&#8221;1.3em&#8221; text_orientation=&#8221;center&#8221; custom_margin=&#8221;||11px|||&#8221; ol_text_align_tablet=&#8221;center&#8221; ol_text_align_phone=&#8221;&#8221; ol_text_align_last_edited=&#8221;on|phone&#8221;]<\/p>\n<ol start=\"1\" type=\"1\">\n<li class=\"x_MsoListParagraph\" style=\"font-size: 1rem;\"><strong>moradias para venda<\/strong><\/li>\n<li class=\"x_MsoListParagraph\"><span>vistos gold<\/span><\/li>\n<li class=\"x_MsoListParagraph\"><span>moradias em oeiras<\/span><\/li>\n<li class=\"x_MsoListParagraph\"><span>casas em lisboa<\/span><\/li>\n<li class=\"x_MsoListParagraph\"><span>empreendimentos lisboa<\/span><\/li>\n<li class=\"x_MsoListParagraph\"><span>casas a venda em portugal<\/span><\/li>\n<li class=\"x_MsoListParagraph\"><span>casas em cascais<\/span><\/li>\n<li class=\"x_MsoListParagraph\"><span>moradias em cascais<\/span><\/li>\n<li class=\"x_MsoListParagraph\"><span>comprar apartamento em lisboa<\/span><\/li>\n<li class=\"x_MsoListParagraph\"><span>golden visa portugal<\/span><\/li>\n<\/ol>\n<p>[\/et_pb_text][\/et_pb_column][et_pb_column type=&#8221;1_3&#8243; _builder_version=&#8221;4.9.0&#8243; _module_preset=&#8221;default&#8221;][et_pb_text _builder_version=&#8221;4.9.0&#8243; _module_preset=&#8221;default&#8221; text_font=&#8221;Montserrat|300|||||||&#8221; text_text_color=&#8221;#c1c1c1&#8243; text_font_size=&#8221;35px&#8221; custom_margin=&#8221;||20px|||&#8221; text_orientation_tablet=&#8221;center&#8221; text_orientation_phone=&#8221;&#8221; text_orientation_last_edited=&#8221;on|phone&#8221; locked=&#8221;off&#8221;]<\/p>\n<p>EN<\/p>\n<p>[\/et_pb_text][et_pb_text _builder_version=&#8221;4.9.0&#8243; _module_preset=&#8221;default&#8221; text_font=&#8221;Raleway||||||||&#8221; text_text_color=&#8221;#000000&#8243; text_font_size=&#8221;18px&#8221; ol_font=&#8221;||||||||&#8221; ol_text_align=&#8221;left&#8221; ol_font_size=&#8221;13px&#8221; ol_line_height=&#8221;1.3em&#8221; text_orientation=&#8221;center&#8221; custom_margin=&#8221;||11px|||&#8221; ol_text_align_tablet=&#8221;center&#8221; ol_text_align_phone=&#8221;&#8221; ol_text_align_last_edited=&#8221;on|phone&#8221; locked=&#8221;off&#8221;]<\/p>\n<ol start=\"1\" type=\"1\">\n<li class=\"x_p1\"><strong><span lang=\"EN-US\" style=\"font-size:1rem;\">portugal real estate<\/span><\/strong><\/li>\n<li class=\"x_p1\"><span lang=\"EN-US\">homes for sale in portugal<\/span><\/li>\n<li class=\"x_p1\"><span lang=\"EN-US\">portugal real estate for sale<\/span><\/li>\n<li class=\"x_p1\"><span lang=\"EN-US\">apartments for rent in lisbon portugal<\/span><\/li>\n<li class=\"x_p1\"><span lang=\"EN-US\">portugal golden visa 2020<\/span><\/li>\n<li class=\"x_p1\"><span lang=\"EN-US\">lisbon apartments<\/span><\/li>\n<li class=\"x_p1\">real estate in cascais portugal<\/li>\n<li class=\"x_p1\">buying property in portugal<\/li>\n<li class=\"x_p1\"><span lang=\"EN-US\">properties for sale in portugal<\/span><\/li>\n<li class=\"x_p1\"><span lang=\"EN-US\">houses in Estoril Portugal<\/span><\/li>\n<\/ol>\n<p>[\/et_pb_text][\/et_pb_column][et_pb_column type=&#8221;1_3&#8243; _builder_version=&#8221;4.9.0&#8243; _module_preset=&#8221;default&#8221;][et_pb_text _builder_version=&#8221;4.9.0&#8243; _module_preset=&#8221;default&#8221; text_font=&#8221;Montserrat|300|||||||&#8221; text_text_color=&#8221;#c1c1c1&#8243; text_font_size=&#8221;35px&#8221; custom_margin=&#8221;||20px|||&#8221; text_orientation_tablet=&#8221;center&#8221; text_orientation_phone=&#8221;&#8221; text_orientation_last_edited=&#8221;on|phone&#8221; locked=&#8221;off&#8221;]<\/p>\n<p>FR<\/p>\n<p>[\/et_pb_text][et_pb_text _builder_version=&#8221;4.9.0&#8243; _module_preset=&#8221;default&#8221; text_font=&#8221;Raleway||||||||&#8221; text_text_color=&#8221;#000000&#8243; text_font_size=&#8221;18px&#8221; ol_font=&#8221;||||||||&#8221; ol_text_align=&#8221;left&#8221; ol_font_size=&#8221;13px&#8221; ol_line_height=&#8221;1.3em&#8221; text_orientation=&#8221;center&#8221; custom_margin=&#8221;||11px|||&#8221; ol_text_align_tablet=&#8221;center&#8221; ol_text_align_phone=&#8221;&#8221; ol_text_align_last_edited=&#8221;on|phone&#8221; locked=&#8221;off&#8221;]<\/p>\n<ol start=\"1\" type=\"1\">\n<li class=\"x_p1\"><strong><span lang=\"EN-US\" style=\"font-size:1rem;\">immobilier lisbonne<\/span><\/strong><\/li>\n<li class=\"x_p1\"><span lang=\"EN-US\">appartement a vendre lisbonne<\/span><\/li>\n<li class=\"x_p1\">maison a vendre lisbonne<\/li>\n<li class=\"x_p1\">agence immobiliere portugal<\/li>\n<li class=\"x_p1\">maison a vendre portugal<\/li>\n<li class=\"x_p1\"><span lang=\"EN-US\">maison a vendre cascais<\/span><\/li>\n<li class=\"x_p1\"><span lang=\"EN-US\">appartement a vendre a lisbonne<\/span><\/li>\n<li class=\"x_p1\">vente appartement cascais<\/li>\n<li class=\"x_p1\">vivre au portugal<\/li>\n<li class=\"x_p1\">appartement cascais a vendre<\/li>\n<\/ol>\n<p>[\/et_pb_text][\/et_pb_column][\/et_pb_row][et_pb_row _builder_version=&#8221;4.9.0&#8243; _module_preset=&#8221;default&#8221; custom_padding=&#8221;||0px|||&#8221; locked=&#8221;off&#8221;][et_pb_column type=&#8221;4_4&#8243; _builder_version=&#8221;4.9.0&#8243; _module_preset=&#8221;default&#8221;][et_pb_divider color=&#8221;#cccccc&#8221; _builder_version=&#8221;4.9.0&#8243; _module_preset=&#8221;default&#8221;][\/et_pb_divider][\/et_pb_column][\/et_pb_row][et_pb_row _builder_version=&#8221;4.9.0&#8243; _module_preset=&#8221;default&#8221; custom_padding=&#8221;40px||0px|||&#8221; animation_style=&#8221;fade&#8221; border_color_bottom=&#8221;#cccccc&#8221; locked=&#8221;off&#8221;][et_pb_column type=&#8221;4_4&#8243; _builder_version=&#8221;4.9.0&#8243; _module_preset=&#8221;default&#8221;][et_pb_text _builder_version=&#8221;4.9.0&#8243; _module_preset=&#8221;default&#8221; text_font=&#8221;Montserrat|300|||||||&#8221; text_text_color=&#8221;#c1c1c1&#8243; text_font_size=&#8221;48px&#8221; text_orientation=&#8221;center&#8221; custom_padding=&#8221;||4px|||&#8221;]<\/p>\n<p>Social Media<\/p>\n<p>[\/et_pb_text][et_pb_divider color=&#8221;#cccccc&#8221; _builder_version=&#8221;4.9.0&#8243; _module_preset=&#8221;default&#8221; max_width=&#8221;25%&#8221; module_alignment=&#8221;center&#8221; custom_margin=&#8221;||18px|||&#8221; locked=&#8221;off&#8221;][\/et_pb_divider][\/et_pb_column][\/et_pb_row][et_pb_row column_structure=&#8221;2_5,3_5&#8243; _builder_version=&#8221;4.9.0&#8243; _module_preset=&#8221;default&#8221; animation_style=&#8221;flip&#8221; animation_direction=&#8221;left&#8221; locked=&#8221;off&#8221;][et_pb_column type=&#8221;2_5&#8243; _builder_version=&#8221;4.9.0&#8243; _module_preset=&#8221;default&#8221;][et_pb_image src=&#8221;http:\/\/www.portadafrente.pt\/selection\/wp-content\/uploads\/2021\/03\/social.jpg&#8221; title_text=&#8221;social&#8221; align_tablet=&#8221;center&#8221; align_phone=&#8221;&#8221; align_last_edited=&#8221;on|phone&#8221; _builder_version=&#8221;4.9.0&#8243; _module_preset=&#8221;default&#8221; max_height=&#8221;250px&#8221;][\/et_pb_image][et_pb_text _builder_version=&#8221;4.9.0&#8243; _module_preset=&#8221;default&#8221; text_font=&#8221;Raleway||||||||&#8221; text_orientation_tablet=&#8221;center&#8221; text_orientation_phone=&#8221;&#8221; text_orientation_last_edited=&#8221;on|phone&#8221; locked=&#8221;off&#8221;]<\/p>\n<p><span>As nossas publica\u00e7\u00f5es que geraram maior intera\u00e7\u00e3o refletem as principais tend\u00eancias transversais a 2020: escapismo com v\u00eddeos de grandes propriedades afastadas dos centros urbanos, desejo por moradias com piscina e jardim e, por outro lado, inspira\u00e7\u00e3o com novos empreendimentos junto ao rio e mar.<\/span><\/p>\n<p>[\/et_pb_text][\/et_pb_column][et_pb_column type=&#8221;3_5&#8243; _builder_version=&#8221;4.9.0&#8243; _module_preset=&#8221;default&#8221;][et_pb_image src=&#8221;http:\/\/www.portadafrente.pt\/selection\/wp-content\/uploads\/2021\/03\/social-media.jpg&#8221; title_text=&#8221;social-media&#8221; _builder_version=&#8221;4.9.0&#8243; _module_preset=&#8221;default&#8221;][\/et_pb_image][\/et_pb_column][\/et_pb_row][et_pb_row column_structure=&#8221;1_4,1_4,1_4,1_4&#8243; use_custom_gutter=&#8221;on&#8221; gutter_width=&#8221;2&#8243; _builder_version=&#8221;4.9.0&#8243; _module_preset=&#8221;default&#8221; custom_padding=&#8221;||25px|||&#8221; animation_style=&#8221;fade&#8221;][et_pb_column type=&#8221;1_4&#8243; _builder_version=&#8221;4.9.0&#8243; _module_preset=&#8221;default&#8221;][et_pb_text _builder_version=&#8221;4.9.0&#8243; _module_preset=&#8221;default&#8221; text_font=&#8221;Montserrat|700|||||||&#8221; text_text_color=&#8221;#000000&#8243; text_font_size=&#8221;25px&#8221; text_orientation=&#8221;center&#8221; custom_margin=&#8221;||12px|||&#8221;]<\/p>\n<p>9.515.492<\/p>\n<p>[\/et_pb_text][et_pb_text _builder_version=&#8221;4.9.0&#8243; _module_preset=&#8221;default&#8221; text_font=&#8221;Raleway||||||||&#8221; text_font_size=&#8221;18px&#8221; text_orientation=&#8221;center&#8221;]<\/p>\n<p>pessoas viram as nossas publica\u00e7\u00f5es\u00a0em 2020<\/p>\n<p>[\/et_pb_text][\/et_pb_column][et_pb_column type=&#8221;1_4&#8243; _builder_version=&#8221;4.9.0&#8243; _module_preset=&#8221;default&#8221;][et_pb_text _builder_version=&#8221;4.9.0&#8243; _module_preset=&#8221;default&#8221; text_font=&#8221;Montserrat|700|||||||&#8221; text_text_color=&#8221;#000000&#8243; text_font_size=&#8221;25px&#8221; text_orientation=&#8221;center&#8221; custom_margin=&#8221;||12px|||&#8221; locked=&#8221;off&#8221;]<\/p>\n<p>Aumento de 501%<\/p>\n<p>[\/et_pb_text][et_pb_text _builder_version=&#8221;4.9.0&#8243; _module_preset=&#8221;default&#8221; text_font=&#8221;Raleway||||||||&#8221; text_font_size=&#8221;18px&#8221; text_orientation=&#8221;center&#8221; locked=&#8221;off&#8221;]<\/p>\n<p>face ao ano anterior<\/p>\n<p>[\/et_pb_text][\/et_pb_column][et_pb_column type=&#8221;1_4&#8243; _builder_version=&#8221;4.9.0&#8243; _module_preset=&#8221;default&#8221;][et_pb_text _builder_version=&#8221;4.9.0&#8243; _module_preset=&#8221;default&#8221; text_font=&#8221;Montserrat|700|||||||&#8221; text_text_color=&#8221;#000000&#8243; text_font_size=&#8221;25px&#8221; text_orientation=&#8221;center&#8221; custom_margin=&#8221;||12px|||&#8221; locked=&#8221;off&#8221;]<\/p>\n<p>257.833<\/p>\n<p>[\/et_pb_text][et_pb_text _builder_version=&#8221;4.9.0&#8243; _module_preset=&#8221;default&#8221; text_font=&#8221;Raleway||||||||&#8221; text_font_size=&#8221;18px&#8221; text_orientation=&#8221;center&#8221; locked=&#8221;off&#8221;]<\/p>\n<p>cliques em links<\/p>\n<p>[\/et_pb_text][\/et_pb_column][et_pb_column type=&#8221;1_4&#8243; _builder_version=&#8221;4.9.0&#8243; _module_preset=&#8221;default&#8221;][et_pb_text _builder_version=&#8221;4.9.0&#8243; _module_preset=&#8221;default&#8221; text_font=&#8221;Montserrat|700|||||||&#8221; text_text_color=&#8221;#000000&#8243; text_font_size=&#8221;25px&#8221; text_orientation=&#8221;center&#8221; custom_margin=&#8221;||12px|||&#8221; locked=&#8221;off&#8221;]<\/p>\n<p><b>4.394<\/b><\/p>\n<p>[\/et_pb_text][et_pb_text _builder_version=&#8221;4.9.0&#8243; _module_preset=&#8221;default&#8221; text_font=&#8221;Raleway||||||||&#8221; text_font_size=&#8221;18px&#8221; text_orientation=&#8221;center&#8221; locked=&#8221;off&#8221;]<\/p>\n<p>partilhas<\/p>\n<p>[\/et_pb_text][\/et_pb_column][\/et_pb_row][et_pb_row _builder_version=&#8221;4.9.0&#8243; _module_preset=&#8221;default&#8221; custom_padding=&#8221;||0px|||&#8221; locked=&#8221;off&#8221;][et_pb_column type=&#8221;4_4&#8243; _builder_version=&#8221;4.9.0&#8243; _module_preset=&#8221;default&#8221;][et_pb_divider color=&#8221;#cccccc&#8221; _builder_version=&#8221;4.9.0&#8243; _module_preset=&#8221;default&#8221;][\/et_pb_divider][\/et_pb_column][\/et_pb_row][et_pb_row _builder_version=&#8221;4.9.0&#8243; _module_preset=&#8221;default&#8221; custom_padding=&#8221;||0px|||&#8221; animation_style=&#8221;fade&#8221; border_color_bottom=&#8221;#cccccc&#8221; locked=&#8221;off&#8221;][et_pb_column type=&#8221;4_4&#8243; _builder_version=&#8221;4.9.0&#8243; _module_preset=&#8221;default&#8221;][et_pb_text _builder_version=&#8221;4.9.0&#8243; _module_preset=&#8221;default&#8221; text_font=&#8221;Montserrat|300|||||||&#8221; text_text_color=&#8221;#c1c1c1&#8243; text_font_size=&#8221;48px&#8221; text_orientation=&#8221;center&#8221; custom_padding=&#8221;||4px|||&#8221;]<i class=\"fab fa-youtube\"><\/i> YouTube e Webinars[\/et_pb_text][et_pb_divider color=&#8221;#cccccc&#8221; _builder_version=&#8221;4.9.0&#8243; _module_preset=&#8221;default&#8221; max_width=&#8221;25%&#8221; module_alignment=&#8221;center&#8221; custom_margin=&#8221;||18px|||&#8221; locked=&#8221;off&#8221;][\/et_pb_divider][\/et_pb_column][\/et_pb_row][et_pb_row _builder_version=&#8221;4.9.0&#8243; _module_preset=&#8221;default&#8221; custom_padding=&#8221;7px|||||&#8221; animation_style=&#8221;bounce&#8221; animation_direction=&#8221;bottom&#8221;][et_pb_column type=&#8221;4_4&#8243; _builder_version=&#8221;4.9.0&#8243; _module_preset=&#8221;default&#8221;][et_pb_text _builder_version=&#8221;4.9.0&#8243; _module_preset=&#8221;default&#8221; text_orientation=&#8221;center&#8221; max_width=&#8221;80%&#8221; max_width_tablet=&#8221;100%&#8221; max_width_phone=&#8221;&#8221; max_width_last_edited=&#8221;on|phone&#8221; module_alignment=&#8221;center&#8221; locked=&#8221;off&#8221;]<\/p>\n<p>Em 2020, organiz\u00e1mos diversos webinares sobre o mercado imobili\u00e1rio, mostr\u00e1mos casas de sonho e partilh\u00e1mos os testemunhos de alguns clientes internacionais muito especiais. Veja abaixo os nossos dois principais destaques no YouTube em 2020:<\/p>\n<p>[\/et_pb_text][\/et_pb_column][\/et_pb_row][et_pb_row column_structure=&#8221;1_2,1_2&#8243; _builder_version=&#8221;4.9.0&#8243; _module_preset=&#8221;default&#8221; animation_style=&#8221;flip&#8221; animation_direction=&#8221;bottom&#8221;][et_pb_column type=&#8221;1_2&#8243; _builder_version=&#8221;4.9.0&#8243; _module_preset=&#8221;default&#8221;][et_pb_image src=&#8221;http:\/\/www.portadafrente.pt\/selection\/wp-content\/uploads\/2021\/03\/logo-stories.png&#8221; title_text=&#8221;logo-stories&#8221; align=&#8221;center&#8221; _builder_version=&#8221;4.9.0&#8243; _module_preset=&#8221;default&#8221; max_height=&#8221;120px&#8221;][\/et_pb_image][et_pb_video src=&#8221;https:\/\/www.youtube.com\/watch?v=meWN_grMCI8&#8243; play_icon_color=&#8221;#660024&#8243; use_icon_font_size=&#8221;on&#8221; icon_font_size=&#8221;120px&#8221; _builder_version=&#8221;4.9.0&#8243; _module_preset=&#8221;default&#8221;][\/et_pb_video][et_pb_text _builder_version=&#8221;4.9.0&#8243; _module_preset=&#8221;default&#8221; text_font=&#8221;Montserrat|700|||||||&#8221; text_text_color=&#8221;#000000&#8243; text_font_size=&#8221;30px&#8221; text_orientation=&#8221;center&#8221; custom_margin=&#8221;||12px|||&#8221; locked=&#8221;off&#8221;]<\/p>\n<p><span>6.598<\/span><\/p>\n<p>[\/et_pb_text][et_pb_text _builder_version=&#8221;4.9.0&#8243; _module_preset=&#8221;default&#8221; text_font=&#8221;Raleway||||||||&#8221; text_text_color=&#8221;#000000&#8243; text_font_size=&#8221;18px&#8221; text_orientation=&#8221;center&#8221; locked=&#8221;off&#8221;]<\/p>\n<p>de visualiza\u00e7\u00f5es<\/p>\n<p>[\/et_pb_text][et_pb_divider color=&#8221;#cccccc&#8221; _builder_version=&#8221;4.9.0&#8243; _module_preset=&#8221;default&#8221; max_width=&#8221;25%&#8221; module_alignment=&#8221;center&#8221; custom_margin=&#8221;||10px|||&#8221; locked=&#8221;off&#8221;][\/et_pb_divider][et_pb_text _builder_version=&#8221;4.9.0&#8243; _module_preset=&#8221;default&#8221; text_font=&#8221;Raleway||||||||&#8221; text_font_size=&#8221;16px&#8221; text_orientation=&#8221;center&#8221; max_width=&#8221;65%&#8221; module_alignment=&#8221;center&#8221;]<\/p>\n<p><span>Hist\u00f3rias inspiradoras sobre casais que se apaixonaram por Portugal e mudaram de pa\u00eds para vir para c\u00e1.<\/span><\/p>\n<p>[\/et_pb_text][\/et_pb_column][et_pb_column type=&#8221;1_2&#8243; _builder_version=&#8221;4.9.0&#8243; _module_preset=&#8221;default&#8221;][et_pb_image src=&#8221;http:\/\/www.portadafrente.pt\/selection\/wp-content\/uploads\/2021\/03\/webinar.png&#8221; title_text=&#8221;webinar&#8221; align=&#8221;center&#8221; _builder_version=&#8221;4.9.0&#8243; _module_preset=&#8221;default&#8221; max_height=&#8221;120px&#8221; locked=&#8221;off&#8221;][\/et_pb_image][et_pb_video src=&#8221;https:\/\/www.youtube.com\/watch?v=e60tf1Upcvw&#8221; play_icon_color=&#8221;#660024&#8243; use_icon_font_size=&#8221;on&#8221; icon_font_size=&#8221;120px&#8221; _builder_version=&#8221;4.9.0&#8243; _module_preset=&#8221;default&#8221;][\/et_pb_video][et_pb_text _builder_version=&#8221;4.9.0&#8243; _module_preset=&#8221;default&#8221; text_font=&#8221;Montserrat|700|||||||&#8221; text_text_color=&#8221;#000000&#8243; text_font_size=&#8221;30px&#8221; text_orientation=&#8221;center&#8221; custom_margin=&#8221;||12px|||&#8221; locked=&#8221;off&#8221;]<\/p>\n<p><span>2.736<\/span><\/p>\n<p>[\/et_pb_text][et_pb_text _builder_version=&#8221;4.9.0&#8243; _module_preset=&#8221;default&#8221; text_font=&#8221;Raleway||||||||&#8221; text_text_color=&#8221;#000000&#8243; text_font_size=&#8221;18px&#8221; text_orientation=&#8221;center&#8221; locked=&#8221;off&#8221;]<\/p>\n<p>de visualiza\u00e7\u00f5es<\/p>\n<p>[\/et_pb_text][et_pb_divider color=&#8221;#cccccc&#8221; _builder_version=&#8221;4.9.0&#8243; _module_preset=&#8221;default&#8221; max_width=&#8221;25%&#8221; module_alignment=&#8221;center&#8221; custom_margin=&#8221;||10px|||&#8221; locked=&#8221;off&#8221;][\/et_pb_divider][et_pb_text _builder_version=&#8221;4.9.0&#8243; _module_preset=&#8221;default&#8221; text_font=&#8221;Raleway||||||||&#8221; text_font_size=&#8221;16px&#8221; text_orientation=&#8221;center&#8221; max_width=&#8221;90%&#8221; module_alignment=&#8221;center&#8221; locked=&#8221;off&#8221;]<\/p>\n<p><span>A s\u00e9rie \u201cMercado Imobili\u00e1rio em Portugal em tempos de pandemia\u201d contou com milhares de visualiza\u00e7\u00f5es e muitos interessados em saber mais sobre este tema.<\/span><\/p>\n<p>[\/et_pb_text][\/et_pb_column][\/et_pb_row][\/et_pb_section][et_pb_section fb_built=&#8221;1&#8243; module_id=&#8221;tendencias&#8221; _builder_version=&#8221;4.9.0&#8243; _module_preset=&#8221;default&#8221; background_color=&#8221;#f6f6f6&#8243; box_shadow_style=&#8221;preset6&#8243; box_shadow_vertical=&#8221;2px&#8221; box_shadow_blur=&#8221;7px&#8221; box_shadow_color=&#8221;rgba(0,0,0,0.2)&#8221; locked=&#8221;off&#8221;][et_pb_row _builder_version=&#8221;4.9.0&#8243; _module_preset=&#8221;default&#8221; animation_style=&#8221;fold&#8221; animation_direction=&#8221;top&#8221; locked=&#8221;off&#8221;][et_pb_column type=&#8221;4_4&#8243; _builder_version=&#8221;4.9.0&#8243; _module_preset=&#8221;default&#8221;][et_pb_text _builder_version=&#8221;4.9.0&#8243; _module_preset=&#8221;default&#8221; text_font=&#8221;Montserrat|700|||||||&#8221; text_text_color=&#8221;#000000&#8243; text_line_height=&#8221;2em&#8221; text_orientation_tablet=&#8221;center&#8221; text_orientation_phone=&#8221;&#8221; text_orientation_last_edited=&#8221;on|desktop&#8221;]<\/p>\n<p><span class=\"number-size\">Tend\u00eancias<\/span><\/p>\n<p>[\/et_pb_text][\/et_pb_column][\/et_pb_row][et_pb_row column_structure=&#8221;1_3,2_3&#8243; _builder_version=&#8221;4.9.0&#8243; _module_preset=&#8221;default&#8221; animation_style=&#8221;flip&#8221; animation_direction=&#8221;right&#8221; animation_duration=&#8221;750ms&#8221;][et_pb_column type=&#8221;1_3&#8243; _builder_version=&#8221;4.9.0&#8243; _module_preset=&#8221;default&#8221;][et_pb_image src=&#8221;http:\/\/www.portadafrente.pt\/selection\/wp-content\/uploads\/2020\/05\/fotos_0011_pf20622-cover.jpg&#8221; title_text=&#8221;fotos_0011_pf20622-cover&#8221; _builder_version=&#8221;4.9.0&#8243; _module_preset=&#8221;default&#8221; border_radii=&#8221;on|20px|20px|20px|20px&#8221; locked=&#8221;off&#8221;][\/et_pb_image][\/et_pb_column][et_pb_column type=&#8221;2_3&#8243; _builder_version=&#8221;4.9.0&#8243; _module_preset=&#8221;default&#8221;][et_pb_text _builder_version=&#8221;4.9.0&#8243; text_font=&#8221;Raleway||||||||&#8221; text_text_color=&#8221;#000000&#8243; text_font_size=&#8221;16px&#8221; header_font=&#8221;Montserrat|600|||||||&#8221; header_text_align=&#8221;left&#8221; header_text_color=&#8221;#660024&#8243; header_font_size=&#8221;24px&#8221; header_line_height=&#8221;1.3em&#8221; custom_margin=&#8221;||||false|false&#8221; animation_direction=&#8221;bottom&#8221; header_text_align_tablet=&#8221;center&#8221; header_text_align_phone=&#8221;&#8221; header_text_align_last_edited=&#8221;on|phone&#8221; text_orientation_tablet=&#8221;center&#8221; text_orientation_phone=&#8221;&#8221; text_orientation_last_edited=&#8221;on|phone&#8221; locked=&#8221;off&#8221;]<\/p>\n<h1>Herdades e Quintas: privacidade e tranquilidade<\/h1>\n<p><span>A privacidade e tranquilidade nunca foram t\u00e3o importantes como agora. A menos de uma hora de Lisboa \u00e9 poss\u00edvel desfrutar de uma vida mais pacata e pr\u00f3xima da Natureza, sem descurar a excel\u00eancia dos im\u00f3veis como Quintas, Herdades e grandes propriedades.<\/span><\/p>\n<p>[\/et_pb_text][et_pb_image src=&#8221;http:\/\/www.portadafrente.pt\/selection\/wp-content\/uploads\/2021\/03\/botao_infogeral.png&#8221; title_text=&#8221;botao_infogeral&#8221; url=&#8221;https:\/\/www.portadafrente.pt\/selection\/os-melhores-imoveis-fora-dos-grandes-centros\/&#8221; url_new_window=&#8221;on&#8221; align_tablet=&#8221;center&#8221; align_phone=&#8221;&#8221; align_last_edited=&#8221;on|phone&#8221; _builder_version=&#8221;4.9.0&#8243; _module_preset=&#8221;default&#8221; max_width=&#8221;50%&#8221; module_alignment=&#8221;left&#8221; max_height=&#8221;40px&#8221; module_alignment_tablet=&#8221;center&#8221; module_alignment_phone=&#8221;center&#8221; module_alignment_last_edited=&#8221;on|phone&#8221; border_radii=&#8221;on|40px|40px|40px|40px&#8221; locked=&#8221;off&#8221;][\/et_pb_image][\/et_pb_column][\/et_pb_row][et_pb_row column_structure=&#8221;1_3,2_3&#8243; _builder_version=&#8221;4.9.0&#8243; _module_preset=&#8221;default&#8221; animation_style=&#8221;flip&#8221; animation_direction=&#8221;right&#8221; animation_duration=&#8221;750ms&#8221;][et_pb_column type=&#8221;1_3&#8243; _builder_version=&#8221;4.9.0&#8243; _module_preset=&#8221;default&#8221;][et_pb_image src=&#8221;http:\/\/www.portadafrente.pt\/selection\/wp-content\/uploads\/2021\/03\/pf18568-moradia-t4-leiria-7f5ca09b-8166-48cf-bfd2-4765d09bbcd2-1024&#215;691-1.jpg&#8221; title_text=&#8221;pf18568-moradia-t4-leiria-7f5ca09b-8166-48cf-bfd2-4765d09bbcd2-1024&#215;691&#8243; _builder_version=&#8221;4.9.0&#8243; _module_preset=&#8221;default&#8221; border_radii=&#8221;on|20px|20px|20px|20px&#8221; locked=&#8221;off&#8221;][\/et_pb_image][\/et_pb_column][et_pb_column type=&#8221;2_3&#8243; _builder_version=&#8221;4.9.0&#8243; _module_preset=&#8221;default&#8221;][et_pb_text _builder_version=&#8221;4.9.0&#8243; text_font=&#8221;Raleway||||||||&#8221; text_text_color=&#8221;#000000&#8243; text_font_size=&#8221;16px&#8221; header_font=&#8221;Montserrat|600|||||||&#8221; header_text_align=&#8221;left&#8221; header_text_color=&#8221;#660024&#8243; header_font_size=&#8221;24px&#8221; header_line_height=&#8221;1.3em&#8221; custom_margin=&#8221;||||false|false&#8221; animation_direction=&#8221;bottom&#8221; header_text_align_tablet=&#8221;center&#8221; header_text_align_phone=&#8221;&#8221; header_text_align_last_edited=&#8221;on|phone&#8221; text_orientation_tablet=&#8221;center&#8221; text_orientation_phone=&#8221;&#8221; text_orientation_last_edited=&#8221;on|phone&#8221; locked=&#8221;off&#8221;]<\/p>\n<h1>Mais espa\u00e7o: jardins e \u00e1reas maiores<\/h1>\n<p><span>As nossas casas assumiram o papel principal no \u00faltimo ano, for\u00e7ando-nos a olhar para todos os espa\u00e7os diariamente e a sonhar com o mundo exterior. Jardins, espa\u00e7osas varandas e \u00e1reas interiores generosas s\u00e3o agora os principais requisitos para quem pretende adquirir um im\u00f3vel.<\/span><\/p>\n<p>[\/et_pb_text][et_pb_image src=&#8221;http:\/\/www.portadafrente.pt\/selection\/wp-content\/uploads\/2021\/03\/botao_infogeral.png&#8221; title_text=&#8221;botao_infogeral&#8221; url=&#8221;https:\/\/www.portadafrente.com\/imoveis\/?business-type=sale&#038;search-categ=villa&#038;search-counties=cascais&#038;search-counties=lisboa&#038;search-counties=oeiras&#038;search-price-min=1500000&#038;search-price-max=&#038;search-rooms=4&#038;search-status=&#038;search-code=&#038;search-order=area_desc#redirect_landing&#8221; url_new_window=&#8221;on&#8221; align_tablet=&#8221;center&#8221; align_phone=&#8221;&#8221; align_last_edited=&#8221;on|phone&#8221; _builder_version=&#8221;4.9.0&#8243; _module_preset=&#8221;default&#8221; max_width=&#8221;50%&#8221; module_alignment=&#8221;left&#8221; max_height=&#8221;40px&#8221; module_alignment_tablet=&#8221;center&#8221; module_alignment_phone=&#8221;center&#8221; module_alignment_last_edited=&#8221;on|phone&#8221; border_radii=&#8221;on|40px|40px|40px|40px&#8221; locked=&#8221;off&#8221;][\/et_pb_image][\/et_pb_column][\/et_pb_row][et_pb_row column_structure=&#8221;1_3,2_3&#8243; _builder_version=&#8221;4.9.0&#8243; _module_preset=&#8221;default&#8221; animation_style=&#8221;flip&#8221; animation_direction=&#8221;right&#8221; animation_duration=&#8221;750ms&#8221;][et_pb_column type=&#8221;1_3&#8243; _builder_version=&#8221;4.9.0&#8243; _module_preset=&#8221;default&#8221;][et_pb_image src=&#8221;http:\/\/www.portadafrente.pt\/selection\/wp-content\/uploads\/2021\/03\/troia.jpg&#8221; title_text=&#8221;Landscape,View,Of,The,Perfect,White,Sandy,Beach,With,Breaking&#8221; _builder_version=&#8221;4.9.0&#8243; _module_preset=&#8221;default&#8221; border_radii=&#8221;on|20px|20px|20px|20px&#8221; locked=&#8221;off&#8221;][\/et_pb_image][\/et_pb_column][et_pb_column type=&#8221;2_3&#8243; _builder_version=&#8221;4.9.0&#8243; _module_preset=&#8221;default&#8221;][et_pb_text _builder_version=&#8221;4.9.0&#8243; text_font=&#8221;Raleway||||||||&#8221; text_text_color=&#8221;#000000&#8243; text_font_size=&#8221;16px&#8221; header_font=&#8221;Montserrat|600|||||||&#8221; header_text_align=&#8221;left&#8221; header_text_color=&#8221;#660024&#8243; header_font_size=&#8221;24px&#8221; header_line_height=&#8221;1.3em&#8221; custom_margin=&#8221;||||false|false&#8221; animation_direction=&#8221;bottom&#8221; header_text_align_tablet=&#8221;center&#8221; header_text_align_phone=&#8221;&#8221; header_text_align_last_edited=&#8221;on|phone&#8221; text_orientation_tablet=&#8221;center&#8221; text_orientation_phone=&#8221;&#8221; text_orientation_last_edited=&#8221;on|phone&#8221; locked=&#8221;off&#8221;]<\/p>\n<h1>Costa Alentejana<\/h1>\n<p><span>A regi\u00e3o de Troia e Costa Vicentina passou a ser uma das mais procuradas em 2020, com um crescimento exponencial de clientes interessados nestas \u00e1reas. Conhecida pelas suas bel\u00edssimas praias de areal extenso, natureza no seu estado puro e um clima convidativo, aqui \u00e9 poss\u00edvel saborear cada dia de forma inesquec\u00edvel.<\/span><span class=\"x_apple-converted-space\">\u00a0<\/span><\/p>\n<p>[\/et_pb_text][et_pb_image src=&#8221;http:\/\/www.portadafrente.pt\/selection\/wp-content\/uploads\/2021\/03\/botao_infogeral.png&#8221; title_text=&#8221;botao_infogeral&#8221; url=&#8221;https:\/\/www.portadafrente.pt\/selection\/troia-comporta\/&#8221; url_new_window=&#8221;on&#8221; align_tablet=&#8221;center&#8221; align_phone=&#8221;&#8221; align_last_edited=&#8221;on|phone&#8221; _builder_version=&#8221;4.9.0&#8243; _module_preset=&#8221;default&#8221; max_width=&#8221;50%&#8221; module_alignment=&#8221;left&#8221; max_height=&#8221;40px&#8221; module_alignment_tablet=&#8221;center&#8221; module_alignment_phone=&#8221;center&#8221; module_alignment_last_edited=&#8221;on|phone&#8221; border_radii=&#8221;on|40px|40px|40px|40px&#8221; locked=&#8221;off&#8221;][\/et_pb_image][\/et_pb_column][\/et_pb_row][et_pb_row column_structure=&#8221;1_3,2_3&#8243; _builder_version=&#8221;4.9.0&#8243; _module_preset=&#8221;default&#8221; animation_style=&#8221;flip&#8221; animation_direction=&#8221;right&#8221; animation_duration=&#8221;750ms&#8221;][et_pb_column type=&#8221;1_3&#8243; _builder_version=&#8221;4.9.0&#8243; _module_preset=&#8221;default&#8221;][et_pb_image src=&#8221;http:\/\/www.portadafrente.pt\/selection\/wp-content\/uploads\/2021\/03\/lisboa.jpg&#8221; title_text=&#8221;Lisbon, Portugal Skyline&#8221; _builder_version=&#8221;4.9.0&#8243; _module_preset=&#8221;default&#8221; border_radii=&#8221;on|20px|20px|20px|20px&#8221; locked=&#8221;off&#8221;][\/et_pb_image][\/et_pb_column][et_pb_column type=&#8221;2_3&#8243; _builder_version=&#8221;4.9.0&#8243; _module_preset=&#8221;default&#8221;][et_pb_text _builder_version=&#8221;4.9.0&#8243; text_font=&#8221;Raleway||||||||&#8221; text_text_color=&#8221;#000000&#8243; text_font_size=&#8221;16px&#8221; header_font=&#8221;Montserrat|600|||||||&#8221; header_text_align=&#8221;left&#8221; header_text_color=&#8221;#660024&#8243; header_font_size=&#8221;24px&#8221; header_line_height=&#8221;1.3em&#8221; custom_margin=&#8221;||||false|false&#8221; animation_direction=&#8221;bottom&#8221; header_text_align_tablet=&#8221;center&#8221; header_text_align_phone=&#8221;&#8221; header_text_align_last_edited=&#8221;on|phone&#8221; text_orientation_tablet=&#8221;center&#8221; text_orientation_phone=&#8221;&#8221; text_orientation_last_edited=&#8221;on|phone&#8221; locked=&#8221;off&#8221;]<\/p>\n<h1>Presen\u00e7a do cliente nacional<\/h1>\n<p><span>Os portugueses revelaram-se, em 2020, como os grandes interessados no segmento m\u00e9dio e alto do imobili\u00e1rio, mostrando que h\u00e1 ainda for\u00e7a econ\u00f3mica no pa\u00eds e um potencial mercado por desenvolver. Em rela\u00e7\u00e3o a zonas preferenciais, o cliente nacional privilegia os bairros mais tradicionais da capital lisboeta.<\/span><\/p>\n<p>[\/et_pb_text][et_pb_image src=&#8221;http:\/\/www.portadafrente.pt\/selection\/wp-content\/uploads\/2021\/03\/botao_infogeral.png&#8221; title_text=&#8221;botao_infogeral&#8221; url=&#8221;https:\/\/www.portadafrente.com\/imoveis\/&#8221; url_new_window=&#8221;on&#8221; align_tablet=&#8221;center&#8221; align_phone=&#8221;&#8221; align_last_edited=&#8221;on|phone&#8221; _builder_version=&#8221;4.9.0&#8243; _module_preset=&#8221;default&#8221; max_width=&#8221;50%&#8221; module_alignment=&#8221;left&#8221; max_height=&#8221;40px&#8221; module_alignment_tablet=&#8221;center&#8221; module_alignment_phone=&#8221;center&#8221; module_alignment_last_edited=&#8221;on|phone&#8221; border_radii=&#8221;on|40px|40px|40px|40px&#8221; locked=&#8221;off&#8221;][\/et_pb_image][\/et_pb_column][\/et_pb_row][et_pb_row _builder_version=&#8221;4.9.0&#8243; _module_preset=&#8221;default&#8221; custom_padding=&#8221;||0px|||&#8221; locked=&#8221;off&#8221;][et_pb_column type=&#8221;4_4&#8243; _builder_version=&#8221;4.9.0&#8243; _module_preset=&#8221;default&#8221;][et_pb_divider color=&#8221;#cccccc&#8221; _builder_version=&#8221;4.9.0&#8243; _module_preset=&#8221;default&#8221;][\/et_pb_divider][\/et_pb_column][\/et_pb_row][et_pb_row _builder_version=&#8221;4.4.6&#8243; custom_padding=&#8221;||29px|||&#8221; locked=&#8221;off&#8221;][et_pb_column type=&#8221;4_4&#8243; _builder_version=&#8221;4.4.6&#8243;][et_pb_image src=&#8221;http:\/\/portadafrente.pt\/selection\/wp-content\/uploads\/2020\/05\/pf360.png&#8221; title_text=&#8221;pf360&#8243; align=&#8221;center&#8221; _builder_version=&#8221;4.4.6&#8243; custom_margin=&#8221;||12px|||&#8221;][\/et_pb_image][et_pb_text _builder_version=&#8221;4.4.6&#8243; text_text_color=&#8221;#000000&#8243; text_font_size=&#8221;16px&#8221; text_orientation=&#8221;center&#8221;]<\/p>\n<p><strong>Abra a nossa porta em qualquer dire\u00e7\u00e3o<\/strong><\/p>\n<p>[\/et_pb_text][\/et_pb_column][\/et_pb_row][et_pb_row column_structure=&#8221;1_4,1_4,1_4,1_4&#8243; use_custom_gutter=&#8221;on&#8221; module_id=&#8221;pf360-module&#8221; _builder_version=&#8221;4.4.6&#8243; max_width=&#8221;56%&#8221; max_width_tablet=&#8221;80%&#8221; max_width_phone=&#8221;&#8221; max_width_last_edited=&#8221;on|desktop&#8221; custom_margin=&#8221;||||false|false&#8221; custom_padding=&#8221;0px||0px|||&#8221; animation_style=&#8221;fade&#8221; animation_direction=&#8221;top&#8221; locked=&#8221;off&#8221;][et_pb_column type=&#8221;1_4&#8243; _builder_version=&#8221;4.4.6&#8243;][et_pb_code _builder_version=&#8221;4.4.6&#8243;]<svg xmlns=\"http:\/\/www.w3.org\/2000\/svg\" viewBox=\"0 0 200 200\"><!-- [et_pb_line_break_holder] --><g class=\"pf360-btn\"><!-- [et_pb_line_break_holder] --><!-- [et_pb_line_break_holder] --><!--email_off--><a href=\"mailto:info@portadafrente.pt\" onclick=\"dataLayer.push({'event': 'conversion'});\"><!-- [et_pb_line_break_holder] --><rect class=\"pf360-bg-icon\" width=\"200\" height=\"200\"><\/rect><!-- [et_pb_line_break_holder] --><path class=\"pf360-icon\" d=\"M138.59,64.38H61.41a8.9,8.9,0,0,0-8.91,8.9v53.44a8.91,8.91,0,0,0,8.91,8.91h77.18a8.91,8.91,0,0,0,8.91-8.91V73.28A8.9,8.9,0,0,0,138.59,64.38Zm0,8.9v7.57c-4.16,3.39-10.79,8.66-25,19.76-3.12,2.46-9.31,8.36-13.62,8.3s-10.5-5.84-13.62-8.3c-14.18-11.1-20.81-16.37-25-19.76V73.28ZM61.41,126.72V92.28c4.25,3.39,10.28,8.14,19.47,15.34C84.93,110.81,92,117.86,100,117.81s14.94-6.9,19.12-10.19c9.19-7.2,15.22-12,19.47-15.34v34.44Z\"><\/path><!-- [et_pb_line_break_holder] --><text class=\"pf360-icon-label\" transform=\"translate(80 190)\">E-MAIL<\/text><!-- [et_pb_line_break_holder] --><\/a><!--\/email_off--><!-- [et_pb_line_break_holder] --><!-- [et_pb_line_break_holder] --><\/g><!-- [et_pb_line_break_holder] --><\/svg>[\/et_pb_code][\/et_pb_column][et_pb_column type=&#8221;1_4&#8243; _builder_version=&#8221;4.4.6&#8243;][et_pb_code _builder_version=&#8221;4.4.6&#8243;]<svg xmlns=\"http:\/\/www.w3.org\/2000\/svg\" viewBox=\"0 0 200 200\"><!-- [et_pb_line_break_holder] --><g class=\"pf360-btn\"><!-- [et_pb_line_break_holder] --><a class=\" pf360-phone-btn\" href=\"tel:+351211165770\" onclick=\"dataLayer.push({'event': 'conversion'});\"><!-- [et_pb_line_break_holder] --><rect class=\"pf360-bg-icon\" width=\"200\" height=\"200\"><\/rect><!-- [et_pb_line_break_holder] --><path class=\"pf360-icon\" d=\"M119.69,55H80.31a8.43,8.43,0,0,0-8.43,8.44v73.12A8.43,8.43,0,0,0,80.31,145h39.38a8.44,8.44,0,0,0,8.44-8.44V63.44A8.44,8.44,0,0,0,119.69,55ZM100,139.38a5.63,5.63,0,1,1,5.63-5.63A5.62,5.62,0,0,1,100,139.38Zm19.69-19a2.12,2.12,0,0,1-2.11,2.11H82.42a2.12,2.12,0,0,1-2.11-2.11V65.55a2.12,2.12,0,0,1,2.11-2.11h35.16a2.12,2.12,0,0,1,2.11,2.11Z\"><\/path><!-- [et_pb_line_break_holder] --><text class=\"pf360-icon-label\" transform=\"translate(70 190)\">TELEFONE<\/text><!-- [et_pb_line_break_holder] --><\/a><!-- [et_pb_line_break_holder] --><\/g><!-- [et_pb_line_break_holder] --><\/svg>[\/et_pb_code][\/et_pb_column][et_pb_column type=&#8221;1_4&#8243; _builder_version=&#8221;4.4.6&#8243;][et_pb_code _builder_version=&#8221;4.4.6&#8243;]<svg xmlns=\"http:\/\/www.w3.org\/2000\/svg\" viewBox=\"0 0 200 200\"><!-- [et_pb_line_break_holder] --><g class=\"pf360-btn\"><!-- [et_pb_line_break_holder] --><a href=\"http:\/\/wppredirect.tk\/go\/?p=351939880030&#038;m=\" target=\"_blank\" rel=\"noopener noreferrer\" onclick=\"dataLayer.push({'event': 'conversion'});\"><!-- [et_pb_line_break_holder] --><rect class=\"pf360-bg-icon\" width=\"200\" height=\"200\"><\/rect><!-- [et_pb_line_break_holder] --><path class=\"pf360-icon\" d=\"M131.52,68.08A44.61,44.61,0,0,0,61.33,121.9L55,145l23.65-6.21A44.39,44.39,0,0,0,100,144.22h0c24.57,0,45-20,45-44.6A44.77,44.77,0,0,0,131.52,68.08ZM100,136.7a36.92,36.92,0,0,1-18.88-5.16l-1.35-.8-14,3.67,3.73-13.68-.88-1.4a37.14,37.14,0,1,1,68.89-19.71C137.47,120.07,120.41,136.7,100,136.7Zm20.33-27.76c-1.1-.56-6.59-3.25-7.61-3.62s-1.77-.56-2.51.57-2.88,3.61-3.54,4.38-1.31.84-2.41.28c-6.55-3.28-10.85-5.85-15.17-13.26-1.14-2,1.15-1.83,3.28-6.09a2.08,2.08,0,0,0-.1-2c-.29-.56-2.52-6-3.44-8.27S87,79.11,86.3,79.07s-1.39,0-2.13,0a4.13,4.13,0,0,0-3,1.38,12.52,12.52,0,0,0-3.9,9.3c0,5.49,4,10.79,4.54,11.54s7.85,12,19,16.83c7.08,3,9.85,3.32,13.38,2.79,2.15-.32,6.59-2.69,7.52-5.3s.92-4.84.64-5.3S121.42,109.48,120.31,108.94Z\"><\/path><!-- [et_pb_line_break_holder] --><text class=\"pf360-icon-label\" transform=\"translate(70 190)\">WHATSAPP<\/text><!-- [et_pb_line_break_holder] --><\/a><!-- [et_pb_line_break_holder] --><\/g><!-- [et_pb_line_break_holder] --><\/svg>[\/et_pb_code][\/et_pb_column][et_pb_column type=&#8221;1_4&#8243; _builder_version=&#8221;4.4.6&#8243;][et_pb_code _builder_version=&#8221;4.4.6&#8243;]<svg xmlns=\"http:\/\/www.w3.org\/2000\/svg\" viewBox=\"0 0 200 200\"><!-- [et_pb_line_break_holder] --><g class=\"pf360-btn\"><!-- [et_pb_line_break_holder] --><a href=\"http:\/\/www.portadafrente.pt\/profiler\/en\/\" target=\"_blank\" rel=\"noopener noreferrer\" onclick=\"dataLayer.push({'event': 'conversion'});\"><!-- [et_pb_line_break_holder] --><rect class=\"pf360-bg-icon\" width=\"200\" height=\"200\"><\/rect><!-- [et_pb_line_break_holder] --><path class=\"pf360-icon\" d=\"M96.09,100a22,22,0,1,0-22-22A22,22,0,0,0,96.09,100Zm15.4,5.5h-2.87a29.92,29.92,0,0,1-25.06,0H80.69a23.11,23.11,0,0,0-23.1,23.1v7.15A8.26,8.26,0,0,0,65.84,144h60.5a8.26,8.26,0,0,0,8.25-8.25V128.6A23.11,23.11,0,0,0,111.49,105.5ZM167,83.43l-4.78-4.83a2,2,0,0,0-2.89,0l-18,17.88-7.82-7.87a2,2,0,0,0-2.89,0l-4.83,4.8a2,2,0,0,0,0,2.88l14,14.15a2,2,0,0,0,2.88,0L167,86.32A2.06,2.06,0,0,0,167,83.43Z\"><\/path><!-- [et_pb_line_break_holder] --><polygon class=\"pf360-new\" points=\"0 79.9 0 0 79.9 0 0 79.9\"><\/polygon><!-- [et_pb_line_break_holder] --><path class=\"pf360-icon\" d=\"M16.51,35.6l1.2-1.2,6.44.87-3.66-3.66,1.29-1.28,5.94,5.93-1.11,1.11L20,36.47l3.77,3.78-1.29,1.29Z\"><\/path><!-- [et_pb_line_break_holder] --><path class=\"pf360-icon\" d=\"M23.21,28.9l4.48-4.48,1.16,1.16-3.18,3.18L26.87,30l2.8-2.8,1.16,1.16L28,31.13l1.24,1.24,3.23-3.22,1.16,1.16-4.52,4.52Z\"><\/path><!-- [et_pb_line_break_holder] --><path class=\"pf360-icon\" d=\"M28.44,23.67l1.4-1.4,5.25,2.79-2.71-5.37,1.12-1.12,5.37,2.71L36.08,16l1.36-1.37,4,8-1.14,1.14L35,21.26l2.54,5.23-1.14,1.13Z\"><\/path><!-- [et_pb_line_break_holder] --><text class=\"pf360-icon-label\" transform=\"translate(70 190)\">PROFILER<\/text><!-- [et_pb_line_break_holder] --><\/a><!-- [et_pb_line_break_holder] --><\/g><!-- [et_pb_line_break_holder] --><\/svg>[\/et_pb_code][\/et_pb_column][\/et_pb_row][\/et_pb_section][et_pb_section fb_built=&#8221;1&#8243; _builder_version=&#8221;4.4.6&#8243; background_color=&#8221;#660724&#8243; custom_padding=&#8221;0px||0px|||&#8221;][et_pb_row column_structure=&#8221;1_4,3_4&#8243; make_equal=&#8221;on&#8221; _builder_version=&#8221;4.4.6&#8243; animation_style=&#8221;fade&#8221; animation_direction=&#8221;left&#8221;][et_pb_column type=&#8221;1_4&#8243; _builder_version=&#8221;4.4.6&#8243;][et_pb_image src=&#8221;http:\/\/portadafrente.pt\/selection\/wp-content\/uploads\/2020\/05\/Ativo-2.png&#8221; title_text=&#8221;Ativo 2&#8243; url=&#8221;https:\/\/www.portadafrente.com&#8221; url_new_window=&#8221;on&#8221; align=&#8221;center&#8221; _builder_version=&#8221;4.4.6&#8243; max_width=&#8221;80%&#8221; max_width_tablet=&#8221;200px&#8221; max_width_phone=&#8221;&#8221; max_width_last_edited=&#8221;on|desktop&#8221; custom_margin=&#8221;||22px|||&#8221;][\/et_pb_image][et_pb_code _builder_version=&#8221;4.4.6&#8243;]<\/p>\n<ul class=\"list-inline\"><!-- [et_pb_line_break_holder] -->                  <\/p>\n<li class=\"list-inline-item\"><a href=\"http:\/\/www.facebook.com\/portadafrente\" target=\"_blank\" class=\"text-white\" rel=\"noopener noreferrer\"><i class=\"fab fa-2x fa-facebook\"><\/i><\/a><\/li>\n<p><!-- [et_pb_line_break_holder] -->                  <\/p>\n<li class=\"list-inline-item\"><a href=\"https:\/\/www.instagram.com\/portadafrentechristies\/\" target=\"_blank\" class=\"text-white\" rel=\"noopener noreferrer\"><i class=\"fab fa-2x fa-instagram\"><\/i><\/a><\/li>\n<p><!-- [et_pb_line_break_holder] -->                  <\/p>\n<li class=\"list-inline-item\"><a href=\"https:\/\/www.linkedin.com\/company\/porta-da-frente-christie%27s\/\" target=\"_blank\" class=\"text-white\" rel=\"noopener noreferrer\"><i class=\"fab fa-2x fa-linkedin\"><\/i><\/a><\/li>\n<p><!-- [et_pb_line_break_holder] -->                  <\/p>\n<li class=\"list-inline-item\"><a href=\"https:\/\/www.youtube.com\/channel\/UCyxni2x557JaDk-b8XXpctA\/\" target=\"_blank\" class=\"text-white\" rel=\"noopener noreferrer\"><i class=\"fab fa-2x fa-youtube\"><\/i><\/a><\/li>\n<p><!-- [et_pb_line_break_holder] -->                <\/ul>\n<p>[\/et_pb_code][\/et_pb_column][et_pb_column type=&#8221;3_4&#8243; _builder_version=&#8221;4.4.6&#8243;][et_pb_text module_class=&#8221;text-footer&#8221; _builder_version=&#8221;4.4.6&#8243; text_text_color=&#8221;#ffffff&#8221; text_font_size=&#8221;16px&#8221; text_font_size_tablet=&#8221;13px&#8221; text_font_size_phone=&#8221;&#8221; text_font_size_last_edited=&#8221;on|tablet&#8221; text_orientation_tablet=&#8221;center&#8221; text_orientation_phone=&#8221;&#8221; text_orientation_last_edited=&#8221;on|phone&#8221;]<\/p>\n<p><span>A\u00a0<\/span><strong>Porta da Frente Christie\u2019s<\/strong><span>\u00a0\u00e9 uma empresa de media\u00e7\u00e3o imobili\u00e1ria que trabalha no mercado h\u00e1 mais de duas d\u00e9cadas, focando-se nos melhores im\u00f3veis e empreendimentos, quer para venda quer para arrendamento. A empresa foi selecionada pela prestigiada marca Christie\u2019s International Real Estate para representar Portugal, nas zonas de Lisboa, Cascais, Oeiras e Alentejo. A principal miss\u00e3o da\u00a0<\/span><strong>Porta da Frente Christie\u2019s<\/strong><span>\u00a0\u00e9 privilegiar um servi\u00e7o de excel\u00eancia a todos os nossos clientes.<\/span><\/p>\n<p>[\/et_pb_text][\/et_pb_column][\/et_pb_row][\/et_pb_section]<\/p>\n","protected":false},"excerpt":{"rendered":"<p>O ano que passou transformou o quotidiano de todos a uma escala mundial, trazendo novos interesses, comportamentos e formas de estar dentro das nossas casas. Convidamo-lo a fazer uma retrospectiva a 2020 e conhecer as principais tend\u00eancias no imobili\u00e1rio portugu\u00eas a partir dos dados gerados pela nossa audi\u00eancia nas diversas plataformas de marketing de que [&hellip;]<\/p>\n","protected":false},"author":1,"featured_media":0,"parent":1002,"menu_order":0,"comment_status":"closed","ping_status":"closed","template":"","meta":{"_et_pb_use_builder":"on","_et_pb_old_content":"","_et_gb_content_width":""},"_links":{"self":[{"href":"https:\/\/portadafrente.pt\/selection\/wp-json\/wp\/v2\/pages\/1536"}],"collection":[{"href":"https:\/\/portadafrente.pt\/selection\/wp-json\/wp\/v2\/pages"}],"about":[{"href":"https:\/\/portadafrente.pt\/selection\/wp-json\/wp\/v2\/types\/page"}],"author":[{"embeddable":true,"href":"https:\/\/portadafrente.pt\/selection\/wp-json\/wp\/v2\/users\/1"}],"replies":[{"embeddable":true,"href":"https:\/\/portadafrente.pt\/selection\/wp-json\/wp\/v2\/comments?post=1536"}],"version-history":[{"count":6,"href":"https:\/\/portadafrente.pt\/selection\/wp-json\/wp\/v2\/pages\/1536\/revisions"}],"predecessor-version":[{"id":1603,"href":"https:\/\/portadafrente.pt\/selection\/wp-json\/wp\/v2\/pages\/1536\/revisions\/1603"}],"up":[{"embeddable":true,"href":"https:\/\/portadafrente.pt\/selection\/wp-json\/wp\/v2\/pages\/1002"}],"wp:attachment":[{"href":"https:\/\/portadafrente.pt\/selection\/wp-json\/wp\/v2\/media?parent=1536"}],"curies":[{"name":"wp","href":"https:\/\/api.w.org\/{rel}","templated":true}]}}